{"id":1168,"date":"2023-10-10T08:25:29","date_gmt":"2023-10-10T08:25:29","guid":{"rendered":"https:\/\/palazzovetrano.it\/?page_id=1168"},"modified":"2025-08-11T15:35:53","modified_gmt":"2025-08-11T13:35:53","slug":"guest-information-all-you-need-to-know","status":"publish","type":"page","link":"https:\/\/palazzovetrano.it\/zh\/data-trpgettextoriginalguest-information-all-you-need-to-know\/","title":{"rendered":"Guest Information &#8211; All You Need To Know"},"content":{"rendered":"<p><div class=\"fusion-fullwidth fullwidth-box fusion-builder-row-1 fusion-flex-container has-pattern-background has-mask-background hundred-percent-fullwidth non-hundred-percent-height-scrolling\" style=\"--awb-border-radius-top-left:0px;--awb-border-radius-top-right:0px;--awb-border-radius-bottom-right:0px;--awb-border-radius-bottom-left:0px;--awb-padding-right:0px;--awb-padding-left:0px;--awb-flex-wrap:wrap;\" ><div class=\"fusion-builder-row fusion-row fusion-flex-align-items-stretch fusion-flex-content-wrap\" style=\"width:calc( 100% + 0px ) !important;max-width:calc( 100% + 0px ) !important;margin-left: calc(-0px \/ 2 );margin-right: calc(-0px \/ 2 );\"><div class=\"fusion-layout-column fusion_builder_column fusion-builder-column-0 fusion-flex-column fusion-animated\" style=\"--awb-padding-top:4vw;--awb-padding-right:4vw;--awb-padding-bottom:4vw;--awb-padding-left:4vw;--awb-padding-top-medium:18vw;--awb-padding-right-medium:6vw;--awb-padding-bottom-medium:6vw;--awb-padding-left-medium:6vw;--awb-bg-color:var(--awb-color7);--awb-bg-color-hover:var(--awb-color7);--awb-bg-image:linear-gradient(180deg, hsla(var(--awb-color6-h),var(--awb-color6-s),var(--awb-color6-l),calc(var(--awb-color6-a) - 100%)) 19%,hsla(var(--awb-color6-h),var(--awb-color6-s),calc(var(--awb-color6-l) - 22%),calc(var(--awb-color6-a) - 23%)) 100%);;--awb-bg-position:center center;--awb-bg-size:cover;--awb-width-large:57%;--awb-margin-top-large:0px;--awb-spacing-right-large:0;--awb-margin-bottom-large:0px;--awb-spacing-left-large:0;--awb-width-medium:100%;--awb-order-medium:2;--awb-spacing-right-medium:0;--awb-spacing-left-medium:0;--awb-width-small:100%;--awb-order-small:1;--awb-spacing-right-small:0;--awb-spacing-left-small:0;\" data-animationtype=\"fadeIn\" data-animationduration=\"0.8\" data-animationoffset=\"top-into-view\"><div class=\"fusion-column-wrapper lazyload fusion-column-has-shadow fusion-flex-justify-content-flex-end fusion-content-layout-column fusion-column-has-bg-image\" data-bg-url=\"https:\/\/palazzovetrano.it\/wp-content\/uploads\/2023\/06\/26-Schlafen-1-Palermo-Blu-Centro-Storico-Ballaro-Pallazzo-Vertrano-Casa-Vacanza-00004-1-scaled.jpg\" data-bg=\"https:\/\/palazzovetrano.it\/wp-content\/uploads\/2023\/06\/26-Schlafen-1-Palermo-Blu-Centro-Storico-Ballaro-Pallazzo-Vertrano-Casa-Vacanza-00004-1-scaled.jpg\" data-bg-gradient=\"linear-gradient(180deg, hsla(var(--awb-color6-h),var(--awb-color6-s),var(--awb-color6-l),calc(var(--awb-color6-a) - 100%)) 19%,hsla(var(--awb-color6-h),var(--awb-color6-s),calc(var(--awb-color6-l) - 22%),calc(var(--awb-color6-a) - 23%)) 100%)\"><div class=\"fusion-title title fusion-title-1 fusion-sep-none fusion-title-text fusion-title-size-two\" style=\"--awb-text-color:var(--awb-color1);--awb-margin-bottom:10px;\"><h2 class=\"fusion-title-heading title-heading-left\" style=\"margin:0;\">Willkommen<\/h2><\/div><div class=\"fusion-text fusion-text-1 fusion-no-small-visibility fusion-no-medium-visibility fusion-text-no-margin\" style=\"--awb-text-color:var(--awb-color1);--awb-margin-right:20%;--awb-margin-bottom:50px;\"><p>Herzlich willkommen im Palazzo Vetrano, unserer exklusiven, nachhaltigen Ferienwohnung. Wir freuen uns, dass du dich f\u00fcr dieses Refugium entschieden hast. Hier befindest du dich in der spannenden Altstadt Palermos, dem sogenannten Centro Storico. Genauer gesagt im Altstadtviertel Albergheria und somit direkt am historischen Markt Ballar\u00f2.<\/p>\n<\/div><\/div><\/div><div class=\"fusion-layout-column fusion_builder_column fusion-builder-column-1 fusion-flex-column fusion-animated\" style=\"--awb-padding-top:6vw;--awb-padding-right:6vw;--awb-padding-bottom:6vw;--awb-padding-left:6vw;--awb-padding-top-medium:9vw;--awb-padding-bottom-medium:9vw;--awb-padding-top-small:60px;--awb-padding-right-small:60px;--awb-padding-bottom-small:60px;--awb-padding-left-small:60px;--awb-bg-color:var(--awb-custom_color_3);--awb-bg-color-hover:var(--awb-custom_color_3);--awb-bg-image:linear-gradient(180deg, hsla(var(--awb-color1-h),var(--awb-color1-s),var(--awb-color1-l),calc(var(--awb-color1-a) - 75%)) 0%,hsla(var(--awb-custom_color_3-h),var(--awb-custom_color_3-s),var(--awb-custom_color_3-l),calc(var(--awb-custom_color_3-a) - 10%)) 100%);;--awb-bg-position:center center;--awb-bg-size:cover;--awb-width-large:43%;--awb-margin-top-large:0px;--awb-spacing-right-large:0;--awb-margin-bottom-large:0px;--awb-spacing-left-large:0;--awb-width-medium:100%;--awb-order-medium:0;--awb-spacing-right-medium:0;--awb-spacing-left-medium:0;--awb-width-small:100%;--awb-order-small:0;--awb-spacing-right-small:0;--awb-spacing-left-small:0;\" data-animationtype=\"fadeIn\" data-animationduration=\"0.8\" data-animationoffset=\"top-into-view\"><div class=\"fusion-column-wrapper lazyload fusion-column-has-shadow fusion-flex-justify-content-flex-start fusion-content-layout-column fusion-column-has-bg-image\" data-bg-url=\"https:\/\/palazzovetrano.it\/wp-content\/uploads\/2023\/06\/33-LA-CALA-nur-ca.-14-Kilometer-entfernt-Palermo-Blu-Centro-Storico-Pallazzo-Vertrano-Casa-Vacanza-00008-1-scaled.jpg\" data-bg=\"https:\/\/palazzovetrano.it\/wp-content\/uploads\/2023\/06\/33-LA-CALA-nur-ca.-14-Kilometer-entfernt-Palermo-Blu-Centro-Storico-Pallazzo-Vertrano-Casa-Vacanza-00008-1-scaled.jpg\" data-bg-gradient=\"linear-gradient(180deg, hsla(var(--awb-color1-h),var(--awb-color1-s),var(--awb-color1-l),calc(var(--awb-color1-a) - 75%)) 0%,hsla(var(--awb-custom_color_3-h),var(--awb-custom_color_3-s),var(--awb-custom_color_3-l),calc(var(--awb-custom_color_3-a) - 10%)) 100%)\"><div class=\"fusion-title title fusion-title-2 fusion-sep-none fusion-title-text fusion-title-size-one\" style=\"--awb-text-color:#ffffff;--awb-margin-right:15%;--awb-margin-bottom:25px;--awb-margin-top-medium:0px;--awb-margin-right-medium:0px;--awb-font-size:40px;\"><h1 class=\"fusion-title-heading title-heading-left md-text-align-center\" style=\"margin:0;font-size:1em;line-height:1.2;\">G\u00e4stemappe<\/h1><\/div><div class=\"fusion-text fusion-text-2 fusion-no-small-visibility fusion-text-no-margin\" style=\"--awb-text-color:var(--awb-color1);--awb-margin-right:20%;--awb-margin-bottom:50px;\"><p><span style=\"color: #ffffff;\"><b>Sicher willst du bald die Altstadt erkunden. Und wir versprechen Dir bereits jetzt, dass sich das Abenteuer Palermo lohnt. <\/b><\/span>Es gibt sehr viel zu entdecken. Tipps f\u00fcr Deinen City Trip findest Du in den verlinkten Blogbeitr\u00e4gen, sowie unserem digitalen Stadtplan. Dieser basiert auf Google Maps. Den Link kannst Du einfach auf Deinem Handy \u00f6ffnen oder teilen. Somit hast du digitalen Stadtplan \u00fcberall dabei.<\/p>\n<\/div><div class=\"fusion-video fusion-youtube fusion-no-small-visibility\" style=\"--awb-max-width:600px;--awb-max-height:360px;--awb-align-self:center;--awb-width:100%;\"><div class=\"video-shortcode\"><lite-youtube videoid=\"evMxHaXQd2A\" class=\"landscape\" params=\"wmode=transparent&autoplay=1&enablejsapi=1\" title=\"YouTube \u89c6\u9891\u64ad\u653e\u5668 1\" width=\"600\" height=\"360\"><\/lite-youtube><\/div><\/div><\/div><\/div><\/div><\/div><div class=\"fusion-fullwidth fullwidth-box fusion-builder-row-2 fusion-flex-container has-pattern-background has-mask-background fusion-parallax-none nonhundred-percent-fullwidth non-hundred-percent-height-scrolling lazyload fusion-animated fusion-custom-z-index\" style=\"--awb-background-position:left center;--awb-border-radius-top-left:0px;--awb-border-radius-top-right:0px;--awb-border-radius-bottom-right:0px;--awb-border-radius-bottom-left:0px;--awb-z-index:9;--awb-padding-top:130px;--awb-padding-bottom:80px;--awb-padding-top-medium:90px;--awb-background-size:cover;--awb-flex-wrap:wrap;\" data-bg=\"https:\/\/palazzovetrano.it\/wp-content\/uploads\/2022\/12\/bg.svg\" data-animationtype=\"fadeInDown\" data-animationduration=\"0.8\" data-animationdelay=\"0.4\" data-animationoffset=\"top-into-view\" ><div class=\"fusion-builder-row fusion-row fusion-flex-align-items-flex-start fusion-flex-content-wrap\" style=\"max-width:1248px;margin-left: calc(-4% \/ 2 );margin-right: calc(-4% \/ 2 );\"><div class=\"fusion-layout-column fusion_builder_column fusion-builder-column-2 fusion_builder_column_1_1 1_1 fusion-flex-column\" style=\"--awb-padding-right:20%;--awb-padding-left:20%;--awb-bg-size:cover;--awb-width-large:100%;--awb-margin-top-large:0px;--awb-spacing-right-large:1.92%;--awb-margin-bottom-large:0px;--awb-spacing-left-large:1.92%;--awb-width-medium:100%;--awb-order-medium:0;--awb-spacing-right-medium:1.92%;--awb-spacing-left-medium:1.92%;--awb-width-small:100%;--awb-order-small:0;--awb-spacing-right-small:1.92%;--awb-spacing-left-small:1.92%;\"><div class=\"fusion-column-wrapper fusion-column-has-shadow fusion-flex-justify-content-flex-start fusion-content-layout-column\"><div class=\"fusion-image-element\" style=\"text-align:center;--awb-max-width:80px;--awb-caption-title-font-family:var(--h2_typography-font-family);--awb-caption-title-font-weight:var(--h2_typography-font-weight);--awb-caption-title-font-style:var(--h2_typography-font-style);--awb-caption-title-size:var(--h2_typography-font-size);--awb-caption-title-transform:var(--h2_typography-text-transform);--awb-caption-title-line-height:var(--h2_typography-line-height);--awb-caption-title-letter-spacing:var(--h2_typography-letter-spacing);\"><span class=\"fusion-imageframe imageframe-none imageframe-1 hover-type-none\" style=\"border-radius:12px;\"><img decoding=\"async\" width=\"1042\" height=\"1042\" alt=\"\u4e18\u6bd4\u7279\" title=\"\u56fe\u6807 - PNG \u900f\u660e\u80cc\u666f\" src=\"https:\/\/palazzovetrano.it\/wp-content\/uploads\/2023\/06\/Icon-PNG-Transparent-background-1.png\" data-orig-src=\"https:\/\/palazzovetrano.it\/wp-content\/uploads\/2023\/06\/Icon-PNG-Transparent-background-1.png\" class=\"lazyload img-responsive wp-image-911\" srcset=\"data:image\/svg+xml,%3Csvg%20xmlns%3D%27http%3A%2F%2Fwww.w3.org%2F2000%2Fsvg%27%20width%3D%271042%27%20height%3D%271042%27%20viewBox%3D%270%200%201042%201042%27%3E%3Crect%20width%3D%271042%27%20height%3D%271042%27%20fill-opacity%3D%220%22%2F%3E%3C%2Fsvg%3E\" data-srcset=\"https:\/\/palazzovetrano.it\/wp-content\/uploads\/2023\/06\/Icon-PNG-Transparent-background-1-200x200.png 200w, https:\/\/palazzovetrano.it\/wp-content\/uploads\/2023\/06\/Icon-PNG-Transparent-background-1-400x400.png 400w, https:\/\/palazzovetrano.it\/wp-content\/uploads\/2023\/06\/Icon-PNG-Transparent-background-1-600x600.png 600w, https:\/\/palazzovetrano.it\/wp-content\/uploads\/2023\/06\/Icon-PNG-Transparent-background-1-800x800.png 800w, https:\/\/palazzovetrano.it\/wp-content\/uploads\/2023\/06\/Icon-PNG-Transparent-background-1.png 1042w\" data-sizes=\"auto\" data-orig-sizes=\"(max-width: 800px) 100vw, 800px\" \/><\/span><\/div><div class=\"fusion-title title fusion-title-3 fusion-sep-none fusion-title-center fusion-title-text fusion-title-size-two\" style=\"--awb-margin-bottom-small:20px;\"><h2 class=\"fusion-title-heading title-heading-center\" style=\"margin:0;text-transform:none;\">Informationen f\u00fcr G\u00e4ste<\/h2><\/div><div class=\"fusion-image-element\" style=\"text-align:center;--awb-margin-bottom:2rem;--awb-caption-title-font-family:var(--h2_typography-font-family);--awb-caption-title-font-weight:var(--h2_typography-font-weight);--awb-caption-title-font-style:var(--h2_typography-font-style);--awb-caption-title-size:var(--h2_typography-font-size);--awb-caption-title-transform:var(--h2_typography-text-transform);--awb-caption-title-line-height:var(--h2_typography-line-height);--awb-caption-title-letter-spacing:var(--h2_typography-letter-spacing);\"><span class=\"fusion-imageframe imageframe-none imageframe-2 hover-type-none\" style=\"border-radius:12px;\"><img decoding=\"async\" width=\"1024\" height=\"576\" alt=\"Palermo Fototour:\" src=\"https:\/\/palazzovetrano.it\/wp-content\/uploads\/2023\/06\/22-Fontana-Pretoria-Fontana-della-Vergogna-nur-750-Meter-entfernt-Palermo-Blu-Centro-Storico-Ballaro-Pallazzo-Vertrano-Casa-Vacanza00010-1-scaled.jpg\" data-orig-src=\"https:\/\/palazzovetrano.it\/wp-content\/uploads\/2023\/06\/22-Fontana-Pretoria-Fontana-della-Vergogna-nur-750-Meter-entfernt-Palermo-Blu-Centro-Storico-Ballaro-Pallazzo-Vertrano-Casa-Vacanza00010-1-1024x576.jpg\" class=\"lazyload img-responsive wp-image-987\" srcset=\"data:image\/svg+xml,%3Csvg%20xmlns%3D%27http%3A%2F%2Fwww.w3.org%2F2000%2Fsvg%27%20width%3D%272560%27%20height%3D%271440%27%20viewBox%3D%270%200%202560%201440%27%3E%3Crect%20width%3D%272560%27%20height%3D%271440%27%20fill-opacity%3D%220%22%2F%3E%3C%2Fsvg%3E\" data-srcset=\"https:\/\/palazzovetrano.it\/wp-content\/uploads\/2023\/06\/22-Fontana-Pretoria-Fontana-della-Vergogna-nur-750-Meter-entfernt-Palermo-Blu-Centro-Storico-Ballaro-Pallazzo-Vertrano-Casa-Vacanza00010-1-200x113.jpg 200w, https:\/\/palazzovetrano.it\/wp-content\/uploads\/2023\/06\/22-Fontana-Pretoria-Fontana-della-Vergogna-nur-750-Meter-entfernt-Palermo-Blu-Centro-Storico-Ballaro-Pallazzo-Vertrano-Casa-Vacanza00010-1-400x225.jpg 400w, https:\/\/palazzovetrano.it\/wp-content\/uploads\/2023\/06\/22-Fontana-Pretoria-Fontana-della-Vergogna-nur-750-Meter-entfernt-Palermo-Blu-Centro-Storico-Ballaro-Pallazzo-Vertrano-Casa-Vacanza00010-1-600x338.jpg 600w, https:\/\/palazzovetrano.it\/wp-content\/uploads\/2023\/06\/22-Fontana-Pretoria-Fontana-della-Vergogna-nur-750-Meter-entfernt-Palermo-Blu-Centro-Storico-Ballaro-Pallazzo-Vertrano-Casa-Vacanza00010-1-800x450.jpg 800w, https:\/\/palazzovetrano.it\/wp-content\/uploads\/2023\/06\/22-Fontana-Pretoria-Fontana-della-Vergogna-nur-750-Meter-entfernt-Palermo-Blu-Centro-Storico-Ballaro-Pallazzo-Vertrano-Casa-Vacanza00010-1-1200x675.jpg 1200w\" data-sizes=\"auto\" data-orig-sizes=\"(max-width: 800px) 100vw, 800px\" \/><\/span><\/div><div class=\"fusion-text fusion-text-3\" style=\"--awb-content-alignment:left;\"><p style=\"text-align: left;\">Doch jetzt komm erst mal in Ruhe an. Denn obwohl Palermo oft laut und quirlig wirkt, ist das wichtigste Wort \u201e<b>tranquillo<\/b>\u201c. Dieses bedeutet soviel wie \u201emach ruhig\u201c. Sicher ein guter Grundsatz f\u00fcr ein paar entspannte Tage in Palermo.<\/p>\n<p style=\"text-align: left;\">Unser Inhaltsverzeichnis hilft Dir, die f\u00fcr dich relevanten Themen zu finden. Zur besseren \u00dcbersichtlichkeit haben wir neben generellen Themen die Wohnung nach den R\u00e4umlichkeiten gegliedert. &#8211; Sollte etwas fehlen, lass es uns bitte wissen.<\/p>\n<h2 class=\"fusion-responsive-typography-calculated\" style=\"--fontsize: 33; line-height: 1.3; text-align: left;\" data-fontsize=\"33\" data-lineheight=\"42.9px\"><\/h2>\n<p style=\"text-align: left;\">\n<\/div><div class=\"fusion-text fusion-text-4\"><h2 class=\"fusion-responsive-typography-calculated\" style=\"text-align: center; --fontsize: 33; line-height: 1.3;\" data-fontsize=\"33\" data-lineheight=\"42.9px\">Feedback<\/h2>\n<p style=\"text-align: left;\">\u201eAller Anfang ist schwer\u201c. Oder sollten wir sagen \u201eist herausfordernd\u201c? Dieses Apartment ist unsere erste Ferienwohnung. Es entstand aus der Begeisterung f\u00fcr diese au\u00dfergew\u00f6hnliche Stadt. Da wir Reisende sind, haben wir s\u00e4mtliche Koordination den Profis von solemar sicilia anvertraut. Deren Motto \u201eGanz Sizilien aus einer Hand\u201c steht auch f\u00fcr dieses Apartment.<\/p>\n<p style=\"text-align: left;\">Falls euch mal etwas fehlen sollte, k\u00f6nnt ihr euch direkt an die Profis wenden.<\/p>\n<p style=\"text-align: left;\">Seid ihr mit unserem Service zufrieden? Dann freuen wir uns \u00fcber eure Weiterempfehlungen. Gerne k\u00f6nnt ihr diese direkt auf unserem Google Profil oder bei eurem Buchungspartner hinterlassen.<\/p>\n<\/div><div class=\"fusion-image-element\" style=\"text-align:center;--awb-margin-top:2rem;--awb-margin-bottom:2rem;--awb-caption-title-font-family:var(--h2_typography-font-family);--awb-caption-title-font-weight:var(--h2_typography-font-weight);--awb-caption-title-font-style:var(--h2_typography-font-style);--awb-caption-title-size:var(--h2_typography-font-size);--awb-caption-title-transform:var(--h2_typography-text-transform);--awb-caption-title-line-height:var(--h2_typography-line-height);--awb-caption-title-letter-spacing:var(--h2_typography-letter-spacing);\"><span class=\"fusion-imageframe imageframe-none imageframe-3 hover-type-none\" style=\"border-radius:12px;\"><img decoding=\"async\" width=\"2268\" height=\"1512\" title=\"portrait_3-2_web\" src=\"https:\/\/palazzovetrano.it\/wp-content\/uploads\/2025\/06\/portrait_3-2_web.webp\" data-orig-src=\"http:\/\/palazzovetrano.it\/wp-content\/uploads\/2025\/06\/portrait_3-2_web.webp\" alt class=\"lazyload img-responsive wp-image-2444\" srcset=\"data:image\/svg+xml,%3Csvg%20xmlns%3D%27http%3A%2F%2Fwww.w3.org%2F2000%2Fsvg%27%20width%3D%272268%27%20height%3D%271512%27%20viewBox%3D%270%200%202268%201512%27%3E%3Crect%20width%3D%272268%27%20height%3D%271512%27%20fill-opacity%3D%220%22%2F%3E%3C%2Fsvg%3E\" data-srcset=\"https:\/\/palazzovetrano.it\/wp-content\/uploads\/2025\/06\/portrait_3-2_web-18x12.webp 18w, https:\/\/palazzovetrano.it\/wp-content\/uploads\/2025\/06\/portrait_3-2_web-150x100.webp 150w, https:\/\/palazzovetrano.it\/wp-content\/uploads\/2025\/06\/portrait_3-2_web-200x133.webp 200w, https:\/\/palazzovetrano.it\/wp-content\/uploads\/2025\/06\/portrait_3-2_web-400x267.webp 400w, https:\/\/palazzovetrano.it\/wp-content\/uploads\/2025\/06\/portrait_3-2_web-600x400.webp 600w, https:\/\/palazzovetrano.it\/wp-content\/uploads\/2025\/06\/portrait_3-2_web-768x512.webp 768w, https:\/\/palazzovetrano.it\/wp-content\/uploads\/2025\/06\/portrait_3-2_web-800x533.webp 800w, https:\/\/palazzovetrano.it\/wp-content\/uploads\/2025\/06\/portrait_3-2_web-1024x683.webp 1024w, https:\/\/palazzovetrano.it\/wp-content\/uploads\/2025\/06\/portrait_3-2_web-1200x800.webp 1200w, https:\/\/palazzovetrano.it\/wp-content\/uploads\/2025\/06\/portrait_3-2_web-1536x1024.webp 1536w, https:\/\/palazzovetrano.it\/wp-content\/uploads\/2025\/06\/portrait_3-2_web.webp 2268w\" data-sizes=\"auto\" data-orig-sizes=\"(max-width: 800px) 100vw, 800px\" \/><\/span><\/div><div class=\"fusion-text fusion-text-5\" style=\"--awb-content-alignment:left;\"><p style=\"text-align: left;\">\u201e<b>Vertrauen ist gut, Kontrolle ist besser<\/b>\u201c &#8211; \u2028Wir, Torgit und Marc freuen uns auch \u00fcber konstruktive R\u00fcckmeldungen und gerne auch kritisches Feedback. Ebenso freuen wir uns \u00fcber Hinweise was in unserer Digitalen G\u00e4ste Information, sowie dem digitalen Stadtplan erg\u00e4nzt oder verbessert werden sollte. Denn alle Hinweise helfen, uns stetig zu verbessern. Nutze unser <a href=\"https:\/\/palazzovetrano.it\/zh\/data-trpgettextoriginalcontact\/\" target=\"_blank\" rel=\"noopener noreferrer\">Kontaktformular<\/a> oder sende uns gerne eine E-Mail an: info@palazzovetrano.it.<\/p>\n<p style=\"text-align: left;\"><b>Annehmlichkeiten und Notwendigkeiten<\/b><\/p>\n<p style=\"text-align: left;\">Hier Ist Eine \u00dcbersicht \u00dcber Alles Was Dich Erwartet:<\/p>\n<p style=\"text-align: left;\">In unserer Unterkunft bieten wir Folgendes:<\/p>\n<\/div><div class=\"fusion-text fusion-text-6\"><h2 class=\"fusion-responsive-typography-calculated\" style=\"text-align: center; --fontsize: 33; line-height: 1.3;\" data-fontsize=\"33\" data-lineheight=\"42.9px\">Lage<\/h2>\n<p style=\"text-align: left;\">Und jetzt zur Lage unserer gem\u00fctlichen Ferienwohnung, der &#8222;Casa Vacanze&#8220;. Sie befindet sich in der Via delle Pergole 87, Ecke Via Giovanni Mira. Hier der Link zu Google Maps: <b><a href=\"https:\/\/maps.app.goo.gl\/6i5bn7a3jUuJLRQW7\" target=\"_blank\" rel=\"noopener noreferrer\">\u7ef4\u7279\u62c9\u8bfa\u5bab<\/a><\/b><\/p>\n<p style=\"text-align: left;\">Du wirst begeistert sein, wie zentral sie liegt. Zwischen der historischen Porta Sant&#8217;Agata und der Chiesa del Carmine Maggiore kannst du die Geschichte Palermos hautnah erleben. Und der Bahnhof ist auch nur einen Spaziergang entfernt. Du bist mittendrin, statt nur dabei!<\/p>\n<p style=\"text-align: left;\">Damit du die Stadt auch au\u00dferhalb der ausgetretenen Pfade entdecken kannst, haben wir Sehenswertes, N\u00fctzliches und ein paar Tipps in unserer mobilen City Map zusammen getragen. Die kleinen Gassen der Altstadt Palermos sind oft un\u00fcbersichtlich. Damit Du dich dennoch perfekt zurecht findest, kannst du deinen pers\u00f6nlichen Stadtf\u00fchrer einfach \u00fcber den QR Code in der K\u00fcche aufrufen.<\/p>\n<p style=\"text-align: left;\">Zur besseren Sichtbarkeit haben wir alle Point of Interest in Violett dargestellt.<\/p>\n<\/div><div class=\"fusion-image-element\" style=\"text-align:center;--awb-margin-top:2rem;--awb-margin-bottom:2rem;--awb-caption-title-font-family:var(--h2_typography-font-family);--awb-caption-title-font-weight:var(--h2_typography-font-weight);--awb-caption-title-font-style:var(--h2_typography-font-style);--awb-caption-title-size:var(--h2_typography-font-size);--awb-caption-title-transform:var(--h2_typography-text-transform);--awb-caption-title-line-height:var(--h2_typography-line-height);--awb-caption-title-letter-spacing:var(--h2_typography-letter-spacing);\"><span class=\"fusion-imageframe imageframe-none imageframe-4 hover-type-none\" style=\"border-radius:12px;\"><a class=\"fusion-no-lightbox\" href=\"https:\/\/www.google.com\/maps\/d\/edit?mid=1gqUtEjQZ1As15WmGma1B5SPht9OYs1c&amp;ll=38.111846208820886%2C13.361680054071217&amp;z=17\" target=\"_blank\" aria-label=\"Palazzo-Vetrano-Street-Map-Stadplan-Stadtfu\u0308hrer-1024&#215;765\" rel=\"noopener noreferrer\"><img decoding=\"async\" width=\"1024\" height=\"765\" src=\"https:\/\/palazzovetrano.it\/wp-content\/uploads\/2023\/10\/Palazzo-Vetrano-Street-Map-Stadplan-Stadtfuehrer-1024x765-1.png\" data-orig-src=\"https:\/\/palazzovetrano.it\/wp-content\/uploads\/2023\/10\/Palazzo-Vetrano-Street-Map-Stadplan-Stadtfuehrer-1024x765-1.png\" alt class=\"lazyload img-responsive wp-image-1522\" srcset=\"data:image\/svg+xml,%3Csvg%20xmlns%3D%27http%3A%2F%2Fwww.w3.org%2F2000%2Fsvg%27%20width%3D%271024%27%20height%3D%27765%27%20viewBox%3D%270%200%201024%20765%27%3E%3Crect%20width%3D%271024%27%20height%3D%27765%27%20fill-opacity%3D%220%22%2F%3E%3C%2Fsvg%3E\" data-srcset=\"https:\/\/palazzovetrano.it\/wp-content\/uploads\/2023\/10\/Palazzo-Vetrano-Street-Map-Stadplan-Stadtfuehrer-1024x765-1-200x149.png 200w, https:\/\/palazzovetrano.it\/wp-content\/uploads\/2023\/10\/Palazzo-Vetrano-Street-Map-Stadplan-Stadtfuehrer-1024x765-1-400x299.png 400w, https:\/\/palazzovetrano.it\/wp-content\/uploads\/2023\/10\/Palazzo-Vetrano-Street-Map-Stadplan-Stadtfuehrer-1024x765-1-600x448.png 600w, https:\/\/palazzovetrano.it\/wp-content\/uploads\/2023\/10\/Palazzo-Vetrano-Street-Map-Stadplan-Stadtfuehrer-1024x765-1-800x598.png 800w, https:\/\/palazzovetrano.it\/wp-content\/uploads\/2023\/10\/Palazzo-Vetrano-Street-Map-Stadplan-Stadtfuehrer-1024x765-1.png 1024w\" data-sizes=\"auto\" data-orig-sizes=\"(max-width: 800px) 100vw, 800px\" \/><\/a><\/span><\/div><div class=\"fusion-text fusion-text-7\"><p style=\"text-align: left;\">Unter den \u201cReitern\u201d oberhalb der Karte, lassen sich die einzelnen Themenbereiche ein- oder ausblenden, teilen oder als Vollbild darstellen.<\/p>\n<p style=\"text-align: left;\">Achtung: Diese Karte ist ausschlie\u00dflich f\u00fcr private Zwecke gedacht. Wir k\u00f6nnen nicht f\u00fcr die in der Karte enthaltenen Informationen garantieren. Dieses gilt insbesondere f\u00fcr die Richtigkeit, Vollst\u00e4ndigkeit und Aktualit\u00e4t der Karte. Die Nutzung der Karte geschieht somit auf eigenes Risiko.<\/p>\n<\/div><div class=\"fusion-text fusion-text-8\"><h2 class=\"\" style=\"text-align: center;\" data-fontsize=\"33\" data-lineheight=\"42.9px\">Parkm\u00f6glichkeiten<\/h2>\n<p style=\"text-align: left;\">Kostenlose \u00f6ffentliche Parkpl\u00e4tze befinden sich nur 80 Meter entfernt an der Porta S. Agatha und somit au\u00dferhalb der ZTL.<br \/>\nAchtung: Die Via delle Pergole geh\u00f6rt bereits zum verkehrsberuhigten Bereich &#8222;zona traffico limitato&#8220; (ZTL) der Altstadt.<\/p>\n<h2 class=\"\" style=\"text-align: center;\" data-fontsize=\"33\" data-lineheight=\"42.9px\">Zona Traffico Limitato \u2013 ZTL<\/h2>\n<p style=\"text-align: left;\">Denn vor allem kann man in Palermo eines. Und zwar prima entschleunigen und on Top einen Beitrag zur Umwelt leisten. Das historische Herz von Palermo ist seit 2016 eine verkehrsberuhigte Zone (Zona traffico limitato | ZTL) und somit f\u00fcr den Autoverkehr gesperrt. Du kannst also ungest\u00f6rt in der Altstadt schlendern und bummeln.<\/p>\n<p style=\"text-align: left;\">Wenn Du mit dem Auto in die ZTL fahren m\u00f6chtest, achte auf die Beschilderung, die Ampeln und die Kameras. Auf den Schildern findest Du die Sperrzeiten. Diese sind im Winter anders als im Sommer und je nach Wochentag unterschiedlich. Sonntags gilt keine ZTL von 6.00 \u2013 0.00. Dann kannst Du also herein fahren. Du erkennst auch an den Ampelfarben rot oder gr\u00fcn, ob die Einfahrt erlaubt ist oder nicht. Solltest Du einmal versehentlich in die ZTL gefahren sein, kannst Du nachtr\u00e4glich ein Ticket in jedem Tabacchi kaufen und theoretisch in der App Palermo hochladen. Diese App funktionierte bei uns allerdings mit einer deutschen Handynummer nicht.<\/p>\n<p style=\"text-align: left;\">Diese ZTL gilt ca. Montag bis Donnerstag von 08:00 bis 20:00 Uhr | Freitag von 8.00 bis 00.00 Uhr | Samstag von 00:00 bis 06:00 Uhr und von 23:00 bis 00:00 Uhr |Sonntag von 00:00 bis 06:00 Uhr. Alle Angaben ohne Gew\u00e4hr.<\/p>\n<\/div><div class=\"fusion-image-element\" style=\"text-align:center;--awb-margin-top:2rem;--awb-margin-bottom:2rem;--awb-caption-title-font-family:var(--h2_typography-font-family);--awb-caption-title-font-weight:var(--h2_typography-font-weight);--awb-caption-title-font-style:var(--h2_typography-font-style);--awb-caption-title-size:var(--h2_typography-font-size);--awb-caption-title-transform:var(--h2_typography-text-transform);--awb-caption-title-line-height:var(--h2_typography-line-height);--awb-caption-title-letter-spacing:var(--h2_typography-letter-spacing);\"><span class=\"fusion-imageframe imageframe-none imageframe-5 hover-type-none\" style=\"border-radius:12px;\"><img decoding=\"async\" width=\"1024\" height=\"576\" src=\"https:\/\/palazzovetrano.it\/wp-content\/uploads\/2023\/06\/10-Palermo-Blu-Centro-Storico-Ballaro-Pallazzo-Vertrano-Casa-Vacanza00001-1-1024x576-1.jpg\" data-orig-src=\"https:\/\/palazzovetrano.it\/wp-content\/uploads\/2023\/06\/10-Palermo-Blu-Centro-Storico-Ballaro-Pallazzo-Vertrano-Casa-Vacanza00001-1-1024x576-1.jpg\" alt class=\"lazyload img-responsive wp-image-1016\" srcset=\"data:image\/svg+xml,%3Csvg%20xmlns%3D%27http%3A%2F%2Fwww.w3.org%2F2000%2Fsvg%27%20width%3D%271024%27%20height%3D%27576%27%20viewBox%3D%270%200%201024%20576%27%3E%3Crect%20width%3D%271024%27%20height%3D%27576%27%20fill-opacity%3D%220%22%2F%3E%3C%2Fsvg%3E\" data-srcset=\"https:\/\/palazzovetrano.it\/wp-content\/uploads\/2023\/06\/10-Palermo-Blu-Centro-Storico-Ballaro-Pallazzo-Vertrano-Casa-Vacanza00001-1-1024x576-1-200x113.jpg 200w, https:\/\/palazzovetrano.it\/wp-content\/uploads\/2023\/06\/10-Palermo-Blu-Centro-Storico-Ballaro-Pallazzo-Vertrano-Casa-Vacanza00001-1-1024x576-1-400x225.jpg 400w, https:\/\/palazzovetrano.it\/wp-content\/uploads\/2023\/06\/10-Palermo-Blu-Centro-Storico-Ballaro-Pallazzo-Vertrano-Casa-Vacanza00001-1-1024x576-1-600x338.jpg 600w, https:\/\/palazzovetrano.it\/wp-content\/uploads\/2023\/06\/10-Palermo-Blu-Centro-Storico-Ballaro-Pallazzo-Vertrano-Casa-Vacanza00001-1-1024x576-1-800x450.jpg 800w, https:\/\/palazzovetrano.it\/wp-content\/uploads\/2023\/06\/10-Palermo-Blu-Centro-Storico-Ballaro-Pallazzo-Vertrano-Casa-Vacanza00001-1-1024x576-1.jpg 1024w\" data-sizes=\"auto\" data-orig-sizes=\"(max-width: 800px) 100vw, 800px\" \/><\/span><\/div><div class=\"fusion-text fusion-text-9\"><h2 class=\"fusion-responsive-typography-calculated\" style=\"text-align: center; --fontsize: 33; line-height: 1.3;\" data-fontsize=\"33\" data-lineheight=\"42.9px\"><span style=\"color: var(--h2_typography-color); font-family: var(--h2_typography-font-family); font-size: var(--h2_typography-font-size); font-style: var(--h2_typography-font-style,normal); font-weight: var(--h2_typography-font-weight); letter-spacing: var(--h2_typography-letter-spacing); text-transform: var(--h2_typography-text-transform); background-color: var(--awb-bg-color-hover);\">Check-in &amp; Check-Out<\/span><\/h2>\n<p style=\"text-align: left;\">Check-in Zeit ist zwischen 16:00 bis 20:00 Uhr. Dar\u00fcber hinaus wird ein Late Check-in ab 20:00 Uhr angeboten. Hierf\u00fcr wird ein Bearbeitungspauschale von 30,- \u20ac in Rechnung gestellt.<\/p>\n<p style=\"text-align: left;\">Check-out Zeit ist bis 10:00 Uhr Morgens. Bitte nutze die Mobilnummer: +39 3803905386 um den Check-in zu vereinbaren.<\/p>\n<\/div><div class=\"fusion-image-element\" style=\"text-align:center;--awb-margin-top:2rem;--awb-margin-bottom:2rem;--awb-caption-title-font-family:var(--h2_typography-font-family);--awb-caption-title-font-weight:var(--h2_typography-font-weight);--awb-caption-title-font-style:var(--h2_typography-font-style);--awb-caption-title-size:var(--h2_typography-font-size);--awb-caption-title-transform:var(--h2_typography-text-transform);--awb-caption-title-line-height:var(--h2_typography-line-height);--awb-caption-title-letter-spacing:var(--h2_typography-letter-spacing);\"><span class=\"fusion-imageframe imageframe-none imageframe-6 hover-type-none\" style=\"border-radius:12px;\"><img decoding=\"async\" width=\"1024\" height=\"576\" src=\"https:\/\/palazzovetrano.it\/wp-content\/uploads\/2023\/06\/16-Kathedrale-Maria-Santissima-Assunta-nur-950-Meter-entfernt-Palermo-Blu-Centro-Storico-Ballaro-Pallazzo-Vertrano-Casa-Vacanza00005-1024x576-1.jpg\" data-orig-src=\"https:\/\/palazzovetrano.it\/wp-content\/uploads\/2023\/06\/16-Kathedrale-Maria-Santissima-Assunta-nur-950-Meter-entfernt-Palermo-Blu-Centro-Storico-Ballaro-Pallazzo-Vertrano-Casa-Vacanza00005-1024x576-1.jpg\" alt class=\"lazyload img-responsive wp-image-1015\" srcset=\"data:image\/svg+xml,%3Csvg%20xmlns%3D%27http%3A%2F%2Fwww.w3.org%2F2000%2Fsvg%27%20width%3D%271024%27%20height%3D%27576%27%20viewBox%3D%270%200%201024%20576%27%3E%3Crect%20width%3D%271024%27%20height%3D%27576%27%20fill-opacity%3D%220%22%2F%3E%3C%2Fsvg%3E\" data-srcset=\"https:\/\/palazzovetrano.it\/wp-content\/uploads\/2023\/06\/16-Kathedrale-Maria-Santissima-Assunta-nur-950-Meter-entfernt-Palermo-Blu-Centro-Storico-Ballaro-Pallazzo-Vertrano-Casa-Vacanza00005-1024x576-1-200x113.jpg 200w, https:\/\/palazzovetrano.it\/wp-content\/uploads\/2023\/06\/16-Kathedrale-Maria-Santissima-Assunta-nur-950-Meter-entfernt-Palermo-Blu-Centro-Storico-Ballaro-Pallazzo-Vertrano-Casa-Vacanza00005-1024x576-1-400x225.jpg 400w, https:\/\/palazzovetrano.it\/wp-content\/uploads\/2023\/06\/16-Kathedrale-Maria-Santissima-Assunta-nur-950-Meter-entfernt-Palermo-Blu-Centro-Storico-Ballaro-Pallazzo-Vertrano-Casa-Vacanza00005-1024x576-1-600x338.jpg 600w, https:\/\/palazzovetrano.it\/wp-content\/uploads\/2023\/06\/16-Kathedrale-Maria-Santissima-Assunta-nur-950-Meter-entfernt-Palermo-Blu-Centro-Storico-Ballaro-Pallazzo-Vertrano-Casa-Vacanza00005-1024x576-1-800x450.jpg 800w, https:\/\/palazzovetrano.it\/wp-content\/uploads\/2023\/06\/16-Kathedrale-Maria-Santissima-Assunta-nur-950-Meter-entfernt-Palermo-Blu-Centro-Storico-Ballaro-Pallazzo-Vertrano-Casa-Vacanza00005-1024x576-1.jpg 1024w\" data-sizes=\"auto\" data-orig-sizes=\"(max-width: 800px) 100vw, 800px\" \/><\/span><\/div><div class=\"fusion-text fusion-text-10\"><h2 class=\"fusion-responsive-typography-calculated\" style=\"text-align: center; --fontsize: 33; line-height: 1.3;\" data-fontsize=\"33\" data-lineheight=\"42.9px\">Zusatzleistungen<\/h2>\n<p style=\"text-align: left;\">Unser Buchungs- und Betreuungspartner solemar sicilia bieten unseren G\u00e4sten auf Wunsch folgende Zusatzleistungen an:<\/p>\n<p style=\"text-align: left;\">Transfer vom Flughafen zur Unterkunft ab 50,00 \u20ac.<\/p>\n<p style=\"text-align: left;\">Willkommenskorb mit vielen typisch sizilianischen Produkten (Wurstfleisch, Mozzarella, eine Flasche Wein, eine Flasche natives Oliven\u00f6l extra, Brot und Bio-Marmelade) 50,00 \u20ac.<\/p>\n<p style=\"text-align: left;\">Autovermietung zu den g\u00fcnstigsten Konditionen auf dem Markt<\/p>\n<p style=\"text-align: left;\">Elektrofahrradverleih ab 60,00 \u20ac pro Woche.<\/p>\n<p style=\"text-align: left;\">Wende dich bei Bedarf direkt an <b>solemar sicilia: <\/b><span style=\"color: var(--awb-text-color); font-family: var(--awb-text-font-family); font-size: var(--awb-font-size); font-style: var(--awb-text-font-style); font-weight: var(--awb-text-font-weight); letter-spacing: var(--awb-letter-spacing); text-align: var(--awb-content-alignment); text-transform: var(--awb-text-transform); background-color: var(--awb-bg-color-hover);\">Telephone <\/span><span style=\"color: var(--awb-text-color); font-family: var(--awb-text-font-family); font-size: var(--awb-font-size); font-style: var(--awb-text-font-style); font-weight: var(--awb-text-font-weight); letter-spacing: var(--awb-letter-spacing); text-align: var(--awb-content-alignment); text-transform: var(--awb-text-transform); background-color: var(--awb-bg-color-hover);\">+39 091 956608 <\/span><span style=\"color: var(--awb-text-color); font-family: var(--awb-text-font-family); font-size: var(--awb-font-size); font-style: var(--awb-text-font-style); font-weight: var(--awb-text-font-weight); letter-spacing: var(--awb-letter-spacing); text-align: var(--awb-content-alignment); text-transform: var(--awb-text-transform); background-color: var(--awb-bg-color-hover);\">Email info@solemarsicilia.com<\/span><\/p>\n<\/div><div class=\"fusion-text fusion-text-11\"><h2 class=\"fusion-responsive-typography-calculated\" style=\"text-align: center; --fontsize: 33; line-height: 1.3;\" data-fontsize=\"33\" data-lineheight=\"42.9px\"><\/h2>\n<h2 class=\"fusion-responsive-typography-calculated\" style=\"text-align: center; --fontsize: 33; line-height: 1.3;\" data-fontsize=\"33\" data-lineheight=\"42.9px\">Schl\u00fcsselbund<\/h2>\n<p style=\"text-align: left;\">Du hast bei der \u00dcbergabe einen Schl\u00fcsselbund erhalten. Um alles \u00fcbersichtlich zu halten, sind die Schl\u00fcssel in der Reihenfolge und nach Ampel-Farben sortiert. Damit keiner verloren geht, sind diese mit einem kleinen verplombten Stahlseil verbunden.<\/p>\n<\/div><div class=\"fusion-image-element\" style=\"text-align:center;--awb-margin-top:2rem;--awb-margin-bottom:2rem;--awb-caption-title-font-family:var(--h2_typography-font-family);--awb-caption-title-font-weight:var(--h2_typography-font-weight);--awb-caption-title-font-style:var(--h2_typography-font-style);--awb-caption-title-size:var(--h2_typography-font-size);--awb-caption-title-transform:var(--h2_typography-text-transform);--awb-caption-title-line-height:var(--h2_typography-line-height);--awb-caption-title-letter-spacing:var(--h2_typography-letter-spacing);\"><span class=\"fusion-imageframe imageframe-none imageframe-7 hover-type-none\" style=\"border-radius:12px;\"><img decoding=\"async\" width=\"1024\" height=\"576\" alt=\"\u53ef\u6301\u7eed\u65c5\u884c\uff1a\u7535\u6e90\u5f00\u5173\uff0c\u6709\u52a9\u4e8e\u907f\u514d\u5ea6\u5047\u516c\u5bd3\u4e2d\u4e0d\u5fc5\u8981\u7684\u7535\u529b\u6d88\u8017\u3002\" src=\"https:\/\/palazzovetrano.it\/wp-content\/uploads\/2023\/10\/IMG_6854-scaled.jpg\" data-orig-src=\"https:\/\/palazzovetrano.it\/wp-content\/uploads\/2023\/10\/IMG_6854-1024x576.jpg\" class=\"lazyload img-responsive wp-image-1211\" srcset=\"data:image\/svg+xml,%3Csvg%20xmlns%3D%27http%3A%2F%2Fwww.w3.org%2F2000%2Fsvg%27%20width%3D%272560%27%20height%3D%271440%27%20viewBox%3D%270%200%202560%201440%27%3E%3Crect%20width%3D%272560%27%20height%3D%271440%27%20fill-opacity%3D%220%22%2F%3E%3C%2Fsvg%3E\" data-srcset=\"https:\/\/palazzovetrano.it\/wp-content\/uploads\/2023\/10\/IMG_6854-200x113.jpg 200w, https:\/\/palazzovetrano.it\/wp-content\/uploads\/2023\/10\/IMG_6854-400x225.jpg 400w, https:\/\/palazzovetrano.it\/wp-content\/uploads\/2023\/10\/IMG_6854-600x338.jpg 600w, https:\/\/palazzovetrano.it\/wp-content\/uploads\/2023\/10\/IMG_6854-800x450.jpg 800w, https:\/\/palazzovetrano.it\/wp-content\/uploads\/2023\/10\/IMG_6854-1200x675.jpg 1200w\" data-sizes=\"auto\" data-orig-sizes=\"(max-width: 800px) 100vw, 800px\" \/><\/span><\/div><div class=\"fusion-text fusion-text-12\"><h2 class=\"fusion-responsive-typography-calculated\" style=\"text-align: center; --fontsize: 33; line-height: 1.3;\" data-fontsize=\"33\" data-lineheight=\"42.9px\"><\/h2>\n<h3 class=\"fusion-responsive-typography-calculated\" style=\"text-align: center; --fontsize: 28; line-height: 1.3; --minfontsize: 25;\" data-fontsize=\"28\" data-lineheight=\"36.4px\">Haust\u00fcrschl\u00fcssel (Gr\u00fcn)<\/h3>\n<p style=\"text-align: left;\">Die Haust\u00fcr ist mit einem elektrischen T\u00fcr\u00f6ffner verbunden. Um die T\u00fcr am einfachsten zu \u00f6ffnen, ziehe sie beim Aufschlie\u00dfen etwas nach au\u00dfen. Beim Verlassen des Geb\u00e4udes findest du links neben der Haust\u00fcr einen Stromtaster. Dieser entriegelt die T\u00fcr von innen. Am besten kurz die T\u00fcre andr\u00fccken und dann \u00f6ffnen. Es w\u00e4re prima, wenn du darauf achtest, dass die T\u00fcr hinter dir geschlossen ist. Vielen Dank!<\/p>\n<h3 class=\"fusion-responsive-typography-calculated\" style=\"text-align: center; --fontsize: 28; line-height: 1.3; --minfontsize: 25;\" data-fontsize=\"28\" data-lineheight=\"36.4px\">Terrassenschl\u00fcssel (Gelb)<\/h3>\n<p style=\"text-align: left;\">Dieser Schl\u00fcssel \u00f6ffnet die T\u00fcr zwischen dem Hausflur und der Terrasse. Wenn diese T\u00fcr w\u00e4hrend der Nacht und beim Verlassen der Wohnung immer abgeschlossen ist, erh\u00f6ht dies deine pers\u00f6nliche Sicherheit. Palermo ist zwar die sicherste Stadt Italiens, dennoch handelt es sich um eine Gro\u00dfstadt.<\/p>\n<h3 class=\"fusion-responsive-typography-calculated\" style=\"text-align: center; --fontsize: 28; line-height: 1.3; --minfontsize: 25;\" data-fontsize=\"28\" data-lineheight=\"36.4px\">Fenster-Klappladen<\/h3>\n<p style=\"text-align: left;\">Dieser relativ gro\u00dfe Schl\u00fcssel hat keine Farbmarkierung. Seine markante eckige Form erkl\u00e4rt sich von selbst. Der Schlie\u00dfvorgang an dieser T\u00fcr erfolgt (wie in Italien h\u00e4ufig) in die gegengesetzte Richtung.<\/p>\n<h3 class=\"fusion-responsive-typography-calculated\" style=\"text-align: center; --fontsize: 28; line-height: 1.3; --minfontsize: 25;\" data-fontsize=\"28\" data-lineheight=\"36.4px\">Wohnungst\u00fcr (Rot)<\/h3>\n<p style=\"text-align: left;\">Beim Abschlie\u00dfen der Wohnungst\u00fcr dr\u00fccke den Griff ganz nach oben. Erst dann l\u00e4sst sich die T\u00fcre verriegeln.<\/p>\n<h3 class=\"fusion-responsive-typography-calculated\" style=\"text-align: center; --fontsize: 28; line-height: 1.3; --minfontsize: 25;\" data-fontsize=\"28\" data-lineheight=\"36.4px\">Strom-Zentralschalter<\/h3>\n<p style=\"text-align: left;\">Links neben der Terrassent\u00fcr des gro\u00dfen Schlafzimmers findest du den Zentralschalter f\u00fcr Strom und Licht in allen R\u00e4umen. Dieser wird mit dem kleinen, sechseckigen VIMAR Schl\u00fcssel geschaltet. Der Schl\u00fcssel kann nur abgezogen werden, wenn die Schl\u00fcsselposition auf \u2013 0 \u2013 aus &#8211; steht. Solltest du einmal deinen Schl\u00fcssel suchen, wirst du ihn hier wahrscheinlich finden. Dieser Schalter hilft nicht nur dabei, die Umwelt zu schonen, sondern dient ebenfalls als Schl\u00fcsselbrett.<\/p>\n<h3 class=\"fusion-responsive-typography-calculated\" style=\"text-align: center; --fontsize: 28; line-height: 1.3; --minfontsize: 25;\" data-fontsize=\"28\" data-lineheight=\"36.4px\">T\u00fcr\u00f6ffnungen &#8211; Ersatzschl\u00fcssel<\/h3>\n<p style=\"text-align: left;\">Diese sind auch in Palermo teuer. Um dir und uns unn\u00f6tigen Aufwand und Kosten zu ersparen, kontrolliere am besten, vor dem Verlassen der Wohnung, ob alles verschlossen ist und wie du den Schl\u00fcsselbund sicher mitf\u00fchrst. Ein kleiner Schnappsch\u00e4kel hilft bei Bedarf diesen zus\u00e4tzlich zu sichern. Falls doch etwas passieren sollte, wende dich zuerst an <strong>solemar sicilia<\/strong>.<\/p>\n<\/div><div class=\"fusion-image-element\" style=\"text-align:center;--awb-margin-top:2rem;--awb-margin-bottom:2rem;--awb-caption-title-font-family:var(--h2_typography-font-family);--awb-caption-title-font-weight:var(--h2_typography-font-weight);--awb-caption-title-font-style:var(--h2_typography-font-style);--awb-caption-title-size:var(--h2_typography-font-size);--awb-caption-title-transform:var(--h2_typography-text-transform);--awb-caption-title-line-height:var(--h2_typography-line-height);--awb-caption-title-letter-spacing:var(--h2_typography-letter-spacing);\"><span class=\"fusion-imageframe imageframe-none imageframe-8 hover-type-none\" style=\"border-radius:12px;\"><img decoding=\"async\" width=\"1024\" height=\"576\" src=\"https:\/\/palazzovetrano.it\/wp-content\/uploads\/2023\/10\/IMG_7970-scaled.jpg\" data-orig-src=\"https:\/\/palazzovetrano.it\/wp-content\/uploads\/2023\/10\/IMG_7970-1024x576.jpg\" alt class=\"lazyload img-responsive wp-image-1534\" srcset=\"data:image\/svg+xml,%3Csvg%20xmlns%3D%27http%3A%2F%2Fwww.w3.org%2F2000%2Fsvg%27%20width%3D%272560%27%20height%3D%271440%27%20viewBox%3D%270%200%202560%201440%27%3E%3Crect%20width%3D%272560%27%20height%3D%271440%27%20fill-opacity%3D%220%22%2F%3E%3C%2Fsvg%3E\" data-srcset=\"https:\/\/palazzovetrano.it\/wp-content\/uploads\/2023\/10\/IMG_7970-200x113.jpg 200w, https:\/\/palazzovetrano.it\/wp-content\/uploads\/2023\/10\/IMG_7970-400x225.jpg 400w, https:\/\/palazzovetrano.it\/wp-content\/uploads\/2023\/10\/IMG_7970-600x338.jpg 600w\" data-sizes=\"auto\" data-orig-sizes=\"(max-width: 800px) 100vw, 1024px\" \/><\/span><\/div><div class=\"fusion-text fusion-text-13\" style=\"--awb-content-alignment:left;\"><h2 class=\"fusion-responsive-typography-calculated\" style=\"text-align: center;\" data-fontsize=\"33\" data-lineheight=\"42.9px\"><\/h2>\n<h2 class=\"fusion-responsive-typography-calculated\" style=\"text-align: center;\" data-fontsize=\"33\" data-lineheight=\"42.9px\">Lichtschalter &amp; Steckdosen<\/h2>\n<p>Die Wohnung ist mit g\u00e4ngigen, italienischen Schaltern und Steckdosen ausgestattet. Obwohl etwas schmaler als aus der Heimat gewohnt, ist die Bedienung wie gew\u00f6hnlich. Daf\u00fcr ist die ein oder andere LED etwas ungew\u00f6hnlich. Die LED Beleuchtung ist ebenso f\u00fcr ihre Haltbarkeit, wir f\u00fcr ihre Energieersparnis bekannt. Sollte dennoch einmal eines der Leuchtmittel ausgetauscht werden m\u00fcssen, lasst es uns bitte wissen. Um eine gem\u00fctliche Beleuchtung zu erm\u00f6glichen, ist die Beleuchtung teilweise dimmbar.<\/p>\n<p>Wenn du w\u00e4hrend deines Aufenthalts arbeiten m\u00f6chtest, stehen dir ein Arbeitsplatz drinnen oder drau\u00dfen, Internetzugang, WLAN, Steckdosen mit USB-Anschl\u00fcssen in allen Zimmern sowie Universalsteckdosen zur Verf\u00fcgung.<\/p>\n<\/div><div class=\"fusion-text fusion-text-14\"><h2 class=\"fusion-responsive-typography-calculated\" style=\"text-align: center; --fontsize: 33; line-height: 1.3;\" data-fontsize=\"33\" data-lineheight=\"42.9px\"><\/h2>\n<p style=\"text-align: center;\">\n<\/div><div class=\"fusion-image-element\" style=\"text-align:center;--awb-caption-title-font-family:var(--h2_typography-font-family);--awb-caption-title-font-weight:var(--h2_typography-font-weight);--awb-caption-title-font-style:var(--h2_typography-font-style);--awb-caption-title-size:var(--h2_typography-font-size);--awb-caption-title-transform:var(--h2_typography-text-transform);--awb-caption-title-line-height:var(--h2_typography-line-height);--awb-caption-title-letter-spacing:var(--h2_typography-letter-spacing);\"><span class=\"fusion-imageframe imageframe-none imageframe-9 hover-type-none\" style=\"border-radius:12px;\"><img decoding=\"async\" width=\"2180\" height=\"720\" src=\"https:\/\/palazzovetrano.it\/wp-content\/uploads\/2023\/10\/Unbenannt.jpg\" data-orig-src=\"https:\/\/palazzovetrano.it\/wp-content\/uploads\/2023\/10\/Unbenannt.jpg\" alt class=\"lazyload img-responsive wp-image-1394\" srcset=\"data:image\/svg+xml,%3Csvg%20xmlns%3D%27http%3A%2F%2Fwww.w3.org%2F2000%2Fsvg%27%20width%3D%272180%27%20height%3D%27720%27%20viewBox%3D%270%200%202180%20720%27%3E%3Crect%20width%3D%272180%27%20height%3D%27720%27%20fill-opacity%3D%220%22%2F%3E%3C%2Fsvg%3E\" data-srcset=\"https:\/\/palazzovetrano.it\/wp-content\/uploads\/2023\/10\/Unbenannt-200x66.jpg 200w, https:\/\/palazzovetrano.it\/wp-content\/uploads\/2023\/10\/Unbenannt-400x132.jpg 400w, https:\/\/palazzovetrano.it\/wp-content\/uploads\/2023\/10\/Unbenannt-600x198.jpg 600w, https:\/\/palazzovetrano.it\/wp-content\/uploads\/2023\/10\/Unbenannt-800x264.jpg 800w, https:\/\/palazzovetrano.it\/wp-content\/uploads\/2023\/10\/Unbenannt-1200x396.jpg 1200w, https:\/\/palazzovetrano.it\/wp-content\/uploads\/2023\/10\/Unbenannt.jpg 2180w\" data-sizes=\"auto\" data-orig-sizes=\"(max-width: 800px) 100vw, 800px\" \/><\/span><\/div><div class=\"fusion-text fusion-text-15\"><h2 class=\"fusion-responsive-typography-calculated\" style=\"text-align: center; --fontsize: 33; line-height: 1.3;\" data-fontsize=\"33\" data-lineheight=\"42.9px\"><\/h2>\n<h2 class=\"fusion-responsive-typography-calculated\" style=\"text-align: center; --fontsize: 33; line-height: 1.3;\" data-fontsize=\"33\" data-lineheight=\"42.9px\">Internet &amp; WLAN<\/h2>\n<p style=\"text-align: left;\">Stets mit der Welt verbunden \u2013 in der gesamten Wohnung steht dir kostenloses WLAN zur Verf\u00fcgung. Selbst wenn du den Stromkreis unterbrochen hast, kannst du weiterhin das Internet nutzen. Um Dir den Zugang zu erleichtern bieten wir folgende QR Codes.<\/p>\n<\/div><div class=\"fusion-image-element\" style=\"text-align:center;--awb-caption-title-font-family:var(--h2_typography-font-family);--awb-caption-title-font-weight:var(--h2_typography-font-weight);--awb-caption-title-font-style:var(--h2_typography-font-style);--awb-caption-title-size:var(--h2_typography-font-size);--awb-caption-title-transform:var(--h2_typography-text-transform);--awb-caption-title-line-height:var(--h2_typography-line-height);--awb-caption-title-letter-spacing:var(--h2_typography-letter-spacing);\"><span class=\"fusion-imageframe imageframe-none imageframe-10 hover-type-none\" style=\"border-radius:12px;\"><img decoding=\"async\" width=\"1024\" height=\"504\" src=\"https:\/\/palazzovetrano.it\/wp-content\/uploads\/2023\/10\/Unbenannt.png\" data-orig-src=\"https:\/\/palazzovetrano.it\/wp-content\/uploads\/2023\/10\/Unbenannt-1024x504.png\" alt class=\"lazyload img-responsive wp-image-1215\" srcset=\"data:image\/svg+xml,%3Csvg%20xmlns%3D%27http%3A%2F%2Fwww.w3.org%2F2000%2Fsvg%27%20width%3D%273600%27%20height%3D%271772%27%20viewBox%3D%270%200%203600%201772%27%3E%3Crect%20width%3D%273600%27%20height%3D%271772%27%20fill-opacity%3D%220%22%2F%3E%3C%2Fsvg%3E\" data-srcset=\"https:\/\/palazzovetrano.it\/wp-content\/uploads\/2023\/10\/Unbenannt-200x98.png 200w, https:\/\/palazzovetrano.it\/wp-content\/uploads\/2023\/10\/Unbenannt-400x197.png 400w, https:\/\/palazzovetrano.it\/wp-content\/uploads\/2023\/10\/Unbenannt-600x295.png 600w, https:\/\/palazzovetrano.it\/wp-content\/uploads\/2023\/10\/Unbenannt-800x394.png 800w, https:\/\/palazzovetrano.it\/wp-content\/uploads\/2023\/10\/Unbenannt-1200x591.png 1200w\" data-sizes=\"auto\" data-orig-sizes=\"(max-width: 800px) 100vw, 800px\" \/><\/span><\/div><div class=\"fusion-text fusion-text-16\"><h3 class=\"fusion-responsive-typography-calculated\" style=\"text-align: center; --fontsize: 28; line-height: 1.3;\" data-fontsize=\"28\" data-lineheight=\"36.4px\">QR Codes<\/h3>\n<p style=\"text-align: left;\">Neben dem K\u00fchlschrank entdeckst du die QR Codes f\u00fcr deinen kostenfreien WLAN Zugang zum Internet, unsere G\u00e4ste Information und deinen mobilen, digitalen Stadtplan. Aus Gr\u00fcnden der Nachhaltigkeit haben wir bewusst auf eine klassische analoge G\u00e4stemappe verzichtet. Dies erm\u00f6glicht uns Neuerungen einzuf\u00fcgen, damit die Seite f\u00fcr unsere G\u00e4ste immer up to date ist. \u2028\u2028Wir freuen uns \u00fcber jeden Tipp bez\u00fcglich des digitalen Stadtplans. Gerne auch mit aktuellen Fotos.<\/p>\n<p style=\"text-align: left;\">Genie\u00dfe die Bequemlichkeit und den Komfort eines digitalen Erlebnisses, w\u00e4hrend wir unseren Teil zum Schutz der Umwelt beitragen. Erkunde die Stadt mit dem digitalen Stadtplan, teile deine Erlebnisse im G\u00e4stebuch und sei immer online, wenn du es m\u00f6chtest.<\/p>\n<p style=\"text-align: left;\">Willkommen in deinem Palermo-Urlaub!<\/p>\n<\/div><div class=\"fusion-image-element\" style=\"text-align:center;--awb-margin-top:2rem;--awb-margin-bottom:2rem;--awb-caption-title-font-family:var(--h2_typography-font-family);--awb-caption-title-font-weight:var(--h2_typography-font-weight);--awb-caption-title-font-style:var(--h2_typography-font-style);--awb-caption-title-size:var(--h2_typography-font-size);--awb-caption-title-transform:var(--h2_typography-text-transform);--awb-caption-title-line-height:var(--h2_typography-line-height);--awb-caption-title-letter-spacing:var(--h2_typography-letter-spacing);\"><span class=\"fusion-imageframe imageframe-none imageframe-11 hover-type-none\" style=\"border-radius:12px;\"><img decoding=\"async\" width=\"1024\" height=\"576\" title=\"Palermo-Centro-Storico-Ballaro00003-1024&#215;576\" src=\"https:\/\/palazzovetrano.it\/wp-content\/uploads\/2023\/06\/Palermo-Centro-Storico-Ballaro00003-1024x576-1.jpg\" data-orig-src=\"https:\/\/palazzovetrano.it\/wp-content\/uploads\/2023\/06\/Palermo-Centro-Storico-Ballaro00003-1024x576-1.jpg\" alt class=\"lazyload img-responsive wp-image-1039\" srcset=\"data:image\/svg+xml,%3Csvg%20xmlns%3D%27http%3A%2F%2Fwww.w3.org%2F2000%2Fsvg%27%20width%3D%271024%27%20height%3D%27576%27%20viewBox%3D%270%200%201024%20576%27%3E%3Crect%20width%3D%271024%27%20height%3D%27576%27%20fill-opacity%3D%220%22%2F%3E%3C%2Fsvg%3E\" data-srcset=\"https:\/\/palazzovetrano.it\/wp-content\/uploads\/2023\/06\/Palermo-Centro-Storico-Ballaro00003-1024x576-1-200x113.jpg 200w, https:\/\/palazzovetrano.it\/wp-content\/uploads\/2023\/06\/Palermo-Centro-Storico-Ballaro00003-1024x576-1-400x225.jpg 400w, https:\/\/palazzovetrano.it\/wp-content\/uploads\/2023\/06\/Palermo-Centro-Storico-Ballaro00003-1024x576-1-600x338.jpg 600w, https:\/\/palazzovetrano.it\/wp-content\/uploads\/2023\/06\/Palermo-Centro-Storico-Ballaro00003-1024x576-1-800x450.jpg 800w, https:\/\/palazzovetrano.it\/wp-content\/uploads\/2023\/06\/Palermo-Centro-Storico-Ballaro00003-1024x576-1.jpg 1024w\" data-sizes=\"auto\" data-orig-sizes=\"(max-width: 800px) 100vw, 800px\" \/><\/span><\/div><div class=\"fusion-text fusion-text-17\" style=\"--awb-content-alignment:center;\"><h2 class=\"fusion-responsive-typography-calculated\" style=\"text-align: center; --fontsize: 33; line-height: 1.3;\" data-fontsize=\"33\" data-lineheight=\"42.9px\"><\/h2>\n<h2 class=\"fusion-responsive-typography-calculated\" style=\"text-align: center; --fontsize: 33; line-height: 1.3;\" data-fontsize=\"33\" data-lineheight=\"42.9px\">Atriumterrasse<\/h2>\n<blockquote style=\"text-align: center;\">\n<p>&#8222;Wer den Tag genie\u00dfen will, sollte die Sonne auf einer Terrasse begr\u00fc\u00dfen.&#8220; &#8211; Unbekannt<\/p>\n<\/blockquote>\n<p style=\"text-align: left;\">Unsere Atriumterrasse ist ein wahres Paradies der Entspannung und Erholung. Hier erwarten dich Sonnenliegen, ein Sonnensegel, gem\u00fctliche Loungesessel und sogar zwei H\u00e4ngematten! Zus\u00e4tzlich findest du Esstische und St\u00fchle, um unter freiem Himmel zu speisen.<\/p>\n<p style=\"text-align: left;\">Ob du die Sonne genie\u00dft oder eine kleine Siesta am Mittag machst, hier kannst du dich rundum wohlf\u00fchlen. Und keine Sorge, ab und zu h\u00f6rt man den Sprechgesang der Marktschreier oder Musik vom nahegelegenen Ballar\u00f2-Markt. Doch nachts gilt der Ballar\u00f2 als der ruhigste Teil der Altstadt \u2013 perfekt, um in Ruhe zu entspannen.<\/p>\n<p style=\"text-align: left;\">In Bezug auf die Terrasse haben wir noch eine kleine Bitte an dich: Unsere Pflanzen lieben nicht nur etwas Liebe, sondern vor allem Wasser. Es w\u00e4re gro\u00dfartig, wenn du ihnen regelm\u00e4\u00dfig eine Portion Wasser g\u00f6nnen k\u00f6nntest. Mit dem Gartenschlauch ist das schnell erledigt. Schlie\u00dflich wollen wir, dass alles sch\u00f6n gr\u00fcn und lebendig bleibt. Tausend Dank!<\/p>\n<p style=\"text-align: left;\">Falls du Lust hast, drau\u00dfen zu kochen oder zu grillen, haben wir in der K\u00fcche einen ein portables Kochfeld f\u00fcr dich bereitgestellt. Der Elektrogrill befindet sich im gro\u00dfen Schlafzimmer unter dem Spind.<\/p>\n<blockquote>\n<p>&#8222;Eine Terrasse ist ein St\u00fcck vom Himmel, das auf die Erde herabsteigt.&#8220; &#8211; Nathan Phillips<\/p>\n<\/blockquote>\n<p style=\"text-align: left;\"><strong>Sicherheitshinweis:<\/strong><\/p>\n<p style=\"text-align: left;\">Unsere gem\u00fctlichen H\u00e4ngematten, sind von ihrem Hersteller mit einer beeindruckenden Belastungsgrenze von 200 Kilo zertifiziert. Wir laden dich herzlich ein, diese entspannenden Ruheoasen zu genie\u00dfen. Bitte beachte jedoch, dass die Nutzung der H\u00e4ngematten auf eigene Verantwortung erfolgt. Wir m\u00f6chten darauf hinweisen, dass wir keinerlei Haftung \u00fcbernehmen. Dein Komfort und deine Sicherheit sind uns wichtig, deshalb auch dieser Warnhinweis.<\/p>\n<p style=\"text-align: left;\">Doch bevor du weiterliest, wie w\u00e4re es mit einer Tasse Kaffee oder Tee in der H\u00e4ngematte?<\/p>\n<\/div><div class=\"fusion-image-element\" style=\"text-align:center;--awb-margin-top:2rem;--awb-margin-bottom:2rem;--awb-caption-title-font-family:var(--h2_typography-font-family);--awb-caption-title-font-weight:var(--h2_typography-font-weight);--awb-caption-title-font-style:var(--h2_typography-font-style);--awb-caption-title-size:var(--h2_typography-font-size);--awb-caption-title-transform:var(--h2_typography-text-transform);--awb-caption-title-line-height:var(--h2_typography-line-height);--awb-caption-title-letter-spacing:var(--h2_typography-letter-spacing);\"><span class=\"fusion-imageframe imageframe-none imageframe-12 hover-type-none\" style=\"border-radius:12px;\"><img decoding=\"async\" width=\"1024\" height=\"576\" src=\"https:\/\/palazzovetrano.it\/wp-content\/uploads\/2023\/06\/18-Terrasse-Atrium-Palermo-Blu-Centro-Storico-Ballaro-Pallazzo-Vertrano-Casa-Vacanza-00001-3.jpg\" data-orig-src=\"https:\/\/palazzovetrano.it\/wp-content\/uploads\/2023\/06\/18-Terrasse-Atrium-Palermo-Blu-Centro-Storico-Ballaro-Pallazzo-Vertrano-Casa-Vacanza-00001-3-1024x576.jpg\" alt class=\"lazyload img-responsive wp-image-1040\" srcset=\"data:image\/svg+xml,%3Csvg%20xmlns%3D%27http%3A%2F%2Fwww.w3.org%2F2000%2Fsvg%27%20width%3D%271080%27%20height%3D%27608%27%20viewBox%3D%270%200%201080%20608%27%3E%3Crect%20width%3D%271080%27%20height%3D%27608%27%20fill-opacity%3D%220%22%2F%3E%3C%2Fsvg%3E\" data-srcset=\"https:\/\/palazzovetrano.it\/wp-content\/uploads\/2023\/06\/18-Terrasse-Atrium-Palermo-Blu-Centro-Storico-Ballaro-Pallazzo-Vertrano-Casa-Vacanza-00001-3-200x113.jpg 200w, https:\/\/palazzovetrano.it\/wp-content\/uploads\/2023\/06\/18-Terrasse-Atrium-Palermo-Blu-Centro-Storico-Ballaro-Pallazzo-Vertrano-Casa-Vacanza-00001-3-400x225.jpg 400w, https:\/\/palazzovetrano.it\/wp-content\/uploads\/2023\/06\/18-Terrasse-Atrium-Palermo-Blu-Centro-Storico-Ballaro-Pallazzo-Vertrano-Casa-Vacanza-00001-3-600x338.jpg 600w, https:\/\/palazzovetrano.it\/wp-content\/uploads\/2023\/06\/18-Terrasse-Atrium-Palermo-Blu-Centro-Storico-Ballaro-Pallazzo-Vertrano-Casa-Vacanza-00001-3-800x450.jpg 800w, https:\/\/palazzovetrano.it\/wp-content\/uploads\/2023\/06\/18-Terrasse-Atrium-Palermo-Blu-Centro-Storico-Ballaro-Pallazzo-Vertrano-Casa-Vacanza-00001-3.jpg 1080w\" data-sizes=\"auto\" data-orig-sizes=\"(max-width: 800px) 100vw, 800px\" \/><\/span><\/div><div class=\"fusion-text fusion-text-18\"><h2 class=\"fusion-responsive-typography-calculated\" style=\"text-align: center; --fontsize: 33; line-height: 1.3;\" data-fontsize=\"33\" data-lineheight=\"42.9px\"><\/h2>\n<h2 class=\"fusion-responsive-typography-calculated\" style=\"text-align: center; --fontsize: 33; line-height: 1.3;\" data-fontsize=\"33\" data-lineheight=\"42.9px\">Kaffee oder Tee<\/h2>\n<p style=\"text-align: left;\">Die Italiener m\u00f6gen zwar f\u00fcr ihren guten Kaffee bekannt sein, aber nicht unbedingt f\u00fcr Nachhaltigkeit. Deshalb geh\u00f6rt ein Kapsel-Kaffeeautomat zur Grundausstattung jeder Ferienwohnung. Auch wir Deutschen hatten unsere Kapsel-\u00c4ra. Kaffee unter dem Aspekt der Nachhaltigkeit zu betrachten, kann eine Herausforderung sein. Sei sorglos, wir haben eine Auswahl an Kaffeekapseln f\u00fcr dich bereitgestellt. F\u00fcr Nachschub kannst du zur Nespresso\u00ae\ufe0f Boutique in Palermo gehen. Au\u00dferdem gibt es Nespresso\u00ae\ufe0f-kompatible Kaffeekapseln unter anderem bei LIDL und verschiedenen Kaffee-Shops in Palermo. Im Idealfall hast Du bereits kompostierbare Kapseln von Zuhause mitgebracht. Du findest diese z.B. bei <a href=\"https:\/\/www.pottschwarz.de\/\" target=\"_blank\" rel=\"noopener noreferrer\">pottschwarz<\/a>. Lecker und umweltfreundlich.<\/p>\n<p style=\"text-align: left;\">Wenn du eine Alternative bevorzugst, empfehlen wir dir eine Tasse Tee. Wir haben bereits eine kleine Auswahl f\u00fcr dich bereitgestellt. Zur Zubereitung stehen dir alternativ ein elektrischer Wasserkocher sowie ein Fl\u00f6tenkessel zur Verf\u00fcgung.<\/p>\n<blockquote style=\"text-align: center;\">\n<p><i>I like tea and yoga, but I don\u2019t do yoga. (Moby, US-Musiker)<\/i><\/p>\n<\/blockquote>\n<p style=\"text-align: left;\">Oder wie w\u00e4re es mit einer traditionellen Kaffeezubereitung \u00e0 la Nonna, sprich Gro\u00dfmutter? Daf\u00fcr stehen Dir eine Handm\u00fchle, ein Milchaufsch\u00e4umer und zwei Bialetti-Kaffeekannen in verschiedenen Gr\u00f6\u00dfen zur Verf\u00fcgung gestellt. Die Handhabung ist simpel und das Ergebnis einfach lecker.<\/p>\n<\/div><div class=\"fusion-image-element\" style=\"text-align:center;--awb-margin-top:2rem;--awb-margin-left:2rem;--awb-caption-title-font-family:var(--h2_typography-font-family);--awb-caption-title-font-weight:var(--h2_typography-font-weight);--awb-caption-title-font-style:var(--h2_typography-font-style);--awb-caption-title-size:var(--h2_typography-font-size);--awb-caption-title-transform:var(--h2_typography-text-transform);--awb-caption-title-line-height:var(--h2_typography-line-height);--awb-caption-title-letter-spacing:var(--h2_typography-letter-spacing);\"><span class=\"fusion-imageframe imageframe-none imageframe-13 hover-type-none\" style=\"border-radius:12px;\"><img decoding=\"async\" width=\"1024\" height=\"768\" src=\"https:\/\/palazzovetrano.it\/wp-content\/uploads\/2023\/10\/IMG_7865-1-scaled.jpg\" data-orig-src=\"https:\/\/palazzovetrano.it\/wp-content\/uploads\/2023\/10\/IMG_7865-1-1024x768.jpg\" alt class=\"lazyload img-responsive wp-image-1423\" srcset=\"data:image\/svg+xml,%3Csvg%20xmlns%3D%27http%3A%2F%2Fwww.w3.org%2F2000%2Fsvg%27%20width%3D%272560%27%20height%3D%271920%27%20viewBox%3D%270%200%202560%201920%27%3E%3Crect%20width%3D%272560%27%20height%3D%271920%27%20fill-opacity%3D%220%22%2F%3E%3C%2Fsvg%3E\" data-srcset=\"https:\/\/palazzovetrano.it\/wp-content\/uploads\/2023\/10\/IMG_7865-1-200x150.jpg 200w, https:\/\/palazzovetrano.it\/wp-content\/uploads\/2023\/10\/IMG_7865-1-400x300.jpg 400w, https:\/\/palazzovetrano.it\/wp-content\/uploads\/2023\/10\/IMG_7865-1-600x450.jpg 600w, https:\/\/palazzovetrano.it\/wp-content\/uploads\/2023\/10\/IMG_7865-1-800x600.jpg 800w, https:\/\/palazzovetrano.it\/wp-content\/uploads\/2023\/10\/IMG_7865-1-1200x900.jpg 1200w\" data-sizes=\"auto\" data-orig-sizes=\"(max-width: 800px) 100vw, 800px\" \/><\/span><\/div><div class=\"fusion-text fusion-text-19\" style=\"--awb-content-alignment:left;\"><blockquote style=\"text-align: center;\">\n<p><i>&#8222;Bialetti Kaffeekanne \u2013 Eine Zeitmaschine f\u00fcr den perfekten Kaffeegenuss.&#8220; &#8211; Unbekannt<\/i><\/p>\n<\/blockquote>\n<h3 class=\"fusion-responsive-typography-calculated\" style=\"text-align: center; --fontsize: 28; line-height: 1.3;\" data-fontsize=\"28\" data-lineheight=\"36.4px\">Bialetti Moka Express:<\/h3>\n<p style=\"text-align: left;\">In nur f\u00fcnf Schritten zum perfekten Kaffeegenuss:<\/p>\n<p style=\"text-align: left;\">1. Wasser in den unteren Beh\u00e4lter der Herdkanne f\u00fcllen, jedoch nicht \u00fcber das \u00dcberdruckventil.<\/p>\n<p style=\"text-align: left;\">2. Das Sieb einsetzen und bis zum Rand mit mittelfeinem Kaffeepulver bef\u00fcllen, gl\u00e4tten, aber nicht festdr\u00fccken.<\/p>\n<p style=\"text-align: left;\">3. Den oberen Teil der Herdkanne auf das Unterteil setzen und festdrehen.<\/p>\n<p style=\"text-align: left;\">4. Bei mittlerer Temperatur auf der Herdplatte erhitzen, bis ein gurgelndes Ger\u00e4usch zu h\u00f6ren ist.<\/p>\n<p style=\"text-align: left;\">5. Die Kanne vom Herd nehmen und den Kaffee genie\u00dfen!<\/p>\n<p style=\"text-align: left;\">Jetzt kannst du wie ein echter Kaffeemeister deinen eigenen traditionellen Kaffee zubereiten und dich auf eine genussvolle Zeit freuen.<\/p>\n<p style=\"text-align: left;\">\n<\/div><div class=\"fusion-text fusion-text-20\"><h2 class=\"fusion-responsive-typography-calculated\" style=\"text-align: center; --fontsize: 33; line-height: 1.3;\" data-fontsize=\"33\" data-lineheight=\"42.9px\"><\/h2>\n<h2 class=\"fusion-responsive-typography-calculated\" style=\"text-align: center; --fontsize: 33; line-height: 1.3;\" data-fontsize=\"33\" data-lineheight=\"42.9px\">\u53a8\u623f\u517c\u8d77\u5c45\u5ba4<\/h2>\n<p style=\"text-align: left;\">Na, hast du dir schon einen Kaffee oder Tee zubereitet? Dann bist du ja schon ein Profi im Umgang mit unserem Bosch Induktionskochfeld. Herzlichen Gl\u00fcckwunsch, du hast die erste Herausforderung gemeistert! \u2028Sollten sich bei der Nutzung des Bosch Induktions-Kochfeld Fragen ergeben, findest Du unter dem gleichnamigen Punkt die passenden Hinweise. Unsere gem\u00fctliche Wohnk\u00fcche ist mit hochwertigen Ger\u00e4ten von Bosch ausgestattet, einschlie\u00dflich Backofen, Waschmaschine und Sp\u00fclmaschine. Du findest die entsprechenden Bedienungsanleitungen weiter unten, unter gleichnamigen Punkten.<\/p>\n<\/div><div class=\"fusion-image-element\" style=\"text-align:center;--awb-margin-top:2rem;--awb-margin-bottom:2rem;--awb-caption-title-font-family:var(--h2_typography-font-family);--awb-caption-title-font-weight:var(--h2_typography-font-weight);--awb-caption-title-font-style:var(--h2_typography-font-style);--awb-caption-title-size:var(--h2_typography-font-size);--awb-caption-title-transform:var(--h2_typography-text-transform);--awb-caption-title-line-height:var(--h2_typography-line-height);--awb-caption-title-letter-spacing:var(--h2_typography-letter-spacing);\"><span class=\"fusion-imageframe imageframe-none imageframe-14 hover-type-none\" style=\"border-radius:12px;\"><img decoding=\"async\" width=\"1024\" height=\"437\" src=\"https:\/\/palazzovetrano.it\/wp-content\/uploads\/2023\/10\/Unbenannt-3.png\" data-orig-src=\"https:\/\/palazzovetrano.it\/wp-content\/uploads\/2023\/10\/Unbenannt-3-1024x437.png\" alt class=\"lazyload img-responsive wp-image-1318\" srcset=\"data:image\/svg+xml,%3Csvg%20xmlns%3D%27http%3A%2F%2Fwww.w3.org%2F2000%2Fsvg%27%20width%3D%272500%27%20height%3D%271067%27%20viewBox%3D%270%200%202500%201067%27%3E%3Crect%20width%3D%272500%27%20height%3D%271067%27%20fill-opacity%3D%220%22%2F%3E%3C%2Fsvg%3E\" data-srcset=\"https:\/\/palazzovetrano.it\/wp-content\/uploads\/2023\/10\/Unbenannt-3-200x85.png 200w, https:\/\/palazzovetrano.it\/wp-content\/uploads\/2023\/10\/Unbenannt-3-400x171.png 400w, https:\/\/palazzovetrano.it\/wp-content\/uploads\/2023\/10\/Unbenannt-3-600x256.png 600w, https:\/\/palazzovetrano.it\/wp-content\/uploads\/2023\/10\/Unbenannt-3-800x341.png 800w, https:\/\/palazzovetrano.it\/wp-content\/uploads\/2023\/10\/Unbenannt-3-1200x512.png 1200w\" data-sizes=\"auto\" data-orig-sizes=\"(max-width: 800px) 100vw, 800px\" \/><\/span><\/div><div class=\"fusion-text fusion-text-21\"><p style=\"text-align: left;\">Und nicht zu vergessen, eine Vielzahl von K\u00fcchenutensilien und Gew\u00fcrzen stehen f\u00fcr deine kulinarischen Kreationen bereit. Wir haben uns bem\u00fcht, nicht nur aus Nachhaltigkeitsgr\u00fcnden, sondern auch f\u00fcr eine gem\u00fctliche Atmosph\u00e4re, m\u00f6glichst auf Plastik zu verzichten. Besteck, Gl\u00e4ser und Porzellan sind sorgf\u00e4ltig aufeinander abgestimmt. Schneidebretter, Kochmesser und viele Kochutensilien sind aus Holz und freuen sich \u00fcber eine liebevolle Handw\u00e4sche, statt der Sp\u00fclmaschine. Im Metallschr\u00e4nkchen neben neben dem Backofen findest Du eine K\u00fcchenreibe, K\u00fcchenwaage, Sieb und weitere Kleinteile.<\/p>\n<p>&nbsp;<\/p>\n<\/div><div class=\"fusion-image-element\" style=\"text-align:center;--awb-margin-top:2rem;--awb-margin-bottom:2rem;--awb-caption-title-font-family:var(--h2_typography-font-family);--awb-caption-title-font-weight:var(--h2_typography-font-weight);--awb-caption-title-font-style:var(--h2_typography-font-style);--awb-caption-title-size:var(--h2_typography-font-size);--awb-caption-title-transform:var(--h2_typography-text-transform);--awb-caption-title-line-height:var(--h2_typography-line-height);--awb-caption-title-letter-spacing:var(--h2_typography-letter-spacing);\"><span class=\"fusion-imageframe imageframe-none imageframe-15 hover-type-none\" style=\"border-radius:12px;\"><img decoding=\"async\" width=\"1024\" height=\"683\" src=\"https:\/\/palazzovetrano.it\/wp-content\/uploads\/2023\/06\/44-Wohnkuche-Palermo-Blu-Centro-Storico-Ballaro-Pallazzo-Vertrano-Casa-Vacanza-00007-1024x683-1.jpg\" data-orig-src=\"https:\/\/palazzovetrano.it\/wp-content\/uploads\/2023\/06\/44-Wohnkuche-Palermo-Blu-Centro-Storico-Ballaro-Pallazzo-Vertrano-Casa-Vacanza-00007-1024x683-1.jpg\" alt class=\"lazyload img-responsive wp-image-1001\" srcset=\"data:image\/svg+xml,%3Csvg%20xmlns%3D%27http%3A%2F%2Fwww.w3.org%2F2000%2Fsvg%27%20width%3D%271024%27%20height%3D%27683%27%20viewBox%3D%270%200%201024%20683%27%3E%3Crect%20width%3D%271024%27%20height%3D%27683%27%20fill-opacity%3D%220%22%2F%3E%3C%2Fsvg%3E\" data-srcset=\"https:\/\/palazzovetrano.it\/wp-content\/uploads\/2023\/06\/44-Wohnkuche-Palermo-Blu-Centro-Storico-Ballaro-Pallazzo-Vertrano-Casa-Vacanza-00007-1024x683-1-200x133.jpg 200w, https:\/\/palazzovetrano.it\/wp-content\/uploads\/2023\/06\/44-Wohnkuche-Palermo-Blu-Centro-Storico-Ballaro-Pallazzo-Vertrano-Casa-Vacanza-00007-1024x683-1-400x267.jpg 400w, https:\/\/palazzovetrano.it\/wp-content\/uploads\/2023\/06\/44-Wohnkuche-Palermo-Blu-Centro-Storico-Ballaro-Pallazzo-Vertrano-Casa-Vacanza-00007-1024x683-1-600x400.jpg 600w, https:\/\/palazzovetrano.it\/wp-content\/uploads\/2023\/06\/44-Wohnkuche-Palermo-Blu-Centro-Storico-Ballaro-Pallazzo-Vertrano-Casa-Vacanza-00007-1024x683-1-800x534.jpg 800w, https:\/\/palazzovetrano.it\/wp-content\/uploads\/2023\/06\/44-Wohnkuche-Palermo-Blu-Centro-Storico-Ballaro-Pallazzo-Vertrano-Casa-Vacanza-00007-1024x683-1.jpg 1024w\" data-sizes=\"auto\" data-orig-sizes=\"(max-width: 800px) 100vw, 800px\" \/><\/span><\/div><div class=\"fusion-text fusion-text-22\"><blockquote>\n<p style=\"text-align: center;\">&#8222;Das Geheimnis guter K\u00fcche liegt in den richtigen Zutaten und der Liebe zum Kochen.&#8220; &#8211; Unbekannt<\/p>\n<\/blockquote>\n<p style=\"text-align: left;\">\u00dcbrigens, das Besteck findest du ganz links oben in der Kochzeile. In der oberen der beiden sichtbaren Schubladen befindet sich ein weiterer Besteckauszug. Neben dem Besteck findest du dort auch Flaschen- und Dosen\u00f6ffner, Pizzaschneider, Schere, Schneebesen, Sparsch\u00e4ler, S\u00fc\u00dfstoff, Muskatreibe, Knoblauchpresse, Grillzange, Backpinsel und Teigschaber. Wir haben an alles gedacht! Oder doch nicht? Dann lass es uns bitte wissen.<\/p>\n<p style=\"text-align: left;\">Direkt unterhalb der Besteck-Schublade findest du Keramikteller und Sch\u00fcsseln f\u00fcr deine k\u00f6stlichen Kreationen. Und im unteren Auszug findest du verschiedene T\u00f6pfe. Pfannen sowie Backpapier findest Du direkt, im Auszug unterhalb des Backofens. Es w\u00e4re gro\u00dfartig, wenn du es nachkaufst, falls es dir ausgeht Vielen Dank!<\/p>\n<\/div><div class=\"fusion-image-element\" style=\"text-align:center;--awb-margin-top:2rem;--awb-margin-bottom:2rem;--awb-caption-title-font-family:var(--h2_typography-font-family);--awb-caption-title-font-weight:var(--h2_typography-font-weight);--awb-caption-title-font-style:var(--h2_typography-font-style);--awb-caption-title-size:var(--h2_typography-font-size);--awb-caption-title-transform:var(--h2_typography-text-transform);--awb-caption-title-line-height:var(--h2_typography-line-height);--awb-caption-title-letter-spacing:var(--h2_typography-letter-spacing);\"><span class=\"fusion-imageframe imageframe-none imageframe-16 hover-type-none\" style=\"border-radius:12px;\"><img decoding=\"async\" width=\"1024\" height=\"867\" src=\"https:\/\/palazzovetrano.it\/wp-content\/uploads\/2023\/10\/Unbenannt-2.png\" data-orig-src=\"https:\/\/palazzovetrano.it\/wp-content\/uploads\/2023\/10\/Unbenannt-2-1024x867.png\" alt class=\"lazyload img-responsive wp-image-1306\" srcset=\"data:image\/svg+xml,%3Csvg%20xmlns%3D%27http%3A%2F%2Fwww.w3.org%2F2000%2Fsvg%27%20width%3D%272100%27%20height%3D%271778%27%20viewBox%3D%270%200%202100%201778%27%3E%3Crect%20width%3D%272100%27%20height%3D%271778%27%20fill-opacity%3D%220%22%2F%3E%3C%2Fsvg%3E\" data-srcset=\"https:\/\/palazzovetrano.it\/wp-content\/uploads\/2023\/10\/Unbenannt-2-200x169.png 200w, https:\/\/palazzovetrano.it\/wp-content\/uploads\/2023\/10\/Unbenannt-2-400x339.png 400w, https:\/\/palazzovetrano.it\/wp-content\/uploads\/2023\/10\/Unbenannt-2-600x508.png 600w, https:\/\/palazzovetrano.it\/wp-content\/uploads\/2023\/10\/Unbenannt-2-800x677.png 800w, https:\/\/palazzovetrano.it\/wp-content\/uploads\/2023\/10\/Unbenannt-2-1200x1016.png 1200w\" data-sizes=\"auto\" data-orig-sizes=\"(max-width: 800px) 100vw, 800px\" \/><\/span><\/div><div class=\"fusion-text fusion-text-23\"><h2 class=\"fusion-responsive-typography-calculated\" style=\"text-align: center; --fontsize: 33; line-height: 1.3;\" data-fontsize=\"33\" data-lineheight=\"42.9px\"><\/h2>\n<h2 class=\"fusion-responsive-typography-calculated\" style=\"text-align: center; --fontsize: 33; line-height: 1.3;\" data-fontsize=\"33\" data-lineheight=\"42.9px\"><\/h2>\n<h2 class=\"fusion-responsive-typography-calculated\" style=\"text-align: center; --fontsize: 33; line-height: 1.3;\" data-fontsize=\"33\" data-lineheight=\"42.9px\">Proud to Share<\/h2>\n<p style=\"text-align: left;\">Gl\u00fcck ist das einzige was sich verdoppelt, wenn man es teilt. Solltest Du beim Verlassen der Wohnung noch l\u00e4nger haltbare Lebensmittel oder Gew\u00fcrze \u00fcberhaben, kannst Du diese gerne teilen. Sicher machst Du jemand gl\u00fccklich. Verderbliche Lebensmittel bitte zeitnah entsorgen oder noch besser aufessen. Guten Appetit!<\/p>\n<p style=\"text-align: left;\">Bitte \u00fcberpr\u00fcfe zeitnah, ob alles vorhanden ist. Falls etwas fehlt oder mal etwas kaputtgeht, informiere uns bitte per E-Mail. Wir helfen gern!<\/p>\n<\/div><div class=\"fusion-image-element\" style=\"text-align:center;--awb-margin-top:2rem;--awb-margin-left:2rem;--awb-caption-title-font-family:var(--h2_typography-font-family);--awb-caption-title-font-weight:var(--h2_typography-font-weight);--awb-caption-title-font-style:var(--h2_typography-font-style);--awb-caption-title-size:var(--h2_typography-font-size);--awb-caption-title-transform:var(--h2_typography-text-transform);--awb-caption-title-line-height:var(--h2_typography-line-height);--awb-caption-title-letter-spacing:var(--h2_typography-letter-spacing);\"><span class=\"fusion-imageframe imageframe-none imageframe-17 hover-type-none\" style=\"border-radius:12px;\"><img decoding=\"async\" width=\"1024\" height=\"768\" src=\"https:\/\/palazzovetrano.it\/wp-content\/uploads\/2023\/10\/IMG_5072-2-scaled.jpg\" data-orig-src=\"https:\/\/palazzovetrano.it\/wp-content\/uploads\/2023\/10\/IMG_5072-2-1024x768.jpg\" alt class=\"lazyload img-responsive wp-image-1297\" srcset=\"data:image\/svg+xml,%3Csvg%20xmlns%3D%27http%3A%2F%2Fwww.w3.org%2F2000%2Fsvg%27%20width%3D%272560%27%20height%3D%271920%27%20viewBox%3D%270%200%202560%201920%27%3E%3Crect%20width%3D%272560%27%20height%3D%271920%27%20fill-opacity%3D%220%22%2F%3E%3C%2Fsvg%3E\" data-srcset=\"https:\/\/palazzovetrano.it\/wp-content\/uploads\/2023\/10\/IMG_5072-2-200x150.jpg 200w, https:\/\/palazzovetrano.it\/wp-content\/uploads\/2023\/10\/IMG_5072-2-400x300.jpg 400w, https:\/\/palazzovetrano.it\/wp-content\/uploads\/2023\/10\/IMG_5072-2-600x450.jpg 600w, https:\/\/palazzovetrano.it\/wp-content\/uploads\/2023\/10\/IMG_5072-2-800x600.jpg 800w, https:\/\/palazzovetrano.it\/wp-content\/uploads\/2023\/10\/IMG_5072-2-1200x900.jpg 1200w\" data-sizes=\"auto\" data-orig-sizes=\"(max-width: 800px) 100vw, 800px\" \/><\/span><\/div><div class=\"fusion-text fusion-text-24\"><h2 class=\"fusion-responsive-typography-calculated\" style=\"text-align: center; --fontsize: 33; line-height: 1.3;\" data-fontsize=\"33\" data-lineheight=\"42.9px\"><\/h2>\n<h2 class=\"fusion-responsive-typography-calculated\" style=\"text-align: center; --fontsize: 33; line-height: 1.3;\" data-fontsize=\"33\" data-lineheight=\"42.9px\">Schlafzimmer<\/h2>\n<p style=\"text-align: left;\">Willkommen in den beiden Schlafzimmern, wo du auf komfortablen XL-Doppelbetten mit extralangen Matratzen von 2,20 bzw. 2,00 Metern L\u00e4nge schlummern kannst. Handt\u00fccher, Bettw\u00e4sche, Seife und Toilettenpapier sind bereits f\u00fcr dich bereitgestellt. Hier geht es um Komfort!<\/p>\n<blockquote>\n<p style=\"text-align: center;\">&#8222;Ein gutes Bett ist Voraussetzung f\u00fcr einen tiefen Schlaf.&#8220; &#8211; Benjamin Franklin<\/p>\n<\/blockquote>\n<p style=\"text-align: left;\">In diesem Sinne w\u00fcnschen wir einen tiefen Schlaf und viele sch\u00f6ne Tr\u00e4ume.<\/p>\n<p style=\"text-align: left;\">F\u00fcr eine schnelle und \u00fcbersichtliche Kleidersortierung hat sich unser Spind bew\u00e4hrt. Du wirst sehen, wie praktisch es ist, hiermit im Handumdrehen alles griffbereit zu haben, statt aus einem Koffer zu leben. Im kleinen Schlafzimmer stehen dir zus\u00e4tzlich Kleiderstangen zur Verf\u00fcgung, w\u00e4hrend im gr\u00f6\u00dferen Schlafzimmer praktische Wandhaken bereitstehen.<\/p>\n<p style=\"text-align: left;\">\n<\/div><div class=\"fusion-image-element\" style=\"text-align:center;--awb-margin-top:2rem;--awb-margin-bottom:2rem;--awb-caption-title-font-family:var(--h2_typography-font-family);--awb-caption-title-font-weight:var(--h2_typography-font-weight);--awb-caption-title-font-style:var(--h2_typography-font-style);--awb-caption-title-size:var(--h2_typography-font-size);--awb-caption-title-transform:var(--h2_typography-text-transform);--awb-caption-title-line-height:var(--h2_typography-line-height);--awb-caption-title-letter-spacing:var(--h2_typography-letter-spacing);\"><span class=\"fusion-imageframe imageframe-none imageframe-18 hover-type-none\" style=\"border-radius:12px;\"><img decoding=\"async\" width=\"1024\" height=\"576\" src=\"https:\/\/palazzovetrano.it\/wp-content\/uploads\/2023\/10\/IMG_7960-scaled.jpg\" data-orig-src=\"https:\/\/palazzovetrano.it\/wp-content\/uploads\/2023\/10\/IMG_7960-1024x576.jpg\" alt class=\"lazyload img-responsive wp-image-1531\" srcset=\"data:image\/svg+xml,%3Csvg%20xmlns%3D%27http%3A%2F%2Fwww.w3.org%2F2000%2Fsvg%27%20width%3D%272560%27%20height%3D%271440%27%20viewBox%3D%270%200%202560%201440%27%3E%3Crect%20width%3D%272560%27%20height%3D%271440%27%20fill-opacity%3D%220%22%2F%3E%3C%2Fsvg%3E\" data-srcset=\"https:\/\/palazzovetrano.it\/wp-content\/uploads\/2023\/10\/IMG_7960-200x113.jpg 200w, https:\/\/palazzovetrano.it\/wp-content\/uploads\/2023\/10\/IMG_7960-400x225.jpg 400w, https:\/\/palazzovetrano.it\/wp-content\/uploads\/2023\/10\/IMG_7960-600x338.jpg 600w, https:\/\/palazzovetrano.it\/wp-content\/uploads\/2023\/10\/IMG_7960-800x450.jpg 800w, https:\/\/palazzovetrano.it\/wp-content\/uploads\/2023\/10\/IMG_7960-1200x675.jpg 1200w\" data-sizes=\"auto\" data-orig-sizes=\"(max-width: 800px) 100vw, 800px\" \/><\/span><\/div><div class=\"fusion-text fusion-text-25\"><p style=\"text-align: left;\">\u00dcbrigens, durch das gr\u00f6\u00dfere der beiden Schlafzimmer betrittst du die Wohnung. Aber das wusstest du ja bereits. Die Klappl\u00e4den, die f\u00fcr Verdunkelung sorgen, lassen sich im kleinen Schlafzimmer nur von innen \u00f6ffnen. In K\u00fcche und Bad sind zu Beschattung innen zus\u00e4tzlich Klappl\u00e4den vorhanden.<\/p>\n<p style=\"text-align: left;\">Das Fenster im gro\u00dfen Schlafzimmer wird \u00fcber eine Jalousette verdunkelt. Bei Bedarf kannst Du die Dachfl\u00e4chenfenster \u00fcber ein zus\u00e4tzliches Plissee beschatten. Der hierf\u00fcr notwendige Teleskopstange sollte im gro\u00dfen Schlafzimmer neben dem Spind zu finden sein. Mit diesem kannst Du die Dachfl\u00e4chenfenster ebenfalls \u00f6ffnen und schlie\u00dfen.<\/p>\n<\/div><div class=\"fusion-image-element\" style=\"text-align:center;--awb-margin-top:2rem;--awb-margin-bottom:2rem;--awb-caption-title-font-family:var(--h2_typography-font-family);--awb-caption-title-font-weight:var(--h2_typography-font-weight);--awb-caption-title-font-style:var(--h2_typography-font-style);--awb-caption-title-size:var(--h2_typography-font-size);--awb-caption-title-transform:var(--h2_typography-text-transform);--awb-caption-title-line-height:var(--h2_typography-line-height);--awb-caption-title-letter-spacing:var(--h2_typography-letter-spacing);\"><span class=\"fusion-imageframe imageframe-none imageframe-19 hover-type-none\" style=\"border-radius:12px;\"><img decoding=\"async\" width=\"1024\" height=\"683\" src=\"data:image\/svg+xml,%3Csvg%20xmlns%3D%27http%3A%2F%2Fwww.w3.org%2F2000%2Fsvg%27%20width%3D%272560%27%20height%3D%271707%27%20viewBox%3D%270%200%202560%201707%27%3E%3Crect%20width%3D%272560%27%20height%3D%271707%27%20fill-opacity%3D%220%22%2F%3E%3C%2Fsvg%3E\" data-orig-src=\"https:\/\/palazzovetrano.it\/wp-content\/uploads\/2023\/06\/26-Schlafen-1-Palermo-Blu-Centro-Storico-Ballaro-Pallazzo-Vertrano-Casa-Vacanza-00004-1-1024x683.jpg\" alt class=\"lazyload img-responsive wp-image-979\"\/><\/span><\/div><div class=\"fusion-text fusion-text-26\"><p style=\"text-align: left;\">Im gr\u00f6\u00dferen der beiden Schlafzimmer findest du einen klassischen Arztschreibtisch. Die Schreibmaschinen, die dort stehen, dienen eher dekorativen Zwecken und haben schon einige Jahre auf dem Buckel.<\/p>\n<p style=\"text-align: left;\">Eines dieser Olivetti-Modelle hat es sogar bis ins MOMA, das Museum of Modern Art in New York, geschafft. Ein echter Designklassiker. Lass uns sie so bewahren, wie sie sind. Danke!<\/p>\n<\/div><div class=\"fusion-image-element\" style=\"text-align:center;--awb-margin-top:2rem;--awb-margin-bottom:2rem;--awb-caption-title-font-family:var(--h2_typography-font-family);--awb-caption-title-font-weight:var(--h2_typography-font-weight);--awb-caption-title-font-style:var(--h2_typography-font-style);--awb-caption-title-size:var(--h2_typography-font-size);--awb-caption-title-transform:var(--h2_typography-text-transform);--awb-caption-title-line-height:var(--h2_typography-line-height);--awb-caption-title-letter-spacing:var(--h2_typography-letter-spacing);\"><span class=\"fusion-imageframe imageframe-none imageframe-20 hover-type-none\" style=\"border-radius:12px;\"><img decoding=\"async\" width=\"1024\" height=\"683\" src=\"https:\/\/palazzovetrano.it\/wp-content\/uploads\/2023\/06\/31-Schlafen-1-Details-Palermo-Blu-Centro-Storico-Ballaro-Pallazzo-Vertrano-Casa-Vacanza-00003-1024x683-1.jpg\" data-orig-src=\"https:\/\/palazzovetrano.it\/wp-content\/uploads\/2023\/06\/31-Schlafen-1-Details-Palermo-Blu-Centro-Storico-Ballaro-Pallazzo-Vertrano-Casa-Vacanza-00003-1024x683-1.jpg\" alt class=\"lazyload img-responsive wp-image-1029\" srcset=\"data:image\/svg+xml,%3Csvg%20xmlns%3D%27http%3A%2F%2Fwww.w3.org%2F2000%2Fsvg%27%20width%3D%271024%27%20height%3D%27683%27%20viewBox%3D%270%200%201024%20683%27%3E%3Crect%20width%3D%271024%27%20height%3D%27683%27%20fill-opacity%3D%220%22%2F%3E%3C%2Fsvg%3E\" data-srcset=\"https:\/\/palazzovetrano.it\/wp-content\/uploads\/2023\/06\/31-Schlafen-1-Details-Palermo-Blu-Centro-Storico-Ballaro-Pallazzo-Vertrano-Casa-Vacanza-00003-1024x683-1-200x133.jpg 200w, https:\/\/palazzovetrano.it\/wp-content\/uploads\/2023\/06\/31-Schlafen-1-Details-Palermo-Blu-Centro-Storico-Ballaro-Pallazzo-Vertrano-Casa-Vacanza-00003-1024x683-1-400x267.jpg 400w, https:\/\/palazzovetrano.it\/wp-content\/uploads\/2023\/06\/31-Schlafen-1-Details-Palermo-Blu-Centro-Storico-Ballaro-Pallazzo-Vertrano-Casa-Vacanza-00003-1024x683-1-600x400.jpg 600w, https:\/\/palazzovetrano.it\/wp-content\/uploads\/2023\/06\/31-Schlafen-1-Details-Palermo-Blu-Centro-Storico-Ballaro-Pallazzo-Vertrano-Casa-Vacanza-00003-1024x683-1-800x534.jpg 800w, https:\/\/palazzovetrano.it\/wp-content\/uploads\/2023\/06\/31-Schlafen-1-Details-Palermo-Blu-Centro-Storico-Ballaro-Pallazzo-Vertrano-Casa-Vacanza-00003-1024x683-1.jpg 1024w\" data-sizes=\"auto\" data-orig-sizes=\"(max-width: 800px) 100vw, 800px\" \/><\/span><\/div><div class=\"fusion-text fusion-text-27\"><p style=\"text-align: left;\">Im kleineren Zimmer erwartet dich zus\u00e4tzlich zum Spind eine Kommode mit Schubladen. Im oberen Teil findest du auch dein Smart TV.<\/p>\n<\/div><div class=\"fusion-text fusion-text-28\" style=\"--awb-content-alignment:left;\"><h2 class=\"fusion-responsive-typography-calculated\" style=\"text-align: center; --fontsize: 33; line-height: 1.3;\" data-fontsize=\"33\" data-lineheight=\"42.9px\"><\/h2>\n<h2 class=\"fusion-responsive-typography-calculated\" style=\"text-align: center; --fontsize: 33; line-height: 1.3;\" data-fontsize=\"33\" data-lineheight=\"42.9px\">Entertainment &amp; Mehr<\/h2>\n<blockquote style=\"text-align: center;\">\n<p>&#8222;Entertainment is the art of giving people what they want before they know they want it.&#8220; &#8211; Steve Jobs<\/p>\n<\/blockquote>\n<p style=\"text-align: left;\">F\u00fcr Unterhaltung ist gesorgt! Genie\u00dfe den Smart-TV mit Streaming-Diensten wie prime video \u2013 NETFLIX, YouTube, appleTV, Disney, Zattoo. Du kannst diese \u00fcber Deinen pers\u00f6nlichen Account schauen. Bild\u00fcbertragung per Screen Mirroring auf den Fernseher ist ebenfalls m\u00f6glich.<\/p>\n<p style=\"text-align: left;\">Wenn du lieber in die Welt der B\u00fccher eintauchen m\u00f6chtest, findest du auch Lesematerial, einige Reisef\u00fchrer zu Sizilien und Palermo, sowie etliche Bildb\u00e4nde. F\u00fcr einen gemeinsamen Spieleabende stehen zus\u00e4tzlich Gesellschaftsspiele bereit. Im Badezimmer erwartet dich sogar ein Bluetooth-Lautsprecher, damit du deine Lieblingsmusik auch unter der Dusche genie\u00dfen kannst.<\/p>\n<p style=\"text-align: left;\">Alles zu langweilig? Dann raus aus der Wohnung und rein in die Stadt. Denn in Palermo kannst du eine Vielzahl von unterhaltsamen Aktivit\u00e4ten erleben, die diese Stadt so bekannt machen &#8211; von mitrei\u00dfenden Stra\u00dfenfesten und traditionellen Musikdarbietungen bis hin zu atemberaubenden Theatervorstellungen und lebendigen Kunstausstellungen. Tauche ein in das pulsierende Entertainment dieser charmanten Stadt und lass dich von ihrer einzigartigen Energie mitrei\u00dfen.<\/p>\n<\/div><div class=\"fusion-text fusion-text-29\"><h2 class=\"fusion-responsive-typography-calculated\" style=\"text-align: center; --fontsize: 33; line-height: 1.3;\" data-fontsize=\"33\" data-lineheight=\"42.9px\"><\/h2>\n<h2 class=\"fusion-responsive-typography-calculated\" style=\"text-align: center; --fontsize: 33; line-height: 1.3;\" data-fontsize=\"33\" data-lineheight=\"42.9px\">Diele<\/h2>\n<p style=\"text-align: left;\">In der Diele erwartet dich eine typisch sizilianische Holzbank mit Truhe &#8211; ein echtes St\u00fcck Palermo f\u00fcr dich! Hier findest du auch Kissen, die du gerne auf der Terrasse nutzen kannst. Damit sie trotz Sonne lange halten, w\u00e4re es super, wenn du sie nach der Nutzung wieder hier einsortierst. Vielen Dank!<\/p>\n<\/div><div class=\"fusion-image-element\" style=\"text-align:center;--awb-margin-top:2rem;--awb-margin-bottom:2rem;--awb-caption-title-font-family:var(--h2_typography-font-family);--awb-caption-title-font-weight:var(--h2_typography-font-weight);--awb-caption-title-font-style:var(--h2_typography-font-style);--awb-caption-title-size:var(--h2_typography-font-size);--awb-caption-title-transform:var(--h2_typography-text-transform);--awb-caption-title-line-height:var(--h2_typography-line-height);--awb-caption-title-letter-spacing:var(--h2_typography-letter-spacing);\"><span class=\"fusion-imageframe imageframe-none imageframe-21 hover-type-none\" style=\"border-radius:12px;\"><img decoding=\"async\" width=\"1024\" height=\"683\" src=\"https:\/\/palazzovetrano.it\/wp-content\/uploads\/2023\/06\/8-Diele-Palermo-Blu-Centro-Storico-Ballaro-Pallazzo-Vertrano-Casa-Vacanza-00006-1-1024x683-1.jpg\" data-orig-src=\"https:\/\/palazzovetrano.it\/wp-content\/uploads\/2023\/06\/8-Diele-Palermo-Blu-Centro-Storico-Ballaro-Pallazzo-Vertrano-Casa-Vacanza-00006-1-1024x683-1.jpg\" alt class=\"lazyload img-responsive wp-image-1027\" srcset=\"data:image\/svg+xml,%3Csvg%20xmlns%3D%27http%3A%2F%2Fwww.w3.org%2F2000%2Fsvg%27%20width%3D%271024%27%20height%3D%27683%27%20viewBox%3D%270%200%201024%20683%27%3E%3Crect%20width%3D%271024%27%20height%3D%27683%27%20fill-opacity%3D%220%22%2F%3E%3C%2Fsvg%3E\" data-srcset=\"https:\/\/palazzovetrano.it\/wp-content\/uploads\/2023\/06\/8-Diele-Palermo-Blu-Centro-Storico-Ballaro-Pallazzo-Vertrano-Casa-Vacanza-00006-1-1024x683-1-200x133.jpg 200w, https:\/\/palazzovetrano.it\/wp-content\/uploads\/2023\/06\/8-Diele-Palermo-Blu-Centro-Storico-Ballaro-Pallazzo-Vertrano-Casa-Vacanza-00006-1-1024x683-1-400x267.jpg 400w, https:\/\/palazzovetrano.it\/wp-content\/uploads\/2023\/06\/8-Diele-Palermo-Blu-Centro-Storico-Ballaro-Pallazzo-Vertrano-Casa-Vacanza-00006-1-1024x683-1-600x400.jpg 600w, https:\/\/palazzovetrano.it\/wp-content\/uploads\/2023\/06\/8-Diele-Palermo-Blu-Centro-Storico-Ballaro-Pallazzo-Vertrano-Casa-Vacanza-00006-1-1024x683-1-800x534.jpg 800w, https:\/\/palazzovetrano.it\/wp-content\/uploads\/2023\/06\/8-Diele-Palermo-Blu-Centro-Storico-Ballaro-Pallazzo-Vertrano-Casa-Vacanza-00006-1-1024x683-1.jpg 1024w\" data-sizes=\"auto\" data-orig-sizes=\"(max-width: 800px) 100vw, 800px\" \/><\/span><\/div><div class=\"fusion-text fusion-text-30\"><h2 class=\"fusion-responsive-typography-calculated\" style=\"text-align: center; --fontsize: 33; line-height: 1.3;\" data-fontsize=\"33\" data-lineheight=\"42.9px\"><\/h2>\n<h2 class=\"fusion-responsive-typography-calculated\" style=\"text-align: center; --fontsize: 33; line-height: 1.3;\" data-fontsize=\"33\" data-lineheight=\"42.9px\">Badezimmer<\/h2>\n<p style=\"text-align: left;\">Das Badezimmer ist mit einer Dusche, einem Bidet, einem F\u00f6hn und Reinigungsprodukten ausgestattet. Neben dem Handtuchheizk\u00f6rper seht eine Holzleiter zur Verf\u00fcgung um Hand- und Badet\u00fccher zu trocknen.<\/p>\n<blockquote style=\"text-align: center;\">\n<p>\u201eIch habe die besten Gesangseinlagen meines Lebens unter der Dusche oder beim Karaoke erlebt.&#8220; \u2013 Beyonc\u00e9<\/p>\n<\/blockquote>\n<p style=\"text-align: left;\">Vergiss die Bluetooth Box nicht. Hier kannst du beides haben, Gesangseinlagen unter der Dusche und Karaoke.<\/p>\n<p style=\"text-align: left;\">\n<\/div><div class=\"fusion-image-element\" style=\"text-align:center;--awb-caption-title-font-family:var(--h2_typography-font-family);--awb-caption-title-font-weight:var(--h2_typography-font-weight);--awb-caption-title-font-style:var(--h2_typography-font-style);--awb-caption-title-size:var(--h2_typography-font-size);--awb-caption-title-transform:var(--h2_typography-text-transform);--awb-caption-title-line-height:var(--h2_typography-line-height);--awb-caption-title-letter-spacing:var(--h2_typography-letter-spacing);\"><span class=\"fusion-imageframe imageframe-none imageframe-22 hover-type-none\" style=\"border-radius:12px;\"><img decoding=\"async\" width=\"1024\" height=\"683\" src=\"https:\/\/palazzovetrano.it\/wp-content\/uploads\/2023\/06\/25-Bad-Palermo-Blu-Centro-Storico-Ballaro-Pallazzo-Vertrano-Casa-Vacanza-00003-1024x683-1.jpg\" data-orig-src=\"https:\/\/palazzovetrano.it\/wp-content\/uploads\/2023\/06\/25-Bad-Palermo-Blu-Centro-Storico-Ballaro-Pallazzo-Vertrano-Casa-Vacanza-00003-1024x683-1.jpg\" alt class=\"lazyload img-responsive wp-image-1030\" srcset=\"data:image\/svg+xml,%3Csvg%20xmlns%3D%27http%3A%2F%2Fwww.w3.org%2F2000%2Fsvg%27%20width%3D%271024%27%20height%3D%27683%27%20viewBox%3D%270%200%201024%20683%27%3E%3Crect%20width%3D%271024%27%20height%3D%27683%27%20fill-opacity%3D%220%22%2F%3E%3C%2Fsvg%3E\" data-srcset=\"https:\/\/palazzovetrano.it\/wp-content\/uploads\/2023\/06\/25-Bad-Palermo-Blu-Centro-Storico-Ballaro-Pallazzo-Vertrano-Casa-Vacanza-00003-1024x683-1-200x133.jpg 200w, https:\/\/palazzovetrano.it\/wp-content\/uploads\/2023\/06\/25-Bad-Palermo-Blu-Centro-Storico-Ballaro-Pallazzo-Vertrano-Casa-Vacanza-00003-1024x683-1-400x267.jpg 400w, https:\/\/palazzovetrano.it\/wp-content\/uploads\/2023\/06\/25-Bad-Palermo-Blu-Centro-Storico-Ballaro-Pallazzo-Vertrano-Casa-Vacanza-00003-1024x683-1-600x400.jpg 600w, https:\/\/palazzovetrano.it\/wp-content\/uploads\/2023\/06\/25-Bad-Palermo-Blu-Centro-Storico-Ballaro-Pallazzo-Vertrano-Casa-Vacanza-00003-1024x683-1-800x534.jpg 800w, https:\/\/palazzovetrano.it\/wp-content\/uploads\/2023\/06\/25-Bad-Palermo-Blu-Centro-Storico-Ballaro-Pallazzo-Vertrano-Casa-Vacanza-00003-1024x683-1.jpg 1024w\" data-sizes=\"auto\" data-orig-sizes=\"(max-width: 800px) 100vw, 800px\" \/><\/span><\/div><div class=\"fusion-text fusion-text-31\"><h2 class=\"fusion-responsive-typography-calculated\" style=\"text-align: center; --fontsize: 33; line-height: 1.3;\" data-fontsize=\"33\" data-lineheight=\"42.9px\"><\/h2>\n<h2 class=\"fusion-responsive-typography-calculated\" style=\"text-align: center; --fontsize: 33; line-height: 1.3;\" data-fontsize=\"33\" data-lineheight=\"42.9px\">Sicherheit<\/h2>\n<p style=\"text-align: left;\">Wir m\u00f6chten sicherstellen, dass du dich rundum wohl und sicher f\u00fchlst, und dazu haben wir gute Nachrichten: Du hast bereits den wichtigsten Beitrag geleistet, in dem du Palermo als Reiseziel gew\u00e4hlt hast. Denn Palermo gilt als die sicherste Stadt Italiens. Dies bedeutet nat\u00fcrlich nicht, dass es hier keinerlei Kriminalit\u00e4t gibt. Als Gro\u00dfstadt zieht Palermo im Sommer neben Touristen leider auch Taschendiebe an. Aus diesem Grund empfehlen wir, die \u00fcblichen Sicherheitsma\u00dfnahmen zu beachten.<\/p>\n<p style=\"text-align: left;\">Dar\u00fcber hinaus bieten wir dir eine Vielzahl an Annehmlichkeiten und Sicherheitsvorkehrungen:<\/p>\n<p style=\"text-align: left;\">Deine Sicherheit liegt uns am Herzen. Im Hausflur und vor der Haust\u00fcr ist eine Kamera\u00fcberwachung installiert, um ein wachsames Auge auf das Geschehen zu haben. Das Apartment ist mit einer Urmet Video-Sprechanlage ausgestattet. Du entscheidest, wer drau\u00dfen bleiben soll.<\/p>\n<p style=\"text-align: left;\">In deinem Zimmer findest du einen Burg W\u00e4chter Hotel-Safe, damit du deine Wertsachen sicher aufbewahren kannst. Dieser bietet einen erh\u00f6hten Aufbruch- und Aufbohrschutz, sowie ausreichend Platz f\u00fcr Bargeld, wichtige Reisedokumente und vieles mehr. Das Schloss des Tresors ist elektronisch. Aufgrund dessen ist das \u00d6ffnen und Schlie\u00dfen sehr praktisch.<\/p>\n<\/div><div class=\"fusion-image-element\" style=\"text-align:center;--awb-caption-title-font-family:var(--h2_typography-font-family);--awb-caption-title-font-weight:var(--h2_typography-font-weight);--awb-caption-title-font-style:var(--h2_typography-font-style);--awb-caption-title-size:var(--h2_typography-font-size);--awb-caption-title-transform:var(--h2_typography-text-transform);--awb-caption-title-line-height:var(--h2_typography-line-height);--awb-caption-title-letter-spacing:var(--h2_typography-letter-spacing);\"><span class=\"fusion-imageframe imageframe-none imageframe-23 hover-type-none\" style=\"border-radius:12px;\"><img decoding=\"async\" width=\"1024\" height=\"453\" src=\"https:\/\/palazzovetrano.it\/wp-content\/uploads\/2023\/10\/Safe-1.png\" data-orig-src=\"https:\/\/palazzovetrano.it\/wp-content\/uploads\/2023\/10\/Safe-1-1024x453.png\" alt class=\"lazyload img-responsive wp-image-1336\" srcset=\"data:image\/svg+xml,%3Csvg%20xmlns%3D%27http%3A%2F%2Fwww.w3.org%2F2000%2Fsvg%27%20width%3D%271500%27%20height%3D%27664%27%20viewBox%3D%270%200%201500%20664%27%3E%3Crect%20width%3D%271500%27%20height%3D%27664%27%20fill-opacity%3D%220%22%2F%3E%3C%2Fsvg%3E\" data-srcset=\"https:\/\/palazzovetrano.it\/wp-content\/uploads\/2023\/10\/Safe-1-200x89.png 200w, https:\/\/palazzovetrano.it\/wp-content\/uploads\/2023\/10\/Safe-1-400x177.png 400w, https:\/\/palazzovetrano.it\/wp-content\/uploads\/2023\/10\/Safe-1-600x266.png 600w, https:\/\/palazzovetrano.it\/wp-content\/uploads\/2023\/10\/Safe-1-800x354.png 800w, https:\/\/palazzovetrano.it\/wp-content\/uploads\/2023\/10\/Safe-1-1200x531.png 1200w, https:\/\/palazzovetrano.it\/wp-content\/uploads\/2023\/10\/Safe-1.png 1500w\" data-sizes=\"auto\" data-orig-sizes=\"(max-width: 800px) 100vw, 800px\" \/><\/span><\/div><div class=\"fusion-text fusion-text-32\"><h2 class=\"fusion-responsive-typography-calculated\" style=\"text-align: center; --fontsize: 33; line-height: 1.3;\" data-fontsize=\"33\" data-lineheight=\"42.9px\"><\/h2>\n<p style=\"text-align: left;\">F\u00fcr den Schutz vor Gefahren haben wir Rauch- und Kohlenmonoxidmelder installiert. Feuerl\u00f6scher, sowie Feuerl\u00f6schdecke sind ebenfalls vorhanden. So sollte alles safe sein.<\/p>\n<p style=\"text-align: left;\">Im Falle von Verletzungen steht dir ein Erste-Hilfe-Set zur Verf\u00fcgung.<\/p>\n<p style=\"text-align: left;\">Der zentrale Stromschalter dient nicht nur der Nachhaltigkeit, sondern bietet Dir auch die Sicherheit, dass Du Dir keine Gedanken dar\u00fcber machen brauchst, ob Du den Herd oder das B\u00fcgeleisen angelassen hast. Und keine Sorge, im K\u00fchlschrank wird dennoch alles gek\u00fchlt.<\/p>\n<p style=\"text-align: left;\">\n<\/div><div class=\"fusion-image-element\" style=\"text-align:center;--awb-caption-title-font-family:var(--h2_typography-font-family);--awb-caption-title-font-weight:var(--h2_typography-font-weight);--awb-caption-title-font-style:var(--h2_typography-font-style);--awb-caption-title-size:var(--h2_typography-font-size);--awb-caption-title-transform:var(--h2_typography-text-transform);--awb-caption-title-line-height:var(--h2_typography-line-height);--awb-caption-title-letter-spacing:var(--h2_typography-letter-spacing);\"><span class=\"fusion-imageframe imageframe-none imageframe-24 hover-type-none\" style=\"border-radius:12px;\"><img decoding=\"async\" width=\"1024\" height=\"576\" src=\"https:\/\/palazzovetrano.it\/wp-content\/uploads\/2023\/10\/IMG_6688-scaled.jpg\" data-orig-src=\"https:\/\/palazzovetrano.it\/wp-content\/uploads\/2023\/10\/IMG_6688-1024x576.jpg\" alt class=\"lazyload img-responsive wp-image-1223\" srcset=\"data:image\/svg+xml,%3Csvg%20xmlns%3D%27http%3A%2F%2Fwww.w3.org%2F2000%2Fsvg%27%20width%3D%272560%27%20height%3D%271440%27%20viewBox%3D%270%200%202560%201440%27%3E%3Crect%20width%3D%272560%27%20height%3D%271440%27%20fill-opacity%3D%220%22%2F%3E%3C%2Fsvg%3E\" data-srcset=\"https:\/\/palazzovetrano.it\/wp-content\/uploads\/2023\/10\/IMG_6688-200x113.jpg 200w, https:\/\/palazzovetrano.it\/wp-content\/uploads\/2023\/10\/IMG_6688-400x225.jpg 400w, https:\/\/palazzovetrano.it\/wp-content\/uploads\/2023\/10\/IMG_6688-600x338.jpg 600w, https:\/\/palazzovetrano.it\/wp-content\/uploads\/2023\/10\/IMG_6688-800x450.jpg 800w, https:\/\/palazzovetrano.it\/wp-content\/uploads\/2023\/10\/IMG_6688-1200x675.jpg 1200w\" data-sizes=\"auto\" data-orig-sizes=\"(max-width: 800px) 100vw, 800px\" \/><\/span><\/div><div class=\"fusion-text fusion-text-33\"><h3 class=\"fusion-responsive-typography-calculated\" style=\"text-align: center; --fontsize: 28; line-height: 1.3;\" data-fontsize=\"28\" data-lineheight=\"36.4px\"><\/h3>\n<h3 class=\"fusion-responsive-typography-calculated\" style=\"text-align: center; --fontsize: 28; line-height: 1.3;\" data-fontsize=\"28\" data-lineheight=\"36.4px\">Sicherheitsvorkehrungen: Wo finde ich was?<\/h3>\n<p style=\"text-align: left;\"><b>Das Erste-Hilfe-Set<\/b> befindet sich in einer gut erkennbaren roten Box mit einem wei\u00dfen Kreuz. Du findest es im gro\u00dfen Schlafzimmer auf dem Spind.<\/p>\n<p style=\"text-align: left;\"><b>Der Feuerl\u00f6scher<\/b> h\u00e4ngt direkt rechts daneben an einem Haken, neben dem Heizk\u00f6rper. Im Notfall einfach abziehen und l\u00f6schen.<\/p>\n<p style=\"text-align: left;\"><b>Die L\u00f6schdecke <\/b>befindet sich in der K\u00fcche, neben der K\u00fcchenzeile auf der linken Seite. Die L\u00f6schdecke ist in der obersten Schublade des rechten Elements, des hellblauen \u00c4rzteschranks. Diese ist ebenfalls mit einem Haken versehen. Wenn du m\u00f6chtest, kannst du sie auch direkt am Schrank aufh\u00e4ngen, wie auf dem Bild zu sehen.<\/p>\n<\/div><div class=\"fusion-text fusion-text-34\"><h3 class=\"fusion-responsive-typography-calculated\" style=\"text-align: center; --fontsize: 28; line-height: 1.3;\" data-fontsize=\"28\" data-lineheight=\"36.4px\">Wasser &amp; Strom<\/h3>\n<p style=\"text-align: left;\">Sowohl das Strom- als auch das Wassernetz in Palermo sind au\u00dferordentlich stabil. Insbesondere f\u00fcr eine Stadt des S\u00fcdens.<\/p>\n<p style=\"text-align: left;\">Das Leitungswasser wird nicht nur nach EU-Richtlinien in regelm\u00e4\u00dfigen Abst\u00e4nden getestet. Wir finden den Geschmack au\u00dfergew\u00f6hnlich gut. Deshalb nutzen wir es als Trinkwasser. So sparen wir dir und uns das unn\u00f6tige Tragen von Flaschen. Den Hinweis, dass es sich um wertvolles Trinkwasser handelt, was man sparen sollte, k\u00f6nnen wir uns sparen oder?<\/p>\n<p style=\"text-align: left;\">PS: Vergiss Deine Trinkflasche nicht! Denn in Palermo wird es ab und zu hei\u00df. Dann ist man dankbar nicht lange \u00fcberlegen zu m\u00fcssen, wo man etwas trinken kann. Wenn es noch hei\u00dfer wird, empfehlen wir eine leckere Granita al Limone, welche es \u00fcberall in Palermo gibt. Lecker und herzhaft erfrischend.<\/p>\n<\/div><div class=\"fusion-image-element\" style=\"text-align:center;--awb-caption-title-font-family:var(--h2_typography-font-family);--awb-caption-title-font-weight:var(--h2_typography-font-weight);--awb-caption-title-font-style:var(--h2_typography-font-style);--awb-caption-title-size:var(--h2_typography-font-size);--awb-caption-title-transform:var(--h2_typography-text-transform);--awb-caption-title-line-height:var(--h2_typography-line-height);--awb-caption-title-letter-spacing:var(--h2_typography-letter-spacing);\"><span class=\"fusion-imageframe imageframe-none imageframe-25 hover-type-none\" style=\"border-radius:12px;\"><img decoding=\"async\" width=\"1024\" height=\"576\" alt=\"\u53ef\u6301\u7eed\u65c5\u884c\u8fd8\u610f\u5473\u7740\u907f\u514d\u6d6a\u8d39\u3002\u5e72\u51c0\u7684\u996e\u7528\u6c34\u8ba9\u60a8\u8fdc\u79bb\u5851\u6599\u5783\u573e\u3002\" title=\"I\" src=\"data:image\/svg+xml,%3Csvg%20xmlns%3D%27http%3A%2F%2Fwww.w3.org%2F2000%2Fsvg%27%20width%3D%272560%27%20height%3D%271440%27%20viewBox%3D%270%200%202560%201440%27%3E%3Crect%20width%3D%272560%27%20height%3D%271440%27%20fill-opacity%3D%220%22%2F%3E%3C%2Fsvg%3E\" data-orig-src=\"https:\/\/palazzovetrano.it\/wp-content\/uploads\/2023\/10\/IMG_6838-1-1024x576.jpg\" class=\"lazyload img-responsive wp-image-1460\"\/><\/span><\/div><div class=\"fusion-text fusion-text-35\"><p style=\"text-align: left;\">Dennoch kann es nat\u00fcrlich gelegentlich vorkommen, dass vor\u00fcbergehend kein Wasser oder Strom verf\u00fcgbar ist.<\/p>\n<h4 class=\"fusion-responsive-typography-calculated\" style=\"text-align: center; --fontsize: 25; line-height: 1.3; --minfontsize: 25;\" data-fontsize=\"25\" data-lineheight=\"32.5px\">Schutzschalter \/ Sicherungen<\/h4>\n<p style=\"text-align: left;\">Solltet ihr das Gef\u00fchl haben, dass kein Strom zur Verf\u00fcgung steht, empfehlen wir euch freundlich, zun\u00e4chst kurz zu \u00fcberpr\u00fcfen, ob der zentrale Stromschalter neben der Terrassent\u00fcr eingeschaltet ist.<\/p>\n<p style=\"text-align: left;\">Als n\u00e4chstes pr\u00fcf, wirf einen Blick auf den Sicherungskasten hinter der K\u00fcchent\u00fcre. Zuletzt k\u00f6nnt ihr noch die Hauptsicherung am Stromz\u00e4hler pr\u00fcfen. Diesen findet ihr im Technikraum, neben dem Treppenaufgang im Erdgeschoss. Die Wohnung ist anstelle der \u00fcblichen 3kW mit 6kW abgesichert. Doch wenn man Klimaanlage und F\u00f6hn oder Toaster, Backofen &amp; Co. gleichzeitig laufen l\u00e4sst, kommt da schnell was zusammen.<\/p>\n<p style=\"text-align: left;\">Sind alle Schutzschalter \/ Sicherungen oben?<\/p>\n<\/div><div class=\"fusion-image-element\" style=\"text-align:center;--awb-margin-top:2rem;--awb-margin-right:2rem;--awb-caption-title-font-family:var(--h2_typography-font-family);--awb-caption-title-font-weight:var(--h2_typography-font-weight);--awb-caption-title-font-style:var(--h2_typography-font-style);--awb-caption-title-size:var(--h2_typography-font-size);--awb-caption-title-transform:var(--h2_typography-text-transform);--awb-caption-title-line-height:var(--h2_typography-line-height);--awb-caption-title-letter-spacing:var(--h2_typography-letter-spacing);\"><span class=\"fusion-imageframe imageframe-none imageframe-26 hover-type-none\" style=\"border-radius:12px;\"><img decoding=\"async\" width=\"1024\" height=\"576\" src=\"https:\/\/palazzovetrano.it\/wp-content\/uploads\/2023\/10\/IMG_8034-scaled.jpg\" data-orig-src=\"https:\/\/palazzovetrano.it\/wp-content\/uploads\/2023\/10\/IMG_8034-1024x576.jpg\" alt class=\"lazyload img-responsive wp-image-1552\" srcset=\"data:image\/svg+xml,%3Csvg%20xmlns%3D%27http%3A%2F%2Fwww.w3.org%2F2000%2Fsvg%27%20width%3D%272560%27%20height%3D%271441%27%20viewBox%3D%270%200%202560%201441%27%3E%3Crect%20width%3D%272560%27%20height%3D%271441%27%20fill-opacity%3D%220%22%2F%3E%3C%2Fsvg%3E\" data-srcset=\"https:\/\/palazzovetrano.it\/wp-content\/uploads\/2023\/10\/IMG_8034-200x113.jpg 200w, https:\/\/palazzovetrano.it\/wp-content\/uploads\/2023\/10\/IMG_8034-400x225.jpg 400w, https:\/\/palazzovetrano.it\/wp-content\/uploads\/2023\/10\/IMG_8034-600x338.jpg 600w, https:\/\/palazzovetrano.it\/wp-content\/uploads\/2023\/10\/IMG_8034-800x450.jpg 800w, https:\/\/palazzovetrano.it\/wp-content\/uploads\/2023\/10\/IMG_8034-1200x676.jpg 1200w\" data-sizes=\"auto\" data-orig-sizes=\"(max-width: 800px) 100vw, 800px\" \/><\/span><\/div><div class=\"fusion-text fusion-text-36\"><h4 class=\"fusion-responsive-typography-calculated\" style=\"text-align: center; --fontsize: 25; line-height: 1.3; --minfontsize: 25;\" data-fontsize=\"25\" data-lineheight=\"32.5px\"><\/h4>\n<h4 class=\"fusion-responsive-typography-calculated\" style=\"text-align: center; --fontsize: 25; line-height: 1.3; --minfontsize: 25;\" data-fontsize=\"25\" data-lineheight=\"32.5px\">Havarie \/ Wasserschaden<\/h4>\n<p style=\"text-align: left;\">F\u00fcr den Fall einer Havarie, Wasserschaden innerhalb der Wohnung bitten wir euch, den Haupthahn <b>No. 6<\/b> umgehend abzusperren und Solemar Sicilia zu informieren. Der Haupthahn befindet sich im Treppenhaus, ein Absatz oberhalb der Eingangst\u00fcr zur Terrasse, direkt hinter der Metallklappe. Solemar Sicilia ist im Notfall erreichbar, um euch in solchen Situationen zu unterst\u00fctzen.<\/p>\n<p style=\"text-align: left;\">Wir m\u00f6chten betonen, dass solche Situationen praktisch nie vorkommen. Doch Leben ist das, was passiert, wenn man anderes plant. Deshalb informieren wir dennoch \u00fcber die entsprechenden Ma\u00dfnahmen, um euren Aufenthalt so angenehm und sicher wie m\u00f6glich zu gestalten.<\/p>\n<\/div><div class=\"fusion-image-element\" style=\"text-align:center;--awb-caption-title-font-family:var(--h2_typography-font-family);--awb-caption-title-font-weight:var(--h2_typography-font-weight);--awb-caption-title-font-style:var(--h2_typography-font-style);--awb-caption-title-size:var(--h2_typography-font-size);--awb-caption-title-transform:var(--h2_typography-text-transform);--awb-caption-title-line-height:var(--h2_typography-line-height);--awb-caption-title-letter-spacing:var(--h2_typography-letter-spacing);\"><span class=\"fusion-imageframe imageframe-none imageframe-27 hover-type-none\" style=\"border-radius:12px;\"><img decoding=\"async\" width=\"1024\" height=\"576\" src=\"https:\/\/palazzovetrano.it\/wp-content\/uploads\/2023\/10\/IMG_8038-scaled.jpg\" data-orig-src=\"https:\/\/palazzovetrano.it\/wp-content\/uploads\/2023\/10\/IMG_8038-1024x576.jpg\" alt class=\"lazyload img-responsive wp-image-1553\" srcset=\"data:image\/svg+xml,%3Csvg%20xmlns%3D%27http%3A%2F%2Fwww.w3.org%2F2000%2Fsvg%27%20width%3D%272560%27%20height%3D%271440%27%20viewBox%3D%270%200%202560%201440%27%3E%3Crect%20width%3D%272560%27%20height%3D%271440%27%20fill-opacity%3D%220%22%2F%3E%3C%2Fsvg%3E\" data-srcset=\"https:\/\/palazzovetrano.it\/wp-content\/uploads\/2023\/10\/IMG_8038-200x113.jpg 200w, https:\/\/palazzovetrano.it\/wp-content\/uploads\/2023\/10\/IMG_8038-400x225.jpg 400w, https:\/\/palazzovetrano.it\/wp-content\/uploads\/2023\/10\/IMG_8038-600x338.jpg 600w, https:\/\/palazzovetrano.it\/wp-content\/uploads\/2023\/10\/IMG_8038-800x450.jpg 800w, https:\/\/palazzovetrano.it\/wp-content\/uploads\/2023\/10\/IMG_8038-1200x675.jpg 1200w\" data-sizes=\"auto\" data-orig-sizes=\"(max-width: 800px) 100vw, 800px\" \/><\/span><\/div><div class=\"fusion-text fusion-text-37\"><h2 class=\"fusion-responsive-typography-calculated\" style=\"text-align: center; --fontsize: 33; line-height: 1.3;\" data-fontsize=\"33\" data-lineheight=\"42.9px\"><\/h2>\n<h2 class=\"fusion-responsive-typography-calculated\" style=\"text-align: center; --fontsize: 33; line-height: 1.3;\" data-fontsize=\"33\" data-lineheight=\"42.9px\">Notrufnummern Notfall<\/h2>\n<p style=\"text-align: left;\">In allen EU-L\u00e4ndern kann der Euro-Notruf 112 vom Handy oder Festnetz angerufen werden. Man muss keine Vorwahl w\u00e4hlen! Falls Du auf deinem Handy keinen Empfang hast: Aus- und wieder einschalten, statt der PIN die Notrufnummer 112 eingeben. Du wirst dann automatisch auf ein anderes Netz umgeleitet.<\/p>\n<h3 class=\"fusion-responsive-typography-calculated\" style=\"--fontsize: 28; line-height: 1.3; text-align: center;\" data-fontsize=\"28\" data-lineheight=\"36.4px\">Nationale Notrufnummern Italien<\/h3>\n<p style=\"text-align: left;\">Hier die Wichtigsten:<b><br \/>\n<\/b><\/p>\n<p style=\"text-align: left;\"><b>113<\/b> Polizei (Polizia di stato; Verkehrspolizei)<\/p>\n<p style=\"text-align: left;\"><b>114<\/b> Notsituationen von Kindern\/Jugendlichen (Emergenza infanzia)<\/p>\n<p style=\"text-align: left;\"><b>115<\/b> Feuerwehr (Vigili del fuoco)<\/p>\n<p style=\"text-align: left;\"><b>118<\/b> Notarzt, Rettungsdienst (Emergenza sanitaria)<\/p>\n<p style=\"text-align: left;\"><b>803116<\/b> Pannendienst ACI 24<\/p>\n<p style=\"text-align: left;\">Deine Sicherheit ist uns wichtig, und wir m\u00f6chten sicherstellen, dass du im Falle von Notf\u00e4llen bestens ger\u00fcstet bist. Z\u00f6gere nicht solemar sicilia zu kontaktieren, falls du weitere Fragen oder Anliegen hast. Diese erreichst Du unter: +39 091 956608<\/p>\n<\/div><div class=\"fusion-text fusion-text-38\"><h2 class=\"fusion-responsive-typography-calculated\" style=\"text-align: center; --fontsize: 33; line-height: 1.3;\" data-fontsize=\"33\" data-lineheight=\"42.9px\">Ordnung &amp; Sauberkeit<\/h2>\n<p style=\"text-align: left;\">Palermo ist relaxt. Dies gilt ebenso f\u00fcr die Kleidung. Man ist ja im S\u00fcden und nicht in Mailand. Ab und zu m\u00f6chte man es vielleicht dennoch weniger leger. Im Spind des gro\u00dfen Schlafzimmers findest Du ein B\u00fcgeleisen und direkt daneben ein kleines B\u00fcgelbrett.<\/p>\n<p style=\"text-align: left;\">Du magst Ordnung und Sauberkeit? Gerade bei l\u00e4ngeren Aufenthalten, m\u00f6chte man sicherlich zwischendurch einmal waschen, putzen oder staubsaugen. Die Waschmaschine hast Du ja bereits in der K\u00fcche entdeckt. Im kleinen Schlafzimmer unter dem Bett sollte sich der W\u00e4schest\u00e4nder befinden. Es w\u00e4re prima, wenn du ihn nach der Nutzung wieder hier verstaust. Staubsauger, Wischer sowie Reinigungsmittel befinden sich im kleinen Schlafzimmer, in der untersten Reihe des Spinds.<\/p>\n<\/div><div class=\"fusion-image-element\" style=\"--awb-margin-bottom:4rem;--awb-caption-title-font-family:var(--h2_typography-font-family);--awb-caption-title-font-weight:var(--h2_typography-font-weight);--awb-caption-title-font-style:var(--h2_typography-font-style);--awb-caption-title-size:var(--h2_typography-font-size);--awb-caption-title-transform:var(--h2_typography-text-transform);--awb-caption-title-line-height:var(--h2_typography-line-height);--awb-caption-title-letter-spacing:var(--h2_typography-letter-spacing);\"><span class=\"fusion-imageframe imageframe-none imageframe-28 hover-type-none\" style=\"border-radius:12px;\"><img decoding=\"async\" width=\"2560\" height=\"1440\" src=\"data:image\/svg+xml,%3Csvg%20xmlns%3D%27http%3A%2F%2Fwww.w3.org%2F2000%2Fsvg%27%20width%3D%272560%27%20height%3D%271440%27%20viewBox%3D%270%200%202560%201440%27%3E%3Crect%20width%3D%272560%27%20height%3D%271440%27%20fill-opacity%3D%220%22%2F%3E%3C%2Fsvg%3E\" data-orig-src=\"https:\/\/palazzovetrano.it\/wp-content\/uploads\/2023\/10\/IMG_6900-2-scaled.jpg\" alt class=\"lazyload img-responsive wp-image-1430\"\/><\/span><\/div><div class=\"fusion-text fusion-text-39\"><h2 class=\"fusion-responsive-typography-calculated\" style=\"text-align: center; --fontsize: 33; line-height: 1.3;\" data-fontsize=\"33\" data-lineheight=\"42.9px\">Relaxen &amp; Yoga<\/h2>\n<p style=\"text-align: left;\">Dir m\u00f6chtest lieber entspannen. Wir empfehlen H\u00e4ngematte oder Yoga. In jedem der beiden Zimmer solltest du eine XL Yogamatte vorfinden. Du m\u00f6chtest lieber ganz hoch hinaus? Dann versuch doch mal unser Kletterseil. Doch auch hier gilt auf eigene Verantwortung.<\/p>\n<p style=\"text-align: left;\">Die Boxhandschuh dienen mehr der Dekoration. &#8211; Wer will sich denn schlagen?<\/p>\n<blockquote style=\"text-align: center;\">\n<p><i>&#8222;Die gr\u00f6\u00dften Ereignisse, das sind nicht unsere lautesten, sondern unsere stillsten Stunden&#8220; &#8211; Dalai Lama<\/i><\/p>\n<\/blockquote>\n<p style=\"text-align: center;\">\n<\/div><div class=\"fusion-image-element\" style=\"text-align:center;--awb-caption-title-font-family:var(--h2_typography-font-family);--awb-caption-title-font-weight:var(--h2_typography-font-weight);--awb-caption-title-font-style:var(--h2_typography-font-style);--awb-caption-title-size:var(--h2_typography-font-size);--awb-caption-title-transform:var(--h2_typography-text-transform);--awb-caption-title-line-height:var(--h2_typography-line-height);--awb-caption-title-letter-spacing:var(--h2_typography-letter-spacing);\"><span class=\"fusion-imageframe imageframe-none imageframe-29 hover-type-none\" style=\"border-radius:12px;\"><img decoding=\"async\" width=\"1024\" height=\"496\" src=\"https:\/\/palazzovetrano.it\/wp-content\/uploads\/2023\/10\/Unbenannt-1.jpg\" data-orig-src=\"https:\/\/palazzovetrano.it\/wp-content\/uploads\/2023\/10\/Unbenannt-1-1024x496.jpg\" alt class=\"lazyload img-responsive wp-image-1427\" srcset=\"data:image\/svg+xml,%3Csvg%20xmlns%3D%27http%3A%2F%2Fwww.w3.org%2F2000%2Fsvg%27%20width%3D%272475%27%20height%3D%271200%27%20viewBox%3D%270%200%202475%201200%27%3E%3Crect%20width%3D%272475%27%20height%3D%271200%27%20fill-opacity%3D%220%22%2F%3E%3C%2Fsvg%3E\" data-srcset=\"https:\/\/palazzovetrano.it\/wp-content\/uploads\/2023\/10\/Unbenannt-1-200x97.jpg 200w, https:\/\/palazzovetrano.it\/wp-content\/uploads\/2023\/10\/Unbenannt-1-400x194.jpg 400w, https:\/\/palazzovetrano.it\/wp-content\/uploads\/2023\/10\/Unbenannt-1-600x291.jpg 600w, https:\/\/palazzovetrano.it\/wp-content\/uploads\/2023\/10\/Unbenannt-1-800x388.jpg 800w, https:\/\/palazzovetrano.it\/wp-content\/uploads\/2023\/10\/Unbenannt-1-1200x582.jpg 1200w\" data-sizes=\"auto\" data-orig-sizes=\"(max-width: 800px) 100vw, 800px\" \/><\/span><\/div><div class=\"fusion-text fusion-text-40\"><h2 class=\"fusion-responsive-typography-calculated\" style=\"text-align: center; --fontsize: 33; line-height: 1.3;\" data-fontsize=\"33\" data-lineheight=\"42.9px\"><\/h2>\n<h2 class=\"fusion-responsive-typography-calculated\" style=\"text-align: center; --fontsize: 33; line-height: 1.3;\" data-fontsize=\"33\" data-lineheight=\"42.9px\">Nachhaltigkeit<\/h2>\n<p style=\"text-align: left;\">Wir legen gro\u00dfen Wert auf Nachhaltigkeit und haben Ma\u00dfnahmen wie solare Stromerzeugung und -speicherung, W\u00e4rmepumpen f\u00fcr Heizung, Trocknung und K\u00fchlung, energieeffiziente LED-Beleuchtung, Trinkwasserversorgung, Plastikvermeidung, nachhaltige M\u00f6bel und Baumaterialien sowie einen bewussten Umgang mit Anreise, Transport und Essen ergriffen. Details hierzu findest Du in unserem Nachhaltigkeitsbericht.<\/p>\n<blockquote style=\"text-align: center;\">\n<p><i>\u201eWer nichts ver\u00e4ndern will, wird auch das verlieren, was er bewahren m\u00f6chte.\u201c \u2013 Gustav Heinemann<\/i><\/p>\n<\/blockquote>\n<p style=\"text-align: left;\"><span style=\"color: var(--awb-text-color); font-family: var(--awb-text-font-family); font-size: var(--awb-font-size); font-style: var(--awb-text-font-style); font-weight: var(--awb-text-font-weight); letter-spacing: var(--awb-letter-spacing); text-transform: var(--awb-text-transform); background-color: var(--awb-bg-color-hover);\"><strong>Genereller Hinweis:<\/strong> Bitte beachte, dass aus Gr\u00fcnden der Nachhaltigkeit der Strom in der Wohnung abgeschaltet wird, wenn du abwesend bist. Daher kann insbesondere Waschmaschine und Sp\u00fclmaschine nur w\u00e4hrend deiner Anwesenheit betrieben werden. Aus diesem Grund wurden extra leise Ger\u00e4te ausgew\u00e4hlt.<\/span><\/p>\n<p style=\"text-align: left;\">\n<\/div><div class=\"fusion-image-element\" style=\"text-align:center;--awb-margin-top:2rem;--awb-margin-bottom:2rem;--awb-caption-title-font-family:var(--h2_typography-font-family);--awb-caption-title-font-weight:var(--h2_typography-font-weight);--awb-caption-title-font-style:var(--h2_typography-font-style);--awb-caption-title-size:var(--h2_typography-font-size);--awb-caption-title-transform:var(--h2_typography-text-transform);--awb-caption-title-line-height:var(--h2_typography-line-height);--awb-caption-title-letter-spacing:var(--h2_typography-letter-spacing);\"><span class=\"fusion-imageframe imageframe-none imageframe-30 hover-type-none\" style=\"border-radius:12px;\"><img decoding=\"async\" width=\"1024\" height=\"682\" src=\"https:\/\/palazzovetrano.it\/wp-content\/uploads\/2023\/10\/69d5ed8c-8b3b-483a-a8ae-d5b294ebf6f4-2.jpg\" data-orig-src=\"https:\/\/palazzovetrano.it\/wp-content\/uploads\/2023\/10\/69d5ed8c-8b3b-483a-a8ae-d5b294ebf6f4-2-1024x682.jpg\" alt class=\"lazyload img-responsive wp-image-1225\" srcset=\"data:image\/svg+xml,%3Csvg%20xmlns%3D%27http%3A%2F%2Fwww.w3.org%2F2000%2Fsvg%27%20width%3D%271199%27%20height%3D%27799%27%20viewBox%3D%270%200%201199%20799%27%3E%3Crect%20width%3D%271199%27%20height%3D%27799%27%20fill-opacity%3D%220%22%2F%3E%3C%2Fsvg%3E\" data-srcset=\"https:\/\/palazzovetrano.it\/wp-content\/uploads\/2023\/10\/69d5ed8c-8b3b-483a-a8ae-d5b294ebf6f4-2-200x133.jpg 200w, https:\/\/palazzovetrano.it\/wp-content\/uploads\/2023\/10\/69d5ed8c-8b3b-483a-a8ae-d5b294ebf6f4-2-400x267.jpg 400w, https:\/\/palazzovetrano.it\/wp-content\/uploads\/2023\/10\/69d5ed8c-8b3b-483a-a8ae-d5b294ebf6f4-2-600x400.jpg 600w, https:\/\/palazzovetrano.it\/wp-content\/uploads\/2023\/10\/69d5ed8c-8b3b-483a-a8ae-d5b294ebf6f4-2-800x533.jpg 800w, https:\/\/palazzovetrano.it\/wp-content\/uploads\/2023\/10\/69d5ed8c-8b3b-483a-a8ae-d5b294ebf6f4-2.jpg 1199w\" data-sizes=\"auto\" data-orig-sizes=\"(max-width: 800px) 100vw, 800px\" \/><\/span><\/div><div class=\"fusion-text fusion-text-41\"><h2 class=\"fusion-responsive-typography-calculated\" style=\"text-align: center; --fontsize: 33; line-height: 1.3;\" data-fontsize=\"33\" data-lineheight=\"42.9px\"><\/h2>\n<h2 class=\"fusion-responsive-typography-calculated\" style=\"text-align: center; --fontsize: 33; line-height: 1.3;\" data-fontsize=\"33\" data-lineheight=\"42.9px\"><span style=\"background-color: var(--awb-bg-color-hover); color: var(--h2_typography-color); font-family: var(--h2_typography-font-family); font-size: var(--h2_typography-font-size); font-style: var(--h2_typography-font-style,normal); font-weight: var(--h2_typography-font-weight); letter-spacing: var(--h2_typography-letter-spacing); text-transform: var(--h2_typography-text-transform);\">Klimaanlage<\/span><\/h2>\n<p style=\"text-align: left;\">Unsere Quattro Split Klimaanlage ist ein echtes Multitalent! Sie kann nicht nur k\u00fchlen, sondern auch trocknen und heizen. Das Beste daran? Du musst in Richtung Nachhaltigkeit kein schlechtes Gewissen haben. Die integrierte W\u00e4rmepumpe der Klimaanlage wird auch in den \u00dcbergangszeiten mit Strom aus unserer Solaranlage samt Speicher betrieben. Die ebenfalls energieeffiziente Gasbrennwertanlage steht als Backup-L\u00f6sung bereit und wird nur im Winter genutzt.<\/p>\n<p style=\"text-align: left;\">Bedienung der Klimaanlage:\u2028Es stehen zwei Fernbedienungen zur Verf\u00fcgung, mit denen du die insgesamt 4 Inneneinheiten (Verdampfer) der Klimaanlage bedienen kannst. Neben dem Display befinden sich auf der Fernbedienung folgende Funktionstasten unterhalb des Displays:<\/p>\n<p style=\"text-align: left;\">Mit der <strong>&#8222;On\/Off&#8220;-Taste<\/strong> schaltest du die Klimaanlage ein und aus. So einfach kann es sein!<\/p>\n<p style=\"text-align: left;\">\n<\/div><div class=\"fusion-image-element\" style=\"text-align:center;--awb-caption-title-font-family:var(--h2_typography-font-family);--awb-caption-title-font-weight:var(--h2_typography-font-weight);--awb-caption-title-font-style:var(--h2_typography-font-style);--awb-caption-title-size:var(--h2_typography-font-size);--awb-caption-title-transform:var(--h2_typography-text-transform);--awb-caption-title-line-height:var(--h2_typography-line-height);--awb-caption-title-letter-spacing:var(--h2_typography-letter-spacing);\"><span class=\"fusion-imageframe imageframe-none imageframe-31 hover-type-none\" style=\"border-radius:12px;\"><img decoding=\"async\" width=\"1024\" height=\"683\" src=\"https:\/\/palazzovetrano.it\/wp-content\/uploads\/2023\/10\/Klima.jpg\" data-orig-src=\"https:\/\/palazzovetrano.it\/wp-content\/uploads\/2023\/10\/Klima-1024x683.jpg\" alt class=\"lazyload img-responsive wp-image-1346\" srcset=\"data:image\/svg+xml,%3Csvg%20xmlns%3D%27http%3A%2F%2Fwww.w3.org%2F2000%2Fsvg%27%20width%3D%272550%27%20height%3D%271700%27%20viewBox%3D%270%200%202550%201700%27%3E%3Crect%20width%3D%272550%27%20height%3D%271700%27%20fill-opacity%3D%220%22%2F%3E%3C%2Fsvg%3E\" data-srcset=\"https:\/\/palazzovetrano.it\/wp-content\/uploads\/2023\/10\/Klima-200x133.jpg 200w, https:\/\/palazzovetrano.it\/wp-content\/uploads\/2023\/10\/Klima-400x267.jpg 400w, https:\/\/palazzovetrano.it\/wp-content\/uploads\/2023\/10\/Klima-600x400.jpg 600w, https:\/\/palazzovetrano.it\/wp-content\/uploads\/2023\/10\/Klima-800x533.jpg 800w, https:\/\/palazzovetrano.it\/wp-content\/uploads\/2023\/10\/Klima-1200x800.jpg 1200w\" data-sizes=\"auto\" data-orig-sizes=\"(max-width: 800px) 100vw, 800px\" \/><\/span><\/div><div class=\"fusion-text fusion-text-42\"><h3 class=\"fusion-responsive-typography-calculated\" style=\"text-align: center;\" data-fontsize=\"28\" data-lineheight=\"36.4px\">Modus W\u00e4hlen:<\/h3>\n<p style=\"text-align: left;\">Nutze die &#8222;Mode&#8220;-Taste, um zwischen verschiedenen Einstellungen zu wechseln.<\/p>\n<p style=\"text-align: left;\">Im &#8222;Cool&#8220;-Modus k\u00fchlt die Klimaanlage den Raum angenehm herunter.<\/p>\n<p style=\"text-align: left;\">Im &#8222;Dry&#8220;-Modus reduziert sie die Raumfeuchtigkeit.<\/p>\n<p style=\"text-align: left;\">Und im &#8222;Heat&#8220;-Modus kannst du es dir im Winter richtig gem\u00fctlich machen und den Raum heizen.<\/p>\n<h3 class=\"fusion-responsive-typography-calculated\" style=\"text-align: center;\" data-fontsize=\"28\" data-lineheight=\"36.4px\">Temperatur Einstellen:<\/h3>\n<p style=\"text-align: left;\">Mit den Pfeiltasten kannst du die Temperatur erh\u00f6hen oder senken.<\/p>\n<p style=\"text-align: left;\">Dr\u00fccke das Pfeil-Symbol nach oben, um die Temperatur zu erh\u00f6hen, oder nach unten, um sie zu verringern. So beh\u00e4ltst du immer die Kontrolle \u00fcber das Raumklima.<\/p>\n<h3 class=\"fusion-responsive-typography-calculated\" style=\"text-align: center;\" data-fontsize=\"28\" data-lineheight=\"36.4px\">L\u00fcftergeschwindigkeit Anpassen:<\/h3>\n<p style=\"text-align: left;\">Verwende die &#8222;Fan&#8220;-Taste, um die Luftgeschwindigkeit einzustellen.<\/p>\n<p style=\"text-align: left;\">Du kannst zwischen den Stufen &#8222;Auto&#8220;, &#8222;Schwach&#8220;, &#8222;Mittel&#8220; und &#8222;Hoch&#8220; w\u00e4hlen. Entscheide selbst, wie viel Wind du magst!<\/p>\n<h3 class=\"fusion-responsive-typography-calculated\" style=\"text-align: center;\" data-fontsize=\"28\" data-lineheight=\"36.4px\">Zus\u00e4tzliche Funktionen:<\/h3>\n<p style=\"text-align: left;\">Der &#8222;Timer&#8220; erm\u00f6glicht es dir, die Klimaanlage nach Bedarf einzustellen. Bei Fragen schau gerne in die Bedienungsanleitung.<\/p>\n<p style=\"text-align: left;\">Mit der &#8222;Sleep&#8220;-Taste kannst du die Schlaffunktion aktivieren. Mach es dir bequem und schlaf gut!<\/p>\n<p style=\"text-align: left;\">Wenn du umweltbewusst sein m\u00f6chtest, dr\u00fccke die &#8222;Eco&#8220;-Taste. Im &#8222;Cool&#8220;-Modus senkt sie die Temperatur um 2\u00b0C, im &#8222;Heat&#8220;-Modus erh\u00f6ht sie sie um 2\u00b0C. Der &#8222;Super&#8220;-Modus ist superschnell. Bitte denk dran, den &#8222;Super&#8220;-Modus nur zu nutzen, wenn drau\u00dfen die Sonne scheint. Lass die Sonne f\u00fcr uns arbeiten!<\/p>\n<p style=\"text-align: left;\">Das war&#8217;s! Du kennst jetzt die wichtigsten Funktionen der Quattro Split Klimaanlage. F\u00fcr weitere Details und spezifische Fragen steht dir die PDF-Bedienungsanleitung zur Verf\u00fcgung.<\/p>\n<\/div><div class=\"fusion-text fusion-text-43\"><h2 class=\"\" style=\"text-align: center;\" data-fontsize=\"33\" data-lineheight=\"42.9px\">Bosch Induktionskochfeld<\/h2>\n<p style=\"text-align: left;\">Hier ist eine kurze Bedienungsanleitung, um dir den Einstieg zu erleichtern:<\/p>\n<p style=\"text-align: left;\">Induktionskochen hat viele Vorteile gegen\u00fcber herk\u00f6mmlichen Kochfeldern. Du wirst Zeit beim Kochen und Braten sparen, Energie einsparen und die Pflege und Reinigung wird einfacher sein. Au\u00dferdem hast du eine bessere Kontrolle \u00fcber die W\u00e4rme, da sie direkt im Kochgeschirr erzeugt wird.<\/p>\n<p style=\"text-align: left;\">Doch es gibt zwei gro\u00dfe Unterschiede zwischen einem klassischem Ceranfeld und diesem Induktionsfeld:<\/p>\n<p style=\"text-align: left;\">Induktion ist deutlich schneller. Wenn man nicht aufpasst, brennt also schneller etwas an oder kocht \u00fcber.<\/p>\n<p style=\"text-align: left;\">Induktion heizt nur, wenn ein Topf auf dem Feld steht. Und es gibt eine Topfgr\u00f6\u00dfenerkennung. Die Fl\u00e4che unter dem Topf wird nur durch die Abw\u00e4rme des Topfes erhitzt.<\/p>\n<p style=\"text-align: left;\">\n<\/div><div class=\"fusion-image-element\" style=\"text-align:center;--awb-caption-title-font-family:var(--h2_typography-font-family);--awb-caption-title-font-weight:var(--h2_typography-font-weight);--awb-caption-title-font-style:var(--h2_typography-font-style);--awb-caption-title-size:var(--h2_typography-font-size);--awb-caption-title-transform:var(--h2_typography-text-transform);--awb-caption-title-line-height:var(--h2_typography-line-height);--awb-caption-title-letter-spacing:var(--h2_typography-letter-spacing);\"><span class=\"fusion-imageframe imageframe-none imageframe-32 hover-type-none\" style=\"border-radius:12px;\"><img decoding=\"async\" width=\"794\" height=\"534\" src=\"https:\/\/palazzovetrano.it\/wp-content\/uploads\/2023\/10\/Bildschirmfoto-2023-07-03-um-16.45.23.png\" data-orig-src=\"https:\/\/palazzovetrano.it\/wp-content\/uploads\/2023\/10\/Bildschirmfoto-2023-07-03-um-16.45.23.png\" alt class=\"lazyload img-responsive wp-image-1348\" srcset=\"data:image\/svg+xml,%3Csvg%20xmlns%3D%27http%3A%2F%2Fwww.w3.org%2F2000%2Fsvg%27%20width%3D%27794%27%20height%3D%27534%27%20viewBox%3D%270%200%20794%20534%27%3E%3Crect%20width%3D%27794%27%20height%3D%27534%27%20fill-opacity%3D%220%22%2F%3E%3C%2Fsvg%3E\" data-srcset=\"https:\/\/palazzovetrano.it\/wp-content\/uploads\/2023\/10\/Bildschirmfoto-2023-07-03-um-16.45.23-200x135.png 200w, https:\/\/palazzovetrano.it\/wp-content\/uploads\/2023\/10\/Bildschirmfoto-2023-07-03-um-16.45.23-400x269.png 400w, https:\/\/palazzovetrano.it\/wp-content\/uploads\/2023\/10\/Bildschirmfoto-2023-07-03-um-16.45.23-600x404.png 600w, https:\/\/palazzovetrano.it\/wp-content\/uploads\/2023\/10\/Bildschirmfoto-2023-07-03-um-16.45.23.png 794w\" data-sizes=\"auto\" data-orig-sizes=\"(max-width: 800px) 100vw, 794px\" \/><\/span><\/div><div class=\"fusion-text fusion-text-44\"><p style=\"text-align: left;\">Auf dem Kochfeld gibt es ein Touch Bedienfeld. Zum Einzuschalten des Kochfelds stelle zuerst einen Topf auf das Kochfeld und dr\u00fccke leicht auf &#8222;<b style=\"font-size: 27px;\" data-fusion-font=\"true\">o<\/b>&#8222;. W\u00e4hle dann ein Kochfeld aus und reguliere mit \u201a-\u2019 oder \u201a+\u2019 die gew\u00fcnschte Temperatur von 1 bis 9.<\/p>\n<p style=\"text-align: left;\">Die Restw\u00e4rme wird mit einem \u201aH\u2019 angezeigt.<\/p>\n<p style=\"text-align: left;\">Dein Kochfeld verf\u00fcgt \u00fcber eine Kindersicherung. Um sie einzuschalten, schalte das Kochfeld aus und halte dann die Tasten &#8222;+&#8220; und &#8222;-&#8220; gleichzeitig f\u00fcr 4 Sekunden gedr\u00fcckt.<\/p>\n<p style=\"text-align: left;\">Wenn die ausgew\u00e4hlte Leistungsstufe blinkt, steht kein Kochgeschirr auf der Kochzone oder der Topf ist nicht geeignet. In diesem Fall schaltet sich die Kochzone nach einer gewissen Zeit automatisch aus.<\/p>\n<p style=\"text-align: left;\">Wir hoffen, dass dir diese kurze Bedienungsanleitung den Einstieg erleichtert. Bei weiteren Fragen findest du detailliertere Informationen in der Bedienungsanleitung. Viel Spa\u00df beim Kochen auf unserem Bosch Induktionskochfeld!<\/p>\n<p style=\"text-align: left;\">\n<\/div><div class=\"fusion-image-element\" style=\"text-align:center;--awb-caption-title-font-family:var(--h2_typography-font-family);--awb-caption-title-font-weight:var(--h2_typography-font-weight);--awb-caption-title-font-style:var(--h2_typography-font-style);--awb-caption-title-size:var(--h2_typography-font-size);--awb-caption-title-transform:var(--h2_typography-text-transform);--awb-caption-title-line-height:var(--h2_typography-line-height);--awb-caption-title-letter-spacing:var(--h2_typography-letter-spacing);\"><span class=\"fusion-imageframe imageframe-none imageframe-33 hover-type-none\" style=\"border-radius:12px;\"><img decoding=\"async\" width=\"1024\" height=\"683\" src=\"https:\/\/palazzovetrano.it\/wp-content\/uploads\/2023\/06\/34-Wohnkuche-Palermo-Blu-Centro-Storico-Ballaro-Pallazzo-Vertrano-Casa-Vacanza-00008-1024x683-1.jpg\" data-orig-src=\"https:\/\/palazzovetrano.it\/wp-content\/uploads\/2023\/06\/34-Wohnkuche-Palermo-Blu-Centro-Storico-Ballaro-Pallazzo-Vertrano-Casa-Vacanza-00008-1024x683-1.jpg\" alt class=\"lazyload img-responsive wp-image-1004\" srcset=\"data:image\/svg+xml,%3Csvg%20xmlns%3D%27http%3A%2F%2Fwww.w3.org%2F2000%2Fsvg%27%20width%3D%271024%27%20height%3D%27683%27%20viewBox%3D%270%200%201024%20683%27%3E%3Crect%20width%3D%271024%27%20height%3D%27683%27%20fill-opacity%3D%220%22%2F%3E%3C%2Fsvg%3E\" data-srcset=\"https:\/\/palazzovetrano.it\/wp-content\/uploads\/2023\/06\/34-Wohnkuche-Palermo-Blu-Centro-Storico-Ballaro-Pallazzo-Vertrano-Casa-Vacanza-00008-1024x683-1-200x133.jpg 200w, https:\/\/palazzovetrano.it\/wp-content\/uploads\/2023\/06\/34-Wohnkuche-Palermo-Blu-Centro-Storico-Ballaro-Pallazzo-Vertrano-Casa-Vacanza-00008-1024x683-1-400x267.jpg 400w, https:\/\/palazzovetrano.it\/wp-content\/uploads\/2023\/06\/34-Wohnkuche-Palermo-Blu-Centro-Storico-Ballaro-Pallazzo-Vertrano-Casa-Vacanza-00008-1024x683-1-600x400.jpg 600w, https:\/\/palazzovetrano.it\/wp-content\/uploads\/2023\/06\/34-Wohnkuche-Palermo-Blu-Centro-Storico-Ballaro-Pallazzo-Vertrano-Casa-Vacanza-00008-1024x683-1-800x534.jpg 800w, https:\/\/palazzovetrano.it\/wp-content\/uploads\/2023\/06\/34-Wohnkuche-Palermo-Blu-Centro-Storico-Ballaro-Pallazzo-Vertrano-Casa-Vacanza-00008-1024x683-1.jpg 1024w\" data-sizes=\"auto\" data-orig-sizes=\"(max-width: 800px) 100vw, 800px\" \/><\/span><\/div><div class=\"fusion-text fusion-text-45\"><h2 class=\"fusion-responsive-typography-calculated\" style=\"text-align: center; --fontsize: 33; line-height: 1.3;\" data-fontsize=\"33\" data-lineheight=\"42.9px\"><\/h2>\n<h2 class=\"fusion-responsive-typography-calculated\" style=\"text-align: center; --fontsize: 33; line-height: 1.3;\" data-fontsize=\"33\" data-lineheight=\"42.9px\">Bosch Backofen<\/h2>\n<p style=\"text-align: left;\">Um deine kulinarischen Abenteuer zu bereichern, stellen wir dir den hochwertigen Bosch Backofen HBA574B.0 zur Verf\u00fcgung. Hier ist eine kurze erg\u00e4nzende Bedienungsanleitung, damit du den Backofen problemlos nutzen kannst:<\/p>\n<p style=\"text-align: left;\"><b>1. Tasten und Display<\/b> &#8211; Die Tasten sind Ber\u00fchrungstasten mit darunter liegenden Sensoren. Ber\u00fchre einfach ein Symbol, um die Funktion auszuw\u00e4hlen, f\u00fcr die es steht. Auf dem Display werden Symbole f\u00fcr aktive Funktionen und die Zeiteinstellungsoptionen angezeigt.<\/p>\n<p style=\"text-align: left;\"><b>2. Funktionsw\u00e4hler<\/b> &#8211; Verwende den Funktionsw\u00e4hler, um die Heizfunktion oder andere Funktionen einzustellen. Du kannst den Funktionsw\u00e4hler von der Position &#8222;Aus&#8220; aus im oder gegen den Uhrzeigersinn drehen.<\/p>\n<p style=\"text-align: left;\"><b>3. Temperaturw\u00e4hler<\/b> &#8211; Verwende den Temperaturw\u00e4hler, um die Temperatur f\u00fcr die Heizfunktion einzustellen oder die Einstellung f\u00fcr andere Funktionen zu w\u00e4hlen. Der Temperaturw\u00e4hler l\u00e4sst sich im oder gegen den Uhrzeigersinn drehen.<\/p>\n<\/div><div class=\"fusion-image-element\" style=\"text-align:center;--awb-caption-title-font-family:var(--h2_typography-font-family);--awb-caption-title-font-weight:var(--h2_typography-font-weight);--awb-caption-title-font-style:var(--h2_typography-font-style);--awb-caption-title-size:var(--h2_typography-font-size);--awb-caption-title-transform:var(--h2_typography-text-transform);--awb-caption-title-line-height:var(--h2_typography-line-height);--awb-caption-title-letter-spacing:var(--h2_typography-letter-spacing);\"><span class=\"fusion-imageframe imageframe-none imageframe-34 hover-type-none\" style=\"border-radius:12px;\"><img decoding=\"async\" width=\"1024\" height=\"405\" title=\"Bildschirmfoto 2023-07-03 um 17.05.21\" src=\"https:\/\/palazzovetrano.it\/wp-content\/uploads\/2023\/10\/Bildschirmfoto-2023-07-03-um-17.05.21.png\" data-orig-src=\"https:\/\/palazzovetrano.it\/wp-content\/uploads\/2023\/10\/Bildschirmfoto-2023-07-03-um-17.05.21-1024x405.png\" alt class=\"lazyload img-responsive wp-image-1341\" srcset=\"data:image\/svg+xml,%3Csvg%20xmlns%3D%27http%3A%2F%2Fwww.w3.org%2F2000%2Fsvg%27%20width%3D%271978%27%20height%3D%27782%27%20viewBox%3D%270%200%201978%20782%27%3E%3Crect%20width%3D%271978%27%20height%3D%27782%27%20fill-opacity%3D%220%22%2F%3E%3C%2Fsvg%3E\" data-srcset=\"https:\/\/palazzovetrano.it\/wp-content\/uploads\/2023\/10\/Bildschirmfoto-2023-07-03-um-17.05.21-200x79.png 200w, https:\/\/palazzovetrano.it\/wp-content\/uploads\/2023\/10\/Bildschirmfoto-2023-07-03-um-17.05.21-400x158.png 400w, https:\/\/palazzovetrano.it\/wp-content\/uploads\/2023\/10\/Bildschirmfoto-2023-07-03-um-17.05.21-600x237.png 600w, https:\/\/palazzovetrano.it\/wp-content\/uploads\/2023\/10\/Bildschirmfoto-2023-07-03-um-17.05.21-800x316.png 800w, https:\/\/palazzovetrano.it\/wp-content\/uploads\/2023\/10\/Bildschirmfoto-2023-07-03-um-17.05.21-1200x474.png 1200w\" data-sizes=\"auto\" data-orig-sizes=\"(max-width: 800px) 100vw, 800px\" \/><\/span><\/div><div class=\"fusion-text fusion-text-46\"><h3 style=\"text-align: center;\">Funktionsw\u00e4hler Links:<\/h3>\n<\/div><div class=\"fusion-text fusion-text-47\"><h3 class=\"fusion-responsive-typography-calculated\" style=\"text-align: center; --fontsize: 28; line-height: 1.3;\" data-fontsize=\"28\" data-lineheight=\"36.4px\"><\/h3>\n<h4 class=\"fusion-responsive-typography-calculated\" style=\"text-align: center; --fontsize: 25; line-height: 1.3; --minfontsize: 25;\" data-fontsize=\"25\" data-lineheight=\"32.5px\">Innenbeleuchtung:<\/h4>\n<p style=\"text-align: center;\">Schaltet die Innenbeleuchtung ein, alle anderen Funktionen bleiben ausgeschaltet. Erleichtert z. B. die Reinigung des Garraums.<\/p>\n<h4 class=\"fusion-responsive-typography-calculated\" style=\"text-align: center; --fontsize: 25; line-height: 1.3; --minfontsize: 25;\" data-fontsize=\"25\" data-lineheight=\"32.5px\">Ober- &amp; Unterhitze:<\/h4>\n<p style=\"text-align: center;\">Zum traditionellen Backen und Braten auf einer Ebene. Die W\u00e4rmeabgabe erfolgt gleichm\u00e4\u00dfig von oben und unten.<\/p>\n<h4 class=\"fusion-responsive-typography-calculated\" style=\"text-align: center; --fontsize: 25; line-height: 1.3; --minfontsize: 25;\" data-fontsize=\"25\" data-lineheight=\"32.5px\">Umluft-Grill:<\/h4>\n<p style=\"text-align: center;\">Zum Braten von Gefl\u00fcgel, ganzem Fisch und gr\u00f6\u00dferen Fleischst\u00fccken. Das Grillelement und der Ventilator schalten sich abwechselnd ein und aus.<\/p>\n<h4 class=\"fusion-responsive-typography-calculated\" style=\"text-align: center; --fontsize: 25; line-height: 1.3; --minfontsize: 25;\" data-fontsize=\"25\" data-lineheight=\"32.5px\">Obergrill:<\/h4>\n<p style=\"text-align: center;\">Zum Grillen von flachen Gegenst\u00e4nden wie Steaks oder W\u00fcrstchen<\/p>\n<h4 class=\"fusion-responsive-typography-calculated\" style=\"text-align: center; --fontsize: 25; line-height: 1.3; --minfontsize: 25;\" data-fontsize=\"25\" data-lineheight=\"32.5px\">Unterhitze:<\/h4>\n<p style=\"text-align: center;\">Zum Garen im Wasserbad und zum \u00dcberbacken von Speisen. Die W\u00e4rme wird von unten abgegeben.<\/p>\n<p style=\"text-align: center;\">Programmtaste:\u2028F\u00fcr viele Gerichte verf\u00fcgt das Ger\u00e4t \u00fcber vorprogrammierte Einstellwerte, die Sie verwenden k\u00f6nnen. Details hierzu finden sich in der Bedienungsanleitung.<\/p>\n<h3 class=\"fusion-responsive-typography-calculated\" style=\"text-align: center; --fontsize: 28; line-height: 1.3;\" data-fontsize=\"28\" data-lineheight=\"36.4px\">Funktionsw\u00e4hler Rechts:<\/h3>\n<h4 class=\"fusion-responsive-typography-calculated\" style=\"text-align: center; --fontsize: 25; line-height: 1.3; --minfontsize: 25;\" data-fontsize=\"25\" data-lineheight=\"32.5px\">Vorheizen:<\/h4>\n<p style=\"text-align: center;\">Schnelles Vorheizen des Garraums ohne Zubeh\u00f6r.<\/p>\n<h4 class=\"fusion-responsive-typography-calculated\" style=\"text-align: center; --fontsize: 25; line-height: 1.3; --minfontsize: 25;\" data-fontsize=\"25\" data-lineheight=\"32.5px\">3D Hei\u00dfluft:<\/h4>\n<p style=\"text-align: center;\">Zum Backen und Braten auf einer oder mehreren Ebenen.<\/p>\n<h4 class=\"fusion-responsive-typography-calculated\" style=\"text-align: center; --fontsize: 25; line-height: 1.3; --minfontsize: 25;\" data-fontsize=\"25\" data-lineheight=\"32.5px\">Schonende Hei\u00dfluft:<\/h4>\n<p style=\"text-align: center;\">F\u00fcr die schonende Zubereitung von Fleisch, Fisch und Geb\u00e4ck.<\/p>\n<h4 class=\"fusion-responsive-typography-calculated\" style=\"text-align: center; --fontsize: 25; line-height: 1.3; --minfontsize: 25;\" data-fontsize=\"25\" data-lineheight=\"32.5px\">Pizza Funktion:<\/h4>\n<p style=\"text-align: center;\">Zum Garen von Pizza und Gerichten, die viel W\u00e4rme von unten ben\u00f6tigen.<\/p>\n<p style=\"text-align: center;\">Genie\u00dfe die Vielseitigkeit und Leistungsf\u00e4higkeit unseres Bosch Backofens HBA574B.0 und kreiere k\u00f6stliche Gerichte f\u00fcr dich und deine Lieben. Falls du weitere Fragen hast, findest Du sicher alle ben\u00f6tigten Informationen in der separaten Bedienungsanleitung.<\/p>\n<\/div><div class=\"fusion-text fusion-text-48\"><h2 class=\"fusion-responsive-typography-calculated\" style=\"text-align: center;\" data-fontsize=\"33\" data-lineheight=\"42.9px\">Bosch Geschirrsp\u00fcler<\/h2>\n<p style=\"text-align: left;\">Damit du deine Zeit hier in vollen Z\u00fcgen genie\u00dfen kannst, haben wir f\u00fcr dich den hochwertigen Bosch Geschirrsp\u00fcler SMV2ITX22E bereitgestellt. Hier ist eine kurze und pr\u00e4gnante erg\u00e4nzende Bedienungsanleitung, damit du das Ger\u00e4t problemlos nutzen kannst:<\/p>\n<p style=\"text-align: left;\"><b>1. Geschirr einr\u00e4umen:<\/b> Platziere dein schmutziges Geschirr in den Geschirrk\u00f6rben des Sp\u00fclers. Der Bosch Geschirrsp\u00fcler \u00fcbernimmt den Rest und erledigt die Arbeit f\u00fcr dich.<\/p>\n<p style=\"text-align: left;\"><b>2. Programm ausw\u00e4hlen:<\/b> F\u00fclle Reiniger in das Fach in der T\u00fcre und schlie\u00dfe dieses Fach. W\u00e4hle das passende Sp\u00fclprogramm aus, je nach Verschmutzungsgrad deines Geschirrs. Der Sp\u00fcler bietet eine breite Auswahl an Programmen f\u00fcr optimale Reinigungsergebnisse.<\/p>\n<p style=\"text-align: left;\"><b>3. Starten:<\/b> Dr\u00fccke den Startknopf, und schlie\u00dfe die T\u00fcre. Schon beginnt der Geschirrsp\u00fcler leise und effizient seine Arbeit. Du wirst kaum bemerken, dass er l\u00e4uft. Du siehst es an dem Licht auf dem Boden.<\/p>\n<p style=\"text-align: left;\"><b>4. Entspannen:<\/b> W\u00e4hrend der Sp\u00fcler dein Geschirr gr\u00fcndlich reinigt, hast du Zeit, dich zu entspannen. Der Sp\u00fclprozess ist schnell und zuverl\u00e4ssig.<\/p>\n<p style=\"text-align: left;\"><b>5. Sauberes Geschirr:<\/b> Ist das Licht auf der Erde erloschen, so ist das Sp\u00fclprogramms beendet.<\/p>\n<p style=\"text-align: left;\"><b>\u00d6ffne die T\u00fcr vorsichtig und freue dich \u00fcber strahlend sauberes Geschirr. Das Ergebnis wird dich hoffentlich begeistern!<\/b><\/p>\n<p style=\"text-align: left;\">Mit unserem Geschirrsp\u00fcler sparst du Zeit und kannst dich voll und ganz auf deine Urlaubserlebnisse konzentrieren. Wir w\u00fcnschen dir einen angenehmen Aufenthalt und stehen dir bei Fragen gerne zur Verf\u00fcgung.<\/p>\n<blockquote style=\"text-align: center;\">\n<p><i>&#8222;Am Einr\u00e4umen der Geschirrsp\u00fclmaschine erkennt man deutlich, wer als Kind Tetris oder blinde Kuh gespielt hat.&#8220;<\/i><\/p>\n<\/blockquote>\n<\/div><div class=\"fusion-text fusion-text-49\"><p style=\"text-align: left;\">Wer sich nun fragt, wie sich das mit unserem Engagement in Richtung Nachhaltigkeit vertr\u00e4gt und ob eventuell von Hand sp\u00fclen die nachhaltigere Alternative w\u00e4re, dem k\u00f6nnen wir folgendes berichten:\u2028\u2028Im Sinne der Nachhaltigkeit ist in der Regel das Sp\u00fclen mit einer Sp\u00fclmaschine die sinnvollere L\u00f6sung. Hier sind einige Gr\u00fcnde daf\u00fcr:<b><br \/>\n<\/b><\/p>\n<p style=\"text-align: left;\"><b>1. Wasserverbrauch:<\/b> Unsere Bosch Sp\u00fclmaschine ist so konzipiert, dass sie den Wasserverbrauch im Vergleich zum manuellen Sp\u00fclen deutlich reduziert. Sie verwendet effiziente Wasserspr\u00fcharme, um das Geschirr gr\u00fcndlich zu reinigen, w\u00e4hrend sie gleichzeitig den Wasserverbrauch optimiert.<\/p>\n<p style=\"text-align: left;\"><b>2. Energieeffizienz: Sp\u00fclmaschinen<\/b> (auch unsere) sind heutzutage energieeffizienter als je zuvor. Sie verf\u00fcgen \u00fcber verschiedene Programme, die auf den Verschmutzungsgrad des Geschirrs abgestimmt sind und die ben\u00f6tigte Energie entsprechend optimieren. Zudem ist unser Modell mit Energiesparfunktionen ausgestattet, die den Stromverbrauch weiter reduzieren. Wenn du besonders achtsam sein m\u00f6chtest, schmei\u00dfe die Sp\u00fclmaschine w\u00e4hrend deiner Siesta an. Die Sonne liefert \u00f6kologische Energie w\u00e4hrend Du entspannen kannst.<\/p>\n<p style=\"text-align: left;\"><b>3. Effizienz beim Geschirrsp\u00fclen: <\/b>Sp\u00fclmaschinen erm\u00f6glichen das gleichzeitige Reinigen gr\u00f6\u00dferer Mengen an Geschirr, Besteck und Gl\u00e4sern. Dadurch wird nicht nur Zeit gespart, sondern es wird auch weniger Wasser und Energie pro gesp\u00fclter Einheit verbraucht.<\/p>\n<p style=\"text-align: left;\"><b>4. Reinigungsergebnis:<\/b> Sp\u00fclmaschinen verwenden spezielle Reinigungsmittel und h\u00f6here Temperaturen, um das Geschirr gr\u00fcndlich zu reinigen und Keime abzut\u00f6ten. Dadurch kann eine bessere Hygiene gew\u00e4hrleistet werden als beim manuellen Sp\u00fclen.<\/p>\n<p style=\"text-align: left;\">Es ist jedoch wichtig, die Sp\u00fclmaschine effizient zu nutzen, indem man sie nur bei voller Beladung einschaltet und energieeffiziente Programme w\u00e4hlt. Dadurch l\u00e4sst sich der Nachhaltigkeitsaspekt weiter optimieren.<\/p>\n<\/div><div class=\"fusion-image-element\" style=\"text-align:center;--awb-caption-title-font-family:var(--h2_typography-font-family);--awb-caption-title-font-weight:var(--h2_typography-font-weight);--awb-caption-title-font-style:var(--h2_typography-font-style);--awb-caption-title-size:var(--h2_typography-font-size);--awb-caption-title-transform:var(--h2_typography-text-transform);--awb-caption-title-line-height:var(--h2_typography-line-height);--awb-caption-title-letter-spacing:var(--h2_typography-letter-spacing);\"><span class=\"fusion-imageframe imageframe-none imageframe-35 hover-type-none\" style=\"border-radius:12px;\"><img decoding=\"async\" width=\"1024\" height=\"552\" src=\"https:\/\/palazzovetrano.it\/wp-content\/uploads\/2023\/10\/Kuechengeraete-Bosch-im-Palazzo-Vetrano.png\" data-orig-src=\"https:\/\/palazzovetrano.it\/wp-content\/uploads\/2023\/10\/Kuechengeraete-Bosch-im-Palazzo-Vetrano-1024x552.png\" alt class=\"lazyload img-responsive wp-image-1527\" srcset=\"data:image\/svg+xml,%3Csvg%20xmlns%3D%27http%3A%2F%2Fwww.w3.org%2F2000%2Fsvg%27%20width%3D%271650%27%20height%3D%27889%27%20viewBox%3D%270%200%201650%20889%27%3E%3Crect%20width%3D%271650%27%20height%3D%27889%27%20fill-opacity%3D%220%22%2F%3E%3C%2Fsvg%3E\" data-srcset=\"https:\/\/palazzovetrano.it\/wp-content\/uploads\/2023\/10\/Kuechengeraete-Bosch-im-Palazzo-Vetrano-200x108.png 200w, https:\/\/palazzovetrano.it\/wp-content\/uploads\/2023\/10\/Kuechengeraete-Bosch-im-Palazzo-Vetrano-400x216.png 400w, https:\/\/palazzovetrano.it\/wp-content\/uploads\/2023\/10\/Kuechengeraete-Bosch-im-Palazzo-Vetrano-600x323.png 600w, https:\/\/palazzovetrano.it\/wp-content\/uploads\/2023\/10\/Kuechengeraete-Bosch-im-Palazzo-Vetrano-800x431.png 800w, https:\/\/palazzovetrano.it\/wp-content\/uploads\/2023\/10\/Kuechengeraete-Bosch-im-Palazzo-Vetrano-1200x647.png 1200w, https:\/\/palazzovetrano.it\/wp-content\/uploads\/2023\/10\/Kuechengeraete-Bosch-im-Palazzo-Vetrano.png 1650w\" data-sizes=\"auto\" data-orig-sizes=\"(max-width: 800px) 100vw, 800px\" \/><\/span><\/div><div class=\"fusion-text fusion-text-50\"><h2 class=\"fusion-responsive-typography-calculated\" style=\"text-align: center; --fontsize: 33; line-height: 1.3;\" data-fontsize=\"33\" data-lineheight=\"42.9px\"><\/h2>\n<h2 class=\"fusion-responsive-typography-calculated\" style=\"text-align: center; --fontsize: 33; line-height: 1.3;\" data-fontsize=\"33\" data-lineheight=\"42.9px\">Bosch Waschmaschine<\/h2>\n<p style=\"text-align: left;\">Du m\u00f6chtest zwischendurch schmutzige W\u00e4sche waschen? Wir haben f\u00fcr dich eine hochwertige Bosch Waschmaschine bereitgestellt. Hier ist eine kurze Bedienungsanleitung, damit du das Ger\u00e4t problemlos nutzen kannst:<\/p>\n<p style=\"text-align: left;\"><b>1. Beladen: <\/b> <span style=\"color: var(--awb-text-color); font-family: var(--awb-text-font-family); font-size: var(--awb-font-size); font-style: var(--awb-text-font-style); font-weight: var(--awb-text-font-weight); letter-spacing: var(--awb-letter-spacing); text-transform: var(--awb-text-transform); background-color: var(--awb-bg-color-hover);\">Stopf deine schmutzige W\u00e4sche in die Trommel. Vergiss nicht, Taschen zu leeren und Rei\u00dfverschl\u00fcsse zu schlie\u00dfen.<\/span><\/p>\n<p style=\"text-align: left;\"><b>2. Waschmittel hinzuf\u00fcgen: <\/b><span style=\"color: var(--awb-text-color); font-family: var(--awb-text-font-family); font-size: var(--awb-font-size); font-style: var(--awb-text-font-style); font-weight: var(--awb-text-font-weight); letter-spacing: var(--awb-letter-spacing); text-transform: var(--awb-text-transform); background-color: var(--awb-bg-color-hover);\">Klappe das Waschmittelfach auf. <\/span><span style=\"color: var(--awb-text-color); font-family: var(--awb-text-font-family); font-size: var(--awb-font-size); font-style: var(--awb-text-font-style); font-weight: var(--awb-text-font-weight); letter-spacing: var(--awb-letter-spacing); text-transform: var(--awb-text-transform); background-color: var(--awb-bg-color-hover);\">F\u00fcge Waschmittel hinzu: Fl\u00fcssigwaschmittel f\u00fcr Hauptw\u00e4sche und Pulverwaschmittel f\u00fcr Vorw\u00e4sche. <\/span><span style=\"color: var(--awb-text-color); font-family: var(--awb-text-font-family); font-size: var(--awb-font-size); font-style: var(--awb-text-font-style); font-weight: var(--awb-text-font-weight); letter-spacing: var(--awb-letter-spacing); text-transform: var(--awb-text-transform); background-color: var(--awb-bg-color-hover);\">Beachte die Dosieranweisungen auf der Waschmittelverpackung.<\/span><\/p>\n<p style=\"text-align: left;\"><b>3. Programm ausw\u00e4hlen: <\/b><span style=\"color: var(--awb-text-color); font-family: var(--awb-text-font-family); font-size: var(--awb-font-size); font-style: var(--awb-text-font-style); font-weight: var(--awb-text-font-weight); letter-spacing: var(--awb-letter-spacing); text-transform: var(--awb-text-transform); background-color: var(--awb-bg-color-hover);\">Drehe den Programmwahlschalter, um das gew\u00fcnschte Waschprogramm auszuw\u00e4hlen. Zum Beispiel &#8222;Baumwolle&#8220; f\u00fcr normale Kleidung oder &#8222;Schnell&#8220; f\u00fcr schnelles Waschen.<\/span><\/p>\n<p style=\"text-align: left;\"><b>4. Temperatur und Extras einstellen: <\/b><span style=\"color: var(--awb-text-color); font-family: var(--awb-text-font-family); font-size: var(--awb-font-size); font-style: var(--awb-text-font-style); font-weight: var(--awb-text-font-weight); letter-spacing: var(--awb-letter-spacing); text-transform: var(--awb-text-transform); background-color: var(--awb-bg-color-hover);\">Du kannst die Waschtemperatur und Extras wie Vorw\u00e4sche oder Extra Sp\u00fclen nach Bedarf anpassen.<\/span><\/p>\n<p style=\"text-align: left;\"><b>5. Starten: <\/b><span style=\"color: var(--awb-text-color); font-family: var(--awb-text-font-family); font-size: var(--awb-font-size); font-style: var(--awb-text-font-style); font-weight: var(--awb-text-font-weight); letter-spacing: var(--awb-letter-spacing); text-transform: var(--awb-text-transform); background-color: var(--awb-bg-color-hover);\">Dr\u00fccke die Starttaste, und die Maschine beginnt zu waschen.<\/span><\/p>\n<p style=\"text-align: left;\"><b>6. Warten:<\/b> <span style=\"color: var(--awb-text-color); font-family: var(--awb-text-font-family); font-size: var(--awb-font-size); font-style: var(--awb-text-font-style); font-weight: var(--awb-text-font-weight); letter-spacing: var(--awb-letter-spacing); text-transform: var(--awb-text-transform); background-color: var(--awb-bg-color-hover);\">Jetzt kannst du dich zur\u00fccklehnen ein Buch lesen und entspannen. Oder alternativ \u00fcber folgende Frage nachdenken: Darf man 30\u00b0 W\u00e4sche bei 38\u00b0 in der Sonne trocknen?*. Die Maschine erledigt den Rest. Du kannst den Fortschritt auf dem Display verfolgen.<\/span><\/p>\n<p style=\"text-align: left;\"><b>7. Beenden: <\/b><span style=\"color: var(--awb-text-color); font-family: var(--awb-text-font-family); font-size: var(--awb-font-size); font-style: var(--awb-text-font-style); font-weight: var(--awb-text-font-weight); letter-spacing: var(--awb-letter-spacing); text-transform: var(--awb-text-transform); background-color: var(--awb-bg-color-hover);\">Wenn die Waschmaschine fertig ist, piept sie normalerweise. \u00d6ffne<\/span><span style=\"color: var(--awb-text-color); font-family: var(--awb-text-font-family); font-size: var(--awb-font-size); font-style: var(--awb-text-font-style); font-weight: var(--awb-text-font-weight); letter-spacing: var(--awb-letter-spacing); text-transform: var(--awb-text-transform); background-color: var(--awb-bg-color-hover);\"> die T\u00fcr, entnimm die saubere W\u00e4sche und schlie\u00dfe die T\u00fcr wieder. <\/span><\/p>\n<p style=\"text-align: left;\"><b>8. Reinigen: <\/b>Vor und n<span style=\"color: var(--awb-text-color); font-family: var(--awb-text-font-family); font-size: var(--awb-font-size); font-style: var(--awb-text-font-style); font-weight: var(--awb-text-font-weight); letter-spacing: var(--awb-letter-spacing); text-transform: var(--awb-text-transform); background-color: var(--awb-bg-color-hover);\">ach dem Waschen ist es ratsam, das Waschmittelfach zu reinigen und die Gummidichtung der T\u00fcr auf eventuelle R\u00fcckst\u00e4nde zu \u00fcberpr\u00fcfen.<\/span><\/p>\n<p style=\"text-align: left;\"><span style=\"color: var(--awb-text-color); font-family: var(--awb-text-font-family); font-size: var(--awb-font-size); font-style: var(--awb-text-font-style); letter-spacing: var(--awb-letter-spacing); text-transform: var(--awb-text-transform); background-color: var(--awb-bg-color-hover);\"><b>9. Trocknen:<\/b><\/span> <span style=\"color: var(--awb-text-color); font-family: var(--awb-text-font-family); font-size: var(--awb-font-size); font-style: var(--awb-text-font-style); font-weight: var(--awb-text-font-weight); letter-spacing: var(--awb-letter-spacing); text-align: var(--awb-content-alignment); text-transform: var(--awb-text-transform); background-color: var(--awb-bg-color-hover);\">Im kleinen Schlafzimmer unter dem Bett sollte sich der W\u00e4schest\u00e4nder befinden. Es w\u00e4re prima, wenn du ihn nach der Nutzung wieder hier verstaust.<\/span><\/p>\n<p style=\"text-align: left;\"><b>\u8bf7\u6ce8\u610f\uff1a<\/b> Detaillierte Informationen, findest Du in der Bedienungsanleitung.<br \/>\n<span style=\"color: var(--awb-text-color); font-family: var(--awb-text-font-family); font-size: var(--awb-font-size); font-style: var(--awb-text-font-style); font-weight: var(--awb-text-font-weight); letter-spacing: var(--awb-letter-spacing); text-transform: var(--awb-text-transform); background-color: var(--awb-bg-color-hover);\"><br \/>\n<\/span><\/p>\n<p style=\"text-align: left;\"><span style=\"color: var(--awb-text-color); font-family: var(--awb-text-font-family); font-size: var(--awb-font-size); font-style: var(--awb-text-font-style); font-weight: var(--awb-text-font-weight); letter-spacing: var(--awb-letter-spacing); text-transform: var(--awb-text-transform); background-color: var(--awb-bg-color-hover);\">Das war&#8217;s! Deine W\u00e4sche sollte jetzt sauber und frisch duften. Gutes Waschen!<\/span><\/p>\n<p style=\"text-align: left;\"><span style=\"color: var(--awb-text-color); font-family: var(--awb-text-font-family); font-size: var(--awb-font-size); font-style: var(--awb-text-font-style); font-weight: var(--awb-text-font-weight); letter-spacing: var(--awb-letter-spacing); text-transform: var(--awb-text-transform); background-color: var(--awb-bg-color-hover);\">*Und um die Frage von vorhin zu beantworten, ja du kannst beruhigt auch 30\u00b0 W\u00e4sche bei 38\u00b0 oder mehr in der Sonne trocknen. Hier besteht h\u00f6chstens die Gefahr, dass die Farben verblassen. <\/span><\/p>\n<p style=\"text-align: left;\"><span style=\"color: var(--awb-text-color); font-family: var(--awb-text-font-family); font-size: var(--awb-font-size); font-style: var(--awb-text-font-style); font-weight: var(--awb-text-font-weight); letter-spacing: var(--awb-letter-spacing); text-transform: var(--awb-text-transform); background-color: var(--awb-bg-color-hover);\">Und nur f\u00fcr den Fall, dass es mal f\u00f6rmlicher werden soll. <\/span><span style=\"color: var(--awb-text-color); font-family: var(--awb-text-font-family); font-size: var(--awb-font-size); font-style: var(--awb-text-font-style); font-weight: var(--awb-text-font-weight); letter-spacing: var(--awb-letter-spacing); text-transform: var(--awb-text-transform); background-color: var(--awb-bg-color-hover);\">Im Spind des gro\u00dfen Schlafzimmers findest Du das B\u00fcgeleisen und direkt daneben ein kleines B\u00fcgelbrett. \u2028<\/span><\/p>\n<blockquote style=\"text-align: center;\">\n<p>So wird es&#8230; <i>&#8222;Nicht nur sauber, sondern rein&#8220;<\/i><\/p>\n<\/blockquote>\n<\/div><div class=\"fusion-image-element\" style=\"--awb-margin-bottom:4rem;--awb-caption-title-font-family:var(--h2_typography-font-family);--awb-caption-title-font-weight:var(--h2_typography-font-weight);--awb-caption-title-font-style:var(--h2_typography-font-style);--awb-caption-title-size:var(--h2_typography-font-size);--awb-caption-title-transform:var(--h2_typography-text-transform);--awb-caption-title-line-height:var(--h2_typography-line-height);--awb-caption-title-letter-spacing:var(--h2_typography-letter-spacing);\"><span class=\"fusion-imageframe imageframe-none imageframe-36 hover-type-none\" style=\"border-radius:12px;\"><img decoding=\"async\" width=\"2898\" height=\"514\" src=\"https:\/\/palazzovetrano.it\/wp-content\/uploads\/2023\/10\/Bildschirmfoto-2023-10-11-um-10.59.43.png\" data-orig-src=\"https:\/\/palazzovetrano.it\/wp-content\/uploads\/2023\/10\/Bildschirmfoto-2023-10-11-um-10.59.43.png\" alt class=\"lazyload img-responsive wp-image-1406\" srcset=\"data:image\/svg+xml,%3Csvg%20xmlns%3D%27http%3A%2F%2Fwww.w3.org%2F2000%2Fsvg%27%20width%3D%272898%27%20height%3D%27514%27%20viewBox%3D%270%200%202898%20514%27%3E%3Crect%20width%3D%272898%27%20height%3D%27514%27%20fill-opacity%3D%220%22%2F%3E%3C%2Fsvg%3E\" data-srcset=\"https:\/\/palazzovetrano.it\/wp-content\/uploads\/2023\/10\/Bildschirmfoto-2023-10-11-um-10.59.43-200x35.png 200w, https:\/\/palazzovetrano.it\/wp-content\/uploads\/2023\/10\/Bildschirmfoto-2023-10-11-um-10.59.43-400x71.png 400w, https:\/\/palazzovetrano.it\/wp-content\/uploads\/2023\/10\/Bildschirmfoto-2023-10-11-um-10.59.43-600x106.png 600w, https:\/\/palazzovetrano.it\/wp-content\/uploads\/2023\/10\/Bildschirmfoto-2023-10-11-um-10.59.43-800x142.png 800w, https:\/\/palazzovetrano.it\/wp-content\/uploads\/2023\/10\/Bildschirmfoto-2023-10-11-um-10.59.43-1200x213.png 1200w, https:\/\/palazzovetrano.it\/wp-content\/uploads\/2023\/10\/Bildschirmfoto-2023-10-11-um-10.59.43.png 2898w\" data-sizes=\"auto\" data-orig-sizes=\"(max-width: 800px) 100vw, 800px\" \/><\/span><\/div><div class=\"fusion-text fusion-text-51\"><h2 class=\"fusion-responsive-typography-calculated\" style=\"text-align: center; --fontsize: 33; line-height: 1.3;\" data-fontsize=\"33\" data-lineheight=\"42.9px\"><\/h2>\n<h2 class=\"fusion-responsive-typography-calculated\" style=\"text-align: center; --fontsize: 33; line-height: 1.3;\" data-fontsize=\"33\" data-lineheight=\"42.9px\">K\u00fchl-\/Gefrierkombination<\/h2>\n<p style=\"text-align: left;\">Hier sind ein paar Tipps, um das Beste aus deinem K\u00fchlschrank herauszuholen:<\/p>\n<p style=\"text-align: left;\"><b>Temperaturregelung:<\/b> Du kannst die Temperatur nach deinen Bed\u00fcrfnissen einstellen. Aber hey, warum etwas \u00e4ndern, wenn es schon perfekt ist? Never change a running System!!!<\/p>\n<p style=\"text-align: left;\"><b>T\u00fcr\u00f6ffnung:<\/b> Stelle sicher, dass du die T\u00fcr nach dem \u00d6ffnen wieder richtig schlie\u00dft. Sonst werden deine Getr\u00e4nke nicht nur warm, sondern die Umwelt wird auch nicht begeistert sein. Und wer will schon warme Getr\u00e4nke?<\/p>\n<p style=\"text-align: left;\"><b>Eisw\u00fcrfel:<\/b> Vergiss nicht, genug Eisw\u00fcrfel im Gefrierfach zu haben. Kalte Getr\u00e4nke sind nicht nur im Sommer erfrischend. Du findest sicherlich schon einen Eisw\u00fcrfel-Beh\u00e4lter im Gefrierfach.<\/p>\n<p style=\"text-align: left;\"><b>Aufbewahrungshinweise:<\/b> Mach es einfach so, wie du es von zuhause gewohnt bist. Wir wollen dir ja keine neuen Regeln aufdr\u00e4ngen.<\/p>\n<p style=\"text-align: left;\"><b>Abtauen des Gefrierbereichs:<\/b> Wenn du die T\u00fcr immer ordentlich schlie\u00dft, musst du dir dar\u00fcber keine Sorgen machen. Es sei denn, du magst das Gef\u00fchl von Eisbergen in deinem Gefrierfach.<\/p>\n<p style=\"text-align: left;\">Wir sind sicher, dass du viel Freude mit unserer <b>LG K\u00fchl-\/Gefrierkombination<\/b> haben wirst. Genie\u00dfe deine k\u00fchlen Getr\u00e4nke sowie leckeres Essen!<\/p>\n<\/div><div class=\"fusion-image-element\" style=\"text-align:center;--awb-caption-title-font-family:var(--h2_typography-font-family);--awb-caption-title-font-weight:var(--h2_typography-font-weight);--awb-caption-title-font-style:var(--h2_typography-font-style);--awb-caption-title-size:var(--h2_typography-font-size);--awb-caption-title-transform:var(--h2_typography-text-transform);--awb-caption-title-line-height:var(--h2_typography-line-height);--awb-caption-title-letter-spacing:var(--h2_typography-letter-spacing);\"><span class=\"fusion-imageframe imageframe-none imageframe-37 hover-type-none\" style=\"border-radius:12px;\"><img decoding=\"async\" width=\"991\" height=\"1024\" src=\"https:\/\/palazzovetrano.it\/wp-content\/uploads\/2023\/10\/IMG_5069-scaled.jpg\" data-orig-src=\"https:\/\/palazzovetrano.it\/wp-content\/uploads\/2023\/10\/IMG_5069-991x1024.jpg\" alt class=\"lazyload img-responsive wp-image-1294\" srcset=\"data:image\/svg+xml,%3Csvg%20xmlns%3D%27http%3A%2F%2Fwww.w3.org%2F2000%2Fsvg%27%20width%3D%272477%27%20height%3D%272560%27%20viewBox%3D%270%200%202477%202560%27%3E%3Crect%20width%3D%272477%27%20height%3D%272560%27%20fill-opacity%3D%220%22%2F%3E%3C%2Fsvg%3E\" data-srcset=\"https:\/\/palazzovetrano.it\/wp-content\/uploads\/2023\/10\/IMG_5069-200x207.jpg 200w, https:\/\/palazzovetrano.it\/wp-content\/uploads\/2023\/10\/IMG_5069-400x413.jpg 400w, https:\/\/palazzovetrano.it\/wp-content\/uploads\/2023\/10\/IMG_5069-600x620.jpg 600w, https:\/\/palazzovetrano.it\/wp-content\/uploads\/2023\/10\/IMG_5069-800x827.jpg 800w, https:\/\/palazzovetrano.it\/wp-content\/uploads\/2023\/10\/IMG_5069-1200x1240.jpg 1200w\" data-sizes=\"auto\" data-orig-sizes=\"(max-width: 800px) 100vw, 800px\" \/><\/span><\/div><div class=\"fusion-text fusion-text-52\"><h2 class=\"fusion-responsive-typography-calculated\" style=\"text-align: center; --fontsize: 33; line-height: 1.3;\" data-fontsize=\"33\" data-lineheight=\"42.9px\"><\/h2>\n<h2 class=\"fusion-responsive-typography-calculated\" style=\"text-align: center; --fontsize: 33; line-height: 1.3;\" data-fontsize=\"33\" data-lineheight=\"42.9px\">SMART FHD Fernseher<\/h2>\n<p style=\"text-align: left;\">Wir haben f\u00fcr dich den LG 32LQ63006LA SMART FHD Fernseher bereitgestellt, um dein Entertainment-Erlebnis zu bereichern. Hier ist eine kurze erg\u00e4nzende Bedienungsanleitung, damit du das Ger\u00e4t sofort und m\u00fchelos nutzen kannst:<\/p>\n<p style=\"text-align: left;\"><b>1. Einschalten:<\/b> Dr\u00fccke einfach die Power-Taste auf der Fernbedienung, und der Fernseher erwacht zum Leben.<\/p>\n<p style=\"text-align: left;\"><b>2. Senderauswahl:<\/b> Nutze die Pfeiltasten auf der Fernbedienung, um durch die verf\u00fcgbaren Sender zu navigieren. Finde deine Lieblingskan\u00e4le und genie\u00dfe hochaufl\u00f6sende Bilder in Full HD.<\/p>\n<p style=\"text-align: left;\"><b>3. Smart-Funktionen:<\/b> Entdecke die Welt des Smart-TV. Dieser Fernseher ist bereits mit dem Internet verbunden. Nutze die vorinstallierten Streaming-Dienste wie Netflix, YouTube und vieles mehr zuzugreifen.<\/p>\n<p style=\"text-align: left;\"><b>4. Soundoptimierung: <\/b>Passe den Sound deinen Vorlieben an. W\u00e4hle aus verschiedenen Klangmodi, um das beste Audioerlebnis zu genie\u00dfen.<\/p>\n<p style=\"text-align: left;\"><b>5. Ausschalten:<\/b> Wenn du den Fernseher ausschalten m\u00f6chtest, dr\u00fccke erneut die Power-Taste auf der Fernbedienung. Der Fernseher geht in den Standby-Modus und wartet auf deinen n\u00e4chsten Einsatz.<\/p>\n<p style=\"text-align: left;\">Wir hoffen, dass dir der <b>LG 32LQ63006LA SMART FHD Fernseher <\/b>unvergessliche Fernsehmomente bescheren wird. Falls du weitere Fragen hast, findest Du sicher alle ben\u00f6tigten Informationen in der PDF. Viel Spa\u00df beim Entspannen und Genie\u00dfen deines Aufenthalts!<\/p>\n<p style=\"text-align: left;\">\n<\/div><div class=\"fusion-image-element\" style=\"text-align:center;--awb-caption-title-font-family:var(--h2_typography-font-family);--awb-caption-title-font-weight:var(--h2_typography-font-weight);--awb-caption-title-font-style:var(--h2_typography-font-style);--awb-caption-title-size:var(--h2_typography-font-size);--awb-caption-title-transform:var(--h2_typography-text-transform);--awb-caption-title-line-height:var(--h2_typography-line-height);--awb-caption-title-letter-spacing:var(--h2_typography-letter-spacing);\"><span class=\"fusion-imageframe imageframe-none imageframe-38 hover-type-none\" style=\"border-radius:12px;\"><img decoding=\"async\" width=\"1024\" height=\"576\" src=\"https:\/\/palazzovetrano.it\/wp-content\/uploads\/2023\/10\/IMG_7952-scaled.jpg\" data-orig-src=\"https:\/\/palazzovetrano.it\/wp-content\/uploads\/2023\/10\/IMG_7952-1024x576.jpg\" alt class=\"lazyload img-responsive wp-image-1529\" srcset=\"data:image\/svg+xml,%3Csvg%20xmlns%3D%27http%3A%2F%2Fwww.w3.org%2F2000%2Fsvg%27%20width%3D%272560%27%20height%3D%271440%27%20viewBox%3D%270%200%202560%201440%27%3E%3Crect%20width%3D%272560%27%20height%3D%271440%27%20fill-opacity%3D%220%22%2F%3E%3C%2Fsvg%3E\" data-srcset=\"https:\/\/palazzovetrano.it\/wp-content\/uploads\/2023\/10\/IMG_7952-200x113.jpg 200w, https:\/\/palazzovetrano.it\/wp-content\/uploads\/2023\/10\/IMG_7952-400x225.jpg 400w, https:\/\/palazzovetrano.it\/wp-content\/uploads\/2023\/10\/IMG_7952-600x338.jpg 600w, https:\/\/palazzovetrano.it\/wp-content\/uploads\/2023\/10\/IMG_7952-800x450.jpg 800w, https:\/\/palazzovetrano.it\/wp-content\/uploads\/2023\/10\/IMG_7952-1200x675.jpg 1200w\" data-sizes=\"auto\" data-orig-sizes=\"(max-width: 800px) 100vw, 800px\" \/><\/span><\/div><div class=\"fusion-text fusion-text-53\"><h2 class=\"fusion-responsive-typography-calculated\" style=\"text-align: center;\" data-fontsize=\"33\" data-lineheight=\"42.9px\"><\/h2>\n<h2 class=\"fusion-responsive-typography-calculated\" style=\"text-align: center;\" data-fontsize=\"33\" data-lineheight=\"42.9px\">Bedienungsanleitungen<\/h2>\n<p style=\"text-align: left;\">Soweit uns m\u00f6glich, haben wir die Funktionen aller elektrischen Ger\u00e4te beschrieben. Wer es etwas pr\u00e4ziser mag, findet zus\u00e4tzlich, ausf\u00fchrliche Bedienungsanleitung in Papierform.<\/p>\n<p style=\"text-align: left;\">Diese befinden sich, soweit vorhanden, in der K\u00fcche, im linken Teil des hellblauen Sideboards, zweite Schublade von oben.<\/p>\n<\/div><div class=\"fusion-text fusion-text-54\"><p>Damit du die Stadt auch au\u00dferhalb der ausgetretenen Pfade entdecken kannst, haben wir Sehenswertes, N\u00fctzliches und ein paar Tipps in unserer mobilen City Map zusammen getragen. Die kleinen Gassen der Altstadt Palermos sind oft un\u00fcbersichtlich. Damit Du dich dennoch perfekt zurecht findest, kannst du deinen pers\u00f6nlichen Stadtf\u00fchrer einfach \u00fcber den QR Code in der K\u00fcche aufrufen.<\/p>\n<p>Zur besseren Sichtbarkeit haben wir ihn in Violett dargestellt.<\/p>\n<p>Unter den \u201cReitern\u201d oberhalb der Karte, lassen sich die einzelnen Themenbereiche ein- oder ausblenden, teilen oder als Vollbild darstellen.<\/p>\n<p>Achtung: Diese Karte ist ausschlie\u00dflich f\u00fcr private Zwecke gedacht. Wir k\u00f6nnen nicht f\u00fcr die in der Karte enthaltenen Informationen garantieren. Dieses gilt insbesondere f\u00fcr die Richtigkeit, Vollst\u00e4ndigkeit und Aktualit\u00e4t der Karte. Die Nutzung der Karte geschieht somit auf eigenes Risiko.<\/p>\n<\/div><div class=\"fusion-text fusion-text-55\"><h2 class=\"fusion-responsive-typography-calculated\" style=\"text-align: center; --fontsize: 33; line-height: 1.3;\" data-fontsize=\"33\" data-lineheight=\"42.9px\"><\/h2>\n<h2 class=\"fusion-responsive-typography-calculated\" style=\"text-align: center; --fontsize: 33; line-height: 1.3;\" data-fontsize=\"33\" data-lineheight=\"42.9px\">Hausordnung<\/h2>\n<p style=\"text-align: left;\">Um euch in eurem Wohlgef\u00fchl und eurer Freiheit so wenig wie m\u00f6glich einzuschr\u00e4nken, haben wir unsere Hausordnung bewusst auf das Wesentliche beschr\u00e4nkt. Wir m\u00f6chten, dass ihr euch hier wie zuhause f\u00fchlt. Daher m\u00f6chten wir euch einige wichtige Punkte mitteilen:<\/p>\n<p style=\"text-align: left;\">1. Leben und leben lassen: Wenn ihr euch nach diesem Grundsatz richtet, ist das meiste bereits gesagt. Wir setzen einfach voraus, dass ihr mit der Wohnung und dem Inventar mindestens so pfleglich umgeht, als ob es euer Eigentum w\u00e4re. Vielen Dank f\u00fcr euer Verst\u00e4ndnis.<\/p>\n<p style=\"text-align: left;\">2. Rauchfreie Zonen: Die Wohnung ist eine absolute Nichtraucherzone. Wir bitten euch h\u00f6flich, auf das Rauchen in der Wohnung zu verzichten. Im Falle einer Zuwiderhandlung wird eine erh\u00f6hte Reinigungspauschale in Rechnung gestellt. Diese liegt nach Umfang des Schaden zwischen 200,- und 1.000,- \u20ac.<\/p>\n<p style=\"text-align: left;\">3. Haustiere: Aus R\u00fccksicht auf andere G\u00e4ste und m\u00f6gliche Allergien sind in unserer Ferienwohnung keine Haustiere erlaubt. Wir hoffen auf euer Verst\u00e4ndnis.<\/p>\n<p style=\"text-align: left;\">4. M\u00fcllentsorgung: Leider verf\u00fcgt Palermo derzeit weder \u00fcber eine M\u00fcllabfuhr, noch \u00fcber eine M\u00fclltrennung. Den M\u00fcll kannst Du an den bereitgestellten Containern an der Porta Sant Agatha entsorgen. Die genaue Lage k\u00f6nnt ihr im digitalen Stadtplan finden.<\/p>\n<p style=\"text-align: left;\">5. Maximale Anzahl der \u00dcbernachtungsg\u00e4ste: Die erlaubte Anzahl der \u00dcbernachtungsg\u00e4ste entspricht der gebuchten Anzahl, maximal jedoch vier Personen. Selbstverst\u00e4ndlich sind Besucher erlaubt, jedoch ist die Ferienwohnung keine Partylocation. Wir bitten euch um R\u00fccksichtnahme und eine ruhige Atmosph\u00e4re, um insbesondere den n\u00e4chtlichen Frieden im Ballar\u00f2-Viertel zu bewahren.<\/p>\n<p style=\"text-align: left;\">6. Schadens- und Haftungsregelung: Wir m\u00f6chten euch darauf hinweisen, dass im Falle von Besch\u00e4digungen oder Verlust von Gegenst\u00e4nden in der Ferienwohnung die Haftung beim Gast liegt. Wir werden unser Bestes tun, um etwaige Probleme zu beheben, m\u00f6chten jedoch darauf hinweisen, dass im rechtlichen Rahmen keine Haftung seitens des Vermieters besteht.<\/p>\n<p style=\"text-align: left;\">Wir sind zuversichtlich, dass ihr diese Punkte versteht und respektiert. Solltet ihr Fragen haben oder weitere Informationen ben\u00f6tigen, stehen wir euch gerne zur Verf\u00fcgung. Vielen Dank f\u00fcr euer Verst\u00e4ndnis und eure Mitwirkung bei der Wahrung eines angenehmen Aufenthalts in unserer Ferienwohnung.<\/p>\n<\/div><div class=\"fusion-image-element\" style=\"text-align:center;--awb-caption-title-font-family:var(--h2_typography-font-family);--awb-caption-title-font-weight:var(--h2_typography-font-weight);--awb-caption-title-font-style:var(--h2_typography-font-style);--awb-caption-title-size:var(--h2_typography-font-size);--awb-caption-title-transform:var(--h2_typography-text-transform);--awb-caption-title-line-height:var(--h2_typography-line-height);--awb-caption-title-letter-spacing:var(--h2_typography-letter-spacing);\"><span class=\"fusion-imageframe imageframe-none imageframe-39 hover-type-none\" style=\"border-radius:12px;\"><img decoding=\"async\" width=\"1024\" height=\"576\" src=\"data:image\/svg+xml,%3Csvg%20xmlns%3D%27http%3A%2F%2Fwww.w3.org%2F2000%2Fsvg%27%20width%3D%272560%27%20height%3D%271440%27%20viewBox%3D%270%200%202560%201440%27%3E%3Crect%20width%3D%272560%27%20height%3D%271440%27%20fill-opacity%3D%220%22%2F%3E%3C%2Fsvg%3E\" data-orig-src=\"https:\/\/palazzovetrano.it\/wp-content\/uploads\/2023\/10\/Palermo-Blu-Centro-Storico-Ballaro-Pallazzo-Vertrano-Casa-Vacanza00006-1024x576.jpg\" alt class=\"lazyload img-responsive wp-image-1469\"\/><\/span><\/div><div class=\"fusion-text fusion-text-56\"><h2 class=\"fusion-responsive-typography-calculated\" style=\"text-align: center; --fontsize: 33; line-height: 1.3;\" data-fontsize=\"33\" data-lineheight=\"42.9px\"><\/h2>\n<h2 class=\"fusion-responsive-typography-calculated\" style=\"text-align: center; --fontsize: 33; line-height: 1.3;\" data-fontsize=\"33\" data-lineheight=\"42.9px\">Einkaufsm\u00f6glichkeiten<\/h2>\n<p style=\"text-align: left;\">In direkter N\u00e4he zur Ferienwohnung findest du alles, was du f\u00fcr den t\u00e4glichen Bedarf ben\u00f6tigst: Kaffeegesch\u00e4ft, Konditorei &amp; Gelato, Apotheke, kostenfreie \u00f6ffentliche Parkpl\u00e4tze, B\u00e4cker, Mini-Markt, Geldautomat und vieles mehr. Alles ist nur einen Katzensprung entfernt, damit du dich wie ein echter Palermitano f\u00fchlen kannst.<\/p>\n<p style=\"text-align: left;\">Unser digitaler Palermo Stadtplan stellt dir alle wichtigen Infos, ultimativen Tipps und interessanten Details zur Verf\u00fcgung. So hast du immer alles Wichtige griffbereit auf deinem Handy.<\/p>\n<\/div><div class=\"fusion-text fusion-text-57\"><h3 class=\"\" style=\"text-align: center;\" data-fontsize=\"28\" data-lineheight=\"36.4px\">Ballar\u00f2<\/h3>\n<p style=\"text-align: left;\">Und jetzt zum Highlight deines Aufenthalts: Der Ballar\u00f2-Markt! Nur wenige Schritte von deiner Haust\u00fcr entfernt, befindet sich dieses pulsierende Herz des lebhaften Altstadtviertels Albergheria. Der Ballar\u00f2 ist nicht irgendein Markt, er ist eine Zeitreise in die Vergangenheit. Seit \u00fcber 1.000 Jahren versorgt er die Einwohner Palermos mit fangfrischem Fisch, Meeresfr\u00fcchten, k\u00f6stlichem K\u00e4se, herzhafter Wurst, saftigem Fleisch, duftendem Brot, frischem Gem\u00fcse, s\u00fc\u00dfem Obst, aromatischen Kr\u00e4utern und Pflanzen. Tauche ein in die lebhafte Atmosph\u00e4re.<\/p>\n<p style=\"text-align: left;\">Weitere Informationen zum pulsierenden Ballar\u00f2-Markt, dem historischen Centro Storico und der faszinierenden Palermo Street Art findest du in unserem digitalen Stadtplan und in den verlinkten Blogbeitr\u00e4gen. Hol dir alle Insider-Tipps und mach dich bereit f\u00fcr unvergessliche Erlebnisse!<\/p>\n<p style=\"text-align: left;\">Palermo ruft nach dir. Bist du bereit, seine Geheimnisse zu entdecken? Lass den Spa\u00df beginnen!<\/p>\n<\/div><div class=\"fusion-image-element\" style=\"text-align:center;--awb-caption-title-font-family:var(--h2_typography-font-family);--awb-caption-title-font-weight:var(--h2_typography-font-weight);--awb-caption-title-font-style:var(--h2_typography-font-style);--awb-caption-title-size:var(--h2_typography-font-size);--awb-caption-title-transform:var(--h2_typography-text-transform);--awb-caption-title-line-height:var(--h2_typography-line-height);--awb-caption-title-letter-spacing:var(--h2_typography-letter-spacing);\"><span class=\"fusion-imageframe imageframe-none imageframe-40 hover-type-none\" style=\"border-radius:12px;\"><img decoding=\"async\" width=\"1024\" height=\"576\" src=\"https:\/\/palazzovetrano.it\/wp-content\/uploads\/2023\/10\/Ballaro-Palermo-60.jpg\" data-orig-src=\"https:\/\/palazzovetrano.it\/wp-content\/uploads\/2023\/10\/Ballaro-Palermo-60-1024x576.jpg\" alt class=\"lazyload img-responsive wp-image-1229\" srcset=\"data:image\/svg+xml,%3Csvg%20xmlns%3D%27http%3A%2F%2Fwww.w3.org%2F2000%2Fsvg%27%20width%3D%271920%27%20height%3D%271080%27%20viewBox%3D%270%200%201920%201080%27%3E%3Crect%20width%3D%271920%27%20height%3D%271080%27%20fill-opacity%3D%220%22%2F%3E%3C%2Fsvg%3E\" data-srcset=\"https:\/\/palazzovetrano.it\/wp-content\/uploads\/2023\/10\/Ballaro-Palermo-60-200x113.jpg 200w, https:\/\/palazzovetrano.it\/wp-content\/uploads\/2023\/10\/Ballaro-Palermo-60-400x225.jpg 400w, https:\/\/palazzovetrano.it\/wp-content\/uploads\/2023\/10\/Ballaro-Palermo-60-600x338.jpg 600w, https:\/\/palazzovetrano.it\/wp-content\/uploads\/2023\/10\/Ballaro-Palermo-60-800x450.jpg 800w, https:\/\/palazzovetrano.it\/wp-content\/uploads\/2023\/10\/Ballaro-Palermo-60-1200x675.jpg 1200w, https:\/\/palazzovetrano.it\/wp-content\/uploads\/2023\/10\/Ballaro-Palermo-60.jpg 1920w\" data-sizes=\"auto\" data-orig-sizes=\"(max-width: 800px) 100vw, 800px\" \/><\/span><\/div><div class=\"fusion-text fusion-text-58 fusion-text-no-margin\" style=\"--awb-content-alignment:left;\"><h3 class=\"fusion-responsive-typography-calculated\" style=\"--fontsize: 28; line-height: 1.3;\" data-fontsize=\"28\" data-lineheight=\"36.4px\"><\/h3>\n<h3 class=\"fusion-responsive-typography-calculated\" style=\"--fontsize: 28; line-height: 1.3;\" data-fontsize=\"28\" data-lineheight=\"36.4px\">Andenken<\/h3>\n<p style=\"text-align: left;\">Das Beste kommt zum Schluss? Damit du die Erinnerungen an deinen Aufenthalt in Palermo lebendig halten kannst sind Andenken perfekt. Wir haben diese Wohnung mit viel Liebe zum Detail eingerichtet. Falls Du hierbei schon auf Ideen gesto\u00dfen bist, sag gern Bescheid. Sicher haben wir ein paar Tipps, wo auch du passende Andenken finden kannst. Hier schon mal vorab ein paar Anregungen:<\/p>\n<p style=\"text-align: left;\">Souvenirgesch\u00e4fte: Palermo bietet eine Vielzahl von Souvenirgesch\u00e4ften, in denen du lokale Handwerkskunst, typische Produkte und Erinnerungsst\u00fccke finden kannst.<\/p>\n<p style=\"text-align: left;\">M\u00e4rkte: Besuche einen der M\u00e4rkte in Palermo, wie den Vucciria-Markt, den Mercato di Ballar\u00f2 oder den Mercato delle Pulci (Flohmarkt).<\/p>\n<p style=\"text-align: left;\">Handwerker: Palermo ist bekannt f\u00fcr sein traditionelles Handwerk. Mach einen Spaziergang durch die Stadt und entdecke kleine Werkst\u00e4tten, in denen K\u00fcnstler und Handwerker einzigartige Kunstwerke, Skulpturen, Malereien oder Keramik herstellen. Du kannst direkt bei ihnen einkaufen und somit lokale Kunst unterst\u00fctzen.<\/p>\n<p style=\"text-align: left;\">Boutique-L\u00e4den: In den Vierteln der Stadt findest du auch einige Boutique-L\u00e4den, die exklusive und individuelle Produkte anbieten. Hier kannst du handgefertigten Schmuck, Designerkleidung oder Kunstwerke entdecken, die das authentische Flair Palermos widerspiegeln.<\/p>\n<p style=\"text-align: left;\">Gastronomische Spezialit\u00e4ten: Palermo ist f\u00fcr seine k\u00f6stliche sizilianische K\u00fcche bekannt. Nimm ein St\u00fcck Palermo mit nach Hause, indem du lokale Spezialit\u00e4ten wie sizilianisches Geb\u00e4ck, Oliven\u00f6l, Wein, getrocknete Tomaten oder Gew\u00fcrze erwirbst. Diese Produkte kannst du in Delikatessengesch\u00e4ften oder Feinkostl\u00e4den finden.<\/p>\n<p style=\"text-align: left;\">Dir haben es die bunten Schaffelle, Kissen, Lampen, sowie die antiken Sport Accessoires aus unserer Wohnung angetan? Diese stammen zwar nicht aus Palermo, sind sicher dennoch eine sch\u00f6ne Erinnerung.<\/p>\n<p style=\"text-align: left;\">Unsere nach Deutschland mitzunehmen w\u00e4re nicht nur Diebstahl, sondern auch Eulen nach Athen tragen. Frag lieber jemand, der sich damit auskennt. <a href=\"https:\/\/www.wohnrevier.com\/\" target=\"_blank\" rel=\"noopener\">Judith<\/a> aus Essen hat nicht nur ein wundersch\u00f6nes Ladengesch\u00e4ft, eine kompetente Beratung, sondern auch einen <a href=\"https:\/\/www.wohnrevier.com\/\" target=\"_blank\" rel=\"noopener\">Internetshop<\/a>.<\/p>\n<p style=\"text-align: left;\">Beim Kauf von Andenken empfehlen wir Dir ansonsten, auf lokale Produkte und Handwerkskunst zu achten, um die \u00f6rtliche Wirtschaft zu unterst\u00fctzen und ein St\u00fcck der einzigartigen Kultur Palermos mit nach Hause zu nehmen. Denk daran, dass es nicht nur eine sch\u00f6ne Erinnerung an deine Reise ist, sondern auch dazu beitr\u00e4gt, das kulturelle Erbe und die Handwerkskunst der Stadt zu bewahren.<\/p>\n<p style=\"text-align: left;\">Etliche Tipps findest Du in unserem Digitalen Stadtplan. Wenn du ein besonders sch\u00f6nes St\u00fcck in einem Gesch\u00e4ft findest, welches noch nicht aufgef\u00fchrt ist, lass es uns wissen. Wir hoffen, dass dir diese Tipps helfen, das perfekte Andenken zu finden, das dich an deinen Aufenthalt in Palermo erinnert. Genie\u00dfe deinen Besuch und nimm ein St\u00fcck der sizilianischen Kultur mit nach Hause.<\/p>\n<p>&nbsp;<\/p>\n<h2 class=\"fusion-responsive-typography-calculated\" style=\"--fontsize: 33; line-height: 1.3; text-align: center;\" data-fontsize=\"33\" data-lineheight=\"42.9px\">Verl\u00e4ngerung<\/h2>\n<p style=\"text-align: left;\">Du kannst gar nicht genug bekommen und m\u00f6chtest spontan l\u00e4nger bleiben?<\/p>\n<p style=\"text-align: left;\">Frag einfach bei solemar sicilia an, ob die Wohnung frei ist.<\/p>\n<p style=\"text-align: left;\"><b>Wir w\u00fcnschen dir einen angenehmen Aufenthalt und stehen dir bei Fragen oder Anliegen gerne zur Verf\u00fcgung. Genie\u00dfe deinen Aufenthalt in Palermo und erkunde die faszinierende Altstadt mit all ihren Sehensw\u00fcrdigkeiten!<\/b><\/p>\n<\/div><div class=\"fusion-text fusion-text-59 fusion-no-medium-visibility fusion-no-large-visibility fusion-text-no-margin\" style=\"--awb-content-alignment:center;\"><p>\u8fd9\u95f4\u72ec\u7279\u7684\u516c\u5bd3\u7edd\u5bf9\u4e0d\u662f\u666e\u901a\u7684\u516c\u5bd3\u3002\u8ddd\u79bb\u8457\u540d\u7684\u5df4\u62c9\u6d1b\u5e02\u573a\uff08Mercato di Ballar\u00f2\uff09\u4ec5\u4e00\u7bad\u4e4b\u9065\uff0c\u8fd9\u5957\u8ff7\u4eba\u7684\u5ea6\u5047\u516c\u5bd3\u4ee5\u5176\u7cbe\u5fc3\u7684\u8bbe\u8ba1\u7ed9\u4eba\u7559\u4e0b\u4e86\u6df1\u523b\u7684\u5370\u8c61\u3002\u4f46\u4e3a\u4ec0\u4e48\u8981\u5c06\u5c31\u5462\uff1f<\/p>\n<p>\u8fd9\u5ea7\u5e84\u4e25\u5bab\u6bbf\u7684\u5185\u90e8\u5df2\u88ab\u5b8c\u5168\u7ffb\u4fee\u4e00\u65b0\uff0c\u6253\u9020\u51fa\u73b0\u4ee3\u3001\u660e\u4eae\u7684\u516c\u5bd3\u3002\u9ad8\u8d28\u91cf\u7684 Palazzo Vertrano \u5ea6\u5047\u516c\u5bd3\u5360\u5730\u8fd1 100 \u5e73\u65b9\u7c73\uff0c\u5305\u62ec\u4e24\u95f4\u5bbd\u655e\u7684\u5367\u5ba4\uff08\u6bcf\u95f4\u5367\u5ba4\u90fd\u6709\u4e00\u5f20\u5927\u53cc\u4eba\u5e8a\uff09\u3001\u4e00\u95f4\u529f\u80fd\u9f50\u5168\u7684\u53a8\u623f\u3001\u4e00\u95f4\u6dcb\u6d74\u5ba4\u548c\u4e00\u4e2a\u79c1\u4eba\u4e2d\u5ead\u5f0f\u9732\u53f0\uff0c\u662f\u5df4\u52d2\u83ab\u5145\u6ee1\u6d3b\u529b\u7684\u8001\u57ce\u4e2d\u5fc3\u7684\u4e00\u5904\u5b81\u9759\u4e4b\u6240\u3002<\/p>\n<\/div><\/div><\/div><\/div><\/div><div class=\"fusion-fullwidth fullwidth-box fusion-builder-row-3 fusion-flex-container has-pattern-background has-mask-background nonhundred-percent-fullwidth non-hundred-percent-height-scrolling\" style=\"--awb-background-position:left center;--awb-border-radius-top-left:0px;--awb-border-radius-top-right:0px;--awb-border-radius-bottom-right:0px;--awb-border-radius-bottom-left:0px;--awb-padding-top:130px;--awb-padding-bottom:130px;--awb-padding-top-medium:90px;--awb-padding-bottom-medium:90px;--awb-background-color:var(--awb-color1);--awb-flex-wrap:wrap;\" ><div class=\"fusion-builder-row fusion-row fusion-flex-align-items-flex-start fusion-flex-justify-content-center fusion-flex-content-wrap\" style=\"max-width:calc( 1200px + 0px );margin-left: calc(-0px \/ 2 );margin-right: calc(-0px \/ 2 );\"><div class=\"fusion-layout-column fusion_builder_column fusion-builder-column-3 fusion_builder_column_1_1 1_1 fusion-flex-column\" style=\"--awb-bg-size:cover;--awb-width-large:100%;--awb-margin-top-large:60px;--awb-spacing-right-large:0;--awb-margin-bottom-large:60px;--awb-spacing-left-large:0;--awb-width-medium:100%;--awb-order-medium:0;--awb-spacing-right-medium:0;--awb-spacing-left-medium:0;--awb-width-small:100%;--awb-order-small:0;--awb-spacing-right-small:0;--awb-spacing-left-small:0;\"><div class=\"fusion-column-wrapper fusion-column-has-shadow fusion-flex-justify-content-flex-start fusion-content-layout-column\"><div class=\"fusion-title title fusion-title-4 fusion-sep-none fusion-title-center fusion-title-text fusion-title-size-two\" style=\"--awb-text-color:var(--awb-color8);--awb-margin-bottom:20px;\"><h2 class=\"fusion-title-heading title-heading-center\" style=\"margin:0;text-transform:none;\"><div class=\"page\" title=\"\u7b2c 3 \u9875\">\n<div class=\"layoutArea\">\n<div class=\"column\">Videos<\/div>\n<\/div>\n<\/div><\/h2><\/div><div class=\"fusion-text fusion-text-60 fusion-text-no-margin\" style=\"--awb-content-alignment:center;--awb-margin-right:20%;--awb-margin-bottom:30px;--awb-margin-left:20%;\"><p>Entdecke die Stadt.<\/p>\n<\/div><\/div><\/div><div class=\"fusion-layout-column fusion_builder_column fusion-builder-column-4 fusion_builder_column_1_2 1_2 fusion-flex-column\" style=\"--awb-padding-top:10px;--awb-padding-right:10px;--awb-padding-bottom:50px;--awb-padding-left:10px;--awb-bg-size:cover;--awb-width-large:50%;--awb-margin-top-large:0px;--awb-spacing-right-large:0;--awb-margin-bottom-large:20px;--awb-spacing-left-large:0;--awb-width-medium:50%;--awb-order-medium:0;--awb-spacing-right-medium:0;--awb-spacing-left-medium:0;--awb-width-small:100%;--awb-order-small:0;--awb-spacing-right-small:0;--awb-spacing-left-small:0;\"><div class=\"fusion-column-wrapper fusion-column-has-shadow fusion-flex-justify-content-center fusion-content-layout-column\"><div class=\"fusion-video fusion-youtube\" style=\"--awb-max-width:600px;--awb-max-height:360px;--awb-align-self:center;--awb-width:100%;\"><div class=\"video-shortcode\"><lite-youtube videoid=\"m3an7Xkj5YE\" class=\"landscape\" params=\"wmode=transparent&autoplay=1&enablejsapi=1\" title=\"YouTube \u89c6\u9891\u64ad\u653e\u5668 2\" width=\"600\" height=\"360\"><\/lite-youtube><\/div><\/div><\/div><\/div><div class=\"fusion-layout-column fusion_builder_column fusion-builder-column-5 fusion_builder_column_1_2 1_2 fusion-flex-column\" style=\"--awb-padding-top:10px;--awb-padding-right:10px;--awb-padding-bottom:50px;--awb-padding-left:10px;--awb-bg-size:cover;--awb-width-large:50%;--awb-margin-top-large:0px;--awb-spacing-right-large:0;--awb-margin-bottom-large:20px;--awb-spacing-left-large:0;--awb-width-medium:50%;--awb-order-medium:0;--awb-spacing-right-medium:0;--awb-spacing-left-medium:0;--awb-width-small:100%;--awb-order-small:0;--awb-spacing-right-small:0;--awb-spacing-left-small:0;\"><div class=\"fusion-column-wrapper fusion-column-has-shadow fusion-flex-justify-content-flex-start fusion-content-layout-column\"><div class=\"fusion-video fusion-youtube\" style=\"--awb-max-width:600px;--awb-max-height:360px;--awb-align-self:center;--awb-width:100%;\"><div class=\"video-shortcode\"><lite-youtube videoid=\"OVRKLJYWnGA\" class=\"landscape\" params=\"wmode=transparent&autoplay=1&enablejsapi=1\" title=\"YouTube \u89c6\u9891\u64ad\u653e\u5668 3\" width=\"600\" height=\"360\"><\/lite-youtube><\/div><\/div><\/div><\/div><div class=\"fusion-layout-column fusion_builder_column fusion-builder-column-6 fusion_builder_column_1_1 1_1 fusion-flex-column\" style=\"--awb-bg-size:cover;--awb-width-large:100%;--awb-margin-top-large:60px;--awb-spacing-right-large:0;--awb-margin-bottom-large:60px;--awb-spacing-left-large:0;--awb-width-medium:100%;--awb-order-medium:0;--awb-spacing-right-medium:0;--awb-spacing-left-medium:0;--awb-width-small:100%;--awb-order-small:0;--awb-spacing-right-small:0;--awb-spacing-left-small:0;\"><div class=\"fusion-column-wrapper fusion-column-has-shadow fusion-flex-justify-content-flex-start fusion-content-layout-column\"><i class=\"fb-icon-element-1 fb-icon-element fontawesome-icon fa-map-marker-alt fas circle-yes\" style=\"--awb-circlecolor:var(--awb-custom_color_4);--awb-circlecolor-hover:var(--awb-custom_color_4);--awb-circlebordercolor-hover:var(--awb-color8);--awb-circlebordersize:0px;--awb-font-size:28.16px;--awb-width:56.32px;--awb-height:56.32px;--awb-line-height:56.32px;--awb-margin-top:0;--awb-margin-right:0;--awb-margin-bottom:0;--awb-margin-left:0;--awb-align-self:center;\"><\/i><div class=\"fusion-title title fusion-title-5 fusion-sep-none fusion-title-center fusion-title-text fusion-title-size-two\" style=\"--awb-text-color:var(--awb-color8);--awb-margin-bottom:20px;\"><h2 class=\"fusion-title-heading title-heading-center\" style=\"margin:0;text-transform:none;\"><div class=\"page\" title=\"\u7b2c 3 \u9875\">\n<div class=\"layoutArea\">\n<div class=\"column\">\n<p>\u5730\u5740\u548c\u5730\u70b9<\/p>\n<\/div>\n<\/div>\n<\/div><\/h2><\/div><div class=\"fusion-text fusion-text-61 fusion-text-no-margin\" style=\"--awb-content-alignment:center;--awb-margin-right:20%;--awb-margin-bottom:30px;--awb-margin-left:20%;\"><p>Via delle Pergole 87<\/p>\n<p>90134 \u5df4\u52d2\u83ab\u5bbe\u5915\u6cd5\u5c3c\u4e9a\u5dde<\/p>\n<p>\u610f\u5927\u5229 ??<\/p>\n<\/div><div class=\"awb-openstreet-map awb-openstreet-map-1\" data-map-style=\"osm-carto\" data-map-type=\"marker\" data-zoom=\"14\" data-zoomsnap=\"1\" data-zoomcontrol=\"1\" data-scrollwheelzoom=\"1\" data-dragging=\"1\" data-touchzoom=\"1\" data-dbclickzoom=\"1\" data-fitbounds=\"1\" data-shape-color=\"rgba(188,63,49,1)\" data-shape-weight=\"3\"><div class=\"awb-openstreet-map-marker awb-openstreet-map-marker-1\" data-latitude=\"38.110286\" data-longitude=\"13.361977\" data-icon=\"fa-map-marker-alt fas\" data-action=\"popup\"><div class=\"awb-openstreet-map-marker-icon-wrapper awb-openstreet-map-marker-anim-pulsating\" style=\"--awb-background-color:var(--awb-custom_color_1);--awb-hover-background-color:var(--awb-custom_color_3);\"><i class=\"fa-map-marker-alt fas\"><\/i><\/div><div class=\"awb-openstreet-map-content-wrapper\"><h5 class=\"awb-openstreet-map-marker-title\">Palazzo Vetrano \u516c\u5bd3<\/h5><div class=\"awb-openstreet-map-marker-content\">Via delle Pergole 87\n90134 \u5df4\u52d2\u83ab PA<\/div><\/div><\/div><\/div><\/div><\/div><\/div><\/div><\/p>","protected":false},"excerpt":{"rendered":"","protected":false},"author":1,"featured_media":0,"parent":0,"menu_order":0,"comment_status":"closed","ping_status":"closed","template":"100-width.php","meta":{"inline_featured_image":false,"footnotes":""},"class_list":["post-1168","page","type-page","status-publish","hentry"],"_links":{"self":[{"href":"https:\/\/palazzovetrano.it\/zh\/wp-json\/wp\/v2\/pages\/1168","targetHints":{"allow":["GET"]}}],"collection":[{"href":"https:\/\/palazzovetrano.it\/zh\/wp-json\/wp\/v2\/pages"}],"about":[{"href":"https:\/\/palazzovetrano.it\/zh\/wp-json\/wp\/v2\/types\/page"}],"author":[{"embeddable":true,"href":"https:\/\/palazzovetrano.it\/zh\/wp-json\/wp\/v2\/users\/1"}],"replies":[{"embeddable":true,"href":"https:\/\/palazzovetrano.it\/zh\/wp-json\/wp\/v2\/comments?post=1168"}],"version-history":[{"count":284,"href":"https:\/\/palazzovetrano.it\/zh\/wp-json\/wp\/v2\/pages\/1168\/revisions"}],"predecessor-version":[{"id":2694,"href":"https:\/\/palazzovetrano.it\/zh\/wp-json\/wp\/v2\/pages\/1168\/revisions\/2694"}],"wp:attachment":[{"href":"https:\/\/palazzovetrano.it\/zh\/wp-json\/wp\/v2\/media?parent=1168"}],"curies":[{"name":"wp","href":"https:\/\/api.w.org\/{rel}","templated":true}]}}