{"id":1168,"date":"2023-10-10T08:25:29","date_gmt":"2023-10-10T08:25:29","guid":{"rendered":"https:\/\/palazzovetrano.it\/?page_id=1168"},"modified":"2025-08-11T15:35:53","modified_gmt":"2025-08-11T13:35:53","slug":"guest-information-all-you-need-to-know","status":"publish","type":"page","link":"https:\/\/palazzovetrano.it\/it\/ospite-informazioni-tutto-il-necessario-sapere\/","title":{"rendered":"Informazioni per gli ospiti - Tutto quello che c'\u00e8 da sapere"},"content":{"rendered":"<p><div class=\"fusion-fullwidth fullwidth-box fusion-builder-row-1 fusion-flex-container has-pattern-background has-mask-background hundred-percent-fullwidth non-hundred-percent-height-scrolling\" style=\"--awb-border-radius-top-left:0px;--awb-border-radius-top-right:0px;--awb-border-radius-bottom-right:0px;--awb-border-radius-bottom-left:0px;--awb-padding-right:0px;--awb-padding-left:0px;--awb-flex-wrap:wrap;\" ><div class=\"fusion-builder-row fusion-row fusion-flex-align-items-stretch fusion-flex-content-wrap\" style=\"width:calc( 100% + 0px ) !important;max-width:calc( 100% + 0px ) !important;margin-left: calc(-0px \/ 2 );margin-right: calc(-0px \/ 2 );\"><div class=\"fusion-layout-column fusion_builder_column fusion-builder-column-0 fusion-flex-column fusion-animated\" style=\"--awb-padding-top:4vw;--awb-padding-right:4vw;--awb-padding-bottom:4vw;--awb-padding-left:4vw;--awb-padding-top-medium:18vw;--awb-padding-right-medium:6vw;--awb-padding-bottom-medium:6vw;--awb-padding-left-medium:6vw;--awb-bg-color:var(--awb-color7);--awb-bg-color-hover:var(--awb-color7);--awb-bg-image:linear-gradient(180deg, hsla(var(--awb-color6-h),var(--awb-color6-s),var(--awb-color6-l),calc(var(--awb-color6-a) - 100%)) 19%,hsla(var(--awb-color6-h),var(--awb-color6-s),calc(var(--awb-color6-l) - 22%),calc(var(--awb-color6-a) - 23%)) 100%);;--awb-bg-position:center center;--awb-bg-size:cover;--awb-width-large:57%;--awb-margin-top-large:0px;--awb-spacing-right-large:0;--awb-margin-bottom-large:0px;--awb-spacing-left-large:0;--awb-width-medium:100%;--awb-order-medium:2;--awb-spacing-right-medium:0;--awb-spacing-left-medium:0;--awb-width-small:100%;--awb-order-small:1;--awb-spacing-right-small:0;--awb-spacing-left-small:0;\" data-animationtype=\"fadeIn\" data-animationduration=\"0.8\" data-animationoffset=\"top-into-view\"><div class=\"fusion-column-wrapper lazyload fusion-column-has-shadow fusion-flex-justify-content-flex-end fusion-content-layout-column fusion-column-has-bg-image\" data-bg-url=\"https:\/\/palazzovetrano.it\/wp-content\/uploads\/2023\/06\/26-Schlafen-1-Palermo-Blu-Centro-Storico-Ballaro-Pallazzo-Vertrano-Casa-Vacanza-00004-1-scaled.jpg\" data-bg=\"https:\/\/palazzovetrano.it\/wp-content\/uploads\/2023\/06\/26-Schlafen-1-Palermo-Blu-Centro-Storico-Ballaro-Pallazzo-Vertrano-Casa-Vacanza-00004-1-scaled.jpg\" data-bg-gradient=\"linear-gradient(180deg, hsla(var(--awb-color6-h),var(--awb-color6-s),var(--awb-color6-l),calc(var(--awb-color6-a) - 100%)) 19%,hsla(var(--awb-color6-h),var(--awb-color6-s),calc(var(--awb-color6-l) - 22%),calc(var(--awb-color6-a) - 23%)) 100%)\"><div class=\"fusion-title title fusion-title-1 fusion-sep-none fusion-title-text fusion-title-size-two\" style=\"--awb-text-color:var(--awb-color1);--awb-margin-bottom:10px;\"><h2 class=\"fusion-title-heading title-heading-left\" style=\"margin:0;\">Benvenuti<\/h2><\/div><div class=\"fusion-text fusion-text-1 fusion-no-small-visibility fusion-no-medium-visibility fusion-text-no-margin\" style=\"--awb-text-color:var(--awb-color1);--awb-margin-right:20%;--awb-margin-bottom:50px;\"><p>Benvenuti a Palazzo Vetrano, il nostro esclusivo appartamento per vacanze sostenibili. Siamo lieti che abbiate scelto questo rifugio. Vi trovate nell'emozionante centro storico di Palermo, il cosiddetto Centro Storico. Pi\u00f9 precisamente, nel quartiere antico dell'Albergheria e quindi direttamente al mercato storico di Ballar\u00f2.<\/p>\n<\/div><\/div><\/div><div class=\"fusion-layout-column fusion_builder_column fusion-builder-column-1 fusion-flex-column fusion-animated\" style=\"--awb-padding-top:6vw;--awb-padding-right:6vw;--awb-padding-bottom:6vw;--awb-padding-left:6vw;--awb-padding-top-medium:9vw;--awb-padding-bottom-medium:9vw;--awb-padding-top-small:60px;--awb-padding-right-small:60px;--awb-padding-bottom-small:60px;--awb-padding-left-small:60px;--awb-bg-color:var(--awb-custom_color_3);--awb-bg-color-hover:var(--awb-custom_color_3);--awb-bg-image:linear-gradient(180deg, hsla(var(--awb-color1-h),var(--awb-color1-s),var(--awb-color1-l),calc(var(--awb-color1-a) - 75%)) 0%,hsla(var(--awb-custom_color_3-h),var(--awb-custom_color_3-s),var(--awb-custom_color_3-l),calc(var(--awb-custom_color_3-a) - 10%)) 100%);;--awb-bg-position:center center;--awb-bg-size:cover;--awb-width-large:43%;--awb-margin-top-large:0px;--awb-spacing-right-large:0;--awb-margin-bottom-large:0px;--awb-spacing-left-large:0;--awb-width-medium:100%;--awb-order-medium:0;--awb-spacing-right-medium:0;--awb-spacing-left-medium:0;--awb-width-small:100%;--awb-order-small:0;--awb-spacing-right-small:0;--awb-spacing-left-small:0;\" data-animationtype=\"fadeIn\" data-animationduration=\"0.8\" data-animationoffset=\"top-into-view\"><div class=\"fusion-column-wrapper lazyload fusion-column-has-shadow fusion-flex-justify-content-flex-start fusion-content-layout-column fusion-column-has-bg-image\" data-bg-url=\"https:\/\/palazzovetrano.it\/wp-content\/uploads\/2023\/06\/33-LA-CALA-nur-ca.-14-Kilometer-entfernt-Palermo-Blu-Centro-Storico-Pallazzo-Vertrano-Casa-Vacanza-00008-1-scaled.jpg\" data-bg=\"https:\/\/palazzovetrano.it\/wp-content\/uploads\/2023\/06\/33-LA-CALA-nur-ca.-14-Kilometer-entfernt-Palermo-Blu-Centro-Storico-Pallazzo-Vertrano-Casa-Vacanza-00008-1-scaled.jpg\" data-bg-gradient=\"linear-gradient(180deg, hsla(var(--awb-color1-h),var(--awb-color1-s),var(--awb-color1-l),calc(var(--awb-color1-a) - 75%)) 0%,hsla(var(--awb-custom_color_3-h),var(--awb-custom_color_3-s),var(--awb-custom_color_3-l),calc(var(--awb-custom_color_3-a) - 10%)) 100%)\"><div class=\"fusion-title title fusion-title-2 fusion-sep-none fusion-title-text fusion-title-size-one\" style=\"--awb-text-color:#ffffff;--awb-margin-right:15%;--awb-margin-bottom:25px;--awb-margin-top-medium:0px;--awb-margin-right-medium:0px;--awb-font-size:40px;\"><h1 class=\"fusion-title-heading title-heading-left md-text-align-center\" style=\"margin:0;font-size:1em;line-height:1.2;\">Cartella ospiti<\/h1><\/div><div class=\"fusion-text fusion-text-2 fusion-no-small-visibility fusion-text-no-margin\" style=\"--awb-text-color:var(--awb-color1);--awb-margin-right:20%;--awb-margin-bottom:50px;\"><p><span style=\"color: #ffffff;\"><b>Siamo certi che presto vorrete esplorare il centro storico. E vi promettiamo fin d'ora che l'avventura palermitana vale la pena. <\/b><\/span>C'\u00e8 molto da scoprire. Potete trovare consigli per il vostro viaggio in citt\u00e0 nei post collegati e nella nostra mappa digitale della citt\u00e0. Questa si basa su Google Maps. Potete semplicemente aprire il link sul vostro cellulare o condividerlo. Cos\u00ec avrete una mappa digitale della citt\u00e0 con voi ovunque andiate.<\/p>\n<\/div><div class=\"fusion-video fusion-youtube fusion-no-small-visibility\" style=\"--awb-max-width:600px;--awb-max-height:360px;--awb-align-self:center;--awb-width:100%;\"><div class=\"video-shortcode\"><lite-youtube videoid=\"evMxHaXQd2A\" class=\"landscape\" params=\"wmode=transparent&autoplay=1&enablejsapi=1\" title=\"Lettore video YouTube 1\" width=\"600\" height=\"360\"><\/lite-youtube><\/div><\/div><\/div><\/div><\/div><\/div><div class=\"fusion-fullwidth fullwidth-box fusion-builder-row-2 fusion-flex-container has-pattern-background has-mask-background fusion-parallax-none nonhundred-percent-fullwidth non-hundred-percent-height-scrolling lazyload fusion-animated fusion-custom-z-index\" style=\"--awb-background-position:left center;--awb-border-radius-top-left:0px;--awb-border-radius-top-right:0px;--awb-border-radius-bottom-right:0px;--awb-border-radius-bottom-left:0px;--awb-z-index:9;--awb-padding-top:130px;--awb-padding-bottom:80px;--awb-padding-top-medium:90px;--awb-background-size:cover;--awb-flex-wrap:wrap;\" data-bg=\"https:\/\/palazzovetrano.it\/wp-content\/uploads\/2022\/12\/bg.svg\" data-animationtype=\"fadeInDown\" data-animationduration=\"0.8\" data-animationdelay=\"0.4\" data-animationoffset=\"top-into-view\" ><div class=\"fusion-builder-row fusion-row fusion-flex-align-items-flex-start fusion-flex-content-wrap\" style=\"max-width:1248px;margin-left: calc(-4% \/ 2 );margin-right: calc(-4% \/ 2 );\"><div class=\"fusion-layout-column fusion_builder_column fusion-builder-column-2 fusion_builder_column_1_1 1_1 fusion-flex-column\" style=\"--awb-padding-right:20%;--awb-padding-left:20%;--awb-bg-size:cover;--awb-width-large:100%;--awb-margin-top-large:0px;--awb-spacing-right-large:1.92%;--awb-margin-bottom-large:0px;--awb-spacing-left-large:1.92%;--awb-width-medium:100%;--awb-order-medium:0;--awb-spacing-right-medium:1.92%;--awb-spacing-left-medium:1.92%;--awb-width-small:100%;--awb-order-small:0;--awb-spacing-right-small:1.92%;--awb-spacing-left-small:1.92%;\"><div class=\"fusion-column-wrapper fusion-column-has-shadow fusion-flex-justify-content-flex-start fusion-content-layout-column\"><div class=\"fusion-image-element\" style=\"text-align:center;--awb-max-width:80px;--awb-caption-title-font-family:var(--h2_typography-font-family);--awb-caption-title-font-weight:var(--h2_typography-font-weight);--awb-caption-title-font-style:var(--h2_typography-font-style);--awb-caption-title-size:var(--h2_typography-font-size);--awb-caption-title-transform:var(--h2_typography-text-transform);--awb-caption-title-line-height:var(--h2_typography-line-height);--awb-caption-title-letter-spacing:var(--h2_typography-letter-spacing);\"><span class=\"fusion-imageframe imageframe-none imageframe-1 hover-type-none\" style=\"border-radius:12px;\"><img decoding=\"async\" width=\"1042\" height=\"1042\" alt=\"Cupido\" title=\"Icona - PNG Sfondo trasparente\" src=\"https:\/\/palazzovetrano.it\/wp-content\/uploads\/2023\/06\/Icon-PNG-Transparent-background-1.png\" data-orig-src=\"https:\/\/palazzovetrano.it\/wp-content\/uploads\/2023\/06\/Icon-PNG-Transparent-background-1.png\" class=\"lazyload img-responsive wp-image-911\" srcset=\"data:image\/svg+xml,%3Csvg%20xmlns%3D%27http%3A%2F%2Fwww.w3.org%2F2000%2Fsvg%27%20width%3D%271042%27%20height%3D%271042%27%20viewBox%3D%270%200%201042%201042%27%3E%3Crect%20width%3D%271042%27%20height%3D%271042%27%20fill-opacity%3D%220%22%2F%3E%3C%2Fsvg%3E\" data-srcset=\"https:\/\/palazzovetrano.it\/wp-content\/uploads\/2023\/06\/Icon-PNG-Transparent-background-1-200x200.png 200w, https:\/\/palazzovetrano.it\/wp-content\/uploads\/2023\/06\/Icon-PNG-Transparent-background-1-400x400.png 400w, https:\/\/palazzovetrano.it\/wp-content\/uploads\/2023\/06\/Icon-PNG-Transparent-background-1-600x600.png 600w, https:\/\/palazzovetrano.it\/wp-content\/uploads\/2023\/06\/Icon-PNG-Transparent-background-1-800x800.png 800w, https:\/\/palazzovetrano.it\/wp-content\/uploads\/2023\/06\/Icon-PNG-Transparent-background-1.png 1042w\" data-sizes=\"auto\" data-orig-sizes=\"(max-width: 800px) 100vw, 800px\" \/><\/span><\/div><div class=\"fusion-title title fusion-title-3 fusion-sep-none fusion-title-center fusion-title-text fusion-title-size-two\" style=\"--awb-margin-bottom-small:20px;\"><h2 class=\"fusion-title-heading title-heading-center\" style=\"margin:0;text-transform:none;\">Informazioni per gli ospiti<\/h2><\/div><div class=\"fusion-image-element\" style=\"text-align:center;--awb-margin-bottom:2rem;--awb-caption-title-font-family:var(--h2_typography-font-family);--awb-caption-title-font-weight:var(--h2_typography-font-weight);--awb-caption-title-font-style:var(--h2_typography-font-style);--awb-caption-title-size:var(--h2_typography-font-size);--awb-caption-title-transform:var(--h2_typography-text-transform);--awb-caption-title-line-height:var(--h2_typography-line-height);--awb-caption-title-letter-spacing:var(--h2_typography-letter-spacing);\"><span class=\"fusion-imageframe imageframe-none imageframe-2 hover-type-none\" style=\"border-radius:12px;\"><img decoding=\"async\" width=\"1024\" height=\"576\" alt=\"Tour fotografico di Palermo:\" src=\"https:\/\/palazzovetrano.it\/wp-content\/uploads\/2023\/06\/22-Fontana-Pretoria-Fontana-della-Vergogna-nur-750-Meter-entfernt-Palermo-Blu-Centro-Storico-Ballaro-Pallazzo-Vertrano-Casa-Vacanza00010-1-scaled.jpg\" data-orig-src=\"https:\/\/palazzovetrano.it\/wp-content\/uploads\/2023\/06\/22-Fontana-Pretoria-Fontana-della-Vergogna-nur-750-Meter-entfernt-Palermo-Blu-Centro-Storico-Ballaro-Pallazzo-Vertrano-Casa-Vacanza00010-1-1024x576.jpg\" class=\"lazyload img-responsive wp-image-987\" srcset=\"data:image\/svg+xml,%3Csvg%20xmlns%3D%27http%3A%2F%2Fwww.w3.org%2F2000%2Fsvg%27%20width%3D%272560%27%20height%3D%271440%27%20viewBox%3D%270%200%202560%201440%27%3E%3Crect%20width%3D%272560%27%20height%3D%271440%27%20fill-opacity%3D%220%22%2F%3E%3C%2Fsvg%3E\" data-srcset=\"https:\/\/palazzovetrano.it\/wp-content\/uploads\/2023\/06\/22-Fontana-Pretoria-Fontana-della-Vergogna-nur-750-Meter-entfernt-Palermo-Blu-Centro-Storico-Ballaro-Pallazzo-Vertrano-Casa-Vacanza00010-1-200x113.jpg 200w, https:\/\/palazzovetrano.it\/wp-content\/uploads\/2023\/06\/22-Fontana-Pretoria-Fontana-della-Vergogna-nur-750-Meter-entfernt-Palermo-Blu-Centro-Storico-Ballaro-Pallazzo-Vertrano-Casa-Vacanza00010-1-400x225.jpg 400w, https:\/\/palazzovetrano.it\/wp-content\/uploads\/2023\/06\/22-Fontana-Pretoria-Fontana-della-Vergogna-nur-750-Meter-entfernt-Palermo-Blu-Centro-Storico-Ballaro-Pallazzo-Vertrano-Casa-Vacanza00010-1-600x338.jpg 600w, https:\/\/palazzovetrano.it\/wp-content\/uploads\/2023\/06\/22-Fontana-Pretoria-Fontana-della-Vergogna-nur-750-Meter-entfernt-Palermo-Blu-Centro-Storico-Ballaro-Pallazzo-Vertrano-Casa-Vacanza00010-1-800x450.jpg 800w, https:\/\/palazzovetrano.it\/wp-content\/uploads\/2023\/06\/22-Fontana-Pretoria-Fontana-della-Vergogna-nur-750-Meter-entfernt-Palermo-Blu-Centro-Storico-Ballaro-Pallazzo-Vertrano-Casa-Vacanza00010-1-1200x675.jpg 1200w\" data-sizes=\"auto\" data-orig-sizes=\"(max-width: 800px) 100vw, 800px\" \/><\/span><\/div><div class=\"fusion-text fusion-text-3\" style=\"--awb-content-alignment:left;\"><p style=\"text-align: left;\">Ma per ora, arrivate in pace. Perch\u00e9 anche se Palermo sembra spesso rumorosa e vivace, la parola pi\u00f9 importante \u00e8 \"<b>tranquillo<\/b>\". Questo significa qualcosa come \"prendersela comoda\". Sicuramente un buon principio per qualche giorno di relax a Palermo.<\/p>\n<p style=\"text-align: left;\">Il nostro indice vi aiuta a trovare gli argomenti che vi interessano. Per una migliore visione d'insieme, abbiamo suddiviso l'appartamento in base alle camere, oltre agli argomenti generali. - Se manca qualcosa, fatecelo sapere.<\/p>\n<h2 class=\"fusion-responsive-typography-calculated\" style=\"--fontsize: 33; line-height: 1.3; text-align: left;\" data-fontsize=\"33\" data-lineheight=\"42.9px\"><\/h2>\n<p style=\"text-align: left;\">\n<\/div><div class=\"fusion-text fusion-text-4\"><h2 class=\"fusion-responsive-typography-calculated\" style=\"text-align: center; --fontsize: 33; line-height: 1.3;\" data-fontsize=\"33\" data-lineheight=\"42.9px\">Feedback<\/h2>\n<p style=\"text-align: left;\">\"Tutti gli inizi sono difficili\". O forse dovremmo dire \"\u00e8 difficile\"? Questo appartamento \u00e8 la nostra prima casa per le vacanze. \u00c8 nato dal nostro entusiasmo per questa straordinaria citt\u00e0. Poich\u00e9 siamo viaggiatori, abbiamo affidato tutto il coordinamento ai professionisti di solemar sicilia. Il loro motto \"Tutta la Sicilia da un'unica fonte\" vale anche per questo appartamento.<\/p>\n<p style=\"text-align: left;\">Se vi manca qualcosa, potete contattare direttamente i professionisti.<\/p>\n<p style=\"text-align: left;\">Siete soddisfatti del nostro servizio? Saremo lieti di ricevere i vostri consigli. Potete lasciarli direttamente sul nostro profilo Google o presso il vostro partner di prenotazione.<\/p>\n<\/div><div class=\"fusion-image-element\" style=\"text-align:center;--awb-margin-top:2rem;--awb-margin-bottom:2rem;--awb-caption-title-font-family:var(--h2_typography-font-family);--awb-caption-title-font-weight:var(--h2_typography-font-weight);--awb-caption-title-font-style:var(--h2_typography-font-style);--awb-caption-title-size:var(--h2_typography-font-size);--awb-caption-title-transform:var(--h2_typography-text-transform);--awb-caption-title-line-height:var(--h2_typography-line-height);--awb-caption-title-letter-spacing:var(--h2_typography-letter-spacing);\"><span class=\"fusion-imageframe imageframe-none imageframe-3 hover-type-none\" style=\"border-radius:12px;\"><img decoding=\"async\" width=\"2268\" height=\"1512\" title=\"portrait_3-2_web\" src=\"https:\/\/palazzovetrano.it\/wp-content\/uploads\/2025\/06\/portrait_3-2_web.webp\" data-orig-src=\"http:\/\/palazzovetrano.it\/wp-content\/uploads\/2025\/06\/portrait_3-2_web.webp\" alt class=\"lazyload img-responsive wp-image-2444\" srcset=\"data:image\/svg+xml,%3Csvg%20xmlns%3D%27http%3A%2F%2Fwww.w3.org%2F2000%2Fsvg%27%20width%3D%272268%27%20height%3D%271512%27%20viewBox%3D%270%200%202268%201512%27%3E%3Crect%20width%3D%272268%27%20height%3D%271512%27%20fill-opacity%3D%220%22%2F%3E%3C%2Fsvg%3E\" data-srcset=\"https:\/\/palazzovetrano.it\/wp-content\/uploads\/2025\/06\/portrait_3-2_web-18x12.webp 18w, https:\/\/palazzovetrano.it\/wp-content\/uploads\/2025\/06\/portrait_3-2_web-150x100.webp 150w, https:\/\/palazzovetrano.it\/wp-content\/uploads\/2025\/06\/portrait_3-2_web-200x133.webp 200w, https:\/\/palazzovetrano.it\/wp-content\/uploads\/2025\/06\/portrait_3-2_web-400x267.webp 400w, https:\/\/palazzovetrano.it\/wp-content\/uploads\/2025\/06\/portrait_3-2_web-600x400.webp 600w, https:\/\/palazzovetrano.it\/wp-content\/uploads\/2025\/06\/portrait_3-2_web-768x512.webp 768w, https:\/\/palazzovetrano.it\/wp-content\/uploads\/2025\/06\/portrait_3-2_web-800x533.webp 800w, https:\/\/palazzovetrano.it\/wp-content\/uploads\/2025\/06\/portrait_3-2_web-1024x683.webp 1024w, https:\/\/palazzovetrano.it\/wp-content\/uploads\/2025\/06\/portrait_3-2_web-1200x800.webp 1200w, https:\/\/palazzovetrano.it\/wp-content\/uploads\/2025\/06\/portrait_3-2_web-1536x1024.webp 1536w, https:\/\/palazzovetrano.it\/wp-content\/uploads\/2025\/06\/portrait_3-2_web.webp 2268w\" data-sizes=\"auto\" data-orig-sizes=\"(max-width: 800px) 100vw, 800px\" \/><\/span><\/div><div class=\"fusion-text fusion-text-5\" style=\"--awb-content-alignment:left;\"><p style=\"text-align: left;\">\"<b>La fiducia \u00e8 buona, il controllo \u00e8 migliore<\/b>\"Anche noi, Torgit e Marc, siamo felici di ricevere feedback costruttivi e critici. Siamo anche felici di ricevere suggerimenti su ci\u00f2 che dovrebbe essere aggiunto o migliorato nelle nostre informazioni digitali per gli ospiti e nella mappa digitale della citt\u00e0. Perch\u00e9 tutti i suggerimenti ci aiutano a migliorare costantemente\". Utilizzate il nostro <a href=\"https:\/\/palazzovetrano.it\/it\/contatto\/\" target=\"_blank\" rel=\"noopener noreferrer\">Modulo di contatto<\/a> oppure inviateci un'e-mail all'indirizzo: info@palazzovetrano.it.<\/p>\n<p style=\"text-align: left;\"><b>Servizi e necessit\u00e0<\/b><\/p>\n<p style=\"text-align: left;\">Ecco una panoramica di tutto ci\u00f2 che vi aspetta:<\/p>\n<p style=\"text-align: left;\">Nel nostro alloggio offriamo quanto segue:<\/p>\n<\/div><div class=\"fusion-text fusion-text-6\"><h2 class=\"fusion-responsive-typography-calculated\" style=\"text-align: center; --fontsize: 33; line-height: 1.3;\" data-fontsize=\"33\" data-lineheight=\"42.9px\">Posizione<\/h2>\n<p style=\"text-align: left;\">Und jetzt zur Lage unserer gem\u00fctlichen Ferienwohnung, der &#8222;Casa Vacanze&#8220;. Sie befindet sich in der Via delle Pergole 87, Ecke Via Giovanni Mira. Hier der Link zu Google Maps: <b><a href=\"https:\/\/maps.app.goo.gl\/6i5bn7a3jUuJLRQW7\" target=\"_blank\" rel=\"noopener noreferrer\">Palazzo Vetrano<\/a><\/b><\/p>\n<p style=\"text-align: left;\">Rimarrete stupiti dalla sua posizione centrale. Tra la storica Porta Sant'Agata e la Chiesa del Carmine Maggiore, potrete vivere da vicino la storia di Palermo. E la stazione ferroviaria \u00e8 a pochi passi. Siete proprio al centro di tutto, invece di essere solo l\u00ec!<\/p>\n<p style=\"text-align: left;\">Per aiutarvi a scoprire la citt\u00e0 fuori dai sentieri battuti, abbiamo raccolto alcune attrazioni, informazioni utili e alcuni consigli nella nostra mappa mobile della citt\u00e0. Le piccole strade del centro storico di Palermo sono spesso confuse. Per potersi orientare perfettamente, \u00e8 sufficiente richiamare la propria guida personale della citt\u00e0 tramite il codice QR presente in cucina.<\/p>\n<p style=\"text-align: left;\">Per una migliore visibilit\u00e0, abbiamo indicato tutti i punti di interesse in viola.<\/p>\n<\/div><div class=\"fusion-image-element\" style=\"text-align:center;--awb-margin-top:2rem;--awb-margin-bottom:2rem;--awb-caption-title-font-family:var(--h2_typography-font-family);--awb-caption-title-font-weight:var(--h2_typography-font-weight);--awb-caption-title-font-style:var(--h2_typography-font-style);--awb-caption-title-size:var(--h2_typography-font-size);--awb-caption-title-transform:var(--h2_typography-text-transform);--awb-caption-title-line-height:var(--h2_typography-line-height);--awb-caption-title-letter-spacing:var(--h2_typography-letter-spacing);\"><span class=\"fusion-imageframe imageframe-none imageframe-4 hover-type-none\" style=\"border-radius:12px;\"><a class=\"fusion-no-lightbox\" href=\"https:\/\/www.google.com\/maps\/d\/edit?mid=1gqUtEjQZ1As15WmGma1B5SPht9OYs1c&amp;ll=38.111846208820886%2C13.361680054071217&amp;z=17\" target=\"_blank\" aria-label=\"Palazzo Vetrano Pianta della citt\u00e0 Guida della citt\u00e0-1024\u00d7765\" rel=\"noopener noreferrer\"><img decoding=\"async\" width=\"1024\" height=\"765\" src=\"https:\/\/palazzovetrano.it\/wp-content\/uploads\/2023\/10\/Palazzo-Vetrano-Street-Map-Stadplan-Stadtfuehrer-1024x765-1.png\" data-orig-src=\"https:\/\/palazzovetrano.it\/wp-content\/uploads\/2023\/10\/Palazzo-Vetrano-Street-Map-Stadplan-Stadtfuehrer-1024x765-1.png\" alt class=\"lazyload img-responsive wp-image-1522\" srcset=\"data:image\/svg+xml,%3Csvg%20xmlns%3D%27http%3A%2F%2Fwww.w3.org%2F2000%2Fsvg%27%20width%3D%271024%27%20height%3D%27765%27%20viewBox%3D%270%200%201024%20765%27%3E%3Crect%20width%3D%271024%27%20height%3D%27765%27%20fill-opacity%3D%220%22%2F%3E%3C%2Fsvg%3E\" data-srcset=\"https:\/\/palazzovetrano.it\/wp-content\/uploads\/2023\/10\/Palazzo-Vetrano-Street-Map-Stadplan-Stadtfuehrer-1024x765-1-200x149.png 200w, https:\/\/palazzovetrano.it\/wp-content\/uploads\/2023\/10\/Palazzo-Vetrano-Street-Map-Stadplan-Stadtfuehrer-1024x765-1-400x299.png 400w, https:\/\/palazzovetrano.it\/wp-content\/uploads\/2023\/10\/Palazzo-Vetrano-Street-Map-Stadplan-Stadtfuehrer-1024x765-1-600x448.png 600w, https:\/\/palazzovetrano.it\/wp-content\/uploads\/2023\/10\/Palazzo-Vetrano-Street-Map-Stadplan-Stadtfuehrer-1024x765-1-800x598.png 800w, https:\/\/palazzovetrano.it\/wp-content\/uploads\/2023\/10\/Palazzo-Vetrano-Street-Map-Stadplan-Stadtfuehrer-1024x765-1.png 1024w\" data-sizes=\"auto\" data-orig-sizes=\"(max-width: 800px) 100vw, 800px\" \/><\/a><\/span><\/div><div class=\"fusion-text fusion-text-7\"><p style=\"text-align: left;\">Sotto le \"schede\" sopra la mappa, le singole aree tematiche possono essere mostrate o nascoste, suddivise o visualizzate a schermo intero.<\/p>\n<p style=\"text-align: left;\">Attenzione: questa mappa \u00e8 solo per uso privato. Non possiamo garantire le informazioni contenute nella mappa. Ci\u00f2 vale in particolare per l'accuratezza, la completezza e l'aggiornamento della mappa. L'uso della mappa \u00e8 quindi a vostro rischio e pericolo.<\/p>\n<\/div><div class=\"fusion-text fusion-text-8\"><h2 class=\"\" style=\"text-align: center;\" data-fontsize=\"33\" data-lineheight=\"42.9px\">Parcheggio<\/h2>\n<p style=\"text-align: left;\">Il parcheggio pubblico gratuito si trova a soli 80 metri di distanza a Porta S. Agata e quindi fuori dalla ZTL.<br \/>\nAttenzione: Via delle Pergole fa gi\u00e0 parte della \"zona a traffico limitato\" (ZTL) del centro storico.<\/p>\n<h2 class=\"\" style=\"text-align: center;\" data-fontsize=\"33\" data-lineheight=\"42.9px\">Zona Traffico Limitato - ZTL<\/h2>\n<p style=\"text-align: left;\">Perch\u00e9 a Palermo si pu\u00f2 fare soprattutto una cosa. \u00c8 un luogo ideale per rallentare e dare un contributo all'ambiente. Dal 2016 il cuore storico di Palermo \u00e8 zona a traffico limitato (ZTL) e quindi chiusa al traffico automobilistico. \u00c8 quindi possibile passeggiare e girare indisturbati nel centro storico.<\/p>\n<p style=\"text-align: left;\">Se volete entrare nella ZTL, fate attenzione ai cartelli, ai semafori e alle telecamere. Sui cartelli troverete gli orari di chiusura. Questi sono diversi in inverno rispetto all'estate e variano a seconda del giorno della settimana. La domenica non c'\u00e8 ZTL dalle 6.00 alle 0.00. Quindi potete entrare in auto. Anche dal colore del semaforo (rosso o verde) si pu\u00f2 capire se l'ingresso \u00e8 consentito o meno. Se si entra per sbaglio nella ZTL, si pu\u00f2 acquistare un biglietto in qualsiasi tabacchi e teoricamente caricarlo sull'app Palermo. Tuttavia, questa app non ha funzionato per noi con un numero di cellulare tedesco.<\/p>\n<p style=\"text-align: left;\">Questa ZTL \u00e8 valida approssimativamente dal luned\u00ec al gioved\u00ec dalle 08:00 alle 20:00 | venerd\u00ec dalle 08:00 alle 00:00 | sabato dalle 00:00 alle 06:00 e dalle 23:00 alle 00:00 | domenica dalle 00:00 alle 06:00. Tutte le informazioni non sono garantite.<\/p>\n<\/div><div class=\"fusion-image-element\" style=\"text-align:center;--awb-margin-top:2rem;--awb-margin-bottom:2rem;--awb-caption-title-font-family:var(--h2_typography-font-family);--awb-caption-title-font-weight:var(--h2_typography-font-weight);--awb-caption-title-font-style:var(--h2_typography-font-style);--awb-caption-title-size:var(--h2_typography-font-size);--awb-caption-title-transform:var(--h2_typography-text-transform);--awb-caption-title-line-height:var(--h2_typography-line-height);--awb-caption-title-letter-spacing:var(--h2_typography-letter-spacing);\"><span class=\"fusion-imageframe imageframe-none imageframe-5 hover-type-none\" style=\"border-radius:12px;\"><img decoding=\"async\" width=\"1024\" height=\"576\" src=\"https:\/\/palazzovetrano.it\/wp-content\/uploads\/2023\/06\/10-Palermo-Blu-Centro-Storico-Ballaro-Pallazzo-Vertrano-Casa-Vacanza00001-1-1024x576-1.jpg\" data-orig-src=\"https:\/\/palazzovetrano.it\/wp-content\/uploads\/2023\/06\/10-Palermo-Blu-Centro-Storico-Ballaro-Pallazzo-Vertrano-Casa-Vacanza00001-1-1024x576-1.jpg\" alt class=\"lazyload img-responsive wp-image-1016\" srcset=\"data:image\/svg+xml,%3Csvg%20xmlns%3D%27http%3A%2F%2Fwww.w3.org%2F2000%2Fsvg%27%20width%3D%271024%27%20height%3D%27576%27%20viewBox%3D%270%200%201024%20576%27%3E%3Crect%20width%3D%271024%27%20height%3D%27576%27%20fill-opacity%3D%220%22%2F%3E%3C%2Fsvg%3E\" data-srcset=\"https:\/\/palazzovetrano.it\/wp-content\/uploads\/2023\/06\/10-Palermo-Blu-Centro-Storico-Ballaro-Pallazzo-Vertrano-Casa-Vacanza00001-1-1024x576-1-200x113.jpg 200w, https:\/\/palazzovetrano.it\/wp-content\/uploads\/2023\/06\/10-Palermo-Blu-Centro-Storico-Ballaro-Pallazzo-Vertrano-Casa-Vacanza00001-1-1024x576-1-400x225.jpg 400w, https:\/\/palazzovetrano.it\/wp-content\/uploads\/2023\/06\/10-Palermo-Blu-Centro-Storico-Ballaro-Pallazzo-Vertrano-Casa-Vacanza00001-1-1024x576-1-600x338.jpg 600w, https:\/\/palazzovetrano.it\/wp-content\/uploads\/2023\/06\/10-Palermo-Blu-Centro-Storico-Ballaro-Pallazzo-Vertrano-Casa-Vacanza00001-1-1024x576-1-800x450.jpg 800w, https:\/\/palazzovetrano.it\/wp-content\/uploads\/2023\/06\/10-Palermo-Blu-Centro-Storico-Ballaro-Pallazzo-Vertrano-Casa-Vacanza00001-1-1024x576-1.jpg 1024w\" data-sizes=\"auto\" data-orig-sizes=\"(max-width: 800px) 100vw, 800px\" \/><\/span><\/div><div class=\"fusion-text fusion-text-9\"><h2 class=\"fusion-responsive-typography-calculated\" style=\"text-align: center; --fontsize: 33; line-height: 1.3;\" data-fontsize=\"33\" data-lineheight=\"42.9px\"><span style=\"color: var(--h2_typography-color); font-family: var(--h2_typography-font-family); font-size: var(--h2_typography-font-size); font-style: var(--h2_typography-font-style,normal); font-weight: var(--h2_typography-font-weight); letter-spacing: var(--h2_typography-letter-spacing); text-transform: var(--h2_typography-text-transform); background-color: var(--awb-bg-color-hover);\">Check-in e check-out<\/span><\/h2>\n<p style=\"text-align: left;\">L'orario di check-in \u00e8 compreso tra le 16:00 e le 20:00. Inoltre, \u00e8 possibile effettuare il check-in tardivo a partire dalle ore 20:00. Verr\u00e0 addebitato un costo di elaborazione di 30 \u20ac.<\/p>\n<p style=\"text-align: left;\">L'orario di check-out \u00e8 fino alle 10:00. Si prega di utilizzare il numero di cellulare: +39 3803905386 per organizzare il check-in.<\/p>\n<\/div><div class=\"fusion-image-element\" style=\"text-align:center;--awb-margin-top:2rem;--awb-margin-bottom:2rem;--awb-caption-title-font-family:var(--h2_typography-font-family);--awb-caption-title-font-weight:var(--h2_typography-font-weight);--awb-caption-title-font-style:var(--h2_typography-font-style);--awb-caption-title-size:var(--h2_typography-font-size);--awb-caption-title-transform:var(--h2_typography-text-transform);--awb-caption-title-line-height:var(--h2_typography-line-height);--awb-caption-title-letter-spacing:var(--h2_typography-letter-spacing);\"><span class=\"fusion-imageframe imageframe-none imageframe-6 hover-type-none\" style=\"border-radius:12px;\"><img decoding=\"async\" width=\"1024\" height=\"576\" src=\"https:\/\/palazzovetrano.it\/wp-content\/uploads\/2023\/06\/16-Kathedrale-Maria-Santissima-Assunta-nur-950-Meter-entfernt-Palermo-Blu-Centro-Storico-Ballaro-Pallazzo-Vertrano-Casa-Vacanza00005-1024x576-1.jpg\" data-orig-src=\"https:\/\/palazzovetrano.it\/wp-content\/uploads\/2023\/06\/16-Kathedrale-Maria-Santissima-Assunta-nur-950-Meter-entfernt-Palermo-Blu-Centro-Storico-Ballaro-Pallazzo-Vertrano-Casa-Vacanza00005-1024x576-1.jpg\" alt class=\"lazyload img-responsive wp-image-1015\" srcset=\"data:image\/svg+xml,%3Csvg%20xmlns%3D%27http%3A%2F%2Fwww.w3.org%2F2000%2Fsvg%27%20width%3D%271024%27%20height%3D%27576%27%20viewBox%3D%270%200%201024%20576%27%3E%3Crect%20width%3D%271024%27%20height%3D%27576%27%20fill-opacity%3D%220%22%2F%3E%3C%2Fsvg%3E\" data-srcset=\"https:\/\/palazzovetrano.it\/wp-content\/uploads\/2023\/06\/16-Kathedrale-Maria-Santissima-Assunta-nur-950-Meter-entfernt-Palermo-Blu-Centro-Storico-Ballaro-Pallazzo-Vertrano-Casa-Vacanza00005-1024x576-1-200x113.jpg 200w, https:\/\/palazzovetrano.it\/wp-content\/uploads\/2023\/06\/16-Kathedrale-Maria-Santissima-Assunta-nur-950-Meter-entfernt-Palermo-Blu-Centro-Storico-Ballaro-Pallazzo-Vertrano-Casa-Vacanza00005-1024x576-1-400x225.jpg 400w, https:\/\/palazzovetrano.it\/wp-content\/uploads\/2023\/06\/16-Kathedrale-Maria-Santissima-Assunta-nur-950-Meter-entfernt-Palermo-Blu-Centro-Storico-Ballaro-Pallazzo-Vertrano-Casa-Vacanza00005-1024x576-1-600x338.jpg 600w, https:\/\/palazzovetrano.it\/wp-content\/uploads\/2023\/06\/16-Kathedrale-Maria-Santissima-Assunta-nur-950-Meter-entfernt-Palermo-Blu-Centro-Storico-Ballaro-Pallazzo-Vertrano-Casa-Vacanza00005-1024x576-1-800x450.jpg 800w, https:\/\/palazzovetrano.it\/wp-content\/uploads\/2023\/06\/16-Kathedrale-Maria-Santissima-Assunta-nur-950-Meter-entfernt-Palermo-Blu-Centro-Storico-Ballaro-Pallazzo-Vertrano-Casa-Vacanza00005-1024x576-1.jpg 1024w\" data-sizes=\"auto\" data-orig-sizes=\"(max-width: 800px) 100vw, 800px\" \/><\/span><\/div><div class=\"fusion-text fusion-text-10\"><h2 class=\"fusion-responsive-typography-calculated\" style=\"text-align: center; --fontsize: 33; line-height: 1.3;\" data-fontsize=\"33\" data-lineheight=\"42.9px\">Zusatzleistungen<\/h2>\n<p style=\"text-align: left;\">Il nostro partner di prenotazione e assistenza solemar sicilia offre ai nostri ospiti i seguenti servizi aggiuntivi su richiesta:<\/p>\n<p style=\"text-align: left;\">Trasferimento dall'aeroporto all'alloggio a partire da 50,00 \u20ac.<\/p>\n<p style=\"text-align: left;\">Cesto di benvenuto con tanti prodotti tipici siciliani (salumi, mozzarella, una bottiglia di vino, una bottiglia di olio extravergine di oliva, pane e marmellata biologica) 50,00 \u20ac.<\/p>\n<p style=\"text-align: left;\">Noleggio auto alle migliori condizioni del mercato<\/p>\n<p style=\"text-align: left;\">Noleggio di biciclette elettriche a partire da 60,00 \u20ac a settimana.<\/p>\n<p style=\"text-align: left;\">Se avete bisogno di aiuto, contattate <b>solemar sicilia: <\/b><span style=\"color: var(--awb-text-color); font-family: var(--awb-text-font-family); font-size: var(--awb-font-size); font-style: var(--awb-text-font-style); font-weight: var(--awb-text-font-weight); letter-spacing: var(--awb-letter-spacing); text-align: var(--awb-content-alignment); text-transform: var(--awb-text-transform); background-color: var(--awb-bg-color-hover);\">Telefono <\/span><span style=\"color: var(--awb-text-color); font-family: var(--awb-text-font-family); font-size: var(--awb-font-size); font-style: var(--awb-text-font-style); font-weight: var(--awb-text-font-weight); letter-spacing: var(--awb-letter-spacing); text-align: var(--awb-content-alignment); text-transform: var(--awb-text-transform); background-color: var(--awb-bg-color-hover);\">+39 091 956608 <\/span><span style=\"color: var(--awb-text-color); font-family: var(--awb-text-font-family); font-size: var(--awb-font-size); font-style: var(--awb-text-font-style); font-weight: var(--awb-text-font-weight); letter-spacing: var(--awb-letter-spacing); text-align: var(--awb-content-alignment); text-transform: var(--awb-text-transform); background-color: var(--awb-bg-color-hover);\">Invia un'e-mail a info@solemarsicilia.com<\/span><\/p>\n<\/div><div class=\"fusion-text fusion-text-11\"><h2 class=\"fusion-responsive-typography-calculated\" style=\"text-align: center; --fontsize: 33; line-height: 1.3;\" data-fontsize=\"33\" data-lineheight=\"42.9px\"><\/h2>\n<h2 class=\"fusion-responsive-typography-calculated\" style=\"text-align: center; --fontsize: 33; line-height: 1.3;\" data-fontsize=\"33\" data-lineheight=\"42.9px\">Portachiavi<\/h2>\n<p style=\"text-align: left;\">Al momento del passaggio di consegne avete ricevuto un mazzo di chiavi. Per mantenere tutto chiaro, le chiavi sono ordinate in base ai colori del semaforo. Affinch\u00e9 nessuna di esse vada persa, sono collegate con un piccolo cavo d'acciaio sigillato.<\/p>\n<\/div><div class=\"fusion-image-element\" style=\"text-align:center;--awb-margin-top:2rem;--awb-margin-bottom:2rem;--awb-caption-title-font-family:var(--h2_typography-font-family);--awb-caption-title-font-weight:var(--h2_typography-font-weight);--awb-caption-title-font-style:var(--h2_typography-font-style);--awb-caption-title-size:var(--h2_typography-font-size);--awb-caption-title-transform:var(--h2_typography-text-transform);--awb-caption-title-line-height:var(--h2_typography-line-height);--awb-caption-title-letter-spacing:var(--h2_typography-letter-spacing);\"><span class=\"fusion-imageframe imageframe-none imageframe-7 hover-type-none\" style=\"border-radius:12px;\"><img decoding=\"async\" width=\"1024\" height=\"576\" alt=\"Viaggiare in modo sostenibile: Interruttore di alimentazione, aiuta a evitare inutili consumi di energia nell&#039;appartamento di vacanza.\" src=\"https:\/\/palazzovetrano.it\/wp-content\/uploads\/2023\/10\/IMG_6854-scaled.jpg\" data-orig-src=\"https:\/\/palazzovetrano.it\/wp-content\/uploads\/2023\/10\/IMG_6854-1024x576.jpg\" class=\"lazyload img-responsive wp-image-1211\" srcset=\"data:image\/svg+xml,%3Csvg%20xmlns%3D%27http%3A%2F%2Fwww.w3.org%2F2000%2Fsvg%27%20width%3D%272560%27%20height%3D%271440%27%20viewBox%3D%270%200%202560%201440%27%3E%3Crect%20width%3D%272560%27%20height%3D%271440%27%20fill-opacity%3D%220%22%2F%3E%3C%2Fsvg%3E\" data-srcset=\"https:\/\/palazzovetrano.it\/wp-content\/uploads\/2023\/10\/IMG_6854-200x113.jpg 200w, https:\/\/palazzovetrano.it\/wp-content\/uploads\/2023\/10\/IMG_6854-400x225.jpg 400w, https:\/\/palazzovetrano.it\/wp-content\/uploads\/2023\/10\/IMG_6854-600x338.jpg 600w, https:\/\/palazzovetrano.it\/wp-content\/uploads\/2023\/10\/IMG_6854-800x450.jpg 800w, https:\/\/palazzovetrano.it\/wp-content\/uploads\/2023\/10\/IMG_6854-1200x675.jpg 1200w\" data-sizes=\"auto\" data-orig-sizes=\"(max-width: 800px) 100vw, 800px\" \/><\/span><\/div><div class=\"fusion-text fusion-text-12\"><h2 class=\"fusion-responsive-typography-calculated\" style=\"text-align: center; --fontsize: 33; line-height: 1.3;\" data-fontsize=\"33\" data-lineheight=\"42.9px\"><\/h2>\n<h3 class=\"fusion-responsive-typography-calculated\" style=\"text-align: center; --fontsize: 28; line-height: 1.3; --minfontsize: 25;\" data-fontsize=\"28\" data-lineheight=\"36.4px\">Chiave della porta d'ingresso (verde)<\/h3>\n<p style=\"text-align: left;\">La porta d'ingresso \u00e8 collegata a un apriporta elettrico. Per aprire la porta pi\u00f9 facilmente, tiratela leggermente verso l'esterno quando la sbloccate. Quando si esce dall'edificio, a sinistra della porta d'ingresso si trova un pulsante di accensione. Questo pulsante sblocca la porta dall'interno. \u00c8 meglio premere brevemente la porta e poi aprirla. Sarebbe bello se poteste assicurarvi che la porta sia chiusa dietro di voi. Grazie mille!<\/p>\n<h3 class=\"fusion-responsive-typography-calculated\" style=\"text-align: center; --fontsize: 28; line-height: 1.3; --minfontsize: 25;\" data-fontsize=\"28\" data-lineheight=\"36.4px\">Chiave della terrazza (gialla)<\/h3>\n<p style=\"text-align: left;\">Questa chiave apre la porta tra il corridoio e la terrazza. Se questa porta viene sempre chiusa a chiave durante la notte e quando si esce dall'appartamento, aumenta la sicurezza personale. Palermo \u00e8 la citt\u00e0 pi\u00f9 sicura d'Italia, ma \u00e8 pur sempre una grande citt\u00e0.<\/p>\n<h3 class=\"fusion-responsive-typography-calculated\" style=\"text-align: center; --fontsize: 28; line-height: 1.3; --minfontsize: 25;\" data-fontsize=\"28\" data-lineheight=\"36.4px\">Tapparelle per finestre<\/h3>\n<p style=\"text-align: left;\">Questa chiave relativamente grande non presenta alcuna marcatura cromatica. La sua caratteristica forma angolare si spiega da sola. La chiusura di questa porta avviene (come spesso accade in Italia) in senso contrario.<\/p>\n<h3 class=\"fusion-responsive-typography-calculated\" style=\"text-align: center; --fontsize: 28; line-height: 1.3; --minfontsize: 25;\" data-fontsize=\"28\" data-lineheight=\"36.4px\">Porta piatta (rosso)<\/h3>\n<p style=\"text-align: left;\">Quando si blocca la porta piatta, spingere la maniglia fino in fondo. Solo allora la porta pu\u00f2 essere bloccata.<\/p>\n<h3 class=\"fusion-responsive-typography-calculated\" style=\"text-align: center; --fontsize: 28; line-height: 1.3; --minfontsize: 25;\" data-fontsize=\"28\" data-lineheight=\"36.4px\">Interruttore centrale di potenza<\/h3>\n<p style=\"text-align: left;\">A sinistra della porta finestra della camera da letto grande si trova l'interruttore centrale per l'elettricit\u00e0 e la luce in tutte le stanze. L'interruttore si aziona con la piccola chiave esagonale VIMAR. La chiave pu\u00f2 essere rimossa solo quando la posizione della chiave \u00e8 impostata su - 0 - off. Se doveste trovare la chiave, probabilmente la troverete qui. Questo interruttore non solo contribuisce a proteggere l'ambiente, ma funge anche da tastiera.<\/p>\n<h3 class=\"fusion-responsive-typography-calculated\" style=\"text-align: center; --fontsize: 28; line-height: 1.3; --minfontsize: 25;\" data-fontsize=\"28\" data-lineheight=\"36.4px\">Aperture delle porte - chiave di riserva<\/h3>\n<p style=\"text-align: left;\">Diese sind auch in Palermo teuer. Um dir und uns unn\u00f6tigen Aufwand und Kosten zu ersparen, kontrolliere am besten, vor dem Verlassen der Wohnung, ob alles verschlossen ist und wie du den Schl\u00fcsselbund sicher mitf\u00fchrst. Ein kleiner Schnappsch\u00e4kel hilft bei Bedarf diesen zus\u00e4tzlich zu sichern. Falls doch etwas passieren sollte, wende dich zuerst an <strong>solemar sicilia<\/strong>.<\/p>\n<\/div><div class=\"fusion-image-element\" style=\"text-align:center;--awb-margin-top:2rem;--awb-margin-bottom:2rem;--awb-caption-title-font-family:var(--h2_typography-font-family);--awb-caption-title-font-weight:var(--h2_typography-font-weight);--awb-caption-title-font-style:var(--h2_typography-font-style);--awb-caption-title-size:var(--h2_typography-font-size);--awb-caption-title-transform:var(--h2_typography-text-transform);--awb-caption-title-line-height:var(--h2_typography-line-height);--awb-caption-title-letter-spacing:var(--h2_typography-letter-spacing);\"><span class=\"fusion-imageframe imageframe-none imageframe-8 hover-type-none\" style=\"border-radius:12px;\"><img decoding=\"async\" width=\"1024\" height=\"576\" src=\"https:\/\/palazzovetrano.it\/wp-content\/uploads\/2023\/10\/IMG_7970-scaled.jpg\" data-orig-src=\"https:\/\/palazzovetrano.it\/wp-content\/uploads\/2023\/10\/IMG_7970-1024x576.jpg\" alt class=\"lazyload img-responsive wp-image-1534\" srcset=\"data:image\/svg+xml,%3Csvg%20xmlns%3D%27http%3A%2F%2Fwww.w3.org%2F2000%2Fsvg%27%20width%3D%272560%27%20height%3D%271440%27%20viewBox%3D%270%200%202560%201440%27%3E%3Crect%20width%3D%272560%27%20height%3D%271440%27%20fill-opacity%3D%220%22%2F%3E%3C%2Fsvg%3E\" data-srcset=\"https:\/\/palazzovetrano.it\/wp-content\/uploads\/2023\/10\/IMG_7970-200x113.jpg 200w, https:\/\/palazzovetrano.it\/wp-content\/uploads\/2023\/10\/IMG_7970-400x225.jpg 400w, https:\/\/palazzovetrano.it\/wp-content\/uploads\/2023\/10\/IMG_7970-600x338.jpg 600w\" data-sizes=\"auto\" data-orig-sizes=\"(max-width: 800px) 100vw, 1024px\" \/><\/span><\/div><div class=\"fusion-text fusion-text-13\" style=\"--awb-content-alignment:left;\"><h2 class=\"fusion-responsive-typography-calculated\" style=\"text-align: center;\" data-fontsize=\"33\" data-lineheight=\"42.9px\"><\/h2>\n<h2 class=\"fusion-responsive-typography-calculated\" style=\"text-align: center;\" data-fontsize=\"33\" data-lineheight=\"42.9px\">Interruttori e prese di corrente<\/h2>\n<p>L'appartamento \u00e8 dotato di interruttori e prese comuni e italiane. Anche se un po' pi\u00f9 strette di quelle a cui siamo abituati a casa, il funzionamento \u00e8 il solito. D'altra parte, uno o due LED sono un po' insoliti. L'illuminazione a LED \u00e8 nota per la sua durata e per il suo risparmio energetico. Tuttavia, se una delle lampade deve essere sostituita, vi preghiamo di comunicarcelo. L'illuminazione \u00e8 parzialmente dimmerabile per fornire un'illuminazione accogliente.<\/p>\n<p>Se desiderate lavorare durante il vostro soggiorno, avrete a disposizione un'area di lavoro interna o esterna, accesso a Internet, Wi-Fi, prese di corrente con porte USB in tutte le camere e prese di corrente universali.<\/p>\n<\/div><div class=\"fusion-text fusion-text-14\"><h2 class=\"fusion-responsive-typography-calculated\" style=\"text-align: center; --fontsize: 33; line-height: 1.3;\" data-fontsize=\"33\" data-lineheight=\"42.9px\"><\/h2>\n<p style=\"text-align: center;\">\n<\/div><div class=\"fusion-image-element\" style=\"text-align:center;--awb-caption-title-font-family:var(--h2_typography-font-family);--awb-caption-title-font-weight:var(--h2_typography-font-weight);--awb-caption-title-font-style:var(--h2_typography-font-style);--awb-caption-title-size:var(--h2_typography-font-size);--awb-caption-title-transform:var(--h2_typography-text-transform);--awb-caption-title-line-height:var(--h2_typography-line-height);--awb-caption-title-letter-spacing:var(--h2_typography-letter-spacing);\"><span class=\"fusion-imageframe imageframe-none imageframe-9 hover-type-none\" style=\"border-radius:12px;\"><img decoding=\"async\" width=\"2180\" height=\"720\" src=\"https:\/\/palazzovetrano.it\/wp-content\/uploads\/2023\/10\/Unbenannt.jpg\" data-orig-src=\"https:\/\/palazzovetrano.it\/wp-content\/uploads\/2023\/10\/Unbenannt.jpg\" alt class=\"lazyload img-responsive wp-image-1394\" srcset=\"data:image\/svg+xml,%3Csvg%20xmlns%3D%27http%3A%2F%2Fwww.w3.org%2F2000%2Fsvg%27%20width%3D%272180%27%20height%3D%27720%27%20viewBox%3D%270%200%202180%20720%27%3E%3Crect%20width%3D%272180%27%20height%3D%27720%27%20fill-opacity%3D%220%22%2F%3E%3C%2Fsvg%3E\" data-srcset=\"https:\/\/palazzovetrano.it\/wp-content\/uploads\/2023\/10\/Unbenannt-200x66.jpg 200w, https:\/\/palazzovetrano.it\/wp-content\/uploads\/2023\/10\/Unbenannt-400x132.jpg 400w, https:\/\/palazzovetrano.it\/wp-content\/uploads\/2023\/10\/Unbenannt-600x198.jpg 600w, https:\/\/palazzovetrano.it\/wp-content\/uploads\/2023\/10\/Unbenannt-800x264.jpg 800w, https:\/\/palazzovetrano.it\/wp-content\/uploads\/2023\/10\/Unbenannt-1200x396.jpg 1200w, https:\/\/palazzovetrano.it\/wp-content\/uploads\/2023\/10\/Unbenannt.jpg 2180w\" data-sizes=\"auto\" data-orig-sizes=\"(max-width: 800px) 100vw, 800px\" \/><\/span><\/div><div class=\"fusion-text fusion-text-15\"><h2 class=\"fusion-responsive-typography-calculated\" style=\"text-align: center; --fontsize: 33; line-height: 1.3;\" data-fontsize=\"33\" data-lineheight=\"42.9px\"><\/h2>\n<h2 class=\"fusion-responsive-typography-calculated\" style=\"text-align: center; --fontsize: 33; line-height: 1.3;\" data-fontsize=\"33\" data-lineheight=\"42.9px\">Internet e WLAN<\/h2>\n<p style=\"text-align: left;\">Sempre connessi al mondo: la connessione Wi-Fi gratuita \u00e8 disponibile in tutto l'appartamento. Anche in caso di interruzione della corrente, \u00e8 possibile utilizzare internet. Per facilitarvi l'accesso, vi offriamo i seguenti codici QR.<\/p>\n<\/div><div class=\"fusion-image-element\" style=\"text-align:center;--awb-caption-title-font-family:var(--h2_typography-font-family);--awb-caption-title-font-weight:var(--h2_typography-font-weight);--awb-caption-title-font-style:var(--h2_typography-font-style);--awb-caption-title-size:var(--h2_typography-font-size);--awb-caption-title-transform:var(--h2_typography-text-transform);--awb-caption-title-line-height:var(--h2_typography-line-height);--awb-caption-title-letter-spacing:var(--h2_typography-letter-spacing);\"><span class=\"fusion-imageframe imageframe-none imageframe-10 hover-type-none\" style=\"border-radius:12px;\"><img decoding=\"async\" width=\"1024\" height=\"504\" src=\"https:\/\/palazzovetrano.it\/wp-content\/uploads\/2023\/10\/Unbenannt.png\" data-orig-src=\"https:\/\/palazzovetrano.it\/wp-content\/uploads\/2023\/10\/Unbenannt-1024x504.png\" alt class=\"lazyload img-responsive wp-image-1215\" srcset=\"data:image\/svg+xml,%3Csvg%20xmlns%3D%27http%3A%2F%2Fwww.w3.org%2F2000%2Fsvg%27%20width%3D%273600%27%20height%3D%271772%27%20viewBox%3D%270%200%203600%201772%27%3E%3Crect%20width%3D%273600%27%20height%3D%271772%27%20fill-opacity%3D%220%22%2F%3E%3C%2Fsvg%3E\" data-srcset=\"https:\/\/palazzovetrano.it\/wp-content\/uploads\/2023\/10\/Unbenannt-200x98.png 200w, https:\/\/palazzovetrano.it\/wp-content\/uploads\/2023\/10\/Unbenannt-400x197.png 400w, https:\/\/palazzovetrano.it\/wp-content\/uploads\/2023\/10\/Unbenannt-600x295.png 600w, https:\/\/palazzovetrano.it\/wp-content\/uploads\/2023\/10\/Unbenannt-800x394.png 800w, https:\/\/palazzovetrano.it\/wp-content\/uploads\/2023\/10\/Unbenannt-1200x591.png 1200w\" data-sizes=\"auto\" data-orig-sizes=\"(max-width: 800px) 100vw, 800px\" \/><\/span><\/div><div class=\"fusion-text fusion-text-16\"><h3 class=\"fusion-responsive-typography-calculated\" style=\"text-align: center; --fontsize: 28; line-height: 1.3;\" data-fontsize=\"28\" data-lineheight=\"36.4px\">Codici QR<\/h3>\n<p style=\"text-align: left;\">Accanto al frigorifero troverete i codici QR per l'accesso gratuito a Internet, le informazioni per gli ospiti e la mappa digitale della citt\u00e0. Per motivi di sostenibilit\u00e0, abbiamo volutamente rinunciato alla classica cartella ospiti analogica. Questo ci permette di aggiungere nuove funzionalit\u00e0 in modo che il sito sia sempre aggiornato per i nostri ospiti. Siamo lieti di ricevere suggerimenti sulla mappa digitale della citt\u00e0. Saremo inoltre lieti di ricevere foto aggiornate.<\/p>\n<p style=\"text-align: left;\">Godetevi la convenienza e il comfort di un'esperienza digitale mentre facciamo la nostra parte per proteggere l'ambiente. Esplorate la citt\u00e0 con la mappa digitale, condividete le vostre esperienze nel libro degli ospiti e siate online quando volete.<\/p>\n<p style=\"text-align: left;\">Benvenuti nella vostra vacanza a Palermo!<\/p>\n<\/div><div class=\"fusion-image-element\" style=\"text-align:center;--awb-margin-top:2rem;--awb-margin-bottom:2rem;--awb-caption-title-font-family:var(--h2_typography-font-family);--awb-caption-title-font-weight:var(--h2_typography-font-weight);--awb-caption-title-font-style:var(--h2_typography-font-style);--awb-caption-title-size:var(--h2_typography-font-size);--awb-caption-title-transform:var(--h2_typography-text-transform);--awb-caption-title-line-height:var(--h2_typography-line-height);--awb-caption-title-letter-spacing:var(--h2_typography-letter-spacing);\"><span class=\"fusion-imageframe imageframe-none imageframe-11 hover-type-none\" style=\"border-radius:12px;\"><img decoding=\"async\" width=\"1024\" height=\"576\" title=\"Palermo-Centro-Storico-Ballaro00003-1024\u00d7576\" src=\"https:\/\/palazzovetrano.it\/wp-content\/uploads\/2023\/06\/Palermo-Centro-Storico-Ballaro00003-1024x576-1.jpg\" data-orig-src=\"https:\/\/palazzovetrano.it\/wp-content\/uploads\/2023\/06\/Palermo-Centro-Storico-Ballaro00003-1024x576-1.jpg\" alt class=\"lazyload img-responsive wp-image-1039\" srcset=\"data:image\/svg+xml,%3Csvg%20xmlns%3D%27http%3A%2F%2Fwww.w3.org%2F2000%2Fsvg%27%20width%3D%271024%27%20height%3D%27576%27%20viewBox%3D%270%200%201024%20576%27%3E%3Crect%20width%3D%271024%27%20height%3D%27576%27%20fill-opacity%3D%220%22%2F%3E%3C%2Fsvg%3E\" data-srcset=\"https:\/\/palazzovetrano.it\/wp-content\/uploads\/2023\/06\/Palermo-Centro-Storico-Ballaro00003-1024x576-1-200x113.jpg 200w, https:\/\/palazzovetrano.it\/wp-content\/uploads\/2023\/06\/Palermo-Centro-Storico-Ballaro00003-1024x576-1-400x225.jpg 400w, https:\/\/palazzovetrano.it\/wp-content\/uploads\/2023\/06\/Palermo-Centro-Storico-Ballaro00003-1024x576-1-600x338.jpg 600w, https:\/\/palazzovetrano.it\/wp-content\/uploads\/2023\/06\/Palermo-Centro-Storico-Ballaro00003-1024x576-1-800x450.jpg 800w, https:\/\/palazzovetrano.it\/wp-content\/uploads\/2023\/06\/Palermo-Centro-Storico-Ballaro00003-1024x576-1.jpg 1024w\" data-sizes=\"auto\" data-orig-sizes=\"(max-width: 800px) 100vw, 800px\" \/><\/span><\/div><div class=\"fusion-text fusion-text-17\" style=\"--awb-content-alignment:center;\"><h2 class=\"fusion-responsive-typography-calculated\" style=\"text-align: center; --fontsize: 33; line-height: 1.3;\" data-fontsize=\"33\" data-lineheight=\"42.9px\"><\/h2>\n<h2 class=\"fusion-responsive-typography-calculated\" style=\"text-align: center; --fontsize: 33; line-height: 1.3;\" data-fontsize=\"33\" data-lineheight=\"42.9px\">Terrazza dell'atrio<\/h2>\n<blockquote style=\"text-align: center;\">\n<p>\"Se vuoi goderti la giornata, dovresti salutare il sole su una terrazza\". - Sconosciuto<\/p>\n<\/blockquote>\n<p style=\"text-align: left;\">La terrazza dell'atrio \u00e8 un vero paradiso per il relax e la ricreazione. Qui troverete lettini, una vela parasole, comode sedie a sdraio e persino due amache! Troverete anche tavoli e sedie per mangiare all'aperto.<\/p>\n<p style=\"text-align: left;\">Sia che vi stiate godendo il sole o che stiate facendo una siesta di mezzogiorno, qui vi sentirete completamente a vostro agio. E non preoccupatevi, di tanto in tanto sentirete il canto degli imbonitori del mercato o la musica del vicino mercato di Ballar\u00f2. Ma di notte Ballar\u00f2 \u00e8 considerata la zona pi\u00f9 tranquilla della citt\u00e0 vecchia, perfetta per rilassarsi in pace.<\/p>\n<p style=\"text-align: left;\">Per quanto riguarda la terrazza, abbiamo una piccola richiesta da farvi: le nostre piante amano non solo un po' di amore, ma soprattutto l'acqua. Sarebbe bello se poteste dare loro una dose regolare di acqua. Questo pu\u00f2 essere fatto rapidamente con la canna da giardino. Dopo tutto, vogliamo che tutto rimanga bello, verde e vivo. Grazie mille!<\/p>\n<p style=\"text-align: left;\">Se avete voglia di cucinare o grigliare all'aperto, abbiamo un piano cottura portatile in cucina. La griglia elettrica si trova nella grande camera da letto sotto l'armadietto.<\/p>\n<blockquote>\n<p>\"Una terrazza \u00e8 un pezzo di cielo che scende sulla terra\". - Nathan Phillips<\/p>\n<\/blockquote>\n<p style=\"text-align: left;\"><strong>Avviso di sicurezza:<\/strong><\/p>\n<p style=\"text-align: left;\">Le nostre accoglienti amache sono certificate dal produttore con un impressionante limite di carico di 200 kg. Vi invitiamo a godervi queste rilassanti oasi di pace. Vi ricordiamo, tuttavia, che utilizzate le amache a vostro rischio e pericolo. Desideriamo sottolineare che non ci assumiamo alcuna responsabilit\u00e0. Il vostro comfort e la vostra sicurezza sono importanti per noi, per questo vi avvertiamo.<\/p>\n<p style=\"text-align: left;\">Ma prima di continuare a leggere, che ne dite di una tazza di caff\u00e8 o di t\u00e8 sull'amaca?<\/p>\n<\/div><div class=\"fusion-image-element\" style=\"text-align:center;--awb-margin-top:2rem;--awb-margin-bottom:2rem;--awb-caption-title-font-family:var(--h2_typography-font-family);--awb-caption-title-font-weight:var(--h2_typography-font-weight);--awb-caption-title-font-style:var(--h2_typography-font-style);--awb-caption-title-size:var(--h2_typography-font-size);--awb-caption-title-transform:var(--h2_typography-text-transform);--awb-caption-title-line-height:var(--h2_typography-line-height);--awb-caption-title-letter-spacing:var(--h2_typography-letter-spacing);\"><span class=\"fusion-imageframe imageframe-none imageframe-12 hover-type-none\" style=\"border-radius:12px;\"><img decoding=\"async\" width=\"1024\" height=\"576\" src=\"https:\/\/palazzovetrano.it\/wp-content\/uploads\/2023\/06\/18-Terrasse-Atrium-Palermo-Blu-Centro-Storico-Ballaro-Pallazzo-Vertrano-Casa-Vacanza-00001-3.jpg\" data-orig-src=\"https:\/\/palazzovetrano.it\/wp-content\/uploads\/2023\/06\/18-Terrasse-Atrium-Palermo-Blu-Centro-Storico-Ballaro-Pallazzo-Vertrano-Casa-Vacanza-00001-3-1024x576.jpg\" alt class=\"lazyload img-responsive wp-image-1040\" srcset=\"data:image\/svg+xml,%3Csvg%20xmlns%3D%27http%3A%2F%2Fwww.w3.org%2F2000%2Fsvg%27%20width%3D%271080%27%20height%3D%27608%27%20viewBox%3D%270%200%201080%20608%27%3E%3Crect%20width%3D%271080%27%20height%3D%27608%27%20fill-opacity%3D%220%22%2F%3E%3C%2Fsvg%3E\" data-srcset=\"https:\/\/palazzovetrano.it\/wp-content\/uploads\/2023\/06\/18-Terrasse-Atrium-Palermo-Blu-Centro-Storico-Ballaro-Pallazzo-Vertrano-Casa-Vacanza-00001-3-200x113.jpg 200w, https:\/\/palazzovetrano.it\/wp-content\/uploads\/2023\/06\/18-Terrasse-Atrium-Palermo-Blu-Centro-Storico-Ballaro-Pallazzo-Vertrano-Casa-Vacanza-00001-3-400x225.jpg 400w, https:\/\/palazzovetrano.it\/wp-content\/uploads\/2023\/06\/18-Terrasse-Atrium-Palermo-Blu-Centro-Storico-Ballaro-Pallazzo-Vertrano-Casa-Vacanza-00001-3-600x338.jpg 600w, https:\/\/palazzovetrano.it\/wp-content\/uploads\/2023\/06\/18-Terrasse-Atrium-Palermo-Blu-Centro-Storico-Ballaro-Pallazzo-Vertrano-Casa-Vacanza-00001-3-800x450.jpg 800w, https:\/\/palazzovetrano.it\/wp-content\/uploads\/2023\/06\/18-Terrasse-Atrium-Palermo-Blu-Centro-Storico-Ballaro-Pallazzo-Vertrano-Casa-Vacanza-00001-3.jpg 1080w\" data-sizes=\"auto\" data-orig-sizes=\"(max-width: 800px) 100vw, 800px\" \/><\/span><\/div><div class=\"fusion-text fusion-text-18\"><h2 class=\"fusion-responsive-typography-calculated\" style=\"text-align: center; --fontsize: 33; line-height: 1.3;\" data-fontsize=\"33\" data-lineheight=\"42.9px\"><\/h2>\n<h2 class=\"fusion-responsive-typography-calculated\" style=\"text-align: center; --fontsize: 33; line-height: 1.3;\" data-fontsize=\"33\" data-lineheight=\"42.9px\">Caff\u00e8 o t\u00e8<\/h2>\n<p style=\"text-align: left;\">Gli italiani sono noti per il loro buon caff\u00e8, ma non necessariamente per la sostenibilit\u00e0. Ecco perch\u00e9 una macchina da caff\u00e8 a capsule fa parte dell'equipaggiamento di base di ogni casa vacanze. Anche noi tedeschi abbiamo avuto la nostra epoca delle capsule. Guardare al caff\u00e8 da una prospettiva di sostenibilit\u00e0 pu\u00f2 essere una sfida. Non preoccupatevi, abbiamo una selezione di capsule di caff\u00e8 per voi. Per i rifornimenti, potete recarvi alla boutique Nespresso\u00ae\ufe0f di Palermo. Potete trovare le capsule compatibili con Nespresso\u00ae\ufe0f anche alla LIDL e in diversi bar di Palermo. L'ideale \u00e8 che abbiate gi\u00e0 portato da casa delle capsule compostabili. Potete trovarle, ad esempio, presso <a href=\"https:\/\/www.pottschwarz.de\/\" target=\"_blank\" rel=\"noopener noreferrer\">vaso nero<\/a>. Delizioso e rispettoso dell'ambiente.<\/p>\n<p style=\"text-align: left;\">Se preferite un'alternativa, vi consigliamo una tazza di t\u00e8. Abbiamo gi\u00e0 provveduto a fornirvene una piccola selezione. In alternativa, potete utilizzare un bollitore elettrico e un bollitore a flute.<\/p>\n<blockquote style=\"text-align: center;\">\n<p><i>I like tea and yoga, but I don\u2019t do yoga. (Moby, US-Musiker)<\/i><\/p>\n<\/blockquote>\n<p style=\"text-align: left;\">Oppure che ne dite di una preparazione tradizionale del caff\u00e8 alla Nonna? Per questo, avete a disposizione un macinino manuale, un montalatte e due caffettiere Bialetti di diverse dimensioni. L'utilizzo \u00e8 semplice e il risultato semplicemente delizioso.<\/p>\n<\/div><div class=\"fusion-image-element\" style=\"text-align:center;--awb-margin-top:2rem;--awb-margin-left:2rem;--awb-caption-title-font-family:var(--h2_typography-font-family);--awb-caption-title-font-weight:var(--h2_typography-font-weight);--awb-caption-title-font-style:var(--h2_typography-font-style);--awb-caption-title-size:var(--h2_typography-font-size);--awb-caption-title-transform:var(--h2_typography-text-transform);--awb-caption-title-line-height:var(--h2_typography-line-height);--awb-caption-title-letter-spacing:var(--h2_typography-letter-spacing);\"><span class=\"fusion-imageframe imageframe-none imageframe-13 hover-type-none\" style=\"border-radius:12px;\"><img decoding=\"async\" width=\"1024\" height=\"768\" src=\"https:\/\/palazzovetrano.it\/wp-content\/uploads\/2023\/10\/IMG_7865-1-scaled.jpg\" data-orig-src=\"https:\/\/palazzovetrano.it\/wp-content\/uploads\/2023\/10\/IMG_7865-1-1024x768.jpg\" alt class=\"lazyload img-responsive wp-image-1423\" srcset=\"data:image\/svg+xml,%3Csvg%20xmlns%3D%27http%3A%2F%2Fwww.w3.org%2F2000%2Fsvg%27%20width%3D%272560%27%20height%3D%271920%27%20viewBox%3D%270%200%202560%201920%27%3E%3Crect%20width%3D%272560%27%20height%3D%271920%27%20fill-opacity%3D%220%22%2F%3E%3C%2Fsvg%3E\" data-srcset=\"https:\/\/palazzovetrano.it\/wp-content\/uploads\/2023\/10\/IMG_7865-1-200x150.jpg 200w, https:\/\/palazzovetrano.it\/wp-content\/uploads\/2023\/10\/IMG_7865-1-400x300.jpg 400w, https:\/\/palazzovetrano.it\/wp-content\/uploads\/2023\/10\/IMG_7865-1-600x450.jpg 600w, https:\/\/palazzovetrano.it\/wp-content\/uploads\/2023\/10\/IMG_7865-1-800x600.jpg 800w, https:\/\/palazzovetrano.it\/wp-content\/uploads\/2023\/10\/IMG_7865-1-1200x900.jpg 1200w\" data-sizes=\"auto\" data-orig-sizes=\"(max-width: 800px) 100vw, 800px\" \/><\/span><\/div><div class=\"fusion-text fusion-text-19\" style=\"--awb-content-alignment:left;\"><blockquote style=\"text-align: center;\">\n<p><i>\"Caffettiera Bialetti - Una macchina del tempo per un caff\u00e8 perfetto\". - Sconosciuto<\/i><\/p>\n<\/blockquote>\n<h3 class=\"fusion-responsive-typography-calculated\" style=\"text-align: center; --fontsize: 28; line-height: 1.3;\" data-fontsize=\"28\" data-lineheight=\"36.4px\">Bialetti Moka Express:<\/h3>\n<p style=\"text-align: left;\">Solo cinque passi per un caff\u00e8 perfetto:<\/p>\n<p style=\"text-align: left;\">1. riempire d'acqua il contenitore inferiore della pentola, ma non attraverso la valvola di sovrapressione.<\/p>\n<p style=\"text-align: left;\">Inserire il setaccio e riempirlo fino all'orlo con polvere di caff\u00e8 medio-fine, lisciando ma senza premere.<\/p>\n<p style=\"text-align: left;\">Posizionare la parte superiore della brocca sulla parte inferiore e stringere.<\/p>\n<p style=\"text-align: left;\">Riscaldare sul piano di cottura a temperatura media fino a quando si sente un gorgoglio.<\/p>\n<p style=\"text-align: left;\">Togliere la pentola dal fornello e godersi il caff\u00e8!<\/p>\n<p style=\"text-align: left;\">Ora potete preparare il vostro caff\u00e8 tradizionale come un vero maestro del caff\u00e8 e aspettarvi un momento piacevole.<\/p>\n<p style=\"text-align: left;\">\n<\/div><div class=\"fusion-text fusion-text-20\"><h2 class=\"fusion-responsive-typography-calculated\" style=\"text-align: center; --fontsize: 33; line-height: 1.3;\" data-fontsize=\"33\" data-lineheight=\"42.9px\"><\/h2>\n<h2 class=\"fusion-responsive-typography-calculated\" style=\"text-align: center; --fontsize: 33; line-height: 1.3;\" data-fontsize=\"33\" data-lineheight=\"42.9px\">Cucina-soggiorno<\/h2>\n<p style=\"text-align: left;\">Avete gi\u00e0 preparato un caff\u00e8 o un t\u00e8? Allora siete gi\u00e0 dei professionisti nell'utilizzo del nostro piano cottura a induzione Bosch. Congratulazioni, avete superato la prima sfida! Se avete domande sull'utilizzo del piano cottura a induzione Bosch, troverete i consigli giusti nell'omonima sezione. La nostra accogliente cucina \u00e8 dotata di elettrodomestici Bosch di alta qualit\u00e0, tra cui forno, lavatrice e lavastoviglie. Troverete le relative istruzioni per l'uso di seguito, sotto le voci omonime.<\/p>\n<\/div><div class=\"fusion-image-element\" style=\"text-align:center;--awb-margin-top:2rem;--awb-margin-bottom:2rem;--awb-caption-title-font-family:var(--h2_typography-font-family);--awb-caption-title-font-weight:var(--h2_typography-font-weight);--awb-caption-title-font-style:var(--h2_typography-font-style);--awb-caption-title-size:var(--h2_typography-font-size);--awb-caption-title-transform:var(--h2_typography-text-transform);--awb-caption-title-line-height:var(--h2_typography-line-height);--awb-caption-title-letter-spacing:var(--h2_typography-letter-spacing);\"><span class=\"fusion-imageframe imageframe-none imageframe-14 hover-type-none\" style=\"border-radius:12px;\"><img decoding=\"async\" width=\"1024\" height=\"437\" src=\"https:\/\/palazzovetrano.it\/wp-content\/uploads\/2023\/10\/Unbenannt-3.png\" data-orig-src=\"https:\/\/palazzovetrano.it\/wp-content\/uploads\/2023\/10\/Unbenannt-3-1024x437.png\" alt class=\"lazyload img-responsive wp-image-1318\" srcset=\"data:image\/svg+xml,%3Csvg%20xmlns%3D%27http%3A%2F%2Fwww.w3.org%2F2000%2Fsvg%27%20width%3D%272500%27%20height%3D%271067%27%20viewBox%3D%270%200%202500%201067%27%3E%3Crect%20width%3D%272500%27%20height%3D%271067%27%20fill-opacity%3D%220%22%2F%3E%3C%2Fsvg%3E\" data-srcset=\"https:\/\/palazzovetrano.it\/wp-content\/uploads\/2023\/10\/Unbenannt-3-200x85.png 200w, https:\/\/palazzovetrano.it\/wp-content\/uploads\/2023\/10\/Unbenannt-3-400x171.png 400w, https:\/\/palazzovetrano.it\/wp-content\/uploads\/2023\/10\/Unbenannt-3-600x256.png 600w, https:\/\/palazzovetrano.it\/wp-content\/uploads\/2023\/10\/Unbenannt-3-800x341.png 800w, https:\/\/palazzovetrano.it\/wp-content\/uploads\/2023\/10\/Unbenannt-3-1200x512.png 1200w\" data-sizes=\"auto\" data-orig-sizes=\"(max-width: 800px) 100vw, 800px\" \/><\/span><\/div><div class=\"fusion-text fusion-text-21\"><p style=\"text-align: left;\">E non dimenticate che una variet\u00e0 di utensili da cucina e spezie sono pronti per le vostre creazioni culinarie. Abbiamo cercato di evitare il pi\u00f9 possibile la plastica, non solo per motivi di sostenibilit\u00e0, ma anche per un'atmosfera accogliente. Posate, bicchieri e porcellane sono accuratamente coordinati. Taglieri, coltelli da chef e molti utensili da cucina sono in legno e sono felici di essere lavati con amore a mano invece che in lavastoviglie. Nell'armadietto di metallo accanto al forno si trovano una grattugia, una bilancia, uno scolapasta e altri piccoli oggetti.<\/p>\n<p>&nbsp;<\/p>\n<\/div><div class=\"fusion-image-element\" style=\"text-align:center;--awb-margin-top:2rem;--awb-margin-bottom:2rem;--awb-caption-title-font-family:var(--h2_typography-font-family);--awb-caption-title-font-weight:var(--h2_typography-font-weight);--awb-caption-title-font-style:var(--h2_typography-font-style);--awb-caption-title-size:var(--h2_typography-font-size);--awb-caption-title-transform:var(--h2_typography-text-transform);--awb-caption-title-line-height:var(--h2_typography-line-height);--awb-caption-title-letter-spacing:var(--h2_typography-letter-spacing);\"><span class=\"fusion-imageframe imageframe-none imageframe-15 hover-type-none\" style=\"border-radius:12px;\"><img decoding=\"async\" width=\"1024\" height=\"683\" src=\"https:\/\/palazzovetrano.it\/wp-content\/uploads\/2023\/06\/44-Wohnkuche-Palermo-Blu-Centro-Storico-Ballaro-Pallazzo-Vertrano-Casa-Vacanza-00007-1024x683-1.jpg\" data-orig-src=\"https:\/\/palazzovetrano.it\/wp-content\/uploads\/2023\/06\/44-Wohnkuche-Palermo-Blu-Centro-Storico-Ballaro-Pallazzo-Vertrano-Casa-Vacanza-00007-1024x683-1.jpg\" alt class=\"lazyload img-responsive wp-image-1001\" srcset=\"data:image\/svg+xml,%3Csvg%20xmlns%3D%27http%3A%2F%2Fwww.w3.org%2F2000%2Fsvg%27%20width%3D%271024%27%20height%3D%27683%27%20viewBox%3D%270%200%201024%20683%27%3E%3Crect%20width%3D%271024%27%20height%3D%27683%27%20fill-opacity%3D%220%22%2F%3E%3C%2Fsvg%3E\" data-srcset=\"https:\/\/palazzovetrano.it\/wp-content\/uploads\/2023\/06\/44-Wohnkuche-Palermo-Blu-Centro-Storico-Ballaro-Pallazzo-Vertrano-Casa-Vacanza-00007-1024x683-1-200x133.jpg 200w, https:\/\/palazzovetrano.it\/wp-content\/uploads\/2023\/06\/44-Wohnkuche-Palermo-Blu-Centro-Storico-Ballaro-Pallazzo-Vertrano-Casa-Vacanza-00007-1024x683-1-400x267.jpg 400w, https:\/\/palazzovetrano.it\/wp-content\/uploads\/2023\/06\/44-Wohnkuche-Palermo-Blu-Centro-Storico-Ballaro-Pallazzo-Vertrano-Casa-Vacanza-00007-1024x683-1-600x400.jpg 600w, https:\/\/palazzovetrano.it\/wp-content\/uploads\/2023\/06\/44-Wohnkuche-Palermo-Blu-Centro-Storico-Ballaro-Pallazzo-Vertrano-Casa-Vacanza-00007-1024x683-1-800x534.jpg 800w, https:\/\/palazzovetrano.it\/wp-content\/uploads\/2023\/06\/44-Wohnkuche-Palermo-Blu-Centro-Storico-Ballaro-Pallazzo-Vertrano-Casa-Vacanza-00007-1024x683-1.jpg 1024w\" data-sizes=\"auto\" data-orig-sizes=\"(max-width: 800px) 100vw, 800px\" \/><\/span><\/div><div class=\"fusion-text fusion-text-22\"><blockquote>\n<p style=\"text-align: center;\">\"Il segreto della buona cucina sta negli ingredienti giusti e nell'amore per la cucina\". - Sconosciuto<\/p>\n<\/blockquote>\n<p style=\"text-align: left;\">A proposito, le posate si trovano in alto a sinistra dell'unit\u00e0 di cottura. Un altro cassetto per le posate si trova nella parte superiore dei due cassetti visibili. Oltre alle posate, troverete anche un apribottiglie e un apriscatole, un tagliapizza, forbici, frusta, pelapatate, dolcificante, grattugia per la noce moscata, pressa per l'aglio, pinze per la griglia, pennello da pasticceria e raschietto per la pasta. Abbiamo pensato a tutto! Oppure no? Allora fateci sapere.<\/p>\n<p style=\"text-align: left;\">Appena sotto il cassetto delle posate, troverete piatti e ciotole in ceramica per le vostre deliziose creazioni. Nel cassetto inferiore troverete diverse pentole. Le teglie e la carta da forno si trovano direttamente nel cassetto sotto il forno. Sarebbe bello poterne acquistare altri in caso di esaurimento Grazie!<\/p>\n<\/div><div class=\"fusion-image-element\" style=\"text-align:center;--awb-margin-top:2rem;--awb-margin-bottom:2rem;--awb-caption-title-font-family:var(--h2_typography-font-family);--awb-caption-title-font-weight:var(--h2_typography-font-weight);--awb-caption-title-font-style:var(--h2_typography-font-style);--awb-caption-title-size:var(--h2_typography-font-size);--awb-caption-title-transform:var(--h2_typography-text-transform);--awb-caption-title-line-height:var(--h2_typography-line-height);--awb-caption-title-letter-spacing:var(--h2_typography-letter-spacing);\"><span class=\"fusion-imageframe imageframe-none imageframe-16 hover-type-none\" style=\"border-radius:12px;\"><img decoding=\"async\" width=\"1024\" height=\"867\" src=\"https:\/\/palazzovetrano.it\/wp-content\/uploads\/2023\/10\/Unbenannt-2.png\" data-orig-src=\"https:\/\/palazzovetrano.it\/wp-content\/uploads\/2023\/10\/Unbenannt-2-1024x867.png\" alt class=\"lazyload img-responsive wp-image-1306\" srcset=\"data:image\/svg+xml,%3Csvg%20xmlns%3D%27http%3A%2F%2Fwww.w3.org%2F2000%2Fsvg%27%20width%3D%272100%27%20height%3D%271778%27%20viewBox%3D%270%200%202100%201778%27%3E%3Crect%20width%3D%272100%27%20height%3D%271778%27%20fill-opacity%3D%220%22%2F%3E%3C%2Fsvg%3E\" data-srcset=\"https:\/\/palazzovetrano.it\/wp-content\/uploads\/2023\/10\/Unbenannt-2-200x169.png 200w, https:\/\/palazzovetrano.it\/wp-content\/uploads\/2023\/10\/Unbenannt-2-400x339.png 400w, https:\/\/palazzovetrano.it\/wp-content\/uploads\/2023\/10\/Unbenannt-2-600x508.png 600w, https:\/\/palazzovetrano.it\/wp-content\/uploads\/2023\/10\/Unbenannt-2-800x677.png 800w, https:\/\/palazzovetrano.it\/wp-content\/uploads\/2023\/10\/Unbenannt-2-1200x1016.png 1200w\" data-sizes=\"auto\" data-orig-sizes=\"(max-width: 800px) 100vw, 800px\" \/><\/span><\/div><div class=\"fusion-text fusion-text-23\"><h2 class=\"fusion-responsive-typography-calculated\" style=\"text-align: center; --fontsize: 33; line-height: 1.3;\" data-fontsize=\"33\" data-lineheight=\"42.9px\"><\/h2>\n<h2 class=\"fusion-responsive-typography-calculated\" style=\"text-align: center; --fontsize: 33; line-height: 1.3;\" data-fontsize=\"33\" data-lineheight=\"42.9px\"><\/h2>\n<h2 class=\"fusion-responsive-typography-calculated\" style=\"text-align: center; --fontsize: 33; line-height: 1.3;\" data-fontsize=\"33\" data-lineheight=\"42.9px\">Proud to Share<\/h2>\n<p style=\"text-align: left;\">La felicit\u00e0 \u00e8 l'unica cosa che raddoppia quando la si condivide. Se quando lasciate l'appartamento avete ancora del cibo o delle spezie che durano a lungo, sentitevi liberi di condividerle. Farete sicuramente felice qualcuno. Vi preghiamo di smaltire tempestivamente gli alimenti deperibili o, meglio ancora, di mangiarli. Buon appetito!<\/p>\n<p style=\"text-align: left;\">Vi preghiamo di verificare tempestivamente se tutto \u00e8 presente. Se qualcosa manca o \u00e8 rotto, vi preghiamo di informarci via e-mail. Saremo lieti di aiutarvi!<\/p>\n<\/div><div class=\"fusion-image-element\" style=\"text-align:center;--awb-margin-top:2rem;--awb-margin-left:2rem;--awb-caption-title-font-family:var(--h2_typography-font-family);--awb-caption-title-font-weight:var(--h2_typography-font-weight);--awb-caption-title-font-style:var(--h2_typography-font-style);--awb-caption-title-size:var(--h2_typography-font-size);--awb-caption-title-transform:var(--h2_typography-text-transform);--awb-caption-title-line-height:var(--h2_typography-line-height);--awb-caption-title-letter-spacing:var(--h2_typography-letter-spacing);\"><span class=\"fusion-imageframe imageframe-none imageframe-17 hover-type-none\" style=\"border-radius:12px;\"><img decoding=\"async\" width=\"1024\" height=\"768\" src=\"https:\/\/palazzovetrano.it\/wp-content\/uploads\/2023\/10\/IMG_5072-2-scaled.jpg\" data-orig-src=\"https:\/\/palazzovetrano.it\/wp-content\/uploads\/2023\/10\/IMG_5072-2-1024x768.jpg\" alt class=\"lazyload img-responsive wp-image-1297\" srcset=\"data:image\/svg+xml,%3Csvg%20xmlns%3D%27http%3A%2F%2Fwww.w3.org%2F2000%2Fsvg%27%20width%3D%272560%27%20height%3D%271920%27%20viewBox%3D%270%200%202560%201920%27%3E%3Crect%20width%3D%272560%27%20height%3D%271920%27%20fill-opacity%3D%220%22%2F%3E%3C%2Fsvg%3E\" data-srcset=\"https:\/\/palazzovetrano.it\/wp-content\/uploads\/2023\/10\/IMG_5072-2-200x150.jpg 200w, https:\/\/palazzovetrano.it\/wp-content\/uploads\/2023\/10\/IMG_5072-2-400x300.jpg 400w, https:\/\/palazzovetrano.it\/wp-content\/uploads\/2023\/10\/IMG_5072-2-600x450.jpg 600w, https:\/\/palazzovetrano.it\/wp-content\/uploads\/2023\/10\/IMG_5072-2-800x600.jpg 800w, https:\/\/palazzovetrano.it\/wp-content\/uploads\/2023\/10\/IMG_5072-2-1200x900.jpg 1200w\" data-sizes=\"auto\" data-orig-sizes=\"(max-width: 800px) 100vw, 800px\" \/><\/span><\/div><div class=\"fusion-text fusion-text-24\"><h2 class=\"fusion-responsive-typography-calculated\" style=\"text-align: center; --fontsize: 33; line-height: 1.3;\" data-fontsize=\"33\" data-lineheight=\"42.9px\"><\/h2>\n<h2 class=\"fusion-responsive-typography-calculated\" style=\"text-align: center; --fontsize: 33; line-height: 1.3;\" data-fontsize=\"33\" data-lineheight=\"42.9px\">Camera da letto<\/h2>\n<p style=\"text-align: left;\">Benvenuti nelle due camere da letto, dove potrete riposare su comodi letti matrimoniali XL con materassi extra-lunghi di 2,20 e 2,00 metri. Asciugamani, lenzuola, sapone e carta igienica sono gi\u00e0 in dotazione. Qui tutto \u00e8 all'insegna del comfort!<\/p>\n<blockquote>\n<p style=\"text-align: center;\">\"Un buon letto \u00e8 il prerequisito per un sonno profondo\". - Benjamin Franklin<\/p>\n<\/blockquote>\n<p style=\"text-align: left;\">Per questo vi auguriamo un sonno profondo e tanti bei sogni.<\/p>\n<p style=\"text-align: left;\">Il nostro armadietto ha dimostrato la sua validit\u00e0 per smistare i vestiti in modo rapido e chiaro. Vedrete quanto \u00e8 pratico avere tutto a portata di mano in poco tempo, invece di vivere con una valigia. Nella camera da letto piccola ci sono appendiabiti aggiuntivi, mentre nella camera da letto pi\u00f9 grande ci sono pratici ganci a muro.<\/p>\n<p style=\"text-align: left;\">\n<\/div><div class=\"fusion-image-element\" style=\"text-align:center;--awb-margin-top:2rem;--awb-margin-bottom:2rem;--awb-caption-title-font-family:var(--h2_typography-font-family);--awb-caption-title-font-weight:var(--h2_typography-font-weight);--awb-caption-title-font-style:var(--h2_typography-font-style);--awb-caption-title-size:var(--h2_typography-font-size);--awb-caption-title-transform:var(--h2_typography-text-transform);--awb-caption-title-line-height:var(--h2_typography-line-height);--awb-caption-title-letter-spacing:var(--h2_typography-letter-spacing);\"><span class=\"fusion-imageframe imageframe-none imageframe-18 hover-type-none\" style=\"border-radius:12px;\"><img decoding=\"async\" width=\"1024\" height=\"576\" src=\"https:\/\/palazzovetrano.it\/wp-content\/uploads\/2023\/10\/IMG_7960-scaled.jpg\" data-orig-src=\"https:\/\/palazzovetrano.it\/wp-content\/uploads\/2023\/10\/IMG_7960-1024x576.jpg\" alt class=\"lazyload img-responsive wp-image-1531\" srcset=\"data:image\/svg+xml,%3Csvg%20xmlns%3D%27http%3A%2F%2Fwww.w3.org%2F2000%2Fsvg%27%20width%3D%272560%27%20height%3D%271440%27%20viewBox%3D%270%200%202560%201440%27%3E%3Crect%20width%3D%272560%27%20height%3D%271440%27%20fill-opacity%3D%220%22%2F%3E%3C%2Fsvg%3E\" data-srcset=\"https:\/\/palazzovetrano.it\/wp-content\/uploads\/2023\/10\/IMG_7960-200x113.jpg 200w, https:\/\/palazzovetrano.it\/wp-content\/uploads\/2023\/10\/IMG_7960-400x225.jpg 400w, https:\/\/palazzovetrano.it\/wp-content\/uploads\/2023\/10\/IMG_7960-600x338.jpg 600w, https:\/\/palazzovetrano.it\/wp-content\/uploads\/2023\/10\/IMG_7960-800x450.jpg 800w, https:\/\/palazzovetrano.it\/wp-content\/uploads\/2023\/10\/IMG_7960-1200x675.jpg 1200w\" data-sizes=\"auto\" data-orig-sizes=\"(max-width: 800px) 100vw, 800px\" \/><\/span><\/div><div class=\"fusion-text fusion-text-25\"><p style=\"text-align: left;\">A proposito, si entra nell'appartamento attraverso la pi\u00f9 grande delle due camere da letto. Ma questo lo sapevate gi\u00e0. Le persiane, che garantiscono l'oscuramento, possono essere aperte solo dall'interno della camera da letto piccola. In cucina e in bagno ci sono altre persiane per fare ombra.<\/p>\n<p style=\"text-align: left;\">La finestra della camera da letto grande \u00e8 oscurata da una tenda. Se necessario, \u00e8 possibile oscurare le finestre sul tetto con un'ulteriore tenda plissettata. L'asta telescopica necessaria a questo scopo si trova nella camera da letto principale, accanto all'armadietto. \u00c8 possibile utilizzarla anche per aprire e chiudere i lucernari.<\/p>\n<\/div><div class=\"fusion-image-element\" style=\"text-align:center;--awb-margin-top:2rem;--awb-margin-bottom:2rem;--awb-caption-title-font-family:var(--h2_typography-font-family);--awb-caption-title-font-weight:var(--h2_typography-font-weight);--awb-caption-title-font-style:var(--h2_typography-font-style);--awb-caption-title-size:var(--h2_typography-font-size);--awb-caption-title-transform:var(--h2_typography-text-transform);--awb-caption-title-line-height:var(--h2_typography-line-height);--awb-caption-title-letter-spacing:var(--h2_typography-letter-spacing);\"><span class=\"fusion-imageframe imageframe-none imageframe-19 hover-type-none\" style=\"border-radius:12px;\"><img decoding=\"async\" width=\"1024\" height=\"683\" src=\"data:image\/svg+xml,%3Csvg%20xmlns%3D%27http%3A%2F%2Fwww.w3.org%2F2000%2Fsvg%27%20width%3D%272560%27%20height%3D%271707%27%20viewBox%3D%270%200%202560%201707%27%3E%3Crect%20width%3D%272560%27%20height%3D%271707%27%20fill-opacity%3D%220%22%2F%3E%3C%2Fsvg%3E\" data-orig-src=\"https:\/\/palazzovetrano.it\/wp-content\/uploads\/2023\/06\/26-Schlafen-1-Palermo-Blu-Centro-Storico-Ballaro-Pallazzo-Vertrano-Casa-Vacanza-00004-1-1024x683.jpg\" alt class=\"lazyload img-responsive wp-image-979\"\/><\/span><\/div><div class=\"fusion-text fusion-text-26\"><p style=\"text-align: left;\">Nella pi\u00f9 grande delle due camere da letto si trova una classica scrivania da medico. Le macchine da scrivere sono pi\u00f9 decorative e sono in circolazione da qualche anno.<\/p>\n<p style=\"text-align: left;\">Uno di questi modelli Olivetti \u00e8 stato persino esposto al MOMA, il Museo di Arte Moderna di New York. Un vero classico del design. Manteniamoli cos\u00ec come sono. Grazie!<\/p>\n<\/div><div class=\"fusion-image-element\" style=\"text-align:center;--awb-margin-top:2rem;--awb-margin-bottom:2rem;--awb-caption-title-font-family:var(--h2_typography-font-family);--awb-caption-title-font-weight:var(--h2_typography-font-weight);--awb-caption-title-font-style:var(--h2_typography-font-style);--awb-caption-title-size:var(--h2_typography-font-size);--awb-caption-title-transform:var(--h2_typography-text-transform);--awb-caption-title-line-height:var(--h2_typography-line-height);--awb-caption-title-letter-spacing:var(--h2_typography-letter-spacing);\"><span class=\"fusion-imageframe imageframe-none imageframe-20 hover-type-none\" style=\"border-radius:12px;\"><img decoding=\"async\" width=\"1024\" height=\"683\" src=\"https:\/\/palazzovetrano.it\/wp-content\/uploads\/2023\/06\/31-Schlafen-1-Details-Palermo-Blu-Centro-Storico-Ballaro-Pallazzo-Vertrano-Casa-Vacanza-00003-1024x683-1.jpg\" data-orig-src=\"https:\/\/palazzovetrano.it\/wp-content\/uploads\/2023\/06\/31-Schlafen-1-Details-Palermo-Blu-Centro-Storico-Ballaro-Pallazzo-Vertrano-Casa-Vacanza-00003-1024x683-1.jpg\" alt class=\"lazyload img-responsive wp-image-1029\" srcset=\"data:image\/svg+xml,%3Csvg%20xmlns%3D%27http%3A%2F%2Fwww.w3.org%2F2000%2Fsvg%27%20width%3D%271024%27%20height%3D%27683%27%20viewBox%3D%270%200%201024%20683%27%3E%3Crect%20width%3D%271024%27%20height%3D%27683%27%20fill-opacity%3D%220%22%2F%3E%3C%2Fsvg%3E\" data-srcset=\"https:\/\/palazzovetrano.it\/wp-content\/uploads\/2023\/06\/31-Schlafen-1-Details-Palermo-Blu-Centro-Storico-Ballaro-Pallazzo-Vertrano-Casa-Vacanza-00003-1024x683-1-200x133.jpg 200w, https:\/\/palazzovetrano.it\/wp-content\/uploads\/2023\/06\/31-Schlafen-1-Details-Palermo-Blu-Centro-Storico-Ballaro-Pallazzo-Vertrano-Casa-Vacanza-00003-1024x683-1-400x267.jpg 400w, https:\/\/palazzovetrano.it\/wp-content\/uploads\/2023\/06\/31-Schlafen-1-Details-Palermo-Blu-Centro-Storico-Ballaro-Pallazzo-Vertrano-Casa-Vacanza-00003-1024x683-1-600x400.jpg 600w, https:\/\/palazzovetrano.it\/wp-content\/uploads\/2023\/06\/31-Schlafen-1-Details-Palermo-Blu-Centro-Storico-Ballaro-Pallazzo-Vertrano-Casa-Vacanza-00003-1024x683-1-800x534.jpg 800w, https:\/\/palazzovetrano.it\/wp-content\/uploads\/2023\/06\/31-Schlafen-1-Details-Palermo-Blu-Centro-Storico-Ballaro-Pallazzo-Vertrano-Casa-Vacanza-00003-1024x683-1.jpg 1024w\" data-sizes=\"auto\" data-orig-sizes=\"(max-width: 800px) 100vw, 800px\" \/><\/span><\/div><div class=\"fusion-text fusion-text-27\"><p style=\"text-align: left;\">Oltre all'armadietto, nella stanza pi\u00f9 piccola vi attende una cassettiera. Nella parte superiore troverete anche la vostra Smart TV.<\/p>\n<\/div><div class=\"fusion-text fusion-text-28\" style=\"--awb-content-alignment:left;\"><h2 class=\"fusion-responsive-typography-calculated\" style=\"text-align: center; --fontsize: 33; line-height: 1.3;\" data-fontsize=\"33\" data-lineheight=\"42.9px\"><\/h2>\n<h2 class=\"fusion-responsive-typography-calculated\" style=\"text-align: center; --fontsize: 33; line-height: 1.3;\" data-fontsize=\"33\" data-lineheight=\"42.9px\">Intrattenimento e altro<\/h2>\n<blockquote style=\"text-align: center;\">\n<p>\"L'intrattenimento \u00e8 l'arte di dare alle persone ci\u00f2 che vogliono prima che sappiano di volerlo\". - Steve Jobs<\/p>\n<\/blockquote>\n<p style=\"text-align: left;\">L'intrattenimento \u00e8 assicurato! Godetevi la Smart TV con servizi di streaming come Prime Video - NETFLIX, YouTube, AppleTV, Disney, Zattoo. \u00c8 possibile guardarli tramite il proprio account personale. \u00c8 inoltre possibile trasferire le immagini al televisore tramite screen mirroring.<\/p>\n<p style=\"text-align: left;\">Se preferite immergervi nel mondo dei libri, troverete anche materiale di lettura, alcune guide turistiche sulla Sicilia e su Palermo, oltre a diversi libri illustrati. Ci sono anche giochi da tavolo per una serata di gioco in compagnia. In bagno c'\u00e8 anche un altoparlante Bluetooth per ascoltare la vostra musica preferita sotto la doccia.<\/p>\n<p style=\"text-align: left;\">Tutto troppo noioso? Allora uscite dall'appartamento e andate in citt\u00e0. Perch\u00e9 a Palermo potrete sperimentare una variet\u00e0 di attivit\u00e0 divertenti che rendono questa citt\u00e0 cos\u00ec famosa: da entusiasmanti festival di strada e spettacoli di musica tradizionale a rappresentazioni teatrali mozzafiato e vivaci mostre d'arte. Immergetevi nel vivace intrattenimento di questa affascinante citt\u00e0 e lasciatevi trasportare dalla sua energia unica.<\/p>\n<\/div><div class=\"fusion-text fusion-text-29\"><h2 class=\"fusion-responsive-typography-calculated\" style=\"text-align: center; --fontsize: 33; line-height: 1.3;\" data-fontsize=\"33\" data-lineheight=\"42.9px\"><\/h2>\n<h2 class=\"fusion-responsive-typography-calculated\" style=\"text-align: center; --fontsize: 33; line-height: 1.3;\" data-fontsize=\"33\" data-lineheight=\"42.9px\">Corridoio<\/h2>\n<p style=\"text-align: left;\">Nel corridoio vi aspettano una panca e una cassapanca in legno tipicamente siciliane: un vero pezzo di Palermo per voi! Qui troverete anche dei cuscini che potrete utilizzare in terrazza. Affinch\u00e9 durino a lungo nonostante il sole, sarebbe bello se li riponeste qui dopo l'uso. Grazie mille!<\/p>\n<\/div><div class=\"fusion-image-element\" style=\"text-align:center;--awb-margin-top:2rem;--awb-margin-bottom:2rem;--awb-caption-title-font-family:var(--h2_typography-font-family);--awb-caption-title-font-weight:var(--h2_typography-font-weight);--awb-caption-title-font-style:var(--h2_typography-font-style);--awb-caption-title-size:var(--h2_typography-font-size);--awb-caption-title-transform:var(--h2_typography-text-transform);--awb-caption-title-line-height:var(--h2_typography-line-height);--awb-caption-title-letter-spacing:var(--h2_typography-letter-spacing);\"><span class=\"fusion-imageframe imageframe-none imageframe-21 hover-type-none\" style=\"border-radius:12px;\"><img decoding=\"async\" width=\"1024\" height=\"683\" src=\"https:\/\/palazzovetrano.it\/wp-content\/uploads\/2023\/06\/8-Diele-Palermo-Blu-Centro-Storico-Ballaro-Pallazzo-Vertrano-Casa-Vacanza-00006-1-1024x683-1.jpg\" data-orig-src=\"https:\/\/palazzovetrano.it\/wp-content\/uploads\/2023\/06\/8-Diele-Palermo-Blu-Centro-Storico-Ballaro-Pallazzo-Vertrano-Casa-Vacanza-00006-1-1024x683-1.jpg\" alt class=\"lazyload img-responsive wp-image-1027\" srcset=\"data:image\/svg+xml,%3Csvg%20xmlns%3D%27http%3A%2F%2Fwww.w3.org%2F2000%2Fsvg%27%20width%3D%271024%27%20height%3D%27683%27%20viewBox%3D%270%200%201024%20683%27%3E%3Crect%20width%3D%271024%27%20height%3D%27683%27%20fill-opacity%3D%220%22%2F%3E%3C%2Fsvg%3E\" data-srcset=\"https:\/\/palazzovetrano.it\/wp-content\/uploads\/2023\/06\/8-Diele-Palermo-Blu-Centro-Storico-Ballaro-Pallazzo-Vertrano-Casa-Vacanza-00006-1-1024x683-1-200x133.jpg 200w, https:\/\/palazzovetrano.it\/wp-content\/uploads\/2023\/06\/8-Diele-Palermo-Blu-Centro-Storico-Ballaro-Pallazzo-Vertrano-Casa-Vacanza-00006-1-1024x683-1-400x267.jpg 400w, https:\/\/palazzovetrano.it\/wp-content\/uploads\/2023\/06\/8-Diele-Palermo-Blu-Centro-Storico-Ballaro-Pallazzo-Vertrano-Casa-Vacanza-00006-1-1024x683-1-600x400.jpg 600w, https:\/\/palazzovetrano.it\/wp-content\/uploads\/2023\/06\/8-Diele-Palermo-Blu-Centro-Storico-Ballaro-Pallazzo-Vertrano-Casa-Vacanza-00006-1-1024x683-1-800x534.jpg 800w, https:\/\/palazzovetrano.it\/wp-content\/uploads\/2023\/06\/8-Diele-Palermo-Blu-Centro-Storico-Ballaro-Pallazzo-Vertrano-Casa-Vacanza-00006-1-1024x683-1.jpg 1024w\" data-sizes=\"auto\" data-orig-sizes=\"(max-width: 800px) 100vw, 800px\" \/><\/span><\/div><div class=\"fusion-text fusion-text-30\"><h2 class=\"fusion-responsive-typography-calculated\" style=\"text-align: center; --fontsize: 33; line-height: 1.3;\" data-fontsize=\"33\" data-lineheight=\"42.9px\"><\/h2>\n<h2 class=\"fusion-responsive-typography-calculated\" style=\"text-align: center; --fontsize: 33; line-height: 1.3;\" data-fontsize=\"33\" data-lineheight=\"42.9px\">Bagno<\/h2>\n<p style=\"text-align: left;\">Il bagno \u00e8 dotato di doccia, bidet, asciugacapelli e prodotti per la pulizia. Accanto al radiatore per asciugamani, c'\u00e8 una scala in legno per asciugare asciugamani e teli da bagno.<\/p>\n<blockquote style=\"text-align: center;\">\n<p>\"I migliori momenti di canto della mia vita li ho avuti sotto la doccia o al karaoke\". - Beyonc\u00e9<\/p>\n<\/blockquote>\n<p style=\"text-align: left;\">Non dimenticate il box Bluetooth. Qui si possono avere entrambe le cose, cantare sotto la doccia e fare il karaoke.<\/p>\n<p style=\"text-align: left;\">\n<\/div><div class=\"fusion-image-element\" style=\"text-align:center;--awb-caption-title-font-family:var(--h2_typography-font-family);--awb-caption-title-font-weight:var(--h2_typography-font-weight);--awb-caption-title-font-style:var(--h2_typography-font-style);--awb-caption-title-size:var(--h2_typography-font-size);--awb-caption-title-transform:var(--h2_typography-text-transform);--awb-caption-title-line-height:var(--h2_typography-line-height);--awb-caption-title-letter-spacing:var(--h2_typography-letter-spacing);\"><span class=\"fusion-imageframe imageframe-none imageframe-22 hover-type-none\" style=\"border-radius:12px;\"><img decoding=\"async\" width=\"1024\" height=\"683\" src=\"https:\/\/palazzovetrano.it\/wp-content\/uploads\/2023\/06\/25-Bad-Palermo-Blu-Centro-Storico-Ballaro-Pallazzo-Vertrano-Casa-Vacanza-00003-1024x683-1.jpg\" data-orig-src=\"https:\/\/palazzovetrano.it\/wp-content\/uploads\/2023\/06\/25-Bad-Palermo-Blu-Centro-Storico-Ballaro-Pallazzo-Vertrano-Casa-Vacanza-00003-1024x683-1.jpg\" alt class=\"lazyload img-responsive wp-image-1030\" srcset=\"data:image\/svg+xml,%3Csvg%20xmlns%3D%27http%3A%2F%2Fwww.w3.org%2F2000%2Fsvg%27%20width%3D%271024%27%20height%3D%27683%27%20viewBox%3D%270%200%201024%20683%27%3E%3Crect%20width%3D%271024%27%20height%3D%27683%27%20fill-opacity%3D%220%22%2F%3E%3C%2Fsvg%3E\" data-srcset=\"https:\/\/palazzovetrano.it\/wp-content\/uploads\/2023\/06\/25-Bad-Palermo-Blu-Centro-Storico-Ballaro-Pallazzo-Vertrano-Casa-Vacanza-00003-1024x683-1-200x133.jpg 200w, https:\/\/palazzovetrano.it\/wp-content\/uploads\/2023\/06\/25-Bad-Palermo-Blu-Centro-Storico-Ballaro-Pallazzo-Vertrano-Casa-Vacanza-00003-1024x683-1-400x267.jpg 400w, https:\/\/palazzovetrano.it\/wp-content\/uploads\/2023\/06\/25-Bad-Palermo-Blu-Centro-Storico-Ballaro-Pallazzo-Vertrano-Casa-Vacanza-00003-1024x683-1-600x400.jpg 600w, https:\/\/palazzovetrano.it\/wp-content\/uploads\/2023\/06\/25-Bad-Palermo-Blu-Centro-Storico-Ballaro-Pallazzo-Vertrano-Casa-Vacanza-00003-1024x683-1-800x534.jpg 800w, https:\/\/palazzovetrano.it\/wp-content\/uploads\/2023\/06\/25-Bad-Palermo-Blu-Centro-Storico-Ballaro-Pallazzo-Vertrano-Casa-Vacanza-00003-1024x683-1.jpg 1024w\" data-sizes=\"auto\" data-orig-sizes=\"(max-width: 800px) 100vw, 800px\" \/><\/span><\/div><div class=\"fusion-text fusion-text-31\"><h2 class=\"fusion-responsive-typography-calculated\" style=\"text-align: center; --fontsize: 33; line-height: 1.3;\" data-fontsize=\"33\" data-lineheight=\"42.9px\"><\/h2>\n<h2 class=\"fusion-responsive-typography-calculated\" style=\"text-align: center; --fontsize: 33; line-height: 1.3;\" data-fontsize=\"33\" data-lineheight=\"42.9px\">Sicurezza<\/h2>\n<p style=\"text-align: left;\">Vogliamo assicurarci che vi sentiate a vostro agio e al sicuro, e abbiamo una buona notizia: Avete gi\u00e0 dato il contributo pi\u00f9 importante scegliendo Palermo come destinazione. Palermo \u00e8 considerata la citt\u00e0 pi\u00f9 sicura d'Italia. Naturalmente, questo non significa che qui non ci sia criminalit\u00e0. Essendo una grande citt\u00e0, Palermo purtroppo attira borseggiatori e turisti in estate. Per questo motivo, vi consigliamo di osservare le consuete misure di sicurezza.<\/p>\n<p style=\"text-align: left;\">Inoltre, vi offriamo un'ampia gamma di servizi e misure di sicurezza:<\/p>\n<p style=\"text-align: left;\">La vostra sicurezza ci sta a cuore. Nel corridoio e fuori dalla porta d'ingresso sono installate telecamere di sorveglianza per tenere d'occhio ci\u00f2 che accade. L'appartamento \u00e8 dotato di un sistema di videocitofono Urmet. Sarete voi a decidere chi deve rimanere fuori.<\/p>\n<p style=\"text-align: left;\">In camera troverete una cassaforte dell'hotel Burg W\u00e4chter per tenere al sicuro i vostri oggetti di valore. Offre una maggiore protezione contro l'effrazione e la perforazione, nonch\u00e9 spazio sufficiente per contanti, documenti di viaggio importanti e molto altro. La serratura della cassaforte \u00e8 elettronica. Ci\u00f2 la rende molto comoda da aprire e chiudere.<\/p>\n<\/div><div class=\"fusion-image-element\" style=\"text-align:center;--awb-caption-title-font-family:var(--h2_typography-font-family);--awb-caption-title-font-weight:var(--h2_typography-font-weight);--awb-caption-title-font-style:var(--h2_typography-font-style);--awb-caption-title-size:var(--h2_typography-font-size);--awb-caption-title-transform:var(--h2_typography-text-transform);--awb-caption-title-line-height:var(--h2_typography-line-height);--awb-caption-title-letter-spacing:var(--h2_typography-letter-spacing);\"><span class=\"fusion-imageframe imageframe-none imageframe-23 hover-type-none\" style=\"border-radius:12px;\"><img decoding=\"async\" width=\"1024\" height=\"453\" src=\"https:\/\/palazzovetrano.it\/wp-content\/uploads\/2023\/10\/Safe-1.png\" data-orig-src=\"https:\/\/palazzovetrano.it\/wp-content\/uploads\/2023\/10\/Safe-1-1024x453.png\" alt class=\"lazyload img-responsive wp-image-1336\" srcset=\"data:image\/svg+xml,%3Csvg%20xmlns%3D%27http%3A%2F%2Fwww.w3.org%2F2000%2Fsvg%27%20width%3D%271500%27%20height%3D%27664%27%20viewBox%3D%270%200%201500%20664%27%3E%3Crect%20width%3D%271500%27%20height%3D%27664%27%20fill-opacity%3D%220%22%2F%3E%3C%2Fsvg%3E\" data-srcset=\"https:\/\/palazzovetrano.it\/wp-content\/uploads\/2023\/10\/Safe-1-200x89.png 200w, https:\/\/palazzovetrano.it\/wp-content\/uploads\/2023\/10\/Safe-1-400x177.png 400w, https:\/\/palazzovetrano.it\/wp-content\/uploads\/2023\/10\/Safe-1-600x266.png 600w, https:\/\/palazzovetrano.it\/wp-content\/uploads\/2023\/10\/Safe-1-800x354.png 800w, https:\/\/palazzovetrano.it\/wp-content\/uploads\/2023\/10\/Safe-1-1200x531.png 1200w, https:\/\/palazzovetrano.it\/wp-content\/uploads\/2023\/10\/Safe-1.png 1500w\" data-sizes=\"auto\" data-orig-sizes=\"(max-width: 800px) 100vw, 800px\" \/><\/span><\/div><div class=\"fusion-text fusion-text-32\"><h2 class=\"fusion-responsive-typography-calculated\" style=\"text-align: center; --fontsize: 33; line-height: 1.3;\" data-fontsize=\"33\" data-lineheight=\"42.9px\"><\/h2>\n<p style=\"text-align: left;\">Abbiamo installato rilevatori di fumo e di monossido di carbonio per proteggerci dai rischi. Sono inoltre disponibili estintori e coperte antincendio. Quindi tutto dovrebbe essere sicuro.<\/p>\n<p style=\"text-align: left;\">\u00c8 disponibile una cassetta di pronto soccorso in caso di infortunio.<\/p>\n<p style=\"text-align: left;\">L'interruttore centrale non serve solo alla sostenibilit\u00e0, ma offre anche la sicurezza di non doversi preoccupare se si \u00e8 lasciato acceso il fornello o il ferro da stiro. E non preoccupatevi, tutto sar\u00e0 ancora fresco nel frigorifero.<\/p>\n<p style=\"text-align: left;\">\n<\/div><div class=\"fusion-image-element\" style=\"text-align:center;--awb-caption-title-font-family:var(--h2_typography-font-family);--awb-caption-title-font-weight:var(--h2_typography-font-weight);--awb-caption-title-font-style:var(--h2_typography-font-style);--awb-caption-title-size:var(--h2_typography-font-size);--awb-caption-title-transform:var(--h2_typography-text-transform);--awb-caption-title-line-height:var(--h2_typography-line-height);--awb-caption-title-letter-spacing:var(--h2_typography-letter-spacing);\"><span class=\"fusion-imageframe imageframe-none imageframe-24 hover-type-none\" style=\"border-radius:12px;\"><img decoding=\"async\" width=\"1024\" height=\"576\" src=\"https:\/\/palazzovetrano.it\/wp-content\/uploads\/2023\/10\/IMG_6688-scaled.jpg\" data-orig-src=\"https:\/\/palazzovetrano.it\/wp-content\/uploads\/2023\/10\/IMG_6688-1024x576.jpg\" alt class=\"lazyload img-responsive wp-image-1223\" srcset=\"data:image\/svg+xml,%3Csvg%20xmlns%3D%27http%3A%2F%2Fwww.w3.org%2F2000%2Fsvg%27%20width%3D%272560%27%20height%3D%271440%27%20viewBox%3D%270%200%202560%201440%27%3E%3Crect%20width%3D%272560%27%20height%3D%271440%27%20fill-opacity%3D%220%22%2F%3E%3C%2Fsvg%3E\" data-srcset=\"https:\/\/palazzovetrano.it\/wp-content\/uploads\/2023\/10\/IMG_6688-200x113.jpg 200w, https:\/\/palazzovetrano.it\/wp-content\/uploads\/2023\/10\/IMG_6688-400x225.jpg 400w, https:\/\/palazzovetrano.it\/wp-content\/uploads\/2023\/10\/IMG_6688-600x338.jpg 600w, https:\/\/palazzovetrano.it\/wp-content\/uploads\/2023\/10\/IMG_6688-800x450.jpg 800w, https:\/\/palazzovetrano.it\/wp-content\/uploads\/2023\/10\/IMG_6688-1200x675.jpg 1200w\" data-sizes=\"auto\" data-orig-sizes=\"(max-width: 800px) 100vw, 800px\" \/><\/span><\/div><div class=\"fusion-text fusion-text-33\"><h3 class=\"fusion-responsive-typography-calculated\" style=\"text-align: center; --fontsize: 28; line-height: 1.3;\" data-fontsize=\"28\" data-lineheight=\"36.4px\"><\/h3>\n<h3 class=\"fusion-responsive-typography-calculated\" style=\"text-align: center; --fontsize: 28; line-height: 1.3;\" data-fontsize=\"28\" data-lineheight=\"36.4px\">Precauzioni di sicurezza: Dove posso trovare cosa?<\/h3>\n<p style=\"text-align: left;\"><b>Il kit di pronto soccorso<\/b> si trova in una scatola rossa chiaramente riconoscibile con una croce bianca. Si trova nella grande camera da letto dell'armadietto.<\/p>\n<p style=\"text-align: left;\"><b>L'estintore<\/b> \u00e8 appeso a un gancio direttamente a destra, accanto al radiatore. In caso di emergenza, basta staccarlo e spegnerlo.<\/p>\n<p style=\"text-align: left;\"><b>La coperta di fuoco <\/b>\u00e8 in cucina, accanto al mobile della cucina a sinistra. La coperta antincendio si trova nel cassetto superiore dell'elemento destro, l'armadietto medico azzurro. Anche questo \u00e8 dotato di un gancio. Se si desidera, \u00e8 possibile appenderla direttamente all'armadio, come mostrato nell'immagine.<\/p>\n<\/div><div class=\"fusion-text fusion-text-34\"><h3 class=\"fusion-responsive-typography-calculated\" style=\"text-align: center; --fontsize: 28; line-height: 1.3;\" data-fontsize=\"28\" data-lineheight=\"36.4px\">Acqua ed elettricit\u00e0<\/h3>\n<p style=\"text-align: left;\">Sia la rete elettrica che quella idrica di Palermo sono eccezionalmente stabili. Soprattutto per una citt\u00e0 del sud.<\/p>\n<p style=\"text-align: left;\">L'acqua del rubinetto non solo viene testata a intervalli regolari secondo le linee guida dell'UE. Troviamo che il sapore sia eccezionalmente buono. Per questo la usiamo come acqua potabile. In questo modo risparmiamo a voi e a noi stessi l'inutile trasporto di bottiglie. Non c'\u00e8 bisogno di dirvi che si tratta di acqua potabile preziosa e che va conservata, vero?<\/p>\n<p style=\"text-align: left;\">PS: Non dimenticate la borraccia! Perch\u00e9 a Palermo di tanto in tanto fa caldo. Allora sarete grati di non dover pensare a lungo a dove prendere da bere. Se fa ancora pi\u00f9 caldo, vi consigliamo una deliziosa Granita al Limone, che potete trovare ovunque a Palermo. Deliziosa e abbondantemente rinfrescante.<\/p>\n<\/div><div class=\"fusion-image-element\" style=\"text-align:center;--awb-caption-title-font-family:var(--h2_typography-font-family);--awb-caption-title-font-weight:var(--h2_typography-font-weight);--awb-caption-title-font-style:var(--h2_typography-font-style);--awb-caption-title-size:var(--h2_typography-font-size);--awb-caption-title-transform:var(--h2_typography-text-transform);--awb-caption-title-line-height:var(--h2_typography-line-height);--awb-caption-title-letter-spacing:var(--h2_typography-letter-spacing);\"><span class=\"fusion-imageframe imageframe-none imageframe-25 hover-type-none\" style=\"border-radius:12px;\"><img decoding=\"async\" width=\"1024\" height=\"576\" alt=\"Viaggiare in modo sostenibile significa anche evitare gli sprechi. Senza plastica grazie all&#039;acqua potabile.\" title=\"I\" src=\"data:image\/svg+xml,%3Csvg%20xmlns%3D%27http%3A%2F%2Fwww.w3.org%2F2000%2Fsvg%27%20width%3D%272560%27%20height%3D%271440%27%20viewBox%3D%270%200%202560%201440%27%3E%3Crect%20width%3D%272560%27%20height%3D%271440%27%20fill-opacity%3D%220%22%2F%3E%3C%2Fsvg%3E\" data-orig-src=\"https:\/\/palazzovetrano.it\/wp-content\/uploads\/2023\/10\/IMG_6838-1-1024x576.jpg\" class=\"lazyload img-responsive wp-image-1460\"\/><\/span><\/div><div class=\"fusion-text fusion-text-35\"><p style=\"text-align: left;\">Tuttavia, a volte pu\u00f2 capitare che non ci siano temporaneamente acqua o elettricit\u00e0.<\/p>\n<h4 class=\"fusion-responsive-typography-calculated\" style=\"text-align: center; --fontsize: 25; line-height: 1.3; --minfontsize: 25;\" data-fontsize=\"25\" data-lineheight=\"32.5px\">Interruttore automatico \/ Fusibili<\/h4>\n<p style=\"text-align: left;\">Se vi sembra che non ci sia elettricit\u00e0, vi consigliamo di verificare brevemente se l'interruttore centrale dell'elettricit\u00e0 vicino alla porta finestra \u00e8 acceso.<\/p>\n<p style=\"text-align: left;\">Successivamente, controllare la scatola dei fusibili dietro la porta della cucina. Infine, \u00e8 possibile controllare il fusibile principale del contatore elettrico. Si trova nel locale tecnico accanto alla scala al piano terra. L'appartamento ha un fusibile da 6kW invece dei soliti 3kW. Ma se fate funzionare contemporaneamente il condizionatore e l'asciugacapelli o il tostapane, il forno e cos\u00ec via, accumulerete rapidamente molta energia.<\/p>\n<p style=\"text-align: left;\">Tutti gli interruttori automatici\/fusibili sono attivi?<\/p>\n<\/div><div class=\"fusion-image-element\" style=\"text-align:center;--awb-margin-top:2rem;--awb-margin-right:2rem;--awb-caption-title-font-family:var(--h2_typography-font-family);--awb-caption-title-font-weight:var(--h2_typography-font-weight);--awb-caption-title-font-style:var(--h2_typography-font-style);--awb-caption-title-size:var(--h2_typography-font-size);--awb-caption-title-transform:var(--h2_typography-text-transform);--awb-caption-title-line-height:var(--h2_typography-line-height);--awb-caption-title-letter-spacing:var(--h2_typography-letter-spacing);\"><span class=\"fusion-imageframe imageframe-none imageframe-26 hover-type-none\" style=\"border-radius:12px;\"><img decoding=\"async\" width=\"1024\" height=\"576\" src=\"https:\/\/palazzovetrano.it\/wp-content\/uploads\/2023\/10\/IMG_8034-scaled.jpg\" data-orig-src=\"https:\/\/palazzovetrano.it\/wp-content\/uploads\/2023\/10\/IMG_8034-1024x576.jpg\" alt class=\"lazyload img-responsive wp-image-1552\" srcset=\"data:image\/svg+xml,%3Csvg%20xmlns%3D%27http%3A%2F%2Fwww.w3.org%2F2000%2Fsvg%27%20width%3D%272560%27%20height%3D%271441%27%20viewBox%3D%270%200%202560%201441%27%3E%3Crect%20width%3D%272560%27%20height%3D%271441%27%20fill-opacity%3D%220%22%2F%3E%3C%2Fsvg%3E\" data-srcset=\"https:\/\/palazzovetrano.it\/wp-content\/uploads\/2023\/10\/IMG_8034-200x113.jpg 200w, https:\/\/palazzovetrano.it\/wp-content\/uploads\/2023\/10\/IMG_8034-400x225.jpg 400w, https:\/\/palazzovetrano.it\/wp-content\/uploads\/2023\/10\/IMG_8034-600x338.jpg 600w, https:\/\/palazzovetrano.it\/wp-content\/uploads\/2023\/10\/IMG_8034-800x450.jpg 800w, https:\/\/palazzovetrano.it\/wp-content\/uploads\/2023\/10\/IMG_8034-1200x676.jpg 1200w\" data-sizes=\"auto\" data-orig-sizes=\"(max-width: 800px) 100vw, 800px\" \/><\/span><\/div><div class=\"fusion-text fusion-text-36\"><h4 class=\"fusion-responsive-typography-calculated\" style=\"text-align: center; --fontsize: 25; line-height: 1.3; --minfontsize: 25;\" data-fontsize=\"25\" data-lineheight=\"32.5px\"><\/h4>\n<h4 class=\"fusion-responsive-typography-calculated\" style=\"text-align: center; --fontsize: 25; line-height: 1.3; --minfontsize: 25;\" data-fontsize=\"25\" data-lineheight=\"32.5px\">Media \/ danni da acqua<\/h4>\n<p style=\"text-align: left;\">In caso di danni all'acqua all'interno dell'appartamento, vi chiediamo di chiudere il rubinetto principale. <b>No. 6<\/b> chiudere immediatamente e informare Solemar Sicilia. Il rubinetto principale si trova nella tromba delle scale, un pianerottolo sopra la porta d'ingresso della terrazza, proprio dietro lo sportello metallico. Solemar Sicilia \u00e8 a disposizione in caso di emergenza per assistervi in queste situazioni.<\/p>\n<p style=\"text-align: left;\">Vorremmo sottolineare che queste situazioni non si verificano praticamente mai. Ma la vita \u00e8 ci\u00f2 che accade quando si pianifica diversamente. Ecco perch\u00e9 vi informiamo comunque sulle misure appropriate per rendere il vostro soggiorno il pi\u00f9 piacevole e sicuro possibile.<\/p>\n<\/div><div class=\"fusion-image-element\" style=\"text-align:center;--awb-caption-title-font-family:var(--h2_typography-font-family);--awb-caption-title-font-weight:var(--h2_typography-font-weight);--awb-caption-title-font-style:var(--h2_typography-font-style);--awb-caption-title-size:var(--h2_typography-font-size);--awb-caption-title-transform:var(--h2_typography-text-transform);--awb-caption-title-line-height:var(--h2_typography-line-height);--awb-caption-title-letter-spacing:var(--h2_typography-letter-spacing);\"><span class=\"fusion-imageframe imageframe-none imageframe-27 hover-type-none\" style=\"border-radius:12px;\"><img decoding=\"async\" width=\"1024\" height=\"576\" src=\"https:\/\/palazzovetrano.it\/wp-content\/uploads\/2023\/10\/IMG_8038-scaled.jpg\" data-orig-src=\"https:\/\/palazzovetrano.it\/wp-content\/uploads\/2023\/10\/IMG_8038-1024x576.jpg\" alt class=\"lazyload img-responsive wp-image-1553\" srcset=\"data:image\/svg+xml,%3Csvg%20xmlns%3D%27http%3A%2F%2Fwww.w3.org%2F2000%2Fsvg%27%20width%3D%272560%27%20height%3D%271440%27%20viewBox%3D%270%200%202560%201440%27%3E%3Crect%20width%3D%272560%27%20height%3D%271440%27%20fill-opacity%3D%220%22%2F%3E%3C%2Fsvg%3E\" data-srcset=\"https:\/\/palazzovetrano.it\/wp-content\/uploads\/2023\/10\/IMG_8038-200x113.jpg 200w, https:\/\/palazzovetrano.it\/wp-content\/uploads\/2023\/10\/IMG_8038-400x225.jpg 400w, https:\/\/palazzovetrano.it\/wp-content\/uploads\/2023\/10\/IMG_8038-600x338.jpg 600w, https:\/\/palazzovetrano.it\/wp-content\/uploads\/2023\/10\/IMG_8038-800x450.jpg 800w, https:\/\/palazzovetrano.it\/wp-content\/uploads\/2023\/10\/IMG_8038-1200x675.jpg 1200w\" data-sizes=\"auto\" data-orig-sizes=\"(max-width: 800px) 100vw, 800px\" \/><\/span><\/div><div class=\"fusion-text fusion-text-37\"><h2 class=\"fusion-responsive-typography-calculated\" style=\"text-align: center; --fontsize: 33; line-height: 1.3;\" data-fontsize=\"33\" data-lineheight=\"42.9px\"><\/h2>\n<h2 class=\"fusion-responsive-typography-calculated\" style=\"text-align: center; --fontsize: 33; line-height: 1.3;\" data-fontsize=\"33\" data-lineheight=\"42.9px\">Numeri di emergenza Emergenza<\/h2>\n<p style=\"text-align: left;\">In tutti i Paesi dell'UE, potete chiamare il 112 dal vostro cellulare o dal telefono fisso. Non \u00e8 necessario comporre un prefisso! Se il cellulare non riceve: Spegnetelo e riaccendetelo, digitate il numero di emergenza 112 invece del PIN. Verrete quindi reindirizzati automaticamente a un'altra rete.<\/p>\n<h3 class=\"fusion-responsive-typography-calculated\" style=\"--fontsize: 28; line-height: 1.3; text-align: center;\" data-fontsize=\"28\" data-lineheight=\"36.4px\">Numeri di emergenza nazionali Italia<\/h3>\n<p style=\"text-align: left;\">Ecco i pi\u00f9 importanti:<b><br \/>\n<\/b><\/p>\n<p style=\"text-align: left;\"><b>113<\/b> Polizia (Polizia di stato)<\/p>\n<p style=\"text-align: left;\"><b>114<\/b> Situazioni di emergenza di bambini\/ragazzi (Emergenza infanzia)<\/p>\n<p style=\"text-align: left;\"><b>115<\/b> Vigili del fuoco<\/p>\n<p style=\"text-align: left;\"><b>118<\/b> Medico di emergenza, servizio di soccorso (Emergenza sanitaria)<\/p>\n<p style=\"text-align: left;\"><b>803116<\/b> Servizio di ripartizione ACI 24<\/p>\n<p style=\"text-align: left;\">La vostra sicurezza \u00e8 importante per noi e vogliamo assicurarci che siate ben preparati in caso di emergenza. Non esitate a contattare solemar sicilia per qualsiasi altra domanda o dubbio. Potete contattarli al numero: xxxxx<\/p>\n<\/div><div class=\"fusion-text fusion-text-38\"><h2 class=\"fusion-responsive-typography-calculated\" style=\"text-align: center; --fontsize: 33; line-height: 1.3;\" data-fontsize=\"33\" data-lineheight=\"42.9px\">Ordine e pulizia<\/h2>\n<p style=\"text-align: left;\">Palermo \u00e8 rilassata. Questo vale anche per l'abbigliamento. Dopo tutto, siete al sud e non a Milano. Di tanto in tanto, per\u00f2, potreste voler essere meno casual. Nell'armadietto della grande camera da letto troverete un ferro da stiro e, proprio accanto, un piccolo asse da stiro.<\/p>\n<p style=\"text-align: left;\">Vi piacciono l'ordine e la pulizia? Soprattutto durante i soggiorni pi\u00f9 lunghi, vorrete sicuramente lavare, pulire o passare l'aspirapolvere tra un soggiorno e l'altro. Avete gi\u00e0 trovato la lavatrice in cucina. Lo stendibiancheria dovrebbe trovarsi nella cameretta sotto il letto. Sarebbe bello poterlo riporre qui dopo l'uso. L'aspirapolvere, il tergivetro e i prodotti per la pulizia si trovano nella cameretta, nella fila inferiore dell'armadietto.<\/p>\n<\/div><div class=\"fusion-image-element\" style=\"--awb-margin-bottom:4rem;--awb-caption-title-font-family:var(--h2_typography-font-family);--awb-caption-title-font-weight:var(--h2_typography-font-weight);--awb-caption-title-font-style:var(--h2_typography-font-style);--awb-caption-title-size:var(--h2_typography-font-size);--awb-caption-title-transform:var(--h2_typography-text-transform);--awb-caption-title-line-height:var(--h2_typography-line-height);--awb-caption-title-letter-spacing:var(--h2_typography-letter-spacing);\"><span class=\"fusion-imageframe imageframe-none imageframe-28 hover-type-none\" style=\"border-radius:12px;\"><img decoding=\"async\" width=\"2560\" height=\"1440\" src=\"data:image\/svg+xml,%3Csvg%20xmlns%3D%27http%3A%2F%2Fwww.w3.org%2F2000%2Fsvg%27%20width%3D%272560%27%20height%3D%271440%27%20viewBox%3D%270%200%202560%201440%27%3E%3Crect%20width%3D%272560%27%20height%3D%271440%27%20fill-opacity%3D%220%22%2F%3E%3C%2Fsvg%3E\" data-orig-src=\"https:\/\/palazzovetrano.it\/wp-content\/uploads\/2023\/10\/IMG_6900-2-scaled.jpg\" alt class=\"lazyload img-responsive wp-image-1430\"\/><\/span><\/div><div class=\"fusion-text fusion-text-39\"><h2 class=\"fusion-responsive-typography-calculated\" style=\"text-align: center; --fontsize: 33; line-height: 1.3;\" data-fontsize=\"33\" data-lineheight=\"42.9px\">Relax e yoga<\/h2>\n<p style=\"text-align: left;\">Preferite rilassarvi. Vi consigliamo l'amaca o lo yoga. In ognuna delle due stanze troverete un tappetino da yoga XL. Preferite andare in cima? Allora provate la nostra corda da arrampicata. Ma anche in questo caso, lo fate a vostro rischio e pericolo.<\/p>\n<p style=\"text-align: left;\">I guantoni da boxe sono pi\u00f9 che altro una decorazione. - Chi vuole combattere?<\/p>\n<blockquote style=\"text-align: center;\">\n<p><i>\"I pi\u00f9 grandi eventi non sono le nostre ore pi\u00f9 rumorose, ma quelle pi\u00f9 silenziose\" - Dalai Lama<\/i><\/p>\n<\/blockquote>\n<p style=\"text-align: center;\">\n<\/div><div class=\"fusion-image-element\" style=\"text-align:center;--awb-caption-title-font-family:var(--h2_typography-font-family);--awb-caption-title-font-weight:var(--h2_typography-font-weight);--awb-caption-title-font-style:var(--h2_typography-font-style);--awb-caption-title-size:var(--h2_typography-font-size);--awb-caption-title-transform:var(--h2_typography-text-transform);--awb-caption-title-line-height:var(--h2_typography-line-height);--awb-caption-title-letter-spacing:var(--h2_typography-letter-spacing);\"><span class=\"fusion-imageframe imageframe-none imageframe-29 hover-type-none\" style=\"border-radius:12px;\"><img decoding=\"async\" width=\"1024\" height=\"496\" src=\"https:\/\/palazzovetrano.it\/wp-content\/uploads\/2023\/10\/Unbenannt-1.jpg\" data-orig-src=\"https:\/\/palazzovetrano.it\/wp-content\/uploads\/2023\/10\/Unbenannt-1-1024x496.jpg\" alt class=\"lazyload img-responsive wp-image-1427\" srcset=\"data:image\/svg+xml,%3Csvg%20xmlns%3D%27http%3A%2F%2Fwww.w3.org%2F2000%2Fsvg%27%20width%3D%272475%27%20height%3D%271200%27%20viewBox%3D%270%200%202475%201200%27%3E%3Crect%20width%3D%272475%27%20height%3D%271200%27%20fill-opacity%3D%220%22%2F%3E%3C%2Fsvg%3E\" data-srcset=\"https:\/\/palazzovetrano.it\/wp-content\/uploads\/2023\/10\/Unbenannt-1-200x97.jpg 200w, https:\/\/palazzovetrano.it\/wp-content\/uploads\/2023\/10\/Unbenannt-1-400x194.jpg 400w, https:\/\/palazzovetrano.it\/wp-content\/uploads\/2023\/10\/Unbenannt-1-600x291.jpg 600w, https:\/\/palazzovetrano.it\/wp-content\/uploads\/2023\/10\/Unbenannt-1-800x388.jpg 800w, https:\/\/palazzovetrano.it\/wp-content\/uploads\/2023\/10\/Unbenannt-1-1200x582.jpg 1200w\" data-sizes=\"auto\" data-orig-sizes=\"(max-width: 800px) 100vw, 800px\" \/><\/span><\/div><div class=\"fusion-text fusion-text-40\"><h2 class=\"fusion-responsive-typography-calculated\" style=\"text-align: center; --fontsize: 33; line-height: 1.3;\" data-fontsize=\"33\" data-lineheight=\"42.9px\"><\/h2>\n<h2 class=\"fusion-responsive-typography-calculated\" style=\"text-align: center; --fontsize: 33; line-height: 1.3;\" data-fontsize=\"33\" data-lineheight=\"42.9px\">Sostenibilit\u00e0<\/h2>\n<p style=\"text-align: left;\">Attribuiamo grande importanza alla sostenibilit\u00e0 e abbiamo adottato misure come la generazione e l'accumulo di energia solare, le pompe di calore per il riscaldamento, l'asciugatura e il raffreddamento, l'illuminazione a LED ad alta efficienza energetica, l'approvvigionamento di acqua potabile, la rinuncia alla plastica, i mobili e i materiali da costruzione sostenibili, nonch\u00e9 un approccio consapevole a viaggi, trasporti e alimentazione. Maggiori dettagli sono disponibili nel nostro rapporto di sostenibilit\u00e0.<\/p>\n<blockquote style=\"text-align: center;\">\n<p><i>\"Chi non vuole cambiare nulla, perder\u00e0 anche ci\u00f2 che vuole conservare\". - Gustav Heinemann<\/i><\/p>\n<\/blockquote>\n<p style=\"text-align: left;\"><span style=\"color: var(--awb-text-color); font-family: var(--awb-text-font-family); font-size: var(--awb-font-size); font-style: var(--awb-text-font-style); font-weight: var(--awb-text-font-weight); letter-spacing: var(--awb-letter-spacing); text-transform: var(--awb-text-transform); background-color: var(--awb-bg-color-hover);\"><strong>Genereller Hinweis:<\/strong> Nota generale: si prega di notare che, per motivi di sostenibilit\u00e0, l'elettricit\u00e0 nell'appartamento viene spenta quando si \u00e8 assenti. Pertanto, la lavatrice e la lavastoviglie in particolare possono funzionare solo quando siete presenti. Per questo motivo sono stati scelti elettrodomestici molto silenziosi.<\/span><\/p>\n<p style=\"text-align: left;\">\n<\/div><div class=\"fusion-image-element\" style=\"text-align:center;--awb-margin-top:2rem;--awb-margin-bottom:2rem;--awb-caption-title-font-family:var(--h2_typography-font-family);--awb-caption-title-font-weight:var(--h2_typography-font-weight);--awb-caption-title-font-style:var(--h2_typography-font-style);--awb-caption-title-size:var(--h2_typography-font-size);--awb-caption-title-transform:var(--h2_typography-text-transform);--awb-caption-title-line-height:var(--h2_typography-line-height);--awb-caption-title-letter-spacing:var(--h2_typography-letter-spacing);\"><span class=\"fusion-imageframe imageframe-none imageframe-30 hover-type-none\" style=\"border-radius:12px;\"><img decoding=\"async\" width=\"1024\" height=\"682\" src=\"https:\/\/palazzovetrano.it\/wp-content\/uploads\/2023\/10\/69d5ed8c-8b3b-483a-a8ae-d5b294ebf6f4-2.jpg\" data-orig-src=\"https:\/\/palazzovetrano.it\/wp-content\/uploads\/2023\/10\/69d5ed8c-8b3b-483a-a8ae-d5b294ebf6f4-2-1024x682.jpg\" alt class=\"lazyload img-responsive wp-image-1225\" srcset=\"data:image\/svg+xml,%3Csvg%20xmlns%3D%27http%3A%2F%2Fwww.w3.org%2F2000%2Fsvg%27%20width%3D%271199%27%20height%3D%27799%27%20viewBox%3D%270%200%201199%20799%27%3E%3Crect%20width%3D%271199%27%20height%3D%27799%27%20fill-opacity%3D%220%22%2F%3E%3C%2Fsvg%3E\" data-srcset=\"https:\/\/palazzovetrano.it\/wp-content\/uploads\/2023\/10\/69d5ed8c-8b3b-483a-a8ae-d5b294ebf6f4-2-200x133.jpg 200w, https:\/\/palazzovetrano.it\/wp-content\/uploads\/2023\/10\/69d5ed8c-8b3b-483a-a8ae-d5b294ebf6f4-2-400x267.jpg 400w, https:\/\/palazzovetrano.it\/wp-content\/uploads\/2023\/10\/69d5ed8c-8b3b-483a-a8ae-d5b294ebf6f4-2-600x400.jpg 600w, https:\/\/palazzovetrano.it\/wp-content\/uploads\/2023\/10\/69d5ed8c-8b3b-483a-a8ae-d5b294ebf6f4-2-800x533.jpg 800w, https:\/\/palazzovetrano.it\/wp-content\/uploads\/2023\/10\/69d5ed8c-8b3b-483a-a8ae-d5b294ebf6f4-2.jpg 1199w\" data-sizes=\"auto\" data-orig-sizes=\"(max-width: 800px) 100vw, 800px\" \/><\/span><\/div><div class=\"fusion-text fusion-text-41\"><h2 class=\"fusion-responsive-typography-calculated\" style=\"text-align: center; --fontsize: 33; line-height: 1.3;\" data-fontsize=\"33\" data-lineheight=\"42.9px\"><\/h2>\n<h2 class=\"fusion-responsive-typography-calculated\" style=\"text-align: center; --fontsize: 33; line-height: 1.3;\" data-fontsize=\"33\" data-lineheight=\"42.9px\"><span style=\"background-color: var(--awb-bg-color-hover); color: var(--h2_typography-color); font-family: var(--h2_typography-font-family); font-size: var(--h2_typography-font-size); font-style: var(--h2_typography-font-style,normal); font-weight: var(--h2_typography-font-weight); letter-spacing: var(--h2_typography-letter-spacing); text-transform: var(--h2_typography-text-transform);\">Aria condizionata<\/span><\/h2>\n<p style=\"text-align: left;\">Il nostro condizionatore Quattro Split \u00e8 un vero e proprio tuttofare! \u00c8 in grado non solo di raffreddare, ma anche di asciugare e riscaldare. E la cosa migliore? Non dovete avere la coscienza sporca quando si tratta di sostenibilit\u00e0. La pompa di calore integrata del condizionatore d'aria funziona anche nei periodi di transizione con l'elettricit\u00e0 del nostro sistema solare con accumulo. La caldaia a gas a condensazione, altrettanto efficiente dal punto di vista energetico, \u00e8 disponibile come soluzione di riserva e viene utilizzata solo in inverno.<\/p>\n<p style=\"text-align: left;\">Funzionamento del condizionatore d'aria: Sono disponibili due telecomandi con i quali \u00e8 possibile gestire un totale di 4 unit\u00e0 interne (evaporatori) del condizionatore d'aria. Oltre al display, sul telecomando sono presenti i seguenti tasti funzione sotto il display:<\/p>\n<p style=\"text-align: left;\">Con il <strong>\"Pulsante \"On\/Off<\/strong> accendere e spegnere l'aria condizionata. Pu\u00f2 essere cos\u00ec semplice!<\/p>\n<p style=\"text-align: left;\">\n<\/div><div class=\"fusion-image-element\" style=\"text-align:center;--awb-caption-title-font-family:var(--h2_typography-font-family);--awb-caption-title-font-weight:var(--h2_typography-font-weight);--awb-caption-title-font-style:var(--h2_typography-font-style);--awb-caption-title-size:var(--h2_typography-font-size);--awb-caption-title-transform:var(--h2_typography-text-transform);--awb-caption-title-line-height:var(--h2_typography-line-height);--awb-caption-title-letter-spacing:var(--h2_typography-letter-spacing);\"><span class=\"fusion-imageframe imageframe-none imageframe-31 hover-type-none\" style=\"border-radius:12px;\"><img decoding=\"async\" width=\"1024\" height=\"683\" src=\"https:\/\/palazzovetrano.it\/wp-content\/uploads\/2023\/10\/Klima.jpg\" data-orig-src=\"https:\/\/palazzovetrano.it\/wp-content\/uploads\/2023\/10\/Klima-1024x683.jpg\" alt class=\"lazyload img-responsive wp-image-1346\" srcset=\"data:image\/svg+xml,%3Csvg%20xmlns%3D%27http%3A%2F%2Fwww.w3.org%2F2000%2Fsvg%27%20width%3D%272550%27%20height%3D%271700%27%20viewBox%3D%270%200%202550%201700%27%3E%3Crect%20width%3D%272550%27%20height%3D%271700%27%20fill-opacity%3D%220%22%2F%3E%3C%2Fsvg%3E\" data-srcset=\"https:\/\/palazzovetrano.it\/wp-content\/uploads\/2023\/10\/Klima-200x133.jpg 200w, https:\/\/palazzovetrano.it\/wp-content\/uploads\/2023\/10\/Klima-400x267.jpg 400w, https:\/\/palazzovetrano.it\/wp-content\/uploads\/2023\/10\/Klima-600x400.jpg 600w, https:\/\/palazzovetrano.it\/wp-content\/uploads\/2023\/10\/Klima-800x533.jpg 800w, https:\/\/palazzovetrano.it\/wp-content\/uploads\/2023\/10\/Klima-1200x800.jpg 1200w\" data-sizes=\"auto\" data-orig-sizes=\"(max-width: 800px) 100vw, 800px\" \/><\/span><\/div><div class=\"fusion-text fusion-text-42\"><h3 class=\"fusion-responsive-typography-calculated\" style=\"text-align: center;\" data-fontsize=\"28\" data-lineheight=\"36.4px\">Selezionare la modalit\u00e0:<\/h3>\n<p style=\"text-align: left;\">Utilizzare il pulsante \"Modalit\u00e0\" per passare da un'impostazione all'altra.<\/p>\n<p style=\"text-align: left;\">In modalit\u00e0 \"Cool\", il condizionatore d'aria raffredda piacevolmente l'ambiente.<\/p>\n<p style=\"text-align: left;\">In modalit\u00e0 \"Dry\", riduce l'umidit\u00e0 ambientale.<\/p>\n<p style=\"text-align: left;\">Con la modalit\u00e0 \"Heat\", invece, \u00e8 possibile riscaldare l'ambiente in modo davvero accogliente in inverno.<\/p>\n<h3 class=\"fusion-responsive-typography-calculated\" style=\"text-align: center;\" data-fontsize=\"28\" data-lineheight=\"36.4px\">Temperatura impostata:<\/h3>\n<p style=\"text-align: left;\">Utilizzare i tasti freccia per aumentare o diminuire la temperatura.<\/p>\n<p style=\"text-align: left;\">Premere il simbolo della freccia verso l'alto per aumentare la temperatura o verso il basso per diminuirla. In questo modo si ha sempre il controllo del clima della stanza.<\/p>\n<h3 class=\"fusion-responsive-typography-calculated\" style=\"text-align: center;\" data-fontsize=\"28\" data-lineheight=\"36.4px\">Regolare la velocit\u00e0 della ventola:<\/h3>\n<p style=\"text-align: left;\">Utilizzare il pulsante \"Fan\" per regolare la velocit\u00e0 dell'aria.<\/p>\n<p style=\"text-align: left;\">\u00c8 possibile scegliere tra i livelli \"Auto\", \"Debole\", \"Medio\" e \"Alto\". Decidete voi stessi quanto vento preferite!<\/p>\n<h3 class=\"fusion-responsive-typography-calculated\" style=\"text-align: center;\" data-fontsize=\"28\" data-lineheight=\"36.4px\">Funzioni aggiuntive:<\/h3>\n<p style=\"text-align: left;\">Il \"timer\" consente di impostare il condizionatore d'aria in base alle esigenze. Per qualsiasi domanda, consultare le istruzioni per l'uso.<\/p>\n<p style=\"text-align: left;\">\u00c8 possibile attivare la funzione sleep con il pulsante \"Sleep\". Mettetevi comodi e dormite bene!<\/p>\n<p style=\"text-align: left;\">Se volete essere attenti all'ambiente, premete il pulsante \"Eco\". In modalit\u00e0 \"Cool\", abbassa la temperatura di 2\u00b0C, in modalit\u00e0 \"Heat\", la alza di 2\u00b0C. La modalit\u00e0 \"Super\" \u00e8 superveloce. Ricordate di utilizzare la modalit\u00e0 \"Super\" solo quando fuori splende il sole. Lasciamo che il sole lavori per noi!<\/p>\n<p style=\"text-align: left;\">Ecco fatto! Ora conoscete le funzioni pi\u00f9 importanti del condizionatore Quattro Split. Per ulteriori dettagli e domande specifiche, consultare le istruzioni per l'uso in formato PDF.<\/p>\n<\/div><div class=\"fusion-text fusion-text-43\"><h2 class=\"\" style=\"text-align: center;\" data-fontsize=\"33\" data-lineheight=\"42.9px\">Piano cottura a induzione Bosch<\/h2>\n<p style=\"text-align: left;\">Ecco un breve manuale di istruzioni che vi aiuter\u00e0 a iniziare:<\/p>\n<p style=\"text-align: left;\">La cottura a induzione presenta molti vantaggi rispetto ai piani di cottura tradizionali. Si risparmia tempo quando si cucina e si frigge, si risparmia energia e la manutenzione e la pulizia sono pi\u00f9 semplici. Inoltre, si ha un migliore controllo del calore, che viene generato direttamente nelle pentole.<\/p>\n<p style=\"text-align: left;\">Ma ci sono due grandi differenze tra un classico piano cottura in ceramica e questo piano cottura a induzione:<\/p>\n<p style=\"text-align: left;\">L'induzione \u00e8 molto pi\u00f9 veloce. Quindi, se non si fa attenzione, qualcosa si brucia o bolle pi\u00f9 rapidamente.<\/p>\n<p style=\"text-align: left;\">L'induzione riscalda solo quando c'\u00e8 una pentola in campo. E c'\u00e8 un rilevamento delle dimensioni della pentola. La superficie sotto la pentola viene riscaldata solo dal calore residuo della pentola.<\/p>\n<p style=\"text-align: left;\">\n<\/div><div class=\"fusion-image-element\" style=\"text-align:center;--awb-caption-title-font-family:var(--h2_typography-font-family);--awb-caption-title-font-weight:var(--h2_typography-font-weight);--awb-caption-title-font-style:var(--h2_typography-font-style);--awb-caption-title-size:var(--h2_typography-font-size);--awb-caption-title-transform:var(--h2_typography-text-transform);--awb-caption-title-line-height:var(--h2_typography-line-height);--awb-caption-title-letter-spacing:var(--h2_typography-letter-spacing);\"><span class=\"fusion-imageframe imageframe-none imageframe-32 hover-type-none\" style=\"border-radius:12px;\"><img decoding=\"async\" width=\"794\" height=\"534\" src=\"https:\/\/palazzovetrano.it\/wp-content\/uploads\/2023\/10\/Bildschirmfoto-2023-07-03-um-16.45.23.png\" data-orig-src=\"https:\/\/palazzovetrano.it\/wp-content\/uploads\/2023\/10\/Bildschirmfoto-2023-07-03-um-16.45.23.png\" alt class=\"lazyload img-responsive wp-image-1348\" srcset=\"data:image\/svg+xml,%3Csvg%20xmlns%3D%27http%3A%2F%2Fwww.w3.org%2F2000%2Fsvg%27%20width%3D%27794%27%20height%3D%27534%27%20viewBox%3D%270%200%20794%20534%27%3E%3Crect%20width%3D%27794%27%20height%3D%27534%27%20fill-opacity%3D%220%22%2F%3E%3C%2Fsvg%3E\" data-srcset=\"https:\/\/palazzovetrano.it\/wp-content\/uploads\/2023\/10\/Bildschirmfoto-2023-07-03-um-16.45.23-200x135.png 200w, https:\/\/palazzovetrano.it\/wp-content\/uploads\/2023\/10\/Bildschirmfoto-2023-07-03-um-16.45.23-400x269.png 400w, https:\/\/palazzovetrano.it\/wp-content\/uploads\/2023\/10\/Bildschirmfoto-2023-07-03-um-16.45.23-600x404.png 600w, https:\/\/palazzovetrano.it\/wp-content\/uploads\/2023\/10\/Bildschirmfoto-2023-07-03-um-16.45.23.png 794w\" data-sizes=\"auto\" data-orig-sizes=\"(max-width: 800px) 100vw, 794px\" \/><\/span><\/div><div class=\"fusion-text fusion-text-44\"><p style=\"text-align: left;\">Il piano di cottura \u00e8 dotato di un pannello di controllo a sfioramento. Per accendere il piano di cottura, posizionare prima una pentola sul piano e premere leggermente su \"<b style=\"font-size: 27px;\" data-fusion-font=\"true\">o<\/b>\". Selezionare quindi un piano di cottura e regolare la temperatura desiderata da 1 a 9 con \"-\" o \"+\".<\/p>\n<p style=\"text-align: left;\">Il calore residuo \u00e8 indicato con una \"H\".<\/p>\n<p style=\"text-align: left;\">Il piano di cottura \u00e8 dotato di un blocco per bambini. Per accenderlo, spegnere il piano di cottura e tenere premuti contemporaneamente i pulsanti \"+\" e \"-\" per 4 secondi.<\/p>\n<p style=\"text-align: left;\">Se il livello di potenza selezionato lampeggia, significa che non ci sono pentole nella zona di cottura o che la pentola non \u00e8 adatta. In questo caso, la zona di cottura si spegne automaticamente dopo un certo tempo.<\/p>\n<p style=\"text-align: left;\">Ci auguriamo che questo breve manuale di istruzioni vi aiuti a iniziare. In caso di ulteriori domande, \u00e8 possibile trovare informazioni pi\u00f9 dettagliate nelle istruzioni per l'uso in formato PDF allegate. Buon divertimento con il nostro piano cottura a induzione Bosch!<\/p>\n<p style=\"text-align: left;\">\n<\/div><div class=\"fusion-image-element\" style=\"text-align:center;--awb-caption-title-font-family:var(--h2_typography-font-family);--awb-caption-title-font-weight:var(--h2_typography-font-weight);--awb-caption-title-font-style:var(--h2_typography-font-style);--awb-caption-title-size:var(--h2_typography-font-size);--awb-caption-title-transform:var(--h2_typography-text-transform);--awb-caption-title-line-height:var(--h2_typography-line-height);--awb-caption-title-letter-spacing:var(--h2_typography-letter-spacing);\"><span class=\"fusion-imageframe imageframe-none imageframe-33 hover-type-none\" style=\"border-radius:12px;\"><img decoding=\"async\" width=\"1024\" height=\"683\" src=\"https:\/\/palazzovetrano.it\/wp-content\/uploads\/2023\/06\/34-Wohnkuche-Palermo-Blu-Centro-Storico-Ballaro-Pallazzo-Vertrano-Casa-Vacanza-00008-1024x683-1.jpg\" data-orig-src=\"https:\/\/palazzovetrano.it\/wp-content\/uploads\/2023\/06\/34-Wohnkuche-Palermo-Blu-Centro-Storico-Ballaro-Pallazzo-Vertrano-Casa-Vacanza-00008-1024x683-1.jpg\" alt class=\"lazyload img-responsive wp-image-1004\" srcset=\"data:image\/svg+xml,%3Csvg%20xmlns%3D%27http%3A%2F%2Fwww.w3.org%2F2000%2Fsvg%27%20width%3D%271024%27%20height%3D%27683%27%20viewBox%3D%270%200%201024%20683%27%3E%3Crect%20width%3D%271024%27%20height%3D%27683%27%20fill-opacity%3D%220%22%2F%3E%3C%2Fsvg%3E\" data-srcset=\"https:\/\/palazzovetrano.it\/wp-content\/uploads\/2023\/06\/34-Wohnkuche-Palermo-Blu-Centro-Storico-Ballaro-Pallazzo-Vertrano-Casa-Vacanza-00008-1024x683-1-200x133.jpg 200w, https:\/\/palazzovetrano.it\/wp-content\/uploads\/2023\/06\/34-Wohnkuche-Palermo-Blu-Centro-Storico-Ballaro-Pallazzo-Vertrano-Casa-Vacanza-00008-1024x683-1-400x267.jpg 400w, https:\/\/palazzovetrano.it\/wp-content\/uploads\/2023\/06\/34-Wohnkuche-Palermo-Blu-Centro-Storico-Ballaro-Pallazzo-Vertrano-Casa-Vacanza-00008-1024x683-1-600x400.jpg 600w, https:\/\/palazzovetrano.it\/wp-content\/uploads\/2023\/06\/34-Wohnkuche-Palermo-Blu-Centro-Storico-Ballaro-Pallazzo-Vertrano-Casa-Vacanza-00008-1024x683-1-800x534.jpg 800w, https:\/\/palazzovetrano.it\/wp-content\/uploads\/2023\/06\/34-Wohnkuche-Palermo-Blu-Centro-Storico-Ballaro-Pallazzo-Vertrano-Casa-Vacanza-00008-1024x683-1.jpg 1024w\" data-sizes=\"auto\" data-orig-sizes=\"(max-width: 800px) 100vw, 800px\" \/><\/span><\/div><div class=\"fusion-text fusion-text-45\"><h2 class=\"fusion-responsive-typography-calculated\" style=\"text-align: center; --fontsize: 33; line-height: 1.3;\" data-fontsize=\"33\" data-lineheight=\"42.9px\"><\/h2>\n<h2 class=\"fusion-responsive-typography-calculated\" style=\"text-align: center; --fontsize: 33; line-height: 1.3;\" data-fontsize=\"33\" data-lineheight=\"42.9px\">Forno Bosch<\/h2>\n<p style=\"text-align: left;\">Per arricchire le vostre avventure culinarie, vi forniamo il forno Bosch HBA574B.0 di alta qualit\u00e0. Ecco un breve manuale di istruzioni supplementare per aiutarvi a utilizzare il forno senza problemi:<\/p>\n<p style=\"text-align: left;\"><b>1. pulsanti e display<\/b> - I pulsanti sono a sfioramento con sensori sottostanti. \u00c8 sufficiente toccare un'icona per selezionare la funzione che rappresenta. Il display visualizza le icone delle funzioni attive e le opzioni di impostazione dell'ora.<\/p>\n<p style=\"text-align: left;\"><b>2. selettore di funzione<\/b> - Utilizzare il selettore di funzione per impostare la funzione di riscaldamento o altre funzioni. \u00c8 possibile ruotare il selettore di funzione in senso orario o antiorario dalla posizione \"Off\".<\/p>\n<p style=\"text-align: left;\"><b>3. selettore di temperatura<\/b> - Utilizzare il selettore della temperatura per impostare la temperatura della funzione di riscaldamento o per selezionare l'impostazione di altre funzioni. Il selettore della temperatura pu\u00f2 essere ruotato in senso orario o antiorario.<\/p>\n<\/div><div class=\"fusion-image-element\" style=\"text-align:center;--awb-caption-title-font-family:var(--h2_typography-font-family);--awb-caption-title-font-weight:var(--h2_typography-font-weight);--awb-caption-title-font-style:var(--h2_typography-font-style);--awb-caption-title-size:var(--h2_typography-font-size);--awb-caption-title-transform:var(--h2_typography-text-transform);--awb-caption-title-line-height:var(--h2_typography-line-height);--awb-caption-title-letter-spacing:var(--h2_typography-letter-spacing);\"><span class=\"fusion-imageframe imageframe-none imageframe-34 hover-type-none\" style=\"border-radius:12px;\"><img decoding=\"async\" width=\"1024\" height=\"405\" title=\"Schermata 2023-07-03 alle 17.05.21\" src=\"https:\/\/palazzovetrano.it\/wp-content\/uploads\/2023\/10\/Bildschirmfoto-2023-07-03-um-17.05.21.png\" data-orig-src=\"https:\/\/palazzovetrano.it\/wp-content\/uploads\/2023\/10\/Bildschirmfoto-2023-07-03-um-17.05.21-1024x405.png\" alt class=\"lazyload img-responsive wp-image-1341\" srcset=\"data:image\/svg+xml,%3Csvg%20xmlns%3D%27http%3A%2F%2Fwww.w3.org%2F2000%2Fsvg%27%20width%3D%271978%27%20height%3D%27782%27%20viewBox%3D%270%200%201978%20782%27%3E%3Crect%20width%3D%271978%27%20height%3D%27782%27%20fill-opacity%3D%220%22%2F%3E%3C%2Fsvg%3E\" data-srcset=\"https:\/\/palazzovetrano.it\/wp-content\/uploads\/2023\/10\/Bildschirmfoto-2023-07-03-um-17.05.21-200x79.png 200w, https:\/\/palazzovetrano.it\/wp-content\/uploads\/2023\/10\/Bildschirmfoto-2023-07-03-um-17.05.21-400x158.png 400w, https:\/\/palazzovetrano.it\/wp-content\/uploads\/2023\/10\/Bildschirmfoto-2023-07-03-um-17.05.21-600x237.png 600w, https:\/\/palazzovetrano.it\/wp-content\/uploads\/2023\/10\/Bildschirmfoto-2023-07-03-um-17.05.21-800x316.png 800w, https:\/\/palazzovetrano.it\/wp-content\/uploads\/2023\/10\/Bildschirmfoto-2023-07-03-um-17.05.21-1200x474.png 1200w\" data-sizes=\"auto\" data-orig-sizes=\"(max-width: 800px) 100vw, 800px\" \/><\/span><\/div><div class=\"fusion-text fusion-text-46\"><h3 style=\"text-align: center;\">Selettore di funzione Sinistra:<\/h3>\n<\/div><div class=\"fusion-text fusion-text-47\"><h3 class=\"fusion-responsive-typography-calculated\" style=\"text-align: center; --fontsize: 28; line-height: 1.3;\" data-fontsize=\"28\" data-lineheight=\"36.4px\"><\/h3>\n<h4 class=\"fusion-responsive-typography-calculated\" style=\"text-align: center; --fontsize: 25; line-height: 1.3; --minfontsize: 25;\" data-fontsize=\"25\" data-lineheight=\"32.5px\">Illuminazione interna:<\/h4>\n<p style=\"text-align: center;\">Accende la luce interna, mentre tutte le altre funzioni rimangono spente. Facilita la pulizia della camera di cottura, ad esempio.<\/p>\n<h4 class=\"fusion-responsive-typography-calculated\" style=\"text-align: center; --fontsize: 25; line-height: 1.3; --minfontsize: 25;\" data-fontsize=\"25\" data-lineheight=\"32.5px\">Calore superiore e inferiore:<\/h4>\n<p style=\"text-align: center;\">Per cuocere e arrostire in modo tradizionale su un unico livello. Il calore viene rilasciato uniformemente dall'alto e dal basso.<\/p>\n<h4 class=\"fusion-responsive-typography-calculated\" style=\"text-align: center; --fontsize: 25; line-height: 1.3; --minfontsize: 25;\" data-fontsize=\"25\" data-lineheight=\"32.5px\">Griglia a circolazione d'aria:<\/h4>\n<p style=\"text-align: center;\">Per arrostire pollame, pesci interi e pezzi di carne pi\u00f9 grandi. L'elemento grill e la ventola si accendono e si spengono alternativamente.<\/p>\n<h4 class=\"fusion-responsive-typography-calculated\" style=\"text-align: center; --fontsize: 25; line-height: 1.3; --minfontsize: 25;\" data-fontsize=\"25\" data-lineheight=\"32.5px\">Griglia superiore:<\/h4>\n<p style=\"text-align: center;\">Per grigliare oggetti piatti come bistecche o salsicce<\/p>\n<h4 class=\"fusion-responsive-typography-calculated\" style=\"text-align: center; --fontsize: 25; line-height: 1.3; --minfontsize: 25;\" data-fontsize=\"25\" data-lineheight=\"32.5px\">Calore di fondo:<\/h4>\n<p style=\"text-align: center;\">Per la cottura a bagnomaria e per gratinare gli alimenti. Il calore viene rilasciato dal basso.<\/p>\n<p style=\"text-align: center;\">Tasto programma: per molte pietanze, l'apparecchio dispone di impostazioni preprogrammate che possono essere utilizzate. I dettagli sono riportati nelle istruzioni per l'uso in formato PDF.<\/p>\n<h3 class=\"fusion-responsive-typography-calculated\" style=\"text-align: center; --fontsize: 28; line-height: 1.3;\" data-fontsize=\"28\" data-lineheight=\"36.4px\">Selettore di funzione Destra:<\/h3>\n<h4 class=\"fusion-responsive-typography-calculated\" style=\"text-align: center; --fontsize: 25; line-height: 1.3; --minfontsize: 25;\" data-fontsize=\"25\" data-lineheight=\"32.5px\">Preriscaldamento:<\/h4>\n<p style=\"text-align: center;\">Preriscaldamento rapido della camera di cottura senza accessori.<\/p>\n<h4 class=\"fusion-responsive-typography-calculated\" style=\"text-align: center; --fontsize: 25; line-height: 1.3; --minfontsize: 25;\" data-fontsize=\"25\" data-lineheight=\"32.5px\">Aria calda in 3D:<\/h4>\n<p style=\"text-align: center;\">Per cuocere e arrostire su uno o pi\u00f9 livelli.<\/p>\n<h4 class=\"fusion-responsive-typography-calculated\" style=\"text-align: center; --fontsize: 25; line-height: 1.3; --minfontsize: 25;\" data-fontsize=\"25\" data-lineheight=\"32.5px\">Aria calda delicata:<\/h4>\n<p style=\"text-align: center;\">Per la preparazione delicata di carne, pesce e dolci.<\/p>\n<h4 class=\"fusion-responsive-typography-calculated\" style=\"text-align: center; --fontsize: 25; line-height: 1.3; --minfontsize: 25;\" data-fontsize=\"25\" data-lineheight=\"32.5px\">Funzione pizza:<\/h4>\n<p style=\"text-align: center;\">Per cucinare pizza e piatti che richiedono molto calore dal basso.<\/p>\n<p style=\"text-align: center;\">Godetevi la versatilit\u00e0 e le prestazioni del nostro forno Bosch HBA574B.0 e create piatti deliziosi per voi e per i vostri cari. Se avete ulteriori domande, troverete sicuramente tutte le informazioni necessarie nel manuale di istruzioni separato.<\/p>\n<\/div><div class=\"fusion-text fusion-text-48\"><h2 class=\"fusion-responsive-typography-calculated\" style=\"text-align: center;\" data-fontsize=\"33\" data-lineheight=\"42.9px\">Lavastoviglie Bosch<\/h2>\n<p style=\"text-align: left;\">Per aiutarvi a godervi al meglio il vostro tempo qui, vi abbiamo fornito la lavastoviglie Bosch SMV2ITX22E di alta qualit\u00e0. Ecco una breve e concisa guida supplementare per aiutarvi a utilizzare l'elettrodomestico con facilit\u00e0:<\/p>\n<p style=\"text-align: left;\"><b>1. mettere via i piatti:<\/b> Mettete i piatti sporchi nei cestelli della lavastoviglie. La lavastoviglie Bosch fa il resto e svolge il lavoro per voi.<\/p>\n<p style=\"text-align: left;\"><b>Selezionare il programma:<\/b> Versare il detersivo nello scomparto dello sportello e chiuderlo. Selezionare il programma di lavaggio appropriato in base allo sporco delle stoviglie. La lavastoviglie offre un'ampia gamma di programmi per ottenere risultati di pulizia ottimali.<\/p>\n<p style=\"text-align: left;\"><b>3. avvio:<\/b> Premere il pulsante di avvio e chiudere la porta. La lavastoviglie inizia a lavorare in modo silenzioso ed efficiente. Quasi non ci si accorge che \u00e8 in funzione. La vedrete dalla luce sul pavimento.<\/p>\n<p style=\"text-align: left;\"><b>4. rilassarsi:<\/b> Mentre la lavastoviglie pulisce a fondo le stoviglie, voi avete il tempo di rilassarvi. Il processo di risciacquo \u00e8 rapido e affidabile.<\/p>\n<p style=\"text-align: left;\"><b>5. pulire i piatti:<\/b> Quando la luce sulla terra si \u00e8 spenta, il programma di epurazione \u00e8 terminato.<\/p>\n<p style=\"text-align: left;\"><b>Aprite con cautela lo sportello e godetevi piatti puliti e brillanti. Speriamo che il risultato sia di vostro gradimento!<\/b><\/p>\n<p style=\"text-align: left;\">Con la nostra lavastoviglie risparmierete tempo e potrete concentrarvi completamente sulle vostre esperienze di vacanza. Vi auguriamo un piacevole soggiorno e siamo lieti di rispondere a tutte le vostre domande.<\/p>\n<blockquote style=\"text-align: center;\">\n<p><i>\"Mettendo via la lavastoviglie, si capisce chiaramente chi da bambino giocava a Tetris o alla mucca cieca\".<\/i><\/p>\n<\/blockquote>\n<\/div><div class=\"fusion-text fusion-text-49\"><p style=\"text-align: left;\">Se vi state chiedendo come questo si concili con il nostro impegno per la sostenibilit\u00e0 e se lavare i piatti a mano possa essere un'alternativa pi\u00f9 sostenibile, possiamo dirvi quanto segue:In termini di sostenibilit\u00e0, lavare i piatti con la lavastoviglie \u00e8 di solito la soluzione pi\u00f9 sensata. Ecco alcuni motivi:<b><br \/>\n<\/b><\/p>\n<p style=\"text-align: left;\"><b>1. consumo di acqua:<\/b> La nostra lavastoviglie Bosch \u00e8 stata progettata per ridurre significativamente il consumo di acqua rispetto al lavaggio manuale. Utilizza efficienti resine a spruzzo d'acqua per pulire a fondo le stoviglie ottimizzando il consumo d'acqua.<\/p>\n<p style=\"text-align: left;\"><b>2. efficienza energetica: lavastoviglie<\/b> (compresi i nostri) sono oggi pi\u00f9 efficienti dal punto di vista energetico che mai. Hanno diversi programmi che si adattano al grado di sporcizia delle stoviglie e ottimizzano di conseguenza l'energia necessaria. Inoltre, molti modelli sono dotati di funzioni di risparmio energetico che riducono ulteriormente il consumo di energia. Se volete essere ancora pi\u00f9 attenti, accendete la lavastoviglie durante la siesta. Il sole fornisce energia ecologica mentre voi vi rilassate.<\/p>\n<p style=\"text-align: left;\"><b>3. efficienza del lavaggio delle stoviglie: <\/b>Le lavastoviglie consentono di pulire contemporaneamente grandi quantit\u00e0 di piatti, posate e bicchieri. In questo modo non solo si risparmia tempo, ma si consuma anche meno acqua ed energia per unit\u00e0 lavata.<\/p>\n<p style=\"text-align: left;\"><b>4. risultato della pulizia:<\/b> Le lavastoviglie utilizzano detergenti speciali e temperature pi\u00f9 elevate per pulire a fondo le stoviglie e uccidere i germi. In questo modo \u00e8 possibile garantire un'igiene migliore rispetto al lavaggio manuale delle stoviglie.<\/p>\n<p style=\"text-align: left;\">Tuttavia, \u00e8 importante utilizzare la lavastoviglie in modo efficiente, accendendola solo a pieno carico e scegliendo programmi a basso consumo energetico. In questo modo si ottimizza ulteriormente l'aspetto della sostenibilit\u00e0.<\/p>\n<\/div><div class=\"fusion-image-element\" style=\"text-align:center;--awb-caption-title-font-family:var(--h2_typography-font-family);--awb-caption-title-font-weight:var(--h2_typography-font-weight);--awb-caption-title-font-style:var(--h2_typography-font-style);--awb-caption-title-size:var(--h2_typography-font-size);--awb-caption-title-transform:var(--h2_typography-text-transform);--awb-caption-title-line-height:var(--h2_typography-line-height);--awb-caption-title-letter-spacing:var(--h2_typography-letter-spacing);\"><span class=\"fusion-imageframe imageframe-none imageframe-35 hover-type-none\" style=\"border-radius:12px;\"><img decoding=\"async\" width=\"1024\" height=\"552\" src=\"https:\/\/palazzovetrano.it\/wp-content\/uploads\/2023\/10\/Kuechengeraete-Bosch-im-Palazzo-Vetrano.png\" data-orig-src=\"https:\/\/palazzovetrano.it\/wp-content\/uploads\/2023\/10\/Kuechengeraete-Bosch-im-Palazzo-Vetrano-1024x552.png\" alt class=\"lazyload img-responsive wp-image-1527\" srcset=\"data:image\/svg+xml,%3Csvg%20xmlns%3D%27http%3A%2F%2Fwww.w3.org%2F2000%2Fsvg%27%20width%3D%271650%27%20height%3D%27889%27%20viewBox%3D%270%200%201650%20889%27%3E%3Crect%20width%3D%271650%27%20height%3D%27889%27%20fill-opacity%3D%220%22%2F%3E%3C%2Fsvg%3E\" data-srcset=\"https:\/\/palazzovetrano.it\/wp-content\/uploads\/2023\/10\/Kuechengeraete-Bosch-im-Palazzo-Vetrano-200x108.png 200w, https:\/\/palazzovetrano.it\/wp-content\/uploads\/2023\/10\/Kuechengeraete-Bosch-im-Palazzo-Vetrano-400x216.png 400w, https:\/\/palazzovetrano.it\/wp-content\/uploads\/2023\/10\/Kuechengeraete-Bosch-im-Palazzo-Vetrano-600x323.png 600w, https:\/\/palazzovetrano.it\/wp-content\/uploads\/2023\/10\/Kuechengeraete-Bosch-im-Palazzo-Vetrano-800x431.png 800w, https:\/\/palazzovetrano.it\/wp-content\/uploads\/2023\/10\/Kuechengeraete-Bosch-im-Palazzo-Vetrano-1200x647.png 1200w, https:\/\/palazzovetrano.it\/wp-content\/uploads\/2023\/10\/Kuechengeraete-Bosch-im-Palazzo-Vetrano.png 1650w\" data-sizes=\"auto\" data-orig-sizes=\"(max-width: 800px) 100vw, 800px\" \/><\/span><\/div><div class=\"fusion-text fusion-text-50\"><h2 class=\"fusion-responsive-typography-calculated\" style=\"text-align: center; --fontsize: 33; line-height: 1.3;\" data-fontsize=\"33\" data-lineheight=\"42.9px\"><\/h2>\n<h2 class=\"fusion-responsive-typography-calculated\" style=\"text-align: center; --fontsize: 33; line-height: 1.3;\" data-fontsize=\"33\" data-lineheight=\"42.9px\">Lavatrice Bosch<\/h2>\n<p style=\"text-align: left;\">Volete lavare i panni sporchi tra un lavaggio e l'altro? Abbiamo una lavatrice Bosch di alta qualit\u00e0 per voi. Ecco un breve manuale di istruzioni per poter utilizzare la macchina senza problemi:<\/p>\n<p style=\"text-align: left;\"><b>1. caricamento: <\/b> <span style=\"color: var(--awb-text-color); font-family: var(--awb-text-font-family); font-size: var(--awb-font-size); font-style: var(--awb-text-font-style); font-weight: var(--awb-text-font-weight); letter-spacing: var(--awb-letter-spacing); text-transform: var(--awb-text-transform); background-color: var(--awb-bg-color-hover);\">Infilare la biancheria sporca nel cestello. Non dimenticate di svuotare le tasche e chiudere le cerniere.<\/span><\/p>\n<p style=\"text-align: left;\"><b>2. aggiungere il detersivo: <\/b><span style=\"color: var(--awb-text-color); font-family: var(--awb-text-font-family); font-size: var(--awb-font-size); font-style: var(--awb-text-font-style); font-weight: var(--awb-text-font-weight); letter-spacing: var(--awb-letter-spacing); text-transform: var(--awb-text-transform); background-color: var(--awb-bg-color-hover);\">Aprire lo scomparto del detersivo. <\/span><span style=\"color: var(--awb-text-color); font-family: var(--awb-text-font-family); font-size: var(--awb-font-size); font-style: var(--awb-text-font-style); font-weight: var(--awb-text-font-weight); letter-spacing: var(--awb-letter-spacing); text-transform: var(--awb-text-transform); background-color: var(--awb-bg-color-hover);\">Aggiungere il detersivo: detersivo liquido per il lavaggio principale e detersivo in polvere per il prelavaggio. <\/span><span style=\"color: var(--awb-text-color); font-family: var(--awb-text-font-family); font-size: var(--awb-font-size); font-style: var(--awb-text-font-style); font-weight: var(--awb-text-font-weight); letter-spacing: var(--awb-letter-spacing); text-transform: var(--awb-text-transform); background-color: var(--awb-bg-color-hover);\">Seguire le istruzioni di dosaggio riportate sulla confezione del detergente.<\/span><\/p>\n<p style=\"text-align: left;\"><b>Selezionare il programma: <\/b><span style=\"color: var(--awb-text-color); font-family: var(--awb-text-font-family); font-size: var(--awb-font-size); font-style: var(--awb-text-font-style); font-weight: var(--awb-text-font-weight); letter-spacing: var(--awb-letter-spacing); text-transform: var(--awb-text-transform); background-color: var(--awb-bg-color-hover);\">Ruotare il selettore dei programmi per scegliere il programma di lavaggio desiderato. Ad esempio, \"Cotone\" per i capi normali o \"Rapido\" per il lavaggio veloce.<\/span><\/p>\n<p style=\"text-align: left;\"><b>Impostare la temperatura e gli extra: <\/b><span style=\"color: var(--awb-text-color); font-family: var(--awb-text-font-family); font-size: var(--awb-font-size); font-style: var(--awb-text-font-style); font-weight: var(--awb-text-font-weight); letter-spacing: var(--awb-letter-spacing); text-transform: var(--awb-text-transform); background-color: var(--awb-bg-color-hover);\">\u00c8 possibile regolare la temperatura di lavaggio e gli extra, come il prelavaggio o il risciacquo extra, a seconda delle necessit\u00e0.<\/span><\/p>\n<p style=\"text-align: left;\"><b>5. Avvio: <\/b><span style=\"color: var(--awb-text-color); font-family: var(--awb-text-font-family); font-size: var(--awb-font-size); font-style: var(--awb-text-font-style); font-weight: var(--awb-text-font-weight); letter-spacing: var(--awb-letter-spacing); text-transform: var(--awb-text-transform); background-color: var(--awb-bg-color-hover);\">Premere il pulsante di avvio e la macchina inizia il lavaggio.<\/span><\/p>\n<p style=\"text-align: left;\"><b>6. attendere:<\/b> <span style=\"color: var(--awb-text-color); font-family: var(--awb-text-font-family); font-size: var(--awb-font-size); font-style: var(--awb-text-font-style); font-weight: var(--awb-text-font-weight); letter-spacing: var(--awb-letter-spacing); text-transform: var(--awb-text-transform); background-color: var(--awb-bg-color-hover);\">Ora potete sedervi, leggere un libro e rilassarvi. O, in alternativa, pensare alla seguente domanda: \u00e8 possibile asciugare il bucato a 30\u00b0 a 38\u00b0 al sole?*. La macchina fa il resto. Potete seguire i progressi sul display.<\/span><\/p>\n<p style=\"text-align: left;\"><b>7. finire: <\/b><span style=\"color: var(--awb-text-color); font-family: var(--awb-text-font-family); font-size: var(--awb-font-size); font-style: var(--awb-text-font-style); font-weight: var(--awb-text-font-weight); letter-spacing: var(--awb-letter-spacing); text-transform: var(--awb-text-transform); background-color: var(--awb-bg-color-hover);\">Quando la lavatrice ha finito, di solito emette un segnale acustico. Aprire<\/span><span style=\"color: var(--awb-text-color); font-family: var(--awb-text-font-family); font-size: var(--awb-font-size); font-style: var(--awb-text-font-style); font-weight: var(--awb-text-font-weight); letter-spacing: var(--awb-letter-spacing); text-transform: var(--awb-text-transform); background-color: var(--awb-bg-color-hover);\"> lo sportello, togliere la biancheria pulita e richiudere lo sportello. <\/span><\/p>\n<p style=\"text-align: left;\"><b>8. pulire: <\/b>Prima e n<span style=\"color: var(--awb-text-color); font-family: var(--awb-text-font-family); font-size: var(--awb-font-size); font-style: var(--awb-text-font-style); font-weight: var(--awb-text-font-weight); letter-spacing: var(--awb-letter-spacing); text-transform: var(--awb-text-transform); background-color: var(--awb-bg-color-hover);\">Dopo il lavaggio, \u00e8 consigliabile pulire lo scomparto del detersivo e controllare che la guarnizione di gomma dello sportello non presenti residui.<\/span><\/p>\n<p style=\"text-align: left;\"><span style=\"color: var(--awb-text-color); font-family: var(--awb-text-font-family); font-size: var(--awb-font-size); font-style: var(--awb-text-font-style); letter-spacing: var(--awb-letter-spacing); text-transform: var(--awb-text-transform); background-color: var(--awb-bg-color-hover);\"><b>9. asciugatura:<\/b><\/span> <span style=\"color: var(--awb-text-color); font-family: var(--awb-text-font-family); font-size: var(--awb-font-size); font-style: var(--awb-text-font-style); font-weight: var(--awb-text-font-weight); letter-spacing: var(--awb-letter-spacing); text-align: var(--awb-content-alignment); text-transform: var(--awb-text-transform); background-color: var(--awb-bg-color-hover);\">Lo stendibiancheria dovrebbe trovarsi nella cameretta sotto il letto. Sarebbe bello se si potesse riporre qui dopo l'uso.<\/span><\/p>\n<p style=\"text-align: left;\"><b>Suggerimento:<\/b> Informazioni dettagliate sono riportate nelle istruzioni per l'uso.<br \/>\n<span style=\"color: var(--awb-text-color); font-family: var(--awb-text-font-family); font-size: var(--awb-font-size); font-style: var(--awb-text-font-style); font-weight: var(--awb-text-font-weight); letter-spacing: var(--awb-letter-spacing); text-transform: var(--awb-text-transform); background-color: var(--awb-bg-color-hover);\"><br \/>\n<\/span><\/p>\n<p style=\"text-align: left;\"><span style=\"color: var(--awb-text-color); font-family: var(--awb-text-font-family); font-size: var(--awb-font-size); font-style: var(--awb-text-font-style); font-weight: var(--awb-text-font-weight); letter-spacing: var(--awb-letter-spacing); text-transform: var(--awb-text-transform); background-color: var(--awb-bg-color-hover);\">Ecco fatto! Il vostro bucato dovrebbe ora profumare di pulito e di fresco. Buon lavaggio!<\/span><\/p>\n<p style=\"text-align: left;\"><span style=\"color: var(--awb-text-color); font-family: var(--awb-text-font-family); font-size: var(--awb-font-size); font-style: var(--awb-text-font-style); font-weight: var(--awb-text-font-weight); letter-spacing: var(--awb-letter-spacing); text-transform: var(--awb-text-transform); background-color: var(--awb-bg-color-hover);\">*E per rispondere alla domanda di prima, s\u00ec, si pu\u00f2 anche asciugare il bucato a 30\u00b0 a 38\u00b0 o pi\u00f9 al sole. Al massimo c'\u00e8 il rischio che i colori si sbiadiscano. <\/span><\/p>\n<p style=\"text-align: left;\"><span style=\"color: var(--awb-text-color); font-family: var(--awb-text-font-family); font-size: var(--awb-font-size); font-style: var(--awb-text-font-style); font-weight: var(--awb-text-font-weight); letter-spacing: var(--awb-letter-spacing); text-transform: var(--awb-text-transform); background-color: var(--awb-bg-color-hover);\">E nel caso in cui vogliate essere pi\u00f9 formali. <\/span><span style=\"color: var(--awb-text-color); font-family: var(--awb-text-font-family); font-size: var(--awb-font-size); font-style: var(--awb-text-font-style); font-weight: var(--awb-text-font-weight); letter-spacing: var(--awb-letter-spacing); text-transform: var(--awb-text-transform); background-color: var(--awb-bg-color-hover);\">Nell'armadietto della camera da letto grande si trova il ferro da stiro e, accanto, un piccolo asse da stiro.<\/span><\/p>\n<blockquote style=\"text-align: center;\">\n<p>Ecco come sar\u00e0... <i>\"Non solo pulito, ma anche puro\".<\/i><\/p>\n<\/blockquote>\n<\/div><div class=\"fusion-image-element\" style=\"--awb-margin-bottom:4rem;--awb-caption-title-font-family:var(--h2_typography-font-family);--awb-caption-title-font-weight:var(--h2_typography-font-weight);--awb-caption-title-font-style:var(--h2_typography-font-style);--awb-caption-title-size:var(--h2_typography-font-size);--awb-caption-title-transform:var(--h2_typography-text-transform);--awb-caption-title-line-height:var(--h2_typography-line-height);--awb-caption-title-letter-spacing:var(--h2_typography-letter-spacing);\"><span class=\"fusion-imageframe imageframe-none imageframe-36 hover-type-none\" style=\"border-radius:12px;\"><img decoding=\"async\" width=\"2898\" height=\"514\" src=\"https:\/\/palazzovetrano.it\/wp-content\/uploads\/2023\/10\/Bildschirmfoto-2023-10-11-um-10.59.43.png\" data-orig-src=\"https:\/\/palazzovetrano.it\/wp-content\/uploads\/2023\/10\/Bildschirmfoto-2023-10-11-um-10.59.43.png\" alt class=\"lazyload img-responsive wp-image-1406\" srcset=\"data:image\/svg+xml,%3Csvg%20xmlns%3D%27http%3A%2F%2Fwww.w3.org%2F2000%2Fsvg%27%20width%3D%272898%27%20height%3D%27514%27%20viewBox%3D%270%200%202898%20514%27%3E%3Crect%20width%3D%272898%27%20height%3D%27514%27%20fill-opacity%3D%220%22%2F%3E%3C%2Fsvg%3E\" data-srcset=\"https:\/\/palazzovetrano.it\/wp-content\/uploads\/2023\/10\/Bildschirmfoto-2023-10-11-um-10.59.43-200x35.png 200w, https:\/\/palazzovetrano.it\/wp-content\/uploads\/2023\/10\/Bildschirmfoto-2023-10-11-um-10.59.43-400x71.png 400w, https:\/\/palazzovetrano.it\/wp-content\/uploads\/2023\/10\/Bildschirmfoto-2023-10-11-um-10.59.43-600x106.png 600w, https:\/\/palazzovetrano.it\/wp-content\/uploads\/2023\/10\/Bildschirmfoto-2023-10-11-um-10.59.43-800x142.png 800w, https:\/\/palazzovetrano.it\/wp-content\/uploads\/2023\/10\/Bildschirmfoto-2023-10-11-um-10.59.43-1200x213.png 1200w, https:\/\/palazzovetrano.it\/wp-content\/uploads\/2023\/10\/Bildschirmfoto-2023-10-11-um-10.59.43.png 2898w\" data-sizes=\"auto\" data-orig-sizes=\"(max-width: 800px) 100vw, 800px\" \/><\/span><\/div><div class=\"fusion-text fusion-text-51\"><h2 class=\"fusion-responsive-typography-calculated\" style=\"text-align: center; --fontsize: 33; line-height: 1.3;\" data-fontsize=\"33\" data-lineheight=\"42.9px\"><\/h2>\n<h2 class=\"fusion-responsive-typography-calculated\" style=\"text-align: center; --fontsize: 33; line-height: 1.3;\" data-fontsize=\"33\" data-lineheight=\"42.9px\">Frigorifero-congelatore<\/h2>\n<p style=\"text-align: left;\">Ecco alcuni consigli per sfruttare al meglio il vostro frigorifero:<\/p>\n<p style=\"text-align: left;\"><b>Controllo della temperatura:<\/b> \u00c8 possibile regolare la temperatura in base alle proprie esigenze. Ma perch\u00e9 cambiare qualcosa quando \u00e8 gi\u00e0 perfetto? Mai cambiare un sistema di funzionamento!<\/p>\n<p style=\"text-align: left;\"><b>Apertura della porta:<\/b> Assicuratevi di chiudere bene la porta dopo averla aperta. Altrimenti, non solo le bevande si scalderanno, ma anche l'ambiente non sar\u00e0 contento. E chi vuole bevande calde?<\/p>\n<p style=\"text-align: left;\"><b>Cubetti di ghiaccio:<\/b> Non dimenticate di avere abbastanza cubetti di ghiaccio nel freezer. Le bevande fredde non sono rinfrescanti solo in estate. Nel freezer troverete sicuramente una vaschetta per i cubetti di ghiaccio.<\/p>\n<p style=\"text-align: left;\"><b>Istruzioni per la conservazione:<\/b> Fate come siete abituati a fare a casa vostra. Non vogliamo imporvi nuove regole.<\/p>\n<p style=\"text-align: left;\"><b>Sbrinamento del vano congelatore:<\/b> Se chiudete sempre bene la porta, non dovrete preoccuparvi di questo problema. A meno che non vi piaccia la sensazione degli iceberg nel vostro congelatore.<\/p>\n<p style=\"text-align: left;\">Siamo sicuri che vi divertirete molto con i nostri <b>Frigorifero LG<\/b> avr\u00e0. Godetevi le bevande fresche e il cibo delizioso!<\/p>\n<\/div><div class=\"fusion-image-element\" style=\"text-align:center;--awb-caption-title-font-family:var(--h2_typography-font-family);--awb-caption-title-font-weight:var(--h2_typography-font-weight);--awb-caption-title-font-style:var(--h2_typography-font-style);--awb-caption-title-size:var(--h2_typography-font-size);--awb-caption-title-transform:var(--h2_typography-text-transform);--awb-caption-title-line-height:var(--h2_typography-line-height);--awb-caption-title-letter-spacing:var(--h2_typography-letter-spacing);\"><span class=\"fusion-imageframe imageframe-none imageframe-37 hover-type-none\" style=\"border-radius:12px;\"><img decoding=\"async\" width=\"991\" height=\"1024\" src=\"https:\/\/palazzovetrano.it\/wp-content\/uploads\/2023\/10\/IMG_5069-scaled.jpg\" data-orig-src=\"https:\/\/palazzovetrano.it\/wp-content\/uploads\/2023\/10\/IMG_5069-991x1024.jpg\" alt class=\"lazyload img-responsive wp-image-1294\" srcset=\"data:image\/svg+xml,%3Csvg%20xmlns%3D%27http%3A%2F%2Fwww.w3.org%2F2000%2Fsvg%27%20width%3D%272477%27%20height%3D%272560%27%20viewBox%3D%270%200%202477%202560%27%3E%3Crect%20width%3D%272477%27%20height%3D%272560%27%20fill-opacity%3D%220%22%2F%3E%3C%2Fsvg%3E\" data-srcset=\"https:\/\/palazzovetrano.it\/wp-content\/uploads\/2023\/10\/IMG_5069-200x207.jpg 200w, https:\/\/palazzovetrano.it\/wp-content\/uploads\/2023\/10\/IMG_5069-400x413.jpg 400w, https:\/\/palazzovetrano.it\/wp-content\/uploads\/2023\/10\/IMG_5069-600x620.jpg 600w, https:\/\/palazzovetrano.it\/wp-content\/uploads\/2023\/10\/IMG_5069-800x827.jpg 800w, https:\/\/palazzovetrano.it\/wp-content\/uploads\/2023\/10\/IMG_5069-1200x1240.jpg 1200w\" data-sizes=\"auto\" data-orig-sizes=\"(max-width: 800px) 100vw, 800px\" \/><\/span><\/div><div class=\"fusion-text fusion-text-52\"><h2 class=\"fusion-responsive-typography-calculated\" style=\"text-align: center; --fontsize: 33; line-height: 1.3;\" data-fontsize=\"33\" data-lineheight=\"42.9px\"><\/h2>\n<h2 class=\"fusion-responsive-typography-calculated\" style=\"text-align: center; --fontsize: 33; line-height: 1.3;\" data-fontsize=\"33\" data-lineheight=\"42.9px\">TV SMART FHD<\/h2>\n<p style=\"text-align: left;\">Abbiamo portato il televisore LG 32LQ63006LA SMART FHD per migliorare la vostra esperienza di intrattenimento. Ecco una breve guida complementare per l'utente che vi permetter\u00e0 di iniziare a utilizzare il televisore immediatamente e senza fatica:<\/p>\n<p style=\"text-align: left;\"><b>1. accendere:<\/b> Basta premere il pulsante di accensione sul telecomando e il televisore prende vita.<\/p>\n<p style=\"text-align: left;\"><b>2. selezione del canale:<\/b> Utilizzate i tasti freccia del telecomando per navigare tra i canali disponibili. Trovate i vostri canali preferiti e godetevi le immagini ad alta definizione in Full HD.<\/p>\n<p style=\"text-align: left;\"><b>3. funzioni intelligenti:<\/b> Scoprite il mondo delle Smart TV. Questo televisore \u00e8 gi\u00e0 connesso a Internet. Accedete ai servizi di streaming preinstallati come Netflix, YouTube e molto altro.<\/p>\n<p style=\"text-align: left;\"><b>4. ottimizzazione del suono: <\/b>Personalizzate il suono in base alle vostre preferenze. Scegliete tra diverse modalit\u00e0 di suono per godere della migliore esperienza audio.<\/p>\n<p style=\"text-align: left;\"><b>5. spegnere:<\/b> Quando si desidera spegnere il televisore, premere nuovamente il tasto di accensione sul telecomando. Il televisore passa in modalit\u00e0 standby e attende il prossimo utilizzo.<\/p>\n<p style=\"text-align: left;\">Ci auguriamo che il <b>LG 32LQ63006LA SMART TV FHD <\/b>momenti televisivi indimenticabili. Se avete altre domande, troverete sicuramente tutte le informazioni necessarie nel PDF. Divertitevi a rilassarvi e a godervi il vostro soggiorno!<\/p>\n<p style=\"text-align: left;\">\n<\/div><div class=\"fusion-image-element\" style=\"text-align:center;--awb-caption-title-font-family:var(--h2_typography-font-family);--awb-caption-title-font-weight:var(--h2_typography-font-weight);--awb-caption-title-font-style:var(--h2_typography-font-style);--awb-caption-title-size:var(--h2_typography-font-size);--awb-caption-title-transform:var(--h2_typography-text-transform);--awb-caption-title-line-height:var(--h2_typography-line-height);--awb-caption-title-letter-spacing:var(--h2_typography-letter-spacing);\"><span class=\"fusion-imageframe imageframe-none imageframe-38 hover-type-none\" style=\"border-radius:12px;\"><img decoding=\"async\" width=\"1024\" height=\"576\" src=\"https:\/\/palazzovetrano.it\/wp-content\/uploads\/2023\/10\/IMG_7952-scaled.jpg\" data-orig-src=\"https:\/\/palazzovetrano.it\/wp-content\/uploads\/2023\/10\/IMG_7952-1024x576.jpg\" alt class=\"lazyload img-responsive wp-image-1529\" srcset=\"data:image\/svg+xml,%3Csvg%20xmlns%3D%27http%3A%2F%2Fwww.w3.org%2F2000%2Fsvg%27%20width%3D%272560%27%20height%3D%271440%27%20viewBox%3D%270%200%202560%201440%27%3E%3Crect%20width%3D%272560%27%20height%3D%271440%27%20fill-opacity%3D%220%22%2F%3E%3C%2Fsvg%3E\" data-srcset=\"https:\/\/palazzovetrano.it\/wp-content\/uploads\/2023\/10\/IMG_7952-200x113.jpg 200w, https:\/\/palazzovetrano.it\/wp-content\/uploads\/2023\/10\/IMG_7952-400x225.jpg 400w, https:\/\/palazzovetrano.it\/wp-content\/uploads\/2023\/10\/IMG_7952-600x338.jpg 600w, https:\/\/palazzovetrano.it\/wp-content\/uploads\/2023\/10\/IMG_7952-800x450.jpg 800w, https:\/\/palazzovetrano.it\/wp-content\/uploads\/2023\/10\/IMG_7952-1200x675.jpg 1200w\" data-sizes=\"auto\" data-orig-sizes=\"(max-width: 800px) 100vw, 800px\" \/><\/span><\/div><div class=\"fusion-text fusion-text-53\"><h2 class=\"fusion-responsive-typography-calculated\" style=\"text-align: center;\" data-fontsize=\"33\" data-lineheight=\"42.9px\"><\/h2>\n<h2 class=\"fusion-responsive-typography-calculated\" style=\"text-align: center;\" data-fontsize=\"33\" data-lineheight=\"42.9px\">Istruzioni per l'uso<\/h2>\n<p style=\"text-align: left;\">Per quanto possibile, abbiamo descritto le funzioni di tutti i dispositivi elettrici. Per coloro che desiderano una maggiore precisione, sono disponibili ulteriori istruzioni d'uso dettagliate in formato cartaceo.<\/p>\n<p style=\"text-align: left;\">Si trovano in cucina, se disponibili, nella parte sinistra della credenza azzurra, secondo cassetto dall'alto.<\/p>\n<\/div><div class=\"fusion-text fusion-text-54\"><p>Per aiutarvi a scoprire la citt\u00e0 fuori dai sentieri battuti, abbiamo raccolto alcune attrazioni, informazioni utili e alcuni consigli nella nostra mappa mobile della citt\u00e0. Le piccole strade del centro storico di Palermo sono spesso confuse. Per potersi orientare perfettamente, \u00e8 sufficiente richiamare la propria guida personale della citt\u00e0 tramite il codice QR presente in cucina.<\/p>\n<p>Per una migliore visibilit\u00e0 lo abbiamo evidenziato in viola.<\/p>\n<p>Sotto le \"schede\" sopra la mappa, le singole aree tematiche possono essere mostrate o nascoste, suddivise o visualizzate a schermo intero.<\/p>\n<p>Attenzione: questa mappa \u00e8 solo per uso privato. Non possiamo garantire le informazioni contenute nella mappa. Ci\u00f2 vale in particolare per l'accuratezza, la completezza e l'aggiornamento della mappa. L'uso della mappa \u00e8 quindi a vostro rischio e pericolo.<\/p>\n<\/div><div class=\"fusion-text fusion-text-55\"><h2 class=\"fusion-responsive-typography-calculated\" style=\"text-align: center; --fontsize: 33; line-height: 1.3;\" data-fontsize=\"33\" data-lineheight=\"42.9px\"><\/h2>\n<h2 class=\"fusion-responsive-typography-calculated\" style=\"text-align: center; --fontsize: 33; line-height: 1.3;\" data-fontsize=\"33\" data-lineheight=\"42.9px\">Regole della casa<\/h2>\n<p style=\"text-align: left;\">Per limitare il meno possibile il vostro senso di benessere e libert\u00e0, abbiamo deliberatamente limitato le nostre regole di casa all'essenziale. Vogliamo che vi sentiate come a casa vostra. Pertanto, desideriamo informarvi su alcuni punti importanti:<\/p>\n<p style=\"text-align: left;\">1. vivere e lasciar vivere: Se vivete secondo questo principio, la maggior parte delle cose \u00e8 gi\u00e0 stata detta. Ci limitiamo a presupporre che tratterete l'appartamento e l'inventario con la stessa cura con cui lo trattereste se fosse di vostra propriet\u00e0. Grazie per la vostra comprensione.<\/p>\n<p style=\"text-align: left;\">2. zone non fumatori: L'appartamento \u00e8 una zona assolutamente non fumatori. Vi chiediamo gentilmente di non fumare nell'appartamento. In caso di inosservanza, verr\u00e0 addebitato un supplemento per le pulizie. Il costo \u00e8 compreso tra 200 e 1.000 euro, a seconda dell'entit\u00e0 del danno.<\/p>\n<p style=\"text-align: left;\">Animali domestici: per rispetto degli altri ospiti e di eventuali allergie, gli animali domestici non sono ammessi nel nostro appartamento. Speriamo nella vostra comprensione.<\/p>\n<p style=\"text-align: left;\">4. smaltimento dei rifiuti: Purtroppo a Palermo non esiste un sistema di raccolta o separazione dei rifiuti. Potete smaltire i vostri rifiuti nei contenitori messi a disposizione a Porta Sant'Agata. La posizione esatta \u00e8 riportata sulla mappa digitale della citt\u00e0.<\/p>\n<p style=\"text-align: left;\">5. numero massimo di pernottamenti: il numero di pernottamenti consentito corrisponde al numero di persone prenotate, ma al massimo quattro. Naturalmente i visitatori sono ammessi, ma l'appartamento non \u00e8 un luogo di festa. Vi chiediamo considerazione e un'atmosfera tranquilla, soprattutto per mantenere la pace notturna nel quartiere di Ballar\u00f2.<\/p>\n<p style=\"text-align: left;\">6. regolamentazione dei danni e della responsabilit\u00e0: desideriamo sottolineare che in caso di danni o perdita di oggetti nell'appartamento di vacanza, la responsabilit\u00e0 ricade sull'ospite. Faremo del nostro meglio per rimediare a eventuali problemi, ma desideriamo sottolineare che nell'ambito del quadro giuridico non esiste alcuna responsabilit\u00e0 da parte del locatore.<\/p>\n<p style=\"text-align: left;\">Siamo certi che comprenderete e rispetterete questi punti. In caso di domande o ulteriori informazioni, non esitate a contattarci. Vi ringraziamo per la comprensione e la collaborazione nel mantenere un piacevole soggiorno nel nostro appartamento.Mappa digitale della citt\u00e0<\/p>\n<\/div><div class=\"fusion-image-element\" style=\"text-align:center;--awb-caption-title-font-family:var(--h2_typography-font-family);--awb-caption-title-font-weight:var(--h2_typography-font-weight);--awb-caption-title-font-style:var(--h2_typography-font-style);--awb-caption-title-size:var(--h2_typography-font-size);--awb-caption-title-transform:var(--h2_typography-text-transform);--awb-caption-title-line-height:var(--h2_typography-line-height);--awb-caption-title-letter-spacing:var(--h2_typography-letter-spacing);\"><span class=\"fusion-imageframe imageframe-none imageframe-39 hover-type-none\" style=\"border-radius:12px;\"><img decoding=\"async\" width=\"1024\" height=\"576\" src=\"data:image\/svg+xml,%3Csvg%20xmlns%3D%27http%3A%2F%2Fwww.w3.org%2F2000%2Fsvg%27%20width%3D%272560%27%20height%3D%271440%27%20viewBox%3D%270%200%202560%201440%27%3E%3Crect%20width%3D%272560%27%20height%3D%271440%27%20fill-opacity%3D%220%22%2F%3E%3C%2Fsvg%3E\" data-orig-src=\"https:\/\/palazzovetrano.it\/wp-content\/uploads\/2023\/10\/Palermo-Blu-Centro-Storico-Ballaro-Pallazzo-Vertrano-Casa-Vacanza00006-1024x576.jpg\" alt class=\"lazyload img-responsive wp-image-1469\"\/><\/span><\/div><div class=\"fusion-text fusion-text-56\"><h2 class=\"fusion-responsive-typography-calculated\" style=\"text-align: center; --fontsize: 33; line-height: 1.3;\" data-fontsize=\"33\" data-lineheight=\"42.9px\"><\/h2>\n<h2 class=\"fusion-responsive-typography-calculated\" style=\"text-align: center; --fontsize: 33; line-height: 1.3;\" data-fontsize=\"33\" data-lineheight=\"42.9px\">Strutture per lo shopping<\/h2>\n<p style=\"text-align: left;\">Nelle immediate vicinanze dell'appartamento troverete tutto il necessario per le vostre esigenze quotidiane: Caffetteria, pasticceria e gelateria, farmacia, parcheggio pubblico gratuito, panificio, minimarket, bancomat e molto altro. Tutto \u00e8 a due passi, per sentirsi un vero palermitano.<\/p>\n<p style=\"text-align: left;\">La nostra mappa digitale della citt\u00e0 di Palermo vi fornisce tutte le informazioni importanti, i consigli pi\u00f9 importanti e i dettagli pi\u00f9 interessanti. Cos\u00ec avrete sempre tutto ci\u00f2 che \u00e8 importante a portata di mano sul vostro cellulare.<\/p>\n<\/div><div class=\"fusion-text fusion-text-57\"><h3 class=\"\" style=\"text-align: center;\" data-fontsize=\"28\" data-lineheight=\"36.4px\">Ballar\u00f2<\/h3>\n<p style=\"text-align: left;\">E ora il momento clou del vostro soggiorno: Il mercato di Ballar\u00f2! A pochi passi dalla porta di casa vostra si trova questo cuore pulsante del vivace centro storico dell'Albergheria. Il Ballar\u00f2 non \u00e8 un mercato qualsiasi, \u00e8 un viaggio nel tempo. Da oltre 1.000 anni, fornisce ai palermitani pesce appena pescato, frutti di mare, deliziosi formaggi, saporite salsicce, carni succulente, pane fragrante, verdure fresche, frutta dolce, erbe aromatiche e piante. Immergetevi in un'atmosfera vivace.<\/p>\n<p style=\"text-align: left;\">Per maggiori informazioni sul vivace mercato di Ballar\u00f2, sul Centro Storico e sull'affascinante Street Art di Palermo, consultate la nostra mappa digitale della citt\u00e0 e i post del blog collegati. Scoprite tutti i consigli degli addetti ai lavori e preparatevi a vivere esperienze indimenticabili!<\/p>\n<p style=\"text-align: left;\">Palermo vi sta chiamando. Siete pronti a scoprire i suoi segreti? Che il divertimento abbia inizio!<\/p>\n<\/div><div class=\"fusion-image-element\" style=\"text-align:center;--awb-caption-title-font-family:var(--h2_typography-font-family);--awb-caption-title-font-weight:var(--h2_typography-font-weight);--awb-caption-title-font-style:var(--h2_typography-font-style);--awb-caption-title-size:var(--h2_typography-font-size);--awb-caption-title-transform:var(--h2_typography-text-transform);--awb-caption-title-line-height:var(--h2_typography-line-height);--awb-caption-title-letter-spacing:var(--h2_typography-letter-spacing);\"><span class=\"fusion-imageframe imageframe-none imageframe-40 hover-type-none\" style=\"border-radius:12px;\"><img decoding=\"async\" width=\"1024\" height=\"576\" src=\"https:\/\/palazzovetrano.it\/wp-content\/uploads\/2023\/10\/Ballaro-Palermo-60.jpg\" data-orig-src=\"https:\/\/palazzovetrano.it\/wp-content\/uploads\/2023\/10\/Ballaro-Palermo-60-1024x576.jpg\" alt class=\"lazyload img-responsive wp-image-1229\" srcset=\"data:image\/svg+xml,%3Csvg%20xmlns%3D%27http%3A%2F%2Fwww.w3.org%2F2000%2Fsvg%27%20width%3D%271920%27%20height%3D%271080%27%20viewBox%3D%270%200%201920%201080%27%3E%3Crect%20width%3D%271920%27%20height%3D%271080%27%20fill-opacity%3D%220%22%2F%3E%3C%2Fsvg%3E\" data-srcset=\"https:\/\/palazzovetrano.it\/wp-content\/uploads\/2023\/10\/Ballaro-Palermo-60-200x113.jpg 200w, https:\/\/palazzovetrano.it\/wp-content\/uploads\/2023\/10\/Ballaro-Palermo-60-400x225.jpg 400w, https:\/\/palazzovetrano.it\/wp-content\/uploads\/2023\/10\/Ballaro-Palermo-60-600x338.jpg 600w, https:\/\/palazzovetrano.it\/wp-content\/uploads\/2023\/10\/Ballaro-Palermo-60-800x450.jpg 800w, https:\/\/palazzovetrano.it\/wp-content\/uploads\/2023\/10\/Ballaro-Palermo-60-1200x675.jpg 1200w, https:\/\/palazzovetrano.it\/wp-content\/uploads\/2023\/10\/Ballaro-Palermo-60.jpg 1920w\" data-sizes=\"auto\" data-orig-sizes=\"(max-width: 800px) 100vw, 800px\" \/><\/span><\/div><div class=\"fusion-text fusion-text-58 fusion-text-no-margin\" style=\"--awb-content-alignment:left;\"><h3 class=\"fusion-responsive-typography-calculated\" style=\"--fontsize: 28; line-height: 1.3;\" data-fontsize=\"28\" data-lineheight=\"36.4px\"><\/h3>\n<h3 class=\"fusion-responsive-typography-calculated\" style=\"--fontsize: 28; line-height: 1.3;\" data-fontsize=\"28\" data-lineheight=\"36.4px\">Souvenir<\/h3>\n<p style=\"text-align: left;\">Il meglio arriva alla fine? Per mantenere vivo il ricordo del vostro soggiorno a Palermo, i souvenir sono perfetti. Abbiamo arredato questo appartamento con grande attenzione ai dettagli. Se vi sono gi\u00e0 venute delle idee, fatecelo sapere. Avremo sicuramente qualche consiglio su dove trovare i souvenir pi\u00f9 adatti. Ecco alcuni suggerimenti in anticipo:<\/p>\n<p style=\"text-align: left;\">Negozi di souvenir: Palermo offre una variet\u00e0 di negozi di souvenir dove si possono trovare oggetti di artigianato locale, prodotti tipici e cimeli.<\/p>\n<p style=\"text-align: left;\">Mercati: visitate uno dei mercati di Palermo, come il mercato della Vucciria, il Mercato di Ballar\u00f2 o il Mercato delle Pulci.<\/p>\n<p style=\"text-align: left;\">Artigiani: Palermo \u00e8 nota per il suo artigianato tradizionale. Passeggiate per la citt\u00e0 e scoprite i piccoli laboratori dove artisti e artigiani creano opere d'arte uniche, sculture, dipinti o ceramiche. Potete acquistare direttamente da loro e sostenere l'arte locale.<\/p>\n<p style=\"text-align: left;\">Negozi di charme: nei quartieri della citt\u00e0 si trovano anche numerosi negozi di charme che offrono prodotti esclusivi e personalizzati. Qui potrete scoprire gioielli fatti a mano, abiti firmati o opere d'arte che riflettono il fascino autentico di Palermo.<\/p>\n<p style=\"text-align: left;\">Specialit\u00e0 gastronomiche: Palermo \u00e8 famosa per la sua deliziosa cucina siciliana. Portate a casa un pezzo di Palermo acquistando specialit\u00e0 locali come dolci siciliani, olio d'oliva, vino, pomodori secchi o spezie. Potete trovare questi prodotti nelle gastronomie o nei negozi di specialit\u00e0 gastronomiche.<\/p>\n<p style=\"text-align: left;\">Vi siete innamorati delle pelli di pecora colorate, dei cuscini, delle lampade e degli accessori sportivi antichi del nostro appartamento? Forse non sono palermitani, ma sono sicuramente un bel ricordo.<\/p>\n<p style=\"text-align: left;\">Portare i nostri in Germania non sarebbe solo un furto, ma anche trasportare gufi ad Atene. Meglio chiedere a qualcuno che se ne intende. <a href=\"https:\/\/www.wohnrevier.com\/\" target=\"_blank\" rel=\"noopener\">Giuditta<\/a> di Essen non solo ha un bel negozio, una consulenza competente, ma anche una <a href=\"https:\/\/www.wohnrevier.com\/\" target=\"_blank\" rel=\"noopener\">Negozio Internet<\/a>.<\/p>\n<p style=\"text-align: left;\">Per il resto, quando acquistate i souvenir, vi consigliamo di cercare prodotti locali e artigianali per sostenere l'economia locale e portare a casa un pezzo della cultura unica di Palermo. Ricordate che non \u00e8 solo un bel ricordo del vostro viaggio, ma contribuisce anche a preservare il patrimonio culturale e artigianale della citt\u00e0.<\/p>\n<p style=\"text-align: left;\">Potete trovare molti suggerimenti nella nostra mappa digitale della citt\u00e0. Se trovate un articolo particolarmente bello in un negozio che non \u00e8 ancora presente nell'elenco, fatecelo sapere. Speriamo che questi suggerimenti vi aiutino a trovare il souvenir perfetto per ricordare il vostro soggiorno a Palermo. Godetevi la vostra visita e portate a casa un pezzo di cultura siciliana!<\/p>\n<p>&nbsp;<\/p>\n<h2 class=\"fusion-responsive-typography-calculated\" style=\"--fontsize: 33; line-height: 1.3; text-align: center;\" data-fontsize=\"33\" data-lineheight=\"42.9px\">Estensione<\/h2>\n<p style=\"text-align: left;\">Non ne avete mai abbastanza e vi viene spontaneo fermarvi pi\u00f9 a lungo?<\/p>\n<p style=\"text-align: left;\">Chiedete a solemar sicilia se l'appartamento \u00e8 disponibile.<\/p>\n<p style=\"text-align: left;\"><b>Vi auguriamo un piacevole soggiorno e siamo a vostra disposizione per qualsiasi domanda o dubbio. Godetevi il vostro soggiorno a Palermo ed esplorate l'affascinante centro storico con tutte le sue attrazioni!<\/b><\/p>\n<\/div><div class=\"fusion-text fusion-text-59 fusion-no-medium-visibility fusion-no-large-visibility fusion-text-no-margin\" style=\"--awb-content-alignment:center;\"><p>Questo appartamento unico nel suo genere \u00e8 tutt'altro che ordinario. A pochi passi dal famoso Mercato di Ballar\u00f2, questo attraente alloggio per vacanze affascina per il suo design curato nei minimi dettagli. Ma perch\u00e9 accontentarsi di qualcosa di meno?<\/p>\n<p>L'imponente palazzo \u00e8 stato completamente sventrato e modernizzato all'interno per creare appartamenti moderni e luminosi. Con una superficie di quasi 100 metri quadrati, l'appartamento per vacanze di Palazzo Vertrano \u00e8 composto da due spaziose camere da letto, ciascuna con un grande letto matrimoniale, una funzionale cucina abitabile, un bagno con doccia e una terrazza privata in stile atrio: un rifugio tranquillo nel cuore del vivace centro storico di Palermo.<\/p>\n<\/div><\/div><\/div><\/div><\/div><div class=\"fusion-fullwidth fullwidth-box fusion-builder-row-3 fusion-flex-container has-pattern-background has-mask-background nonhundred-percent-fullwidth non-hundred-percent-height-scrolling\" style=\"--awb-background-position:left center;--awb-border-radius-top-left:0px;--awb-border-radius-top-right:0px;--awb-border-radius-bottom-right:0px;--awb-border-radius-bottom-left:0px;--awb-padding-top:130px;--awb-padding-bottom:130px;--awb-padding-top-medium:90px;--awb-padding-bottom-medium:90px;--awb-background-color:var(--awb-color1);--awb-flex-wrap:wrap;\" ><div class=\"fusion-builder-row fusion-row fusion-flex-align-items-flex-start fusion-flex-justify-content-center fusion-flex-content-wrap\" style=\"max-width:calc( 1200px + 0px );margin-left: calc(-0px \/ 2 );margin-right: calc(-0px \/ 2 );\"><div class=\"fusion-layout-column fusion_builder_column fusion-builder-column-3 fusion_builder_column_1_1 1_1 fusion-flex-column\" style=\"--awb-bg-size:cover;--awb-width-large:100%;--awb-margin-top-large:60px;--awb-spacing-right-large:0;--awb-margin-bottom-large:60px;--awb-spacing-left-large:0;--awb-width-medium:100%;--awb-order-medium:0;--awb-spacing-right-medium:0;--awb-spacing-left-medium:0;--awb-width-small:100%;--awb-order-small:0;--awb-spacing-right-small:0;--awb-spacing-left-small:0;\"><div class=\"fusion-column-wrapper fusion-column-has-shadow fusion-flex-justify-content-flex-start fusion-content-layout-column\"><div class=\"fusion-title title fusion-title-4 fusion-sep-none fusion-title-center fusion-title-text fusion-title-size-two\" style=\"--awb-text-color:var(--awb-color8);--awb-margin-bottom:20px;\"><h2 class=\"fusion-title-heading title-heading-center\" style=\"margin:0;text-transform:none;\"><div class=\"page\" title=\"Pagina 3\">\n<div class=\"layoutArea\">\n<div class=\"column\">Video<\/div>\n<\/div>\n<\/div><\/h2><\/div><div class=\"fusion-text fusion-text-60 fusion-text-no-margin\" style=\"--awb-content-alignment:center;--awb-margin-right:20%;--awb-margin-bottom:30px;--awb-margin-left:20%;\"><p>Scoprite la citt\u00e0.<\/p>\n<\/div><\/div><\/div><div class=\"fusion-layout-column fusion_builder_column fusion-builder-column-4 fusion_builder_column_1_2 1_2 fusion-flex-column\" style=\"--awb-padding-top:10px;--awb-padding-right:10px;--awb-padding-bottom:50px;--awb-padding-left:10px;--awb-bg-size:cover;--awb-width-large:50%;--awb-margin-top-large:0px;--awb-spacing-right-large:0;--awb-margin-bottom-large:20px;--awb-spacing-left-large:0;--awb-width-medium:50%;--awb-order-medium:0;--awb-spacing-right-medium:0;--awb-spacing-left-medium:0;--awb-width-small:100%;--awb-order-small:0;--awb-spacing-right-small:0;--awb-spacing-left-small:0;\"><div class=\"fusion-column-wrapper fusion-column-has-shadow fusion-flex-justify-content-center fusion-content-layout-column\"><div class=\"fusion-video fusion-youtube\" style=\"--awb-max-width:600px;--awb-max-height:360px;--awb-align-self:center;--awb-width:100%;\"><div class=\"video-shortcode\"><lite-youtube videoid=\"m3an7Xkj5YE\" class=\"landscape\" params=\"wmode=transparent&autoplay=1&enablejsapi=1\" title=\"Lettore video YouTube 2\" width=\"600\" height=\"360\"><\/lite-youtube><\/div><\/div><\/div><\/div><div class=\"fusion-layout-column fusion_builder_column fusion-builder-column-5 fusion_builder_column_1_2 1_2 fusion-flex-column\" style=\"--awb-padding-top:10px;--awb-padding-right:10px;--awb-padding-bottom:50px;--awb-padding-left:10px;--awb-bg-size:cover;--awb-width-large:50%;--awb-margin-top-large:0px;--awb-spacing-right-large:0;--awb-margin-bottom-large:20px;--awb-spacing-left-large:0;--awb-width-medium:50%;--awb-order-medium:0;--awb-spacing-right-medium:0;--awb-spacing-left-medium:0;--awb-width-small:100%;--awb-order-small:0;--awb-spacing-right-small:0;--awb-spacing-left-small:0;\"><div class=\"fusion-column-wrapper fusion-column-has-shadow fusion-flex-justify-content-flex-start fusion-content-layout-column\"><div class=\"fusion-video fusion-youtube\" style=\"--awb-max-width:600px;--awb-max-height:360px;--awb-align-self:center;--awb-width:100%;\"><div class=\"video-shortcode\"><lite-youtube videoid=\"OVRKLJYWnGA\" class=\"landscape\" params=\"wmode=transparent&autoplay=1&enablejsapi=1\" title=\"Lettore video YouTube 3\" width=\"600\" height=\"360\"><\/lite-youtube><\/div><\/div><\/div><\/div><div class=\"fusion-layout-column fusion_builder_column fusion-builder-column-6 fusion_builder_column_1_1 1_1 fusion-flex-column\" style=\"--awb-bg-size:cover;--awb-width-large:100%;--awb-margin-top-large:60px;--awb-spacing-right-large:0;--awb-margin-bottom-large:60px;--awb-spacing-left-large:0;--awb-width-medium:100%;--awb-order-medium:0;--awb-spacing-right-medium:0;--awb-spacing-left-medium:0;--awb-width-small:100%;--awb-order-small:0;--awb-spacing-right-small:0;--awb-spacing-left-small:0;\"><div class=\"fusion-column-wrapper fusion-column-has-shadow fusion-flex-justify-content-flex-start fusion-content-layout-column\"><i class=\"fb-icon-element-1 fb-icon-element fontawesome-icon fa-map-marker-alt fas circle-yes\" style=\"--awb-circlecolor:var(--awb-custom_color_4);--awb-circlecolor-hover:var(--awb-custom_color_4);--awb-circlebordercolor-hover:var(--awb-color8);--awb-circlebordersize:0px;--awb-font-size:28.16px;--awb-width:56.32px;--awb-height:56.32px;--awb-line-height:56.32px;--awb-margin-top:0;--awb-margin-right:0;--awb-margin-bottom:0;--awb-margin-left:0;--awb-align-self:center;\"><\/i><div class=\"fusion-title title fusion-title-5 fusion-sep-none fusion-title-center fusion-title-text fusion-title-size-two\" style=\"--awb-text-color:var(--awb-color8);--awb-margin-bottom:20px;\"><h2 class=\"fusion-title-heading title-heading-center\" style=\"margin:0;text-transform:none;\"><div class=\"page\" title=\"Pagina 3\">\n<div class=\"layoutArea\">\n<div class=\"column\">\n<p>Indirizzo e posizione<\/p>\n<\/div>\n<\/div>\n<\/div><\/h2><\/div><div class=\"fusion-text fusion-text-61 fusion-text-no-margin\" style=\"--awb-content-alignment:center;--awb-margin-right:20%;--awb-margin-bottom:30px;--awb-margin-left:20%;\"><p>Via delle Pergole 87<\/p>\n<p>90134 Palermo PA<\/p>\n<p>Italia ??<\/p>\n<\/div><div class=\"awb-openstreet-map awb-openstreet-map-1\" data-map-style=\"osm-carto\" data-map-type=\"marker\" data-zoom=\"14\" data-zoomsnap=\"1\" data-zoomcontrol=\"1\" data-scrollwheelzoom=\"1\" data-dragging=\"1\" data-touchzoom=\"1\" data-dbclickzoom=\"1\" data-fitbounds=\"1\" data-shape-color=\"rgba(188,63,49,1)\" data-shape-weight=\"3\"><div class=\"awb-openstreet-map-marker awb-openstreet-map-marker-1\" data-latitude=\"38.110286\" data-longitude=\"13.361977\" data-icon=\"fa-map-marker-alt fas\" data-action=\"popup\"><div class=\"awb-openstreet-map-marker-icon-wrapper awb-openstreet-map-marker-anim-pulsating\" style=\"--awb-background-color:var(--awb-custom_color_1);--awb-hover-background-color:var(--awb-custom_color_3);\"><i class=\"fa-map-marker-alt fas\"><\/i><\/div><div class=\"awb-openstreet-map-content-wrapper\"><h5 class=\"awb-openstreet-map-marker-title\">Appartamento Palazzo Vetrano<\/h5><div class=\"awb-openstreet-map-marker-content\">Via delle Pergole 87\n90134 Palermo PA<\/div><\/div><\/div><\/div><\/div><\/div><\/div><\/div><\/p>","protected":false},"excerpt":{"rendered":"","protected":false},"author":1,"featured_media":0,"parent":0,"menu_order":0,"comment_status":"closed","ping_status":"closed","template":"100-width.php","meta":{"inline_featured_image":false,"footnotes":""},"class_list":["post-1168","page","type-page","status-publish","hentry"],"_links":{"self":[{"href":"https:\/\/palazzovetrano.it\/it\/wp-json\/wp\/v2\/pages\/1168","targetHints":{"allow":["GET"]}}],"collection":[{"href":"https:\/\/palazzovetrano.it\/it\/wp-json\/wp\/v2\/pages"}],"about":[{"href":"https:\/\/palazzovetrano.it\/it\/wp-json\/wp\/v2\/types\/page"}],"author":[{"embeddable":true,"href":"https:\/\/palazzovetrano.it\/it\/wp-json\/wp\/v2\/users\/1"}],"replies":[{"embeddable":true,"href":"https:\/\/palazzovetrano.it\/it\/wp-json\/wp\/v2\/comments?post=1168"}],"version-history":[{"count":284,"href":"https:\/\/palazzovetrano.it\/it\/wp-json\/wp\/v2\/pages\/1168\/revisions"}],"predecessor-version":[{"id":2694,"href":"https:\/\/palazzovetrano.it\/it\/wp-json\/wp\/v2\/pages\/1168\/revisions\/2694"}],"wp:attachment":[{"href":"https:\/\/palazzovetrano.it\/it\/wp-json\/wp\/v2\/media?parent=1168"}],"curies":[{"name":"wp","href":"https:\/\/api.w.org\/{rel}","templated":true}]}}