{"id":1168,"date":"2023-10-10T08:25:29","date_gmt":"2023-10-10T08:25:29","guid":{"rendered":"https:\/\/palazzovetrano.it\/?page_id=1168"},"modified":"2025-08-11T15:35:53","modified_gmt":"2025-08-11T13:35:53","slug":"guest-information-all-you-need-to-know","status":"publish","type":"page","link":"https:\/\/palazzovetrano.it\/fr\/guest-information-all-you-need-to-know\/","title":{"rendered":"Guest Information - All You Need To Know"},"content":{"rendered":"<p><div class=\"fusion-fullwidth fullwidth-box fusion-builder-row-1 fusion-flex-container has-pattern-background has-mask-background hundred-percent-fullwidth non-hundred-percent-height-scrolling\" style=\"--awb-border-radius-top-left:0px;--awb-border-radius-top-right:0px;--awb-border-radius-bottom-right:0px;--awb-border-radius-bottom-left:0px;--awb-padding-right:0px;--awb-padding-left:0px;--awb-flex-wrap:wrap;\" ><div class=\"fusion-builder-row fusion-row fusion-flex-align-items-stretch fusion-flex-content-wrap\" style=\"width:calc( 100% + 0px ) !important;max-width:calc( 100% + 0px ) !important;margin-left: calc(-0px \/ 2 );margin-right: calc(-0px \/ 2 );\"><div class=\"fusion-layout-column fusion_builder_column fusion-builder-column-0 fusion-flex-column fusion-animated\" style=\"--awb-padding-top:4vw;--awb-padding-right:4vw;--awb-padding-bottom:4vw;--awb-padding-left:4vw;--awb-padding-top-medium:18vw;--awb-padding-right-medium:6vw;--awb-padding-bottom-medium:6vw;--awb-padding-left-medium:6vw;--awb-bg-color:var(--awb-color7);--awb-bg-color-hover:var(--awb-color7);--awb-bg-image:linear-gradient(180deg, hsla(var(--awb-color6-h),var(--awb-color6-s),var(--awb-color6-l),calc(var(--awb-color6-a) - 100%)) 19%,hsla(var(--awb-color6-h),var(--awb-color6-s),calc(var(--awb-color6-l) - 22%),calc(var(--awb-color6-a) - 23%)) 100%);;--awb-bg-position:center center;--awb-bg-size:cover;--awb-width-large:57%;--awb-margin-top-large:0px;--awb-spacing-right-large:0;--awb-margin-bottom-large:0px;--awb-spacing-left-large:0;--awb-width-medium:100%;--awb-order-medium:2;--awb-spacing-right-medium:0;--awb-spacing-left-medium:0;--awb-width-small:100%;--awb-order-small:1;--awb-spacing-right-small:0;--awb-spacing-left-small:0;\" data-animationtype=\"fadeIn\" data-animationduration=\"0.8\" data-animationoffset=\"top-into-view\"><div class=\"fusion-column-wrapper lazyload fusion-column-has-shadow fusion-flex-justify-content-flex-end fusion-content-layout-column fusion-column-has-bg-image\" data-bg-url=\"https:\/\/palazzovetrano.it\/wp-content\/uploads\/2023\/06\/26-Schlafen-1-Palermo-Blu-Centro-Storico-Ballaro-Pallazzo-Vertrano-Casa-Vacanza-00004-1-scaled.jpg\" data-bg=\"https:\/\/palazzovetrano.it\/wp-content\/uploads\/2023\/06\/26-Schlafen-1-Palermo-Blu-Centro-Storico-Ballaro-Pallazzo-Vertrano-Casa-Vacanza-00004-1-scaled.jpg\" data-bg-gradient=\"linear-gradient(180deg, hsla(var(--awb-color6-h),var(--awb-color6-s),var(--awb-color6-l),calc(var(--awb-color6-a) - 100%)) 19%,hsla(var(--awb-color6-h),var(--awb-color6-s),calc(var(--awb-color6-l) - 22%),calc(var(--awb-color6-a) - 23%)) 100%)\"><div class=\"fusion-title title fusion-title-1 fusion-sep-none fusion-title-text fusion-title-size-two\" style=\"--awb-text-color:var(--awb-color1);--awb-margin-bottom:10px;\"><h2 class=\"fusion-title-heading title-heading-left\" style=\"margin:0;\">Bienvenue sur<\/h2><\/div><div class=\"fusion-text fusion-text-1 fusion-no-small-visibility fusion-no-medium-visibility fusion-text-no-margin\" style=\"--awb-text-color:var(--awb-color1);--awb-margin-right:20%;--awb-margin-bottom:50px;\"><p>Bienvenue au Palazzo Vetrano, notre appartement de vacances exclusif et durable. Nous sommes heureux que tu aies choisi ce refuge. Tu te trouves ici dans le passionnant centre historique de Palerme, le Centro Storico. Plus pr\u00e9cis\u00e9ment dans le quartier historique de l'Albergheria et donc directement sur le march\u00e9 historique de Ballar\u00f2.<\/p>\n<\/div><\/div><\/div><div class=\"fusion-layout-column fusion_builder_column fusion-builder-column-1 fusion-flex-column fusion-animated\" style=\"--awb-padding-top:6vw;--awb-padding-right:6vw;--awb-padding-bottom:6vw;--awb-padding-left:6vw;--awb-padding-top-medium:9vw;--awb-padding-bottom-medium:9vw;--awb-padding-top-small:60px;--awb-padding-right-small:60px;--awb-padding-bottom-small:60px;--awb-padding-left-small:60px;--awb-bg-color:var(--awb-custom_color_3);--awb-bg-color-hover:var(--awb-custom_color_3);--awb-bg-image:linear-gradient(180deg, hsla(var(--awb-color1-h),var(--awb-color1-s),var(--awb-color1-l),calc(var(--awb-color1-a) - 75%)) 0%,hsla(var(--awb-custom_color_3-h),var(--awb-custom_color_3-s),var(--awb-custom_color_3-l),calc(var(--awb-custom_color_3-a) - 10%)) 100%);;--awb-bg-position:center center;--awb-bg-size:cover;--awb-width-large:43%;--awb-margin-top-large:0px;--awb-spacing-right-large:0;--awb-margin-bottom-large:0px;--awb-spacing-left-large:0;--awb-width-medium:100%;--awb-order-medium:0;--awb-spacing-right-medium:0;--awb-spacing-left-medium:0;--awb-width-small:100%;--awb-order-small:0;--awb-spacing-right-small:0;--awb-spacing-left-small:0;\" data-animationtype=\"fadeIn\" data-animationduration=\"0.8\" data-animationoffset=\"top-into-view\"><div class=\"fusion-column-wrapper lazyload fusion-column-has-shadow fusion-flex-justify-content-flex-start fusion-content-layout-column fusion-column-has-bg-image\" data-bg-url=\"https:\/\/palazzovetrano.it\/wp-content\/uploads\/2023\/06\/33-LA-CALA-nur-ca.-14-Kilometer-entfernt-Palermo-Blu-Centro-Storico-Pallazzo-Vertrano-Casa-Vacanza-00008-1-scaled.jpg\" data-bg=\"https:\/\/palazzovetrano.it\/wp-content\/uploads\/2023\/06\/33-LA-CALA-nur-ca.-14-Kilometer-entfernt-Palermo-Blu-Centro-Storico-Pallazzo-Vertrano-Casa-Vacanza-00008-1-scaled.jpg\" data-bg-gradient=\"linear-gradient(180deg, hsla(var(--awb-color1-h),var(--awb-color1-s),var(--awb-color1-l),calc(var(--awb-color1-a) - 75%)) 0%,hsla(var(--awb-custom_color_3-h),var(--awb-custom_color_3-s),var(--awb-custom_color_3-l),calc(var(--awb-custom_color_3-a) - 10%)) 100%)\"><div class=\"fusion-title title fusion-title-2 fusion-sep-none fusion-title-text fusion-title-size-one\" style=\"--awb-text-color:#ffffff;--awb-margin-right:15%;--awb-margin-bottom:25px;--awb-margin-top-medium:0px;--awb-margin-right-medium:0px;--awb-font-size:40px;\"><h1 class=\"fusion-title-heading title-heading-left md-text-align-center\" style=\"margin:0;font-size:1em;line-height:1.2;\">Portefeuille pour invit\u00e9s<\/h1><\/div><div class=\"fusion-text fusion-text-2 fusion-no-small-visibility fusion-text-no-margin\" style=\"--awb-text-color:var(--awb-color1);--awb-margin-right:20%;--awb-margin-bottom:50px;\"><p><span style=\"color: #ffffff;\"><b>Tu auras certainement envie d'explorer la vieille ville. Et nous te promettons d'ores et d\u00e9j\u00e0 que l'aventure palermitaine en vaut la peine. <\/b><\/span>Il y a beaucoup \u00e0 d\u00e9couvrir. Tu trouveras des conseils pour ton city trip dans les articles de blog en lien, ainsi que sur notre plan de ville num\u00e9rique. Celui-ci est bas\u00e9 sur Google Maps. Il te suffit d'ouvrir le lien sur ton t\u00e9l\u00e9phone portable ou de le partager. Tu peux ainsi emporter le plan num\u00e9rique partout avec toi.<\/p>\n<\/div><div class=\"fusion-video fusion-youtube fusion-no-small-visibility\" style=\"--awb-max-width:600px;--awb-max-height:360px;--awb-align-self:center;--awb-width:100%;\"><div class=\"video-shortcode\"><lite-youtube videoid=\"evMxHaXQd2A\" class=\"landscape\" params=\"wmode=transparent&autoplay=1&enablejsapi=1\" title=\"Lecteur vid\u00e9o YouTube 1\" width=\"600\" height=\"360\"><\/lite-youtube><\/div><\/div><\/div><\/div><\/div><\/div><div class=\"fusion-fullwidth fullwidth-box fusion-builder-row-2 fusion-flex-container has-pattern-background has-mask-background fusion-parallax-none nonhundred-percent-fullwidth non-hundred-percent-height-scrolling lazyload fusion-animated fusion-custom-z-index\" style=\"--awb-background-position:left center;--awb-border-radius-top-left:0px;--awb-border-radius-top-right:0px;--awb-border-radius-bottom-right:0px;--awb-border-radius-bottom-left:0px;--awb-z-index:9;--awb-padding-top:130px;--awb-padding-bottom:80px;--awb-padding-top-medium:90px;--awb-background-size:cover;--awb-flex-wrap:wrap;\" data-bg=\"https:\/\/palazzovetrano.it\/wp-content\/uploads\/2022\/12\/bg.svg\" data-animationtype=\"fadeInDown\" data-animationduration=\"0.8\" data-animationdelay=\"0.4\" data-animationoffset=\"top-into-view\" ><div class=\"fusion-builder-row fusion-row fusion-flex-align-items-flex-start fusion-flex-content-wrap\" style=\"max-width:1248px;margin-left: calc(-4% \/ 2 );margin-right: calc(-4% \/ 2 );\"><div class=\"fusion-layout-column fusion_builder_column fusion-builder-column-2 fusion_builder_column_1_1 1_1 fusion-flex-column\" style=\"--awb-padding-right:20%;--awb-padding-left:20%;--awb-bg-size:cover;--awb-width-large:100%;--awb-margin-top-large:0px;--awb-spacing-right-large:1.92%;--awb-margin-bottom-large:0px;--awb-spacing-left-large:1.92%;--awb-width-medium:100%;--awb-order-medium:0;--awb-spacing-right-medium:1.92%;--awb-spacing-left-medium:1.92%;--awb-width-small:100%;--awb-order-small:0;--awb-spacing-right-small:1.92%;--awb-spacing-left-small:1.92%;\"><div class=\"fusion-column-wrapper fusion-column-has-shadow fusion-flex-justify-content-flex-start fusion-content-layout-column\"><div class=\"fusion-image-element\" style=\"text-align:center;--awb-max-width:80px;--awb-caption-title-font-family:var(--h2_typography-font-family);--awb-caption-title-font-weight:var(--h2_typography-font-weight);--awb-caption-title-font-style:var(--h2_typography-font-style);--awb-caption-title-size:var(--h2_typography-font-size);--awb-caption-title-transform:var(--h2_typography-text-transform);--awb-caption-title-line-height:var(--h2_typography-line-height);--awb-caption-title-letter-spacing:var(--h2_typography-letter-spacing);\"><span class=\"fusion-imageframe imageframe-none imageframe-1 hover-type-none\" style=\"border-radius:12px;\"><img decoding=\"async\" width=\"1042\" height=\"1042\" alt=\"Cupido\" title=\"Ic\u00f4ne - PNG Fond transparent\" src=\"https:\/\/palazzovetrano.it\/wp-content\/uploads\/2023\/06\/Icon-PNG-Transparent-background-1.png\" data-orig-src=\"https:\/\/palazzovetrano.it\/wp-content\/uploads\/2023\/06\/Icon-PNG-Transparent-background-1.png\" class=\"lazyload img-responsive wp-image-911\" srcset=\"data:image\/svg+xml,%3Csvg%20xmlns%3D%27http%3A%2F%2Fwww.w3.org%2F2000%2Fsvg%27%20width%3D%271042%27%20height%3D%271042%27%20viewBox%3D%270%200%201042%201042%27%3E%3Crect%20width%3D%271042%27%20height%3D%271042%27%20fill-opacity%3D%220%22%2F%3E%3C%2Fsvg%3E\" data-srcset=\"https:\/\/palazzovetrano.it\/wp-content\/uploads\/2023\/06\/Icon-PNG-Transparent-background-1-200x200.png 200w, https:\/\/palazzovetrano.it\/wp-content\/uploads\/2023\/06\/Icon-PNG-Transparent-background-1-400x400.png 400w, https:\/\/palazzovetrano.it\/wp-content\/uploads\/2023\/06\/Icon-PNG-Transparent-background-1-600x600.png 600w, https:\/\/palazzovetrano.it\/wp-content\/uploads\/2023\/06\/Icon-PNG-Transparent-background-1-800x800.png 800w, https:\/\/palazzovetrano.it\/wp-content\/uploads\/2023\/06\/Icon-PNG-Transparent-background-1.png 1042w\" data-sizes=\"auto\" data-orig-sizes=\"(max-width: 800px) 100vw, 800px\" \/><\/span><\/div><div class=\"fusion-title title fusion-title-3 fusion-sep-none fusion-title-center fusion-title-text fusion-title-size-two\" style=\"--awb-margin-bottom-small:20px;\"><h2 class=\"fusion-title-heading title-heading-center\" style=\"margin:0;text-transform:none;\">Informations pour les h\u00f4tes<\/h2><\/div><div class=\"fusion-image-element\" style=\"text-align:center;--awb-margin-bottom:2rem;--awb-caption-title-font-family:var(--h2_typography-font-family);--awb-caption-title-font-weight:var(--h2_typography-font-weight);--awb-caption-title-font-style:var(--h2_typography-font-style);--awb-caption-title-size:var(--h2_typography-font-size);--awb-caption-title-transform:var(--h2_typography-text-transform);--awb-caption-title-line-height:var(--h2_typography-line-height);--awb-caption-title-letter-spacing:var(--h2_typography-letter-spacing);\"><span class=\"fusion-imageframe imageframe-none imageframe-2 hover-type-none\" style=\"border-radius:12px;\"><img decoding=\"async\" width=\"1024\" height=\"576\" alt=\"Tour photo de Palerme :\" src=\"https:\/\/palazzovetrano.it\/wp-content\/uploads\/2023\/06\/22-Fontana-Pretoria-Fontana-della-Vergogna-nur-750-Meter-entfernt-Palermo-Blu-Centro-Storico-Ballaro-Pallazzo-Vertrano-Casa-Vacanza00010-1-scaled.jpg\" data-orig-src=\"https:\/\/palazzovetrano.it\/wp-content\/uploads\/2023\/06\/22-Fontana-Pretoria-Fontana-della-Vergogna-nur-750-Meter-entfernt-Palermo-Blu-Centro-Storico-Ballaro-Pallazzo-Vertrano-Casa-Vacanza00010-1-1024x576.jpg\" class=\"lazyload img-responsive wp-image-987\" srcset=\"data:image\/svg+xml,%3Csvg%20xmlns%3D%27http%3A%2F%2Fwww.w3.org%2F2000%2Fsvg%27%20width%3D%272560%27%20height%3D%271440%27%20viewBox%3D%270%200%202560%201440%27%3E%3Crect%20width%3D%272560%27%20height%3D%271440%27%20fill-opacity%3D%220%22%2F%3E%3C%2Fsvg%3E\" data-srcset=\"https:\/\/palazzovetrano.it\/wp-content\/uploads\/2023\/06\/22-Fontana-Pretoria-Fontana-della-Vergogna-nur-750-Meter-entfernt-Palermo-Blu-Centro-Storico-Ballaro-Pallazzo-Vertrano-Casa-Vacanza00010-1-200x113.jpg 200w, https:\/\/palazzovetrano.it\/wp-content\/uploads\/2023\/06\/22-Fontana-Pretoria-Fontana-della-Vergogna-nur-750-Meter-entfernt-Palermo-Blu-Centro-Storico-Ballaro-Pallazzo-Vertrano-Casa-Vacanza00010-1-400x225.jpg 400w, https:\/\/palazzovetrano.it\/wp-content\/uploads\/2023\/06\/22-Fontana-Pretoria-Fontana-della-Vergogna-nur-750-Meter-entfernt-Palermo-Blu-Centro-Storico-Ballaro-Pallazzo-Vertrano-Casa-Vacanza00010-1-600x338.jpg 600w, https:\/\/palazzovetrano.it\/wp-content\/uploads\/2023\/06\/22-Fontana-Pretoria-Fontana-della-Vergogna-nur-750-Meter-entfernt-Palermo-Blu-Centro-Storico-Ballaro-Pallazzo-Vertrano-Casa-Vacanza00010-1-800x450.jpg 800w, https:\/\/palazzovetrano.it\/wp-content\/uploads\/2023\/06\/22-Fontana-Pretoria-Fontana-della-Vergogna-nur-750-Meter-entfernt-Palermo-Blu-Centro-Storico-Ballaro-Pallazzo-Vertrano-Casa-Vacanza00010-1-1200x675.jpg 1200w\" data-sizes=\"auto\" data-orig-sizes=\"(max-width: 800px) 100vw, 800px\" \/><\/span><\/div><div class=\"fusion-text fusion-text-3\" style=\"--awb-content-alignment:left;\"><p style=\"text-align: left;\">Mais pour l'instant, arrive tranquillement. Car m\u00eame si Palerme semble souvent bruyante et anim\u00e9e, le mot le plus important est \"<b>tranquillo<\/b>\". Celui-ci signifie quelque chose comme \"fais-toi plaisir\". C'est certainement un bon principe pour passer quelques jours de d\u00e9tente \u00e0 Palerme.<\/p>\n<p style=\"text-align: left;\">Notre table des mati\u00e8res t'aide \u00e0 trouver les th\u00e8mes qui t'int\u00e9ressent. Pour une meilleure vue d'ensemble, nous avons, en plus des th\u00e8mes g\u00e9n\u00e9raux, class\u00e9 l'appartement en fonction des locaux. - Si quelque chose devait manquer, n'h\u00e9site pas \u00e0 nous le faire savoir. R\u00e9actions<\/p>\n<h2 class=\"fusion-responsive-typography-calculated\" style=\"--fontsize: 33; line-height: 1.3; text-align: left;\" data-fontsize=\"33\" data-lineheight=\"42.9px\"><\/h2>\n<p style=\"text-align: left;\">\n<\/div><div class=\"fusion-text fusion-text-4\"><h2 class=\"fusion-responsive-typography-calculated\" style=\"text-align: center; --fontsize: 33; line-height: 1.3;\" data-fontsize=\"33\" data-lineheight=\"42.9px\">R\u00e9actions<\/h2>\n<p style=\"text-align: left;\">\"Tout d\u00e9but est difficile\". Ou devrions-nous dire \"est difficile\" ? Cet appartement est notre premier logement de vacances. Il est n\u00e9 de notre enthousiasme pour cette ville extraordinaire. Comme nous sommes des voyageurs, nous avons confi\u00e9 toute la coordination aux professionnels de solemar sicilia. Leur devise \"Toute la Sicile d'une seule main\" s'applique \u00e9galement \u00e0 cet appartement.<\/p>\n<p style=\"text-align: left;\">Si jamais il vous manque quelque chose, vous pouvez vous adresser directement aux professionnels.<\/p>\n<p style=\"text-align: left;\">Vous \u00eates satisfaits de notre service ? Dans ce cas, nous nous r\u00e9jouissons de vos recommandations. Vous pouvez les laisser directement sur notre profil Google ou chez votre partenaire de r\u00e9servation.<\/p>\n<\/div><div class=\"fusion-image-element\" style=\"text-align:center;--awb-margin-top:2rem;--awb-margin-bottom:2rem;--awb-caption-title-font-family:var(--h2_typography-font-family);--awb-caption-title-font-weight:var(--h2_typography-font-weight);--awb-caption-title-font-style:var(--h2_typography-font-style);--awb-caption-title-size:var(--h2_typography-font-size);--awb-caption-title-transform:var(--h2_typography-text-transform);--awb-caption-title-line-height:var(--h2_typography-line-height);--awb-caption-title-letter-spacing:var(--h2_typography-letter-spacing);\"><span class=\"fusion-imageframe imageframe-none imageframe-3 hover-type-none\" style=\"border-radius:12px;\"><img decoding=\"async\" width=\"2268\" height=\"1512\" title=\"portrait_3-2_web\" src=\"https:\/\/palazzovetrano.it\/wp-content\/uploads\/2025\/06\/portrait_3-2_web.webp\" data-orig-src=\"http:\/\/palazzovetrano.it\/wp-content\/uploads\/2025\/06\/portrait_3-2_web.webp\" alt class=\"lazyload img-responsive wp-image-2444\" srcset=\"data:image\/svg+xml,%3Csvg%20xmlns%3D%27http%3A%2F%2Fwww.w3.org%2F2000%2Fsvg%27%20width%3D%272268%27%20height%3D%271512%27%20viewBox%3D%270%200%202268%201512%27%3E%3Crect%20width%3D%272268%27%20height%3D%271512%27%20fill-opacity%3D%220%22%2F%3E%3C%2Fsvg%3E\" data-srcset=\"https:\/\/palazzovetrano.it\/wp-content\/uploads\/2025\/06\/portrait_3-2_web-18x12.webp 18w, https:\/\/palazzovetrano.it\/wp-content\/uploads\/2025\/06\/portrait_3-2_web-150x100.webp 150w, https:\/\/palazzovetrano.it\/wp-content\/uploads\/2025\/06\/portrait_3-2_web-200x133.webp 200w, https:\/\/palazzovetrano.it\/wp-content\/uploads\/2025\/06\/portrait_3-2_web-400x267.webp 400w, https:\/\/palazzovetrano.it\/wp-content\/uploads\/2025\/06\/portrait_3-2_web-600x400.webp 600w, https:\/\/palazzovetrano.it\/wp-content\/uploads\/2025\/06\/portrait_3-2_web-768x512.webp 768w, https:\/\/palazzovetrano.it\/wp-content\/uploads\/2025\/06\/portrait_3-2_web-800x533.webp 800w, https:\/\/palazzovetrano.it\/wp-content\/uploads\/2025\/06\/portrait_3-2_web-1024x683.webp 1024w, https:\/\/palazzovetrano.it\/wp-content\/uploads\/2025\/06\/portrait_3-2_web-1200x800.webp 1200w, https:\/\/palazzovetrano.it\/wp-content\/uploads\/2025\/06\/portrait_3-2_web-1536x1024.webp 1536w, https:\/\/palazzovetrano.it\/wp-content\/uploads\/2025\/06\/portrait_3-2_web.webp 2268w\" data-sizes=\"auto\" data-orig-sizes=\"(max-width: 800px) 100vw, 800px\" \/><\/span><\/div><div class=\"fusion-text fusion-text-5\" style=\"--awb-content-alignment:left;\"><p style=\"text-align: left;\">\"<b>La confiance, c'est bien, le contr\u00f4le, c'est mieux<\/b>\"Nous, Torgit et Marc, nous r\u00e9jouissons \u00e9galement des r\u00e9actions constructives et des commentaires critiques. Nous sommes \u00e9galement heureux de recevoir des informations sur ce qui devrait \u00eatre compl\u00e9t\u00e9 ou am\u00e9lior\u00e9 dans notre information num\u00e9rique pour les visiteurs ainsi que dans le plan de ville num\u00e9rique. Toutes les remarques nous aident \u00e0 nous am\u00e9liorer en permanence. Utilise notre <a href=\"https:\/\/palazzovetrano.it\/fr\/contact\/\" target=\"_blank\" rel=\"noopener noreferrer\">Formulaire de contact<\/a> ou envoie-nous un e-mail \u00e0 : info@palazzovetrano.it.<\/p>\n<p style=\"text-align: left;\"><b>Commodit\u00e9s et n\u00e9cessit\u00e9s<\/b><\/p>\n<p style=\"text-align: left;\">Voici un aper\u00e7u de tout ce qui t'attend :<\/p>\n<p style=\"text-align: left;\">Dans notre logement, nous proposons ce qui suit :<\/p>\n<\/div><div class=\"fusion-text fusion-text-6\"><h2 class=\"fusion-responsive-typography-calculated\" style=\"text-align: center; --fontsize: 33; line-height: 1.3;\" data-fontsize=\"33\" data-lineheight=\"42.9px\">Situation<\/h2>\n<p style=\"text-align: left;\">Und jetzt zur Lage unserer gem\u00fctlichen Ferienwohnung, der &#8222;Casa Vacanze&#8220;. Sie befindet sich in der Via delle Pergole 87, Ecke Via Giovanni Mira. Hier der Link zu Google Maps: <b><a href=\"https:\/\/maps.app.goo.gl\/6i5bn7a3jUuJLRQW7\" target=\"_blank\" rel=\"noopener noreferrer\">Palazzo Vetrano<\/a><\/b><\/p>\n<p style=\"text-align: left;\">Tu seras enthousiasm\u00e9 par sa situation centrale. Entre l'historique Porta Sant'Agata et la Chiesa del Carmine Maggiore, tu peux vivre l'histoire de Palerme de tr\u00e8s pr\u00e8s. Et la gare n'est qu'\u00e0 quelques pas. Tu es au c\u0153ur de l'action, pas seulement \u00e0 c\u00f4t\u00e9 !<\/p>\n<p style=\"text-align: left;\">Pour que tu puisses d\u00e9couvrir la ville en dehors des sentiers battus, nous avons rassembl\u00e9 des curiosit\u00e9s, des choses utiles et quelques conseils dans notre City Map mobile. Les petites ruelles de la vieille ville de Palerme sont souvent difficiles \u00e0 suivre. Pour t'y retrouver quand m\u00eame parfaitement, tu peux simplement consulter ton guide de ville personnel en utilisant le code QR dans la cuisine.<\/p>\n<p style=\"text-align: left;\">Pour une meilleure visibilit\u00e9, nous avons repr\u00e9sent\u00e9 tous les points d'int\u00e9r\u00eat en violet.<\/p>\n<\/div><div class=\"fusion-image-element\" style=\"text-align:center;--awb-margin-top:2rem;--awb-margin-bottom:2rem;--awb-caption-title-font-family:var(--h2_typography-font-family);--awb-caption-title-font-weight:var(--h2_typography-font-weight);--awb-caption-title-font-style:var(--h2_typography-font-style);--awb-caption-title-size:var(--h2_typography-font-size);--awb-caption-title-transform:var(--h2_typography-text-transform);--awb-caption-title-line-height:var(--h2_typography-line-height);--awb-caption-title-letter-spacing:var(--h2_typography-letter-spacing);\"><span class=\"fusion-imageframe imageframe-none imageframe-4 hover-type-none\" style=\"border-radius:12px;\"><a class=\"fusion-no-lightbox\" href=\"https:\/\/www.google.com\/maps\/d\/edit?mid=1gqUtEjQZ1As15WmGma1B5SPht9OYs1c&amp;ll=38.111846208820886%2C13.361680054071217&amp;z=17\" target=\"_blank\" aria-label=\"Palazzo-Vetrano-Street-Map-Guide de la ville-1024\u00d7765\" rel=\"noopener noreferrer\"><img decoding=\"async\" width=\"1024\" height=\"765\" src=\"https:\/\/palazzovetrano.it\/wp-content\/uploads\/2023\/10\/Palazzo-Vetrano-Street-Map-Stadplan-Stadtfuehrer-1024x765-1.png\" data-orig-src=\"https:\/\/palazzovetrano.it\/wp-content\/uploads\/2023\/10\/Palazzo-Vetrano-Street-Map-Stadplan-Stadtfuehrer-1024x765-1.png\" alt class=\"lazyload img-responsive wp-image-1522\" srcset=\"data:image\/svg+xml,%3Csvg%20xmlns%3D%27http%3A%2F%2Fwww.w3.org%2F2000%2Fsvg%27%20width%3D%271024%27%20height%3D%27765%27%20viewBox%3D%270%200%201024%20765%27%3E%3Crect%20width%3D%271024%27%20height%3D%27765%27%20fill-opacity%3D%220%22%2F%3E%3C%2Fsvg%3E\" data-srcset=\"https:\/\/palazzovetrano.it\/wp-content\/uploads\/2023\/10\/Palazzo-Vetrano-Street-Map-Stadplan-Stadtfuehrer-1024x765-1-200x149.png 200w, https:\/\/palazzovetrano.it\/wp-content\/uploads\/2023\/10\/Palazzo-Vetrano-Street-Map-Stadplan-Stadtfuehrer-1024x765-1-400x299.png 400w, https:\/\/palazzovetrano.it\/wp-content\/uploads\/2023\/10\/Palazzo-Vetrano-Street-Map-Stadplan-Stadtfuehrer-1024x765-1-600x448.png 600w, https:\/\/palazzovetrano.it\/wp-content\/uploads\/2023\/10\/Palazzo-Vetrano-Street-Map-Stadplan-Stadtfuehrer-1024x765-1-800x598.png 800w, https:\/\/palazzovetrano.it\/wp-content\/uploads\/2023\/10\/Palazzo-Vetrano-Street-Map-Stadplan-Stadtfuehrer-1024x765-1.png 1024w\" data-sizes=\"auto\" data-orig-sizes=\"(max-width: 800px) 100vw, 800px\" \/><\/a><\/span><\/div><div class=\"fusion-text fusion-text-7\"><p style=\"text-align: left;\">Sous les \"onglets\" au-dessus de la carte, les diff\u00e9rents th\u00e8mes peuvent \u00eatre affich\u00e9s ou masqu\u00e9s, divis\u00e9s ou affich\u00e9s en plein \u00e9cran.<\/p>\n<p style=\"text-align: left;\">Attention : cette carte est exclusivement destin\u00e9e \u00e0 un usage priv\u00e9. Nous ne pouvons pas garantir les informations contenues dans la carte. Cela vaut en particulier pour l'exactitude, l'exhaustivit\u00e9 et l'actualit\u00e9 de la carte. L'utilisation de la carte se fait donc aux risques et p\u00e9rils de l'utilisateur.<\/p>\n<\/div><div class=\"fusion-text fusion-text-8\"><h2 class=\"\" style=\"text-align: center;\" data-fontsize=\"33\" data-lineheight=\"42.9px\">Possibilit\u00e9s de stationnement<\/h2>\n<p style=\"text-align: left;\">Un parking public gratuit se trouve \u00e0 seulement 80 m\u00e8tres, \u00e0 la Porta S. Agatha, et donc en dehors de la ZTL.<br \/>\nAttention : la Via delle Pergole fait d\u00e9j\u00e0 partie de la zone \u00e0 trafic limit\u00e9 \"zona traffico limitato\" (ZTL) du centre historique.<\/p>\n<h2 class=\"\" style=\"text-align: center;\" data-fontsize=\"33\" data-lineheight=\"42.9px\">Zona Traffico Limitato - ZTL<\/h2>\n<p style=\"text-align: left;\">Car \u00e0 Palerme, on peut avant tout faire une chose. C'est-\u00e0-dire ralentir et contribuer \u00e0 la protection de l'environnement. Depuis 2016, le c\u0153ur historique de Palerme est une zone \u00e0 trafic limit\u00e9 (Zona traffico limitato | ZTL) et donc interdite \u00e0 la circulation automobile. Tu peux donc te promener et fl\u00e2ner dans la vieille ville sans \u00eatre d\u00e9rang\u00e9.<\/p>\n<p style=\"text-align: left;\">Si tu veux te rendre en voiture dans la ZTL, fais attention aux panneaux, aux feux de signalisation et aux cam\u00e9ras. Sur les panneaux, tu trouveras les heures de fermeture. Ceux-ci sont diff\u00e9rents en hiver qu'en \u00e9t\u00e9 et varient en fonction du jour de la semaine. Le dimanche, il n'y a pas de ZTL entre 6h00 et 0h00, tu peux donc entrer. Les feux de signalisation rouges ou verts te permettent de savoir si l'entr\u00e9e est autoris\u00e9e ou non. Si tu entres dans la ZTL par erreur, tu peux acheter un ticket dans chaque tabacchi et th\u00e9oriquement le t\u00e9l\u00e9charger dans l'application Palermo. Cette application n'a toutefois pas fonctionn\u00e9 chez nous avec un num\u00e9ro de portable allemand.<\/p>\n<p style=\"text-align: left;\">Cette ZTL est valable environ du lundi au jeudi de 08:00 \u00e0 20:00 | vendredi de 08:00 \u00e0 00:00 | samedi de 00:00 \u00e0 06:00 et de 23:00 \u00e0 00:00 |dimanche de 00:00 \u00e0 06:00. Toutes les indications sont sans garantie.<\/p>\n<\/div><div class=\"fusion-image-element\" style=\"text-align:center;--awb-margin-top:2rem;--awb-margin-bottom:2rem;--awb-caption-title-font-family:var(--h2_typography-font-family);--awb-caption-title-font-weight:var(--h2_typography-font-weight);--awb-caption-title-font-style:var(--h2_typography-font-style);--awb-caption-title-size:var(--h2_typography-font-size);--awb-caption-title-transform:var(--h2_typography-text-transform);--awb-caption-title-line-height:var(--h2_typography-line-height);--awb-caption-title-letter-spacing:var(--h2_typography-letter-spacing);\"><span class=\"fusion-imageframe imageframe-none imageframe-5 hover-type-none\" style=\"border-radius:12px;\"><img decoding=\"async\" width=\"1024\" height=\"576\" src=\"https:\/\/palazzovetrano.it\/wp-content\/uploads\/2023\/06\/10-Palermo-Blu-Centro-Storico-Ballaro-Pallazzo-Vertrano-Casa-Vacanza00001-1-1024x576-1.jpg\" data-orig-src=\"https:\/\/palazzovetrano.it\/wp-content\/uploads\/2023\/06\/10-Palermo-Blu-Centro-Storico-Ballaro-Pallazzo-Vertrano-Casa-Vacanza00001-1-1024x576-1.jpg\" alt class=\"lazyload img-responsive wp-image-1016\" srcset=\"data:image\/svg+xml,%3Csvg%20xmlns%3D%27http%3A%2F%2Fwww.w3.org%2F2000%2Fsvg%27%20width%3D%271024%27%20height%3D%27576%27%20viewBox%3D%270%200%201024%20576%27%3E%3Crect%20width%3D%271024%27%20height%3D%27576%27%20fill-opacity%3D%220%22%2F%3E%3C%2Fsvg%3E\" data-srcset=\"https:\/\/palazzovetrano.it\/wp-content\/uploads\/2023\/06\/10-Palermo-Blu-Centro-Storico-Ballaro-Pallazzo-Vertrano-Casa-Vacanza00001-1-1024x576-1-200x113.jpg 200w, https:\/\/palazzovetrano.it\/wp-content\/uploads\/2023\/06\/10-Palermo-Blu-Centro-Storico-Ballaro-Pallazzo-Vertrano-Casa-Vacanza00001-1-1024x576-1-400x225.jpg 400w, https:\/\/palazzovetrano.it\/wp-content\/uploads\/2023\/06\/10-Palermo-Blu-Centro-Storico-Ballaro-Pallazzo-Vertrano-Casa-Vacanza00001-1-1024x576-1-600x338.jpg 600w, https:\/\/palazzovetrano.it\/wp-content\/uploads\/2023\/06\/10-Palermo-Blu-Centro-Storico-Ballaro-Pallazzo-Vertrano-Casa-Vacanza00001-1-1024x576-1-800x450.jpg 800w, https:\/\/palazzovetrano.it\/wp-content\/uploads\/2023\/06\/10-Palermo-Blu-Centro-Storico-Ballaro-Pallazzo-Vertrano-Casa-Vacanza00001-1-1024x576-1.jpg 1024w\" data-sizes=\"auto\" data-orig-sizes=\"(max-width: 800px) 100vw, 800px\" \/><\/span><\/div><div class=\"fusion-text fusion-text-9\"><h2 class=\"fusion-responsive-typography-calculated\" style=\"text-align: center; --fontsize: 33; line-height: 1.3;\" data-fontsize=\"33\" data-lineheight=\"42.9px\"><span style=\"color: var(--h2_typography-color); font-family: var(--h2_typography-font-family); font-size: var(--h2_typography-font-size); font-style: var(--h2_typography-font-style,normal); font-weight: var(--h2_typography-font-weight); letter-spacing: var(--h2_typography-letter-spacing); text-transform: var(--h2_typography-text-transform); background-color: var(--awb-bg-color-hover);\">Check-in &amp; Check-out<\/span><\/h2>\n<p style=\"text-align: left;\">L'heure d'enregistrement est entre 16:00 et 20:00 heures. En outre, un late check-in est propos\u00e9 \u00e0 partir de 20h00. Dans ce cas, des frais de traitement forfaitaires de 30,- \u20ac seront factur\u00e9s.<\/p>\n<p style=\"text-align: left;\">L'heure de d\u00e9part est fix\u00e9e \u00e0 10h00 du matin. Veuillez utiliser le num\u00e9ro de portable : +39 3803905386 pour organiser le check-in.<\/p>\n<\/div><div class=\"fusion-image-element\" style=\"text-align:center;--awb-margin-top:2rem;--awb-margin-bottom:2rem;--awb-caption-title-font-family:var(--h2_typography-font-family);--awb-caption-title-font-weight:var(--h2_typography-font-weight);--awb-caption-title-font-style:var(--h2_typography-font-style);--awb-caption-title-size:var(--h2_typography-font-size);--awb-caption-title-transform:var(--h2_typography-text-transform);--awb-caption-title-line-height:var(--h2_typography-line-height);--awb-caption-title-letter-spacing:var(--h2_typography-letter-spacing);\"><span class=\"fusion-imageframe imageframe-none imageframe-6 hover-type-none\" style=\"border-radius:12px;\"><img decoding=\"async\" width=\"1024\" height=\"576\" src=\"https:\/\/palazzovetrano.it\/wp-content\/uploads\/2023\/06\/16-Kathedrale-Maria-Santissima-Assunta-nur-950-Meter-entfernt-Palermo-Blu-Centro-Storico-Ballaro-Pallazzo-Vertrano-Casa-Vacanza00005-1024x576-1.jpg\" data-orig-src=\"https:\/\/palazzovetrano.it\/wp-content\/uploads\/2023\/06\/16-Kathedrale-Maria-Santissima-Assunta-nur-950-Meter-entfernt-Palermo-Blu-Centro-Storico-Ballaro-Pallazzo-Vertrano-Casa-Vacanza00005-1024x576-1.jpg\" alt class=\"lazyload img-responsive wp-image-1015\" srcset=\"data:image\/svg+xml,%3Csvg%20xmlns%3D%27http%3A%2F%2Fwww.w3.org%2F2000%2Fsvg%27%20width%3D%271024%27%20height%3D%27576%27%20viewBox%3D%270%200%201024%20576%27%3E%3Crect%20width%3D%271024%27%20height%3D%27576%27%20fill-opacity%3D%220%22%2F%3E%3C%2Fsvg%3E\" data-srcset=\"https:\/\/palazzovetrano.it\/wp-content\/uploads\/2023\/06\/16-Kathedrale-Maria-Santissima-Assunta-nur-950-Meter-entfernt-Palermo-Blu-Centro-Storico-Ballaro-Pallazzo-Vertrano-Casa-Vacanza00005-1024x576-1-200x113.jpg 200w, https:\/\/palazzovetrano.it\/wp-content\/uploads\/2023\/06\/16-Kathedrale-Maria-Santissima-Assunta-nur-950-Meter-entfernt-Palermo-Blu-Centro-Storico-Ballaro-Pallazzo-Vertrano-Casa-Vacanza00005-1024x576-1-400x225.jpg 400w, https:\/\/palazzovetrano.it\/wp-content\/uploads\/2023\/06\/16-Kathedrale-Maria-Santissima-Assunta-nur-950-Meter-entfernt-Palermo-Blu-Centro-Storico-Ballaro-Pallazzo-Vertrano-Casa-Vacanza00005-1024x576-1-600x338.jpg 600w, https:\/\/palazzovetrano.it\/wp-content\/uploads\/2023\/06\/16-Kathedrale-Maria-Santissima-Assunta-nur-950-Meter-entfernt-Palermo-Blu-Centro-Storico-Ballaro-Pallazzo-Vertrano-Casa-Vacanza00005-1024x576-1-800x450.jpg 800w, https:\/\/palazzovetrano.it\/wp-content\/uploads\/2023\/06\/16-Kathedrale-Maria-Santissima-Assunta-nur-950-Meter-entfernt-Palermo-Blu-Centro-Storico-Ballaro-Pallazzo-Vertrano-Casa-Vacanza00005-1024x576-1.jpg 1024w\" data-sizes=\"auto\" data-orig-sizes=\"(max-width: 800px) 100vw, 800px\" \/><\/span><\/div><div class=\"fusion-text fusion-text-10\"><h2 class=\"fusion-responsive-typography-calculated\" style=\"text-align: center; --fontsize: 33; line-height: 1.3;\" data-fontsize=\"33\" data-lineheight=\"42.9px\">Zusatzleistungen<\/h2>\n<p style=\"text-align: left;\">Notre partenaire de r\u00e9servation et d'encadrement solemar sicilia propose \u00e0 nos h\u00f4tes qui le souhaitent les prestations suppl\u00e9mentaires suivantes :<\/p>\n<p style=\"text-align: left;\">Transfert de l'a\u00e9roport au logement \u00e0 partir de 50,00 \u20ac.<\/p>\n<p style=\"text-align: left;\">Panier de bienvenue avec de nombreux produits typiques siciliens (charcuterie, mozzarella, une bouteille de vin, une bouteille d'huile d'olive extra vierge, pain et confiture bio) 50,00 \u20ac.<\/p>\n<p style=\"text-align: left;\">Location de voitures aux conditions les plus avantageuses du march\u00e9<\/p>\n<p style=\"text-align: left;\">Location de v\u00e9los \u00e9lectriques \u00e0 partir de 60,00 \u20ac par semaine.<\/p>\n<p style=\"text-align: left;\">En cas de besoin, adresse-toi directement \u00e0 <b>solemar sicilia : <\/b><span style=\"color: var(--awb-text-color); font-family: var(--awb-text-font-family); font-size: var(--awb-font-size); font-style: var(--awb-text-font-style); font-weight: var(--awb-text-font-weight); letter-spacing: var(--awb-letter-spacing); text-align: var(--awb-content-alignment); text-transform: var(--awb-text-transform); background-color: var(--awb-bg-color-hover);\">T\u00e9l\u00e9phone <\/span><span style=\"color: var(--awb-text-color); font-family: var(--awb-text-font-family); font-size: var(--awb-font-size); font-style: var(--awb-text-font-style); font-weight: var(--awb-text-font-weight); letter-spacing: var(--awb-letter-spacing); text-align: var(--awb-content-alignment); text-transform: var(--awb-text-transform); background-color: var(--awb-bg-color-hover);\">+39 091 956608 <\/span><span style=\"color: var(--awb-text-color); font-family: var(--awb-text-font-family); font-size: var(--awb-font-size); font-style: var(--awb-text-font-style); font-weight: var(--awb-text-font-weight); letter-spacing: var(--awb-letter-spacing); text-align: var(--awb-content-alignment); text-transform: var(--awb-text-transform); background-color: var(--awb-bg-color-hover);\">Email info@solemarsicilia.com<\/span><\/p>\n<\/div><div class=\"fusion-text fusion-text-11\"><h2 class=\"fusion-responsive-typography-calculated\" style=\"text-align: center; --fontsize: 33; line-height: 1.3;\" data-fontsize=\"33\" data-lineheight=\"42.9px\"><\/h2>\n<h2 class=\"fusion-responsive-typography-calculated\" style=\"text-align: center; --fontsize: 33; line-height: 1.3;\" data-fontsize=\"33\" data-lineheight=\"42.9px\">Porte-cl\u00e9s<\/h2>\n<p style=\"text-align: left;\">Tu as re\u00e7u un trousseau de cl\u00e9s lors de l'\u00e9change. Pour que tout soit bien organis\u00e9, les cl\u00e9s sont class\u00e9es dans l'ordre et par couleur de feu. Pour qu'aucune ne se perde, elles sont reli\u00e9es par un petit c\u00e2ble en acier plomb\u00e9.<\/p>\n<\/div><div class=\"fusion-image-element\" style=\"text-align:center;--awb-margin-top:2rem;--awb-margin-bottom:2rem;--awb-caption-title-font-family:var(--h2_typography-font-family);--awb-caption-title-font-weight:var(--h2_typography-font-weight);--awb-caption-title-font-style:var(--h2_typography-font-style);--awb-caption-title-size:var(--h2_typography-font-size);--awb-caption-title-transform:var(--h2_typography-text-transform);--awb-caption-title-line-height:var(--h2_typography-line-height);--awb-caption-title-letter-spacing:var(--h2_typography-letter-spacing);\"><span class=\"fusion-imageframe imageframe-none imageframe-7 hover-type-none\" style=\"border-radius:12px;\"><img decoding=\"async\" width=\"1024\" height=\"576\" alt=\"Voyager de mani\u00e8re durable : Interrupteur \u00e9lectrique, aide \u00e0 \u00e9viter la consommation inutile d&#039;\u00e9lectricit\u00e9, m\u00eame dans la maison de vacances.\" src=\"https:\/\/palazzovetrano.it\/wp-content\/uploads\/2023\/10\/IMG_6854-scaled.jpg\" data-orig-src=\"https:\/\/palazzovetrano.it\/wp-content\/uploads\/2023\/10\/IMG_6854-1024x576.jpg\" class=\"lazyload img-responsive wp-image-1211\" srcset=\"data:image\/svg+xml,%3Csvg%20xmlns%3D%27http%3A%2F%2Fwww.w3.org%2F2000%2Fsvg%27%20width%3D%272560%27%20height%3D%271440%27%20viewBox%3D%270%200%202560%201440%27%3E%3Crect%20width%3D%272560%27%20height%3D%271440%27%20fill-opacity%3D%220%22%2F%3E%3C%2Fsvg%3E\" data-srcset=\"https:\/\/palazzovetrano.it\/wp-content\/uploads\/2023\/10\/IMG_6854-200x113.jpg 200w, https:\/\/palazzovetrano.it\/wp-content\/uploads\/2023\/10\/IMG_6854-400x225.jpg 400w, https:\/\/palazzovetrano.it\/wp-content\/uploads\/2023\/10\/IMG_6854-600x338.jpg 600w, https:\/\/palazzovetrano.it\/wp-content\/uploads\/2023\/10\/IMG_6854-800x450.jpg 800w, https:\/\/palazzovetrano.it\/wp-content\/uploads\/2023\/10\/IMG_6854-1200x675.jpg 1200w\" data-sizes=\"auto\" data-orig-sizes=\"(max-width: 800px) 100vw, 800px\" \/><\/span><\/div><div class=\"fusion-text fusion-text-12\"><h2 class=\"fusion-responsive-typography-calculated\" style=\"text-align: center; --fontsize: 33; line-height: 1.3;\" data-fontsize=\"33\" data-lineheight=\"42.9px\"><\/h2>\n<h3 class=\"fusion-responsive-typography-calculated\" style=\"text-align: center; --fontsize: 28; line-height: 1.3; --minfontsize: 25;\" data-fontsize=\"28\" data-lineheight=\"36.4px\">Cl\u00e9 de porte d'entr\u00e9e (verte)<\/h3>\n<p style=\"text-align: left;\">La porte d'entr\u00e9e est reli\u00e9e \u00e0 une g\u00e2che \u00e9lectrique. Pour ouvrir la porte le plus facilement possible, tire-la un peu vers l'ext\u00e9rieur en la d\u00e9verrouillant. En quittant le b\u00e2timent, tu trouveras un bouton \u00e9lectrique \u00e0 gauche de la porte d'entr\u00e9e. Celui-ci d\u00e9verrouille la porte de l'int\u00e9rieur. Le mieux est d'appuyer bri\u00e8vement sur la porte et de l'ouvrir. Ce serait bien si tu veillais \u00e0 ce que la porte soit ferm\u00e9e derri\u00e8re toi. Merci beaucoup !<\/p>\n<h3 class=\"fusion-responsive-typography-calculated\" style=\"text-align: center; --fontsize: 28; line-height: 1.3; --minfontsize: 25;\" data-fontsize=\"28\" data-lineheight=\"36.4px\">Cl\u00e9 de terrasse (jaune)<\/h3>\n<p style=\"text-align: left;\">Cette cl\u00e9 ouvre la porte entre le couloir de l'immeuble et la terrasse. Si cette porte est toujours ferm\u00e9e \u00e0 cl\u00e9 pendant la nuit et lorsque tu quittes l'appartement, cela augmente ta s\u00e9curit\u00e9 personnelle. Bien que Palerme soit la ville la plus s\u00fbre d'Italie, il s'agit d'une grande ville.<\/p>\n<h3 class=\"fusion-responsive-typography-calculated\" style=\"text-align: center; --fontsize: 28; line-height: 1.3; --minfontsize: 25;\" data-fontsize=\"28\" data-lineheight=\"36.4px\">Volets battants pour fen\u00eatres<\/h3>\n<p style=\"text-align: left;\">Cette cl\u00e9 relativement grande n'a pas de marquage de couleur. Sa forme carr\u00e9e caract\u00e9ristique s'explique d'elle-m\u00eame. La fermeture de cette porte s'effectue (comme souvent en Italie) dans le sens inverse.<\/p>\n<h3 class=\"fusion-responsive-typography-calculated\" style=\"text-align: center; --fontsize: 28; line-height: 1.3; --minfontsize: 25;\" data-fontsize=\"28\" data-lineheight=\"36.4px\">Porte d'appartement (rouge)<\/h3>\n<p style=\"text-align: left;\">Pour fermer la porte de l'appartement, pousse la poign\u00e9e vers le haut. La porte se verrouille alors.<\/p>\n<h3 class=\"fusion-responsive-typography-calculated\" style=\"text-align: center; --fontsize: 28; line-height: 1.3; --minfontsize: 25;\" data-fontsize=\"28\" data-lineheight=\"36.4px\">Interrupteur central de courant<\/h3>\n<p style=\"text-align: left;\">\u00c0 gauche de la porte de la terrasse de la grande chambre \u00e0 coucher, tu trouveras l'interrupteur central pour l'\u00e9lectricit\u00e9 et la lumi\u00e8re dans toutes les pi\u00e8ces. Celui-ci est activ\u00e9 par la petite cl\u00e9 hexagonale VIMAR. La cl\u00e9 ne peut \u00eatre retir\u00e9e que lorsque la position de la cl\u00e9 est sur - 0 - \u00e9teint -. Si tu cherches un jour ta cl\u00e9, tu la trouveras probablement ici. Cet interrupteur permet non seulement de pr\u00e9server l'environnement, mais sert \u00e9galement de porte-cl\u00e9s.<\/p>\n<h3 class=\"fusion-responsive-typography-calculated\" style=\"text-align: center; --fontsize: 28; line-height: 1.3; --minfontsize: 25;\" data-fontsize=\"28\" data-lineheight=\"36.4px\">Ouverture de portes - Cl\u00e9s de rechange<\/h3>\n<p style=\"text-align: left;\">Diese sind auch in Palermo teuer. Um dir und uns unn\u00f6tigen Aufwand und Kosten zu ersparen, kontrolliere am besten, vor dem Verlassen der Wohnung, ob alles verschlossen ist und wie du den Schl\u00fcsselbund sicher mitf\u00fchrst. Ein kleiner Schnappsch\u00e4kel hilft bei Bedarf diesen zus\u00e4tzlich zu sichern. Falls doch etwas passieren sollte, wende dich zuerst an <strong>solemar sicilia<\/strong>.<\/p>\n<\/div><div class=\"fusion-image-element\" style=\"text-align:center;--awb-margin-top:2rem;--awb-margin-bottom:2rem;--awb-caption-title-font-family:var(--h2_typography-font-family);--awb-caption-title-font-weight:var(--h2_typography-font-weight);--awb-caption-title-font-style:var(--h2_typography-font-style);--awb-caption-title-size:var(--h2_typography-font-size);--awb-caption-title-transform:var(--h2_typography-text-transform);--awb-caption-title-line-height:var(--h2_typography-line-height);--awb-caption-title-letter-spacing:var(--h2_typography-letter-spacing);\"><span class=\"fusion-imageframe imageframe-none imageframe-8 hover-type-none\" style=\"border-radius:12px;\"><img decoding=\"async\" width=\"1024\" height=\"576\" src=\"https:\/\/palazzovetrano.it\/wp-content\/uploads\/2023\/10\/IMG_7970-scaled.jpg\" data-orig-src=\"https:\/\/palazzovetrano.it\/wp-content\/uploads\/2023\/10\/IMG_7970-1024x576.jpg\" alt class=\"lazyload img-responsive wp-image-1534\" srcset=\"data:image\/svg+xml,%3Csvg%20xmlns%3D%27http%3A%2F%2Fwww.w3.org%2F2000%2Fsvg%27%20width%3D%272560%27%20height%3D%271440%27%20viewBox%3D%270%200%202560%201440%27%3E%3Crect%20width%3D%272560%27%20height%3D%271440%27%20fill-opacity%3D%220%22%2F%3E%3C%2Fsvg%3E\" data-srcset=\"https:\/\/palazzovetrano.it\/wp-content\/uploads\/2023\/10\/IMG_7970-200x113.jpg 200w, https:\/\/palazzovetrano.it\/wp-content\/uploads\/2023\/10\/IMG_7970-400x225.jpg 400w, https:\/\/palazzovetrano.it\/wp-content\/uploads\/2023\/10\/IMG_7970-600x338.jpg 600w\" data-sizes=\"auto\" data-orig-sizes=\"(max-width: 800px) 100vw, 1024px\" \/><\/span><\/div><div class=\"fusion-text fusion-text-13\" style=\"--awb-content-alignment:left;\"><h2 class=\"fusion-responsive-typography-calculated\" style=\"text-align: center;\" data-fontsize=\"33\" data-lineheight=\"42.9px\"><\/h2>\n<h2 class=\"fusion-responsive-typography-calculated\" style=\"text-align: center;\" data-fontsize=\"33\" data-lineheight=\"42.9px\">Interrupteurs &amp; prises de courant<\/h2>\n<p>L'appartement est \u00e9quip\u00e9 d'interrupteurs et de prises de courant italiens courants. Bien qu'un peu plus \u00e9troites que celles auxquelles nous sommes habitu\u00e9s dans notre pays, les commandes sont habituelles. En revanche, l'une ou l'autre LED est un peu inhabituelle. L'\u00e9clairage LED est aussi bien connu pour sa durabilit\u00e9 que pour ses \u00e9conomies d'\u00e9nergie. Si toutefois l'une des ampoules devait \u00eatre remplac\u00e9e, n'h\u00e9sitez pas \u00e0 nous le faire savoir. Pour permettre un \u00e9clairage confortable, l'intensit\u00e9 de l'\u00e9clairage est partiellement r\u00e9glable.<\/p>\n<p>Si tu souhaites travailler pendant ton s\u00e9jour, tu peux disposer d'un poste de travail \u00e0 l'int\u00e9rieur ou \u00e0 l'ext\u00e9rieur, d'un acc\u00e8s \u00e0 Internet, d'une connexion WLAN, de prises de courant avec des ports USB dans toutes les chambres et de prises de courant universelles.<\/p>\n<\/div><div class=\"fusion-text fusion-text-14\"><h2 class=\"fusion-responsive-typography-calculated\" style=\"text-align: center; --fontsize: 33; line-height: 1.3;\" data-fontsize=\"33\" data-lineheight=\"42.9px\"><\/h2>\n<p style=\"text-align: center;\">\n<\/div><div class=\"fusion-image-element\" style=\"text-align:center;--awb-caption-title-font-family:var(--h2_typography-font-family);--awb-caption-title-font-weight:var(--h2_typography-font-weight);--awb-caption-title-font-style:var(--h2_typography-font-style);--awb-caption-title-size:var(--h2_typography-font-size);--awb-caption-title-transform:var(--h2_typography-text-transform);--awb-caption-title-line-height:var(--h2_typography-line-height);--awb-caption-title-letter-spacing:var(--h2_typography-letter-spacing);\"><span class=\"fusion-imageframe imageframe-none imageframe-9 hover-type-none\" style=\"border-radius:12px;\"><img decoding=\"async\" width=\"2180\" height=\"720\" src=\"https:\/\/palazzovetrano.it\/wp-content\/uploads\/2023\/10\/Unbenannt.jpg\" data-orig-src=\"https:\/\/palazzovetrano.it\/wp-content\/uploads\/2023\/10\/Unbenannt.jpg\" alt class=\"lazyload img-responsive wp-image-1394\" srcset=\"data:image\/svg+xml,%3Csvg%20xmlns%3D%27http%3A%2F%2Fwww.w3.org%2F2000%2Fsvg%27%20width%3D%272180%27%20height%3D%27720%27%20viewBox%3D%270%200%202180%20720%27%3E%3Crect%20width%3D%272180%27%20height%3D%27720%27%20fill-opacity%3D%220%22%2F%3E%3C%2Fsvg%3E\" data-srcset=\"https:\/\/palazzovetrano.it\/wp-content\/uploads\/2023\/10\/Unbenannt-200x66.jpg 200w, https:\/\/palazzovetrano.it\/wp-content\/uploads\/2023\/10\/Unbenannt-400x132.jpg 400w, https:\/\/palazzovetrano.it\/wp-content\/uploads\/2023\/10\/Unbenannt-600x198.jpg 600w, https:\/\/palazzovetrano.it\/wp-content\/uploads\/2023\/10\/Unbenannt-800x264.jpg 800w, https:\/\/palazzovetrano.it\/wp-content\/uploads\/2023\/10\/Unbenannt-1200x396.jpg 1200w, https:\/\/palazzovetrano.it\/wp-content\/uploads\/2023\/10\/Unbenannt.jpg 2180w\" data-sizes=\"auto\" data-orig-sizes=\"(max-width: 800px) 100vw, 800px\" \/><\/span><\/div><div class=\"fusion-text fusion-text-15\"><h2 class=\"fusion-responsive-typography-calculated\" style=\"text-align: center; --fontsize: 33; line-height: 1.3;\" data-fontsize=\"33\" data-lineheight=\"42.9px\"><\/h2>\n<h2 class=\"fusion-responsive-typography-calculated\" style=\"text-align: center; --fontsize: 33; line-height: 1.3;\" data-fontsize=\"33\" data-lineheight=\"42.9px\">Internet &amp; WLAN<\/h2>\n<p style=\"text-align: left;\">Toujours connect\u00e9 au monde - tu disposes d'une connexion WLAN gratuite dans tout l'appartement. M\u00eame si tu as coup\u00e9 le circuit \u00e9lectrique, tu peux continuer \u00e0 utiliser Internet. Pour te faciliter l'acc\u00e8s, nous te proposons les codes QR suivants.<\/p>\n<\/div><div class=\"fusion-image-element\" style=\"text-align:center;--awb-caption-title-font-family:var(--h2_typography-font-family);--awb-caption-title-font-weight:var(--h2_typography-font-weight);--awb-caption-title-font-style:var(--h2_typography-font-style);--awb-caption-title-size:var(--h2_typography-font-size);--awb-caption-title-transform:var(--h2_typography-text-transform);--awb-caption-title-line-height:var(--h2_typography-line-height);--awb-caption-title-letter-spacing:var(--h2_typography-letter-spacing);\"><span class=\"fusion-imageframe imageframe-none imageframe-10 hover-type-none\" style=\"border-radius:12px;\"><img decoding=\"async\" width=\"1024\" height=\"504\" src=\"https:\/\/palazzovetrano.it\/wp-content\/uploads\/2023\/10\/Unbenannt.png\" data-orig-src=\"https:\/\/palazzovetrano.it\/wp-content\/uploads\/2023\/10\/Unbenannt-1024x504.png\" alt class=\"lazyload img-responsive wp-image-1215\" srcset=\"data:image\/svg+xml,%3Csvg%20xmlns%3D%27http%3A%2F%2Fwww.w3.org%2F2000%2Fsvg%27%20width%3D%273600%27%20height%3D%271772%27%20viewBox%3D%270%200%203600%201772%27%3E%3Crect%20width%3D%273600%27%20height%3D%271772%27%20fill-opacity%3D%220%22%2F%3E%3C%2Fsvg%3E\" data-srcset=\"https:\/\/palazzovetrano.it\/wp-content\/uploads\/2023\/10\/Unbenannt-200x98.png 200w, https:\/\/palazzovetrano.it\/wp-content\/uploads\/2023\/10\/Unbenannt-400x197.png 400w, https:\/\/palazzovetrano.it\/wp-content\/uploads\/2023\/10\/Unbenannt-600x295.png 600w, https:\/\/palazzovetrano.it\/wp-content\/uploads\/2023\/10\/Unbenannt-800x394.png 800w, https:\/\/palazzovetrano.it\/wp-content\/uploads\/2023\/10\/Unbenannt-1200x591.png 1200w\" data-sizes=\"auto\" data-orig-sizes=\"(max-width: 800px) 100vw, 800px\" \/><\/span><\/div><div class=\"fusion-text fusion-text-16\"><h3 class=\"fusion-responsive-typography-calculated\" style=\"text-align: center; --fontsize: 28; line-height: 1.3;\" data-fontsize=\"28\" data-lineheight=\"36.4px\">Codes QR<\/h3>\n<p style=\"text-align: left;\">\u00c0 c\u00f4t\u00e9 du r\u00e9frig\u00e9rateur, tu d\u00e9couvriras les codes QR pour ton acc\u00e8s WLAN gratuit \u00e0 Internet, nos informations pour les h\u00f4tes et ton plan de ville mobile et num\u00e9rique. Pour des raisons de durabilit\u00e9, nous avons volontairement renonc\u00e9 \u00e0 un dossier d'accueil analogique classique. Cela nous permet d'introduire des nouveaut\u00e9s afin que le site soit toujours \u00e0 jour pour nos h\u00f4tes. Nous nous r\u00e9jouissons de tout conseil concernant le plan de ville num\u00e9rique. N'h\u00e9sitez pas \u00e0 nous faire parvenir des photos actuelles.<\/p>\n<p style=\"text-align: left;\">Profite de la commodit\u00e9 et du confort d'une exp\u00e9rience num\u00e9rique tout en faisant notre part pour la protection de l'environnement. Explore la ville avec le plan num\u00e9rique, partage tes exp\u00e9riences dans le livre d'or et sois toujours en ligne quand tu le souhaites.<\/p>\n<p style=\"text-align: left;\">Bienvenue dans tes vacances \u00e0 Palerme !<\/p>\n<\/div><div class=\"fusion-image-element\" style=\"text-align:center;--awb-margin-top:2rem;--awb-margin-bottom:2rem;--awb-caption-title-font-family:var(--h2_typography-font-family);--awb-caption-title-font-weight:var(--h2_typography-font-weight);--awb-caption-title-font-style:var(--h2_typography-font-style);--awb-caption-title-size:var(--h2_typography-font-size);--awb-caption-title-transform:var(--h2_typography-text-transform);--awb-caption-title-line-height:var(--h2_typography-line-height);--awb-caption-title-letter-spacing:var(--h2_typography-letter-spacing);\"><span class=\"fusion-imageframe imageframe-none imageframe-11 hover-type-none\" style=\"border-radius:12px;\"><img decoding=\"async\" width=\"1024\" height=\"576\" title=\"Palermo-Centro-Storico-Ballaro00003-1024\u00d7576\" src=\"https:\/\/palazzovetrano.it\/wp-content\/uploads\/2023\/06\/Palermo-Centro-Storico-Ballaro00003-1024x576-1.jpg\" data-orig-src=\"https:\/\/palazzovetrano.it\/wp-content\/uploads\/2023\/06\/Palermo-Centro-Storico-Ballaro00003-1024x576-1.jpg\" alt class=\"lazyload img-responsive wp-image-1039\" srcset=\"data:image\/svg+xml,%3Csvg%20xmlns%3D%27http%3A%2F%2Fwww.w3.org%2F2000%2Fsvg%27%20width%3D%271024%27%20height%3D%27576%27%20viewBox%3D%270%200%201024%20576%27%3E%3Crect%20width%3D%271024%27%20height%3D%27576%27%20fill-opacity%3D%220%22%2F%3E%3C%2Fsvg%3E\" data-srcset=\"https:\/\/palazzovetrano.it\/wp-content\/uploads\/2023\/06\/Palermo-Centro-Storico-Ballaro00003-1024x576-1-200x113.jpg 200w, https:\/\/palazzovetrano.it\/wp-content\/uploads\/2023\/06\/Palermo-Centro-Storico-Ballaro00003-1024x576-1-400x225.jpg 400w, https:\/\/palazzovetrano.it\/wp-content\/uploads\/2023\/06\/Palermo-Centro-Storico-Ballaro00003-1024x576-1-600x338.jpg 600w, https:\/\/palazzovetrano.it\/wp-content\/uploads\/2023\/06\/Palermo-Centro-Storico-Ballaro00003-1024x576-1-800x450.jpg 800w, https:\/\/palazzovetrano.it\/wp-content\/uploads\/2023\/06\/Palermo-Centro-Storico-Ballaro00003-1024x576-1.jpg 1024w\" data-sizes=\"auto\" data-orig-sizes=\"(max-width: 800px) 100vw, 800px\" \/><\/span><\/div><div class=\"fusion-text fusion-text-17\" style=\"--awb-content-alignment:center;\"><h2 class=\"fusion-responsive-typography-calculated\" style=\"text-align: center; --fontsize: 33; line-height: 1.3;\" data-fontsize=\"33\" data-lineheight=\"42.9px\"><\/h2>\n<h2 class=\"fusion-responsive-typography-calculated\" style=\"text-align: center; --fontsize: 33; line-height: 1.3;\" data-fontsize=\"33\" data-lineheight=\"42.9px\">Terrasse de l'atrium<\/h2>\n<blockquote style=\"text-align: center;\">\n<p>\"Pour profiter de la journ\u00e9e, il faut accueillir le soleil sur une terrasse\". - Inconnu<\/p>\n<\/blockquote>\n<p style=\"text-align: left;\">Notre terrasse-atrium est un v\u00e9ritable paradis de d\u00e9tente et de relaxation. Des chaises longues, une voile solaire, des fauteuils lounge confortables et m\u00eame deux hamacs t'attendent ici ! De plus, tu trouveras des tables \u00e0 manger et des chaises pour prendre tes repas en plein air.<\/p>\n<p style=\"text-align: left;\">Que tu profites du soleil ou que tu fasses une petite sieste \u00e0 midi, tu peux te sentir parfaitement \u00e0 l'aise ici. Et ne t'inqui\u00e8te pas, de temps en temps, tu peux entendre le chant des crieurs publics ou la musique du march\u00e9 Ballar\u00f2 tout proche. Mais la nuit, le Ballar\u00f2 est consid\u00e9r\u00e9 comme la partie la plus calme de la vieille ville - parfait pour se d\u00e9tendre en toute tranquillit\u00e9.<\/p>\n<p style=\"text-align: left;\">En ce qui concerne la terrasse, nous avons encore une petite demande \u00e0 te faire : nos plantes n'aiment pas seulement un peu d'amour, mais aussi et surtout de l'eau. Ce serait formidable si tu pouvais leur offrir r\u00e9guli\u00e8rement une portion d'eau. Avec un tuyau d'arrosage, c'est vite fait. Apr\u00e8s tout, nous voulons que tout reste bien vert et vivant. Merci mille fois !<\/p>\n<p style=\"text-align: left;\">Si tu as envie de cuisiner ou de faire un barbecue \u00e0 l'ext\u00e9rieur, nous avons mis \u00e0 ta disposition une plaque de cuisson portable dans la cuisine. Le barbecue \u00e9lectrique se trouve dans la grande chambre sous le casier.<\/p>\n<blockquote>\n<p>\"Une terrasse est un morceau de ciel qui descend sur la terre\". - Nathan Phillips<\/p>\n<\/blockquote>\n<p style=\"text-align: left;\"><strong>Consigne de s\u00e9curit\u00e9 :<\/strong><\/p>\n<p style=\"text-align: left;\">Nos hamacs confortables, sont certifi\u00e9s par leur fabricant avec une limite de charge impressionnante de 200 kilos. Nous t'invitons cordialement \u00e0 profiter de ces oasis de repos relaxantes. Veuillez toutefois noter que l'utilisation des hamacs se fait sous votre propre responsabilit\u00e9. Nous tenons \u00e0 pr\u00e9ciser que nous n'assumons aucune responsabilit\u00e9. Ton confort et ta s\u00e9curit\u00e9 nous tiennent \u00e0 c\u0153ur, d'o\u00f9 cet avertissement.<\/p>\n<p style=\"text-align: left;\">Mais avant de poursuivre ta lecture, que dirais-tu d'une tasse de caf\u00e9 ou de th\u00e9 dans un hamac ?<\/p>\n<\/div><div class=\"fusion-image-element\" style=\"text-align:center;--awb-margin-top:2rem;--awb-margin-bottom:2rem;--awb-caption-title-font-family:var(--h2_typography-font-family);--awb-caption-title-font-weight:var(--h2_typography-font-weight);--awb-caption-title-font-style:var(--h2_typography-font-style);--awb-caption-title-size:var(--h2_typography-font-size);--awb-caption-title-transform:var(--h2_typography-text-transform);--awb-caption-title-line-height:var(--h2_typography-line-height);--awb-caption-title-letter-spacing:var(--h2_typography-letter-spacing);\"><span class=\"fusion-imageframe imageframe-none imageframe-12 hover-type-none\" style=\"border-radius:12px;\"><img decoding=\"async\" width=\"1024\" height=\"576\" src=\"https:\/\/palazzovetrano.it\/wp-content\/uploads\/2023\/06\/18-Terrasse-Atrium-Palermo-Blu-Centro-Storico-Ballaro-Pallazzo-Vertrano-Casa-Vacanza-00001-3.jpg\" data-orig-src=\"https:\/\/palazzovetrano.it\/wp-content\/uploads\/2023\/06\/18-Terrasse-Atrium-Palermo-Blu-Centro-Storico-Ballaro-Pallazzo-Vertrano-Casa-Vacanza-00001-3-1024x576.jpg\" alt class=\"lazyload img-responsive wp-image-1040\" srcset=\"data:image\/svg+xml,%3Csvg%20xmlns%3D%27http%3A%2F%2Fwww.w3.org%2F2000%2Fsvg%27%20width%3D%271080%27%20height%3D%27608%27%20viewBox%3D%270%200%201080%20608%27%3E%3Crect%20width%3D%271080%27%20height%3D%27608%27%20fill-opacity%3D%220%22%2F%3E%3C%2Fsvg%3E\" data-srcset=\"https:\/\/palazzovetrano.it\/wp-content\/uploads\/2023\/06\/18-Terrasse-Atrium-Palermo-Blu-Centro-Storico-Ballaro-Pallazzo-Vertrano-Casa-Vacanza-00001-3-200x113.jpg 200w, https:\/\/palazzovetrano.it\/wp-content\/uploads\/2023\/06\/18-Terrasse-Atrium-Palermo-Blu-Centro-Storico-Ballaro-Pallazzo-Vertrano-Casa-Vacanza-00001-3-400x225.jpg 400w, https:\/\/palazzovetrano.it\/wp-content\/uploads\/2023\/06\/18-Terrasse-Atrium-Palermo-Blu-Centro-Storico-Ballaro-Pallazzo-Vertrano-Casa-Vacanza-00001-3-600x338.jpg 600w, https:\/\/palazzovetrano.it\/wp-content\/uploads\/2023\/06\/18-Terrasse-Atrium-Palermo-Blu-Centro-Storico-Ballaro-Pallazzo-Vertrano-Casa-Vacanza-00001-3-800x450.jpg 800w, https:\/\/palazzovetrano.it\/wp-content\/uploads\/2023\/06\/18-Terrasse-Atrium-Palermo-Blu-Centro-Storico-Ballaro-Pallazzo-Vertrano-Casa-Vacanza-00001-3.jpg 1080w\" data-sizes=\"auto\" data-orig-sizes=\"(max-width: 800px) 100vw, 800px\" \/><\/span><\/div><div class=\"fusion-text fusion-text-18\"><h2 class=\"fusion-responsive-typography-calculated\" style=\"text-align: center; --fontsize: 33; line-height: 1.3;\" data-fontsize=\"33\" data-lineheight=\"42.9px\"><\/h2>\n<h2 class=\"fusion-responsive-typography-calculated\" style=\"text-align: center; --fontsize: 33; line-height: 1.3;\" data-fontsize=\"33\" data-lineheight=\"42.9px\">Caf\u00e9 ou th\u00e9<\/h2>\n<p style=\"text-align: left;\">Les Italiens sont peut-\u00eatre connus pour leur bon caf\u00e9, mais pas forc\u00e9ment pour leur durabilit\u00e9. C'est pourquoi une machine \u00e0 caf\u00e9 \u00e0 capsules fait partie de l'\u00e9quipement de base de chaque appartement de vacances. Nous aussi, Allemands, avons eu notre \u00e8re de capsules. Consid\u00e9rer le caf\u00e9 sous l'angle de la durabilit\u00e9 peut \u00eatre un d\u00e9fi. Sois sans souci, nous avons mis \u00e0 ta disposition une s\u00e9lection de capsules de caf\u00e9. Pour te r\u00e9approvisionner, tu peux aller \u00e0 la boutique Nespresso\u00ae\ufe0f \u00e0 Palerme. En outre, des capsules de caf\u00e9 compatibles avec Nespresso\u00ae\ufe0f sont disponibles, entre autres, chez LIDL et dans diff\u00e9rents magasins de caf\u00e9 \u00e0 Palerme. Dans l'id\u00e9al, tu as d\u00e9j\u00e0 apport\u00e9 des capsules compostables de chez toi. Tu peux en trouver par exemple chez <a href=\"https:\/\/www.pottschwarz.de\/\" target=\"_blank\" rel=\"noopener noreferrer\">pottschwarz<\/a>. D\u00e9licieux et respectueux de l'environnement.<\/p>\n<p style=\"text-align: left;\">Si tu pr\u00e9f\u00e8res une alternative, nous te recommandons une tasse de th\u00e9. Nous avons d\u00e9j\u00e0 pr\u00e9par\u00e9 une petite s\u00e9lection pour toi. Pour la pr\u00e9paration, tu peux aussi utiliser une bouilloire \u00e9lectrique ou une bouilloire \u00e0 fl\u00fbte.<\/p>\n<blockquote style=\"text-align: center;\">\n<p><i>I like tea and yoga, but I don\u2019t do yoga. (Moby, US-Musiker)<\/i><\/p>\n<\/blockquote>\n<p style=\"text-align: left;\">Ou que diriez-vous d'une pr\u00e9paration de caf\u00e9 traditionnelle \u00e0 la Nonna, c'est-\u00e0-dire \u00e0 la grand-m\u00e8re ? Pour cela, tu as \u00e0 ta disposition un moulin \u00e0 main, un mousseur \u00e0 lait et deux cafeti\u00e8res Bialetti de diff\u00e9rentes tailles. L'utilisation est simple et le r\u00e9sultat d\u00e9licieux.<\/p>\n<\/div><div class=\"fusion-image-element\" style=\"text-align:center;--awb-margin-top:2rem;--awb-margin-left:2rem;--awb-caption-title-font-family:var(--h2_typography-font-family);--awb-caption-title-font-weight:var(--h2_typography-font-weight);--awb-caption-title-font-style:var(--h2_typography-font-style);--awb-caption-title-size:var(--h2_typography-font-size);--awb-caption-title-transform:var(--h2_typography-text-transform);--awb-caption-title-line-height:var(--h2_typography-line-height);--awb-caption-title-letter-spacing:var(--h2_typography-letter-spacing);\"><span class=\"fusion-imageframe imageframe-none imageframe-13 hover-type-none\" style=\"border-radius:12px;\"><img decoding=\"async\" width=\"1024\" height=\"768\" src=\"https:\/\/palazzovetrano.it\/wp-content\/uploads\/2023\/10\/IMG_7865-1-scaled.jpg\" data-orig-src=\"https:\/\/palazzovetrano.it\/wp-content\/uploads\/2023\/10\/IMG_7865-1-1024x768.jpg\" alt class=\"lazyload img-responsive wp-image-1423\" srcset=\"data:image\/svg+xml,%3Csvg%20xmlns%3D%27http%3A%2F%2Fwww.w3.org%2F2000%2Fsvg%27%20width%3D%272560%27%20height%3D%271920%27%20viewBox%3D%270%200%202560%201920%27%3E%3Crect%20width%3D%272560%27%20height%3D%271920%27%20fill-opacity%3D%220%22%2F%3E%3C%2Fsvg%3E\" data-srcset=\"https:\/\/palazzovetrano.it\/wp-content\/uploads\/2023\/10\/IMG_7865-1-200x150.jpg 200w, https:\/\/palazzovetrano.it\/wp-content\/uploads\/2023\/10\/IMG_7865-1-400x300.jpg 400w, https:\/\/palazzovetrano.it\/wp-content\/uploads\/2023\/10\/IMG_7865-1-600x450.jpg 600w, https:\/\/palazzovetrano.it\/wp-content\/uploads\/2023\/10\/IMG_7865-1-800x600.jpg 800w, https:\/\/palazzovetrano.it\/wp-content\/uploads\/2023\/10\/IMG_7865-1-1200x900.jpg 1200w\" data-sizes=\"auto\" data-orig-sizes=\"(max-width: 800px) 100vw, 800px\" \/><\/span><\/div><div class=\"fusion-text fusion-text-19\" style=\"--awb-content-alignment:left;\"><blockquote style=\"text-align: center;\">\n<p><i>\"Cafeti\u00e8re Bialetti - Une machine \u00e0 remonter le temps pour un caf\u00e9 parfait\". - Inconnu<\/i><\/p>\n<\/blockquote>\n<h3 class=\"fusion-responsive-typography-calculated\" style=\"text-align: center; --fontsize: 28; line-height: 1.3;\" data-fontsize=\"28\" data-lineheight=\"36.4px\">Bialetti Moka Express :<\/h3>\n<p style=\"text-align: left;\">Un caf\u00e9 parfait en cinq \u00e9tapes seulement :<\/p>\n<p style=\"text-align: left;\">1. verser de l'eau dans le r\u00e9cipient inf\u00e9rieur de la cuisini\u00e8re, mais pas par la soupape de surpression<\/p>\n<p style=\"text-align: left;\">2. ins\u00e9rer le tamis et le remplir jusqu'au bord de caf\u00e9 moulu moyennement fin, lisser mais ne pas tasser.<\/p>\n<p style=\"text-align: left;\">3. placer la partie sup\u00e9rieure du pot de la cuisini\u00e8re sur la partie inf\u00e9rieure et la visser.<\/p>\n<p style=\"text-align: left;\">4. chauffez \u00e0 temp\u00e9rature moyenne sur la plaque de cuisson jusqu'\u00e0 ce que vous entendiez un gargouillement.<\/p>\n<p style=\"text-align: left;\">5. retirer la cafeti\u00e8re du feu et savourer le caf\u00e9 !<\/p>\n<p style=\"text-align: left;\">Tu peux maintenant pr\u00e9parer ton propre caf\u00e9 traditionnel comme un vrai ma\u00eetre du caf\u00e9 et te r\u00e9jouir de passer un moment d\u00e9licieux. Sant\u00e9 !<\/p>\n<p style=\"text-align: left;\">\n<\/div><div class=\"fusion-text fusion-text-20\"><h2 class=\"fusion-responsive-typography-calculated\" style=\"text-align: center; --fontsize: 33; line-height: 1.3;\" data-fontsize=\"33\" data-lineheight=\"42.9px\"><\/h2>\n<h2 class=\"fusion-responsive-typography-calculated\" style=\"text-align: center; --fontsize: 33; line-height: 1.3;\" data-fontsize=\"33\" data-lineheight=\"42.9px\">Cuisine-s\u00e9jour<\/h2>\n<p style=\"text-align: left;\">Alors, tu t'es d\u00e9j\u00e0 pr\u00e9par\u00e9 un caf\u00e9 ou un th\u00e9 ? Alors tu es d\u00e9j\u00e0 un pro de l'utilisation de notre table de cuisson \u00e0 induction Bosch. F\u00e9licitations, tu as relev\u00e9 le premier d\u00e9fi ! Si tu as des questions sur l'utilisation de la table de cuisson \u00e0 induction Bosch, tu trouveras des conseils appropri\u00e9s sous le point du m\u00eame nom. Notre cuisine-s\u00e9jour confortable est \u00e9quip\u00e9e d'appareils Bosch de haute qualit\u00e9, y compris un four, un lave-linge et un lave-vaisselle. Tu trouveras les modes d'emploi correspondants plus bas, sous le point du m\u00eame nom.<\/p>\n<\/div><div class=\"fusion-image-element\" style=\"text-align:center;--awb-margin-top:2rem;--awb-margin-bottom:2rem;--awb-caption-title-font-family:var(--h2_typography-font-family);--awb-caption-title-font-weight:var(--h2_typography-font-weight);--awb-caption-title-font-style:var(--h2_typography-font-style);--awb-caption-title-size:var(--h2_typography-font-size);--awb-caption-title-transform:var(--h2_typography-text-transform);--awb-caption-title-line-height:var(--h2_typography-line-height);--awb-caption-title-letter-spacing:var(--h2_typography-letter-spacing);\"><span class=\"fusion-imageframe imageframe-none imageframe-14 hover-type-none\" style=\"border-radius:12px;\"><img decoding=\"async\" width=\"1024\" height=\"437\" src=\"https:\/\/palazzovetrano.it\/wp-content\/uploads\/2023\/10\/Unbenannt-3.png\" data-orig-src=\"https:\/\/palazzovetrano.it\/wp-content\/uploads\/2023\/10\/Unbenannt-3-1024x437.png\" alt class=\"lazyload img-responsive wp-image-1318\" srcset=\"data:image\/svg+xml,%3Csvg%20xmlns%3D%27http%3A%2F%2Fwww.w3.org%2F2000%2Fsvg%27%20width%3D%272500%27%20height%3D%271067%27%20viewBox%3D%270%200%202500%201067%27%3E%3Crect%20width%3D%272500%27%20height%3D%271067%27%20fill-opacity%3D%220%22%2F%3E%3C%2Fsvg%3E\" data-srcset=\"https:\/\/palazzovetrano.it\/wp-content\/uploads\/2023\/10\/Unbenannt-3-200x85.png 200w, https:\/\/palazzovetrano.it\/wp-content\/uploads\/2023\/10\/Unbenannt-3-400x171.png 400w, https:\/\/palazzovetrano.it\/wp-content\/uploads\/2023\/10\/Unbenannt-3-600x256.png 600w, https:\/\/palazzovetrano.it\/wp-content\/uploads\/2023\/10\/Unbenannt-3-800x341.png 800w, https:\/\/palazzovetrano.it\/wp-content\/uploads\/2023\/10\/Unbenannt-3-1200x512.png 1200w\" data-sizes=\"auto\" data-orig-sizes=\"(max-width: 800px) 100vw, 800px\" \/><\/span><\/div><div class=\"fusion-text fusion-text-21\"><p style=\"text-align: left;\">Sans oublier qu'une multitude d'ustensiles de cuisine et d'\u00e9pices sont \u00e0 ta disposition pour tes cr\u00e9ations culinaires. Nous nous sommes efforc\u00e9s d'\u00e9viter autant que possible le plastique, non seulement pour des raisons de durabilit\u00e9, mais aussi pour cr\u00e9er une atmosph\u00e8re conviviale. Les couverts, les verres et la porcelaine sont soigneusement assortis. Les planches \u00e0 d\u00e9couper, les couteaux de cuisine et de nombreux ustensiles de cuisine sont en bois et appr\u00e9cient d'\u00eatre lav\u00e9s \u00e0 la main avec amour plut\u00f4t qu'au lave-vaisselle. Dans l'armoire m\u00e9tallique \u00e0 c\u00f4t\u00e9 du four, tu trouveras une r\u00e2pe de cuisine, une balance de cuisine, une passoire et d'autres petits accessoires.<\/p>\n<p>&nbsp;<\/p>\n<\/div><div class=\"fusion-image-element\" style=\"text-align:center;--awb-margin-top:2rem;--awb-margin-bottom:2rem;--awb-caption-title-font-family:var(--h2_typography-font-family);--awb-caption-title-font-weight:var(--h2_typography-font-weight);--awb-caption-title-font-style:var(--h2_typography-font-style);--awb-caption-title-size:var(--h2_typography-font-size);--awb-caption-title-transform:var(--h2_typography-text-transform);--awb-caption-title-line-height:var(--h2_typography-line-height);--awb-caption-title-letter-spacing:var(--h2_typography-letter-spacing);\"><span class=\"fusion-imageframe imageframe-none imageframe-15 hover-type-none\" style=\"border-radius:12px;\"><img decoding=\"async\" width=\"1024\" height=\"683\" src=\"https:\/\/palazzovetrano.it\/wp-content\/uploads\/2023\/06\/44-Wohnkuche-Palermo-Blu-Centro-Storico-Ballaro-Pallazzo-Vertrano-Casa-Vacanza-00007-1024x683-1.jpg\" data-orig-src=\"https:\/\/palazzovetrano.it\/wp-content\/uploads\/2023\/06\/44-Wohnkuche-Palermo-Blu-Centro-Storico-Ballaro-Pallazzo-Vertrano-Casa-Vacanza-00007-1024x683-1.jpg\" alt class=\"lazyload img-responsive wp-image-1001\" srcset=\"data:image\/svg+xml,%3Csvg%20xmlns%3D%27http%3A%2F%2Fwww.w3.org%2F2000%2Fsvg%27%20width%3D%271024%27%20height%3D%27683%27%20viewBox%3D%270%200%201024%20683%27%3E%3Crect%20width%3D%271024%27%20height%3D%27683%27%20fill-opacity%3D%220%22%2F%3E%3C%2Fsvg%3E\" data-srcset=\"https:\/\/palazzovetrano.it\/wp-content\/uploads\/2023\/06\/44-Wohnkuche-Palermo-Blu-Centro-Storico-Ballaro-Pallazzo-Vertrano-Casa-Vacanza-00007-1024x683-1-200x133.jpg 200w, https:\/\/palazzovetrano.it\/wp-content\/uploads\/2023\/06\/44-Wohnkuche-Palermo-Blu-Centro-Storico-Ballaro-Pallazzo-Vertrano-Casa-Vacanza-00007-1024x683-1-400x267.jpg 400w, https:\/\/palazzovetrano.it\/wp-content\/uploads\/2023\/06\/44-Wohnkuche-Palermo-Blu-Centro-Storico-Ballaro-Pallazzo-Vertrano-Casa-Vacanza-00007-1024x683-1-600x400.jpg 600w, https:\/\/palazzovetrano.it\/wp-content\/uploads\/2023\/06\/44-Wohnkuche-Palermo-Blu-Centro-Storico-Ballaro-Pallazzo-Vertrano-Casa-Vacanza-00007-1024x683-1-800x534.jpg 800w, https:\/\/palazzovetrano.it\/wp-content\/uploads\/2023\/06\/44-Wohnkuche-Palermo-Blu-Centro-Storico-Ballaro-Pallazzo-Vertrano-Casa-Vacanza-00007-1024x683-1.jpg 1024w\" data-sizes=\"auto\" data-orig-sizes=\"(max-width: 800px) 100vw, 800px\" \/><\/span><\/div><div class=\"fusion-text fusion-text-22\"><blockquote>\n<p style=\"text-align: center;\">\"Le secret d'une bonne cuisine r\u00e9side dans les bons ingr\u00e9dients et l'amour de la cuisine\". - Inconnu<\/p>\n<\/blockquote>\n<p style=\"text-align: left;\">D'ailleurs, tu trouveras les couverts tout en haut \u00e0 gauche de la ligne de cuisson. Dans le tiroir sup\u00e9rieur des deux tiroirs visibles se trouve un autre tiroir \u00e0 couverts. En plus des couverts, tu y trouveras un ouvre-bouteille et un ouvre-bo\u00eete, un coupe-pizza, des ciseaux, un fouet, un \u00e9plucheur, un \u00e9dulcorant, une r\u00e2pe \u00e0 muscade, un presse-ail, une pince \u00e0 barbecue, un pinceau \u00e0 p\u00e2tisserie et un grattoir \u00e0 p\u00e2te. Nous avons pens\u00e9 \u00e0 tout ! Ou pas ? Alors n'h\u00e9site pas \u00e0 nous le faire savoir.<\/p>\n<p style=\"text-align: left;\">Juste en dessous du tiroir \u00e0 couverts, tu trouveras des assiettes en c\u00e9ramique et des bols pour tes d\u00e9licieuses cr\u00e9ations. Et dans le tiroir du bas, tu trouveras diff\u00e9rentes casseroles. Tu trouveras des po\u00eales et du papier sulfuris\u00e9 directement dans le tiroir en dessous du four. Ce serait super si tu pouvais en racheter au cas o\u00f9 tu n'en aurais plus. Merci beaucoup !<\/p>\n<\/div><div class=\"fusion-image-element\" style=\"text-align:center;--awb-margin-top:2rem;--awb-margin-bottom:2rem;--awb-caption-title-font-family:var(--h2_typography-font-family);--awb-caption-title-font-weight:var(--h2_typography-font-weight);--awb-caption-title-font-style:var(--h2_typography-font-style);--awb-caption-title-size:var(--h2_typography-font-size);--awb-caption-title-transform:var(--h2_typography-text-transform);--awb-caption-title-line-height:var(--h2_typography-line-height);--awb-caption-title-letter-spacing:var(--h2_typography-letter-spacing);\"><span class=\"fusion-imageframe imageframe-none imageframe-16 hover-type-none\" style=\"border-radius:12px;\"><img decoding=\"async\" width=\"1024\" height=\"867\" src=\"https:\/\/palazzovetrano.it\/wp-content\/uploads\/2023\/10\/Unbenannt-2.png\" data-orig-src=\"https:\/\/palazzovetrano.it\/wp-content\/uploads\/2023\/10\/Unbenannt-2-1024x867.png\" alt class=\"lazyload img-responsive wp-image-1306\" srcset=\"data:image\/svg+xml,%3Csvg%20xmlns%3D%27http%3A%2F%2Fwww.w3.org%2F2000%2Fsvg%27%20width%3D%272100%27%20height%3D%271778%27%20viewBox%3D%270%200%202100%201778%27%3E%3Crect%20width%3D%272100%27%20height%3D%271778%27%20fill-opacity%3D%220%22%2F%3E%3C%2Fsvg%3E\" data-srcset=\"https:\/\/palazzovetrano.it\/wp-content\/uploads\/2023\/10\/Unbenannt-2-200x169.png 200w, https:\/\/palazzovetrano.it\/wp-content\/uploads\/2023\/10\/Unbenannt-2-400x339.png 400w, https:\/\/palazzovetrano.it\/wp-content\/uploads\/2023\/10\/Unbenannt-2-600x508.png 600w, https:\/\/palazzovetrano.it\/wp-content\/uploads\/2023\/10\/Unbenannt-2-800x677.png 800w, https:\/\/palazzovetrano.it\/wp-content\/uploads\/2023\/10\/Unbenannt-2-1200x1016.png 1200w\" data-sizes=\"auto\" data-orig-sizes=\"(max-width: 800px) 100vw, 800px\" \/><\/span><\/div><div class=\"fusion-text fusion-text-23\"><h2 class=\"fusion-responsive-typography-calculated\" style=\"text-align: center; --fontsize: 33; line-height: 1.3;\" data-fontsize=\"33\" data-lineheight=\"42.9px\"><\/h2>\n<h2 class=\"fusion-responsive-typography-calculated\" style=\"text-align: center; --fontsize: 33; line-height: 1.3;\" data-fontsize=\"33\" data-lineheight=\"42.9px\"><\/h2>\n<h2 class=\"fusion-responsive-typography-calculated\" style=\"text-align: center; --fontsize: 33; line-height: 1.3;\" data-fontsize=\"33\" data-lineheight=\"42.9px\">Proud to Share<\/h2>\n<p style=\"text-align: left;\">Le bonheur est la seule chose qui double quand on le partage. Si, en quittant l'appartement, tu as encore des aliments ou des \u00e9pices qui se conservent longtemps, n'h\u00e9site pas \u00e0 les partager. Tu feras certainement le bonheur de quelqu'un. Veuillez jeter rapidement les denr\u00e9es p\u00e9rissables ou, mieux encore, les manger. Bon app\u00e9tit !<\/p>\n<p style=\"text-align: left;\">Merci de v\u00e9rifier rapidement si tout est pr\u00e9sent. S'il manque quelque chose ou si quelque chose est cass\u00e9, informe-nous par e-mail. Nous serons ravis de t'aider !<\/p>\n<\/div><div class=\"fusion-image-element\" style=\"text-align:center;--awb-margin-top:2rem;--awb-margin-left:2rem;--awb-caption-title-font-family:var(--h2_typography-font-family);--awb-caption-title-font-weight:var(--h2_typography-font-weight);--awb-caption-title-font-style:var(--h2_typography-font-style);--awb-caption-title-size:var(--h2_typography-font-size);--awb-caption-title-transform:var(--h2_typography-text-transform);--awb-caption-title-line-height:var(--h2_typography-line-height);--awb-caption-title-letter-spacing:var(--h2_typography-letter-spacing);\"><span class=\"fusion-imageframe imageframe-none imageframe-17 hover-type-none\" style=\"border-radius:12px;\"><img decoding=\"async\" width=\"1024\" height=\"768\" src=\"https:\/\/palazzovetrano.it\/wp-content\/uploads\/2023\/10\/IMG_5072-2-scaled.jpg\" data-orig-src=\"https:\/\/palazzovetrano.it\/wp-content\/uploads\/2023\/10\/IMG_5072-2-1024x768.jpg\" alt class=\"lazyload img-responsive wp-image-1297\" srcset=\"data:image\/svg+xml,%3Csvg%20xmlns%3D%27http%3A%2F%2Fwww.w3.org%2F2000%2Fsvg%27%20width%3D%272560%27%20height%3D%271920%27%20viewBox%3D%270%200%202560%201920%27%3E%3Crect%20width%3D%272560%27%20height%3D%271920%27%20fill-opacity%3D%220%22%2F%3E%3C%2Fsvg%3E\" data-srcset=\"https:\/\/palazzovetrano.it\/wp-content\/uploads\/2023\/10\/IMG_5072-2-200x150.jpg 200w, https:\/\/palazzovetrano.it\/wp-content\/uploads\/2023\/10\/IMG_5072-2-400x300.jpg 400w, https:\/\/palazzovetrano.it\/wp-content\/uploads\/2023\/10\/IMG_5072-2-600x450.jpg 600w, https:\/\/palazzovetrano.it\/wp-content\/uploads\/2023\/10\/IMG_5072-2-800x600.jpg 800w, https:\/\/palazzovetrano.it\/wp-content\/uploads\/2023\/10\/IMG_5072-2-1200x900.jpg 1200w\" data-sizes=\"auto\" data-orig-sizes=\"(max-width: 800px) 100vw, 800px\" \/><\/span><\/div><div class=\"fusion-text fusion-text-24\"><h2 class=\"fusion-responsive-typography-calculated\" style=\"text-align: center; --fontsize: 33; line-height: 1.3;\" data-fontsize=\"33\" data-lineheight=\"42.9px\"><\/h2>\n<h2 class=\"fusion-responsive-typography-calculated\" style=\"text-align: center; --fontsize: 33; line-height: 1.3;\" data-fontsize=\"33\" data-lineheight=\"42.9px\">Chambre \u00e0 coucher<\/h2>\n<p style=\"text-align: left;\">Bienvenue dans les deux chambres \u00e0 coucher, o\u00f9 tu pourras dormir sur des lits doubles XL confortables avec des matelas extra longs de 2,20 et 2,00 m\u00e8tres. Les serviettes, les draps, le savon et le papier toilette sont d\u00e9j\u00e0 mis \u00e0 ta disposition. Ici, tout est question de confort !<\/p>\n<blockquote>\n<p style=\"text-align: center;\">\"Un bon lit est une condition pr\u00e9alable \u00e0 un sommeil profond\". - Benjamin Franklin<\/p>\n<\/blockquote>\n<p style=\"text-align: left;\">Dans cet esprit, nous vous souhaitons un sommeil profond et beaucoup de beaux r\u00eaves.<\/p>\n<p style=\"text-align: left;\">Pour un tri rapide et clair des v\u00eatements, notre casier a fait ses preuves. Tu verras comme il est pratique d'avoir tout \u00e0 port\u00e9e de main en un tour de main, au lieu de vivre dans une valise. Dans la petite chambre \u00e0 coucher, tu disposes en plus de tringles \u00e0 v\u00eatements, tandis que dans la grande chambre \u00e0 coucher, des crochets muraux pratiques sont \u00e0 ta disposition.<\/p>\n<p style=\"text-align: left;\">\n<\/div><div class=\"fusion-image-element\" style=\"text-align:center;--awb-margin-top:2rem;--awb-margin-bottom:2rem;--awb-caption-title-font-family:var(--h2_typography-font-family);--awb-caption-title-font-weight:var(--h2_typography-font-weight);--awb-caption-title-font-style:var(--h2_typography-font-style);--awb-caption-title-size:var(--h2_typography-font-size);--awb-caption-title-transform:var(--h2_typography-text-transform);--awb-caption-title-line-height:var(--h2_typography-line-height);--awb-caption-title-letter-spacing:var(--h2_typography-letter-spacing);\"><span class=\"fusion-imageframe imageframe-none imageframe-18 hover-type-none\" style=\"border-radius:12px;\"><img decoding=\"async\" width=\"1024\" height=\"576\" src=\"https:\/\/palazzovetrano.it\/wp-content\/uploads\/2023\/10\/IMG_7960-scaled.jpg\" data-orig-src=\"https:\/\/palazzovetrano.it\/wp-content\/uploads\/2023\/10\/IMG_7960-1024x576.jpg\" alt class=\"lazyload img-responsive wp-image-1531\" srcset=\"data:image\/svg+xml,%3Csvg%20xmlns%3D%27http%3A%2F%2Fwww.w3.org%2F2000%2Fsvg%27%20width%3D%272560%27%20height%3D%271440%27%20viewBox%3D%270%200%202560%201440%27%3E%3Crect%20width%3D%272560%27%20height%3D%271440%27%20fill-opacity%3D%220%22%2F%3E%3C%2Fsvg%3E\" data-srcset=\"https:\/\/palazzovetrano.it\/wp-content\/uploads\/2023\/10\/IMG_7960-200x113.jpg 200w, https:\/\/palazzovetrano.it\/wp-content\/uploads\/2023\/10\/IMG_7960-400x225.jpg 400w, https:\/\/palazzovetrano.it\/wp-content\/uploads\/2023\/10\/IMG_7960-600x338.jpg 600w, https:\/\/palazzovetrano.it\/wp-content\/uploads\/2023\/10\/IMG_7960-800x450.jpg 800w, https:\/\/palazzovetrano.it\/wp-content\/uploads\/2023\/10\/IMG_7960-1200x675.jpg 1200w\" data-sizes=\"auto\" data-orig-sizes=\"(max-width: 800px) 100vw, 800px\" \/><\/span><\/div><div class=\"fusion-text fusion-text-25\"><p style=\"text-align: left;\">D'ailleurs, c'est par la plus grande des deux chambres que tu entres dans l'appartement. Mais tu le savais d\u00e9j\u00e0. Les volets qui assurent l'obscurit\u00e9 ne s'ouvrent que de l'int\u00e9rieur dans la petite chambre. Dans la cuisine et la salle de bain, il y a des volets suppl\u00e9mentaires pour faire de l'ombre \u00e0 l'int\u00e9rieur.<\/p>\n<p style=\"text-align: left;\">La fen\u00eatre de la grande chambre \u00e0 coucher est obscurcie par un store v\u00e9nitien. Si n\u00e9cessaire, tu peux ombrager les fen\u00eatres de toit \u00e0 l'aide d'un store pliss\u00e9 suppl\u00e9mentaire. La barre t\u00e9lescopique n\u00e9cessaire \u00e0 cet effet devrait se trouver dans la grande chambre \u00e0 c\u00f4t\u00e9 du casier. Tu peux \u00e9galement l'utiliser pour ouvrir et fermer les fen\u00eatres de toit.<\/p>\n<\/div><div class=\"fusion-image-element\" style=\"text-align:center;--awb-margin-top:2rem;--awb-margin-bottom:2rem;--awb-caption-title-font-family:var(--h2_typography-font-family);--awb-caption-title-font-weight:var(--h2_typography-font-weight);--awb-caption-title-font-style:var(--h2_typography-font-style);--awb-caption-title-size:var(--h2_typography-font-size);--awb-caption-title-transform:var(--h2_typography-text-transform);--awb-caption-title-line-height:var(--h2_typography-line-height);--awb-caption-title-letter-spacing:var(--h2_typography-letter-spacing);\"><span class=\"fusion-imageframe imageframe-none imageframe-19 hover-type-none\" style=\"border-radius:12px;\"><img decoding=\"async\" width=\"1024\" height=\"683\" src=\"data:image\/svg+xml,%3Csvg%20xmlns%3D%27http%3A%2F%2Fwww.w3.org%2F2000%2Fsvg%27%20width%3D%272560%27%20height%3D%271707%27%20viewBox%3D%270%200%202560%201707%27%3E%3Crect%20width%3D%272560%27%20height%3D%271707%27%20fill-opacity%3D%220%22%2F%3E%3C%2Fsvg%3E\" data-orig-src=\"https:\/\/palazzovetrano.it\/wp-content\/uploads\/2023\/06\/26-Schlafen-1-Palermo-Blu-Centro-Storico-Ballaro-Pallazzo-Vertrano-Casa-Vacanza-00004-1-1024x683.jpg\" alt class=\"lazyload img-responsive wp-image-979\"\/><\/span><\/div><div class=\"fusion-text fusion-text-26\"><p style=\"text-align: left;\">Dans la plus grande des deux chambres, tu trouveras un bureau de m\u00e9decin classique. Les machines \u00e0 \u00e9crire qui s'y trouvent servent plut\u00f4t \u00e0 des fins d\u00e9coratives et ont d\u00e9j\u00e0 quelques ann\u00e9es d'\u00e2ge.<\/p>\n<p style=\"text-align: left;\">L'un de ces mod\u00e8les Olivetti a m\u00eame fait son entr\u00e9e au MOMA, le Mus\u00e9e d'art moderne de New York. Un vrai classique du design. Pr\u00e9servons-les tels qu'ils sont. Merci !<\/p>\n<\/div><div class=\"fusion-image-element\" style=\"text-align:center;--awb-margin-top:2rem;--awb-margin-bottom:2rem;--awb-caption-title-font-family:var(--h2_typography-font-family);--awb-caption-title-font-weight:var(--h2_typography-font-weight);--awb-caption-title-font-style:var(--h2_typography-font-style);--awb-caption-title-size:var(--h2_typography-font-size);--awb-caption-title-transform:var(--h2_typography-text-transform);--awb-caption-title-line-height:var(--h2_typography-line-height);--awb-caption-title-letter-spacing:var(--h2_typography-letter-spacing);\"><span class=\"fusion-imageframe imageframe-none imageframe-20 hover-type-none\" style=\"border-radius:12px;\"><img decoding=\"async\" width=\"1024\" height=\"683\" src=\"https:\/\/palazzovetrano.it\/wp-content\/uploads\/2023\/06\/31-Schlafen-1-Details-Palermo-Blu-Centro-Storico-Ballaro-Pallazzo-Vertrano-Casa-Vacanza-00003-1024x683-1.jpg\" data-orig-src=\"https:\/\/palazzovetrano.it\/wp-content\/uploads\/2023\/06\/31-Schlafen-1-Details-Palermo-Blu-Centro-Storico-Ballaro-Pallazzo-Vertrano-Casa-Vacanza-00003-1024x683-1.jpg\" alt class=\"lazyload img-responsive wp-image-1029\" srcset=\"data:image\/svg+xml,%3Csvg%20xmlns%3D%27http%3A%2F%2Fwww.w3.org%2F2000%2Fsvg%27%20width%3D%271024%27%20height%3D%27683%27%20viewBox%3D%270%200%201024%20683%27%3E%3Crect%20width%3D%271024%27%20height%3D%27683%27%20fill-opacity%3D%220%22%2F%3E%3C%2Fsvg%3E\" data-srcset=\"https:\/\/palazzovetrano.it\/wp-content\/uploads\/2023\/06\/31-Schlafen-1-Details-Palermo-Blu-Centro-Storico-Ballaro-Pallazzo-Vertrano-Casa-Vacanza-00003-1024x683-1-200x133.jpg 200w, https:\/\/palazzovetrano.it\/wp-content\/uploads\/2023\/06\/31-Schlafen-1-Details-Palermo-Blu-Centro-Storico-Ballaro-Pallazzo-Vertrano-Casa-Vacanza-00003-1024x683-1-400x267.jpg 400w, https:\/\/palazzovetrano.it\/wp-content\/uploads\/2023\/06\/31-Schlafen-1-Details-Palermo-Blu-Centro-Storico-Ballaro-Pallazzo-Vertrano-Casa-Vacanza-00003-1024x683-1-600x400.jpg 600w, https:\/\/palazzovetrano.it\/wp-content\/uploads\/2023\/06\/31-Schlafen-1-Details-Palermo-Blu-Centro-Storico-Ballaro-Pallazzo-Vertrano-Casa-Vacanza-00003-1024x683-1-800x534.jpg 800w, https:\/\/palazzovetrano.it\/wp-content\/uploads\/2023\/06\/31-Schlafen-1-Details-Palermo-Blu-Centro-Storico-Ballaro-Pallazzo-Vertrano-Casa-Vacanza-00003-1024x683-1.jpg 1024w\" data-sizes=\"auto\" data-orig-sizes=\"(max-width: 800px) 100vw, 800px\" \/><\/span><\/div><div class=\"fusion-text fusion-text-27\"><p style=\"text-align: left;\">Dans la plus petite chambre, une commode avec des tiroirs t'attend en plus du casier. Dans la partie sup\u00e9rieure, tu trouveras aussi ta Smart TV.<\/p>\n<\/div><div class=\"fusion-text fusion-text-28\" style=\"--awb-content-alignment:left;\"><h2 class=\"fusion-responsive-typography-calculated\" style=\"text-align: center; --fontsize: 33; line-height: 1.3;\" data-fontsize=\"33\" data-lineheight=\"42.9px\"><\/h2>\n<h2 class=\"fusion-responsive-typography-calculated\" style=\"text-align: center; --fontsize: 33; line-height: 1.3;\" data-fontsize=\"33\" data-lineheight=\"42.9px\">Divertissement &amp; plus<\/h2>\n<blockquote style=\"text-align: center;\">\n<p>\"Le divertissement est l'art de donner aux gens ce qu'ils veulent avant qu'ils ne le sachent\". - Steve Jobs<\/p>\n<\/blockquote>\n<p style=\"text-align: left;\">Le divertissement est assur\u00e9 ! Profite de la smart TV avec des services de streaming comme prime video - NETFLIX, YouTube, appleTV, Disney, Zattoo. Tu peux les regarder via ton compte personnel. Le transfert d'image par Screen Mirroring sur le t\u00e9l\u00e9viseur est \u00e9galement possible.<\/p>\n<p style=\"text-align: left;\">Si tu pr\u00e9f\u00e8res te plonger dans le monde des livres, tu trouveras \u00e9galement du mat\u00e9riel de lecture, quelques guides touristiques sur la Sicile et Palerme, ainsi que plusieurs livres de photos. Des jeux de soci\u00e9t\u00e9 sont \u00e9galement disponibles pour les soir\u00e9es de jeu. Un haut-parleur Bluetooth t'attend m\u00eame dans la salle de bain pour que tu puisses \u00e9couter ta musique pr\u00e9f\u00e9r\u00e9e sous la douche.<\/p>\n<p style=\"text-align: left;\">Tout est trop ennuyeux ? Alors sors de chez toi et va faire un tour en ville. Car \u00e0 Palerme, tu peux profiter d'une multitude d'activit\u00e9s divertissantes qui font la r\u00e9putation de cette ville - des f\u00eates de rue entra\u00eenantes et des spectacles de musique traditionnelle aux repr\u00e9sentations th\u00e9\u00e2trales \u00e9poustouflantes et aux expositions d'art vivantes. Plonge dans l'animation vibrante de cette charmante ville et laisse-toi emporter par son \u00e9nergie unique.<\/p>\n<\/div><div class=\"fusion-text fusion-text-29\"><h2 class=\"fusion-responsive-typography-calculated\" style=\"text-align: center; --fontsize: 33; line-height: 1.3;\" data-fontsize=\"33\" data-lineheight=\"42.9px\"><\/h2>\n<h2 class=\"fusion-responsive-typography-calculated\" style=\"text-align: center; --fontsize: 33; line-height: 1.3;\" data-fontsize=\"33\" data-lineheight=\"42.9px\">Hall d'entr\u00e9e<\/h2>\n<p style=\"text-align: left;\">Dans l'entr\u00e9e, un banc en bois typiquement sicilien avec un coffre t'attend - un morceau de Palerme pour toi ! Tu y trouveras \u00e9galement des coussins que tu pourras utiliser sur la terrasse. Pour qu'ils tiennent longtemps malgr\u00e9 le soleil, ce serait super si tu les rangeais ici apr\u00e8s leur utilisation. Merci beaucoup !<\/p>\n<\/div><div class=\"fusion-image-element\" style=\"text-align:center;--awb-margin-top:2rem;--awb-margin-bottom:2rem;--awb-caption-title-font-family:var(--h2_typography-font-family);--awb-caption-title-font-weight:var(--h2_typography-font-weight);--awb-caption-title-font-style:var(--h2_typography-font-style);--awb-caption-title-size:var(--h2_typography-font-size);--awb-caption-title-transform:var(--h2_typography-text-transform);--awb-caption-title-line-height:var(--h2_typography-line-height);--awb-caption-title-letter-spacing:var(--h2_typography-letter-spacing);\"><span class=\"fusion-imageframe imageframe-none imageframe-21 hover-type-none\" style=\"border-radius:12px;\"><img decoding=\"async\" width=\"1024\" height=\"683\" src=\"https:\/\/palazzovetrano.it\/wp-content\/uploads\/2023\/06\/8-Diele-Palermo-Blu-Centro-Storico-Ballaro-Pallazzo-Vertrano-Casa-Vacanza-00006-1-1024x683-1.jpg\" data-orig-src=\"https:\/\/palazzovetrano.it\/wp-content\/uploads\/2023\/06\/8-Diele-Palermo-Blu-Centro-Storico-Ballaro-Pallazzo-Vertrano-Casa-Vacanza-00006-1-1024x683-1.jpg\" alt class=\"lazyload img-responsive wp-image-1027\" srcset=\"data:image\/svg+xml,%3Csvg%20xmlns%3D%27http%3A%2F%2Fwww.w3.org%2F2000%2Fsvg%27%20width%3D%271024%27%20height%3D%27683%27%20viewBox%3D%270%200%201024%20683%27%3E%3Crect%20width%3D%271024%27%20height%3D%27683%27%20fill-opacity%3D%220%22%2F%3E%3C%2Fsvg%3E\" data-srcset=\"https:\/\/palazzovetrano.it\/wp-content\/uploads\/2023\/06\/8-Diele-Palermo-Blu-Centro-Storico-Ballaro-Pallazzo-Vertrano-Casa-Vacanza-00006-1-1024x683-1-200x133.jpg 200w, https:\/\/palazzovetrano.it\/wp-content\/uploads\/2023\/06\/8-Diele-Palermo-Blu-Centro-Storico-Ballaro-Pallazzo-Vertrano-Casa-Vacanza-00006-1-1024x683-1-400x267.jpg 400w, https:\/\/palazzovetrano.it\/wp-content\/uploads\/2023\/06\/8-Diele-Palermo-Blu-Centro-Storico-Ballaro-Pallazzo-Vertrano-Casa-Vacanza-00006-1-1024x683-1-600x400.jpg 600w, https:\/\/palazzovetrano.it\/wp-content\/uploads\/2023\/06\/8-Diele-Palermo-Blu-Centro-Storico-Ballaro-Pallazzo-Vertrano-Casa-Vacanza-00006-1-1024x683-1-800x534.jpg 800w, https:\/\/palazzovetrano.it\/wp-content\/uploads\/2023\/06\/8-Diele-Palermo-Blu-Centro-Storico-Ballaro-Pallazzo-Vertrano-Casa-Vacanza-00006-1-1024x683-1.jpg 1024w\" data-sizes=\"auto\" data-orig-sizes=\"(max-width: 800px) 100vw, 800px\" \/><\/span><\/div><div class=\"fusion-text fusion-text-30\"><h2 class=\"fusion-responsive-typography-calculated\" style=\"text-align: center; --fontsize: 33; line-height: 1.3;\" data-fontsize=\"33\" data-lineheight=\"42.9px\"><\/h2>\n<h2 class=\"fusion-responsive-typography-calculated\" style=\"text-align: center; --fontsize: 33; line-height: 1.3;\" data-fontsize=\"33\" data-lineheight=\"42.9px\">Salle de bain<\/h2>\n<p style=\"text-align: left;\">La salle de bain est \u00e9quip\u00e9e d'une douche, d'un bidet, d'un s\u00e8che-cheveux et de produits de nettoyage. A c\u00f4t\u00e9 du radiateur s\u00e8che-serviettes, une \u00e9chelle en bois est \u00e0 disposition pour s\u00e9cher les serviettes de bain et de toilette.<\/p>\n<blockquote style=\"text-align: center;\">\n<p>\"J'ai v\u00e9cu les meilleurs moments de chant de ma vie sous la douche ou au karaok\u00e9\". - Beyonc\u00e9<\/p>\n<\/blockquote>\n<p style=\"text-align: left;\">N'oublie pas la bo\u00eete Bluetooth. Ici, tu peux avoir les deux, chanter sous la douche et faire du karaok\u00e9.<\/p>\n<p style=\"text-align: left;\">\n<\/div><div class=\"fusion-image-element\" style=\"text-align:center;--awb-caption-title-font-family:var(--h2_typography-font-family);--awb-caption-title-font-weight:var(--h2_typography-font-weight);--awb-caption-title-font-style:var(--h2_typography-font-style);--awb-caption-title-size:var(--h2_typography-font-size);--awb-caption-title-transform:var(--h2_typography-text-transform);--awb-caption-title-line-height:var(--h2_typography-line-height);--awb-caption-title-letter-spacing:var(--h2_typography-letter-spacing);\"><span class=\"fusion-imageframe imageframe-none imageframe-22 hover-type-none\" style=\"border-radius:12px;\"><img decoding=\"async\" width=\"1024\" height=\"683\" src=\"https:\/\/palazzovetrano.it\/wp-content\/uploads\/2023\/06\/25-Bad-Palermo-Blu-Centro-Storico-Ballaro-Pallazzo-Vertrano-Casa-Vacanza-00003-1024x683-1.jpg\" data-orig-src=\"https:\/\/palazzovetrano.it\/wp-content\/uploads\/2023\/06\/25-Bad-Palermo-Blu-Centro-Storico-Ballaro-Pallazzo-Vertrano-Casa-Vacanza-00003-1024x683-1.jpg\" alt class=\"lazyload img-responsive wp-image-1030\" srcset=\"data:image\/svg+xml,%3Csvg%20xmlns%3D%27http%3A%2F%2Fwww.w3.org%2F2000%2Fsvg%27%20width%3D%271024%27%20height%3D%27683%27%20viewBox%3D%270%200%201024%20683%27%3E%3Crect%20width%3D%271024%27%20height%3D%27683%27%20fill-opacity%3D%220%22%2F%3E%3C%2Fsvg%3E\" data-srcset=\"https:\/\/palazzovetrano.it\/wp-content\/uploads\/2023\/06\/25-Bad-Palermo-Blu-Centro-Storico-Ballaro-Pallazzo-Vertrano-Casa-Vacanza-00003-1024x683-1-200x133.jpg 200w, https:\/\/palazzovetrano.it\/wp-content\/uploads\/2023\/06\/25-Bad-Palermo-Blu-Centro-Storico-Ballaro-Pallazzo-Vertrano-Casa-Vacanza-00003-1024x683-1-400x267.jpg 400w, https:\/\/palazzovetrano.it\/wp-content\/uploads\/2023\/06\/25-Bad-Palermo-Blu-Centro-Storico-Ballaro-Pallazzo-Vertrano-Casa-Vacanza-00003-1024x683-1-600x400.jpg 600w, https:\/\/palazzovetrano.it\/wp-content\/uploads\/2023\/06\/25-Bad-Palermo-Blu-Centro-Storico-Ballaro-Pallazzo-Vertrano-Casa-Vacanza-00003-1024x683-1-800x534.jpg 800w, https:\/\/palazzovetrano.it\/wp-content\/uploads\/2023\/06\/25-Bad-Palermo-Blu-Centro-Storico-Ballaro-Pallazzo-Vertrano-Casa-Vacanza-00003-1024x683-1.jpg 1024w\" data-sizes=\"auto\" data-orig-sizes=\"(max-width: 800px) 100vw, 800px\" \/><\/span><\/div><div class=\"fusion-text fusion-text-31\"><h2 class=\"fusion-responsive-typography-calculated\" style=\"text-align: center; --fontsize: 33; line-height: 1.3;\" data-fontsize=\"33\" data-lineheight=\"42.9px\"><\/h2>\n<h2 class=\"fusion-responsive-typography-calculated\" style=\"text-align: center; --fontsize: 33; line-height: 1.3;\" data-fontsize=\"33\" data-lineheight=\"42.9px\">S\u00e9curit\u00e9<\/h2>\n<p style=\"text-align: left;\">Nous voulons nous assurer que tu te sentes parfaitement \u00e0 l'aise et en s\u00e9curit\u00e9, et nous avons de bonnes nouvelles \u00e0 t'annoncer : En choisissant Palerme comme destination, tu as d\u00e9j\u00e0 apport\u00e9 ta contribution la plus importante. En effet, Palerme est consid\u00e9r\u00e9e comme la ville la plus s\u00fbre d'Italie. Bien s\u00fbr, cela ne signifie pas qu'il n'y a pas de criminalit\u00e9. En tant que grande ville, Palerme attire malheureusement, en plus des touristes, des pickpockets en \u00e9t\u00e9. C'est pourquoi nous vous recommandons de respecter les mesures de s\u00e9curit\u00e9 habituelles.<\/p>\n<p style=\"text-align: left;\">De plus, nous t'offrons une multitude de commodit\u00e9s et de mesures de s\u00e9curit\u00e9 :<\/p>\n<p style=\"text-align: left;\">Ta s\u00e9curit\u00e9 nous tient \u00e0 c\u0153ur. Une surveillance par cam\u00e9ra est install\u00e9e dans le hall d'entr\u00e9e et devant la porte d'entr\u00e9e afin de garder un \u0153il vigilant sur ce qui se passe. L'appartement est \u00e9quip\u00e9 d'un interphone vid\u00e9o Urmet. C'est toi qui d\u00e9cides qui doit rester dehors.<\/p>\n<p style=\"text-align: left;\">Dans ta chambre, tu trouveras un coffre-fort d'h\u00f4tel Burg W\u00e4chter pour que tu puisses garder tes objets de valeur en s\u00e9curit\u00e9. Celui-ci offre une protection accrue contre l'effraction et le per\u00e7age, ainsi que suffisamment de place pour l'argent liquide, les documents de voyage importants et bien d'autres choses encore. La serrure du coffre-fort est \u00e9lectronique. L'ouverture et la fermeture sont donc tr\u00e8s pratiques.<\/p>\n<\/div><div class=\"fusion-image-element\" style=\"text-align:center;--awb-caption-title-font-family:var(--h2_typography-font-family);--awb-caption-title-font-weight:var(--h2_typography-font-weight);--awb-caption-title-font-style:var(--h2_typography-font-style);--awb-caption-title-size:var(--h2_typography-font-size);--awb-caption-title-transform:var(--h2_typography-text-transform);--awb-caption-title-line-height:var(--h2_typography-line-height);--awb-caption-title-letter-spacing:var(--h2_typography-letter-spacing);\"><span class=\"fusion-imageframe imageframe-none imageframe-23 hover-type-none\" style=\"border-radius:12px;\"><img decoding=\"async\" width=\"1024\" height=\"453\" src=\"https:\/\/palazzovetrano.it\/wp-content\/uploads\/2023\/10\/Safe-1.png\" data-orig-src=\"https:\/\/palazzovetrano.it\/wp-content\/uploads\/2023\/10\/Safe-1-1024x453.png\" alt class=\"lazyload img-responsive wp-image-1336\" srcset=\"data:image\/svg+xml,%3Csvg%20xmlns%3D%27http%3A%2F%2Fwww.w3.org%2F2000%2Fsvg%27%20width%3D%271500%27%20height%3D%27664%27%20viewBox%3D%270%200%201500%20664%27%3E%3Crect%20width%3D%271500%27%20height%3D%27664%27%20fill-opacity%3D%220%22%2F%3E%3C%2Fsvg%3E\" data-srcset=\"https:\/\/palazzovetrano.it\/wp-content\/uploads\/2023\/10\/Safe-1-200x89.png 200w, https:\/\/palazzovetrano.it\/wp-content\/uploads\/2023\/10\/Safe-1-400x177.png 400w, https:\/\/palazzovetrano.it\/wp-content\/uploads\/2023\/10\/Safe-1-600x266.png 600w, https:\/\/palazzovetrano.it\/wp-content\/uploads\/2023\/10\/Safe-1-800x354.png 800w, https:\/\/palazzovetrano.it\/wp-content\/uploads\/2023\/10\/Safe-1-1200x531.png 1200w, https:\/\/palazzovetrano.it\/wp-content\/uploads\/2023\/10\/Safe-1.png 1500w\" data-sizes=\"auto\" data-orig-sizes=\"(max-width: 800px) 100vw, 800px\" \/><\/span><\/div><div class=\"fusion-text fusion-text-32\"><h2 class=\"fusion-responsive-typography-calculated\" style=\"text-align: center; --fontsize: 33; line-height: 1.3;\" data-fontsize=\"33\" data-lineheight=\"42.9px\"><\/h2>\n<p style=\"text-align: left;\">Pour la protection contre les dangers, nous avons install\u00e9 des d\u00e9tecteurs de fum\u00e9e et de monoxyde de carbone. Des extincteurs et des couvertures anti-feu sont \u00e9galement disponibles. Ainsi, tout devrait \u00eatre s\u00fbr.<\/p>\n<p style=\"text-align: left;\">En cas de blessure, une trousse de premiers secours est \u00e0 ta disposition.<\/p>\n<p style=\"text-align: left;\">L'interrupteur central ne sert pas seulement \u00e0 la durabilit\u00e9, il t'offre aussi la s\u00e9curit\u00e9 de ne pas avoir \u00e0 te soucier de savoir si tu as laiss\u00e9 la cuisini\u00e8re ou le fer \u00e0 repasser allum\u00e9s. Et ne t'inqui\u00e8te pas, le r\u00e9frig\u00e9rateur gardera quand m\u00eame tout au frais.<\/p>\n<p style=\"text-align: left;\">\n<\/div><div class=\"fusion-image-element\" style=\"text-align:center;--awb-caption-title-font-family:var(--h2_typography-font-family);--awb-caption-title-font-weight:var(--h2_typography-font-weight);--awb-caption-title-font-style:var(--h2_typography-font-style);--awb-caption-title-size:var(--h2_typography-font-size);--awb-caption-title-transform:var(--h2_typography-text-transform);--awb-caption-title-line-height:var(--h2_typography-line-height);--awb-caption-title-letter-spacing:var(--h2_typography-letter-spacing);\"><span class=\"fusion-imageframe imageframe-none imageframe-24 hover-type-none\" style=\"border-radius:12px;\"><img decoding=\"async\" width=\"1024\" height=\"576\" src=\"https:\/\/palazzovetrano.it\/wp-content\/uploads\/2023\/10\/IMG_6688-scaled.jpg\" data-orig-src=\"https:\/\/palazzovetrano.it\/wp-content\/uploads\/2023\/10\/IMG_6688-1024x576.jpg\" alt class=\"lazyload img-responsive wp-image-1223\" srcset=\"data:image\/svg+xml,%3Csvg%20xmlns%3D%27http%3A%2F%2Fwww.w3.org%2F2000%2Fsvg%27%20width%3D%272560%27%20height%3D%271440%27%20viewBox%3D%270%200%202560%201440%27%3E%3Crect%20width%3D%272560%27%20height%3D%271440%27%20fill-opacity%3D%220%22%2F%3E%3C%2Fsvg%3E\" data-srcset=\"https:\/\/palazzovetrano.it\/wp-content\/uploads\/2023\/10\/IMG_6688-200x113.jpg 200w, https:\/\/palazzovetrano.it\/wp-content\/uploads\/2023\/10\/IMG_6688-400x225.jpg 400w, https:\/\/palazzovetrano.it\/wp-content\/uploads\/2023\/10\/IMG_6688-600x338.jpg 600w, https:\/\/palazzovetrano.it\/wp-content\/uploads\/2023\/10\/IMG_6688-800x450.jpg 800w, https:\/\/palazzovetrano.it\/wp-content\/uploads\/2023\/10\/IMG_6688-1200x675.jpg 1200w\" data-sizes=\"auto\" data-orig-sizes=\"(max-width: 800px) 100vw, 800px\" \/><\/span><\/div><div class=\"fusion-text fusion-text-33\"><h3 class=\"fusion-responsive-typography-calculated\" style=\"text-align: center; --fontsize: 28; line-height: 1.3;\" data-fontsize=\"28\" data-lineheight=\"36.4px\"><\/h3>\n<h3 class=\"fusion-responsive-typography-calculated\" style=\"text-align: center; --fontsize: 28; line-height: 1.3;\" data-fontsize=\"28\" data-lineheight=\"36.4px\">Les mesures de s\u00e9curit\u00e9 : O\u00f9 trouver quoi ?<\/h3>\n<p style=\"text-align: left;\"><b>La trousse de premiers secours<\/b> se trouve dans une bo\u00eete rouge bien reconnaissable avec une croix blanche. Tu la trouveras dans la grande chambre, sur le casier.<\/p>\n<p style=\"text-align: left;\"><b>L'extincteur<\/b> est accroch\u00e9 \u00e0 un crochet juste \u00e0 droite, \u00e0 c\u00f4t\u00e9 du radiateur. En cas d'urgence, il suffit de tirer dessus et de l'\u00e9teindre.<\/p>\n<p style=\"text-align: left;\"><b>La couverture anti-feu <\/b>se trouve dans la cuisine, \u00e0 c\u00f4t\u00e9 de la kitchenette sur le c\u00f4t\u00e9 gauche. La couverture anti-feu se trouve dans le tiroir sup\u00e9rieur de l'\u00e9l\u00e9ment droit de l'armoire bleu clair du m\u00e9decin. Celle-ci est \u00e9galement munie d'un crochet. Si tu le souhaites, tu peux aussi la suspendre directement \u00e0 l'armoire, comme tu peux le voir sur l'image.<\/p>\n<\/div><div class=\"fusion-text fusion-text-34\"><h3 class=\"fusion-responsive-typography-calculated\" style=\"text-align: center; --fontsize: 28; line-height: 1.3;\" data-fontsize=\"28\" data-lineheight=\"36.4px\">Eau &amp; \u00e9lectricit\u00e9<\/h3>\n<p style=\"text-align: left;\">Tant le r\u00e9seau \u00e9lectrique que le r\u00e9seau d'eau de Palerme sont extraordinairement stables. Surtout pour une ville du sud.<\/p>\n<p style=\"text-align: left;\">L'eau du robinet n'est pas seulement test\u00e9e \u00e0 intervalles r\u00e9guliers selon les directives de l'UE. Nous trouvons son go\u00fbt exceptionnellement bon. C'est pourquoi nous l'utilisons comme eau potable. Cela nous \u00e9vite, \u00e0 toi comme \u00e0 nous, de porter inutilement des bouteilles. Nous pouvons nous passer de la remarque selon laquelle il s'agit d'une eau potable pr\u00e9cieuse qu'il faudrait \u00e9conomiser, n'est-ce pas ?<\/p>\n<p style=\"text-align: left;\">PS : N'oublie pas ta bouteille d'eau ! Car \u00e0 Palerme, il fait parfois chaud. On est alors reconnaissant de ne pas devoir r\u00e9fl\u00e9chir longtemps pour savoir o\u00f9 boire. S'il fait encore plus chaud, nous te recommandons une d\u00e9licieuse Granita al Limone, que l'on trouve partout \u00e0 Palerme. C'est d\u00e9licieux et tr\u00e8s rafra\u00eechissant.<\/p>\n<\/div><div class=\"fusion-image-element\" style=\"text-align:center;--awb-caption-title-font-family:var(--h2_typography-font-family);--awb-caption-title-font-weight:var(--h2_typography-font-weight);--awb-caption-title-font-style:var(--h2_typography-font-style);--awb-caption-title-size:var(--h2_typography-font-size);--awb-caption-title-transform:var(--h2_typography-text-transform);--awb-caption-title-line-height:var(--h2_typography-line-height);--awb-caption-title-letter-spacing:var(--h2_typography-letter-spacing);\"><span class=\"fusion-imageframe imageframe-none imageframe-25 hover-type-none\" style=\"border-radius:12px;\"><img decoding=\"async\" width=\"1024\" height=\"576\" alt=\"Voyager de mani\u00e8re durable signifie aussi \u00e9viter les d\u00e9chets. Sans plastique gr\u00e2ce \u00e0 une eau potable propre.\" title=\"I\" src=\"data:image\/svg+xml,%3Csvg%20xmlns%3D%27http%3A%2F%2Fwww.w3.org%2F2000%2Fsvg%27%20width%3D%272560%27%20height%3D%271440%27%20viewBox%3D%270%200%202560%201440%27%3E%3Crect%20width%3D%272560%27%20height%3D%271440%27%20fill-opacity%3D%220%22%2F%3E%3C%2Fsvg%3E\" data-orig-src=\"https:\/\/palazzovetrano.it\/wp-content\/uploads\/2023\/10\/IMG_6838-1-1024x576.jpg\" class=\"lazyload img-responsive wp-image-1460\"\/><\/span><\/div><div class=\"fusion-text fusion-text-35\"><p style=\"text-align: left;\">N\u00e9anmoins, il peut bien s\u00fbr arriver occasionnellement qu'il n'y ait temporairement pas d'eau ou d'\u00e9lectricit\u00e9.<\/p>\n<h4 class=\"fusion-responsive-typography-calculated\" style=\"text-align: center; --fontsize: 25; line-height: 1.3; --minfontsize: 25;\" data-fontsize=\"25\" data-lineheight=\"32.5px\">Disjoncteurs \/ fusibles<\/h4>\n<p style=\"text-align: left;\">Si vous avez l'impression qu'il n'y a pas d'\u00e9lectricit\u00e9 disponible, nous vous recommandons gentiment de v\u00e9rifier d'abord bri\u00e8vement si l'interrupteur central d'\u00e9lectricit\u00e9 situ\u00e9 \u00e0 c\u00f4t\u00e9 de la porte de la terrasse est allum\u00e9.<\/p>\n<p style=\"text-align: left;\">Ensuite, v\u00e9rifie la bo\u00eete \u00e0 fusibles derri\u00e8re la porte de la cuisine. Enfin, tu peux v\u00e9rifier le fusible principal du compteur \u00e9lectrique. Tu le trouveras dans le local technique, \u00e0 c\u00f4t\u00e9 de la cage d'escalier au rez-de-chauss\u00e9e. L'appartement est prot\u00e9g\u00e9 par un fusible de 6kW au lieu des 3kW habituels. Mais si l'on fait fonctionner en m\u00eame temps la climatisation et le s\u00e8che-cheveux ou le grille-pain, le four et autres, cela fait vite beaucoup.<\/p>\n<p style=\"text-align: left;\">Tous les disjoncteurs \/ fusibles sont-ils en haut ?<\/p>\n<\/div><div class=\"fusion-image-element\" style=\"text-align:center;--awb-margin-top:2rem;--awb-margin-right:2rem;--awb-caption-title-font-family:var(--h2_typography-font-family);--awb-caption-title-font-weight:var(--h2_typography-font-weight);--awb-caption-title-font-style:var(--h2_typography-font-style);--awb-caption-title-size:var(--h2_typography-font-size);--awb-caption-title-transform:var(--h2_typography-text-transform);--awb-caption-title-line-height:var(--h2_typography-line-height);--awb-caption-title-letter-spacing:var(--h2_typography-letter-spacing);\"><span class=\"fusion-imageframe imageframe-none imageframe-26 hover-type-none\" style=\"border-radius:12px;\"><img decoding=\"async\" width=\"1024\" height=\"576\" src=\"https:\/\/palazzovetrano.it\/wp-content\/uploads\/2023\/10\/IMG_8034-scaled.jpg\" data-orig-src=\"https:\/\/palazzovetrano.it\/wp-content\/uploads\/2023\/10\/IMG_8034-1024x576.jpg\" alt class=\"lazyload img-responsive wp-image-1552\" srcset=\"data:image\/svg+xml,%3Csvg%20xmlns%3D%27http%3A%2F%2Fwww.w3.org%2F2000%2Fsvg%27%20width%3D%272560%27%20height%3D%271441%27%20viewBox%3D%270%200%202560%201441%27%3E%3Crect%20width%3D%272560%27%20height%3D%271441%27%20fill-opacity%3D%220%22%2F%3E%3C%2Fsvg%3E\" data-srcset=\"https:\/\/palazzovetrano.it\/wp-content\/uploads\/2023\/10\/IMG_8034-200x113.jpg 200w, https:\/\/palazzovetrano.it\/wp-content\/uploads\/2023\/10\/IMG_8034-400x225.jpg 400w, https:\/\/palazzovetrano.it\/wp-content\/uploads\/2023\/10\/IMG_8034-600x338.jpg 600w, https:\/\/palazzovetrano.it\/wp-content\/uploads\/2023\/10\/IMG_8034-800x450.jpg 800w, https:\/\/palazzovetrano.it\/wp-content\/uploads\/2023\/10\/IMG_8034-1200x676.jpg 1200w\" data-sizes=\"auto\" data-orig-sizes=\"(max-width: 800px) 100vw, 800px\" \/><\/span><\/div><div class=\"fusion-text fusion-text-36\"><h4 class=\"fusion-responsive-typography-calculated\" style=\"text-align: center; --fontsize: 25; line-height: 1.3; --minfontsize: 25;\" data-fontsize=\"25\" data-lineheight=\"32.5px\"><\/h4>\n<h4 class=\"fusion-responsive-typography-calculated\" style=\"text-align: center; --fontsize: 25; line-height: 1.3; --minfontsize: 25;\" data-fontsize=\"25\" data-lineheight=\"32.5px\">Avarie \/ D\u00e9g\u00e2ts des eaux<\/h4>\n<p style=\"text-align: left;\">En cas d'avarie, de d\u00e9g\u00e2t des eaux \u00e0 l'int\u00e9rieur de l'appartement, nous vous demandons de fermer le robinet principal. <b>No. 6<\/b> et d'en informer Solemar Sicilia. Le robinet principal se trouve dans la cage d'escalier, un palier au-dessus de la porte d'entr\u00e9e de la terrasse, juste derri\u00e8re la trappe m\u00e9tallique. Solemar Sicilia est joignable en cas d'urgence pour vous aider dans de telles situations.<\/p>\n<p style=\"text-align: left;\">Nous tenons \u00e0 souligner que de telles situations ne se produisent pratiquement jamais. Mais la vie, c'est ce qui arrive quand on pr\u00e9voit autre chose. C'est pourquoi nous vous informons n\u00e9anmoins des mesures appropri\u00e9es pour rendre votre s\u00e9jour aussi agr\u00e9able et s\u00fbr que possible.<\/p>\n<\/div><div class=\"fusion-image-element\" style=\"text-align:center;--awb-caption-title-font-family:var(--h2_typography-font-family);--awb-caption-title-font-weight:var(--h2_typography-font-weight);--awb-caption-title-font-style:var(--h2_typography-font-style);--awb-caption-title-size:var(--h2_typography-font-size);--awb-caption-title-transform:var(--h2_typography-text-transform);--awb-caption-title-line-height:var(--h2_typography-line-height);--awb-caption-title-letter-spacing:var(--h2_typography-letter-spacing);\"><span class=\"fusion-imageframe imageframe-none imageframe-27 hover-type-none\" style=\"border-radius:12px;\"><img decoding=\"async\" width=\"1024\" height=\"576\" src=\"https:\/\/palazzovetrano.it\/wp-content\/uploads\/2023\/10\/IMG_8038-scaled.jpg\" data-orig-src=\"https:\/\/palazzovetrano.it\/wp-content\/uploads\/2023\/10\/IMG_8038-1024x576.jpg\" alt class=\"lazyload img-responsive wp-image-1553\" srcset=\"data:image\/svg+xml,%3Csvg%20xmlns%3D%27http%3A%2F%2Fwww.w3.org%2F2000%2Fsvg%27%20width%3D%272560%27%20height%3D%271440%27%20viewBox%3D%270%200%202560%201440%27%3E%3Crect%20width%3D%272560%27%20height%3D%271440%27%20fill-opacity%3D%220%22%2F%3E%3C%2Fsvg%3E\" data-srcset=\"https:\/\/palazzovetrano.it\/wp-content\/uploads\/2023\/10\/IMG_8038-200x113.jpg 200w, https:\/\/palazzovetrano.it\/wp-content\/uploads\/2023\/10\/IMG_8038-400x225.jpg 400w, https:\/\/palazzovetrano.it\/wp-content\/uploads\/2023\/10\/IMG_8038-600x338.jpg 600w, https:\/\/palazzovetrano.it\/wp-content\/uploads\/2023\/10\/IMG_8038-800x450.jpg 800w, https:\/\/palazzovetrano.it\/wp-content\/uploads\/2023\/10\/IMG_8038-1200x675.jpg 1200w\" data-sizes=\"auto\" data-orig-sizes=\"(max-width: 800px) 100vw, 800px\" \/><\/span><\/div><div class=\"fusion-text fusion-text-37\"><h2 class=\"fusion-responsive-typography-calculated\" style=\"text-align: center; --fontsize: 33; line-height: 1.3;\" data-fontsize=\"33\" data-lineheight=\"42.9px\"><\/h2>\n<h2 class=\"fusion-responsive-typography-calculated\" style=\"text-align: center; --fontsize: 33; line-height: 1.3;\" data-fontsize=\"33\" data-lineheight=\"42.9px\">Num\u00e9ros d'urgence Urgence<\/h2>\n<p style=\"text-align: left;\">Dans tous les pays de l'UE, le num\u00e9ro d'urgence europ\u00e9en 112 peut \u00eatre appel\u00e9 depuis un t\u00e9l\u00e9phone portable ou fixe. Il n'est pas n\u00e9cessaire de composer un pr\u00e9fixe ! Si tu n'as pas de r\u00e9seau sur ton portable : Eteindre et rallumer, saisir le num\u00e9ro d'urgence 112 au lieu du code PIN. Tu seras alors automatiquement redirig\u00e9 vers un autre r\u00e9seau.<\/p>\n<h3 class=\"fusion-responsive-typography-calculated\" style=\"--fontsize: 28; line-height: 1.3; text-align: center;\" data-fontsize=\"28\" data-lineheight=\"36.4px\">Num\u00e9ros d'urgence nationaux Italie<\/h3>\n<p style=\"text-align: left;\">Voici les plus importants :<b><br \/>\n<\/b><\/p>\n<p style=\"text-align: left;\"><b>113<\/b> Police (Polizia di stato ; police de la circulation)<\/p>\n<p style=\"text-align: left;\"><b>114<\/b> Situations d'urgence chez les enfants\/adolescents (Emergenza infanzia)<\/p>\n<p style=\"text-align: left;\"><b>115<\/b> Pompiers (Vigili del fuoco)<\/p>\n<p style=\"text-align: left;\"><b>118<\/b> M\u00e9decin d'urgence, service de secours (Emergenza sanitaria)<\/p>\n<p style=\"text-align: left;\"><b>803116<\/b> Service de d\u00e9pannage ACI 24<\/p>\n<p style=\"text-align: left;\">Ta s\u00e9curit\u00e9 est importante pour nous et nous voulons nous assurer que tu es parfaitement \u00e9quip\u00e9 en cas d'urgence. N'h\u00e9site pas \u00e0 contacter solemar sicilia si tu as d'autres questions ou pr\u00e9occupations. Tu peux les joindre \u00e0 l'adresse suivante : xxxxx<\/p>\n<\/div><div class=\"fusion-text fusion-text-38\"><h2 class=\"fusion-responsive-typography-calculated\" style=\"text-align: center; --fontsize: 33; line-height: 1.3;\" data-fontsize=\"33\" data-lineheight=\"42.9px\">Ordre et propret\u00e9<\/h2>\n<p style=\"text-align: left;\">Palerme est d\u00e9contract\u00e9e. Il en va de m\u00eame pour les v\u00eatements. On est dans le sud, pas \u00e0 Milan. De temps en temps, on aimerait quand m\u00eame \u00eatre moins d\u00e9contract\u00e9. Dans le casier de la grande chambre \u00e0 coucher, tu trouveras un fer \u00e0 repasser et, juste \u00e0 c\u00f4t\u00e9, une petite planche \u00e0 repasser.<\/p>\n<p style=\"text-align: left;\">Tu aimes l'ordre et la propret\u00e9 ? Lors de s\u00e9jours prolong\u00e9s, on a certainement envie de laver, de nettoyer ou de passer l'aspirateur de temps en temps. Tu as d\u00e9j\u00e0 d\u00e9couvert la machine \u00e0 laver dans la cuisine. L'\u00e9tendoir \u00e0 linge devrait se trouver dans la petite chambre sous le lit. Ce serait bien si tu le rangeais ici apr\u00e8s l'avoir utilis\u00e9. L'aspirateur, la serpilli\u00e8re et les produits de nettoyage se trouvent dans la petite chambre \u00e0 coucher, dans la rang\u00e9e inf\u00e9rieure du vestiaire.<\/p>\n<\/div><div class=\"fusion-image-element\" style=\"--awb-margin-bottom:4rem;--awb-caption-title-font-family:var(--h2_typography-font-family);--awb-caption-title-font-weight:var(--h2_typography-font-weight);--awb-caption-title-font-style:var(--h2_typography-font-style);--awb-caption-title-size:var(--h2_typography-font-size);--awb-caption-title-transform:var(--h2_typography-text-transform);--awb-caption-title-line-height:var(--h2_typography-line-height);--awb-caption-title-letter-spacing:var(--h2_typography-letter-spacing);\"><span class=\"fusion-imageframe imageframe-none imageframe-28 hover-type-none\" style=\"border-radius:12px;\"><img decoding=\"async\" width=\"2560\" height=\"1440\" src=\"data:image\/svg+xml,%3Csvg%20xmlns%3D%27http%3A%2F%2Fwww.w3.org%2F2000%2Fsvg%27%20width%3D%272560%27%20height%3D%271440%27%20viewBox%3D%270%200%202560%201440%27%3E%3Crect%20width%3D%272560%27%20height%3D%271440%27%20fill-opacity%3D%220%22%2F%3E%3C%2Fsvg%3E\" data-orig-src=\"https:\/\/palazzovetrano.it\/wp-content\/uploads\/2023\/10\/IMG_6900-2-scaled.jpg\" alt class=\"lazyload img-responsive wp-image-1430\"\/><\/span><\/div><div class=\"fusion-text fusion-text-39\"><h2 class=\"fusion-responsive-typography-calculated\" style=\"text-align: center; --fontsize: 33; line-height: 1.3;\" data-fontsize=\"33\" data-lineheight=\"42.9px\">D\u00e9tente &amp; Yoga<\/h2>\n<p style=\"text-align: left;\">Tu pr\u00e9f\u00e8res te d\u00e9tendre. Nous te recommandons le hamac ou le yoga. Tu devrais trouver un tapis de yoga XL dans chacune des deux chambres. Tu pr\u00e9f\u00e8res prendre de la hauteur ? Essaie donc notre corde d'escalade. Mais l\u00e0 aussi, c'est \u00e0 vos risques et p\u00e9rils.<\/p>\n<p style=\"text-align: left;\">Les gants de boxe servent plut\u00f4t de d\u00e9coration. - Qui veut se battre ?<\/p>\n<blockquote style=\"text-align: center;\">\n<p><i>\"Les plus grands \u00e9v\u00e9nements, ce ne sont pas nos heures les plus bruyantes, mais nos heures les plus silencieuses\" - Dala\u00ef Lama<\/i><\/p>\n<\/blockquote>\n<p style=\"text-align: center;\">\n<\/div><div class=\"fusion-image-element\" style=\"text-align:center;--awb-caption-title-font-family:var(--h2_typography-font-family);--awb-caption-title-font-weight:var(--h2_typography-font-weight);--awb-caption-title-font-style:var(--h2_typography-font-style);--awb-caption-title-size:var(--h2_typography-font-size);--awb-caption-title-transform:var(--h2_typography-text-transform);--awb-caption-title-line-height:var(--h2_typography-line-height);--awb-caption-title-letter-spacing:var(--h2_typography-letter-spacing);\"><span class=\"fusion-imageframe imageframe-none imageframe-29 hover-type-none\" style=\"border-radius:12px;\"><img decoding=\"async\" width=\"1024\" height=\"496\" src=\"https:\/\/palazzovetrano.it\/wp-content\/uploads\/2023\/10\/Unbenannt-1.jpg\" data-orig-src=\"https:\/\/palazzovetrano.it\/wp-content\/uploads\/2023\/10\/Unbenannt-1-1024x496.jpg\" alt class=\"lazyload img-responsive wp-image-1427\" srcset=\"data:image\/svg+xml,%3Csvg%20xmlns%3D%27http%3A%2F%2Fwww.w3.org%2F2000%2Fsvg%27%20width%3D%272475%27%20height%3D%271200%27%20viewBox%3D%270%200%202475%201200%27%3E%3Crect%20width%3D%272475%27%20height%3D%271200%27%20fill-opacity%3D%220%22%2F%3E%3C%2Fsvg%3E\" data-srcset=\"https:\/\/palazzovetrano.it\/wp-content\/uploads\/2023\/10\/Unbenannt-1-200x97.jpg 200w, https:\/\/palazzovetrano.it\/wp-content\/uploads\/2023\/10\/Unbenannt-1-400x194.jpg 400w, https:\/\/palazzovetrano.it\/wp-content\/uploads\/2023\/10\/Unbenannt-1-600x291.jpg 600w, https:\/\/palazzovetrano.it\/wp-content\/uploads\/2023\/10\/Unbenannt-1-800x388.jpg 800w, https:\/\/palazzovetrano.it\/wp-content\/uploads\/2023\/10\/Unbenannt-1-1200x582.jpg 1200w\" data-sizes=\"auto\" data-orig-sizes=\"(max-width: 800px) 100vw, 800px\" \/><\/span><\/div><div class=\"fusion-text fusion-text-40\"><h2 class=\"fusion-responsive-typography-calculated\" style=\"text-align: center; --fontsize: 33; line-height: 1.3;\" data-fontsize=\"33\" data-lineheight=\"42.9px\"><\/h2>\n<h2 class=\"fusion-responsive-typography-calculated\" style=\"text-align: center; --fontsize: 33; line-height: 1.3;\" data-fontsize=\"33\" data-lineheight=\"42.9px\">Durabilit\u00e9<\/h2>\n<p style=\"text-align: left;\">Nous accordons une grande importance \u00e0 la durabilit\u00e9 et avons pris des mesures telles que la production et le stockage d'\u00e9lectricit\u00e9 solaire, les pompes \u00e0 chaleur pour le chauffage, le s\u00e9chage et la r\u00e9frig\u00e9ration, l'\u00e9clairage LED \u00e0 faible consommation d'\u00e9nergie, l'approvisionnement en eau potable, la r\u00e9duction du plastique, les meubles et les mat\u00e9riaux de construction durables, ainsi qu'une approche consciente des d\u00e9placements, du transport et de la nourriture. Tu trouveras des d\u00e9tails \u00e0 ce sujet dans notre rapport sur la durabilit\u00e9.<\/p>\n<blockquote style=\"text-align: center;\">\n<p><i>\"Celui qui ne veut rien changer perdra aussi ce qu'il veut pr\u00e9server\". - Gustav Heinemann<\/i><\/p>\n<\/blockquote>\n<p style=\"text-align: left;\"><span style=\"color: var(--awb-text-color); font-family: var(--awb-text-font-family); font-size: var(--awb-font-size); font-style: var(--awb-text-font-style); font-weight: var(--awb-text-font-weight); letter-spacing: var(--awb-letter-spacing); text-transform: var(--awb-text-transform); background-color: var(--awb-bg-color-hover);\"><strong>Genereller Hinweis:<\/strong> Remarque g\u00e9n\u00e9rale : veuillez noter que, pour des raisons de durabilit\u00e9, l'\u00e9lectricit\u00e9 est coup\u00e9e dans l'appartement lorsque tu es absent. Par cons\u00e9quent, le lave-linge et le lave-vaisselle, en particulier, ne peuvent fonctionner que pendant ta pr\u00e9sence. C'est pour cette raison que des appareils extra-silencieux ont \u00e9t\u00e9 s\u00e9lectionn\u00e9s.<\/span><\/p>\n<p style=\"text-align: left;\">\n<\/div><div class=\"fusion-image-element\" style=\"text-align:center;--awb-margin-top:2rem;--awb-margin-bottom:2rem;--awb-caption-title-font-family:var(--h2_typography-font-family);--awb-caption-title-font-weight:var(--h2_typography-font-weight);--awb-caption-title-font-style:var(--h2_typography-font-style);--awb-caption-title-size:var(--h2_typography-font-size);--awb-caption-title-transform:var(--h2_typography-text-transform);--awb-caption-title-line-height:var(--h2_typography-line-height);--awb-caption-title-letter-spacing:var(--h2_typography-letter-spacing);\"><span class=\"fusion-imageframe imageframe-none imageframe-30 hover-type-none\" style=\"border-radius:12px;\"><img decoding=\"async\" width=\"1024\" height=\"682\" src=\"https:\/\/palazzovetrano.it\/wp-content\/uploads\/2023\/10\/69d5ed8c-8b3b-483a-a8ae-d5b294ebf6f4-2.jpg\" data-orig-src=\"https:\/\/palazzovetrano.it\/wp-content\/uploads\/2023\/10\/69d5ed8c-8b3b-483a-a8ae-d5b294ebf6f4-2-1024x682.jpg\" alt class=\"lazyload img-responsive wp-image-1225\" srcset=\"data:image\/svg+xml,%3Csvg%20xmlns%3D%27http%3A%2F%2Fwww.w3.org%2F2000%2Fsvg%27%20width%3D%271199%27%20height%3D%27799%27%20viewBox%3D%270%200%201199%20799%27%3E%3Crect%20width%3D%271199%27%20height%3D%27799%27%20fill-opacity%3D%220%22%2F%3E%3C%2Fsvg%3E\" data-srcset=\"https:\/\/palazzovetrano.it\/wp-content\/uploads\/2023\/10\/69d5ed8c-8b3b-483a-a8ae-d5b294ebf6f4-2-200x133.jpg 200w, https:\/\/palazzovetrano.it\/wp-content\/uploads\/2023\/10\/69d5ed8c-8b3b-483a-a8ae-d5b294ebf6f4-2-400x267.jpg 400w, https:\/\/palazzovetrano.it\/wp-content\/uploads\/2023\/10\/69d5ed8c-8b3b-483a-a8ae-d5b294ebf6f4-2-600x400.jpg 600w, https:\/\/palazzovetrano.it\/wp-content\/uploads\/2023\/10\/69d5ed8c-8b3b-483a-a8ae-d5b294ebf6f4-2-800x533.jpg 800w, https:\/\/palazzovetrano.it\/wp-content\/uploads\/2023\/10\/69d5ed8c-8b3b-483a-a8ae-d5b294ebf6f4-2.jpg 1199w\" data-sizes=\"auto\" data-orig-sizes=\"(max-width: 800px) 100vw, 800px\" \/><\/span><\/div><div class=\"fusion-text fusion-text-41\"><h2 class=\"fusion-responsive-typography-calculated\" style=\"text-align: center; --fontsize: 33; line-height: 1.3;\" data-fontsize=\"33\" data-lineheight=\"42.9px\"><\/h2>\n<h2 class=\"fusion-responsive-typography-calculated\" style=\"text-align: center; --fontsize: 33; line-height: 1.3;\" data-fontsize=\"33\" data-lineheight=\"42.9px\"><span style=\"background-color: var(--awb-bg-color-hover); color: var(--h2_typography-color); font-family: var(--h2_typography-font-family); font-size: var(--h2_typography-font-size); font-style: var(--h2_typography-font-style,normal); font-weight: var(--h2_typography-font-weight); letter-spacing: var(--h2_typography-letter-spacing); text-transform: var(--h2_typography-text-transform);\">Climatisation<\/span><\/h2>\n<p style=\"text-align: left;\">Notre climatiseur Quattro Split est un v\u00e9ritable multitalent ! Il peut non seulement refroidir, mais aussi s\u00e9cher et chauffer. Le meilleur dans tout \u00e7a ? Tu ne dois pas avoir mauvaise conscience en mati\u00e8re de durabilit\u00e9. La pompe \u00e0 chaleur int\u00e9gr\u00e9e du climatiseur est aliment\u00e9e, m\u00eame pendant les intersaisons, par l'\u00e9lectricit\u00e9 produite par notre installation solaire avec r\u00e9servoir. L'installation \u00e0 gaz \u00e0 condensation, \u00e9galement efficace sur le plan \u00e9nerg\u00e9tique, est disponible comme solution de secours et n'est utilis\u00e9e qu'en hiver.<\/p>\n<p style=\"text-align: left;\">Commande du climatiseur : deux t\u00e9l\u00e9commandes sont \u00e0 ta disposition pour commander les 4 unit\u00e9s int\u00e9rieures (\u00e9vaporateurs) du climatiseur. Outre l'\u00e9cran, les touches de fonction suivantes se trouvent sur la t\u00e9l\u00e9commande, sous l'\u00e9cran :<\/p>\n<p style=\"text-align: left;\">Avec la <strong>\"Bouton \"On\/Off<\/strong> tu allumes et \u00e9teins la climatisation. Cela peut \u00eatre aussi simple que cela !<\/p>\n<p style=\"text-align: left;\">\n<\/div><div class=\"fusion-image-element\" style=\"text-align:center;--awb-caption-title-font-family:var(--h2_typography-font-family);--awb-caption-title-font-weight:var(--h2_typography-font-weight);--awb-caption-title-font-style:var(--h2_typography-font-style);--awb-caption-title-size:var(--h2_typography-font-size);--awb-caption-title-transform:var(--h2_typography-text-transform);--awb-caption-title-line-height:var(--h2_typography-line-height);--awb-caption-title-letter-spacing:var(--h2_typography-letter-spacing);\"><span class=\"fusion-imageframe imageframe-none imageframe-31 hover-type-none\" style=\"border-radius:12px;\"><img decoding=\"async\" width=\"1024\" height=\"683\" src=\"https:\/\/palazzovetrano.it\/wp-content\/uploads\/2023\/10\/Klima.jpg\" data-orig-src=\"https:\/\/palazzovetrano.it\/wp-content\/uploads\/2023\/10\/Klima-1024x683.jpg\" alt class=\"lazyload img-responsive wp-image-1346\" srcset=\"data:image\/svg+xml,%3Csvg%20xmlns%3D%27http%3A%2F%2Fwww.w3.org%2F2000%2Fsvg%27%20width%3D%272550%27%20height%3D%271700%27%20viewBox%3D%270%200%202550%201700%27%3E%3Crect%20width%3D%272550%27%20height%3D%271700%27%20fill-opacity%3D%220%22%2F%3E%3C%2Fsvg%3E\" data-srcset=\"https:\/\/palazzovetrano.it\/wp-content\/uploads\/2023\/10\/Klima-200x133.jpg 200w, https:\/\/palazzovetrano.it\/wp-content\/uploads\/2023\/10\/Klima-400x267.jpg 400w, https:\/\/palazzovetrano.it\/wp-content\/uploads\/2023\/10\/Klima-600x400.jpg 600w, https:\/\/palazzovetrano.it\/wp-content\/uploads\/2023\/10\/Klima-800x533.jpg 800w, https:\/\/palazzovetrano.it\/wp-content\/uploads\/2023\/10\/Klima-1200x800.jpg 1200w\" data-sizes=\"auto\" data-orig-sizes=\"(max-width: 800px) 100vw, 800px\" \/><\/span><\/div><div class=\"fusion-text fusion-text-42\"><h3 class=\"fusion-responsive-typography-calculated\" style=\"text-align: center;\" data-fontsize=\"28\" data-lineheight=\"36.4px\">S\u00e9lectionner le mode :<\/h3>\n<p style=\"text-align: left;\">Utilise le bouton \"Mode\" pour passer d'un r\u00e9glage \u00e0 l'autre.<\/p>\n<p style=\"text-align: left;\">En mode \"Cool\", la climatisation refroidit agr\u00e9ablement la pi\u00e8ce.<\/p>\n<p style=\"text-align: left;\">En mode \"Dry\", il r\u00e9duit l'humidit\u00e9 de la pi\u00e8ce.<\/p>\n<p style=\"text-align: left;\">Et le mode \"Heat\" te permet de te mettre vraiment \u00e0 l'aise en hiver et de chauffer la pi\u00e8ce.<\/p>\n<h3 class=\"fusion-responsive-typography-calculated\" style=\"text-align: center;\" data-fontsize=\"28\" data-lineheight=\"36.4px\">R\u00e9gler la temp\u00e9rature :<\/h3>\n<p style=\"text-align: left;\">Avec les touches fl\u00e9ch\u00e9es, tu peux augmenter ou diminuer la temp\u00e9rature.<\/p>\n<p style=\"text-align: left;\">Appuie sur le symbole de la fl\u00e8che vers le haut pour augmenter la temp\u00e9rature ou vers le bas pour la diminuer. Ainsi, tu gardes toujours le contr\u00f4le sur le climat de la pi\u00e8ce.<\/p>\n<h3 class=\"fusion-responsive-typography-calculated\" style=\"text-align: center;\" data-fontsize=\"28\" data-lineheight=\"36.4px\">Ajuster la vitesse du ventilateur :<\/h3>\n<p style=\"text-align: left;\">Utilise le bouton \"Fan\" pour r\u00e9gler la vitesse de l'air.<\/p>\n<p style=\"text-align: left;\">Tu peux choisir entre les niveaux \"Auto\", \"Faible\", \"Moyen\" et \"\u00c9lev\u00e9\". D\u00e9cide toi-m\u00eame du niveau de vent que tu aimes !<\/p>\n<h3 class=\"fusion-responsive-typography-calculated\" style=\"text-align: center;\" data-fontsize=\"28\" data-lineheight=\"36.4px\">Fonctions suppl\u00e9mentaires :<\/h3>\n<p style=\"text-align: left;\">La \"minuterie\" te permet de r\u00e9gler la climatisation selon tes besoins. Si tu as des questions, n'h\u00e9site pas \u00e0 consulter le mode d'emploi.<\/p>\n<p style=\"text-align: left;\">Avec le bouton \"Sleep\", tu peux activer la fonction sommeil. Installe-toi confortablement et dors bien !<\/p>\n<p style=\"text-align: left;\">Si tu veux \u00eatre \u00e9colo, appuie sur le bouton \"Eco\". En mode \"Cool\", elle abaisse la temp\u00e9rature de 2\u00b0C, en mode \"Heat\", elle l'augmente de 2\u00b0C. Le mode \"Super\" est super rapide. N'oublie pas de n'utiliser le mode \"Super\" que lorsque le soleil brille dehors. Laisse le soleil travailler pour nous !<\/p>\n<p style=\"text-align: left;\">C'est tout ! Tu connais maintenant les principales fonctions du climatiseur Quattro Split. Pour plus de d\u00e9tails et des questions sp\u00e9cifiques, le mode d'emploi PDF est \u00e0 ta disposition.<\/p>\n<\/div><div class=\"fusion-text fusion-text-43\"><h2 class=\"\" style=\"text-align: center;\" data-fontsize=\"33\" data-lineheight=\"42.9px\">Table de cuisson \u00e0 induction Bosch<\/h2>\n<p style=\"text-align: left;\">Voici un petit mode d'emploi pour t'aider \u00e0 d\u00e9marrer :<\/p>\n<p style=\"text-align: left;\">La cuisine \u00e0 induction pr\u00e9sente de nombreux avantages par rapport aux tables de cuisson traditionnelles. Tu gagneras du temps en cuisinant et en r\u00f4tissant, tu \u00e9conomiseras de l'\u00e9nergie et l'entretien et le nettoyage seront plus faciles. De plus, tu auras un meilleur contr\u00f4le de la chaleur, car elle est g\u00e9n\u00e9r\u00e9e directement dans l'ustensile de cuisson.<\/p>\n<p style=\"text-align: left;\">Mais il y a deux grandes diff\u00e9rences entre une plaque vitroc\u00e9ramique classique et cette plaque \u00e0 induction :<\/p>\n<p style=\"text-align: left;\">L'induction est nettement plus rapide. Si l'on ne fait pas attention, quelque chose br\u00fble donc plus vite ou d\u00e9borde.<\/p>\n<p style=\"text-align: left;\">L'induction ne chauffe que lorsqu'une casserole est pos\u00e9e sur le champ. Et il y a une d\u00e9tection de la taille de la casserole. La surface sous la casserole n'est chauff\u00e9e que par la chaleur d\u00e9gag\u00e9e par la casserole.<\/p>\n<p style=\"text-align: left;\">\n<\/div><div class=\"fusion-image-element\" style=\"text-align:center;--awb-caption-title-font-family:var(--h2_typography-font-family);--awb-caption-title-font-weight:var(--h2_typography-font-weight);--awb-caption-title-font-style:var(--h2_typography-font-style);--awb-caption-title-size:var(--h2_typography-font-size);--awb-caption-title-transform:var(--h2_typography-text-transform);--awb-caption-title-line-height:var(--h2_typography-line-height);--awb-caption-title-letter-spacing:var(--h2_typography-letter-spacing);\"><span class=\"fusion-imageframe imageframe-none imageframe-32 hover-type-none\" style=\"border-radius:12px;\"><img decoding=\"async\" width=\"794\" height=\"534\" src=\"https:\/\/palazzovetrano.it\/wp-content\/uploads\/2023\/10\/Bildschirmfoto-2023-07-03-um-16.45.23.png\" data-orig-src=\"https:\/\/palazzovetrano.it\/wp-content\/uploads\/2023\/10\/Bildschirmfoto-2023-07-03-um-16.45.23.png\" alt class=\"lazyload img-responsive wp-image-1348\" srcset=\"data:image\/svg+xml,%3Csvg%20xmlns%3D%27http%3A%2F%2Fwww.w3.org%2F2000%2Fsvg%27%20width%3D%27794%27%20height%3D%27534%27%20viewBox%3D%270%200%20794%20534%27%3E%3Crect%20width%3D%27794%27%20height%3D%27534%27%20fill-opacity%3D%220%22%2F%3E%3C%2Fsvg%3E\" data-srcset=\"https:\/\/palazzovetrano.it\/wp-content\/uploads\/2023\/10\/Bildschirmfoto-2023-07-03-um-16.45.23-200x135.png 200w, https:\/\/palazzovetrano.it\/wp-content\/uploads\/2023\/10\/Bildschirmfoto-2023-07-03-um-16.45.23-400x269.png 400w, https:\/\/palazzovetrano.it\/wp-content\/uploads\/2023\/10\/Bildschirmfoto-2023-07-03-um-16.45.23-600x404.png 600w, https:\/\/palazzovetrano.it\/wp-content\/uploads\/2023\/10\/Bildschirmfoto-2023-07-03-um-16.45.23.png 794w\" data-sizes=\"auto\" data-orig-sizes=\"(max-width: 800px) 100vw, 794px\" \/><\/span><\/div><div class=\"fusion-text fusion-text-44\"><p style=\"text-align: left;\">La table de cuisson est dot\u00e9e d'un panneau de commande tactile. Pour allumer le plan de cuisson, placez d'abord une casserole sur le plan de cuisson et appuyez l\u00e9g\u00e8rement sur \" \".<b style=\"font-size: 27px;\" data-fusion-font=\"true\">o<\/b>\". Choisis ensuite une plaque de cuisson et r\u00e8gle la temp\u00e9rature souhait\u00e9e de 1 \u00e0 9 avec '-' ou '+'.<\/p>\n<p style=\"text-align: left;\">La chaleur r\u00e9siduelle est indiqu\u00e9e par un 'H'.<\/p>\n<p style=\"text-align: left;\">Ta table de cuisson dispose d'une s\u00e9curit\u00e9 enfants. Pour l'activer, \u00e9teins la table de cuisson, puis maintiens les touches \"+\" et \"-\" enfonc\u00e9es simultan\u00e9ment pendant 4 secondes.<\/p>\n<p style=\"text-align: left;\">Si le niveau de puissance s\u00e9lectionn\u00e9 clignote, il n'y a pas d'ustensile de cuisson sur la zone de cuisson ou la casserole n'est pas adapt\u00e9e. Dans ce cas, la zone de cuisson s'\u00e9teint automatiquement apr\u00e8s un certain temps.<\/p>\n<p style=\"text-align: left;\">Nous esp\u00e9rons que ce petit mode d'emploi t'aidera \u00e0 d\u00e9marrer. Si tu as d'autres questions, tu trouveras des informations plus d\u00e9taill\u00e9es dans le mode d'emploi PDF ci-joint. Nous te souhaitons beaucoup de plaisir \u00e0 cuisiner sur notre table de cuisson \u00e0 induction Bosch !<\/p>\n<p style=\"text-align: left;\">\n<\/div><div class=\"fusion-image-element\" style=\"text-align:center;--awb-caption-title-font-family:var(--h2_typography-font-family);--awb-caption-title-font-weight:var(--h2_typography-font-weight);--awb-caption-title-font-style:var(--h2_typography-font-style);--awb-caption-title-size:var(--h2_typography-font-size);--awb-caption-title-transform:var(--h2_typography-text-transform);--awb-caption-title-line-height:var(--h2_typography-line-height);--awb-caption-title-letter-spacing:var(--h2_typography-letter-spacing);\"><span class=\"fusion-imageframe imageframe-none imageframe-33 hover-type-none\" style=\"border-radius:12px;\"><img decoding=\"async\" width=\"1024\" height=\"683\" src=\"https:\/\/palazzovetrano.it\/wp-content\/uploads\/2023\/06\/34-Wohnkuche-Palermo-Blu-Centro-Storico-Ballaro-Pallazzo-Vertrano-Casa-Vacanza-00008-1024x683-1.jpg\" data-orig-src=\"https:\/\/palazzovetrano.it\/wp-content\/uploads\/2023\/06\/34-Wohnkuche-Palermo-Blu-Centro-Storico-Ballaro-Pallazzo-Vertrano-Casa-Vacanza-00008-1024x683-1.jpg\" alt class=\"lazyload img-responsive wp-image-1004\" srcset=\"data:image\/svg+xml,%3Csvg%20xmlns%3D%27http%3A%2F%2Fwww.w3.org%2F2000%2Fsvg%27%20width%3D%271024%27%20height%3D%27683%27%20viewBox%3D%270%200%201024%20683%27%3E%3Crect%20width%3D%271024%27%20height%3D%27683%27%20fill-opacity%3D%220%22%2F%3E%3C%2Fsvg%3E\" data-srcset=\"https:\/\/palazzovetrano.it\/wp-content\/uploads\/2023\/06\/34-Wohnkuche-Palermo-Blu-Centro-Storico-Ballaro-Pallazzo-Vertrano-Casa-Vacanza-00008-1024x683-1-200x133.jpg 200w, https:\/\/palazzovetrano.it\/wp-content\/uploads\/2023\/06\/34-Wohnkuche-Palermo-Blu-Centro-Storico-Ballaro-Pallazzo-Vertrano-Casa-Vacanza-00008-1024x683-1-400x267.jpg 400w, https:\/\/palazzovetrano.it\/wp-content\/uploads\/2023\/06\/34-Wohnkuche-Palermo-Blu-Centro-Storico-Ballaro-Pallazzo-Vertrano-Casa-Vacanza-00008-1024x683-1-600x400.jpg 600w, https:\/\/palazzovetrano.it\/wp-content\/uploads\/2023\/06\/34-Wohnkuche-Palermo-Blu-Centro-Storico-Ballaro-Pallazzo-Vertrano-Casa-Vacanza-00008-1024x683-1-800x534.jpg 800w, https:\/\/palazzovetrano.it\/wp-content\/uploads\/2023\/06\/34-Wohnkuche-Palermo-Blu-Centro-Storico-Ballaro-Pallazzo-Vertrano-Casa-Vacanza-00008-1024x683-1.jpg 1024w\" data-sizes=\"auto\" data-orig-sizes=\"(max-width: 800px) 100vw, 800px\" \/><\/span><\/div><div class=\"fusion-text fusion-text-45\"><h2 class=\"fusion-responsive-typography-calculated\" style=\"text-align: center; --fontsize: 33; line-height: 1.3;\" data-fontsize=\"33\" data-lineheight=\"42.9px\"><\/h2>\n<h2 class=\"fusion-responsive-typography-calculated\" style=\"text-align: center; --fontsize: 33; line-height: 1.3;\" data-fontsize=\"33\" data-lineheight=\"42.9px\">Four Bosch<\/h2>\n<p style=\"text-align: left;\">Pour enrichir tes aventures culinaires, nous mettons \u00e0 ta disposition le four Bosch HBA574B.0 de haute qualit\u00e9. Voici un petit mode d'emploi compl\u00e9mentaire pour que tu puisses utiliser le four sans probl\u00e8me :<\/p>\n<p style=\"text-align: left;\"><b>1. boutons et \u00e9cran<\/b> - Les touches sont des touches tactiles avec des capteurs en dessous. Il suffit d'appuyer sur une ic\u00f4ne pour s\u00e9lectionner la fonction qu'elle repr\u00e9sente. L'\u00e9cran affiche des ic\u00f4nes pour les fonctions actives et les options de r\u00e9glage de l'heure.<\/p>\n<p style=\"text-align: left;\"><b>2. s\u00e9lecteur de fonction<\/b> - Utilise le s\u00e9lecteur de fonction pour r\u00e9gler la fonction de chauffage ou d'autres fonctions. Tu peux tourner le s\u00e9lecteur de fonction dans le sens des aiguilles d'une montre ou dans le sens inverse \u00e0 partir de la position \"arr\u00eat\".<\/p>\n<p style=\"text-align: left;\"><b>3. s\u00e9lecteur de temp\u00e9rature<\/b> - Utilise le s\u00e9lecteur de temp\u00e9rature pour r\u00e9gler la temp\u00e9rature de la fonction de chauffage ou pour s\u00e9lectionner le r\u00e9glage d'autres fonctions. Le s\u00e9lecteur de temp\u00e9rature peut \u00eatre tourn\u00e9 dans le sens des aiguilles d'une montre ou dans le sens inverse.<\/p>\n<\/div><div class=\"fusion-image-element\" style=\"text-align:center;--awb-caption-title-font-family:var(--h2_typography-font-family);--awb-caption-title-font-weight:var(--h2_typography-font-weight);--awb-caption-title-font-style:var(--h2_typography-font-style);--awb-caption-title-size:var(--h2_typography-font-size);--awb-caption-title-transform:var(--h2_typography-text-transform);--awb-caption-title-line-height:var(--h2_typography-line-height);--awb-caption-title-letter-spacing:var(--h2_typography-letter-spacing);\"><span class=\"fusion-imageframe imageframe-none imageframe-34 hover-type-none\" style=\"border-radius:12px;\"><img decoding=\"async\" width=\"1024\" height=\"405\" title=\"Capture d&#039;\u00e9cran 2023-07-03 \u00e0 17.05.21\" src=\"https:\/\/palazzovetrano.it\/wp-content\/uploads\/2023\/10\/Bildschirmfoto-2023-07-03-um-17.05.21.png\" data-orig-src=\"https:\/\/palazzovetrano.it\/wp-content\/uploads\/2023\/10\/Bildschirmfoto-2023-07-03-um-17.05.21-1024x405.png\" alt class=\"lazyload img-responsive wp-image-1341\" srcset=\"data:image\/svg+xml,%3Csvg%20xmlns%3D%27http%3A%2F%2Fwww.w3.org%2F2000%2Fsvg%27%20width%3D%271978%27%20height%3D%27782%27%20viewBox%3D%270%200%201978%20782%27%3E%3Crect%20width%3D%271978%27%20height%3D%27782%27%20fill-opacity%3D%220%22%2F%3E%3C%2Fsvg%3E\" data-srcset=\"https:\/\/palazzovetrano.it\/wp-content\/uploads\/2023\/10\/Bildschirmfoto-2023-07-03-um-17.05.21-200x79.png 200w, https:\/\/palazzovetrano.it\/wp-content\/uploads\/2023\/10\/Bildschirmfoto-2023-07-03-um-17.05.21-400x158.png 400w, https:\/\/palazzovetrano.it\/wp-content\/uploads\/2023\/10\/Bildschirmfoto-2023-07-03-um-17.05.21-600x237.png 600w, https:\/\/palazzovetrano.it\/wp-content\/uploads\/2023\/10\/Bildschirmfoto-2023-07-03-um-17.05.21-800x316.png 800w, https:\/\/palazzovetrano.it\/wp-content\/uploads\/2023\/10\/Bildschirmfoto-2023-07-03-um-17.05.21-1200x474.png 1200w\" data-sizes=\"auto\" data-orig-sizes=\"(max-width: 800px) 100vw, 800px\" \/><\/span><\/div><div class=\"fusion-text fusion-text-46\"><h3 style=\"text-align: center;\">S\u00e9lecteur de fonction gauche :<\/h3>\n<\/div><div class=\"fusion-text fusion-text-47\"><h3 class=\"fusion-responsive-typography-calculated\" style=\"text-align: center; --fontsize: 28; line-height: 1.3;\" data-fontsize=\"28\" data-lineheight=\"36.4px\"><\/h3>\n<h4 class=\"fusion-responsive-typography-calculated\" style=\"text-align: center; --fontsize: 25; line-height: 1.3; --minfontsize: 25;\" data-fontsize=\"25\" data-lineheight=\"32.5px\">\u00c9clairage int\u00e9rieur :<\/h4>\n<p style=\"text-align: center;\">Allume l'\u00e9clairage int\u00e9rieur, toutes les autres fonctions restent \u00e9teintes. Facilite par exemple le nettoyage de l'espace de cuisson.<\/p>\n<h4 class=\"fusion-responsive-typography-calculated\" style=\"text-align: center; --fontsize: 25; line-height: 1.3; --minfontsize: 25;\" data-fontsize=\"25\" data-lineheight=\"32.5px\">Chaleur sup\u00e9rieure &amp; inf\u00e9rieure :<\/h4>\n<p style=\"text-align: center;\">Pour la cuisson et le r\u00f4tissage traditionnels sur un seul niveau. La chaleur est diffus\u00e9e uniform\u00e9ment par le haut et par le bas.<\/p>\n<h4 class=\"fusion-responsive-typography-calculated\" style=\"text-align: center; --fontsize: 25; line-height: 1.3; --minfontsize: 25;\" data-fontsize=\"25\" data-lineheight=\"32.5px\">Gril \u00e0 air puls\u00e9 :<\/h4>\n<p style=\"text-align: center;\">Pour r\u00f4tir la volaille, le poisson entier et les gros morceaux de viande. L'\u00e9l\u00e9ment gril et le ventilateur s'allument et s'\u00e9teignent en alternance.<\/p>\n<h4 class=\"fusion-responsive-typography-calculated\" style=\"text-align: center; --fontsize: 25; line-height: 1.3; --minfontsize: 25;\" data-fontsize=\"25\" data-lineheight=\"32.5px\">Grille sup\u00e9rieure :<\/h4>\n<p style=\"text-align: center;\">Pour griller des objets plats comme des steaks ou des saucisses<\/p>\n<h4 class=\"fusion-responsive-typography-calculated\" style=\"text-align: center; --fontsize: 25; line-height: 1.3; --minfontsize: 25;\" data-fontsize=\"25\" data-lineheight=\"32.5px\">Chaleur de sole :<\/h4>\n<p style=\"text-align: center;\">Pour la cuisson au bain-marie et pour gratiner les aliments. La chaleur est diffus\u00e9e par le bas.<\/p>\n<p style=\"text-align: center;\">Touche programme : pour de nombreux plats, l'appareil dispose de valeurs de r\u00e9glage pr\u00e9programm\u00e9es que vous pouvez utiliser. Vous trouverez des d\u00e9tails \u00e0 ce sujet dans le mode d'emploi PDF.<\/p>\n<h3 class=\"fusion-responsive-typography-calculated\" style=\"text-align: center; --fontsize: 28; line-height: 1.3;\" data-fontsize=\"28\" data-lineheight=\"36.4px\">S\u00e9lecteur de fonction droite :<\/h3>\n<h4 class=\"fusion-responsive-typography-calculated\" style=\"text-align: center; --fontsize: 25; line-height: 1.3; --minfontsize: 25;\" data-fontsize=\"25\" data-lineheight=\"32.5px\">Pr\u00e9chauffage :<\/h4>\n<p style=\"text-align: center;\">Pr\u00e9chauffage rapide de l'espace de cuisson sans accessoires.<\/p>\n<h4 class=\"fusion-responsive-typography-calculated\" style=\"text-align: center; --fontsize: 25; line-height: 1.3; --minfontsize: 25;\" data-fontsize=\"25\" data-lineheight=\"32.5px\">Air chaud 3D :<\/h4>\n<p style=\"text-align: center;\">Pour cuire et r\u00f4tir sur un ou plusieurs niveaux.<\/p>\n<h4 class=\"fusion-responsive-typography-calculated\" style=\"text-align: center; --fontsize: 25; line-height: 1.3; --minfontsize: 25;\" data-fontsize=\"25\" data-lineheight=\"32.5px\">Air chaud doux :<\/h4>\n<p style=\"text-align: center;\">Pour une pr\u00e9paration en douceur de la viande, du poisson et des p\u00e2tisseries.<\/p>\n<h4 class=\"fusion-responsive-typography-calculated\" style=\"text-align: center; --fontsize: 25; line-height: 1.3; --minfontsize: 25;\" data-fontsize=\"25\" data-lineheight=\"32.5px\">Fonction pizza :<\/h4>\n<p style=\"text-align: center;\">Pour la cuisson des pizzas et des plats qui n\u00e9cessitent beaucoup de chaleur par le bas.<\/p>\n<p style=\"text-align: center;\">Profite de la polyvalence et des performances de notre four HBA574B.0 de Bosch et cr\u00e9e de d\u00e9licieux plats pour toi et tes proches. Si tu as d'autres questions, tu trouveras certainement toutes les informations dont tu as besoin dans le mode d'emploi s\u00e9par\u00e9.<\/p>\n<\/div><div class=\"fusion-text fusion-text-48\"><h2 class=\"fusion-responsive-typography-calculated\" style=\"text-align: center;\" data-fontsize=\"33\" data-lineheight=\"42.9px\">Lave-vaisselle Bosch<\/h2>\n<p style=\"text-align: left;\">Pour que tu puisses profiter pleinement de ton s\u00e9jour ici, nous avons mis \u00e0 ta disposition le lave-vaisselle SMV2ITX22E de Bosch de haute qualit\u00e9. Voici un mode d'emploi compl\u00e9mentaire, bref et concis, pour que tu puisses utiliser l'appareil sans probl\u00e8me :<\/p>\n<p style=\"text-align: left;\"><b>1. Ranger la vaisselle :<\/b> Place ta vaisselle sale dans les paniers \u00e0 vaisselle du lave-vaisselle. Le lave-vaisselle Bosch se charge du reste et fait le travail \u00e0 ta place.<\/p>\n<p style=\"text-align: left;\"><b>2. s\u00e9lectionner le programme :<\/b> Verse du d\u00e9tergent dans le compartiment de la porte et ferme ce compartiment. Choisis le programme de lavage appropri\u00e9 en fonction du degr\u00e9 de salissure de ta vaisselle. Le lave-vaisselle offre un large choix de programmes pour des r\u00e9sultats de lavage optimaux.<\/p>\n<p style=\"text-align: left;\"><b>3. D\u00e9marrer :<\/b> Appuie sur le bouton de d\u00e9marrage et ferme la porte. Le lave-vaisselle commence \u00e0 fonctionner silencieusement et efficacement. Tu remarqueras \u00e0 peine qu'il fonctionne. Tu le vois \u00e0 la lumi\u00e8re sur le sol.<\/p>\n<p style=\"text-align: left;\"><b>4. se d\u00e9tendre :<\/b> Pendant que le lave-vaisselle nettoie ta vaisselle en profondeur, tu as le temps de te d\u00e9tendre. Le processus de lavage est rapide et fiable.<\/p>\n<p style=\"text-align: left;\"><b>5. de la vaisselle propre<\/b> Si la lumi\u00e8re sur la terre s'est \u00e9teinte, le programme de lavage est termin\u00e9.<\/p>\n<p style=\"text-align: left;\"><b>Ouvre la porte avec pr\u00e9caution et r\u00e9jouis-toi de voir une vaisselle \u00e9clatante de propret\u00e9. Le r\u00e9sultat te ravira, je l'esp\u00e8re !<\/b><\/p>\n<p style=\"text-align: left;\">Avec notre lave-vaisselle, tu gagnes du temps et tu peux te concentrer pleinement sur tes exp\u00e9riences de vacances. Nous te souhaitons un agr\u00e9able s\u00e9jour et restons \u00e0 ta disposition pour toute question.<\/p>\n<blockquote style=\"text-align: center;\">\n<p><i>\"En rangeant le lave-vaisselle, on reconna\u00eet clairement celui qui a jou\u00e9 \u00e0 Tetris ou \u00e0 colin-maillard quand il \u00e9tait enfant\".<\/i><\/p>\n<\/blockquote>\n<\/div><div class=\"fusion-text fusion-text-49\"><p style=\"text-align: left;\">Pour ceux qui se demandent comment cela s'inscrit dans notre engagement en faveur de la durabilit\u00e9 et si la vaisselle \u00e0 la main serait une alternative plus durable, voici ce que nous pouvons leur dire :En termes de durabilit\u00e9, la vaisselle au lave-vaisselle est g\u00e9n\u00e9ralement la solution la plus judicieuse. Voici quelques raisons :<b><br \/>\n<\/b><\/p>\n<p style=\"text-align: left;\"><b>1. consommation d'eau :<\/b> Notre lave-vaisselle Bosch est con\u00e7u pour r\u00e9duire consid\u00e9rablement la consommation d'eau par rapport au lavage manuel. Il utilise des bras de pulv\u00e9risation d'eau efficaces pour nettoyer la vaisselle en profondeur, tout en optimisant la consommation d'eau.<\/p>\n<p style=\"text-align: left;\"><b>2. efficacit\u00e9 \u00e9nerg\u00e9tique : lave-vaisselle<\/b> (y compris les n\u00f4tres) sont aujourd'hui plus efficaces que jamais sur le plan \u00e9nerg\u00e9tique. Ils disposent de diff\u00e9rents programmes adapt\u00e9s au degr\u00e9 de salissure de la vaisselle et optimisent l'\u00e9nergie n\u00e9cessaire en cons\u00e9quence. De plus, de nombreux mod\u00e8les sont \u00e9quip\u00e9s de fonctions d'\u00e9conomie d'\u00e9nergie qui r\u00e9duisent encore la consommation d'\u00e9lectricit\u00e9. Si tu veux \u00eatre particuli\u00e8rement vigilant, mets le lave-vaisselle en marche pendant ta sieste. Le soleil fournit de l'\u00e9nergie \u00e9cologique pendant que tu te d\u00e9tends.<\/p>\n<p style=\"text-align: left;\"><b>3. efficacit\u00e9 du lavage de la vaisselle : <\/b>Les lave-vaisselle permettent de laver simultan\u00e9ment de grandes quantit\u00e9s de vaisselle, de couverts et de verres. Cela permet non seulement de gagner du temps, mais aussi de consommer moins d'eau et d'\u00e9nergie par unit\u00e9 lav\u00e9e.<\/p>\n<p style=\"text-align: left;\"><b>4. r\u00e9sultat du nettoyage :<\/b> Les lave-vaisselle utilisent des d\u00e9tergents sp\u00e9ciaux et des temp\u00e9ratures plus \u00e9lev\u00e9es pour nettoyer la vaisselle en profondeur et \u00e9liminer les germes. Cela permet de garantir une meilleure hygi\u00e8ne que le lavage manuel.<\/p>\n<p style=\"text-align: left;\">Il est toutefois important d'utiliser le lave-vaisselle de mani\u00e8re efficace en ne le mettant en marche que lorsqu'il est plein et en choisissant des programmes \u00e0 faible consommation d'\u00e9nergie. Cela permet d'optimiser encore davantage l'aspect de la durabilit\u00e9.<\/p>\n<\/div><div class=\"fusion-image-element\" style=\"text-align:center;--awb-caption-title-font-family:var(--h2_typography-font-family);--awb-caption-title-font-weight:var(--h2_typography-font-weight);--awb-caption-title-font-style:var(--h2_typography-font-style);--awb-caption-title-size:var(--h2_typography-font-size);--awb-caption-title-transform:var(--h2_typography-text-transform);--awb-caption-title-line-height:var(--h2_typography-line-height);--awb-caption-title-letter-spacing:var(--h2_typography-letter-spacing);\"><span class=\"fusion-imageframe imageframe-none imageframe-35 hover-type-none\" style=\"border-radius:12px;\"><img decoding=\"async\" width=\"1024\" height=\"552\" src=\"https:\/\/palazzovetrano.it\/wp-content\/uploads\/2023\/10\/Kuechengeraete-Bosch-im-Palazzo-Vetrano.png\" data-orig-src=\"https:\/\/palazzovetrano.it\/wp-content\/uploads\/2023\/10\/Kuechengeraete-Bosch-im-Palazzo-Vetrano-1024x552.png\" alt class=\"lazyload img-responsive wp-image-1527\" srcset=\"data:image\/svg+xml,%3Csvg%20xmlns%3D%27http%3A%2F%2Fwww.w3.org%2F2000%2Fsvg%27%20width%3D%271650%27%20height%3D%27889%27%20viewBox%3D%270%200%201650%20889%27%3E%3Crect%20width%3D%271650%27%20height%3D%27889%27%20fill-opacity%3D%220%22%2F%3E%3C%2Fsvg%3E\" data-srcset=\"https:\/\/palazzovetrano.it\/wp-content\/uploads\/2023\/10\/Kuechengeraete-Bosch-im-Palazzo-Vetrano-200x108.png 200w, https:\/\/palazzovetrano.it\/wp-content\/uploads\/2023\/10\/Kuechengeraete-Bosch-im-Palazzo-Vetrano-400x216.png 400w, https:\/\/palazzovetrano.it\/wp-content\/uploads\/2023\/10\/Kuechengeraete-Bosch-im-Palazzo-Vetrano-600x323.png 600w, https:\/\/palazzovetrano.it\/wp-content\/uploads\/2023\/10\/Kuechengeraete-Bosch-im-Palazzo-Vetrano-800x431.png 800w, https:\/\/palazzovetrano.it\/wp-content\/uploads\/2023\/10\/Kuechengeraete-Bosch-im-Palazzo-Vetrano-1200x647.png 1200w, https:\/\/palazzovetrano.it\/wp-content\/uploads\/2023\/10\/Kuechengeraete-Bosch-im-Palazzo-Vetrano.png 1650w\" data-sizes=\"auto\" data-orig-sizes=\"(max-width: 800px) 100vw, 800px\" \/><\/span><\/div><div class=\"fusion-text fusion-text-50\"><h2 class=\"fusion-responsive-typography-calculated\" style=\"text-align: center; --fontsize: 33; line-height: 1.3;\" data-fontsize=\"33\" data-lineheight=\"42.9px\"><\/h2>\n<h2 class=\"fusion-responsive-typography-calculated\" style=\"text-align: center; --fontsize: 33; line-height: 1.3;\" data-fontsize=\"33\" data-lineheight=\"42.9px\">Lave-linge Bosch<\/h2>\n<p style=\"text-align: left;\">Tu veux laver ton linge sale de temps en temps ? Nous avons mis \u00e0 ta disposition un lave-linge Bosch de qualit\u00e9 sup\u00e9rieure. Voici un petit mode d'emploi pour que tu puisses utiliser l'appareil sans probl\u00e8me :<\/p>\n<p style=\"text-align: left;\"><b>1. chargement : <\/b> <span style=\"color: var(--awb-text-color); font-family: var(--awb-text-font-family); font-size: var(--awb-font-size); font-style: var(--awb-text-font-style); font-weight: var(--awb-text-font-weight); letter-spacing: var(--awb-letter-spacing); text-transform: var(--awb-text-transform); background-color: var(--awb-bg-color-hover);\">Mets ton linge sale dans le tambour. N'oublie pas de vider les poches et de fermer les fermetures \u00e9clair.<\/span><\/p>\n<p style=\"text-align: left;\"><b>2. ajouter de la lessive <\/b><span style=\"color: var(--awb-text-color); font-family: var(--awb-text-font-family); font-size: var(--awb-font-size); font-style: var(--awb-text-font-style); font-weight: var(--awb-text-font-weight); letter-spacing: var(--awb-letter-spacing); text-transform: var(--awb-text-transform); background-color: var(--awb-bg-color-hover);\">Ouvre le compartiment \u00e0 lessive. <\/span><span style=\"color: var(--awb-text-color); font-family: var(--awb-text-font-family); font-size: var(--awb-font-size); font-style: var(--awb-text-font-style); font-weight: var(--awb-text-font-weight); letter-spacing: var(--awb-letter-spacing); text-transform: var(--awb-text-transform); background-color: var(--awb-bg-color-hover);\">Ajoute de la lessive : de la lessive liquide pour le lavage principal et de la lessive en poudre pour le pr\u00e9lavage. <\/span><span style=\"color: var(--awb-text-color); font-family: var(--awb-text-font-family); font-size: var(--awb-font-size); font-style: var(--awb-text-font-style); font-weight: var(--awb-text-font-weight); letter-spacing: var(--awb-letter-spacing); text-transform: var(--awb-text-transform); background-color: var(--awb-bg-color-hover);\">Respecte les instructions de dosage figurant sur l'emballage de la lessive.<\/span><\/p>\n<p style=\"text-align: left;\"><b>3. s\u00e9lectionner le programme : <\/b><span style=\"color: var(--awb-text-color); font-family: var(--awb-text-font-family); font-size: var(--awb-font-size); font-style: var(--awb-text-font-style); font-weight: var(--awb-text-font-weight); letter-spacing: var(--awb-letter-spacing); text-transform: var(--awb-text-transform); background-color: var(--awb-bg-color-hover);\">Tourne le s\u00e9lecteur de programme pour s\u00e9lectionner le programme de lavage souhait\u00e9. Par exemple, \"Coton\" pour les v\u00eatements normaux ou \"Rapide\" pour un lavage rapide.<\/span><\/p>\n<p style=\"text-align: left;\"><b>4. r\u00e9gler la temp\u00e9rature et les extras <\/b><span style=\"color: var(--awb-text-color); font-family: var(--awb-text-font-family); font-size: var(--awb-font-size); font-style: var(--awb-text-font-style); font-weight: var(--awb-text-font-weight); letter-spacing: var(--awb-letter-spacing); text-transform: var(--awb-text-transform); background-color: var(--awb-bg-color-hover);\">Tu peux adapter la temp\u00e9rature de lavage et les options comme le pr\u00e9lavage ou le rin\u00e7age suppl\u00e9mentaire selon tes besoins.<\/span><\/p>\n<p style=\"text-align: left;\"><b>5. D\u00e9marrer : <\/b><span style=\"color: var(--awb-text-color); font-family: var(--awb-text-font-family); font-size: var(--awb-font-size); font-style: var(--awb-text-font-style); font-weight: var(--awb-text-font-weight); letter-spacing: var(--awb-letter-spacing); text-transform: var(--awb-text-transform); background-color: var(--awb-bg-color-hover);\">Appuie sur le bouton de d\u00e9marrage et la machine commence \u00e0 laver.<\/span><\/p>\n<p style=\"text-align: left;\"><b>6. attendre<\/b> <span style=\"color: var(--awb-text-color); font-family: var(--awb-text-font-family); font-size: var(--awb-font-size); font-style: var(--awb-text-font-style); font-weight: var(--awb-text-font-weight); letter-spacing: var(--awb-letter-spacing); text-transform: var(--awb-text-transform); background-color: var(--awb-bg-color-hover);\">Maintenant, tu peux t'asseoir, lire un livre et te d\u00e9tendre. Ou bien r\u00e9fl\u00e9chir \u00e0 la question suivante : peut-on faire s\u00e9cher du linge \u00e0 30\u00b0 au soleil \u00e0 38\u00b0?*. La machine fait le reste. Tu peux suivre les progr\u00e8s sur l'\u00e9cran.<\/span><\/p>\n<p style=\"text-align: left;\"><b>7. quitter : <\/b><span style=\"color: var(--awb-text-color); font-family: var(--awb-text-font-family); font-size: var(--awb-font-size); font-style: var(--awb-text-font-style); font-weight: var(--awb-text-font-weight); letter-spacing: var(--awb-letter-spacing); text-transform: var(--awb-text-transform); background-color: var(--awb-bg-color-hover);\">Lorsque le lave-linge est pr\u00eat, il \u00e9met normalement un bip. Ouvre<\/span><span style=\"color: var(--awb-text-color); font-family: var(--awb-text-font-family); font-size: var(--awb-font-size); font-style: var(--awb-text-font-style); font-weight: var(--awb-text-font-weight); letter-spacing: var(--awb-letter-spacing); text-transform: var(--awb-text-transform); background-color: var(--awb-bg-color-hover);\"> la porte, retire le linge propre et referme la porte. <\/span><\/p>\n<p style=\"text-align: left;\"><b>8. nettoyer : <\/b>Avant et apr\u00e8s<span style=\"color: var(--awb-text-color); font-family: var(--awb-text-font-family); font-size: var(--awb-font-size); font-style: var(--awb-text-font-style); font-weight: var(--awb-text-font-weight); letter-spacing: var(--awb-letter-spacing); text-transform: var(--awb-text-transform); background-color: var(--awb-bg-color-hover);\">apr\u00e8s le lavage, il est conseill\u00e9 de nettoyer le compartiment \u00e0 lessive et de v\u00e9rifier que le joint en caoutchouc de la porte ne contient pas de r\u00e9sidus.<\/span><\/p>\n<p style=\"text-align: left;\"><span style=\"color: var(--awb-text-color); font-family: var(--awb-text-font-family); font-size: var(--awb-font-size); font-style: var(--awb-text-font-style); letter-spacing: var(--awb-letter-spacing); text-transform: var(--awb-text-transform); background-color: var(--awb-bg-color-hover);\"><b>9. s\u00e9cher :<\/b><\/span> <span style=\"color: var(--awb-text-color); font-family: var(--awb-text-font-family); font-size: var(--awb-font-size); font-style: var(--awb-text-font-style); font-weight: var(--awb-text-font-weight); letter-spacing: var(--awb-letter-spacing); text-align: var(--awb-content-alignment); text-transform: var(--awb-text-transform); background-color: var(--awb-bg-color-hover);\">Le s\u00e9choir \u00e0 linge devrait se trouver dans la petite chambre, sous le lit. Ce serait bien que tu le ranges ici apr\u00e8s l'avoir utilis\u00e9.<\/span><\/p>\n<p style=\"text-align: left;\"><b>Remarque :<\/b> Tu trouveras des informations d\u00e9taill\u00e9es dans le mode d'emploi.<br \/>\n<span style=\"color: var(--awb-text-color); font-family: var(--awb-text-font-family); font-size: var(--awb-font-size); font-style: var(--awb-text-font-style); font-weight: var(--awb-text-font-weight); letter-spacing: var(--awb-letter-spacing); text-transform: var(--awb-text-transform); background-color: var(--awb-bg-color-hover);\"><br \/>\n<\/span><\/p>\n<p style=\"text-align: left;\"><span style=\"color: var(--awb-text-color); font-family: var(--awb-text-font-family); font-size: var(--awb-font-size); font-style: var(--awb-text-font-style); font-weight: var(--awb-text-font-weight); letter-spacing: var(--awb-letter-spacing); text-transform: var(--awb-text-transform); background-color: var(--awb-bg-color-hover);\">C'est fini ! Ton linge devrait maintenant \u00eatre propre et sentir bon. Bonne lessive !<\/span><\/p>\n<p style=\"text-align: left;\"><span style=\"color: var(--awb-text-color); font-family: var(--awb-text-font-family); font-size: var(--awb-font-size); font-style: var(--awb-text-font-style); font-weight: var(--awb-text-font-weight); letter-spacing: var(--awb-letter-spacing); text-transform: var(--awb-text-transform); background-color: var(--awb-bg-color-hover);\">*Et pour r\u00e9pondre \u00e0 la question de tout \u00e0 l'heure, oui, tu peux sans probl\u00e8me faire s\u00e9cher du linge \u00e0 30\u00b0 au soleil \u00e0 38\u00b0 ou plus. Ici, le seul risque est que les couleurs s'estompent. <\/span><\/p>\n<p style=\"text-align: left;\"><span style=\"color: var(--awb-text-color); font-family: var(--awb-text-font-family); font-size: var(--awb-font-size); font-style: var(--awb-text-font-style); font-weight: var(--awb-text-font-weight); letter-spacing: var(--awb-letter-spacing); text-transform: var(--awb-text-transform); background-color: var(--awb-bg-color-hover);\">Et juste au cas o\u00f9 on voudrait \u00eatre plus formel. <\/span><span style=\"color: var(--awb-text-color); font-family: var(--awb-text-font-family); font-size: var(--awb-font-size); font-style: var(--awb-text-font-style); font-weight: var(--awb-text-font-weight); letter-spacing: var(--awb-letter-spacing); text-transform: var(--awb-text-transform); background-color: var(--awb-bg-color-hover);\">Dans le casier de la grande chambre \u00e0 coucher, tu trouveras le fer \u00e0 repasser et, juste \u00e0 c\u00f4t\u00e9, une petite planche \u00e0 repasser.<\/span><\/p>\n<blockquote style=\"text-align: center;\">\n<p>C'est comme \u00e7a que \u00e7a se passe... <i>\"Pas seulement propre, mais pur\"<\/i><\/p>\n<\/blockquote>\n<\/div><div class=\"fusion-image-element\" style=\"--awb-margin-bottom:4rem;--awb-caption-title-font-family:var(--h2_typography-font-family);--awb-caption-title-font-weight:var(--h2_typography-font-weight);--awb-caption-title-font-style:var(--h2_typography-font-style);--awb-caption-title-size:var(--h2_typography-font-size);--awb-caption-title-transform:var(--h2_typography-text-transform);--awb-caption-title-line-height:var(--h2_typography-line-height);--awb-caption-title-letter-spacing:var(--h2_typography-letter-spacing);\"><span class=\"fusion-imageframe imageframe-none imageframe-36 hover-type-none\" style=\"border-radius:12px;\"><img decoding=\"async\" width=\"2898\" height=\"514\" src=\"https:\/\/palazzovetrano.it\/wp-content\/uploads\/2023\/10\/Bildschirmfoto-2023-10-11-um-10.59.43.png\" data-orig-src=\"https:\/\/palazzovetrano.it\/wp-content\/uploads\/2023\/10\/Bildschirmfoto-2023-10-11-um-10.59.43.png\" alt class=\"lazyload img-responsive wp-image-1406\" srcset=\"data:image\/svg+xml,%3Csvg%20xmlns%3D%27http%3A%2F%2Fwww.w3.org%2F2000%2Fsvg%27%20width%3D%272898%27%20height%3D%27514%27%20viewBox%3D%270%200%202898%20514%27%3E%3Crect%20width%3D%272898%27%20height%3D%27514%27%20fill-opacity%3D%220%22%2F%3E%3C%2Fsvg%3E\" data-srcset=\"https:\/\/palazzovetrano.it\/wp-content\/uploads\/2023\/10\/Bildschirmfoto-2023-10-11-um-10.59.43-200x35.png 200w, https:\/\/palazzovetrano.it\/wp-content\/uploads\/2023\/10\/Bildschirmfoto-2023-10-11-um-10.59.43-400x71.png 400w, https:\/\/palazzovetrano.it\/wp-content\/uploads\/2023\/10\/Bildschirmfoto-2023-10-11-um-10.59.43-600x106.png 600w, https:\/\/palazzovetrano.it\/wp-content\/uploads\/2023\/10\/Bildschirmfoto-2023-10-11-um-10.59.43-800x142.png 800w, https:\/\/palazzovetrano.it\/wp-content\/uploads\/2023\/10\/Bildschirmfoto-2023-10-11-um-10.59.43-1200x213.png 1200w, https:\/\/palazzovetrano.it\/wp-content\/uploads\/2023\/10\/Bildschirmfoto-2023-10-11-um-10.59.43.png 2898w\" data-sizes=\"auto\" data-orig-sizes=\"(max-width: 800px) 100vw, 800px\" \/><\/span><\/div><div class=\"fusion-text fusion-text-51\"><h2 class=\"fusion-responsive-typography-calculated\" style=\"text-align: center; --fontsize: 33; line-height: 1.3;\" data-fontsize=\"33\" data-lineheight=\"42.9px\"><\/h2>\n<h2 class=\"fusion-responsive-typography-calculated\" style=\"text-align: center; --fontsize: 33; line-height: 1.3;\" data-fontsize=\"33\" data-lineheight=\"42.9px\">R\u00e9frig\u00e9rateur\/cong\u00e9lateur<\/h2>\n<p style=\"text-align: left;\">Voici quelques conseils pour tirer le meilleur parti de ton r\u00e9frig\u00e9rateur :<\/p>\n<p style=\"text-align: left;\"><b>Contr\u00f4le de la temp\u00e9rature :<\/b> Tu peux r\u00e9gler la temp\u00e9rature selon tes besoins. Mais bon, pourquoi changer si tout est d\u00e9j\u00e0 parfait ? Ne jamais changer un syst\u00e8me en marche !!<\/p>\n<p style=\"text-align: left;\"><b>Ouverture de la porte :<\/b> Assure-toi de bien refermer la porte apr\u00e8s l'avoir ouverte. Sinon, non seulement tes boissons seront chaudes, mais l'environnement n'appr\u00e9ciera pas non plus. Et qui veut des boissons chaudes ?<\/p>\n<p style=\"text-align: left;\"><b>Des gla\u00e7ons :<\/b> N'oublie pas d'avoir suffisamment de gla\u00e7ons dans le cong\u00e9lateur. Les boissons froides ne sont pas seulement rafra\u00eechissantes en \u00e9t\u00e9. Tu trouveras certainement d\u00e9j\u00e0 un bac \u00e0 gla\u00e7ons dans ton cong\u00e9lateur.<\/p>\n<p style=\"text-align: left;\"><b>Conseils de conservation :<\/b> Fais simplement comme tu as l'habitude de faire \u00e0 la maison. Nous ne voulons pas t'imposer de nouvelles r\u00e8gles.<\/p>\n<p style=\"text-align: left;\"><b>D\u00e9givrage de la zone de cong\u00e9lation :<\/b> Si tu fermes toujours correctement la porte, tu n'as pas \u00e0 t'en inqui\u00e9ter. Sauf si tu aimes la sensation des icebergs dans ton cong\u00e9lateur.<\/p>\n<p style=\"text-align: left;\">Nous sommes s\u00fbrs que tu auras beaucoup de plaisir \u00e0 utiliser notre <b>Combin\u00e9 r\u00e9frig\u00e9rateur\/cong\u00e9lateur LG<\/b> de la vie. Profite de tes boissons fra\u00eeches ainsi que de ta d\u00e9licieuse nourriture !<\/p>\n<\/div><div class=\"fusion-image-element\" style=\"text-align:center;--awb-caption-title-font-family:var(--h2_typography-font-family);--awb-caption-title-font-weight:var(--h2_typography-font-weight);--awb-caption-title-font-style:var(--h2_typography-font-style);--awb-caption-title-size:var(--h2_typography-font-size);--awb-caption-title-transform:var(--h2_typography-text-transform);--awb-caption-title-line-height:var(--h2_typography-line-height);--awb-caption-title-letter-spacing:var(--h2_typography-letter-spacing);\"><span class=\"fusion-imageframe imageframe-none imageframe-37 hover-type-none\" style=\"border-radius:12px;\"><img decoding=\"async\" width=\"991\" height=\"1024\" src=\"https:\/\/palazzovetrano.it\/wp-content\/uploads\/2023\/10\/IMG_5069-scaled.jpg\" data-orig-src=\"https:\/\/palazzovetrano.it\/wp-content\/uploads\/2023\/10\/IMG_5069-991x1024.jpg\" alt class=\"lazyload img-responsive wp-image-1294\" srcset=\"data:image\/svg+xml,%3Csvg%20xmlns%3D%27http%3A%2F%2Fwww.w3.org%2F2000%2Fsvg%27%20width%3D%272477%27%20height%3D%272560%27%20viewBox%3D%270%200%202477%202560%27%3E%3Crect%20width%3D%272477%27%20height%3D%272560%27%20fill-opacity%3D%220%22%2F%3E%3C%2Fsvg%3E\" data-srcset=\"https:\/\/palazzovetrano.it\/wp-content\/uploads\/2023\/10\/IMG_5069-200x207.jpg 200w, https:\/\/palazzovetrano.it\/wp-content\/uploads\/2023\/10\/IMG_5069-400x413.jpg 400w, https:\/\/palazzovetrano.it\/wp-content\/uploads\/2023\/10\/IMG_5069-600x620.jpg 600w, https:\/\/palazzovetrano.it\/wp-content\/uploads\/2023\/10\/IMG_5069-800x827.jpg 800w, https:\/\/palazzovetrano.it\/wp-content\/uploads\/2023\/10\/IMG_5069-1200x1240.jpg 1200w\" data-sizes=\"auto\" data-orig-sizes=\"(max-width: 800px) 100vw, 800px\" \/><\/span><\/div><div class=\"fusion-text fusion-text-52\"><h2 class=\"fusion-responsive-typography-calculated\" style=\"text-align: center; --fontsize: 33; line-height: 1.3;\" data-fontsize=\"33\" data-lineheight=\"42.9px\"><\/h2>\n<h2 class=\"fusion-responsive-typography-calculated\" style=\"text-align: center; --fontsize: 33; line-height: 1.3;\" data-fontsize=\"33\" data-lineheight=\"42.9px\">T\u00e9l\u00e9viseur SMART FHD<\/h2>\n<p style=\"text-align: left;\">Nous avons pr\u00e9par\u00e9 pour toi le t\u00e9l\u00e9viseur LG 32LQ63006LA SMART FHD afin d'enrichir ton exp\u00e9rience de divertissement. Voici un bref mode d'emploi compl\u00e9mentaire pour que tu puisses utiliser l'appareil imm\u00e9diatement et sans effort :<\/p>\n<p style=\"text-align: left;\"><b>1. mise en marche :<\/b> Il suffit d'appuyer sur le bouton d'alimentation de la t\u00e9l\u00e9commande pour que le t\u00e9l\u00e9viseur s'anime.<\/p>\n<p style=\"text-align: left;\"><b>2. s\u00e9lection de la cha\u00eene :<\/b> Utilise les touches fl\u00e9ch\u00e9es de la t\u00e9l\u00e9commande pour naviguer parmi les cha\u00eenes disponibles. Trouve tes cha\u00eenes pr\u00e9f\u00e9r\u00e9es et profite d'images haute d\u00e9finition en Full HD.<\/p>\n<p style=\"text-align: left;\"><b>3. des fonctions intelligentes :<\/b> D\u00e9couvre le monde de la Smart TV. Ce t\u00e9l\u00e9viseur est d\u00e9j\u00e0 connect\u00e9 \u00e0 Internet. Utilise les services de streaming pr\u00e9install\u00e9s comme Netflix, YouTube et bien d'autres pour y acc\u00e9der.<\/p>\n<p style=\"text-align: left;\"><b>4. optimisation du son : <\/b>Adapte le son \u00e0 tes pr\u00e9f\u00e9rences. Choisis parmi diff\u00e9rents modes sonores pour profiter de la meilleure exp\u00e9rience audio.<\/p>\n<p style=\"text-align: left;\"><b>5. \u00e9teindre :<\/b> Si tu veux \u00e9teindre le t\u00e9l\u00e9viseur, appuie \u00e0 nouveau sur la touche Power de la t\u00e9l\u00e9commande. Le t\u00e9l\u00e9viseur se met en veille et attend ta prochaine utilisation.<\/p>\n<p style=\"text-align: left;\">Nous esp\u00e9rons que le <b>LG 32LQ63006LA T\u00e9l\u00e9viseur SMART FHD <\/b>des moments de t\u00e9l\u00e9vision inoubliables. Si tu as d'autres questions, tu trouveras certainement toutes les informations dont tu as besoin dans le PDF. Amuse-toi bien \u00e0 te d\u00e9tendre et \u00e0 profiter de ton s\u00e9jour !<\/p>\n<p style=\"text-align: left;\">\n<\/div><div class=\"fusion-image-element\" style=\"text-align:center;--awb-caption-title-font-family:var(--h2_typography-font-family);--awb-caption-title-font-weight:var(--h2_typography-font-weight);--awb-caption-title-font-style:var(--h2_typography-font-style);--awb-caption-title-size:var(--h2_typography-font-size);--awb-caption-title-transform:var(--h2_typography-text-transform);--awb-caption-title-line-height:var(--h2_typography-line-height);--awb-caption-title-letter-spacing:var(--h2_typography-letter-spacing);\"><span class=\"fusion-imageframe imageframe-none imageframe-38 hover-type-none\" style=\"border-radius:12px;\"><img decoding=\"async\" width=\"1024\" height=\"576\" src=\"https:\/\/palazzovetrano.it\/wp-content\/uploads\/2023\/10\/IMG_7952-scaled.jpg\" data-orig-src=\"https:\/\/palazzovetrano.it\/wp-content\/uploads\/2023\/10\/IMG_7952-1024x576.jpg\" alt class=\"lazyload img-responsive wp-image-1529\" srcset=\"data:image\/svg+xml,%3Csvg%20xmlns%3D%27http%3A%2F%2Fwww.w3.org%2F2000%2Fsvg%27%20width%3D%272560%27%20height%3D%271440%27%20viewBox%3D%270%200%202560%201440%27%3E%3Crect%20width%3D%272560%27%20height%3D%271440%27%20fill-opacity%3D%220%22%2F%3E%3C%2Fsvg%3E\" data-srcset=\"https:\/\/palazzovetrano.it\/wp-content\/uploads\/2023\/10\/IMG_7952-200x113.jpg 200w, https:\/\/palazzovetrano.it\/wp-content\/uploads\/2023\/10\/IMG_7952-400x225.jpg 400w, https:\/\/palazzovetrano.it\/wp-content\/uploads\/2023\/10\/IMG_7952-600x338.jpg 600w, https:\/\/palazzovetrano.it\/wp-content\/uploads\/2023\/10\/IMG_7952-800x450.jpg 800w, https:\/\/palazzovetrano.it\/wp-content\/uploads\/2023\/10\/IMG_7952-1200x675.jpg 1200w\" data-sizes=\"auto\" data-orig-sizes=\"(max-width: 800px) 100vw, 800px\" \/><\/span><\/div><div class=\"fusion-text fusion-text-53\"><h2 class=\"fusion-responsive-typography-calculated\" style=\"text-align: center;\" data-fontsize=\"33\" data-lineheight=\"42.9px\"><\/h2>\n<h2 class=\"fusion-responsive-typography-calculated\" style=\"text-align: center;\" data-fontsize=\"33\" data-lineheight=\"42.9px\">Modes d'emploi<\/h2>\n<p style=\"text-align: left;\">Dans la mesure du possible, nous avons d\u00e9crit les fonctions de tous les appareils \u00e9lectriques. Les personnes qui pr\u00e9f\u00e8rent des informations plus pr\u00e9cises trouveront en outre un mode d'emploi d\u00e9taill\u00e9 sur papier.<\/p>\n<p style=\"text-align: left;\">Ceux-ci se trouvent, le cas \u00e9ch\u00e9ant, dans la cuisine, dans la partie gauche du sideboard bleu clair, deuxi\u00e8me tiroir en partant du haut.<\/p>\n<\/div><div class=\"fusion-text fusion-text-54\"><p>Pour que tu puisses d\u00e9couvrir la ville en dehors des sentiers battus, nous avons rassembl\u00e9 des curiosit\u00e9s, des choses utiles et quelques conseils dans notre City Map mobile. Les petites ruelles de la vieille ville de Palerme sont souvent difficiles \u00e0 suivre. Pour t'y retrouver quand m\u00eame parfaitement, tu peux simplement consulter ton guide de ville personnel en utilisant le code QR dans la cuisine.<\/p>\n<p>Pour une meilleure visibilit\u00e9, nous l'avons repr\u00e9sent\u00e9 en violet.<\/p>\n<p>Sous les \"onglets\" au-dessus de la carte, les diff\u00e9rents th\u00e8mes peuvent \u00eatre affich\u00e9s ou masqu\u00e9s, divis\u00e9s ou affich\u00e9s en plein \u00e9cran.<\/p>\n<p>Attention : cette carte est exclusivement destin\u00e9e \u00e0 un usage priv\u00e9. Nous ne pouvons pas garantir les informations contenues dans la carte. Cela vaut en particulier pour l'exactitude, l'exhaustivit\u00e9 et l'actualit\u00e9 de la carte. L'utilisation de la carte se fait donc aux risques et p\u00e9rils de l'utilisateur.<\/p>\n<\/div><div class=\"fusion-text fusion-text-55\"><h2 class=\"fusion-responsive-typography-calculated\" style=\"text-align: center; --fontsize: 33; line-height: 1.3;\" data-fontsize=\"33\" data-lineheight=\"42.9px\"><\/h2>\n<h2 class=\"fusion-responsive-typography-calculated\" style=\"text-align: center; --fontsize: 33; line-height: 1.3;\" data-fontsize=\"33\" data-lineheight=\"42.9px\">R\u00e8glement int\u00e9rieur<\/h2>\n<p style=\"text-align: left;\">Afin de vous restreindre le moins possible dans votre bien-\u00eatre et votre libert\u00e9, nous avons volontairement limit\u00e9 notre r\u00e8glement int\u00e9rieur \u00e0 l'essentiel. Nous souhaitons que vous vous sentiez ici comme chez vous. C'est pourquoi nous souhaitons vous communiquer quelques points importants :<\/p>\n<p style=\"text-align: left;\">1. vivre et laisser vivre : Si vous suivez ce principe, le plus gros est d\u00e9j\u00e0 dit. Nous supposons simplement que vous prenez au moins autant de soin de l'appartement et de l'inventaire que s'il s'agissait de votre propri\u00e9t\u00e9. Nous vous remercions de votre compr\u00e9hension.<\/p>\n<p style=\"text-align: left;\">2. les zones non-fumeurs : L'appartement est une zone totalement non-fumeur. Nous vous demandons poliment de vous abstenir de fumer dans l'appartement. En cas d'infraction, un forfait de nettoyage plus \u00e9lev\u00e9 sera factur\u00e9. Celui-ci se situe entre 200,- et 1.000,- \u20ac selon l'ampleur des d\u00e9g\u00e2ts.<\/p>\n<p style=\"text-align: left;\">3. animaux domestiques : par respect pour les autres h\u00f4tes et les \u00e9ventuelles allergies, les animaux domestiques ne sont pas autoris\u00e9s dans notre appartement. Nous comptons sur votre compr\u00e9hension.<\/p>\n<p style=\"text-align: left;\">4. la collecte des d\u00e9chets : Malheureusement, Palerme ne dispose actuellement ni d'un syst\u00e8me de collecte des d\u00e9chets, ni d'un syst\u00e8me de tri des d\u00e9chets. Tu peux jeter les ordures dans les containers mis \u00e0 disposition \u00e0 la Porta Sant'Agatha. Tu peux trouver l'emplacement exact sur le plan num\u00e9rique de la ville.<\/p>\n<p style=\"text-align: left;\">5. nombre maximal d'h\u00f4tes \u00e0 la nuit\u00e9e : le nombre d'h\u00f4tes \u00e0 la nuit\u00e9e autoris\u00e9 correspond au nombre r\u00e9serv\u00e9, avec un maximum de quatre personnes. Bien entendu, les visiteurs sont autoris\u00e9s, mais l'appartement n'est pas un lieu de f\u00eate. Nous vous demandons de faire preuve de respect et de maintenir une atmosph\u00e8re calme, afin de pr\u00e9server notamment la paix nocturne dans le quartier de Ballar\u00f2.<\/p>\n<p style=\"text-align: left;\">6. r\u00e8glement des dommages et de la responsabilit\u00e9 : nous tenons \u00e0 vous informer qu'en cas de dommages ou de perte d'objets dans l'appartement de vacances, la responsabilit\u00e9 incombe au client. Nous ferons de notre mieux pour r\u00e9soudre les \u00e9ventuels probl\u00e8mes, mais nous tenons \u00e0 pr\u00e9ciser que, dans le cadre l\u00e9gal, il n'y a aucune responsabilit\u00e9 de la part du loueur.<\/p>\n<p style=\"text-align: left;\">Nous sommes persuad\u00e9s que vous comprenez et respectez ces points. Si vous avez des questions ou si vous avez besoin d'informations suppl\u00e9mentaires, nous sommes \u00e0 votre disposition. Nous vous remercions de votre compr\u00e9hension et de votre participation \u00e0 la pr\u00e9servation d'un s\u00e9jour agr\u00e9able dans notre appartement de vacances.Plan de ville num\u00e9rique<\/p>\n<\/div><div class=\"fusion-image-element\" style=\"text-align:center;--awb-caption-title-font-family:var(--h2_typography-font-family);--awb-caption-title-font-weight:var(--h2_typography-font-weight);--awb-caption-title-font-style:var(--h2_typography-font-style);--awb-caption-title-size:var(--h2_typography-font-size);--awb-caption-title-transform:var(--h2_typography-text-transform);--awb-caption-title-line-height:var(--h2_typography-line-height);--awb-caption-title-letter-spacing:var(--h2_typography-letter-spacing);\"><span class=\"fusion-imageframe imageframe-none imageframe-39 hover-type-none\" style=\"border-radius:12px;\"><img decoding=\"async\" width=\"1024\" height=\"576\" src=\"data:image\/svg+xml,%3Csvg%20xmlns%3D%27http%3A%2F%2Fwww.w3.org%2F2000%2Fsvg%27%20width%3D%272560%27%20height%3D%271440%27%20viewBox%3D%270%200%202560%201440%27%3E%3Crect%20width%3D%272560%27%20height%3D%271440%27%20fill-opacity%3D%220%22%2F%3E%3C%2Fsvg%3E\" data-orig-src=\"https:\/\/palazzovetrano.it\/wp-content\/uploads\/2023\/10\/Palermo-Blu-Centro-Storico-Ballaro-Pallazzo-Vertrano-Casa-Vacanza00006-1024x576.jpg\" alt class=\"lazyload img-responsive wp-image-1469\"\/><\/span><\/div><div class=\"fusion-text fusion-text-56\"><h2 class=\"fusion-responsive-typography-calculated\" style=\"text-align: center; --fontsize: 33; line-height: 1.3;\" data-fontsize=\"33\" data-lineheight=\"42.9px\"><\/h2>\n<h2 class=\"fusion-responsive-typography-calculated\" style=\"text-align: center; --fontsize: 33; line-height: 1.3;\" data-fontsize=\"33\" data-lineheight=\"42.9px\">Possibilit\u00e9s d'achat<\/h2>\n<p style=\"text-align: left;\">\u00c0 proximit\u00e9 directe de l'appartement de vacances, tu trouveras tout ce dont tu as besoin pour les besoins quotidiens : Caf\u00e9, p\u00e2tisserie &amp; gelato, pharmacie, parking public gratuit, boulangerie, mini-march\u00e9, distributeur de billets et bien plus encore. Tout est \u00e0 port\u00e9e de main pour que tu puisses te sentir comme un vrai Palermitain.<\/p>\n<p style=\"text-align: left;\">Notre plan num\u00e9rique de Palerme met \u00e0 ta disposition toutes les informations importantes, les conseils ultimes et les d\u00e9tails int\u00e9ressants. Ainsi, tu as toujours tout ce qui est important \u00e0 port\u00e9e de main sur ton t\u00e9l\u00e9phone portable.<\/p>\n<\/div><div class=\"fusion-text fusion-text-57\"><h3 class=\"\" style=\"text-align: center;\" data-fontsize=\"28\" data-lineheight=\"36.4px\">Ballar\u00f2<\/h3>\n<p style=\"text-align: left;\">Et maintenant, le clou de ton s\u00e9jour ! Le march\u00e9 de Ballar\u00f2 ! \u00c0 quelques pas de ta porte se trouve ce c\u0153ur palpitant du quartier anim\u00e9 de la vieille ville, Albergheria. Le Ballar\u00f2 n'est pas un march\u00e9 comme les autres, c'est un voyage dans le temps. Depuis plus de 1000 ans, il fournit aux habitants de Palerme du poisson fra\u00eechement p\u00each\u00e9, des fruits de mer, de d\u00e9licieux fromages, de la charcuterie savoureuse, de la viande juteuse, du pain parfum\u00e9, des l\u00e9gumes frais, des fruits sucr\u00e9s, des herbes aromatiques et des plantes. Plonge-toi dans l'atmosph\u00e8re anim\u00e9e.<\/p>\n<p style=\"text-align: left;\">Tu trouveras plus d'informations sur le march\u00e9 anim\u00e9 de Ballar\u00f2, le centre historique et le fascinant street art de Palerme dans notre plan de ville num\u00e9rique et dans les articles de blog en lien. Obtiens tous les conseils d'initi\u00e9s et pr\u00e9pare-toi \u00e0 vivre des exp\u00e9riences inoubliables !<\/p>\n<p style=\"text-align: left;\">Palerme t'appelle. Es-tu pr\u00eat \u00e0 d\u00e9couvrir ses secrets ? Que le plaisir commence !<\/p>\n<\/div><div class=\"fusion-image-element\" style=\"text-align:center;--awb-caption-title-font-family:var(--h2_typography-font-family);--awb-caption-title-font-weight:var(--h2_typography-font-weight);--awb-caption-title-font-style:var(--h2_typography-font-style);--awb-caption-title-size:var(--h2_typography-font-size);--awb-caption-title-transform:var(--h2_typography-text-transform);--awb-caption-title-line-height:var(--h2_typography-line-height);--awb-caption-title-letter-spacing:var(--h2_typography-letter-spacing);\"><span class=\"fusion-imageframe imageframe-none imageframe-40 hover-type-none\" style=\"border-radius:12px;\"><img decoding=\"async\" width=\"1024\" height=\"576\" src=\"https:\/\/palazzovetrano.it\/wp-content\/uploads\/2023\/10\/Ballaro-Palermo-60.jpg\" data-orig-src=\"https:\/\/palazzovetrano.it\/wp-content\/uploads\/2023\/10\/Ballaro-Palermo-60-1024x576.jpg\" alt class=\"lazyload img-responsive wp-image-1229\" srcset=\"data:image\/svg+xml,%3Csvg%20xmlns%3D%27http%3A%2F%2Fwww.w3.org%2F2000%2Fsvg%27%20width%3D%271920%27%20height%3D%271080%27%20viewBox%3D%270%200%201920%201080%27%3E%3Crect%20width%3D%271920%27%20height%3D%271080%27%20fill-opacity%3D%220%22%2F%3E%3C%2Fsvg%3E\" data-srcset=\"https:\/\/palazzovetrano.it\/wp-content\/uploads\/2023\/10\/Ballaro-Palermo-60-200x113.jpg 200w, https:\/\/palazzovetrano.it\/wp-content\/uploads\/2023\/10\/Ballaro-Palermo-60-400x225.jpg 400w, https:\/\/palazzovetrano.it\/wp-content\/uploads\/2023\/10\/Ballaro-Palermo-60-600x338.jpg 600w, https:\/\/palazzovetrano.it\/wp-content\/uploads\/2023\/10\/Ballaro-Palermo-60-800x450.jpg 800w, https:\/\/palazzovetrano.it\/wp-content\/uploads\/2023\/10\/Ballaro-Palermo-60-1200x675.jpg 1200w, https:\/\/palazzovetrano.it\/wp-content\/uploads\/2023\/10\/Ballaro-Palermo-60.jpg 1920w\" data-sizes=\"auto\" data-orig-sizes=\"(max-width: 800px) 100vw, 800px\" \/><\/span><\/div><div class=\"fusion-text fusion-text-58 fusion-text-no-margin\" style=\"--awb-content-alignment:left;\"><h3 class=\"fusion-responsive-typography-calculated\" style=\"--fontsize: 28; line-height: 1.3;\" data-fontsize=\"28\" data-lineheight=\"36.4px\"><\/h3>\n<h3 class=\"fusion-responsive-typography-calculated\" style=\"--fontsize: 28; line-height: 1.3;\" data-fontsize=\"28\" data-lineheight=\"36.4px\">Souvenirs<\/h3>\n<p style=\"text-align: left;\">Le meilleur est \u00e0 la fin ? Pour que tu puisses garder vivants les souvenirs de ton s\u00e9jour \u00e0 Palerme, les souvenirs sont parfaits. Nous avons am\u00e9nag\u00e9 cet appartement avec une grande attention aux d\u00e9tails. Si tu as d\u00e9j\u00e0 trouv\u00e9 des id\u00e9es, n'h\u00e9site pas \u00e0 nous les communiquer. Nous avons certainement quelques conseils \u00e0 te donner pour trouver des souvenirs qui te conviennent. Voici d\u00e9j\u00e0 quelques id\u00e9es :<\/p>\n<p style=\"text-align: left;\">Boutiques de souvenirs : Palerme offre une multitude de boutiques de souvenirs dans lesquelles tu peux trouver de l'artisanat local, des produits typiques et des souvenirs.<\/p>\n<p style=\"text-align: left;\">March\u00e9s : Visite l'un des march\u00e9s de Palerme, comme le march\u00e9 Vucciria, le Mercato di Ballar\u00f2 ou le Mercato delle Pulci (march\u00e9 aux puces).<\/p>\n<p style=\"text-align: left;\">Artisans : Palerme est connue pour son artisanat traditionnel. Prom\u00e8ne-toi dans la ville et d\u00e9couvre de petits ateliers o\u00f9 des artistes et des artisans cr\u00e9ent des \u0153uvres d'art uniques, des sculptures, des peintures ou des c\u00e9ramiques. Tu peux acheter directement chez eux et soutenir ainsi l'art local.<\/p>\n<p style=\"text-align: left;\">Boutiques : dans les quartiers de la ville, tu trouveras aussi quelques boutiques qui proposent des produits exclusifs et individuels. Tu pourras y d\u00e9couvrir des bijoux faits main, des v\u00eatements de cr\u00e9ateurs ou des \u0153uvres d'art qui refl\u00e8tent l'ambiance authentique de Palerme.<\/p>\n<p style=\"text-align: left;\">Sp\u00e9cialit\u00e9s gastronomiques : Palerme est connue pour sa d\u00e9licieuse cuisine sicilienne. Ram\u00e8ne un morceau de Palerme chez toi en achetant des sp\u00e9cialit\u00e9s locales comme des p\u00e2tisseries siciliennes, de l'huile d'olive, du vin, des tomates s\u00e9ch\u00e9es ou des \u00e9pices. Tu peux trouver ces produits dans les \u00e9piceries fines et les traiteurs.<\/p>\n<p style=\"text-align: left;\">Tu as \u00e9t\u00e9 s\u00e9duit par les peaux de mouton color\u00e9es, les coussins, les lampes et les accessoires de sport anciens de notre appartement ? M\u00eame s'ils ne proviennent pas de Palerme, ils sont certainement un bon souvenir.<\/p>\n<p style=\"text-align: left;\">Ramener les n\u00f4tres en Allemagne ne serait pas seulement du vol, mais aussi du transport de hiboux. Demande plut\u00f4t \u00e0 quelqu'un qui s'y conna\u00eet. <a href=\"https:\/\/www.wohnrevier.com\/\" target=\"_blank\" rel=\"noopener\">Judith<\/a> d'Essen ne dispose pas seulement d'un magnifique magasin, d'un conseil comp\u00e9tent, mais aussi d'un <a href=\"https:\/\/www.wohnrevier.com\/\" target=\"_blank\" rel=\"noopener\">Boutique en ligne<\/a>.<\/p>\n<p style=\"text-align: left;\">Lors de l'achat de souvenirs, nous te recommandons de privil\u00e9gier les produits locaux et l'artisanat afin de soutenir l'\u00e9conomie locale et de ramener chez toi un peu de la culture unique de Palerme. N'oublie pas que ce n'est pas seulement un bon souvenir de ton voyage, mais que cela contribue aussi \u00e0 pr\u00e9server le patrimoine culturel et l'artisanat de la ville.<\/p>\n<p style=\"text-align: left;\">Tu trouveras de nombreux conseils dans notre plan de ville num\u00e9rique. Si tu trouves un objet particuli\u00e8rement beau dans un magasin qui n'est pas encore mentionn\u00e9, fais-le nous savoir. Nous esp\u00e9rons que ces conseils t'aideront \u00e0 trouver le souvenir id\u00e9al qui te rappellera ton s\u00e9jour \u00e0 Palerme. Profite de ta visite et ram\u00e8ne chez toi un peu de la culture sicilienne !<\/p>\n<p>&nbsp;<\/p>\n<h2 class=\"fusion-responsive-typography-calculated\" style=\"--fontsize: 33; line-height: 1.3; text-align: center;\" data-fontsize=\"33\" data-lineheight=\"42.9px\">Prolongation<\/h2>\n<p style=\"text-align: left;\">Tu n'en as jamais assez et tu souhaites spontan\u00e9ment rester plus longtemps ?<\/p>\n<p style=\"text-align: left;\">Demande simplement \u00e0 solemar sicilia si l'appartement est libre.<\/p>\n<p style=\"text-align: left;\"><b>Nous te souhaitons un agr\u00e9able s\u00e9jour et restons \u00e0 ta disposition pour toute question ou demande. Profite de ton s\u00e9jour \u00e0 Palerme et explore la fascinante vieille ville avec toutes ses curiosit\u00e9s !<\/b><\/p>\n<\/div><div class=\"fusion-text fusion-text-59 fusion-no-medium-visibility fusion-no-large-visibility fusion-text-no-margin\" style=\"--awb-content-alignment:center;\"><p>Il est certain que cet appartement unique est tout sauf ordinaire. Situ\u00e9 \u00e0 deux pas du c\u00e9l\u00e8bre march\u00e9 de Ballar\u00f2, ce logement de vacances attrayant s\u00e9duit par son design soigneusement pens\u00e9. Mais pourquoi se contenter de moins ?<\/p>\n<p>L'int\u00e9rieur de l'imposant palazzo a \u00e9t\u00e9 enti\u00e8rement d\u00e9noyaut\u00e9 et modernis\u00e9 afin de cr\u00e9er des appartements modernes et lumineux. L'appartement de vacances haut de gamme Palazzo Vertrano comprend, sur pr\u00e8s de 100 m\u00e8tres carr\u00e9s, deux chambres \u00e0 coucher spacieuses, chacune avec un grand lit double, une cuisine habitable fonctionnelle, une salle de bains avec douche ainsi qu'une terrasse priv\u00e9e de style atrium - un lieu de retraite paisible au c\u0153ur de la vieille ville anim\u00e9e de Palerme.<\/p>\n<\/div><\/div><\/div><\/div><\/div><div class=\"fusion-fullwidth fullwidth-box fusion-builder-row-3 fusion-flex-container has-pattern-background has-mask-background nonhundred-percent-fullwidth non-hundred-percent-height-scrolling\" style=\"--awb-background-position:left center;--awb-border-radius-top-left:0px;--awb-border-radius-top-right:0px;--awb-border-radius-bottom-right:0px;--awb-border-radius-bottom-left:0px;--awb-padding-top:130px;--awb-padding-bottom:130px;--awb-padding-top-medium:90px;--awb-padding-bottom-medium:90px;--awb-background-color:var(--awb-color1);--awb-flex-wrap:wrap;\" ><div class=\"fusion-builder-row fusion-row fusion-flex-align-items-flex-start fusion-flex-justify-content-center fusion-flex-content-wrap\" style=\"max-width:calc( 1200px + 0px );margin-left: calc(-0px \/ 2 );margin-right: calc(-0px \/ 2 );\"><div class=\"fusion-layout-column fusion_builder_column fusion-builder-column-3 fusion_builder_column_1_1 1_1 fusion-flex-column\" style=\"--awb-bg-size:cover;--awb-width-large:100%;--awb-margin-top-large:60px;--awb-spacing-right-large:0;--awb-margin-bottom-large:60px;--awb-spacing-left-large:0;--awb-width-medium:100%;--awb-order-medium:0;--awb-spacing-right-medium:0;--awb-spacing-left-medium:0;--awb-width-small:100%;--awb-order-small:0;--awb-spacing-right-small:0;--awb-spacing-left-small:0;\"><div class=\"fusion-column-wrapper fusion-column-has-shadow fusion-flex-justify-content-flex-start fusion-content-layout-column\"><div class=\"fusion-title title fusion-title-4 fusion-sep-none fusion-title-center fusion-title-text fusion-title-size-two\" style=\"--awb-text-color:var(--awb-color8);--awb-margin-bottom:20px;\"><h2 class=\"fusion-title-heading title-heading-center\" style=\"margin:0;text-transform:none;\"><div class=\"page\" title=\"Page 3\">\n<div class=\"layoutArea\">\n<div class=\"column\">Vid\u00e9os<\/div>\n<\/div>\n<\/div><\/h2><\/div><div class=\"fusion-text fusion-text-60 fusion-text-no-margin\" style=\"--awb-content-alignment:center;--awb-margin-right:20%;--awb-margin-bottom:30px;--awb-margin-left:20%;\"><p>D\u00e9couvre la ville.<\/p>\n<\/div><\/div><\/div><div class=\"fusion-layout-column fusion_builder_column fusion-builder-column-4 fusion_builder_column_1_2 1_2 fusion-flex-column\" style=\"--awb-padding-top:10px;--awb-padding-right:10px;--awb-padding-bottom:50px;--awb-padding-left:10px;--awb-bg-size:cover;--awb-width-large:50%;--awb-margin-top-large:0px;--awb-spacing-right-large:0;--awb-margin-bottom-large:20px;--awb-spacing-left-large:0;--awb-width-medium:50%;--awb-order-medium:0;--awb-spacing-right-medium:0;--awb-spacing-left-medium:0;--awb-width-small:100%;--awb-order-small:0;--awb-spacing-right-small:0;--awb-spacing-left-small:0;\"><div class=\"fusion-column-wrapper fusion-column-has-shadow fusion-flex-justify-content-center fusion-content-layout-column\"><div class=\"fusion-video fusion-youtube\" style=\"--awb-max-width:600px;--awb-max-height:360px;--awb-align-self:center;--awb-width:100%;\"><div class=\"video-shortcode\"><lite-youtube videoid=\"m3an7Xkj5YE\" class=\"landscape\" params=\"wmode=transparent&autoplay=1&enablejsapi=1\" title=\"Lecteur vid\u00e9o YouTube 2\" width=\"600\" height=\"360\"><\/lite-youtube><\/div><\/div><\/div><\/div><div class=\"fusion-layout-column fusion_builder_column fusion-builder-column-5 fusion_builder_column_1_2 1_2 fusion-flex-column\" style=\"--awb-padding-top:10px;--awb-padding-right:10px;--awb-padding-bottom:50px;--awb-padding-left:10px;--awb-bg-size:cover;--awb-width-large:50%;--awb-margin-top-large:0px;--awb-spacing-right-large:0;--awb-margin-bottom-large:20px;--awb-spacing-left-large:0;--awb-width-medium:50%;--awb-order-medium:0;--awb-spacing-right-medium:0;--awb-spacing-left-medium:0;--awb-width-small:100%;--awb-order-small:0;--awb-spacing-right-small:0;--awb-spacing-left-small:0;\"><div class=\"fusion-column-wrapper fusion-column-has-shadow fusion-flex-justify-content-flex-start fusion-content-layout-column\"><div class=\"fusion-video fusion-youtube\" style=\"--awb-max-width:600px;--awb-max-height:360px;--awb-align-self:center;--awb-width:100%;\"><div class=\"video-shortcode\"><lite-youtube videoid=\"OVRKLJYWnGA\" class=\"landscape\" params=\"wmode=transparent&autoplay=1&enablejsapi=1\" title=\"Lecteur vid\u00e9o YouTube 3\" width=\"600\" height=\"360\"><\/lite-youtube><\/div><\/div><\/div><\/div><div class=\"fusion-layout-column fusion_builder_column fusion-builder-column-6 fusion_builder_column_1_1 1_1 fusion-flex-column\" style=\"--awb-bg-size:cover;--awb-width-large:100%;--awb-margin-top-large:60px;--awb-spacing-right-large:0;--awb-margin-bottom-large:60px;--awb-spacing-left-large:0;--awb-width-medium:100%;--awb-order-medium:0;--awb-spacing-right-medium:0;--awb-spacing-left-medium:0;--awb-width-small:100%;--awb-order-small:0;--awb-spacing-right-small:0;--awb-spacing-left-small:0;\"><div class=\"fusion-column-wrapper fusion-column-has-shadow fusion-flex-justify-content-flex-start fusion-content-layout-column\"><i class=\"fb-icon-element-1 fb-icon-element fontawesome-icon fa-map-marker-alt fas circle-yes\" style=\"--awb-circlecolor:var(--awb-custom_color_4);--awb-circlecolor-hover:var(--awb-custom_color_4);--awb-circlebordercolor-hover:var(--awb-color8);--awb-circlebordersize:0px;--awb-font-size:28.16px;--awb-width:56.32px;--awb-height:56.32px;--awb-line-height:56.32px;--awb-margin-top:0;--awb-margin-right:0;--awb-margin-bottom:0;--awb-margin-left:0;--awb-align-self:center;\"><\/i><div class=\"fusion-title title fusion-title-5 fusion-sep-none fusion-title-center fusion-title-text fusion-title-size-two\" style=\"--awb-text-color:var(--awb-color8);--awb-margin-bottom:20px;\"><h2 class=\"fusion-title-heading title-heading-center\" style=\"margin:0;text-transform:none;\"><div class=\"page\" title=\"Page 3\">\n<div class=\"layoutArea\">\n<div class=\"column\">\n<p>Adresse et situation<\/p>\n<\/div>\n<\/div>\n<\/div><\/h2><\/div><div class=\"fusion-text fusion-text-61 fusion-text-no-margin\" style=\"--awb-content-alignment:center;--awb-margin-right:20%;--awb-margin-bottom:30px;--awb-margin-left:20%;\"><p>Via delle Pergole 87<\/p>\n<p>90134 Palermo PA<\/p>\n<p>Italie ??<\/p>\n<\/div><div class=\"awb-openstreet-map awb-openstreet-map-1\" data-map-style=\"osm-carto\" data-map-type=\"marker\" data-zoom=\"14\" data-zoomsnap=\"1\" data-zoomcontrol=\"1\" data-scrollwheelzoom=\"1\" data-dragging=\"1\" data-touchzoom=\"1\" data-dbclickzoom=\"1\" data-fitbounds=\"1\" data-shape-color=\"rgba(188,63,49,1)\" data-shape-weight=\"3\"><div class=\"awb-openstreet-map-marker awb-openstreet-map-marker-1\" data-latitude=\"38.110286\" data-longitude=\"13.361977\" data-icon=\"fa-map-marker-alt fas\" data-action=\"popup\"><div class=\"awb-openstreet-map-marker-icon-wrapper awb-openstreet-map-marker-anim-pulsating\" style=\"--awb-background-color:var(--awb-custom_color_1);--awb-hover-background-color:var(--awb-custom_color_3);\"><i class=\"fa-map-marker-alt fas\"><\/i><\/div><div class=\"awb-openstreet-map-content-wrapper\"><h5 class=\"awb-openstreet-map-marker-title\">Appartement Palazzo Vetrano<\/h5><div class=\"awb-openstreet-map-marker-content\">Via delle Pergole 87\n90134 Palerme PA<\/div><\/div><\/div><\/div><\/div><\/div><\/div><\/div><\/p>","protected":false},"excerpt":{"rendered":"","protected":false},"author":1,"featured_media":0,"parent":0,"menu_order":0,"comment_status":"closed","ping_status":"closed","template":"100-width.php","meta":{"inline_featured_image":false,"footnotes":""},"class_list":["post-1168","page","type-page","status-publish","hentry"],"_links":{"self":[{"href":"https:\/\/palazzovetrano.it\/fr\/wp-json\/wp\/v2\/pages\/1168","targetHints":{"allow":["GET"]}}],"collection":[{"href":"https:\/\/palazzovetrano.it\/fr\/wp-json\/wp\/v2\/pages"}],"about":[{"href":"https:\/\/palazzovetrano.it\/fr\/wp-json\/wp\/v2\/types\/page"}],"author":[{"embeddable":true,"href":"https:\/\/palazzovetrano.it\/fr\/wp-json\/wp\/v2\/users\/1"}],"replies":[{"embeddable":true,"href":"https:\/\/palazzovetrano.it\/fr\/wp-json\/wp\/v2\/comments?post=1168"}],"version-history":[{"count":284,"href":"https:\/\/palazzovetrano.it\/fr\/wp-json\/wp\/v2\/pages\/1168\/revisions"}],"predecessor-version":[{"id":2694,"href":"https:\/\/palazzovetrano.it\/fr\/wp-json\/wp\/v2\/pages\/1168\/revisions\/2694"}],"wp:attachment":[{"href":"https:\/\/palazzovetrano.it\/fr\/wp-json\/wp\/v2\/media?parent=1168"}],"curies":[{"name":"wp","href":"https:\/\/api.w.org\/{rel}","templated":true}]}}