{"id":1168,"date":"2023-10-10T08:25:29","date_gmt":"2023-10-10T08:25:29","guid":{"rendered":"https:\/\/palazzovetrano.it\/?page_id=1168"},"modified":"2025-08-11T15:35:53","modified_gmt":"2025-08-11T13:35:53","slug":"guest-information-all-you-need-to-know","status":"publish","type":"page","link":"https:\/\/palazzovetrano.it\/es\/guest-information-all-you-need-to-know\/","title":{"rendered":"Informaci\u00f3n para hu\u00e9spedes: todo lo que debe saber"},"content":{"rendered":"<p><div class=\"fusion-fullwidth fullwidth-box fusion-builder-row-1 fusion-flex-container has-pattern-background has-mask-background hundred-percent-fullwidth non-hundred-percent-height-scrolling\" style=\"--awb-border-radius-top-left:0px;--awb-border-radius-top-right:0px;--awb-border-radius-bottom-right:0px;--awb-border-radius-bottom-left:0px;--awb-padding-right:0px;--awb-padding-left:0px;--awb-flex-wrap:wrap;\" ><div class=\"fusion-builder-row fusion-row fusion-flex-align-items-stretch fusion-flex-content-wrap\" style=\"width:calc( 100% + 0px ) !important;max-width:calc( 100% + 0px ) !important;margin-left: calc(-0px \/ 2 );margin-right: calc(-0px \/ 2 );\"><div class=\"fusion-layout-column fusion_builder_column fusion-builder-column-0 fusion-flex-column fusion-animated\" style=\"--awb-padding-top:4vw;--awb-padding-right:4vw;--awb-padding-bottom:4vw;--awb-padding-left:4vw;--awb-padding-top-medium:18vw;--awb-padding-right-medium:6vw;--awb-padding-bottom-medium:6vw;--awb-padding-left-medium:6vw;--awb-bg-color:var(--awb-color7);--awb-bg-color-hover:var(--awb-color7);--awb-bg-image:linear-gradient(180deg, hsla(var(--awb-color6-h),var(--awb-color6-s),var(--awb-color6-l),calc(var(--awb-color6-a) - 100%)) 19%,hsla(var(--awb-color6-h),var(--awb-color6-s),calc(var(--awb-color6-l) - 22%),calc(var(--awb-color6-a) - 23%)) 100%);;--awb-bg-position:center center;--awb-bg-size:cover;--awb-width-large:57%;--awb-margin-top-large:0px;--awb-spacing-right-large:0;--awb-margin-bottom-large:0px;--awb-spacing-left-large:0;--awb-width-medium:100%;--awb-order-medium:2;--awb-spacing-right-medium:0;--awb-spacing-left-medium:0;--awb-width-small:100%;--awb-order-small:1;--awb-spacing-right-small:0;--awb-spacing-left-small:0;\" data-animationtype=\"fadeIn\" data-animationduration=\"0.8\" data-animationoffset=\"top-into-view\"><div class=\"fusion-column-wrapper lazyload fusion-column-has-shadow fusion-flex-justify-content-flex-end fusion-content-layout-column fusion-column-has-bg-image\" data-bg-url=\"https:\/\/palazzovetrano.it\/wp-content\/uploads\/2023\/06\/26-Schlafen-1-Palermo-Blu-Centro-Storico-Ballaro-Pallazzo-Vertrano-Casa-Vacanza-00004-1-scaled.jpg\" data-bg=\"https:\/\/palazzovetrano.it\/wp-content\/uploads\/2023\/06\/26-Schlafen-1-Palermo-Blu-Centro-Storico-Ballaro-Pallazzo-Vertrano-Casa-Vacanza-00004-1-scaled.jpg\" data-bg-gradient=\"linear-gradient(180deg, hsla(var(--awb-color6-h),var(--awb-color6-s),var(--awb-color6-l),calc(var(--awb-color6-a) - 100%)) 19%,hsla(var(--awb-color6-h),var(--awb-color6-s),calc(var(--awb-color6-l) - 22%),calc(var(--awb-color6-a) - 23%)) 100%)\"><div class=\"fusion-title title fusion-title-1 fusion-sep-none fusion-title-text fusion-title-size-two\" style=\"--awb-text-color:var(--awb-color1);--awb-margin-bottom:10px;\"><h2 class=\"fusion-title-heading title-heading-left\" style=\"margin:0;\">Bienvenido<\/h2><\/div><div class=\"fusion-text fusion-text-1 fusion-no-small-visibility fusion-no-medium-visibility fusion-text-no-margin\" style=\"--awb-text-color:var(--awb-color1);--awb-margin-right:20%;--awb-margin-bottom:50px;\"><p>Bienvenido a Palazzo Vetrano, nuestro exclusivo apartamento de vacaciones sostenible. Estamos encantados de que haya elegido este refugio. Aqu\u00ed se encuentra en el emocionante casco antiguo de Palermo, el llamado Centro Storico. M\u00e1s concretamente, en el barrio antiguo de Albergheria y, por tanto, directamente en el hist\u00f3rico mercado de Ballar\u00f2.<\/p>\n<\/div><\/div><\/div><div class=\"fusion-layout-column fusion_builder_column fusion-builder-column-1 fusion-flex-column fusion-animated\" style=\"--awb-padding-top:6vw;--awb-padding-right:6vw;--awb-padding-bottom:6vw;--awb-padding-left:6vw;--awb-padding-top-medium:9vw;--awb-padding-bottom-medium:9vw;--awb-padding-top-small:60px;--awb-padding-right-small:60px;--awb-padding-bottom-small:60px;--awb-padding-left-small:60px;--awb-bg-color:var(--awb-custom_color_3);--awb-bg-color-hover:var(--awb-custom_color_3);--awb-bg-image:linear-gradient(180deg, hsla(var(--awb-color1-h),var(--awb-color1-s),var(--awb-color1-l),calc(var(--awb-color1-a) - 75%)) 0%,hsla(var(--awb-custom_color_3-h),var(--awb-custom_color_3-s),var(--awb-custom_color_3-l),calc(var(--awb-custom_color_3-a) - 10%)) 100%);;--awb-bg-position:center center;--awb-bg-size:cover;--awb-width-large:43%;--awb-margin-top-large:0px;--awb-spacing-right-large:0;--awb-margin-bottom-large:0px;--awb-spacing-left-large:0;--awb-width-medium:100%;--awb-order-medium:0;--awb-spacing-right-medium:0;--awb-spacing-left-medium:0;--awb-width-small:100%;--awb-order-small:0;--awb-spacing-right-small:0;--awb-spacing-left-small:0;\" data-animationtype=\"fadeIn\" data-animationduration=\"0.8\" data-animationoffset=\"top-into-view\"><div class=\"fusion-column-wrapper lazyload fusion-column-has-shadow fusion-flex-justify-content-flex-start fusion-content-layout-column fusion-column-has-bg-image\" data-bg-url=\"https:\/\/palazzovetrano.it\/wp-content\/uploads\/2023\/06\/33-LA-CALA-nur-ca.-14-Kilometer-entfernt-Palermo-Blu-Centro-Storico-Pallazzo-Vertrano-Casa-Vacanza-00008-1-scaled.jpg\" data-bg=\"https:\/\/palazzovetrano.it\/wp-content\/uploads\/2023\/06\/33-LA-CALA-nur-ca.-14-Kilometer-entfernt-Palermo-Blu-Centro-Storico-Pallazzo-Vertrano-Casa-Vacanza-00008-1-scaled.jpg\" data-bg-gradient=\"linear-gradient(180deg, hsla(var(--awb-color1-h),var(--awb-color1-s),var(--awb-color1-l),calc(var(--awb-color1-a) - 75%)) 0%,hsla(var(--awb-custom_color_3-h),var(--awb-custom_color_3-s),var(--awb-custom_color_3-l),calc(var(--awb-custom_color_3-a) - 10%)) 100%)\"><div class=\"fusion-title title fusion-title-2 fusion-sep-none fusion-title-text fusion-title-size-one\" style=\"--awb-text-color:#ffffff;--awb-margin-right:15%;--awb-margin-bottom:25px;--awb-margin-top-medium:0px;--awb-margin-right-medium:0px;--awb-font-size:40px;\"><h1 class=\"fusion-title-heading title-heading-left md-text-align-center\" style=\"margin:0;font-size:1em;line-height:1.2;\">Carpeta de invitados<\/h1><\/div><div class=\"fusion-text fusion-text-2 fusion-no-small-visibility fusion-text-no-margin\" style=\"--awb-text-color:var(--awb-color1);--awb-margin-right:20%;--awb-margin-bottom:50px;\"><p><span style=\"color: #ffffff;\"><b>Estamos seguros de que pronto querr\u00e1s explorar el casco antiguo. Y te prometemos ya desde ahora que la aventura palermitana merece la pena. <\/b><\/span>Hay mucho por descubrir. Encontrar\u00e1 consejos para su viaje por la ciudad en las entradas de blog enlazadas y en nuestro mapa digital de la ciudad. Est\u00e1 basado en Google Maps. S\u00f3lo tiene que abrir el enlace en su tel\u00e9fono m\u00f3vil o compartirlo. As\u00ed tendr\u00e1 un mapa digital de la ciudad dondequiera que vaya.<\/p>\n<\/div><div class=\"fusion-video fusion-youtube fusion-no-small-visibility\" style=\"--awb-max-width:600px;--awb-max-height:360px;--awb-align-self:center;--awb-width:100%;\"><div class=\"video-shortcode\"><lite-youtube videoid=\"evMxHaXQd2A\" class=\"landscape\" params=\"wmode=transparent&autoplay=1&enablejsapi=1\" title=\"Reproductor de v\u00eddeo YouTube 1\" width=\"600\" height=\"360\"><\/lite-youtube><\/div><\/div><\/div><\/div><\/div><\/div><div class=\"fusion-fullwidth fullwidth-box fusion-builder-row-2 fusion-flex-container has-pattern-background has-mask-background fusion-parallax-none nonhundred-percent-fullwidth non-hundred-percent-height-scrolling lazyload fusion-animated fusion-custom-z-index\" style=\"--awb-background-position:left center;--awb-border-radius-top-left:0px;--awb-border-radius-top-right:0px;--awb-border-radius-bottom-right:0px;--awb-border-radius-bottom-left:0px;--awb-z-index:9;--awb-padding-top:130px;--awb-padding-bottom:80px;--awb-padding-top-medium:90px;--awb-background-size:cover;--awb-flex-wrap:wrap;\" data-bg=\"https:\/\/palazzovetrano.it\/wp-content\/uploads\/2022\/12\/bg.svg\" data-animationtype=\"fadeInDown\" data-animationduration=\"0.8\" data-animationdelay=\"0.4\" data-animationoffset=\"top-into-view\" ><div class=\"fusion-builder-row fusion-row fusion-flex-align-items-flex-start fusion-flex-content-wrap\" style=\"max-width:1248px;margin-left: calc(-4% \/ 2 );margin-right: calc(-4% \/ 2 );\"><div class=\"fusion-layout-column fusion_builder_column fusion-builder-column-2 fusion_builder_column_1_1 1_1 fusion-flex-column\" style=\"--awb-padding-right:20%;--awb-padding-left:20%;--awb-bg-size:cover;--awb-width-large:100%;--awb-margin-top-large:0px;--awb-spacing-right-large:1.92%;--awb-margin-bottom-large:0px;--awb-spacing-left-large:1.92%;--awb-width-medium:100%;--awb-order-medium:0;--awb-spacing-right-medium:1.92%;--awb-spacing-left-medium:1.92%;--awb-width-small:100%;--awb-order-small:0;--awb-spacing-right-small:1.92%;--awb-spacing-left-small:1.92%;\"><div class=\"fusion-column-wrapper fusion-column-has-shadow fusion-flex-justify-content-flex-start fusion-content-layout-column\"><div class=\"fusion-image-element\" style=\"text-align:center;--awb-max-width:80px;--awb-caption-title-font-family:var(--h2_typography-font-family);--awb-caption-title-font-weight:var(--h2_typography-font-weight);--awb-caption-title-font-style:var(--h2_typography-font-style);--awb-caption-title-size:var(--h2_typography-font-size);--awb-caption-title-transform:var(--h2_typography-text-transform);--awb-caption-title-line-height:var(--h2_typography-line-height);--awb-caption-title-letter-spacing:var(--h2_typography-letter-spacing);\"><span class=\"fusion-imageframe imageframe-none imageframe-1 hover-type-none\" style=\"border-radius:12px;\"><img decoding=\"async\" width=\"1042\" height=\"1042\" alt=\"Cupido\" title=\"Icono - PNG Fondo transparente\" src=\"https:\/\/palazzovetrano.it\/wp-content\/uploads\/2023\/06\/Icon-PNG-Transparent-background-1.png\" data-orig-src=\"https:\/\/palazzovetrano.it\/wp-content\/uploads\/2023\/06\/Icon-PNG-Transparent-background-1.png\" class=\"lazyload img-responsive wp-image-911\" srcset=\"data:image\/svg+xml,%3Csvg%20xmlns%3D%27http%3A%2F%2Fwww.w3.org%2F2000%2Fsvg%27%20width%3D%271042%27%20height%3D%271042%27%20viewBox%3D%270%200%201042%201042%27%3E%3Crect%20width%3D%271042%27%20height%3D%271042%27%20fill-opacity%3D%220%22%2F%3E%3C%2Fsvg%3E\" data-srcset=\"https:\/\/palazzovetrano.it\/wp-content\/uploads\/2023\/06\/Icon-PNG-Transparent-background-1-200x200.png 200w, https:\/\/palazzovetrano.it\/wp-content\/uploads\/2023\/06\/Icon-PNG-Transparent-background-1-400x400.png 400w, https:\/\/palazzovetrano.it\/wp-content\/uploads\/2023\/06\/Icon-PNG-Transparent-background-1-600x600.png 600w, https:\/\/palazzovetrano.it\/wp-content\/uploads\/2023\/06\/Icon-PNG-Transparent-background-1-800x800.png 800w, https:\/\/palazzovetrano.it\/wp-content\/uploads\/2023\/06\/Icon-PNG-Transparent-background-1.png 1042w\" data-sizes=\"auto\" data-orig-sizes=\"(max-width: 800px) 100vw, 800px\" \/><\/span><\/div><div class=\"fusion-title title fusion-title-3 fusion-sep-none fusion-title-center fusion-title-text fusion-title-size-two\" style=\"--awb-margin-bottom-small:20px;\"><h2 class=\"fusion-title-heading title-heading-center\" style=\"margin:0;text-transform:none;\">Informaci\u00f3n para los visitantes<\/h2><\/div><div class=\"fusion-image-element\" style=\"text-align:center;--awb-margin-bottom:2rem;--awb-caption-title-font-family:var(--h2_typography-font-family);--awb-caption-title-font-weight:var(--h2_typography-font-weight);--awb-caption-title-font-style:var(--h2_typography-font-style);--awb-caption-title-size:var(--h2_typography-font-size);--awb-caption-title-transform:var(--h2_typography-text-transform);--awb-caption-title-line-height:var(--h2_typography-line-height);--awb-caption-title-letter-spacing:var(--h2_typography-letter-spacing);\"><span class=\"fusion-imageframe imageframe-none imageframe-2 hover-type-none\" style=\"border-radius:12px;\"><img decoding=\"async\" width=\"1024\" height=\"576\" alt=\"Recorrido fotogr\u00e1fico por Palermo:\" src=\"https:\/\/palazzovetrano.it\/wp-content\/uploads\/2023\/06\/22-Fontana-Pretoria-Fontana-della-Vergogna-nur-750-Meter-entfernt-Palermo-Blu-Centro-Storico-Ballaro-Pallazzo-Vertrano-Casa-Vacanza00010-1-scaled.jpg\" data-orig-src=\"https:\/\/palazzovetrano.it\/wp-content\/uploads\/2023\/06\/22-Fontana-Pretoria-Fontana-della-Vergogna-nur-750-Meter-entfernt-Palermo-Blu-Centro-Storico-Ballaro-Pallazzo-Vertrano-Casa-Vacanza00010-1-1024x576.jpg\" class=\"lazyload img-responsive wp-image-987\" srcset=\"data:image\/svg+xml,%3Csvg%20xmlns%3D%27http%3A%2F%2Fwww.w3.org%2F2000%2Fsvg%27%20width%3D%272560%27%20height%3D%271440%27%20viewBox%3D%270%200%202560%201440%27%3E%3Crect%20width%3D%272560%27%20height%3D%271440%27%20fill-opacity%3D%220%22%2F%3E%3C%2Fsvg%3E\" data-srcset=\"https:\/\/palazzovetrano.it\/wp-content\/uploads\/2023\/06\/22-Fontana-Pretoria-Fontana-della-Vergogna-nur-750-Meter-entfernt-Palermo-Blu-Centro-Storico-Ballaro-Pallazzo-Vertrano-Casa-Vacanza00010-1-200x113.jpg 200w, https:\/\/palazzovetrano.it\/wp-content\/uploads\/2023\/06\/22-Fontana-Pretoria-Fontana-della-Vergogna-nur-750-Meter-entfernt-Palermo-Blu-Centro-Storico-Ballaro-Pallazzo-Vertrano-Casa-Vacanza00010-1-400x225.jpg 400w, https:\/\/palazzovetrano.it\/wp-content\/uploads\/2023\/06\/22-Fontana-Pretoria-Fontana-della-Vergogna-nur-750-Meter-entfernt-Palermo-Blu-Centro-Storico-Ballaro-Pallazzo-Vertrano-Casa-Vacanza00010-1-600x338.jpg 600w, https:\/\/palazzovetrano.it\/wp-content\/uploads\/2023\/06\/22-Fontana-Pretoria-Fontana-della-Vergogna-nur-750-Meter-entfernt-Palermo-Blu-Centro-Storico-Ballaro-Pallazzo-Vertrano-Casa-Vacanza00010-1-800x450.jpg 800w, https:\/\/palazzovetrano.it\/wp-content\/uploads\/2023\/06\/22-Fontana-Pretoria-Fontana-della-Vergogna-nur-750-Meter-entfernt-Palermo-Blu-Centro-Storico-Ballaro-Pallazzo-Vertrano-Casa-Vacanza00010-1-1200x675.jpg 1200w\" data-sizes=\"auto\" data-orig-sizes=\"(max-width: 800px) 100vw, 800px\" \/><\/span><\/div><div class=\"fusion-text fusion-text-3\" style=\"--awb-content-alignment:left;\"><p style=\"text-align: left;\">Pero de momento, llegue tranquilo. Porque aunque Palermo parezca a menudo ruidosa y animada, la palabra m\u00e1s importante es \"<b>tranquillo<\/b>\". Esto significa algo as\u00ed como \"t\u00f3matelo con calma\". Sin duda, un buen principio para unos d\u00edas de relax en Palermo.<\/p>\n<p style=\"text-align: left;\">Nuestro \u00edndice le ayudar\u00e1 a encontrar los temas que le interesan. Para una mejor visi\u00f3n de conjunto, hemos dividido el piso seg\u00fan las salas, adem\u00e1s de los temas generales. - Si falta algo, no dude en comunic\u00e1rnoslo. Comentarios<\/p>\n<h2 class=\"fusion-responsive-typography-calculated\" style=\"--fontsize: 33; line-height: 1.3; text-align: left;\" data-fontsize=\"33\" data-lineheight=\"42.9px\"><\/h2>\n<p style=\"text-align: left;\">\n<\/div><div class=\"fusion-text fusion-text-4\"><h2 class=\"fusion-responsive-typography-calculated\" style=\"text-align: center; --fontsize: 33; line-height: 1.3;\" data-fontsize=\"33\" data-lineheight=\"42.9px\">Comentarios<\/h2>\n<p style=\"text-align: left;\">\"Todos los comienzos son dif\u00edciles\". \u00bfO deber\u00edamos decir \"son dif\u00edciles\"? Este piso es nuestra primera casa de vacaciones. Naci\u00f3 de nuestro entusiasmo por esta extraordinaria ciudad. Como somos viajeros, confiamos toda la coordinaci\u00f3n a los profesionales de solemar sicilia. Su lema \"Toda Sicilia de una sola mano\" tambi\u00e9n se aplica a este piso.<\/p>\n<p style=\"text-align: left;\">Si echa en falta algo, puede ponerse en contacto directamente con los profesionales.<\/p>\n<p style=\"text-align: left;\">\u00bfEst\u00e1 satisfecho con nuestro servicio? Entonces estaremos encantados de recibir sus recomendaciones. Le invitamos a dejarlas directamente en nuestro perfil de Google o con su socio de reservas.<\/p>\n<\/div><div class=\"fusion-image-element\" style=\"text-align:center;--awb-margin-top:2rem;--awb-margin-bottom:2rem;--awb-caption-title-font-family:var(--h2_typography-font-family);--awb-caption-title-font-weight:var(--h2_typography-font-weight);--awb-caption-title-font-style:var(--h2_typography-font-style);--awb-caption-title-size:var(--h2_typography-font-size);--awb-caption-title-transform:var(--h2_typography-text-transform);--awb-caption-title-line-height:var(--h2_typography-line-height);--awb-caption-title-letter-spacing:var(--h2_typography-letter-spacing);\"><span class=\"fusion-imageframe imageframe-none imageframe-3 hover-type-none\" style=\"border-radius:12px;\"><img decoding=\"async\" width=\"2268\" height=\"1512\" title=\"portrait_3-2_web\" src=\"https:\/\/palazzovetrano.it\/wp-content\/uploads\/2025\/06\/portrait_3-2_web.webp\" data-orig-src=\"http:\/\/palazzovetrano.it\/wp-content\/uploads\/2025\/06\/portrait_3-2_web.webp\" alt class=\"lazyload img-responsive wp-image-2444\" srcset=\"data:image\/svg+xml,%3Csvg%20xmlns%3D%27http%3A%2F%2Fwww.w3.org%2F2000%2Fsvg%27%20width%3D%272268%27%20height%3D%271512%27%20viewBox%3D%270%200%202268%201512%27%3E%3Crect%20width%3D%272268%27%20height%3D%271512%27%20fill-opacity%3D%220%22%2F%3E%3C%2Fsvg%3E\" data-srcset=\"https:\/\/palazzovetrano.it\/wp-content\/uploads\/2025\/06\/portrait_3-2_web-18x12.webp 18w, https:\/\/palazzovetrano.it\/wp-content\/uploads\/2025\/06\/portrait_3-2_web-150x100.webp 150w, https:\/\/palazzovetrano.it\/wp-content\/uploads\/2025\/06\/portrait_3-2_web-200x133.webp 200w, https:\/\/palazzovetrano.it\/wp-content\/uploads\/2025\/06\/portrait_3-2_web-400x267.webp 400w, https:\/\/palazzovetrano.it\/wp-content\/uploads\/2025\/06\/portrait_3-2_web-600x400.webp 600w, https:\/\/palazzovetrano.it\/wp-content\/uploads\/2025\/06\/portrait_3-2_web-768x512.webp 768w, https:\/\/palazzovetrano.it\/wp-content\/uploads\/2025\/06\/portrait_3-2_web-800x533.webp 800w, https:\/\/palazzovetrano.it\/wp-content\/uploads\/2025\/06\/portrait_3-2_web-1024x683.webp 1024w, https:\/\/palazzovetrano.it\/wp-content\/uploads\/2025\/06\/portrait_3-2_web-1200x800.webp 1200w, https:\/\/palazzovetrano.it\/wp-content\/uploads\/2025\/06\/portrait_3-2_web-1536x1024.webp 1536w, https:\/\/palazzovetrano.it\/wp-content\/uploads\/2025\/06\/portrait_3-2_web.webp 2268w\" data-sizes=\"auto\" data-orig-sizes=\"(max-width: 800px) 100vw, 800px\" \/><\/span><\/div><div class=\"fusion-text fusion-text-5\" style=\"--awb-content-alignment:left;\"><p style=\"text-align: left;\">\"<b>La confianza es buena, el control es mejor<\/b>\"Nosotros, Torgit y Marc, tambi\u00e9n estamos encantados de recibir comentarios constructivos y cr\u00edticos. Tambi\u00e9n nos complace recibir consejos sobre lo que deber\u00eda a\u00f1adirse o mejorarse en nuestra informaci\u00f3n digital para hu\u00e9spedes y en el mapa digital de la ciudad. Porque todos los consejos nos ayudan a mejorar constantemente. Utilice nuestro <a href=\"https:\/\/palazzovetrano.it\/es\/pongase-en-contacto-con\/\" target=\"_blank\" rel=\"noopener noreferrer\">Formulario de contacto<\/a> o env\u00edenos un correo electr\u00f3nico a: info@palazzovetrano.it.<\/p>\n<p style=\"text-align: left;\"><b>Comodidades y necesidades<\/b><\/p>\n<p style=\"text-align: left;\">Aqu\u00ed tiene un resumen de todo lo que le espera:<\/p>\n<p style=\"text-align: left;\">En nuestro alojamiento ofrecemos lo siguiente:<\/p>\n<\/div><div class=\"fusion-text fusion-text-6\"><h2 class=\"fusion-responsive-typography-calculated\" style=\"text-align: center; --fontsize: 33; line-height: 1.3;\" data-fontsize=\"33\" data-lineheight=\"42.9px\">Ubicaci\u00f3n<\/h2>\n<p style=\"text-align: left;\">Und jetzt zur Lage unserer gem\u00fctlichen Ferienwohnung, der &#8222;Casa Vacanze&#8220;. Sie befindet sich in der Via delle Pergole 87, Ecke Via Giovanni Mira. Hier der Link zu Google Maps: <b><a href=\"https:\/\/maps.app.goo.gl\/6i5bn7a3jUuJLRQW7\" target=\"_blank\" rel=\"noopener noreferrer\">Palacio Vetrano<\/a><\/b><\/p>\n<p style=\"text-align: left;\">Le sorprender\u00e1 su c\u00e9ntrica ubicaci\u00f3n. Entre la hist\u00f3rica Porta Sant'Agata y la Chiesa del Carmine Maggiore, podr\u00e1s vivir de cerca la historia de Palermo. Y la estaci\u00f3n de tren est\u00e1 a un paseo. En lugar de estar all\u00ed, estar\u00e1s en el centro.<\/p>\n<p style=\"text-align: left;\">Para ayudarle a descubrir la ciudad fuera de los caminos trillados, hemos reunido algunos lugares de inter\u00e9s, informaci\u00f3n \u00fatil y algunos consejos en nuestro mapa m\u00f3vil de la ciudad. Las callejuelas del casco antiguo de Palermo suelen ser confusas. Para que pueda orientarse perfectamente, s\u00f3lo tiene que llamar a su gu\u00eda personal de la ciudad a trav\u00e9s del c\u00f3digo QR de la cocina.<\/p>\n<p style=\"text-align: left;\">Para una mejor visibilidad, hemos mostrado todos los puntos de inter\u00e9s en color morado.<\/p>\n<\/div><div class=\"fusion-image-element\" style=\"text-align:center;--awb-margin-top:2rem;--awb-margin-bottom:2rem;--awb-caption-title-font-family:var(--h2_typography-font-family);--awb-caption-title-font-weight:var(--h2_typography-font-weight);--awb-caption-title-font-style:var(--h2_typography-font-style);--awb-caption-title-size:var(--h2_typography-font-size);--awb-caption-title-transform:var(--h2_typography-text-transform);--awb-caption-title-line-height:var(--h2_typography-line-height);--awb-caption-title-letter-spacing:var(--h2_typography-letter-spacing);\"><span class=\"fusion-imageframe imageframe-none imageframe-4 hover-type-none\" style=\"border-radius:12px;\"><a class=\"fusion-no-lightbox\" href=\"https:\/\/www.google.com\/maps\/d\/edit?mid=1gqUtEjQZ1As15WmGma1B5SPht9OYs1c&amp;ll=38.111846208820886%2C13.361680054071217&amp;z=17\" target=\"_blank\" aria-label=\"Callejero del Palazzo Vetrano Gu\u00eda de la ciudad-1024\u00d7765\" rel=\"noopener noreferrer\"><img decoding=\"async\" width=\"1024\" height=\"765\" src=\"https:\/\/palazzovetrano.it\/wp-content\/uploads\/2023\/10\/Palazzo-Vetrano-Street-Map-Stadplan-Stadtfuehrer-1024x765-1.png\" data-orig-src=\"https:\/\/palazzovetrano.it\/wp-content\/uploads\/2023\/10\/Palazzo-Vetrano-Street-Map-Stadplan-Stadtfuehrer-1024x765-1.png\" alt class=\"lazyload img-responsive wp-image-1522\" srcset=\"data:image\/svg+xml,%3Csvg%20xmlns%3D%27http%3A%2F%2Fwww.w3.org%2F2000%2Fsvg%27%20width%3D%271024%27%20height%3D%27765%27%20viewBox%3D%270%200%201024%20765%27%3E%3Crect%20width%3D%271024%27%20height%3D%27765%27%20fill-opacity%3D%220%22%2F%3E%3C%2Fsvg%3E\" data-srcset=\"https:\/\/palazzovetrano.it\/wp-content\/uploads\/2023\/10\/Palazzo-Vetrano-Street-Map-Stadplan-Stadtfuehrer-1024x765-1-200x149.png 200w, https:\/\/palazzovetrano.it\/wp-content\/uploads\/2023\/10\/Palazzo-Vetrano-Street-Map-Stadplan-Stadtfuehrer-1024x765-1-400x299.png 400w, https:\/\/palazzovetrano.it\/wp-content\/uploads\/2023\/10\/Palazzo-Vetrano-Street-Map-Stadplan-Stadtfuehrer-1024x765-1-600x448.png 600w, https:\/\/palazzovetrano.it\/wp-content\/uploads\/2023\/10\/Palazzo-Vetrano-Street-Map-Stadplan-Stadtfuehrer-1024x765-1-800x598.png 800w, https:\/\/palazzovetrano.it\/wp-content\/uploads\/2023\/10\/Palazzo-Vetrano-Street-Map-Stadplan-Stadtfuehrer-1024x765-1.png 1024w\" data-sizes=\"auto\" data-orig-sizes=\"(max-width: 800px) 100vw, 800px\" \/><\/a><\/span><\/div><div class=\"fusion-text fusion-text-7\"><p style=\"text-align: left;\">En las \"pesta\u00f1as\" situadas sobre el mapa, las \u00e1reas tem\u00e1ticas individuales pueden mostrarse u ocultarse, dividirse o mostrarse a pantalla completa.<\/p>\n<p style=\"text-align: left;\">Atenci\u00f3n: Este mapa es s\u00f3lo para uso privado. No podemos garantizar la informaci\u00f3n contenida en el mapa. Esto se aplica en particular a la exactitud, integridad y actualizaci\u00f3n del mapa. Por lo tanto, el uso del mapa corre por su cuenta y riesgo.<\/p>\n<\/div><div class=\"fusion-text fusion-text-8\"><h2 class=\"\" style=\"text-align: center;\" data-fontsize=\"33\" data-lineheight=\"42.9px\">Aparcamiento<\/h2>\n<p style=\"text-align: left;\">Hay aparcamiento p\u00fablico gratuito a s\u00f3lo 80 metros en Porta S. Agatha y, por tanto, fuera de la ZTL.<br \/>\nAtenci\u00f3n: Via delle Pergole ya forma parte de la zona de tr\u00e1fico limitado (ZTL) del casco antiguo.<\/p>\n<h2 class=\"\" style=\"text-align: center;\" data-fontsize=\"33\" data-lineheight=\"42.9px\">Zona de Tr\u00e1fico Limitado - ZTL<\/h2>\n<p style=\"text-align: left;\">Porque, sobre todo, en Palermo se puede hacer una cosa. Es un lugar estupendo para reducir la velocidad y contribuir al medio ambiente. Desde 2016, el centro hist\u00f3rico de Palermo es una zona de tr\u00e1fico limitado (ZTL), por lo que est\u00e1 cerrada al tr\u00e1fico rodado. Por lo tanto, puede pasear por el casco antiguo sin ser molestado.<\/p>\n<p style=\"text-align: left;\">Si quieres entrar en la ZTL, presta atenci\u00f3n a las se\u00f1ales, los sem\u00e1foros y las c\u00e1maras. En las se\u00f1ales encontrar\u00e1s los horarios de cierre. Son diferentes en invierno que en verano y var\u00edan seg\u00fan el d\u00eda de la semana. Los domingos no hay ZTL de 6.00 a 0.00, as\u00ed que puedes entrar con el coche. Tambi\u00e9n puedes saber por el color de los sem\u00e1foros (rojo o verde) si la entrada est\u00e1 permitida o no. Si accidentalmente entras con el coche en la ZTL, puedes comprar un ticket en cualquier tabacchi y, en teor\u00eda, cargarlo en la app de Palermo. Sin embargo, esta app no nos funcion\u00f3 con un n\u00famero de m\u00f3vil alem\u00e1n.<\/p>\n<p style=\"text-align: left;\">Este ZTL es v\u00e1lido aprox. de lunes a jueves de 08:00 a 20:00 | viernes de 8:00 a 00:00 | s\u00e1bado de 00:00 a 06:00 y de 23:00 a 00:00 | domingo de 00:00 a 06:00. Toda la informaci\u00f3n sin garant\u00eda.<\/p>\n<\/div><div class=\"fusion-image-element\" style=\"text-align:center;--awb-margin-top:2rem;--awb-margin-bottom:2rem;--awb-caption-title-font-family:var(--h2_typography-font-family);--awb-caption-title-font-weight:var(--h2_typography-font-weight);--awb-caption-title-font-style:var(--h2_typography-font-style);--awb-caption-title-size:var(--h2_typography-font-size);--awb-caption-title-transform:var(--h2_typography-text-transform);--awb-caption-title-line-height:var(--h2_typography-line-height);--awb-caption-title-letter-spacing:var(--h2_typography-letter-spacing);\"><span class=\"fusion-imageframe imageframe-none imageframe-5 hover-type-none\" style=\"border-radius:12px;\"><img decoding=\"async\" width=\"1024\" height=\"576\" src=\"https:\/\/palazzovetrano.it\/wp-content\/uploads\/2023\/06\/10-Palermo-Blu-Centro-Storico-Ballaro-Pallazzo-Vertrano-Casa-Vacanza00001-1-1024x576-1.jpg\" data-orig-src=\"https:\/\/palazzovetrano.it\/wp-content\/uploads\/2023\/06\/10-Palermo-Blu-Centro-Storico-Ballaro-Pallazzo-Vertrano-Casa-Vacanza00001-1-1024x576-1.jpg\" alt class=\"lazyload img-responsive wp-image-1016\" srcset=\"data:image\/svg+xml,%3Csvg%20xmlns%3D%27http%3A%2F%2Fwww.w3.org%2F2000%2Fsvg%27%20width%3D%271024%27%20height%3D%27576%27%20viewBox%3D%270%200%201024%20576%27%3E%3Crect%20width%3D%271024%27%20height%3D%27576%27%20fill-opacity%3D%220%22%2F%3E%3C%2Fsvg%3E\" data-srcset=\"https:\/\/palazzovetrano.it\/wp-content\/uploads\/2023\/06\/10-Palermo-Blu-Centro-Storico-Ballaro-Pallazzo-Vertrano-Casa-Vacanza00001-1-1024x576-1-200x113.jpg 200w, https:\/\/palazzovetrano.it\/wp-content\/uploads\/2023\/06\/10-Palermo-Blu-Centro-Storico-Ballaro-Pallazzo-Vertrano-Casa-Vacanza00001-1-1024x576-1-400x225.jpg 400w, https:\/\/palazzovetrano.it\/wp-content\/uploads\/2023\/06\/10-Palermo-Blu-Centro-Storico-Ballaro-Pallazzo-Vertrano-Casa-Vacanza00001-1-1024x576-1-600x338.jpg 600w, https:\/\/palazzovetrano.it\/wp-content\/uploads\/2023\/06\/10-Palermo-Blu-Centro-Storico-Ballaro-Pallazzo-Vertrano-Casa-Vacanza00001-1-1024x576-1-800x450.jpg 800w, https:\/\/palazzovetrano.it\/wp-content\/uploads\/2023\/06\/10-Palermo-Blu-Centro-Storico-Ballaro-Pallazzo-Vertrano-Casa-Vacanza00001-1-1024x576-1.jpg 1024w\" data-sizes=\"auto\" data-orig-sizes=\"(max-width: 800px) 100vw, 800px\" \/><\/span><\/div><div class=\"fusion-text fusion-text-9\"><h2 class=\"fusion-responsive-typography-calculated\" style=\"text-align: center; --fontsize: 33; line-height: 1.3;\" data-fontsize=\"33\" data-lineheight=\"42.9px\"><span style=\"color: var(--h2_typography-color); font-family: var(--h2_typography-font-family); font-size: var(--h2_typography-font-size); font-style: var(--h2_typography-font-style,normal); font-weight: var(--h2_typography-font-weight); letter-spacing: var(--h2_typography-letter-spacing); text-transform: var(--h2_typography-text-transform); background-color: var(--awb-bg-color-hover);\">Registro de entrada y salida<\/span><\/h2>\n<p style=\"text-align: left;\">El horario de entrada es de 16:00 a 20:00. Adem\u00e1s, se puede hacer el registro de entrada despu\u00e9s de lo habitual a partir de las 20:00. Se cobrar\u00e1 un suplemento de 30 \u20ac.<\/p>\n<p style=\"text-align: left;\">La hora de salida es hasta las 10.00. Utilice el n\u00famero de m\u00f3vil: +39 3803905386 para organizar el registro de entrada.<\/p>\n<\/div><div class=\"fusion-image-element\" style=\"text-align:center;--awb-margin-top:2rem;--awb-margin-bottom:2rem;--awb-caption-title-font-family:var(--h2_typography-font-family);--awb-caption-title-font-weight:var(--h2_typography-font-weight);--awb-caption-title-font-style:var(--h2_typography-font-style);--awb-caption-title-size:var(--h2_typography-font-size);--awb-caption-title-transform:var(--h2_typography-text-transform);--awb-caption-title-line-height:var(--h2_typography-line-height);--awb-caption-title-letter-spacing:var(--h2_typography-letter-spacing);\"><span class=\"fusion-imageframe imageframe-none imageframe-6 hover-type-none\" style=\"border-radius:12px;\"><img decoding=\"async\" width=\"1024\" height=\"576\" src=\"https:\/\/palazzovetrano.it\/wp-content\/uploads\/2023\/06\/16-Kathedrale-Maria-Santissima-Assunta-nur-950-Meter-entfernt-Palermo-Blu-Centro-Storico-Ballaro-Pallazzo-Vertrano-Casa-Vacanza00005-1024x576-1.jpg\" data-orig-src=\"https:\/\/palazzovetrano.it\/wp-content\/uploads\/2023\/06\/16-Kathedrale-Maria-Santissima-Assunta-nur-950-Meter-entfernt-Palermo-Blu-Centro-Storico-Ballaro-Pallazzo-Vertrano-Casa-Vacanza00005-1024x576-1.jpg\" alt class=\"lazyload img-responsive wp-image-1015\" srcset=\"data:image\/svg+xml,%3Csvg%20xmlns%3D%27http%3A%2F%2Fwww.w3.org%2F2000%2Fsvg%27%20width%3D%271024%27%20height%3D%27576%27%20viewBox%3D%270%200%201024%20576%27%3E%3Crect%20width%3D%271024%27%20height%3D%27576%27%20fill-opacity%3D%220%22%2F%3E%3C%2Fsvg%3E\" data-srcset=\"https:\/\/palazzovetrano.it\/wp-content\/uploads\/2023\/06\/16-Kathedrale-Maria-Santissima-Assunta-nur-950-Meter-entfernt-Palermo-Blu-Centro-Storico-Ballaro-Pallazzo-Vertrano-Casa-Vacanza00005-1024x576-1-200x113.jpg 200w, https:\/\/palazzovetrano.it\/wp-content\/uploads\/2023\/06\/16-Kathedrale-Maria-Santissima-Assunta-nur-950-Meter-entfernt-Palermo-Blu-Centro-Storico-Ballaro-Pallazzo-Vertrano-Casa-Vacanza00005-1024x576-1-400x225.jpg 400w, https:\/\/palazzovetrano.it\/wp-content\/uploads\/2023\/06\/16-Kathedrale-Maria-Santissima-Assunta-nur-950-Meter-entfernt-Palermo-Blu-Centro-Storico-Ballaro-Pallazzo-Vertrano-Casa-Vacanza00005-1024x576-1-600x338.jpg 600w, https:\/\/palazzovetrano.it\/wp-content\/uploads\/2023\/06\/16-Kathedrale-Maria-Santissima-Assunta-nur-950-Meter-entfernt-Palermo-Blu-Centro-Storico-Ballaro-Pallazzo-Vertrano-Casa-Vacanza00005-1024x576-1-800x450.jpg 800w, https:\/\/palazzovetrano.it\/wp-content\/uploads\/2023\/06\/16-Kathedrale-Maria-Santissima-Assunta-nur-950-Meter-entfernt-Palermo-Blu-Centro-Storico-Ballaro-Pallazzo-Vertrano-Casa-Vacanza00005-1024x576-1.jpg 1024w\" data-sizes=\"auto\" data-orig-sizes=\"(max-width: 800px) 100vw, 800px\" \/><\/span><\/div><div class=\"fusion-text fusion-text-10\"><h2 class=\"fusion-responsive-typography-calculated\" style=\"text-align: center; --fontsize: 33; line-height: 1.3;\" data-fontsize=\"33\" data-lineheight=\"42.9px\">Zusatzleistungen<\/h2>\n<p style=\"text-align: left;\">Nuestro socio de reservas y asistencia solemar sicilia ofrece a nuestros hu\u00e9spedes los siguientes servicios adicionales previa solicitud:<\/p>\n<p style=\"text-align: left;\">Traslado del aeropuerto al alojamiento desde 50,00 \u20ac.<\/p>\n<p style=\"text-align: left;\">Cesta de bienvenida con muchos productos t\u00edpicos sicilianos (embutidos, mozzarella, una botella de vino, una botella de aceite de oliva virgen extra, pan y mermelada ecol\u00f3gica) 50,00 \u20ac.<\/p>\n<p style=\"text-align: left;\">Alquiler de coches con las mejores condiciones del mercado<\/p>\n<p style=\"text-align: left;\">Alquiler de bicicletas el\u00e9ctricas a partir de 60,00 euros por semana.<\/p>\n<p style=\"text-align: left;\">Si necesita ayuda, p\u00f3ngase en contacto con <b>solemar sicilia: <\/b><span style=\"color: var(--awb-text-color); font-family: var(--awb-text-font-family); font-size: var(--awb-font-size); font-style: var(--awb-text-font-style); font-weight: var(--awb-text-font-weight); letter-spacing: var(--awb-letter-spacing); text-align: var(--awb-content-alignment); text-transform: var(--awb-text-transform); background-color: var(--awb-bg-color-hover);\">Tel\u00e9fono <\/span><span style=\"color: var(--awb-text-color); font-family: var(--awb-text-font-family); font-size: var(--awb-font-size); font-style: var(--awb-text-font-style); font-weight: var(--awb-text-font-weight); letter-spacing: var(--awb-letter-spacing); text-align: var(--awb-content-alignment); text-transform: var(--awb-text-transform); background-color: var(--awb-bg-color-hover);\">+39 091 956608 <\/span><span style=\"color: var(--awb-text-color); font-family: var(--awb-text-font-family); font-size: var(--awb-font-size); font-style: var(--awb-text-font-style); font-weight: var(--awb-text-font-weight); letter-spacing: var(--awb-letter-spacing); text-align: var(--awb-content-alignment); text-transform: var(--awb-text-transform); background-color: var(--awb-bg-color-hover);\">Correo electr\u00f3nico info@solemarsicilia.com<\/span><\/p>\n<\/div><div class=\"fusion-text fusion-text-11\"><h2 class=\"fusion-responsive-typography-calculated\" style=\"text-align: center; --fontsize: 33; line-height: 1.3;\" data-fontsize=\"33\" data-lineheight=\"42.9px\"><\/h2>\n<h2 class=\"fusion-responsive-typography-calculated\" style=\"text-align: center; --fontsize: 33; line-height: 1.3;\" data-fontsize=\"33\" data-lineheight=\"42.9px\">Llavero<\/h2>\n<p style=\"text-align: left;\">Cuando te entregaron el coche recibiste un manojo de llaves. Para que todo est\u00e9 claro, las llaves est\u00e1n clasificadas por orden y seg\u00fan los colores del sem\u00e1foro. Para que ninguna se pierda, est\u00e1n conectadas con un peque\u00f1o cable de acero sellado.<\/p>\n<\/div><div class=\"fusion-image-element\" style=\"text-align:center;--awb-margin-top:2rem;--awb-margin-bottom:2rem;--awb-caption-title-font-family:var(--h2_typography-font-family);--awb-caption-title-font-weight:var(--h2_typography-font-weight);--awb-caption-title-font-style:var(--h2_typography-font-style);--awb-caption-title-size:var(--h2_typography-font-size);--awb-caption-title-transform:var(--h2_typography-text-transform);--awb-caption-title-line-height:var(--h2_typography-line-height);--awb-caption-title-letter-spacing:var(--h2_typography-letter-spacing);\"><span class=\"fusion-imageframe imageframe-none imageframe-7 hover-type-none\" style=\"border-radius:12px;\"><img decoding=\"async\" width=\"1024\" height=\"576\" alt=\"Viaje sostenible: Interruptor de encendido, ayuda a evitar el consumo innecesario de energ\u00eda en el piso de vacaciones.\" src=\"https:\/\/palazzovetrano.it\/wp-content\/uploads\/2023\/10\/IMG_6854-scaled.jpg\" data-orig-src=\"https:\/\/palazzovetrano.it\/wp-content\/uploads\/2023\/10\/IMG_6854-1024x576.jpg\" class=\"lazyload img-responsive wp-image-1211\" srcset=\"data:image\/svg+xml,%3Csvg%20xmlns%3D%27http%3A%2F%2Fwww.w3.org%2F2000%2Fsvg%27%20width%3D%272560%27%20height%3D%271440%27%20viewBox%3D%270%200%202560%201440%27%3E%3Crect%20width%3D%272560%27%20height%3D%271440%27%20fill-opacity%3D%220%22%2F%3E%3C%2Fsvg%3E\" data-srcset=\"https:\/\/palazzovetrano.it\/wp-content\/uploads\/2023\/10\/IMG_6854-200x113.jpg 200w, https:\/\/palazzovetrano.it\/wp-content\/uploads\/2023\/10\/IMG_6854-400x225.jpg 400w, https:\/\/palazzovetrano.it\/wp-content\/uploads\/2023\/10\/IMG_6854-600x338.jpg 600w, https:\/\/palazzovetrano.it\/wp-content\/uploads\/2023\/10\/IMG_6854-800x450.jpg 800w, https:\/\/palazzovetrano.it\/wp-content\/uploads\/2023\/10\/IMG_6854-1200x675.jpg 1200w\" data-sizes=\"auto\" data-orig-sizes=\"(max-width: 800px) 100vw, 800px\" \/><\/span><\/div><div class=\"fusion-text fusion-text-12\"><h2 class=\"fusion-responsive-typography-calculated\" style=\"text-align: center; --fontsize: 33; line-height: 1.3;\" data-fontsize=\"33\" data-lineheight=\"42.9px\"><\/h2>\n<h3 class=\"fusion-responsive-typography-calculated\" style=\"text-align: center; --fontsize: 28; line-height: 1.3; --minfontsize: 25;\" data-fontsize=\"28\" data-lineheight=\"36.4px\">Llave de la puerta delantera (verde)<\/h3>\n<p style=\"text-align: left;\">La puerta delantera est\u00e1 conectada a un abrepuertas el\u00e9ctrico. Para abrir la puerta con mayor facilidad, tire de ella ligeramente hacia fuera al desbloquearla. Cuando salga del edificio, encontrar\u00e1 un bot\u00f3n de encendido a la izquierda de la puerta principal. \u00c9ste desbloquea la puerta desde el interior. Lo mejor es pulsarlo brevemente y luego abrir la puerta. Ser\u00eda estupendo si pudieras asegurarte de que la puerta queda cerrada tras de ti. Muchas gracias.<\/p>\n<h3 class=\"fusion-responsive-typography-calculated\" style=\"text-align: center; --fontsize: 28; line-height: 1.3; --minfontsize: 25;\" data-fontsize=\"28\" data-lineheight=\"36.4px\">Llave de terraza (amarilla)<\/h3>\n<p style=\"text-align: left;\">Esta llave abre la puerta entre el pasillo y la terraza. Si esta puerta est\u00e1 siempre cerrada durante la noche y al salir del piso, aumenta tu seguridad personal. Palermo es la ciudad m\u00e1s segura de Italia, pero sigue siendo una gran ciudad.<\/p>\n<h3 class=\"fusion-responsive-typography-calculated\" style=\"text-align: center; --fontsize: 28; line-height: 1.3; --minfontsize: 25;\" data-fontsize=\"28\" data-lineheight=\"36.4px\">Persianas<\/h3>\n<p style=\"text-align: left;\">Esta llave relativamente grande no tiene marcas de color. Su caracter\u00edstica forma angular se explica por s\u00ed misma. El proceso de cierre de esta puerta se realiza en sentido contrario (como suele ocurrir en Italia).<\/p>\n<h3 class=\"fusion-responsive-typography-calculated\" style=\"text-align: center; --fontsize: 28; line-height: 1.3; --minfontsize: 25;\" data-fontsize=\"28\" data-lineheight=\"36.4px\">Puerta plana (Roja)<\/h3>\n<p style=\"text-align: left;\">Para bloquear la puerta plana, empuje la manilla hacia arriba. A continuaci\u00f3n, la puerta puede bloquearse.<\/p>\n<h3 class=\"fusion-responsive-typography-calculated\" style=\"text-align: center; --fontsize: 28; line-height: 1.3; --minfontsize: 25;\" data-fontsize=\"28\" data-lineheight=\"36.4px\">Interruptor central de potencia<\/h3>\n<p style=\"text-align: left;\">A la izquierda de la puerta del patio del dormitorio grande se encuentra el interruptor central para la electricidad y la luz en todas las habitaciones. Se acciona con la peque\u00f1a llave hexagonal VIMAR. La llave s\u00f3lo puede extraerse cuando la posici\u00f3n de la llave es - 0 - apagado. Si alguna vez necesita encontrar su llave, probablemente la encontrar\u00e1 aqu\u00ed. Este interruptor no s\u00f3lo ayuda a proteger el medio ambiente, sino que tambi\u00e9n sirve como teclado.<\/p>\n<h3 class=\"fusion-responsive-typography-calculated\" style=\"text-align: center; --fontsize: 28; line-height: 1.3; --minfontsize: 25;\" data-fontsize=\"28\" data-lineheight=\"36.4px\">Aperturas de puertas - llave de repuesto<\/h3>\n<p style=\"text-align: left;\">Diese sind auch in Palermo teuer. Um dir und uns unn\u00f6tigen Aufwand und Kosten zu ersparen, kontrolliere am besten, vor dem Verlassen der Wohnung, ob alles verschlossen ist und wie du den Schl\u00fcsselbund sicher mitf\u00fchrst. Ein kleiner Schnappsch\u00e4kel hilft bei Bedarf diesen zus\u00e4tzlich zu sichern. Falls doch etwas passieren sollte, wende dich zuerst an <strong>solemar sicilia<\/strong>.<\/p>\n<\/div><div class=\"fusion-image-element\" style=\"text-align:center;--awb-margin-top:2rem;--awb-margin-bottom:2rem;--awb-caption-title-font-family:var(--h2_typography-font-family);--awb-caption-title-font-weight:var(--h2_typography-font-weight);--awb-caption-title-font-style:var(--h2_typography-font-style);--awb-caption-title-size:var(--h2_typography-font-size);--awb-caption-title-transform:var(--h2_typography-text-transform);--awb-caption-title-line-height:var(--h2_typography-line-height);--awb-caption-title-letter-spacing:var(--h2_typography-letter-spacing);\"><span class=\"fusion-imageframe imageframe-none imageframe-8 hover-type-none\" style=\"border-radius:12px;\"><img decoding=\"async\" width=\"1024\" height=\"576\" src=\"https:\/\/palazzovetrano.it\/wp-content\/uploads\/2023\/10\/IMG_7970-scaled.jpg\" data-orig-src=\"https:\/\/palazzovetrano.it\/wp-content\/uploads\/2023\/10\/IMG_7970-1024x576.jpg\" alt class=\"lazyload img-responsive wp-image-1534\" srcset=\"data:image\/svg+xml,%3Csvg%20xmlns%3D%27http%3A%2F%2Fwww.w3.org%2F2000%2Fsvg%27%20width%3D%272560%27%20height%3D%271440%27%20viewBox%3D%270%200%202560%201440%27%3E%3Crect%20width%3D%272560%27%20height%3D%271440%27%20fill-opacity%3D%220%22%2F%3E%3C%2Fsvg%3E\" data-srcset=\"https:\/\/palazzovetrano.it\/wp-content\/uploads\/2023\/10\/IMG_7970-200x113.jpg 200w, https:\/\/palazzovetrano.it\/wp-content\/uploads\/2023\/10\/IMG_7970-400x225.jpg 400w, https:\/\/palazzovetrano.it\/wp-content\/uploads\/2023\/10\/IMG_7970-600x338.jpg 600w\" data-sizes=\"auto\" data-orig-sizes=\"(max-width: 800px) 100vw, 1024px\" \/><\/span><\/div><div class=\"fusion-text fusion-text-13\" style=\"--awb-content-alignment:left;\"><h2 class=\"fusion-responsive-typography-calculated\" style=\"text-align: center;\" data-fontsize=\"33\" data-lineheight=\"42.9px\"><\/h2>\n<h2 class=\"fusion-responsive-typography-calculated\" style=\"text-align: center;\" data-fontsize=\"33\" data-lineheight=\"42.9px\">Interruptores y tomas de corriente<\/h2>\n<p>El piso est\u00e1 equipado con interruptores y enchufes comunes, italianos. Aunque algo m\u00e1s estrechos de lo que estamos acostumbrados en casa, el funcionamiento es el habitual. Por otro lado, uno o dos LED son un poco inusuales. La iluminaci\u00f3n LED es conocida tanto por su durabilidad como por su ahorro energ\u00e9tico. No obstante, si hay que cambiar alguna de las l\u00e1mparas, av\u00edsenos. La iluminaci\u00f3n es parcialmente regulable para proporcionar una iluminaci\u00f3n acogedora.<\/p>\n<p>Si quieres trabajar durante tu estancia, hay un espacio de trabajo interior o exterior, acceso a Internet, Wi-Fi, tomas de corriente con puertos USB en todas las habitaciones y enchufes universales.<\/p>\n<\/div><div class=\"fusion-text fusion-text-14\"><h2 class=\"fusion-responsive-typography-calculated\" style=\"text-align: center; --fontsize: 33; line-height: 1.3;\" data-fontsize=\"33\" data-lineheight=\"42.9px\"><\/h2>\n<p style=\"text-align: center;\">\n<\/div><div class=\"fusion-image-element\" style=\"text-align:center;--awb-caption-title-font-family:var(--h2_typography-font-family);--awb-caption-title-font-weight:var(--h2_typography-font-weight);--awb-caption-title-font-style:var(--h2_typography-font-style);--awb-caption-title-size:var(--h2_typography-font-size);--awb-caption-title-transform:var(--h2_typography-text-transform);--awb-caption-title-line-height:var(--h2_typography-line-height);--awb-caption-title-letter-spacing:var(--h2_typography-letter-spacing);\"><span class=\"fusion-imageframe imageframe-none imageframe-9 hover-type-none\" style=\"border-radius:12px;\"><img decoding=\"async\" width=\"2180\" height=\"720\" src=\"https:\/\/palazzovetrano.it\/wp-content\/uploads\/2023\/10\/Unbenannt.jpg\" data-orig-src=\"https:\/\/palazzovetrano.it\/wp-content\/uploads\/2023\/10\/Unbenannt.jpg\" alt class=\"lazyload img-responsive wp-image-1394\" srcset=\"data:image\/svg+xml,%3Csvg%20xmlns%3D%27http%3A%2F%2Fwww.w3.org%2F2000%2Fsvg%27%20width%3D%272180%27%20height%3D%27720%27%20viewBox%3D%270%200%202180%20720%27%3E%3Crect%20width%3D%272180%27%20height%3D%27720%27%20fill-opacity%3D%220%22%2F%3E%3C%2Fsvg%3E\" data-srcset=\"https:\/\/palazzovetrano.it\/wp-content\/uploads\/2023\/10\/Unbenannt-200x66.jpg 200w, https:\/\/palazzovetrano.it\/wp-content\/uploads\/2023\/10\/Unbenannt-400x132.jpg 400w, https:\/\/palazzovetrano.it\/wp-content\/uploads\/2023\/10\/Unbenannt-600x198.jpg 600w, https:\/\/palazzovetrano.it\/wp-content\/uploads\/2023\/10\/Unbenannt-800x264.jpg 800w, https:\/\/palazzovetrano.it\/wp-content\/uploads\/2023\/10\/Unbenannt-1200x396.jpg 1200w, https:\/\/palazzovetrano.it\/wp-content\/uploads\/2023\/10\/Unbenannt.jpg 2180w\" data-sizes=\"auto\" data-orig-sizes=\"(max-width: 800px) 100vw, 800px\" \/><\/span><\/div><div class=\"fusion-text fusion-text-15\"><h2 class=\"fusion-responsive-typography-calculated\" style=\"text-align: center; --fontsize: 33; line-height: 1.3;\" data-fontsize=\"33\" data-lineheight=\"42.9px\"><\/h2>\n<h2 class=\"fusion-responsive-typography-calculated\" style=\"text-align: center; --fontsize: 33; line-height: 1.3;\" data-fontsize=\"33\" data-lineheight=\"42.9px\">Internet y WLAN<\/h2>\n<p style=\"text-align: left;\">Siempre conectado con el mundo: hay conexi\u00f3n Wi-Fi gratuita en todo el piso. Incluso si se corta la luz, podr\u00e1 seguir utilizando Internet. Para facilitarte el acceso, te ofrecemos los siguientes c\u00f3digos QR.<\/p>\n<\/div><div class=\"fusion-image-element\" style=\"text-align:center;--awb-caption-title-font-family:var(--h2_typography-font-family);--awb-caption-title-font-weight:var(--h2_typography-font-weight);--awb-caption-title-font-style:var(--h2_typography-font-style);--awb-caption-title-size:var(--h2_typography-font-size);--awb-caption-title-transform:var(--h2_typography-text-transform);--awb-caption-title-line-height:var(--h2_typography-line-height);--awb-caption-title-letter-spacing:var(--h2_typography-letter-spacing);\"><span class=\"fusion-imageframe imageframe-none imageframe-10 hover-type-none\" style=\"border-radius:12px;\"><img decoding=\"async\" width=\"1024\" height=\"504\" src=\"https:\/\/palazzovetrano.it\/wp-content\/uploads\/2023\/10\/Unbenannt.png\" data-orig-src=\"https:\/\/palazzovetrano.it\/wp-content\/uploads\/2023\/10\/Unbenannt-1024x504.png\" alt class=\"lazyload img-responsive wp-image-1215\" srcset=\"data:image\/svg+xml,%3Csvg%20xmlns%3D%27http%3A%2F%2Fwww.w3.org%2F2000%2Fsvg%27%20width%3D%273600%27%20height%3D%271772%27%20viewBox%3D%270%200%203600%201772%27%3E%3Crect%20width%3D%273600%27%20height%3D%271772%27%20fill-opacity%3D%220%22%2F%3E%3C%2Fsvg%3E\" data-srcset=\"https:\/\/palazzovetrano.it\/wp-content\/uploads\/2023\/10\/Unbenannt-200x98.png 200w, https:\/\/palazzovetrano.it\/wp-content\/uploads\/2023\/10\/Unbenannt-400x197.png 400w, https:\/\/palazzovetrano.it\/wp-content\/uploads\/2023\/10\/Unbenannt-600x295.png 600w, https:\/\/palazzovetrano.it\/wp-content\/uploads\/2023\/10\/Unbenannt-800x394.png 800w, https:\/\/palazzovetrano.it\/wp-content\/uploads\/2023\/10\/Unbenannt-1200x591.png 1200w\" data-sizes=\"auto\" data-orig-sizes=\"(max-width: 800px) 100vw, 800px\" \/><\/span><\/div><div class=\"fusion-text fusion-text-16\"><h3 class=\"fusion-responsive-typography-calculated\" style=\"text-align: center; --fontsize: 28; line-height: 1.3;\" data-fontsize=\"28\" data-lineheight=\"36.4px\">C\u00f3digos QR<\/h3>\n<p style=\"text-align: left;\">Junto a la nevera encontrar\u00e1 los c\u00f3digos QR para su acceso gratuito a Internet Wi-Fi, nuestra informaci\u00f3n para hu\u00e9spedes y su mapa digital m\u00f3vil de la ciudad. Por razones de sostenibilidad, hemos prescindido deliberadamente de la cl\u00e1sica carpeta anal\u00f3gica para hu\u00e9spedes. Esto nos permite a\u00f1adir nuevas funciones para que el sitio est\u00e9 siempre al d\u00eda para nuestros hu\u00e9spedes. Estaremos encantados de recibir cualquier sugerencia relacionada con el mapa digital de la ciudad. Tambi\u00e9n nos encantar\u00eda recibir fotos actualizadas.<\/p>\n<p style=\"text-align: left;\">Disfruta de la comodidad y el confort de una experiencia digital mientras ponemos nuestro granito de arena para proteger el medio ambiente. Explora la ciudad con el mapa digital, comparte tus experiencias en el libro de visitas y con\u00e9ctate siempre que quieras.<\/p>\n<p style=\"text-align: left;\">\u00a1Bienvenido a tus vacaciones en Palermo!<\/p>\n<\/div><div class=\"fusion-image-element\" style=\"text-align:center;--awb-margin-top:2rem;--awb-margin-bottom:2rem;--awb-caption-title-font-family:var(--h2_typography-font-family);--awb-caption-title-font-weight:var(--h2_typography-font-weight);--awb-caption-title-font-style:var(--h2_typography-font-style);--awb-caption-title-size:var(--h2_typography-font-size);--awb-caption-title-transform:var(--h2_typography-text-transform);--awb-caption-title-line-height:var(--h2_typography-line-height);--awb-caption-title-letter-spacing:var(--h2_typography-letter-spacing);\"><span class=\"fusion-imageframe imageframe-none imageframe-11 hover-type-none\" style=\"border-radius:12px;\"><img decoding=\"async\" width=\"1024\" height=\"576\" title=\"Palermo-Centro-Storico-Ballaro00003-1024\u00d7576\" src=\"https:\/\/palazzovetrano.it\/wp-content\/uploads\/2023\/06\/Palermo-Centro-Storico-Ballaro00003-1024x576-1.jpg\" data-orig-src=\"https:\/\/palazzovetrano.it\/wp-content\/uploads\/2023\/06\/Palermo-Centro-Storico-Ballaro00003-1024x576-1.jpg\" alt class=\"lazyload img-responsive wp-image-1039\" srcset=\"data:image\/svg+xml,%3Csvg%20xmlns%3D%27http%3A%2F%2Fwww.w3.org%2F2000%2Fsvg%27%20width%3D%271024%27%20height%3D%27576%27%20viewBox%3D%270%200%201024%20576%27%3E%3Crect%20width%3D%271024%27%20height%3D%27576%27%20fill-opacity%3D%220%22%2F%3E%3C%2Fsvg%3E\" data-srcset=\"https:\/\/palazzovetrano.it\/wp-content\/uploads\/2023\/06\/Palermo-Centro-Storico-Ballaro00003-1024x576-1-200x113.jpg 200w, https:\/\/palazzovetrano.it\/wp-content\/uploads\/2023\/06\/Palermo-Centro-Storico-Ballaro00003-1024x576-1-400x225.jpg 400w, https:\/\/palazzovetrano.it\/wp-content\/uploads\/2023\/06\/Palermo-Centro-Storico-Ballaro00003-1024x576-1-600x338.jpg 600w, https:\/\/palazzovetrano.it\/wp-content\/uploads\/2023\/06\/Palermo-Centro-Storico-Ballaro00003-1024x576-1-800x450.jpg 800w, https:\/\/palazzovetrano.it\/wp-content\/uploads\/2023\/06\/Palermo-Centro-Storico-Ballaro00003-1024x576-1.jpg 1024w\" data-sizes=\"auto\" data-orig-sizes=\"(max-width: 800px) 100vw, 800px\" \/><\/span><\/div><div class=\"fusion-text fusion-text-17\" style=\"--awb-content-alignment:center;\"><h2 class=\"fusion-responsive-typography-calculated\" style=\"text-align: center; --fontsize: 33; line-height: 1.3;\" data-fontsize=\"33\" data-lineheight=\"42.9px\"><\/h2>\n<h2 class=\"fusion-responsive-typography-calculated\" style=\"text-align: center; --fontsize: 33; line-height: 1.3;\" data-fontsize=\"33\" data-lineheight=\"42.9px\">Terraza del atrio<\/h2>\n<blockquote style=\"text-align: center;\">\n<p>\"Si quieres disfrutar del d\u00eda, debes saludar al sol en una terraza\". - Desconocido<\/p>\n<\/blockquote>\n<p style=\"text-align: left;\">Nuestra terraza del atrio es un verdadero para\u00edso para la relajaci\u00f3n y el ocio. Aqu\u00ed encontrar\u00e1 tumbonas, un toldo, c\u00f3modos sillones e incluso dos hamacas. Tambi\u00e9n encontrar\u00e1 mesas y sillas para comer al aire libre.<\/p>\n<p style=\"text-align: left;\">Ya sea tomando el sol o durmiendo la siesta, aqu\u00ed se sentir\u00e1 como en casa. Y no se preocupe, de vez en cuando oir\u00e1 el canto de los pregoneros o la m\u00fasica del cercano mercado de Ballar\u00f2. Pero por la noche, Ballar\u00f2 se considera la zona m\u00e1s tranquila del casco antiguo, perfecta para relajarse en paz.<\/p>\n<p style=\"text-align: left;\">En cuanto a la terraza, tenemos una peque\u00f1a petici\u00f3n que hacerle: a nuestras plantas les encanta no s\u00f3lo un poco de cari\u00f1o, sino sobre todo agua. Ser\u00eda estupendo que les diera una dosis regular de agua. Esto se puede hacer r\u00e1pidamente con la manguera del jard\u00edn. Al fin y al cabo, queremos que todo se mantenga verde y vivo. Un mill\u00f3n de gracias.<\/p>\n<p style=\"text-align: left;\">Si le apetece cocinar o hacer una parrillada al aire libre, tenemos una placa port\u00e1til en la cocina para usted. La parrilla el\u00e9ctrica se encuentra en el dormitorio grande debajo de la taquilla.<\/p>\n<blockquote>\n<p>\"Una terraza es un trozo de cielo que desciende a la tierra\". - Nathan Phillips<\/p>\n<\/blockquote>\n<p style=\"text-align: left;\"><strong>Aviso de seguridad:<\/strong><\/p>\n<p style=\"text-align: left;\">Nuestras acogedoras hamacas est\u00e1n certificadas por su fabricante con un impresionante l\u00edmite de carga de 200 kilos. Le invitamos a disfrutar de estos relajantes oasis de paz. Tenga en cuenta, no obstante, que utiliza las hamacas bajo su propia responsabilidad. Advertimos que no asumimos ninguna responsabilidad. Su comodidad y seguridad son importantes para nosotros, de ah\u00ed esta advertencia.<\/p>\n<p style=\"text-align: left;\">Pero antes de seguir leyendo, \u00bfqu\u00e9 tal una taza de caf\u00e9 o t\u00e9 en la hamaca?<\/p>\n<\/div><div class=\"fusion-image-element\" style=\"text-align:center;--awb-margin-top:2rem;--awb-margin-bottom:2rem;--awb-caption-title-font-family:var(--h2_typography-font-family);--awb-caption-title-font-weight:var(--h2_typography-font-weight);--awb-caption-title-font-style:var(--h2_typography-font-style);--awb-caption-title-size:var(--h2_typography-font-size);--awb-caption-title-transform:var(--h2_typography-text-transform);--awb-caption-title-line-height:var(--h2_typography-line-height);--awb-caption-title-letter-spacing:var(--h2_typography-letter-spacing);\"><span class=\"fusion-imageframe imageframe-none imageframe-12 hover-type-none\" style=\"border-radius:12px;\"><img decoding=\"async\" width=\"1024\" height=\"576\" src=\"https:\/\/palazzovetrano.it\/wp-content\/uploads\/2023\/06\/18-Terrasse-Atrium-Palermo-Blu-Centro-Storico-Ballaro-Pallazzo-Vertrano-Casa-Vacanza-00001-3.jpg\" data-orig-src=\"https:\/\/palazzovetrano.it\/wp-content\/uploads\/2023\/06\/18-Terrasse-Atrium-Palermo-Blu-Centro-Storico-Ballaro-Pallazzo-Vertrano-Casa-Vacanza-00001-3-1024x576.jpg\" alt class=\"lazyload img-responsive wp-image-1040\" srcset=\"data:image\/svg+xml,%3Csvg%20xmlns%3D%27http%3A%2F%2Fwww.w3.org%2F2000%2Fsvg%27%20width%3D%271080%27%20height%3D%27608%27%20viewBox%3D%270%200%201080%20608%27%3E%3Crect%20width%3D%271080%27%20height%3D%27608%27%20fill-opacity%3D%220%22%2F%3E%3C%2Fsvg%3E\" data-srcset=\"https:\/\/palazzovetrano.it\/wp-content\/uploads\/2023\/06\/18-Terrasse-Atrium-Palermo-Blu-Centro-Storico-Ballaro-Pallazzo-Vertrano-Casa-Vacanza-00001-3-200x113.jpg 200w, https:\/\/palazzovetrano.it\/wp-content\/uploads\/2023\/06\/18-Terrasse-Atrium-Palermo-Blu-Centro-Storico-Ballaro-Pallazzo-Vertrano-Casa-Vacanza-00001-3-400x225.jpg 400w, https:\/\/palazzovetrano.it\/wp-content\/uploads\/2023\/06\/18-Terrasse-Atrium-Palermo-Blu-Centro-Storico-Ballaro-Pallazzo-Vertrano-Casa-Vacanza-00001-3-600x338.jpg 600w, https:\/\/palazzovetrano.it\/wp-content\/uploads\/2023\/06\/18-Terrasse-Atrium-Palermo-Blu-Centro-Storico-Ballaro-Pallazzo-Vertrano-Casa-Vacanza-00001-3-800x450.jpg 800w, https:\/\/palazzovetrano.it\/wp-content\/uploads\/2023\/06\/18-Terrasse-Atrium-Palermo-Blu-Centro-Storico-Ballaro-Pallazzo-Vertrano-Casa-Vacanza-00001-3.jpg 1080w\" data-sizes=\"auto\" data-orig-sizes=\"(max-width: 800px) 100vw, 800px\" \/><\/span><\/div><div class=\"fusion-text fusion-text-18\"><h2 class=\"fusion-responsive-typography-calculated\" style=\"text-align: center; --fontsize: 33; line-height: 1.3;\" data-fontsize=\"33\" data-lineheight=\"42.9px\"><\/h2>\n<h2 class=\"fusion-responsive-typography-calculated\" style=\"text-align: center; --fontsize: 33; line-height: 1.3;\" data-fontsize=\"33\" data-lineheight=\"42.9px\">Caf\u00e9 o t\u00e9<\/h2>\n<p style=\"text-align: left;\">Los italianos son conocidos por su buen caf\u00e9, pero no necesariamente por su sostenibilidad. Por eso una cafetera de c\u00e1psulas forma parte del equipamiento b\u00e1sico de toda casa de vacaciones. Los alemanes tambi\u00e9n hemos tenido nuestra \u00e9poca de c\u00e1psulas. Considerar el caf\u00e9 desde el punto de vista de la sostenibilidad puede ser todo un reto. No se preocupe, tenemos una selecci\u00f3n de c\u00e1psulas de caf\u00e9 para usted. Para abastecerse, puede dirigirse a la boutique Nespresso\u00ae\ufe0f de Palermo. Tambi\u00e9n puedes encontrar c\u00e1psulas de caf\u00e9 compatibles con Nespresso\u00ae\ufe0f en el LIDL y en varias cafeter\u00edas de Palermo. Lo ideal es que ya hayas tra\u00eddo de casa c\u00e1psulas compostables. Puedes encontrarlas, por ejemplo, en <a href=\"https:\/\/www.pottschwarz.de\/\" target=\"_blank\" rel=\"noopener noreferrer\">olla negra<\/a>. Delicioso y respetuoso con el medio ambiente.<\/p>\n<p style=\"text-align: left;\">Si prefiere una alternativa, le recomendamos una taza de t\u00e9. Ya le hemos proporcionado una peque\u00f1a selecci\u00f3n. Como alternativa, puede utilizar un hervidor el\u00e9ctrico y una tetera de flauta.<\/p>\n<blockquote style=\"text-align: center;\">\n<p><i>I like tea and yoga, but I don\u2019t do yoga. (Moby, US-Musiker)<\/i><\/p>\n<\/blockquote>\n<p style=\"text-align: left;\">\u00bfO qu\u00e9 tal una preparaci\u00f3n de caf\u00e9 tradicional \u00e0 la Nonna, es decir, la abuela? Para ello, tienes a tu disposici\u00f3n un molinillo manual, un espumador de leche y dos cafeteras Bialetti de diferentes tama\u00f1os. El manejo es sencillo y el resultado simplemente delicioso.<\/p>\n<\/div><div class=\"fusion-image-element\" style=\"text-align:center;--awb-margin-top:2rem;--awb-margin-left:2rem;--awb-caption-title-font-family:var(--h2_typography-font-family);--awb-caption-title-font-weight:var(--h2_typography-font-weight);--awb-caption-title-font-style:var(--h2_typography-font-style);--awb-caption-title-size:var(--h2_typography-font-size);--awb-caption-title-transform:var(--h2_typography-text-transform);--awb-caption-title-line-height:var(--h2_typography-line-height);--awb-caption-title-letter-spacing:var(--h2_typography-letter-spacing);\"><span class=\"fusion-imageframe imageframe-none imageframe-13 hover-type-none\" style=\"border-radius:12px;\"><img decoding=\"async\" width=\"1024\" height=\"768\" src=\"https:\/\/palazzovetrano.it\/wp-content\/uploads\/2023\/10\/IMG_7865-1-scaled.jpg\" data-orig-src=\"https:\/\/palazzovetrano.it\/wp-content\/uploads\/2023\/10\/IMG_7865-1-1024x768.jpg\" alt class=\"lazyload img-responsive wp-image-1423\" srcset=\"data:image\/svg+xml,%3Csvg%20xmlns%3D%27http%3A%2F%2Fwww.w3.org%2F2000%2Fsvg%27%20width%3D%272560%27%20height%3D%271920%27%20viewBox%3D%270%200%202560%201920%27%3E%3Crect%20width%3D%272560%27%20height%3D%271920%27%20fill-opacity%3D%220%22%2F%3E%3C%2Fsvg%3E\" data-srcset=\"https:\/\/palazzovetrano.it\/wp-content\/uploads\/2023\/10\/IMG_7865-1-200x150.jpg 200w, https:\/\/palazzovetrano.it\/wp-content\/uploads\/2023\/10\/IMG_7865-1-400x300.jpg 400w, https:\/\/palazzovetrano.it\/wp-content\/uploads\/2023\/10\/IMG_7865-1-600x450.jpg 600w, https:\/\/palazzovetrano.it\/wp-content\/uploads\/2023\/10\/IMG_7865-1-800x600.jpg 800w, https:\/\/palazzovetrano.it\/wp-content\/uploads\/2023\/10\/IMG_7865-1-1200x900.jpg 1200w\" data-sizes=\"auto\" data-orig-sizes=\"(max-width: 800px) 100vw, 800px\" \/><\/span><\/div><div class=\"fusion-text fusion-text-19\" style=\"--awb-content-alignment:left;\"><blockquote style=\"text-align: center;\">\n<p><i>\"Cafetera Bialetti - Una m\u00e1quina del tiempo para disfrutar del caf\u00e9 perfecto\". - Desconocido<\/i><\/p>\n<\/blockquote>\n<h3 class=\"fusion-responsive-typography-calculated\" style=\"text-align: center; --fontsize: 28; line-height: 1.3;\" data-fontsize=\"28\" data-lineheight=\"36.4px\">Bialetti Moka Express:<\/h3>\n<p style=\"text-align: left;\">S\u00f3lo cinco pasos para disfrutar de un caf\u00e9 perfecto:<\/p>\n<p style=\"text-align: left;\">1. Llene de agua el recipiente inferior de la jarra de la olla, pero no a trav\u00e9s de la v\u00e1lvula limitadora de presi\u00f3n.<\/p>\n<p style=\"text-align: left;\">Introduzca el colador y ll\u00e9nelo hasta el borde con caf\u00e9 en polvo de grano medio, alis\u00e1ndolo pero sin presionarlo.<\/p>\n<p style=\"text-align: left;\">Coloque la parte superior de la jarra de cocci\u00f3n en la parte inferior y apri\u00e9tela.<\/p>\n<p style=\"text-align: left;\">Calentar en la encimera a temperatura media hasta que se oiga un gorgoteo.<\/p>\n<p style=\"text-align: left;\">Retira la olla de la cocina y \u00a1disfruta del caf\u00e9!<\/p>\n<p style=\"text-align: left;\">Ahora puede preparar su propio caf\u00e9 tradicional como un aut\u00e9ntico maestro cafetero y disfrutar de un rato agradable. Salud.<\/p>\n<p style=\"text-align: left;\">\n<\/div><div class=\"fusion-text fusion-text-20\"><h2 class=\"fusion-responsive-typography-calculated\" style=\"text-align: center; --fontsize: 33; line-height: 1.3;\" data-fontsize=\"33\" data-lineheight=\"42.9px\"><\/h2>\n<h2 class=\"fusion-responsive-typography-calculated\" style=\"text-align: center; --fontsize: 33; line-height: 1.3;\" data-fontsize=\"33\" data-lineheight=\"42.9px\">Cocina-sal\u00f3n<\/h2>\n<p style=\"text-align: left;\">\u00bfYa se ha preparado un caf\u00e9 o un t\u00e9? Entonces ya eres un profesional en el uso de nuestra placa de inducci\u00f3n Bosch. Enhorabuena, ha superado el primer reto. Si tiene alguna pregunta sobre el uso de la placa de inducci\u00f3n Bosch, encontrar\u00e1 los consejos adecuados en la secci\u00f3n del mismo nombre. Nuestra acogedora cocina est\u00e1 equipada con electrodom\u00e9sticos Bosch de alta calidad, como horno, lavadora y lavavajillas. Encontrar\u00e1 las instrucciones de uso correspondientes m\u00e1s abajo, en el apartado del mismo nombre.<\/p>\n<\/div><div class=\"fusion-image-element\" style=\"text-align:center;--awb-margin-top:2rem;--awb-margin-bottom:2rem;--awb-caption-title-font-family:var(--h2_typography-font-family);--awb-caption-title-font-weight:var(--h2_typography-font-weight);--awb-caption-title-font-style:var(--h2_typography-font-style);--awb-caption-title-size:var(--h2_typography-font-size);--awb-caption-title-transform:var(--h2_typography-text-transform);--awb-caption-title-line-height:var(--h2_typography-line-height);--awb-caption-title-letter-spacing:var(--h2_typography-letter-spacing);\"><span class=\"fusion-imageframe imageframe-none imageframe-14 hover-type-none\" style=\"border-radius:12px;\"><img decoding=\"async\" width=\"1024\" height=\"437\" src=\"https:\/\/palazzovetrano.it\/wp-content\/uploads\/2023\/10\/Unbenannt-3.png\" data-orig-src=\"https:\/\/palazzovetrano.it\/wp-content\/uploads\/2023\/10\/Unbenannt-3-1024x437.png\" alt class=\"lazyload img-responsive wp-image-1318\" srcset=\"data:image\/svg+xml,%3Csvg%20xmlns%3D%27http%3A%2F%2Fwww.w3.org%2F2000%2Fsvg%27%20width%3D%272500%27%20height%3D%271067%27%20viewBox%3D%270%200%202500%201067%27%3E%3Crect%20width%3D%272500%27%20height%3D%271067%27%20fill-opacity%3D%220%22%2F%3E%3C%2Fsvg%3E\" data-srcset=\"https:\/\/palazzovetrano.it\/wp-content\/uploads\/2023\/10\/Unbenannt-3-200x85.png 200w, https:\/\/palazzovetrano.it\/wp-content\/uploads\/2023\/10\/Unbenannt-3-400x171.png 400w, https:\/\/palazzovetrano.it\/wp-content\/uploads\/2023\/10\/Unbenannt-3-600x256.png 600w, https:\/\/palazzovetrano.it\/wp-content\/uploads\/2023\/10\/Unbenannt-3-800x341.png 800w, https:\/\/palazzovetrano.it\/wp-content\/uploads\/2023\/10\/Unbenannt-3-1200x512.png 1200w\" data-sizes=\"auto\" data-orig-sizes=\"(max-width: 800px) 100vw, 800px\" \/><\/span><\/div><div class=\"fusion-text fusion-text-21\"><p style=\"text-align: left;\">Y no olvide que tiene a su disposici\u00f3n una gran variedad de utensilios de cocina y especias para sus creaciones culinarias. Hemos intentado evitar el pl\u00e1stico en la medida de lo posible, no s\u00f3lo por razones de sostenibilidad, sino tambi\u00e9n para crear un ambiente acogedor. La cuberter\u00eda, los vasos y la porcelana est\u00e1n cuidadosamente coordinados. Las tablas de cortar, los cuchillos de cocinero y muchos utensilios de cocina son de madera y se lavan a mano en lugar de en el lavavajillas. En el armario met\u00e1lico situado junto al horno encontrar\u00e1 un rallador de cocina, una balanza de cocina, un colador y otros peque\u00f1os utensilios.<\/p>\n<p>&nbsp;<\/p>\n<\/div><div class=\"fusion-image-element\" style=\"text-align:center;--awb-margin-top:2rem;--awb-margin-bottom:2rem;--awb-caption-title-font-family:var(--h2_typography-font-family);--awb-caption-title-font-weight:var(--h2_typography-font-weight);--awb-caption-title-font-style:var(--h2_typography-font-style);--awb-caption-title-size:var(--h2_typography-font-size);--awb-caption-title-transform:var(--h2_typography-text-transform);--awb-caption-title-line-height:var(--h2_typography-line-height);--awb-caption-title-letter-spacing:var(--h2_typography-letter-spacing);\"><span class=\"fusion-imageframe imageframe-none imageframe-15 hover-type-none\" style=\"border-radius:12px;\"><img decoding=\"async\" width=\"1024\" height=\"683\" src=\"https:\/\/palazzovetrano.it\/wp-content\/uploads\/2023\/06\/44-Wohnkuche-Palermo-Blu-Centro-Storico-Ballaro-Pallazzo-Vertrano-Casa-Vacanza-00007-1024x683-1.jpg\" data-orig-src=\"https:\/\/palazzovetrano.it\/wp-content\/uploads\/2023\/06\/44-Wohnkuche-Palermo-Blu-Centro-Storico-Ballaro-Pallazzo-Vertrano-Casa-Vacanza-00007-1024x683-1.jpg\" alt class=\"lazyload img-responsive wp-image-1001\" srcset=\"data:image\/svg+xml,%3Csvg%20xmlns%3D%27http%3A%2F%2Fwww.w3.org%2F2000%2Fsvg%27%20width%3D%271024%27%20height%3D%27683%27%20viewBox%3D%270%200%201024%20683%27%3E%3Crect%20width%3D%271024%27%20height%3D%27683%27%20fill-opacity%3D%220%22%2F%3E%3C%2Fsvg%3E\" data-srcset=\"https:\/\/palazzovetrano.it\/wp-content\/uploads\/2023\/06\/44-Wohnkuche-Palermo-Blu-Centro-Storico-Ballaro-Pallazzo-Vertrano-Casa-Vacanza-00007-1024x683-1-200x133.jpg 200w, https:\/\/palazzovetrano.it\/wp-content\/uploads\/2023\/06\/44-Wohnkuche-Palermo-Blu-Centro-Storico-Ballaro-Pallazzo-Vertrano-Casa-Vacanza-00007-1024x683-1-400x267.jpg 400w, https:\/\/palazzovetrano.it\/wp-content\/uploads\/2023\/06\/44-Wohnkuche-Palermo-Blu-Centro-Storico-Ballaro-Pallazzo-Vertrano-Casa-Vacanza-00007-1024x683-1-600x400.jpg 600w, https:\/\/palazzovetrano.it\/wp-content\/uploads\/2023\/06\/44-Wohnkuche-Palermo-Blu-Centro-Storico-Ballaro-Pallazzo-Vertrano-Casa-Vacanza-00007-1024x683-1-800x534.jpg 800w, https:\/\/palazzovetrano.it\/wp-content\/uploads\/2023\/06\/44-Wohnkuche-Palermo-Blu-Centro-Storico-Ballaro-Pallazzo-Vertrano-Casa-Vacanza-00007-1024x683-1.jpg 1024w\" data-sizes=\"auto\" data-orig-sizes=\"(max-width: 800px) 100vw, 800px\" \/><\/span><\/div><div class=\"fusion-text fusion-text-22\"><blockquote>\n<p style=\"text-align: center;\">\"El secreto de la buena cocina reside en los ingredientes adecuados y en el amor a la cocina\". - Desconocido<\/p>\n<\/blockquote>\n<p style=\"text-align: left;\">Por cierto, los cubiertos se encuentran en la parte superior izquierda del m\u00f3dulo de cocci\u00f3n. Hay otra cuberter\u00eda extra\u00edble en la parte superior de los dos cajones visibles. Adem\u00e1s de los cubiertos, tambi\u00e9n encontrar\u00e1 un abrebotellas y un abrelatas, un cortapizzas, unas tijeras, un batidor, un pelador, un edulcorante, un rallador de nuez moscada, un prensador de ajos, unas pinzas para asar, un pincel para reposter\u00eda y una rasqueta para masa. \u00a1Hemos pensado en todo! \u00bfO no? No dude en dec\u00edrnoslo.<\/p>\n<p style=\"text-align: left;\">Justo debajo del caj\u00f3n de los cubiertos, encontrar\u00e1s platos y cuencos de cer\u00e1mica para tus deliciosas creaciones. Y en el caj\u00f3n inferior encontrar\u00e1s varias ollas. Encontrar\u00e1s sartenes y papel de horno directamente en el caj\u00f3n de debajo del horno. Ser\u00eda estupendo poder comprar m\u00e1s si se te acaban \u00a1Gracias!<\/p>\n<\/div><div class=\"fusion-image-element\" style=\"text-align:center;--awb-margin-top:2rem;--awb-margin-bottom:2rem;--awb-caption-title-font-family:var(--h2_typography-font-family);--awb-caption-title-font-weight:var(--h2_typography-font-weight);--awb-caption-title-font-style:var(--h2_typography-font-style);--awb-caption-title-size:var(--h2_typography-font-size);--awb-caption-title-transform:var(--h2_typography-text-transform);--awb-caption-title-line-height:var(--h2_typography-line-height);--awb-caption-title-letter-spacing:var(--h2_typography-letter-spacing);\"><span class=\"fusion-imageframe imageframe-none imageframe-16 hover-type-none\" style=\"border-radius:12px;\"><img decoding=\"async\" width=\"1024\" height=\"867\" src=\"https:\/\/palazzovetrano.it\/wp-content\/uploads\/2023\/10\/Unbenannt-2.png\" data-orig-src=\"https:\/\/palazzovetrano.it\/wp-content\/uploads\/2023\/10\/Unbenannt-2-1024x867.png\" alt class=\"lazyload img-responsive wp-image-1306\" srcset=\"data:image\/svg+xml,%3Csvg%20xmlns%3D%27http%3A%2F%2Fwww.w3.org%2F2000%2Fsvg%27%20width%3D%272100%27%20height%3D%271778%27%20viewBox%3D%270%200%202100%201778%27%3E%3Crect%20width%3D%272100%27%20height%3D%271778%27%20fill-opacity%3D%220%22%2F%3E%3C%2Fsvg%3E\" data-srcset=\"https:\/\/palazzovetrano.it\/wp-content\/uploads\/2023\/10\/Unbenannt-2-200x169.png 200w, https:\/\/palazzovetrano.it\/wp-content\/uploads\/2023\/10\/Unbenannt-2-400x339.png 400w, https:\/\/palazzovetrano.it\/wp-content\/uploads\/2023\/10\/Unbenannt-2-600x508.png 600w, https:\/\/palazzovetrano.it\/wp-content\/uploads\/2023\/10\/Unbenannt-2-800x677.png 800w, https:\/\/palazzovetrano.it\/wp-content\/uploads\/2023\/10\/Unbenannt-2-1200x1016.png 1200w\" data-sizes=\"auto\" data-orig-sizes=\"(max-width: 800px) 100vw, 800px\" \/><\/span><\/div><div class=\"fusion-text fusion-text-23\"><h2 class=\"fusion-responsive-typography-calculated\" style=\"text-align: center; --fontsize: 33; line-height: 1.3;\" data-fontsize=\"33\" data-lineheight=\"42.9px\"><\/h2>\n<h2 class=\"fusion-responsive-typography-calculated\" style=\"text-align: center; --fontsize: 33; line-height: 1.3;\" data-fontsize=\"33\" data-lineheight=\"42.9px\"><\/h2>\n<h2 class=\"fusion-responsive-typography-calculated\" style=\"text-align: center; --fontsize: 33; line-height: 1.3;\" data-fontsize=\"33\" data-lineheight=\"42.9px\">Proud to Share<\/h2>\n<p style=\"text-align: left;\">La felicidad es lo \u00fanico que se duplica cuando se comparte. Si cuando dejes el piso a\u00fan te quedan alimentos o especias de larga duraci\u00f3n, no dudes en compartirlos. Seguro que haces feliz a alguien. Por favor, deshazte r\u00e1pidamente de los alimentos perecederos o, mejor a\u00fan, c\u00f3metelos. \u00a1Disfruta de la comida!<\/p>\n<p style=\"text-align: left;\">Compruebe inmediatamente si todo est\u00e1 en su sitio. Si falta algo o est\u00e1 roto, inf\u00f3rmenos por correo electr\u00f3nico. Estaremos encantados de ayudarle.<\/p>\n<\/div><div class=\"fusion-image-element\" style=\"text-align:center;--awb-margin-top:2rem;--awb-margin-left:2rem;--awb-caption-title-font-family:var(--h2_typography-font-family);--awb-caption-title-font-weight:var(--h2_typography-font-weight);--awb-caption-title-font-style:var(--h2_typography-font-style);--awb-caption-title-size:var(--h2_typography-font-size);--awb-caption-title-transform:var(--h2_typography-text-transform);--awb-caption-title-line-height:var(--h2_typography-line-height);--awb-caption-title-letter-spacing:var(--h2_typography-letter-spacing);\"><span class=\"fusion-imageframe imageframe-none imageframe-17 hover-type-none\" style=\"border-radius:12px;\"><img decoding=\"async\" width=\"1024\" height=\"768\" src=\"https:\/\/palazzovetrano.it\/wp-content\/uploads\/2023\/10\/IMG_5072-2-scaled.jpg\" data-orig-src=\"https:\/\/palazzovetrano.it\/wp-content\/uploads\/2023\/10\/IMG_5072-2-1024x768.jpg\" alt class=\"lazyload img-responsive wp-image-1297\" srcset=\"data:image\/svg+xml,%3Csvg%20xmlns%3D%27http%3A%2F%2Fwww.w3.org%2F2000%2Fsvg%27%20width%3D%272560%27%20height%3D%271920%27%20viewBox%3D%270%200%202560%201920%27%3E%3Crect%20width%3D%272560%27%20height%3D%271920%27%20fill-opacity%3D%220%22%2F%3E%3C%2Fsvg%3E\" data-srcset=\"https:\/\/palazzovetrano.it\/wp-content\/uploads\/2023\/10\/IMG_5072-2-200x150.jpg 200w, https:\/\/palazzovetrano.it\/wp-content\/uploads\/2023\/10\/IMG_5072-2-400x300.jpg 400w, https:\/\/palazzovetrano.it\/wp-content\/uploads\/2023\/10\/IMG_5072-2-600x450.jpg 600w, https:\/\/palazzovetrano.it\/wp-content\/uploads\/2023\/10\/IMG_5072-2-800x600.jpg 800w, https:\/\/palazzovetrano.it\/wp-content\/uploads\/2023\/10\/IMG_5072-2-1200x900.jpg 1200w\" data-sizes=\"auto\" data-orig-sizes=\"(max-width: 800px) 100vw, 800px\" \/><\/span><\/div><div class=\"fusion-text fusion-text-24\"><h2 class=\"fusion-responsive-typography-calculated\" style=\"text-align: center; --fontsize: 33; line-height: 1.3;\" data-fontsize=\"33\" data-lineheight=\"42.9px\"><\/h2>\n<h2 class=\"fusion-responsive-typography-calculated\" style=\"text-align: center; --fontsize: 33; line-height: 1.3;\" data-fontsize=\"33\" data-lineheight=\"42.9px\">Dormitorio<\/h2>\n<p style=\"text-align: left;\">Bienvenido a los dos dormitorios, donde podr\u00e1 dormir en c\u00f3modas camas dobles XL con colchones extralargos de 2,20 y 2,00 metros. Toallas, ropa de cama, jab\u00f3n y papel higi\u00e9nico ya est\u00e1n a su disposici\u00f3n. Aqu\u00ed todo es comodidad.<\/p>\n<blockquote>\n<p style=\"text-align: center;\">\"Una buena cama es condici\u00f3n indispensable para un sue\u00f1o profundo\". - Benjamin Franklin<\/p>\n<\/blockquote>\n<p style=\"text-align: left;\">Con esto en mente, le deseamos un sue\u00f1o profundo y muchos sue\u00f1os hermosos.<\/p>\n<p style=\"text-align: left;\">Nuestra taquilla ha demostrado su eficacia para clasificar la ropa de forma r\u00e1pida y clara. Ver\u00e1s lo pr\u00e1ctico que resulta tenerlo todo a mano en poco tiempo en lugar de vivir con una maleta. En el dormitorio peque\u00f1o hay barras adicionales para colgar la ropa, mientras que en el dormitorio m\u00e1s grande hay pr\u00e1cticos ganchos de pared.<\/p>\n<p style=\"text-align: left;\">\n<\/div><div class=\"fusion-image-element\" style=\"text-align:center;--awb-margin-top:2rem;--awb-margin-bottom:2rem;--awb-caption-title-font-family:var(--h2_typography-font-family);--awb-caption-title-font-weight:var(--h2_typography-font-weight);--awb-caption-title-font-style:var(--h2_typography-font-style);--awb-caption-title-size:var(--h2_typography-font-size);--awb-caption-title-transform:var(--h2_typography-text-transform);--awb-caption-title-line-height:var(--h2_typography-line-height);--awb-caption-title-letter-spacing:var(--h2_typography-letter-spacing);\"><span class=\"fusion-imageframe imageframe-none imageframe-18 hover-type-none\" style=\"border-radius:12px;\"><img decoding=\"async\" width=\"1024\" height=\"576\" src=\"https:\/\/palazzovetrano.it\/wp-content\/uploads\/2023\/10\/IMG_7960-scaled.jpg\" data-orig-src=\"https:\/\/palazzovetrano.it\/wp-content\/uploads\/2023\/10\/IMG_7960-1024x576.jpg\" alt class=\"lazyload img-responsive wp-image-1531\" srcset=\"data:image\/svg+xml,%3Csvg%20xmlns%3D%27http%3A%2F%2Fwww.w3.org%2F2000%2Fsvg%27%20width%3D%272560%27%20height%3D%271440%27%20viewBox%3D%270%200%202560%201440%27%3E%3Crect%20width%3D%272560%27%20height%3D%271440%27%20fill-opacity%3D%220%22%2F%3E%3C%2Fsvg%3E\" data-srcset=\"https:\/\/palazzovetrano.it\/wp-content\/uploads\/2023\/10\/IMG_7960-200x113.jpg 200w, https:\/\/palazzovetrano.it\/wp-content\/uploads\/2023\/10\/IMG_7960-400x225.jpg 400w, https:\/\/palazzovetrano.it\/wp-content\/uploads\/2023\/10\/IMG_7960-600x338.jpg 600w, https:\/\/palazzovetrano.it\/wp-content\/uploads\/2023\/10\/IMG_7960-800x450.jpg 800w, https:\/\/palazzovetrano.it\/wp-content\/uploads\/2023\/10\/IMG_7960-1200x675.jpg 1200w\" data-sizes=\"auto\" data-orig-sizes=\"(max-width: 800px) 100vw, 800px\" \/><\/span><\/div><div class=\"fusion-text fusion-text-25\"><p style=\"text-align: left;\">Por cierto, se entra al piso por el mayor de los dos dormitorios. Pero eso ya lo sab\u00edas. Las contraventanas del dormitorio peque\u00f1o s\u00f3lo se pueden abrir desde dentro. En la cocina y el cuarto de ba\u00f1o hay persianas adicionales para dar sombra.<\/p>\n<p style=\"text-align: left;\">La ventana del dormitorio grande se oscurece con un estor. Si es necesario, puede oscurecer las ventanas del techo con una persiana plisada adicional. La barra telesc\u00f3pica necesaria para ello se encuentra en el dormitorio principal, junto a la taquilla. Tambi\u00e9n puede utilizarla para abrir y cerrar las claraboyas.<\/p>\n<\/div><div class=\"fusion-image-element\" style=\"text-align:center;--awb-margin-top:2rem;--awb-margin-bottom:2rem;--awb-caption-title-font-family:var(--h2_typography-font-family);--awb-caption-title-font-weight:var(--h2_typography-font-weight);--awb-caption-title-font-style:var(--h2_typography-font-style);--awb-caption-title-size:var(--h2_typography-font-size);--awb-caption-title-transform:var(--h2_typography-text-transform);--awb-caption-title-line-height:var(--h2_typography-line-height);--awb-caption-title-letter-spacing:var(--h2_typography-letter-spacing);\"><span class=\"fusion-imageframe imageframe-none imageframe-19 hover-type-none\" style=\"border-radius:12px;\"><img decoding=\"async\" width=\"1024\" height=\"683\" src=\"data:image\/svg+xml,%3Csvg%20xmlns%3D%27http%3A%2F%2Fwww.w3.org%2F2000%2Fsvg%27%20width%3D%272560%27%20height%3D%271707%27%20viewBox%3D%270%200%202560%201707%27%3E%3Crect%20width%3D%272560%27%20height%3D%271707%27%20fill-opacity%3D%220%22%2F%3E%3C%2Fsvg%3E\" data-orig-src=\"https:\/\/palazzovetrano.it\/wp-content\/uploads\/2023\/06\/26-Schlafen-1-Palermo-Blu-Centro-Storico-Ballaro-Pallazzo-Vertrano-Casa-Vacanza-00004-1-1024x683.jpg\" alt class=\"lazyload img-responsive wp-image-979\"\/><\/span><\/div><div class=\"fusion-text fusion-text-26\"><p style=\"text-align: left;\">En el mayor de los dos dormitorios encontrar\u00e1 un cl\u00e1sico escritorio de m\u00e9dico. Las m\u00e1quinas de escribir que hay son m\u00e1s decorativas y tienen ya unos cuantos a\u00f1os.<\/p>\n<p style=\"text-align: left;\">Uno de estos modelos Olivetti ha llegado incluso al MOMA, el Museo de Arte Moderno de Nueva York. Un verdadero cl\u00e1sico del dise\u00f1o. Conserv\u00e9moslas como est\u00e1n. Gracias.<\/p>\n<\/div><div class=\"fusion-image-element\" style=\"text-align:center;--awb-margin-top:2rem;--awb-margin-bottom:2rem;--awb-caption-title-font-family:var(--h2_typography-font-family);--awb-caption-title-font-weight:var(--h2_typography-font-weight);--awb-caption-title-font-style:var(--h2_typography-font-style);--awb-caption-title-size:var(--h2_typography-font-size);--awb-caption-title-transform:var(--h2_typography-text-transform);--awb-caption-title-line-height:var(--h2_typography-line-height);--awb-caption-title-letter-spacing:var(--h2_typography-letter-spacing);\"><span class=\"fusion-imageframe imageframe-none imageframe-20 hover-type-none\" style=\"border-radius:12px;\"><img decoding=\"async\" width=\"1024\" height=\"683\" src=\"https:\/\/palazzovetrano.it\/wp-content\/uploads\/2023\/06\/31-Schlafen-1-Details-Palermo-Blu-Centro-Storico-Ballaro-Pallazzo-Vertrano-Casa-Vacanza-00003-1024x683-1.jpg\" data-orig-src=\"https:\/\/palazzovetrano.it\/wp-content\/uploads\/2023\/06\/31-Schlafen-1-Details-Palermo-Blu-Centro-Storico-Ballaro-Pallazzo-Vertrano-Casa-Vacanza-00003-1024x683-1.jpg\" alt class=\"lazyload img-responsive wp-image-1029\" srcset=\"data:image\/svg+xml,%3Csvg%20xmlns%3D%27http%3A%2F%2Fwww.w3.org%2F2000%2Fsvg%27%20width%3D%271024%27%20height%3D%27683%27%20viewBox%3D%270%200%201024%20683%27%3E%3Crect%20width%3D%271024%27%20height%3D%27683%27%20fill-opacity%3D%220%22%2F%3E%3C%2Fsvg%3E\" data-srcset=\"https:\/\/palazzovetrano.it\/wp-content\/uploads\/2023\/06\/31-Schlafen-1-Details-Palermo-Blu-Centro-Storico-Ballaro-Pallazzo-Vertrano-Casa-Vacanza-00003-1024x683-1-200x133.jpg 200w, https:\/\/palazzovetrano.it\/wp-content\/uploads\/2023\/06\/31-Schlafen-1-Details-Palermo-Blu-Centro-Storico-Ballaro-Pallazzo-Vertrano-Casa-Vacanza-00003-1024x683-1-400x267.jpg 400w, https:\/\/palazzovetrano.it\/wp-content\/uploads\/2023\/06\/31-Schlafen-1-Details-Palermo-Blu-Centro-Storico-Ballaro-Pallazzo-Vertrano-Casa-Vacanza-00003-1024x683-1-600x400.jpg 600w, https:\/\/palazzovetrano.it\/wp-content\/uploads\/2023\/06\/31-Schlafen-1-Details-Palermo-Blu-Centro-Storico-Ballaro-Pallazzo-Vertrano-Casa-Vacanza-00003-1024x683-1-800x534.jpg 800w, https:\/\/palazzovetrano.it\/wp-content\/uploads\/2023\/06\/31-Schlafen-1-Details-Palermo-Blu-Centro-Storico-Ballaro-Pallazzo-Vertrano-Casa-Vacanza-00003-1024x683-1.jpg 1024w\" data-sizes=\"auto\" data-orig-sizes=\"(max-width: 800px) 100vw, 800px\" \/><\/span><\/div><div class=\"fusion-text fusion-text-27\"><p style=\"text-align: left;\">Adem\u00e1s de la taquilla, en la habitaci\u00f3n m\u00e1s peque\u00f1a te espera una c\u00f3moda. En la parte superior tambi\u00e9n encontrar\u00e1s tu Smart TV.<\/p>\n<\/div><div class=\"fusion-text fusion-text-28\" style=\"--awb-content-alignment:left;\"><h2 class=\"fusion-responsive-typography-calculated\" style=\"text-align: center; --fontsize: 33; line-height: 1.3;\" data-fontsize=\"33\" data-lineheight=\"42.9px\"><\/h2>\n<h2 class=\"fusion-responsive-typography-calculated\" style=\"text-align: center; --fontsize: 33; line-height: 1.3;\" data-fontsize=\"33\" data-lineheight=\"42.9px\">Entretenimiento y m\u00e1s<\/h2>\n<blockquote style=\"text-align: center;\">\n<p>\"El entretenimiento es el arte de dar a la gente lo que quiere antes de que sepa que lo quiere\". - Steve Jobs<\/p>\n<\/blockquote>\n<p style=\"text-align: left;\">\u00a1El entretenimiento est\u00e1 asegurado! Disfruta de la Smart TV con servicios de streaming como prime video - NETFLIX, YouTube, appleTV, Disney, Zattoo. Puedes verlos a trav\u00e9s de tu cuenta personal. Tambi\u00e9n es posible la transferencia de im\u00e1genes al televisor mediante screen mirroring.<\/p>\n<p style=\"text-align: left;\">Si prefieres sumergirte en el mundo de los libros, tambi\u00e9n encontrar\u00e1s material de lectura, algunas gu\u00edas de viaje sobre Sicilia y Palermo, as\u00ed como varios libros ilustrados. Tambi\u00e9n hay juegos de mesa para una tarde de juegos juntos. Incluso hay un altavoz Bluetooth en el ba\u00f1o para que puedas disfrutar de tu m\u00fasica favorita en la ducha.<\/p>\n<p style=\"text-align: left;\">\u00bfTodo demasiado aburrido? Entonces salga del piso y ad\u00e9ntrese en la ciudad. Porque en Palermo podr\u00e1 experimentar una gran variedad de divertidas actividades que hacen tan famosa a esta ciudad: desde animados festivales callejeros y actuaciones de m\u00fasica tradicional hasta sobrecogedoras representaciones teatrales y animadas exposiciones de arte. Sum\u00e9rjase en la vibrante diversi\u00f3n de esta encantadora ciudad y d\u00e9jese llevar por su energ\u00eda \u00fanica.<\/p>\n<\/div><div class=\"fusion-text fusion-text-29\"><h2 class=\"fusion-responsive-typography-calculated\" style=\"text-align: center; --fontsize: 33; line-height: 1.3;\" data-fontsize=\"33\" data-lineheight=\"42.9px\"><\/h2>\n<h2 class=\"fusion-responsive-typography-calculated\" style=\"text-align: center; --fontsize: 33; line-height: 1.3;\" data-fontsize=\"33\" data-lineheight=\"42.9px\">Pasillo<\/h2>\n<p style=\"text-align: left;\">En el pasillo, te esperan un banco y un arc\u00f3n de madera t\u00edpicos de Sicilia: \u00a1un trozo de Palermo para ti! Aqu\u00ed tambi\u00e9n encontrar\u00e1s cojines que podr\u00e1s utilizar en la terraza. Para que duren mucho tiempo a pesar del sol, ser\u00eda estupendo que los devolvieras aqu\u00ed despu\u00e9s de usarlos. Muchas gracias.<\/p>\n<\/div><div class=\"fusion-image-element\" style=\"text-align:center;--awb-margin-top:2rem;--awb-margin-bottom:2rem;--awb-caption-title-font-family:var(--h2_typography-font-family);--awb-caption-title-font-weight:var(--h2_typography-font-weight);--awb-caption-title-font-style:var(--h2_typography-font-style);--awb-caption-title-size:var(--h2_typography-font-size);--awb-caption-title-transform:var(--h2_typography-text-transform);--awb-caption-title-line-height:var(--h2_typography-line-height);--awb-caption-title-letter-spacing:var(--h2_typography-letter-spacing);\"><span class=\"fusion-imageframe imageframe-none imageframe-21 hover-type-none\" style=\"border-radius:12px;\"><img decoding=\"async\" width=\"1024\" height=\"683\" src=\"https:\/\/palazzovetrano.it\/wp-content\/uploads\/2023\/06\/8-Diele-Palermo-Blu-Centro-Storico-Ballaro-Pallazzo-Vertrano-Casa-Vacanza-00006-1-1024x683-1.jpg\" data-orig-src=\"https:\/\/palazzovetrano.it\/wp-content\/uploads\/2023\/06\/8-Diele-Palermo-Blu-Centro-Storico-Ballaro-Pallazzo-Vertrano-Casa-Vacanza-00006-1-1024x683-1.jpg\" alt class=\"lazyload img-responsive wp-image-1027\" srcset=\"data:image\/svg+xml,%3Csvg%20xmlns%3D%27http%3A%2F%2Fwww.w3.org%2F2000%2Fsvg%27%20width%3D%271024%27%20height%3D%27683%27%20viewBox%3D%270%200%201024%20683%27%3E%3Crect%20width%3D%271024%27%20height%3D%27683%27%20fill-opacity%3D%220%22%2F%3E%3C%2Fsvg%3E\" data-srcset=\"https:\/\/palazzovetrano.it\/wp-content\/uploads\/2023\/06\/8-Diele-Palermo-Blu-Centro-Storico-Ballaro-Pallazzo-Vertrano-Casa-Vacanza-00006-1-1024x683-1-200x133.jpg 200w, https:\/\/palazzovetrano.it\/wp-content\/uploads\/2023\/06\/8-Diele-Palermo-Blu-Centro-Storico-Ballaro-Pallazzo-Vertrano-Casa-Vacanza-00006-1-1024x683-1-400x267.jpg 400w, https:\/\/palazzovetrano.it\/wp-content\/uploads\/2023\/06\/8-Diele-Palermo-Blu-Centro-Storico-Ballaro-Pallazzo-Vertrano-Casa-Vacanza-00006-1-1024x683-1-600x400.jpg 600w, https:\/\/palazzovetrano.it\/wp-content\/uploads\/2023\/06\/8-Diele-Palermo-Blu-Centro-Storico-Ballaro-Pallazzo-Vertrano-Casa-Vacanza-00006-1-1024x683-1-800x534.jpg 800w, https:\/\/palazzovetrano.it\/wp-content\/uploads\/2023\/06\/8-Diele-Palermo-Blu-Centro-Storico-Ballaro-Pallazzo-Vertrano-Casa-Vacanza-00006-1-1024x683-1.jpg 1024w\" data-sizes=\"auto\" data-orig-sizes=\"(max-width: 800px) 100vw, 800px\" \/><\/span><\/div><div class=\"fusion-text fusion-text-30\"><h2 class=\"fusion-responsive-typography-calculated\" style=\"text-align: center; --fontsize: 33; line-height: 1.3;\" data-fontsize=\"33\" data-lineheight=\"42.9px\"><\/h2>\n<h2 class=\"fusion-responsive-typography-calculated\" style=\"text-align: center; --fontsize: 33; line-height: 1.3;\" data-fontsize=\"33\" data-lineheight=\"42.9px\">Cuarto de ba\u00f1o<\/h2>\n<p style=\"text-align: left;\">El cuarto de ba\u00f1o est\u00e1 equipado con ducha, bid\u00e9, secador de pelo y productos de limpieza. Junto al radiador toallero, hay una escalera de madera para secar toallas y toallas de ba\u00f1o.<\/p>\n<blockquote style=\"text-align: center;\">\n<p>\"He tenido los mejores momentos de mi vida cantando en la ducha o en un karaoke\". - Beyonc\u00e9<\/p>\n<\/blockquote>\n<p style=\"text-align: left;\">No te olvides de la caja Bluetooth. Aqu\u00ed puedes tener ambas cosas, cantar en la ducha y el karaoke.<\/p>\n<p style=\"text-align: left;\">\n<\/div><div class=\"fusion-image-element\" style=\"text-align:center;--awb-caption-title-font-family:var(--h2_typography-font-family);--awb-caption-title-font-weight:var(--h2_typography-font-weight);--awb-caption-title-font-style:var(--h2_typography-font-style);--awb-caption-title-size:var(--h2_typography-font-size);--awb-caption-title-transform:var(--h2_typography-text-transform);--awb-caption-title-line-height:var(--h2_typography-line-height);--awb-caption-title-letter-spacing:var(--h2_typography-letter-spacing);\"><span class=\"fusion-imageframe imageframe-none imageframe-22 hover-type-none\" style=\"border-radius:12px;\"><img decoding=\"async\" width=\"1024\" height=\"683\" src=\"https:\/\/palazzovetrano.it\/wp-content\/uploads\/2023\/06\/25-Bad-Palermo-Blu-Centro-Storico-Ballaro-Pallazzo-Vertrano-Casa-Vacanza-00003-1024x683-1.jpg\" data-orig-src=\"https:\/\/palazzovetrano.it\/wp-content\/uploads\/2023\/06\/25-Bad-Palermo-Blu-Centro-Storico-Ballaro-Pallazzo-Vertrano-Casa-Vacanza-00003-1024x683-1.jpg\" alt class=\"lazyload img-responsive wp-image-1030\" srcset=\"data:image\/svg+xml,%3Csvg%20xmlns%3D%27http%3A%2F%2Fwww.w3.org%2F2000%2Fsvg%27%20width%3D%271024%27%20height%3D%27683%27%20viewBox%3D%270%200%201024%20683%27%3E%3Crect%20width%3D%271024%27%20height%3D%27683%27%20fill-opacity%3D%220%22%2F%3E%3C%2Fsvg%3E\" data-srcset=\"https:\/\/palazzovetrano.it\/wp-content\/uploads\/2023\/06\/25-Bad-Palermo-Blu-Centro-Storico-Ballaro-Pallazzo-Vertrano-Casa-Vacanza-00003-1024x683-1-200x133.jpg 200w, https:\/\/palazzovetrano.it\/wp-content\/uploads\/2023\/06\/25-Bad-Palermo-Blu-Centro-Storico-Ballaro-Pallazzo-Vertrano-Casa-Vacanza-00003-1024x683-1-400x267.jpg 400w, https:\/\/palazzovetrano.it\/wp-content\/uploads\/2023\/06\/25-Bad-Palermo-Blu-Centro-Storico-Ballaro-Pallazzo-Vertrano-Casa-Vacanza-00003-1024x683-1-600x400.jpg 600w, https:\/\/palazzovetrano.it\/wp-content\/uploads\/2023\/06\/25-Bad-Palermo-Blu-Centro-Storico-Ballaro-Pallazzo-Vertrano-Casa-Vacanza-00003-1024x683-1-800x534.jpg 800w, https:\/\/palazzovetrano.it\/wp-content\/uploads\/2023\/06\/25-Bad-Palermo-Blu-Centro-Storico-Ballaro-Pallazzo-Vertrano-Casa-Vacanza-00003-1024x683-1.jpg 1024w\" data-sizes=\"auto\" data-orig-sizes=\"(max-width: 800px) 100vw, 800px\" \/><\/span><\/div><div class=\"fusion-text fusion-text-31\"><h2 class=\"fusion-responsive-typography-calculated\" style=\"text-align: center; --fontsize: 33; line-height: 1.3;\" data-fontsize=\"33\" data-lineheight=\"42.9px\"><\/h2>\n<h2 class=\"fusion-responsive-typography-calculated\" style=\"text-align: center; --fontsize: 33; line-height: 1.3;\" data-fontsize=\"33\" data-lineheight=\"42.9px\">Seguridad<\/h2>\n<p style=\"text-align: left;\">Queremos asegurarnos de que te sientas c\u00f3modo y seguro, y tenemos buenas noticias: Usted ya ha hecho la contribuci\u00f3n m\u00e1s importante al elegir Palermo como destino. Palermo est\u00e1 considerada la ciudad m\u00e1s segura de Italia. Por supuesto, esto no significa que aqu\u00ed no haya ning\u00fan tipo de delincuencia. Como gran ciudad, Palermo atrae desgraciadamente a carteristas y tambi\u00e9n a turistas en verano. Por eso, le recomendamos que observe las medidas de seguridad habituales.<\/p>\n<p style=\"text-align: left;\">Adem\u00e1s, le ofrecemos una amplia gama de comodidades y precauciones de seguridad:<\/p>\n<p style=\"text-align: left;\">Su seguridad nos importa mucho. Hay c\u00e1maras de vigilancia instaladas en el pasillo y fuera de la puerta principal para vigilar lo que ocurre. El piso est\u00e1 equipado con un sistema de videoportero Urmet. T\u00fa decides qui\u00e9n debe quedarse fuera.<\/p>\n<p style=\"text-align: left;\">En su habitaci\u00f3n encontrar\u00e1 una caja fuerte del hotel Burg W\u00e4chter para guardar sus objetos de valor. Ofrece una mayor protecci\u00f3n contra robos y perforaciones, as\u00ed como espacio suficiente para dinero en efectivo, documentos de viaje importantes y mucho m\u00e1s. La cerradura de la caja fuerte es electr\u00f3nica. Esto hace que sea muy c\u00f3moda de abrir y cerrar.<\/p>\n<\/div><div class=\"fusion-image-element\" style=\"text-align:center;--awb-caption-title-font-family:var(--h2_typography-font-family);--awb-caption-title-font-weight:var(--h2_typography-font-weight);--awb-caption-title-font-style:var(--h2_typography-font-style);--awb-caption-title-size:var(--h2_typography-font-size);--awb-caption-title-transform:var(--h2_typography-text-transform);--awb-caption-title-line-height:var(--h2_typography-line-height);--awb-caption-title-letter-spacing:var(--h2_typography-letter-spacing);\"><span class=\"fusion-imageframe imageframe-none imageframe-23 hover-type-none\" style=\"border-radius:12px;\"><img decoding=\"async\" width=\"1024\" height=\"453\" src=\"https:\/\/palazzovetrano.it\/wp-content\/uploads\/2023\/10\/Safe-1.png\" data-orig-src=\"https:\/\/palazzovetrano.it\/wp-content\/uploads\/2023\/10\/Safe-1-1024x453.png\" alt class=\"lazyload img-responsive wp-image-1336\" srcset=\"data:image\/svg+xml,%3Csvg%20xmlns%3D%27http%3A%2F%2Fwww.w3.org%2F2000%2Fsvg%27%20width%3D%271500%27%20height%3D%27664%27%20viewBox%3D%270%200%201500%20664%27%3E%3Crect%20width%3D%271500%27%20height%3D%27664%27%20fill-opacity%3D%220%22%2F%3E%3C%2Fsvg%3E\" data-srcset=\"https:\/\/palazzovetrano.it\/wp-content\/uploads\/2023\/10\/Safe-1-200x89.png 200w, https:\/\/palazzovetrano.it\/wp-content\/uploads\/2023\/10\/Safe-1-400x177.png 400w, https:\/\/palazzovetrano.it\/wp-content\/uploads\/2023\/10\/Safe-1-600x266.png 600w, https:\/\/palazzovetrano.it\/wp-content\/uploads\/2023\/10\/Safe-1-800x354.png 800w, https:\/\/palazzovetrano.it\/wp-content\/uploads\/2023\/10\/Safe-1-1200x531.png 1200w, https:\/\/palazzovetrano.it\/wp-content\/uploads\/2023\/10\/Safe-1.png 1500w\" data-sizes=\"auto\" data-orig-sizes=\"(max-width: 800px) 100vw, 800px\" \/><\/span><\/div><div class=\"fusion-text fusion-text-32\"><h2 class=\"fusion-responsive-typography-calculated\" style=\"text-align: center; --fontsize: 33; line-height: 1.3;\" data-fontsize=\"33\" data-lineheight=\"42.9px\"><\/h2>\n<p style=\"text-align: left;\">Hemos instalado detectores de humo y mon\u00f3xido de carbono para protegerte de los peligros. Tambi\u00e9n disponemos de extintores y mantas ign\u00edfugas. As\u00ed que todo deber\u00eda ser seguro.<\/p>\n<p style=\"text-align: left;\">Hay un botiqu\u00edn de primeros auxilios disponible en caso de lesiones.<\/p>\n<p style=\"text-align: left;\">El interruptor central no s\u00f3lo sirve para la sostenibilidad, sino que tambi\u00e9n te ofrece la seguridad de no tener que preocuparte por si te has dejado la cocina o la plancha encendidas. Y no te preocupes, todo seguir\u00e1 refriger\u00e1ndose en el frigor\u00edfico.<\/p>\n<p style=\"text-align: left;\">\n<\/div><div class=\"fusion-image-element\" style=\"text-align:center;--awb-caption-title-font-family:var(--h2_typography-font-family);--awb-caption-title-font-weight:var(--h2_typography-font-weight);--awb-caption-title-font-style:var(--h2_typography-font-style);--awb-caption-title-size:var(--h2_typography-font-size);--awb-caption-title-transform:var(--h2_typography-text-transform);--awb-caption-title-line-height:var(--h2_typography-line-height);--awb-caption-title-letter-spacing:var(--h2_typography-letter-spacing);\"><span class=\"fusion-imageframe imageframe-none imageframe-24 hover-type-none\" style=\"border-radius:12px;\"><img decoding=\"async\" width=\"1024\" height=\"576\" src=\"https:\/\/palazzovetrano.it\/wp-content\/uploads\/2023\/10\/IMG_6688-scaled.jpg\" data-orig-src=\"https:\/\/palazzovetrano.it\/wp-content\/uploads\/2023\/10\/IMG_6688-1024x576.jpg\" alt class=\"lazyload img-responsive wp-image-1223\" srcset=\"data:image\/svg+xml,%3Csvg%20xmlns%3D%27http%3A%2F%2Fwww.w3.org%2F2000%2Fsvg%27%20width%3D%272560%27%20height%3D%271440%27%20viewBox%3D%270%200%202560%201440%27%3E%3Crect%20width%3D%272560%27%20height%3D%271440%27%20fill-opacity%3D%220%22%2F%3E%3C%2Fsvg%3E\" data-srcset=\"https:\/\/palazzovetrano.it\/wp-content\/uploads\/2023\/10\/IMG_6688-200x113.jpg 200w, https:\/\/palazzovetrano.it\/wp-content\/uploads\/2023\/10\/IMG_6688-400x225.jpg 400w, https:\/\/palazzovetrano.it\/wp-content\/uploads\/2023\/10\/IMG_6688-600x338.jpg 600w, https:\/\/palazzovetrano.it\/wp-content\/uploads\/2023\/10\/IMG_6688-800x450.jpg 800w, https:\/\/palazzovetrano.it\/wp-content\/uploads\/2023\/10\/IMG_6688-1200x675.jpg 1200w\" data-sizes=\"auto\" data-orig-sizes=\"(max-width: 800px) 100vw, 800px\" \/><\/span><\/div><div class=\"fusion-text fusion-text-33\"><h3 class=\"fusion-responsive-typography-calculated\" style=\"text-align: center; --fontsize: 28; line-height: 1.3;\" data-fontsize=\"28\" data-lineheight=\"36.4px\"><\/h3>\n<h3 class=\"fusion-responsive-typography-calculated\" style=\"text-align: center; --fontsize: 28; line-height: 1.3;\" data-fontsize=\"28\" data-lineheight=\"36.4px\">Precauciones de seguridad: \u00bfD\u00f3nde puedo encontrar qu\u00e9?<\/h3>\n<p style=\"text-align: left;\"><b>El botiqu\u00edn de primeros auxilios<\/b> est\u00e1 en una caja roja claramente reconocible con una cruz blanca. La encontrar\u00e1s en la habitaci\u00f3n grande de la taquilla.<\/p>\n<p style=\"text-align: left;\"><b>El extintor<\/b> cuelga de un gancho directamente a la derecha, junto al radiador. En caso de emergencia, basta con tirar de \u00e9l y apagarlo.<\/p>\n<p style=\"text-align: left;\"><b>La manta ign\u00edfuga <\/b>est\u00e1 en la cocina, junto al mueble de cocina de la izquierda. La manta ign\u00edfuga est\u00e1 en el caj\u00f3n superior del elemento derecho del armario azul claro del m\u00e9dico. \u00c9ste tambi\u00e9n est\u00e1 equipado con un gancho. Si quieres, tambi\u00e9n puedes colgarla directamente en el armario, como se muestra en la imagen.<\/p>\n<\/div><div class=\"fusion-text fusion-text-34\"><h3 class=\"fusion-responsive-typography-calculated\" style=\"text-align: center; --fontsize: 28; line-height: 1.3;\" data-fontsize=\"28\" data-lineheight=\"36.4px\">Agua y electricidad<\/h3>\n<p style=\"text-align: left;\">Tanto la red el\u00e9ctrica como la de agua de Palermo son excepcionalmente estables. Especialmente para una ciudad del sur.<\/p>\n<p style=\"text-align: left;\">El agua del grifo no s\u00f3lo se analiza peri\u00f3dicamente seg\u00fan las directrices de la UE. Su sabor nos parece excepcionalmente bueno. Por eso la utilizamos como agua potable. Esto nos ahorra a usted y a nosotros el innecesario acarreo de botellas. No hace falta que te digamos que se trata de agua potable valiosa, que deber\u00edas ahorrar, \u00bfverdad?<\/p>\n<p style=\"text-align: left;\">PD: \u00a1No olvides tu botella de agua! Porque en Palermo hace calor de vez en cuando. Entonces agradecer\u00e1s no tener que pensar mucho d\u00f3nde tomar algo. Si a\u00fan hace m\u00e1s calor, te recomendamos una deliciosa Granita al Limone, que encontrar\u00e1s en todas partes en Palermo. Deliciosa y muy refrescante.<\/p>\n<\/div><div class=\"fusion-image-element\" style=\"text-align:center;--awb-caption-title-font-family:var(--h2_typography-font-family);--awb-caption-title-font-weight:var(--h2_typography-font-weight);--awb-caption-title-font-style:var(--h2_typography-font-style);--awb-caption-title-size:var(--h2_typography-font-size);--awb-caption-title-transform:var(--h2_typography-text-transform);--awb-caption-title-line-height:var(--h2_typography-line-height);--awb-caption-title-letter-spacing:var(--h2_typography-letter-spacing);\"><span class=\"fusion-imageframe imageframe-none imageframe-25 hover-type-none\" style=\"border-radius:12px;\"><img decoding=\"async\" width=\"1024\" height=\"576\" alt=\"Viajar de forma sostenible tambi\u00e9n significa evitar los residuos. Sin pl\u00e1sticos gracias al agua potable.\" title=\"I\" src=\"data:image\/svg+xml,%3Csvg%20xmlns%3D%27http%3A%2F%2Fwww.w3.org%2F2000%2Fsvg%27%20width%3D%272560%27%20height%3D%271440%27%20viewBox%3D%270%200%202560%201440%27%3E%3Crect%20width%3D%272560%27%20height%3D%271440%27%20fill-opacity%3D%220%22%2F%3E%3C%2Fsvg%3E\" data-orig-src=\"https:\/\/palazzovetrano.it\/wp-content\/uploads\/2023\/10\/IMG_6838-1-1024x576.jpg\" class=\"lazyload img-responsive wp-image-1460\"\/><\/span><\/div><div class=\"fusion-text fusion-text-35\"><p style=\"text-align: left;\">No obstante, puede ocurrir que temporalmente no haya agua ni electricidad.<\/p>\n<h4 class=\"fusion-responsive-typography-calculated\" style=\"text-align: center; --fontsize: 25; line-height: 1.3; --minfontsize: 25;\" data-fontsize=\"25\" data-lineheight=\"32.5px\">Disyuntores \/ Fusibles<\/h4>\n<p style=\"text-align: left;\">Si cree que no hay electricidad disponible, le recomendamos que primero compruebe brevemente si el interruptor central de electricidad situado junto a la puerta del patio est\u00e1 encendido.<\/p>\n<p style=\"text-align: left;\">A continuaci\u00f3n, comprueba la caja de fusibles situada detr\u00e1s de la puerta de la cocina. Por \u00faltimo, comprueba el fusible principal del contador de electricidad. Lo encontrar\u00e1s en el cuarto t\u00e9cnico de la planta baja, junto a la escalera. El piso tiene un fusible de 6 kW en lugar de los 3 kW habituales. Pero si pones en marcha al mismo tiempo el aire acondicionado y el secador de pelo o la tostadora, el horno, etc., acumular\u00e1s r\u00e1pidamente mucha potencia.<\/p>\n<p style=\"text-align: left;\">\u00bfEst\u00e1n activados todos los disyuntores\/fusibles?<\/p>\n<\/div><div class=\"fusion-image-element\" style=\"text-align:center;--awb-margin-top:2rem;--awb-margin-right:2rem;--awb-caption-title-font-family:var(--h2_typography-font-family);--awb-caption-title-font-weight:var(--h2_typography-font-weight);--awb-caption-title-font-style:var(--h2_typography-font-style);--awb-caption-title-size:var(--h2_typography-font-size);--awb-caption-title-transform:var(--h2_typography-text-transform);--awb-caption-title-line-height:var(--h2_typography-line-height);--awb-caption-title-letter-spacing:var(--h2_typography-letter-spacing);\"><span class=\"fusion-imageframe imageframe-none imageframe-26 hover-type-none\" style=\"border-radius:12px;\"><img decoding=\"async\" width=\"1024\" height=\"576\" src=\"https:\/\/palazzovetrano.it\/wp-content\/uploads\/2023\/10\/IMG_8034-scaled.jpg\" data-orig-src=\"https:\/\/palazzovetrano.it\/wp-content\/uploads\/2023\/10\/IMG_8034-1024x576.jpg\" alt class=\"lazyload img-responsive wp-image-1552\" srcset=\"data:image\/svg+xml,%3Csvg%20xmlns%3D%27http%3A%2F%2Fwww.w3.org%2F2000%2Fsvg%27%20width%3D%272560%27%20height%3D%271441%27%20viewBox%3D%270%200%202560%201441%27%3E%3Crect%20width%3D%272560%27%20height%3D%271441%27%20fill-opacity%3D%220%22%2F%3E%3C%2Fsvg%3E\" data-srcset=\"https:\/\/palazzovetrano.it\/wp-content\/uploads\/2023\/10\/IMG_8034-200x113.jpg 200w, https:\/\/palazzovetrano.it\/wp-content\/uploads\/2023\/10\/IMG_8034-400x225.jpg 400w, https:\/\/palazzovetrano.it\/wp-content\/uploads\/2023\/10\/IMG_8034-600x338.jpg 600w, https:\/\/palazzovetrano.it\/wp-content\/uploads\/2023\/10\/IMG_8034-800x450.jpg 800w, https:\/\/palazzovetrano.it\/wp-content\/uploads\/2023\/10\/IMG_8034-1200x676.jpg 1200w\" data-sizes=\"auto\" data-orig-sizes=\"(max-width: 800px) 100vw, 800px\" \/><\/span><\/div><div class=\"fusion-text fusion-text-36\"><h4 class=\"fusion-responsive-typography-calculated\" style=\"text-align: center; --fontsize: 25; line-height: 1.3; --minfontsize: 25;\" data-fontsize=\"25\" data-lineheight=\"32.5px\"><\/h4>\n<h4 class=\"fusion-responsive-typography-calculated\" style=\"text-align: center; --fontsize: 25; line-height: 1.3; --minfontsize: 25;\" data-fontsize=\"25\" data-lineheight=\"32.5px\">Media \/ da\u00f1os por agua<\/h4>\n<p style=\"text-align: left;\">En caso de que se produzcan da\u00f1os por agua en el interior del piso, le rogamos que cierre el grifo principal. <b>No. 6<\/b> cerrar inmediatamente e informar a Solemar Sicilia. El grifo principal se encuentra en el hueco de la escalera, un rellano por encima de la puerta de entrada a la terraza, justo detr\u00e1s de la trampilla met\u00e1lica. Solemar Sicilia est\u00e1 disponible en caso de emergencia para ayudarle en tales situaciones.<\/p>\n<p style=\"text-align: left;\">Nos gustar\u00eda subrayar que estas situaciones pr\u00e1cticamente nunca se dan. Pero la vida es lo que pasa cuando se planifica de otro modo. Por eso seguimos inform\u00e1ndole de las medidas adecuadas para que su estancia sea lo m\u00e1s agradable y segura posible.<\/p>\n<\/div><div class=\"fusion-image-element\" style=\"text-align:center;--awb-caption-title-font-family:var(--h2_typography-font-family);--awb-caption-title-font-weight:var(--h2_typography-font-weight);--awb-caption-title-font-style:var(--h2_typography-font-style);--awb-caption-title-size:var(--h2_typography-font-size);--awb-caption-title-transform:var(--h2_typography-text-transform);--awb-caption-title-line-height:var(--h2_typography-line-height);--awb-caption-title-letter-spacing:var(--h2_typography-letter-spacing);\"><span class=\"fusion-imageframe imageframe-none imageframe-27 hover-type-none\" style=\"border-radius:12px;\"><img decoding=\"async\" width=\"1024\" height=\"576\" src=\"https:\/\/palazzovetrano.it\/wp-content\/uploads\/2023\/10\/IMG_8038-scaled.jpg\" data-orig-src=\"https:\/\/palazzovetrano.it\/wp-content\/uploads\/2023\/10\/IMG_8038-1024x576.jpg\" alt class=\"lazyload img-responsive wp-image-1553\" srcset=\"data:image\/svg+xml,%3Csvg%20xmlns%3D%27http%3A%2F%2Fwww.w3.org%2F2000%2Fsvg%27%20width%3D%272560%27%20height%3D%271440%27%20viewBox%3D%270%200%202560%201440%27%3E%3Crect%20width%3D%272560%27%20height%3D%271440%27%20fill-opacity%3D%220%22%2F%3E%3C%2Fsvg%3E\" data-srcset=\"https:\/\/palazzovetrano.it\/wp-content\/uploads\/2023\/10\/IMG_8038-200x113.jpg 200w, https:\/\/palazzovetrano.it\/wp-content\/uploads\/2023\/10\/IMG_8038-400x225.jpg 400w, https:\/\/palazzovetrano.it\/wp-content\/uploads\/2023\/10\/IMG_8038-600x338.jpg 600w, https:\/\/palazzovetrano.it\/wp-content\/uploads\/2023\/10\/IMG_8038-800x450.jpg 800w, https:\/\/palazzovetrano.it\/wp-content\/uploads\/2023\/10\/IMG_8038-1200x675.jpg 1200w\" data-sizes=\"auto\" data-orig-sizes=\"(max-width: 800px) 100vw, 800px\" \/><\/span><\/div><div class=\"fusion-text fusion-text-37\"><h2 class=\"fusion-responsive-typography-calculated\" style=\"text-align: center; --fontsize: 33; line-height: 1.3;\" data-fontsize=\"33\" data-lineheight=\"42.9px\"><\/h2>\n<h2 class=\"fusion-responsive-typography-calculated\" style=\"text-align: center; --fontsize: 33; line-height: 1.3;\" data-fontsize=\"33\" data-lineheight=\"42.9px\">N\u00fameros de emergencia Emergencia<\/h2>\n<p style=\"text-align: left;\">En todos los pa\u00edses de la UE puede llamar al 112 desde su tel\u00e9fono m\u00f3vil o fijo. No tiene que marcar ning\u00fan prefijo. Si no tienes cobertura en tu tel\u00e9fono m\u00f3vil Ap\u00e1guelo y vuelva a encenderlo, introduzca el n\u00famero de emergencia 112 en lugar del PIN. Entonces ser\u00e1 redirigido autom\u00e1ticamente a otra red.<\/p>\n<h3 class=\"fusion-responsive-typography-calculated\" style=\"--fontsize: 28; line-height: 1.3; text-align: center;\" data-fontsize=\"28\" data-lineheight=\"36.4px\">N\u00fameros nacionales de urgencia Italia<\/h3>\n<p style=\"text-align: left;\">He aqu\u00ed los m\u00e1s importantes:<b><br \/>\n<\/b><\/p>\n<p style=\"text-align: left;\"><b>113<\/b> Polic\u00eda (Polizia di stato; polic\u00eda de tr\u00e1fico)<\/p>\n<p style=\"text-align: left;\"><b>114<\/b> Situaciones de emergencia de ni\u00f1os\/j\u00f3venes (Emergenza infanzia)<\/p>\n<p style=\"text-align: left;\"><b>115<\/b> Cuerpo de bomberos (Vigili del fuoco)<\/p>\n<p style=\"text-align: left;\"><b>118<\/b> M\u00e9dico de urgencias, servicio de socorro (Emergenza sanitaria)<\/p>\n<p style=\"text-align: left;\"><b>803116<\/b> Servicio de aver\u00edas ACI 24<\/p>\n<p style=\"text-align: left;\">Su seguridad es importante para nosotros y queremos asegurarnos de que est\u00e1 bien preparado en caso de emergencia. No dude en ponerse en contacto con solemar sicilia si tiene alguna pregunta o duda. Puede ponerse en contacto con ellos en xxxxx<\/p>\n<\/div><div class=\"fusion-text fusion-text-38\"><h2 class=\"fusion-responsive-typography-calculated\" style=\"text-align: center; --fontsize: 33; line-height: 1.3;\" data-fontsize=\"33\" data-lineheight=\"42.9px\">Orden y limpieza<\/h2>\n<p style=\"text-align: left;\">Palermo es relajado. Esto tambi\u00e9n se aplica a la ropa. Al fin y al cabo, est\u00e1s en el sur y no en Mil\u00e1n. De vez en cuando, sin embargo, es posible que desee ser menos casual. En el armario de la habitaci\u00f3n grande encontrar\u00e1 una plancha y justo al lado una peque\u00f1a tabla de planchar.<\/p>\n<p style=\"text-align: left;\">\u00bfLe gusta el orden y la limpieza? Sobre todo en estancias largas, seguro que le apetece lavar, limpiar o pasar la aspiradora entre horas. Ya ha encontrado la lavadora en la cocina. El tendedero debe estar en el dormitorio peque\u00f1o debajo de la cama. Ser\u00eda estupendo que pudieras volver a guardarlo aqu\u00ed despu\u00e9s de usarlo. La aspiradora, la escobilla de goma y los productos de limpieza est\u00e1n en el dormitorio peque\u00f1o, en la \u00faltima fila del armario.<\/p>\n<\/div><div class=\"fusion-image-element\" style=\"--awb-margin-bottom:4rem;--awb-caption-title-font-family:var(--h2_typography-font-family);--awb-caption-title-font-weight:var(--h2_typography-font-weight);--awb-caption-title-font-style:var(--h2_typography-font-style);--awb-caption-title-size:var(--h2_typography-font-size);--awb-caption-title-transform:var(--h2_typography-text-transform);--awb-caption-title-line-height:var(--h2_typography-line-height);--awb-caption-title-letter-spacing:var(--h2_typography-letter-spacing);\"><span class=\"fusion-imageframe imageframe-none imageframe-28 hover-type-none\" style=\"border-radius:12px;\"><img decoding=\"async\" width=\"2560\" height=\"1440\" src=\"data:image\/svg+xml,%3Csvg%20xmlns%3D%27http%3A%2F%2Fwww.w3.org%2F2000%2Fsvg%27%20width%3D%272560%27%20height%3D%271440%27%20viewBox%3D%270%200%202560%201440%27%3E%3Crect%20width%3D%272560%27%20height%3D%271440%27%20fill-opacity%3D%220%22%2F%3E%3C%2Fsvg%3E\" data-orig-src=\"https:\/\/palazzovetrano.it\/wp-content\/uploads\/2023\/10\/IMG_6900-2-scaled.jpg\" alt class=\"lazyload img-responsive wp-image-1430\"\/><\/span><\/div><div class=\"fusion-text fusion-text-39\"><h2 class=\"fusion-responsive-typography-calculated\" style=\"text-align: center; --fontsize: 33; line-height: 1.3;\" data-fontsize=\"33\" data-lineheight=\"42.9px\">Relax y yoga<\/h2>\n<p style=\"text-align: left;\">Prefieres relajarte. Te recomendamos la hamaca o el yoga. Encontrar\u00e1s una esterilla de yoga XL en cada una de las dos habitaciones. \u00bfPrefieres ir a lo m\u00e1s alto? Entonces prueba nuestra cuerda de escalada. Pero, de nuevo, hazlo bajo tu propia responsabilidad.<\/p>\n<p style=\"text-align: left;\">Los guantes de boxeo son m\u00e1s bien decorativos. - \u00bfQui\u00e9n quiere pelear?<\/p>\n<blockquote style=\"text-align: center;\">\n<p><i>\"Los grandes acontecimientos, no son los m\u00e1s ruidosos, sino nuestras horas m\u00e1s silenciosas\" - Dalai Lama<\/i><\/p>\n<\/blockquote>\n<p style=\"text-align: center;\">\n<\/div><div class=\"fusion-image-element\" style=\"text-align:center;--awb-caption-title-font-family:var(--h2_typography-font-family);--awb-caption-title-font-weight:var(--h2_typography-font-weight);--awb-caption-title-font-style:var(--h2_typography-font-style);--awb-caption-title-size:var(--h2_typography-font-size);--awb-caption-title-transform:var(--h2_typography-text-transform);--awb-caption-title-line-height:var(--h2_typography-line-height);--awb-caption-title-letter-spacing:var(--h2_typography-letter-spacing);\"><span class=\"fusion-imageframe imageframe-none imageframe-29 hover-type-none\" style=\"border-radius:12px;\"><img decoding=\"async\" width=\"1024\" height=\"496\" src=\"https:\/\/palazzovetrano.it\/wp-content\/uploads\/2023\/10\/Unbenannt-1.jpg\" data-orig-src=\"https:\/\/palazzovetrano.it\/wp-content\/uploads\/2023\/10\/Unbenannt-1-1024x496.jpg\" alt class=\"lazyload img-responsive wp-image-1427\" srcset=\"data:image\/svg+xml,%3Csvg%20xmlns%3D%27http%3A%2F%2Fwww.w3.org%2F2000%2Fsvg%27%20width%3D%272475%27%20height%3D%271200%27%20viewBox%3D%270%200%202475%201200%27%3E%3Crect%20width%3D%272475%27%20height%3D%271200%27%20fill-opacity%3D%220%22%2F%3E%3C%2Fsvg%3E\" data-srcset=\"https:\/\/palazzovetrano.it\/wp-content\/uploads\/2023\/10\/Unbenannt-1-200x97.jpg 200w, https:\/\/palazzovetrano.it\/wp-content\/uploads\/2023\/10\/Unbenannt-1-400x194.jpg 400w, https:\/\/palazzovetrano.it\/wp-content\/uploads\/2023\/10\/Unbenannt-1-600x291.jpg 600w, https:\/\/palazzovetrano.it\/wp-content\/uploads\/2023\/10\/Unbenannt-1-800x388.jpg 800w, https:\/\/palazzovetrano.it\/wp-content\/uploads\/2023\/10\/Unbenannt-1-1200x582.jpg 1200w\" data-sizes=\"auto\" data-orig-sizes=\"(max-width: 800px) 100vw, 800px\" \/><\/span><\/div><div class=\"fusion-text fusion-text-40\"><h2 class=\"fusion-responsive-typography-calculated\" style=\"text-align: center; --fontsize: 33; line-height: 1.3;\" data-fontsize=\"33\" data-lineheight=\"42.9px\"><\/h2>\n<h2 class=\"fusion-responsive-typography-calculated\" style=\"text-align: center; --fontsize: 33; line-height: 1.3;\" data-fontsize=\"33\" data-lineheight=\"42.9px\">Sostenibilidad<\/h2>\n<p style=\"text-align: left;\">Concedemos gran importancia a la sostenibilidad y hemos tomado medidas como la generaci\u00f3n y almacenamiento de energ\u00eda solar, bombas de calor para calefacci\u00f3n, secado y refrigeraci\u00f3n, iluminaci\u00f3n LED de bajo consumo, suministro de agua potable, evitaci\u00f3n del pl\u00e1stico, mobiliario y materiales de construcci\u00f3n sostenibles, as\u00ed como un enfoque consciente de los viajes, el transporte y la alimentaci\u00f3n. Encontrar\u00e1 m\u00e1s detalles en nuestro informe de sostenibilidad.<\/p>\n<blockquote style=\"text-align: center;\">\n<p><i>\"Quien no quiera cambiar nada, perder\u00e1 tambi\u00e9n lo que quiera conservar\". - Gustav Heinemann<\/i><\/p>\n<\/blockquote>\n<p style=\"text-align: left;\"><span style=\"color: var(--awb-text-color); font-family: var(--awb-text-font-family); font-size: var(--awb-font-size); font-style: var(--awb-text-font-style); font-weight: var(--awb-text-font-weight); letter-spacing: var(--awb-letter-spacing); text-transform: var(--awb-text-transform); background-color: var(--awb-bg-color-hover);\"><strong>Genereller Hinweis:<\/strong> Nota general: Tenga en cuenta que, por motivos de sostenibilidad, la electricidad del piso se desconecta cuando usted est\u00e1 ausente. Por lo tanto, la lavadora y el lavavajillas, en particular, s\u00f3lo pueden funcionar cuando usted est\u00e1 presente. Por esta raz\u00f3n, se han seleccionado electrodom\u00e9sticos extra silenciosos.<\/span><\/p>\n<p style=\"text-align: left;\">\n<\/div><div class=\"fusion-image-element\" style=\"text-align:center;--awb-margin-top:2rem;--awb-margin-bottom:2rem;--awb-caption-title-font-family:var(--h2_typography-font-family);--awb-caption-title-font-weight:var(--h2_typography-font-weight);--awb-caption-title-font-style:var(--h2_typography-font-style);--awb-caption-title-size:var(--h2_typography-font-size);--awb-caption-title-transform:var(--h2_typography-text-transform);--awb-caption-title-line-height:var(--h2_typography-line-height);--awb-caption-title-letter-spacing:var(--h2_typography-letter-spacing);\"><span class=\"fusion-imageframe imageframe-none imageframe-30 hover-type-none\" style=\"border-radius:12px;\"><img decoding=\"async\" width=\"1024\" height=\"682\" src=\"https:\/\/palazzovetrano.it\/wp-content\/uploads\/2023\/10\/69d5ed8c-8b3b-483a-a8ae-d5b294ebf6f4-2.jpg\" data-orig-src=\"https:\/\/palazzovetrano.it\/wp-content\/uploads\/2023\/10\/69d5ed8c-8b3b-483a-a8ae-d5b294ebf6f4-2-1024x682.jpg\" alt class=\"lazyload img-responsive wp-image-1225\" srcset=\"data:image\/svg+xml,%3Csvg%20xmlns%3D%27http%3A%2F%2Fwww.w3.org%2F2000%2Fsvg%27%20width%3D%271199%27%20height%3D%27799%27%20viewBox%3D%270%200%201199%20799%27%3E%3Crect%20width%3D%271199%27%20height%3D%27799%27%20fill-opacity%3D%220%22%2F%3E%3C%2Fsvg%3E\" data-srcset=\"https:\/\/palazzovetrano.it\/wp-content\/uploads\/2023\/10\/69d5ed8c-8b3b-483a-a8ae-d5b294ebf6f4-2-200x133.jpg 200w, https:\/\/palazzovetrano.it\/wp-content\/uploads\/2023\/10\/69d5ed8c-8b3b-483a-a8ae-d5b294ebf6f4-2-400x267.jpg 400w, https:\/\/palazzovetrano.it\/wp-content\/uploads\/2023\/10\/69d5ed8c-8b3b-483a-a8ae-d5b294ebf6f4-2-600x400.jpg 600w, https:\/\/palazzovetrano.it\/wp-content\/uploads\/2023\/10\/69d5ed8c-8b3b-483a-a8ae-d5b294ebf6f4-2-800x533.jpg 800w, https:\/\/palazzovetrano.it\/wp-content\/uploads\/2023\/10\/69d5ed8c-8b3b-483a-a8ae-d5b294ebf6f4-2.jpg 1199w\" data-sizes=\"auto\" data-orig-sizes=\"(max-width: 800px) 100vw, 800px\" \/><\/span><\/div><div class=\"fusion-text fusion-text-41\"><h2 class=\"fusion-responsive-typography-calculated\" style=\"text-align: center; --fontsize: 33; line-height: 1.3;\" data-fontsize=\"33\" data-lineheight=\"42.9px\"><\/h2>\n<h2 class=\"fusion-responsive-typography-calculated\" style=\"text-align: center; --fontsize: 33; line-height: 1.3;\" data-fontsize=\"33\" data-lineheight=\"42.9px\"><span style=\"background-color: var(--awb-bg-color-hover); color: var(--h2_typography-color); font-family: var(--h2_typography-font-family); font-size: var(--h2_typography-font-size); font-style: var(--h2_typography-font-style,normal); font-weight: var(--h2_typography-font-weight); letter-spacing: var(--h2_typography-letter-spacing); text-transform: var(--h2_typography-text-transform);\">Aire acondicionado<\/span><\/h2>\n<p style=\"text-align: left;\">Nuestro aire acondicionado Split Quattro es un aut\u00e9ntico todoterreno. No s\u00f3lo enfr\u00eda, sino que tambi\u00e9n seca y calienta. \u00bfY lo mejor de todo? No tiene que tener mala conciencia cuando se trata de sostenibilidad. La bomba de calor integrada del climatizador tambi\u00e9n funciona en los periodos de transici\u00f3n con electricidad procedente de nuestro sistema solar con acumulador. La caldera de condensaci\u00f3n de gas, igualmente eficiente desde el punto de vista energ\u00e9tico, est\u00e1 disponible como soluci\u00f3n de reserva y s\u00f3lo se utiliza en invierno.<\/p>\n<p style=\"text-align: left;\">Manejo del acondicionador de aire: Existen dos mandos a distancia con los que puede manejar un total de 4 unidades interiores (evaporadores) del acondicionador de aire. Adem\u00e1s de la pantalla, las siguientes teclas de funci\u00f3n se encuentran debajo de la pantalla del mando a distancia:<\/p>\n<p style=\"text-align: left;\">Con el <strong>\"Bot\u00f3n \"On\/Off<\/strong> enciendes y apagas el aire acondicionado. As\u00ed de sencillo.<\/p>\n<p style=\"text-align: left;\">\n<\/div><div class=\"fusion-image-element\" style=\"text-align:center;--awb-caption-title-font-family:var(--h2_typography-font-family);--awb-caption-title-font-weight:var(--h2_typography-font-weight);--awb-caption-title-font-style:var(--h2_typography-font-style);--awb-caption-title-size:var(--h2_typography-font-size);--awb-caption-title-transform:var(--h2_typography-text-transform);--awb-caption-title-line-height:var(--h2_typography-line-height);--awb-caption-title-letter-spacing:var(--h2_typography-letter-spacing);\"><span class=\"fusion-imageframe imageframe-none imageframe-31 hover-type-none\" style=\"border-radius:12px;\"><img decoding=\"async\" width=\"1024\" height=\"683\" src=\"https:\/\/palazzovetrano.it\/wp-content\/uploads\/2023\/10\/Klima.jpg\" data-orig-src=\"https:\/\/palazzovetrano.it\/wp-content\/uploads\/2023\/10\/Klima-1024x683.jpg\" alt class=\"lazyload img-responsive wp-image-1346\" srcset=\"data:image\/svg+xml,%3Csvg%20xmlns%3D%27http%3A%2F%2Fwww.w3.org%2F2000%2Fsvg%27%20width%3D%272550%27%20height%3D%271700%27%20viewBox%3D%270%200%202550%201700%27%3E%3Crect%20width%3D%272550%27%20height%3D%271700%27%20fill-opacity%3D%220%22%2F%3E%3C%2Fsvg%3E\" data-srcset=\"https:\/\/palazzovetrano.it\/wp-content\/uploads\/2023\/10\/Klima-200x133.jpg 200w, https:\/\/palazzovetrano.it\/wp-content\/uploads\/2023\/10\/Klima-400x267.jpg 400w, https:\/\/palazzovetrano.it\/wp-content\/uploads\/2023\/10\/Klima-600x400.jpg 600w, https:\/\/palazzovetrano.it\/wp-content\/uploads\/2023\/10\/Klima-800x533.jpg 800w, https:\/\/palazzovetrano.it\/wp-content\/uploads\/2023\/10\/Klima-1200x800.jpg 1200w\" data-sizes=\"auto\" data-orig-sizes=\"(max-width: 800px) 100vw, 800px\" \/><\/span><\/div><div class=\"fusion-text fusion-text-42\"><h3 class=\"fusion-responsive-typography-calculated\" style=\"text-align: center;\" data-fontsize=\"28\" data-lineheight=\"36.4px\">Selecciona el modo:<\/h3>\n<p style=\"text-align: left;\">Utiliza el bot\u00f3n \"Modo\" para cambiar entre los distintos ajustes.<\/p>\n<p style=\"text-align: left;\">En el modo \"Fr\u00edo\", el aire acondicionado enfr\u00eda agradablemente la habitaci\u00f3n.<\/p>\n<p style=\"text-align: left;\">En modo \"Seco\", reduce la humedad ambiente.<\/p>\n<p style=\"text-align: left;\">Y en modo \"Calor\", puedes ponerte muy c\u00f3modo en invierno y calentar la habitaci\u00f3n.<\/p>\n<h3 class=\"fusion-responsive-typography-calculated\" style=\"text-align: center;\" data-fontsize=\"28\" data-lineheight=\"36.4px\">Ajuste la temperatura:<\/h3>\n<p style=\"text-align: left;\">Utilice las teclas de flecha para aumentar o disminuir la temperatura.<\/p>\n<p style=\"text-align: left;\">Pulse el s\u00edmbolo de la flecha hacia arriba para aumentar la temperatura o hacia abajo para disminuirla. De esta forma siempre tendr\u00e1s el control sobre el clima de la habitaci\u00f3n.<\/p>\n<h3 class=\"fusion-responsive-typography-calculated\" style=\"text-align: center;\" data-fontsize=\"28\" data-lineheight=\"36.4px\">Ajuste la velocidad del ventilador:<\/h3>\n<p style=\"text-align: left;\">Utilice el bot\u00f3n \"Ventilador\" para ajustar la velocidad del aire.<\/p>\n<p style=\"text-align: left;\">Puedes elegir entre los niveles \"Auto\", \"D\u00e9bil\", \"Medio\" y \"Alto\". \u00a1Decide t\u00fa mismo cu\u00e1nto viento te gusta!<\/p>\n<h3 class=\"fusion-responsive-typography-calculated\" style=\"text-align: center;\" data-fontsize=\"28\" data-lineheight=\"36.4px\">Funciones adicionales:<\/h3>\n<p style=\"text-align: left;\">El \"temporizador\" le permite ajustar el aire acondicionado seg\u00fan sus necesidades. Si tiene alguna duda, consulte el manual de instrucciones.<\/p>\n<p style=\"text-align: left;\">Puedes activar la funci\u00f3n de sue\u00f1o con el bot\u00f3n \"Sleep\". \u00a1Ponte c\u00f3modo y duerme bien!<\/p>\n<p style=\"text-align: left;\">Si quieres ser respetuoso con el medio ambiente, pulsa el bot\u00f3n \"Eco\". En el modo \"Fr\u00edo\", baja la temperatura 2 \u00b0C; en el modo \"Calor\", la sube 2 \u00b0C. El modo \"Super\" es superr\u00e1pido. Recuerda utilizar el modo \"S\u00faper\" s\u00f3lo cuando el sol brille en el exterior. Dejemos que el sol trabaje por nosotros.<\/p>\n<p style=\"text-align: left;\">Ya est\u00e1. Ya conoce las funciones m\u00e1s importantes del aire acondicionado Quattro Split. Para m\u00e1s detalles y preguntas espec\u00edficas, consulte el manual de instrucciones en PDF.<\/p>\n<\/div><div class=\"fusion-text fusion-text-43\"><h2 class=\"\" style=\"text-align: center;\" data-fontsize=\"33\" data-lineheight=\"42.9px\">Placa de inducci\u00f3n Bosch<\/h2>\n<p style=\"text-align: left;\">Aqu\u00ed tienes un breve manual de instrucciones que te ayudar\u00e1 a empezar:<\/p>\n<p style=\"text-align: left;\">La cocina de inducci\u00f3n tiene muchas ventajas sobre las placas convencionales. Ahorrar\u00e1 tiempo al cocinar y fre\u00edr, ahorrar\u00e1 energ\u00eda y el mantenimiento y la limpieza ser\u00e1n m\u00e1s f\u00e1ciles. Tambi\u00e9n tendr\u00e1 un mejor control sobre el calor, ya que se genera directamente en la placa.<\/p>\n<p style=\"text-align: left;\">Pero hay dos grandes diferencias entre una placa vitrocer\u00e1mica cl\u00e1sica y esta placa de inducci\u00f3n:<\/p>\n<p style=\"text-align: left;\">La inducci\u00f3n es mucho m\u00e1s r\u00e1pida. As\u00ed que si no tienes cuidado, algo se quemar\u00e1 o hervir\u00e1 m\u00e1s r\u00e1pidamente.<\/p>\n<p style=\"text-align: left;\">La inducci\u00f3n s\u00f3lo calienta cuando hay una olla en el campo. Y hay detecci\u00f3n del tama\u00f1o de la olla. La superficie bajo la olla s\u00f3lo se calienta con el calor residual de la olla.<\/p>\n<p style=\"text-align: left;\">\n<\/div><div class=\"fusion-image-element\" style=\"text-align:center;--awb-caption-title-font-family:var(--h2_typography-font-family);--awb-caption-title-font-weight:var(--h2_typography-font-weight);--awb-caption-title-font-style:var(--h2_typography-font-style);--awb-caption-title-size:var(--h2_typography-font-size);--awb-caption-title-transform:var(--h2_typography-text-transform);--awb-caption-title-line-height:var(--h2_typography-line-height);--awb-caption-title-letter-spacing:var(--h2_typography-letter-spacing);\"><span class=\"fusion-imageframe imageframe-none imageframe-32 hover-type-none\" style=\"border-radius:12px;\"><img decoding=\"async\" width=\"794\" height=\"534\" src=\"https:\/\/palazzovetrano.it\/wp-content\/uploads\/2023\/10\/Bildschirmfoto-2023-07-03-um-16.45.23.png\" data-orig-src=\"https:\/\/palazzovetrano.it\/wp-content\/uploads\/2023\/10\/Bildschirmfoto-2023-07-03-um-16.45.23.png\" alt class=\"lazyload img-responsive wp-image-1348\" srcset=\"data:image\/svg+xml,%3Csvg%20xmlns%3D%27http%3A%2F%2Fwww.w3.org%2F2000%2Fsvg%27%20width%3D%27794%27%20height%3D%27534%27%20viewBox%3D%270%200%20794%20534%27%3E%3Crect%20width%3D%27794%27%20height%3D%27534%27%20fill-opacity%3D%220%22%2F%3E%3C%2Fsvg%3E\" data-srcset=\"https:\/\/palazzovetrano.it\/wp-content\/uploads\/2023\/10\/Bildschirmfoto-2023-07-03-um-16.45.23-200x135.png 200w, https:\/\/palazzovetrano.it\/wp-content\/uploads\/2023\/10\/Bildschirmfoto-2023-07-03-um-16.45.23-400x269.png 400w, https:\/\/palazzovetrano.it\/wp-content\/uploads\/2023\/10\/Bildschirmfoto-2023-07-03-um-16.45.23-600x404.png 600w, https:\/\/palazzovetrano.it\/wp-content\/uploads\/2023\/10\/Bildschirmfoto-2023-07-03-um-16.45.23.png 794w\" data-sizes=\"auto\" data-orig-sizes=\"(max-width: 800px) 100vw, 794px\" \/><\/span><\/div><div class=\"fusion-text fusion-text-44\"><p style=\"text-align: left;\">La placa dispone de un panel de control t\u00e1ctil. Para encender la placa, coloque primero una sart\u00e9n sobre la placa y pulse ligeramente \"<b style=\"font-size: 27px;\" data-fusion-font=\"true\">o<\/b>\". A continuaci\u00f3n, seleccione una placa de cocci\u00f3n y utilice \"-\" o \"+\" para ajustar la temperatura deseada de 1 a 9.<\/p>\n<p style=\"text-align: left;\">El calor residual se indica con una \"H\".<\/p>\n<p style=\"text-align: left;\">Su placa de cocci\u00f3n dispone de un bloqueo para ni\u00f1os. Para activarlo, apague la placa y mantenga pulsados los botones \"+\" y \"-\" simult\u00e1neamente durante 4 segundos.<\/p>\n<p style=\"text-align: left;\">Si el nivel de potencia seleccionado parpadea, no hay utensilios de cocina en la zona de cocci\u00f3n o la olla no es adecuada. En este caso, la zona de cocci\u00f3n se apaga autom\u00e1ticamente transcurrido un tiempo determinado.<\/p>\n<p style=\"text-align: left;\">Esperamos que este breve manual de instrucciones le ayude a empezar. Si tiene m\u00e1s preguntas, encontrar\u00e1 informaci\u00f3n m\u00e1s detallada en el manual de instrucciones adjunto en formato PDF. \u00a1Disfrute cocinando en nuestra placa de inducci\u00f3n Bosch!<\/p>\n<p style=\"text-align: left;\">\n<\/div><div class=\"fusion-image-element\" style=\"text-align:center;--awb-caption-title-font-family:var(--h2_typography-font-family);--awb-caption-title-font-weight:var(--h2_typography-font-weight);--awb-caption-title-font-style:var(--h2_typography-font-style);--awb-caption-title-size:var(--h2_typography-font-size);--awb-caption-title-transform:var(--h2_typography-text-transform);--awb-caption-title-line-height:var(--h2_typography-line-height);--awb-caption-title-letter-spacing:var(--h2_typography-letter-spacing);\"><span class=\"fusion-imageframe imageframe-none imageframe-33 hover-type-none\" style=\"border-radius:12px;\"><img decoding=\"async\" width=\"1024\" height=\"683\" src=\"https:\/\/palazzovetrano.it\/wp-content\/uploads\/2023\/06\/34-Wohnkuche-Palermo-Blu-Centro-Storico-Ballaro-Pallazzo-Vertrano-Casa-Vacanza-00008-1024x683-1.jpg\" data-orig-src=\"https:\/\/palazzovetrano.it\/wp-content\/uploads\/2023\/06\/34-Wohnkuche-Palermo-Blu-Centro-Storico-Ballaro-Pallazzo-Vertrano-Casa-Vacanza-00008-1024x683-1.jpg\" alt class=\"lazyload img-responsive wp-image-1004\" srcset=\"data:image\/svg+xml,%3Csvg%20xmlns%3D%27http%3A%2F%2Fwww.w3.org%2F2000%2Fsvg%27%20width%3D%271024%27%20height%3D%27683%27%20viewBox%3D%270%200%201024%20683%27%3E%3Crect%20width%3D%271024%27%20height%3D%27683%27%20fill-opacity%3D%220%22%2F%3E%3C%2Fsvg%3E\" data-srcset=\"https:\/\/palazzovetrano.it\/wp-content\/uploads\/2023\/06\/34-Wohnkuche-Palermo-Blu-Centro-Storico-Ballaro-Pallazzo-Vertrano-Casa-Vacanza-00008-1024x683-1-200x133.jpg 200w, https:\/\/palazzovetrano.it\/wp-content\/uploads\/2023\/06\/34-Wohnkuche-Palermo-Blu-Centro-Storico-Ballaro-Pallazzo-Vertrano-Casa-Vacanza-00008-1024x683-1-400x267.jpg 400w, https:\/\/palazzovetrano.it\/wp-content\/uploads\/2023\/06\/34-Wohnkuche-Palermo-Blu-Centro-Storico-Ballaro-Pallazzo-Vertrano-Casa-Vacanza-00008-1024x683-1-600x400.jpg 600w, https:\/\/palazzovetrano.it\/wp-content\/uploads\/2023\/06\/34-Wohnkuche-Palermo-Blu-Centro-Storico-Ballaro-Pallazzo-Vertrano-Casa-Vacanza-00008-1024x683-1-800x534.jpg 800w, https:\/\/palazzovetrano.it\/wp-content\/uploads\/2023\/06\/34-Wohnkuche-Palermo-Blu-Centro-Storico-Ballaro-Pallazzo-Vertrano-Casa-Vacanza-00008-1024x683-1.jpg 1024w\" data-sizes=\"auto\" data-orig-sizes=\"(max-width: 800px) 100vw, 800px\" \/><\/span><\/div><div class=\"fusion-text fusion-text-45\"><h2 class=\"fusion-responsive-typography-calculated\" style=\"text-align: center; --fontsize: 33; line-height: 1.3;\" data-fontsize=\"33\" data-lineheight=\"42.9px\"><\/h2>\n<h2 class=\"fusion-responsive-typography-calculated\" style=\"text-align: center; --fontsize: 33; line-height: 1.3;\" data-fontsize=\"33\" data-lineheight=\"42.9px\">Horno Bosch<\/h2>\n<p style=\"text-align: left;\">Para enriquecer sus aventuras culinarias, ponemos a su disposici\u00f3n el horno de alta calidad Bosch HBA574B.0. Aqu\u00ed tienes un breve manual de instrucciones complementario que te ayudar\u00e1 a utilizar el horno sin problemas:<\/p>\n<p style=\"text-align: left;\"><b>1. botones y pantalla<\/b> - Los botones son t\u00e1ctiles y tienen sensores debajo. Basta con tocar un icono para seleccionar la funci\u00f3n que representa. La pantalla muestra los iconos de las funciones activas y las opciones de ajuste de la hora.<\/p>\n<p style=\"text-align: left;\"><b>2. selector de funciones<\/b> - Utilice el selector de funciones para ajustar la funci\u00f3n de calefacci\u00f3n u otras funciones. Puede girar el selector de funciones en sentido horario o antihorario desde la posici\u00f3n \"Off\".<\/p>\n<p style=\"text-align: left;\"><b>3. selector de temperatura<\/b> - Utilice el selector de temperatura para ajustar la temperatura de la funci\u00f3n de calefacci\u00f3n o para seleccionar el ajuste de otras funciones. El selector de temperatura puede girarse en sentido horario o antihorario.<\/p>\n<\/div><div class=\"fusion-image-element\" style=\"text-align:center;--awb-caption-title-font-family:var(--h2_typography-font-family);--awb-caption-title-font-weight:var(--h2_typography-font-weight);--awb-caption-title-font-style:var(--h2_typography-font-style);--awb-caption-title-size:var(--h2_typography-font-size);--awb-caption-title-transform:var(--h2_typography-text-transform);--awb-caption-title-line-height:var(--h2_typography-line-height);--awb-caption-title-letter-spacing:var(--h2_typography-letter-spacing);\"><span class=\"fusion-imageframe imageframe-none imageframe-34 hover-type-none\" style=\"border-radius:12px;\"><img decoding=\"async\" width=\"1024\" height=\"405\" title=\"Captura de pantalla 2023-07-03 a las 17.05.21\" src=\"https:\/\/palazzovetrano.it\/wp-content\/uploads\/2023\/10\/Bildschirmfoto-2023-07-03-um-17.05.21.png\" data-orig-src=\"https:\/\/palazzovetrano.it\/wp-content\/uploads\/2023\/10\/Bildschirmfoto-2023-07-03-um-17.05.21-1024x405.png\" alt class=\"lazyload img-responsive wp-image-1341\" srcset=\"data:image\/svg+xml,%3Csvg%20xmlns%3D%27http%3A%2F%2Fwww.w3.org%2F2000%2Fsvg%27%20width%3D%271978%27%20height%3D%27782%27%20viewBox%3D%270%200%201978%20782%27%3E%3Crect%20width%3D%271978%27%20height%3D%27782%27%20fill-opacity%3D%220%22%2F%3E%3C%2Fsvg%3E\" data-srcset=\"https:\/\/palazzovetrano.it\/wp-content\/uploads\/2023\/10\/Bildschirmfoto-2023-07-03-um-17.05.21-200x79.png 200w, https:\/\/palazzovetrano.it\/wp-content\/uploads\/2023\/10\/Bildschirmfoto-2023-07-03-um-17.05.21-400x158.png 400w, https:\/\/palazzovetrano.it\/wp-content\/uploads\/2023\/10\/Bildschirmfoto-2023-07-03-um-17.05.21-600x237.png 600w, https:\/\/palazzovetrano.it\/wp-content\/uploads\/2023\/10\/Bildschirmfoto-2023-07-03-um-17.05.21-800x316.png 800w, https:\/\/palazzovetrano.it\/wp-content\/uploads\/2023\/10\/Bildschirmfoto-2023-07-03-um-17.05.21-1200x474.png 1200w\" data-sizes=\"auto\" data-orig-sizes=\"(max-width: 800px) 100vw, 800px\" \/><\/span><\/div><div class=\"fusion-text fusion-text-46\"><h3 style=\"text-align: center;\">Selector de funci\u00f3n Izquierda:<\/h3>\n<\/div><div class=\"fusion-text fusion-text-47\"><h3 class=\"fusion-responsive-typography-calculated\" style=\"text-align: center; --fontsize: 28; line-height: 1.3;\" data-fontsize=\"28\" data-lineheight=\"36.4px\"><\/h3>\n<h4 class=\"fusion-responsive-typography-calculated\" style=\"text-align: center; --fontsize: 25; line-height: 1.3; --minfontsize: 25;\" data-fontsize=\"25\" data-lineheight=\"32.5px\">Iluminaci\u00f3n interior:<\/h4>\n<p style=\"text-align: center;\">Enciende la luz interior, todas las dem\u00e1s funciones permanecen apagadas. Facilita, por ejemplo, la limpieza de la c\u00e1mara de cocci\u00f3n.<\/p>\n<h4 class=\"fusion-responsive-typography-calculated\" style=\"text-align: center; --fontsize: 25; line-height: 1.3; --minfontsize: 25;\" data-fontsize=\"25\" data-lineheight=\"32.5px\">Calor superior e inferior:<\/h4>\n<p style=\"text-align: center;\">Para hornear y asar tradicionalmente en un solo nivel. El calor se libera uniformemente desde arriba y desde abajo.<\/p>\n<h4 class=\"fusion-responsive-typography-calculated\" style=\"text-align: center; --fontsize: 25; line-height: 1.3; --minfontsize: 25;\" data-fontsize=\"25\" data-lineheight=\"32.5px\">Rejilla de aire circulante:<\/h4>\n<p style=\"text-align: center;\">Para asar aves, pescados enteros y trozos grandes de carne. El grill y el ventilador se encienden y apagan alternativamente.<\/p>\n<h4 class=\"fusion-responsive-typography-calculated\" style=\"text-align: center; --fontsize: 25; line-height: 1.3; --minfontsize: 25;\" data-fontsize=\"25\" data-lineheight=\"32.5px\">Parrilla superior:<\/h4>\n<p style=\"text-align: center;\">Para asar productos planos como filetes o salchichas<\/p>\n<h4 class=\"fusion-responsive-typography-calculated\" style=\"text-align: center; --fontsize: 25; line-height: 1.3; --minfontsize: 25;\" data-fontsize=\"25\" data-lineheight=\"32.5px\">Calor de fondo:<\/h4>\n<p style=\"text-align: center;\">Para cocinar al ba\u00f1o mar\u00eda y gratinar alimentos. El calor se libera por la parte inferior.<\/p>\n<p style=\"text-align: center;\">Bot\u00f3n de programa: Para muchos platos, el aparato dispone de ajustes preprogramados que puede utilizar. Encontrar\u00e1 m\u00e1s informaci\u00f3n en el manual de instrucciones en PDF.<\/p>\n<h3 class=\"fusion-responsive-typography-calculated\" style=\"text-align: center; --fontsize: 28; line-height: 1.3;\" data-fontsize=\"28\" data-lineheight=\"36.4px\">Selector de funci\u00f3n Derecha:<\/h3>\n<h4 class=\"fusion-responsive-typography-calculated\" style=\"text-align: center; --fontsize: 25; line-height: 1.3; --minfontsize: 25;\" data-fontsize=\"25\" data-lineheight=\"32.5px\">Precaliente:<\/h4>\n<p style=\"text-align: center;\">Precalentamiento r\u00e1pido de la c\u00e1mara de cocci\u00f3n sin accesorios.<\/p>\n<h4 class=\"fusion-responsive-typography-calculated\" style=\"text-align: center; --fontsize: 25; line-height: 1.3; --minfontsize: 25;\" data-fontsize=\"25\" data-lineheight=\"32.5px\">Aire caliente 3D:<\/h4>\n<p style=\"text-align: center;\">Para hornear y asar en uno o varios niveles.<\/p>\n<h4 class=\"fusion-responsive-typography-calculated\" style=\"text-align: center; --fontsize: 25; line-height: 1.3; --minfontsize: 25;\" data-fontsize=\"25\" data-lineheight=\"32.5px\">Aire caliente suave:<\/h4>\n<p style=\"text-align: center;\">Para la preparaci\u00f3n suave de carnes, pescados y reposter\u00eda.<\/p>\n<h4 class=\"fusion-responsive-typography-calculated\" style=\"text-align: center; --fontsize: 25; line-height: 1.3; --minfontsize: 25;\" data-fontsize=\"25\" data-lineheight=\"32.5px\">Funci\u00f3n pizza:<\/h4>\n<p style=\"text-align: center;\">Para cocinar pizza y platos que requieren mucho calor desde abajo.<\/p>\n<p style=\"text-align: center;\">Disfruta de la versatilidad y el rendimiento de nuestro horno HBA574B.0 de Bosch y crea deliciosas comidas para ti y los tuyos. Si tienes m\u00e1s preguntas, seguro que encontrar\u00e1s toda la informaci\u00f3n que necesitas en el manual de instrucciones independiente.<\/p>\n<\/div><div class=\"fusion-text fusion-text-48\"><h2 class=\"fusion-responsive-typography-calculated\" style=\"text-align: center;\" data-fontsize=\"33\" data-lineheight=\"42.9px\">Lavavajillas Bosch<\/h2>\n<p style=\"text-align: left;\">Para que pueda disfrutar al m\u00e1ximo de su tiempo aqu\u00ed, le ofrecemos el lavavajillas SMV2ITX22E de Bosch de alta calidad. Aqu\u00ed tienes un breve y conciso manual de usuario complementario que te ayudar\u00e1 a utilizar el electrodom\u00e9stico con facilidad:<\/p>\n<p style=\"text-align: left;\"><b>1. Guarda los platos:<\/b> Coloque la vajilla sucia en las cestas del lavavajillas. El lavavajillas de Bosch hace el resto y trabaja por usted.<\/p>\n<p style=\"text-align: left;\"><b>Seleccione el programa:<\/b> Vierta detergente en el compartimento de la puerta y ci\u00e9rrela. Seleccione el programa de lavado adecuado en funci\u00f3n del grado de suciedad de la vajilla. El lavavajillas ofrece una amplia gama de programas para obtener unos resultados de limpieza \u00f3ptimos.<\/p>\n<p style=\"text-align: left;\"><b>3. empezar:<\/b> Pulsa el bot\u00f3n de inicio y cierra la puerta. El lavavajillas comienza a funcionar de forma silenciosa y eficiente. Apenas notar\u00e1 que est\u00e1 en marcha. Lo ver\u00e1s por la luz del suelo.<\/p>\n<p style=\"text-align: left;\"><b>4. Rel\u00e1jate:<\/b> Mientras el lavavajillas limpia a fondo su vajilla, usted tiene tiempo para relajarse. El proceso de aclarado es r\u00e1pido y fiable.<\/p>\n<p style=\"text-align: left;\"><b>5. limpiar los platos:<\/b> Cuando la luz de la tierra se haya apagado, el programa de purga habr\u00e1 concluido.<\/p>\n<p style=\"text-align: left;\"><b>Abra la puerta con cuidado y disfrute de una vajilla reluciente. Esperamos que quede encantado con el resultado.<\/b><\/p>\n<p style=\"text-align: left;\">Con nuestro lavavajillas ahorrar\u00e1 tiempo y podr\u00e1 concentrarse plenamente en sus experiencias vacacionales. Le deseamos una agradable estancia y estaremos encantados de responder a cualquier pregunta que pueda tener.<\/p>\n<blockquote style=\"text-align: center;\">\n<p><i>\"Al guardar el lavavajillas, se sabe claramente qui\u00e9n jugaba de ni\u00f1o al Tetris o a la vaca ciega\".<\/i><\/p>\n<\/blockquote>\n<\/div><div class=\"fusion-text fusion-text-49\"><p style=\"text-align: left;\">Si se pregunta c\u00f3mo encaja esto con nuestro compromiso con la sostenibilidad y si lavar los platos a mano puede ser una alternativa m\u00e1s sostenible, podemos decirle lo siguiente:En t\u00e9rminos de sostenibilidad, lavar los platos con un lavavajillas suele ser la soluci\u00f3n m\u00e1s sensata. He aqu\u00ed algunas razones:<b><br \/>\n<\/b><\/p>\n<p style=\"text-align: left;\"><b>1. consumo de agua:<\/b> Nuestro lavavajillas Bosch est\u00e1 dise\u00f1ado para reducir significativamente el consumo de agua en comparaci\u00f3n con el lavado manual. Utiliza eficientes resinas de pulverizaci\u00f3n de agua para limpiar a fondo la vajilla al tiempo que optimiza el consumo de agua.<\/p>\n<p style=\"text-align: left;\"><b>2. eficiencia energ\u00e9tica: lavavajillas<\/b> (incluidos los nuestros) son ahora m\u00e1s eficientes energ\u00e9ticamente que nunca. Disponen de diferentes programas que se adaptan al grado de suciedad de la vajilla y optimizan en consecuencia la energ\u00eda necesaria. Adem\u00e1s, muchos modelos est\u00e1n equipados con funciones de ahorro de energ\u00eda que reducen a\u00fan m\u00e1s el consumo. Si quieres ser m\u00e1s consciente, enciende el lavavajillas durante la siesta. El sol proporciona energ\u00eda ecol\u00f3gica mientras usted se relaja.<\/p>\n<p style=\"text-align: left;\"><b>3. eficacia del lavado de vajilla: <\/b>Los lavavajillas permiten lavar mayores cantidades de platos, cubiertos y vasos al mismo tiempo. Esto no solo ahorra tiempo, sino que tambi\u00e9n consume menos agua y energ\u00eda por unidad lavada.<\/p>\n<p style=\"text-align: left;\"><b>4. resultado de la limpieza:<\/b> Los lavavajillas utilizan detergentes especiales y temperaturas m\u00e1s altas para limpiar a fondo la vajilla y eliminar los g\u00e9rmenes. Esto puede garantizar una mejor higiene que el lavado manual de la vajilla.<\/p>\n<p style=\"text-align: left;\">Sin embargo, es importante utilizar el lavavajillas de forma eficiente, encendi\u00e9ndolo s\u00f3lo cuando est\u00e9 completamente cargado y eligiendo programas de bajo consumo. Esto optimizar\u00e1 a\u00fan m\u00e1s el aspecto de la sostenibilidad.<\/p>\n<\/div><div class=\"fusion-image-element\" style=\"text-align:center;--awb-caption-title-font-family:var(--h2_typography-font-family);--awb-caption-title-font-weight:var(--h2_typography-font-weight);--awb-caption-title-font-style:var(--h2_typography-font-style);--awb-caption-title-size:var(--h2_typography-font-size);--awb-caption-title-transform:var(--h2_typography-text-transform);--awb-caption-title-line-height:var(--h2_typography-line-height);--awb-caption-title-letter-spacing:var(--h2_typography-letter-spacing);\"><span class=\"fusion-imageframe imageframe-none imageframe-35 hover-type-none\" style=\"border-radius:12px;\"><img decoding=\"async\" width=\"1024\" height=\"552\" src=\"https:\/\/palazzovetrano.it\/wp-content\/uploads\/2023\/10\/Kuechengeraete-Bosch-im-Palazzo-Vetrano.png\" data-orig-src=\"https:\/\/palazzovetrano.it\/wp-content\/uploads\/2023\/10\/Kuechengeraete-Bosch-im-Palazzo-Vetrano-1024x552.png\" alt class=\"lazyload img-responsive wp-image-1527\" srcset=\"data:image\/svg+xml,%3Csvg%20xmlns%3D%27http%3A%2F%2Fwww.w3.org%2F2000%2Fsvg%27%20width%3D%271650%27%20height%3D%27889%27%20viewBox%3D%270%200%201650%20889%27%3E%3Crect%20width%3D%271650%27%20height%3D%27889%27%20fill-opacity%3D%220%22%2F%3E%3C%2Fsvg%3E\" data-srcset=\"https:\/\/palazzovetrano.it\/wp-content\/uploads\/2023\/10\/Kuechengeraete-Bosch-im-Palazzo-Vetrano-200x108.png 200w, https:\/\/palazzovetrano.it\/wp-content\/uploads\/2023\/10\/Kuechengeraete-Bosch-im-Palazzo-Vetrano-400x216.png 400w, https:\/\/palazzovetrano.it\/wp-content\/uploads\/2023\/10\/Kuechengeraete-Bosch-im-Palazzo-Vetrano-600x323.png 600w, https:\/\/palazzovetrano.it\/wp-content\/uploads\/2023\/10\/Kuechengeraete-Bosch-im-Palazzo-Vetrano-800x431.png 800w, https:\/\/palazzovetrano.it\/wp-content\/uploads\/2023\/10\/Kuechengeraete-Bosch-im-Palazzo-Vetrano-1200x647.png 1200w, https:\/\/palazzovetrano.it\/wp-content\/uploads\/2023\/10\/Kuechengeraete-Bosch-im-Palazzo-Vetrano.png 1650w\" data-sizes=\"auto\" data-orig-sizes=\"(max-width: 800px) 100vw, 800px\" \/><\/span><\/div><div class=\"fusion-text fusion-text-50\"><h2 class=\"fusion-responsive-typography-calculated\" style=\"text-align: center; --fontsize: 33; line-height: 1.3;\" data-fontsize=\"33\" data-lineheight=\"42.9px\"><\/h2>\n<h2 class=\"fusion-responsive-typography-calculated\" style=\"text-align: center; --fontsize: 33; line-height: 1.3;\" data-fontsize=\"33\" data-lineheight=\"42.9px\">Lavadora Bosch<\/h2>\n<p style=\"text-align: left;\">\u00bfQuiere lavar algo de ropa sucia entre medias? Tenemos una lavadora Bosch de alta calidad para usted. Aqu\u00ed tienes un breve manual de instrucciones para que puedas utilizar la lavadora sin problemas:<\/p>\n<p style=\"text-align: left;\"><b>1. Carga: <\/b> <span style=\"color: var(--awb-text-color); font-family: var(--awb-text-font-family); font-size: var(--awb-font-size); font-style: var(--awb-text-font-style); font-weight: var(--awb-text-font-weight); letter-spacing: var(--awb-letter-spacing); text-transform: var(--awb-text-transform); background-color: var(--awb-bg-color-hover);\">Mete la ropa sucia en el tambor. No olvides vaciar los bolsillos y cerrar las cremalleras.<\/span><\/p>\n<p style=\"text-align: left;\"><b>2. A\u00f1adir detergente: <\/b><span style=\"color: var(--awb-text-color); font-family: var(--awb-text-font-family); font-size: var(--awb-font-size); font-style: var(--awb-text-font-style); font-weight: var(--awb-text-font-weight); letter-spacing: var(--awb-letter-spacing); text-transform: var(--awb-text-transform); background-color: var(--awb-bg-color-hover);\">Abra el compartimento del detergente. <\/span><span style=\"color: var(--awb-text-color); font-family: var(--awb-text-font-family); font-size: var(--awb-font-size); font-style: var(--awb-text-font-style); font-weight: var(--awb-text-font-weight); letter-spacing: var(--awb-letter-spacing); text-transform: var(--awb-text-transform); background-color: var(--awb-bg-color-hover);\">A\u00f1adir detergente: detergente l\u00edquido para el lavado principal y detergente en polvo para el prelavado. <\/span><span style=\"color: var(--awb-text-color); font-family: var(--awb-text-font-family); font-size: var(--awb-font-size); font-style: var(--awb-text-font-style); font-weight: var(--awb-text-font-weight); letter-spacing: var(--awb-letter-spacing); text-transform: var(--awb-text-transform); background-color: var(--awb-bg-color-hover);\">Siga las instrucciones de dosificaci\u00f3n del envase del detergente.<\/span><\/p>\n<p style=\"text-align: left;\"><b>Seleccione el programa: <\/b><span style=\"color: var(--awb-text-color); font-family: var(--awb-text-font-family); font-size: var(--awb-font-size); font-style: var(--awb-text-font-style); font-weight: var(--awb-text-font-weight); letter-spacing: var(--awb-letter-spacing); text-transform: var(--awb-text-transform); background-color: var(--awb-bg-color-hover);\">Gire el selector de programas para elegir el programa de lavado deseado. Por ejemplo, \"Algod\u00f3n\" para ropa normal o \"R\u00e1pido\" para lavado r\u00e1pido.<\/span><\/p>\n<p style=\"text-align: left;\"><b>Ajuste la temperatura y los extras: <\/b><span style=\"color: var(--awb-text-color); font-family: var(--awb-text-font-family); font-size: var(--awb-font-size); font-style: var(--awb-text-font-style); font-weight: var(--awb-text-font-weight); letter-spacing: var(--awb-letter-spacing); text-transform: var(--awb-text-transform); background-color: var(--awb-bg-color-hover);\">Puede ajustar la temperatura de lavado y los extras como el prelavado o el aclarado extra seg\u00fan sea necesario.<\/span><\/p>\n<p style=\"text-align: left;\"><b>5. Lanzamiento: <\/b><span style=\"color: var(--awb-text-color); font-family: var(--awb-text-font-family); font-size: var(--awb-font-size); font-style: var(--awb-text-font-style); font-weight: var(--awb-text-font-weight); letter-spacing: var(--awb-letter-spacing); text-transform: var(--awb-text-transform); background-color: var(--awb-bg-color-hover);\">Pulse el bot\u00f3n de inicio y la m\u00e1quina empezar\u00e1 a lavar.<\/span><\/p>\n<p style=\"text-align: left;\"><b>6. Espera:<\/b> <span style=\"color: var(--awb-text-color); font-family: var(--awb-text-font-family); font-size: var(--awb-font-size); font-style: var(--awb-text-font-style); font-weight: var(--awb-text-font-weight); letter-spacing: var(--awb-letter-spacing); text-transform: var(--awb-text-transform); background-color: var(--awb-bg-color-hover);\">Ahora puede sentarse, leer un libro y relajarse. O, alternativamente, piense en la siguiente pregunta: \u00bfSe puede secar la colada a 30\u00b0 a 38\u00b0 al sol?*. La m\u00e1quina hace el resto. Puede seguir el progreso en la pantalla.<\/span><\/p>\n<p style=\"text-align: left;\"><b>7. acabado: <\/b><span style=\"color: var(--awb-text-color); font-family: var(--awb-text-font-family); font-size: var(--awb-font-size); font-style: var(--awb-text-font-style); font-weight: var(--awb-text-font-weight); letter-spacing: var(--awb-letter-spacing); text-transform: var(--awb-text-transform); background-color: var(--awb-bg-color-hover);\">Cuando la lavadora ha terminado, suele emitir un pitido. Abrir<\/span><span style=\"color: var(--awb-text-color); font-family: var(--awb-text-font-family); font-size: var(--awb-font-size); font-style: var(--awb-text-font-style); font-weight: var(--awb-text-font-weight); letter-spacing: var(--awb-letter-spacing); text-transform: var(--awb-text-transform); background-color: var(--awb-bg-color-hover);\"> la puerta, saque la ropa limpia y vuelva a cerrar la puerta. <\/span><\/p>\n<p style=\"text-align: left;\"><b>8. limpiar: <\/b>Antes y n<span style=\"color: var(--awb-text-color); font-family: var(--awb-text-font-family); font-size: var(--awb-font-size); font-style: var(--awb-text-font-style); font-weight: var(--awb-text-font-weight); letter-spacing: var(--awb-letter-spacing); text-transform: var(--awb-text-transform); background-color: var(--awb-bg-color-hover);\">espu\u00e9s del lavado, es aconsejable limpiar el compartimento del detergente y comprobar que la junta de goma de la puerta no tenga residuos.<\/span><\/p>\n<p style=\"text-align: left;\"><span style=\"color: var(--awb-text-color); font-family: var(--awb-text-font-family); font-size: var(--awb-font-size); font-style: var(--awb-text-font-style); letter-spacing: var(--awb-letter-spacing); text-transform: var(--awb-text-transform); background-color: var(--awb-bg-color-hover);\"><b>9. secado:<\/b><\/span> <span style=\"color: var(--awb-text-color); font-family: var(--awb-text-font-family); font-size: var(--awb-font-size); font-style: var(--awb-text-font-style); font-weight: var(--awb-text-font-weight); letter-spacing: var(--awb-letter-spacing); text-align: var(--awb-content-alignment); text-transform: var(--awb-text-transform); background-color: var(--awb-bg-color-hover);\">El tendedero deber\u00eda estar en el dormitorio peque\u00f1o, debajo de la cama. Ser\u00eda estupendo que pudieras volver a guardarlo aqu\u00ed despu\u00e9s de usarlo.<\/span><\/p>\n<p style=\"text-align: left;\"><b>Pista:<\/b> Encontrar\u00e1 informaci\u00f3n detallada en las instrucciones de uso.<br \/>\n<span style=\"color: var(--awb-text-color); font-family: var(--awb-text-font-family); font-size: var(--awb-font-size); font-style: var(--awb-text-font-style); font-weight: var(--awb-text-font-weight); letter-spacing: var(--awb-letter-spacing); text-transform: var(--awb-text-transform); background-color: var(--awb-bg-color-hover);\"><br \/>\n<\/span><\/p>\n<p style=\"text-align: left;\"><span style=\"color: var(--awb-text-color); font-family: var(--awb-text-font-family); font-size: var(--awb-font-size); font-style: var(--awb-text-font-style); font-weight: var(--awb-text-font-weight); letter-spacing: var(--awb-letter-spacing); text-transform: var(--awb-text-transform); background-color: var(--awb-bg-color-hover);\">Ya est\u00e1. Tu colada deber\u00eda oler ahora a limpio y fresco. \u00a1Buen lavado!<\/span><\/p>\n<p style=\"text-align: left;\"><span style=\"color: var(--awb-text-color); font-family: var(--awb-text-font-family); font-size: var(--awb-font-size); font-style: var(--awb-text-font-style); font-weight: var(--awb-text-font-weight); letter-spacing: var(--awb-letter-spacing); text-transform: var(--awb-text-transform); background-color: var(--awb-bg-color-hover);\">*Y para responder a la pregunta de antes, s\u00ed, tambi\u00e9n se puede secar la ropa de 30\u00b0 a 38\u00b0 o m\u00e1s al sol. Como mucho, existe el riesgo de que los colores se decoloren. <\/span><\/p>\n<p style=\"text-align: left;\"><span style=\"color: var(--awb-text-color); font-family: var(--awb-text-font-family); font-size: var(--awb-font-size); font-style: var(--awb-text-font-style); font-weight: var(--awb-text-font-weight); letter-spacing: var(--awb-letter-spacing); text-transform: var(--awb-text-transform); background-color: var(--awb-bg-color-hover);\">Y por si alguna vez quieres ser m\u00e1s formal. <\/span><span style=\"color: var(--awb-text-color); font-family: var(--awb-text-font-family); font-size: var(--awb-font-size); font-style: var(--awb-text-font-style); font-weight: var(--awb-text-font-weight); letter-spacing: var(--awb-letter-spacing); text-transform: var(--awb-text-transform); background-color: var(--awb-bg-color-hover);\">En el armario del dormitorio grande encontrar\u00e1 la plancha y justo al lado una peque\u00f1a tabla de planchar.<\/span><\/p>\n<blockquote style=\"text-align: center;\">\n<p>As\u00ed es como va a ser... <i>\"No s\u00f3lo limpio, sino puro\"<\/i><\/p>\n<\/blockquote>\n<\/div><div class=\"fusion-image-element\" style=\"--awb-margin-bottom:4rem;--awb-caption-title-font-family:var(--h2_typography-font-family);--awb-caption-title-font-weight:var(--h2_typography-font-weight);--awb-caption-title-font-style:var(--h2_typography-font-style);--awb-caption-title-size:var(--h2_typography-font-size);--awb-caption-title-transform:var(--h2_typography-text-transform);--awb-caption-title-line-height:var(--h2_typography-line-height);--awb-caption-title-letter-spacing:var(--h2_typography-letter-spacing);\"><span class=\"fusion-imageframe imageframe-none imageframe-36 hover-type-none\" style=\"border-radius:12px;\"><img decoding=\"async\" width=\"2898\" height=\"514\" src=\"https:\/\/palazzovetrano.it\/wp-content\/uploads\/2023\/10\/Bildschirmfoto-2023-10-11-um-10.59.43.png\" data-orig-src=\"https:\/\/palazzovetrano.it\/wp-content\/uploads\/2023\/10\/Bildschirmfoto-2023-10-11-um-10.59.43.png\" alt class=\"lazyload img-responsive wp-image-1406\" srcset=\"data:image\/svg+xml,%3Csvg%20xmlns%3D%27http%3A%2F%2Fwww.w3.org%2F2000%2Fsvg%27%20width%3D%272898%27%20height%3D%27514%27%20viewBox%3D%270%200%202898%20514%27%3E%3Crect%20width%3D%272898%27%20height%3D%27514%27%20fill-opacity%3D%220%22%2F%3E%3C%2Fsvg%3E\" data-srcset=\"https:\/\/palazzovetrano.it\/wp-content\/uploads\/2023\/10\/Bildschirmfoto-2023-10-11-um-10.59.43-200x35.png 200w, https:\/\/palazzovetrano.it\/wp-content\/uploads\/2023\/10\/Bildschirmfoto-2023-10-11-um-10.59.43-400x71.png 400w, https:\/\/palazzovetrano.it\/wp-content\/uploads\/2023\/10\/Bildschirmfoto-2023-10-11-um-10.59.43-600x106.png 600w, https:\/\/palazzovetrano.it\/wp-content\/uploads\/2023\/10\/Bildschirmfoto-2023-10-11-um-10.59.43-800x142.png 800w, https:\/\/palazzovetrano.it\/wp-content\/uploads\/2023\/10\/Bildschirmfoto-2023-10-11-um-10.59.43-1200x213.png 1200w, https:\/\/palazzovetrano.it\/wp-content\/uploads\/2023\/10\/Bildschirmfoto-2023-10-11-um-10.59.43.png 2898w\" data-sizes=\"auto\" data-orig-sizes=\"(max-width: 800px) 100vw, 800px\" \/><\/span><\/div><div class=\"fusion-text fusion-text-51\"><h2 class=\"fusion-responsive-typography-calculated\" style=\"text-align: center; --fontsize: 33; line-height: 1.3;\" data-fontsize=\"33\" data-lineheight=\"42.9px\"><\/h2>\n<h2 class=\"fusion-responsive-typography-calculated\" style=\"text-align: center; --fontsize: 33; line-height: 1.3;\" data-fontsize=\"33\" data-lineheight=\"42.9px\">Frigor\u00edfico-congelador<\/h2>\n<p style=\"text-align: left;\">Aqu\u00ed tienes algunos consejos para sacar el m\u00e1ximo partido a tu frigor\u00edfico:<\/p>\n<p style=\"text-align: left;\"><b>Control de temperatura:<\/b> Puedes ajustar la temperatura seg\u00fan tus necesidades. Pero, \u00bfpor qu\u00e9 cambiar algo cuando ya es perfecto? \u00a1Nunca cambies un sistema que funciona!<\/p>\n<p style=\"text-align: left;\"><b>Apertura de la puerta:<\/b> Aseg\u00farate de cerrar bien la puerta despu\u00e9s de abrirla. De lo contrario, no s\u00f3lo se calentar\u00e1n tus bebidas, sino que el entorno tampoco estar\u00e1 contento. \u00bfY qui\u00e9n quiere bebidas calientes?<\/p>\n<p style=\"text-align: left;\"><b>Cubitos de hielo:<\/b> No olvides tener suficientes cubitos de hielo en el congelador. Las bebidas fr\u00edas no s\u00f3lo son refrescantes en verano. Seguro que encuentras una cubitera en el congelador.<\/p>\n<p style=\"text-align: left;\"><b>Instrucciones de almacenamiento:<\/b> Hazlo como est\u00e1s acostumbrado a hacerlo en casa. No queremos imponerte nuevas normas.<\/p>\n<p style=\"text-align: left;\"><b>Descongelar el congelador:<\/b> Si siempre cierras bien la puerta, no tienes que preocuparte por esto. A menos que te guste la sensaci\u00f3n de tener icebergs en el congelador.<\/p>\n<p style=\"text-align: left;\">Estamos seguros de que te divertir\u00e1s mucho con nuestro <b>Frigor\u00edfico-congelador LG<\/b> tendr\u00e1. \u00a1Disfruta de tus bebidas frescas y tu deliciosa comida!<\/p>\n<\/div><div class=\"fusion-image-element\" style=\"text-align:center;--awb-caption-title-font-family:var(--h2_typography-font-family);--awb-caption-title-font-weight:var(--h2_typography-font-weight);--awb-caption-title-font-style:var(--h2_typography-font-style);--awb-caption-title-size:var(--h2_typography-font-size);--awb-caption-title-transform:var(--h2_typography-text-transform);--awb-caption-title-line-height:var(--h2_typography-line-height);--awb-caption-title-letter-spacing:var(--h2_typography-letter-spacing);\"><span class=\"fusion-imageframe imageframe-none imageframe-37 hover-type-none\" style=\"border-radius:12px;\"><img decoding=\"async\" width=\"991\" height=\"1024\" src=\"https:\/\/palazzovetrano.it\/wp-content\/uploads\/2023\/10\/IMG_5069-scaled.jpg\" data-orig-src=\"https:\/\/palazzovetrano.it\/wp-content\/uploads\/2023\/10\/IMG_5069-991x1024.jpg\" alt class=\"lazyload img-responsive wp-image-1294\" srcset=\"data:image\/svg+xml,%3Csvg%20xmlns%3D%27http%3A%2F%2Fwww.w3.org%2F2000%2Fsvg%27%20width%3D%272477%27%20height%3D%272560%27%20viewBox%3D%270%200%202477%202560%27%3E%3Crect%20width%3D%272477%27%20height%3D%272560%27%20fill-opacity%3D%220%22%2F%3E%3C%2Fsvg%3E\" data-srcset=\"https:\/\/palazzovetrano.it\/wp-content\/uploads\/2023\/10\/IMG_5069-200x207.jpg 200w, https:\/\/palazzovetrano.it\/wp-content\/uploads\/2023\/10\/IMG_5069-400x413.jpg 400w, https:\/\/palazzovetrano.it\/wp-content\/uploads\/2023\/10\/IMG_5069-600x620.jpg 600w, https:\/\/palazzovetrano.it\/wp-content\/uploads\/2023\/10\/IMG_5069-800x827.jpg 800w, https:\/\/palazzovetrano.it\/wp-content\/uploads\/2023\/10\/IMG_5069-1200x1240.jpg 1200w\" data-sizes=\"auto\" data-orig-sizes=\"(max-width: 800px) 100vw, 800px\" \/><\/span><\/div><div class=\"fusion-text fusion-text-52\"><h2 class=\"fusion-responsive-typography-calculated\" style=\"text-align: center; --fontsize: 33; line-height: 1.3;\" data-fontsize=\"33\" data-lineheight=\"42.9px\"><\/h2>\n<h2 class=\"fusion-responsive-typography-calculated\" style=\"text-align: center; --fontsize: 33; line-height: 1.3;\" data-fontsize=\"33\" data-lineheight=\"42.9px\">SMART FHD TV<\/h2>\n<p style=\"text-align: left;\">Te traemos el LG 32LQ63006LA SMART FHD TV para mejorar tu experiencia de entretenimiento. Aqu\u00ed tienes una breve gu\u00eda de usuario complementaria para que puedas empezar a utilizar el televisor inmediatamente y sin esfuerzo:<\/p>\n<p style=\"text-align: left;\"><b>1. encender:<\/b> Basta con pulsar el bot\u00f3n de encendido del mando a distancia para que el televisor cobre vida.<\/p>\n<p style=\"text-align: left;\"><b>2. selecci\u00f3n de canal:<\/b> Utiliza las flechas del mando a distancia para navegar por los canales disponibles. Encuentra tus canales favoritos y disfruta de im\u00e1genes de alta definici\u00f3n en Full HD.<\/p>\n<p style=\"text-align: left;\"><b>3. funciones inteligentes:<\/b> Descubre el mundo de la Smart TV. Este televisor ya est\u00e1 conectado a Internet. Utiliza los servicios de streaming preinstalados para acceder a Netflix, YouTube y mucho m\u00e1s.<\/p>\n<p style=\"text-align: left;\"><b>4. optimizaci\u00f3n del sonido: <\/b>Personaliza el sonido seg\u00fan tus preferencias. Elige entre distintos modos de sonido para disfrutar de la mejor experiencia de audio.<\/p>\n<p style=\"text-align: left;\"><b>5. apagar:<\/b> Cuando quieras apagar el televisor, vuelve a pulsar el bot\u00f3n de encendido del mando a distancia. El televisor pasa al modo de espera y espera a que lo vuelvas a utilizar.<\/p>\n<p style=\"text-align: left;\">Esperamos que el <b>LG 32LQ63006LA SMART FHD TV <\/b>momentos televisivos inolvidables. Si tiene m\u00e1s preguntas, seguro que encontrar\u00e1 toda la informaci\u00f3n que necesita en el PDF. Rel\u00e1jese y disfrute de su estancia.<\/p>\n<p style=\"text-align: left;\">\n<\/div><div class=\"fusion-image-element\" style=\"text-align:center;--awb-caption-title-font-family:var(--h2_typography-font-family);--awb-caption-title-font-weight:var(--h2_typography-font-weight);--awb-caption-title-font-style:var(--h2_typography-font-style);--awb-caption-title-size:var(--h2_typography-font-size);--awb-caption-title-transform:var(--h2_typography-text-transform);--awb-caption-title-line-height:var(--h2_typography-line-height);--awb-caption-title-letter-spacing:var(--h2_typography-letter-spacing);\"><span class=\"fusion-imageframe imageframe-none imageframe-38 hover-type-none\" style=\"border-radius:12px;\"><img decoding=\"async\" width=\"1024\" height=\"576\" src=\"https:\/\/palazzovetrano.it\/wp-content\/uploads\/2023\/10\/IMG_7952-scaled.jpg\" data-orig-src=\"https:\/\/palazzovetrano.it\/wp-content\/uploads\/2023\/10\/IMG_7952-1024x576.jpg\" alt class=\"lazyload img-responsive wp-image-1529\" srcset=\"data:image\/svg+xml,%3Csvg%20xmlns%3D%27http%3A%2F%2Fwww.w3.org%2F2000%2Fsvg%27%20width%3D%272560%27%20height%3D%271440%27%20viewBox%3D%270%200%202560%201440%27%3E%3Crect%20width%3D%272560%27%20height%3D%271440%27%20fill-opacity%3D%220%22%2F%3E%3C%2Fsvg%3E\" data-srcset=\"https:\/\/palazzovetrano.it\/wp-content\/uploads\/2023\/10\/IMG_7952-200x113.jpg 200w, https:\/\/palazzovetrano.it\/wp-content\/uploads\/2023\/10\/IMG_7952-400x225.jpg 400w, https:\/\/palazzovetrano.it\/wp-content\/uploads\/2023\/10\/IMG_7952-600x338.jpg 600w, https:\/\/palazzovetrano.it\/wp-content\/uploads\/2023\/10\/IMG_7952-800x450.jpg 800w, https:\/\/palazzovetrano.it\/wp-content\/uploads\/2023\/10\/IMG_7952-1200x675.jpg 1200w\" data-sizes=\"auto\" data-orig-sizes=\"(max-width: 800px) 100vw, 800px\" \/><\/span><\/div><div class=\"fusion-text fusion-text-53\"><h2 class=\"fusion-responsive-typography-calculated\" style=\"text-align: center;\" data-fontsize=\"33\" data-lineheight=\"42.9px\"><\/h2>\n<h2 class=\"fusion-responsive-typography-calculated\" style=\"text-align: center;\" data-fontsize=\"33\" data-lineheight=\"42.9px\">Instrucciones de uso<\/h2>\n<p style=\"text-align: left;\">En la medida de lo posible, hemos descrito las funciones de todos los aparatos el\u00e9ctricos. Para quienes prefieran un poco m\u00e1s de precisi\u00f3n, existen instrucciones de funcionamiento adicionales y detalladas en papel.<\/p>\n<p style=\"text-align: left;\">Se encuentran en la cocina, si est\u00e1n disponibles, en la parte izquierda del aparador azul claro, segundo caj\u00f3n desde arriba.<\/p>\n<\/div><div class=\"fusion-text fusion-text-54\"><p>Para ayudarle a descubrir la ciudad fuera de los caminos trillados, hemos reunido algunos lugares de inter\u00e9s, informaci\u00f3n \u00fatil y algunos consejos en nuestro mapa m\u00f3vil de la ciudad. Las callejuelas del casco antiguo de Palermo suelen ser confusas. Para que pueda orientarse perfectamente, s\u00f3lo tiene que llamar a su gu\u00eda personal de la ciudad a trav\u00e9s del c\u00f3digo QR de la cocina.<\/p>\n<p>Para una mejor visibilidad lo hemos mostrado en color morado.<\/p>\n<p>En las \"pesta\u00f1as\" situadas sobre el mapa, las \u00e1reas tem\u00e1ticas individuales pueden mostrarse u ocultarse, dividirse o mostrarse a pantalla completa.<\/p>\n<p>Atenci\u00f3n: Este mapa es s\u00f3lo para uso privado. No podemos garantizar la informaci\u00f3n contenida en el mapa. Esto se aplica en particular a la exactitud, integridad y actualizaci\u00f3n del mapa. Por lo tanto, el uso del mapa corre por su cuenta y riesgo.<\/p>\n<\/div><div class=\"fusion-text fusion-text-55\"><h2 class=\"fusion-responsive-typography-calculated\" style=\"text-align: center; --fontsize: 33; line-height: 1.3;\" data-fontsize=\"33\" data-lineheight=\"42.9px\"><\/h2>\n<h2 class=\"fusion-responsive-typography-calculated\" style=\"text-align: center; --fontsize: 33; line-height: 1.3;\" data-fontsize=\"33\" data-lineheight=\"42.9px\">Normas de la casa<\/h2>\n<p style=\"text-align: left;\">Para restringir lo menos posible su sensaci\u00f3n de bienestar y libertad, hemos limitado deliberadamente nuestras normas de la casa a lo esencial. Queremos que se sienta como en casa. Por ello, nos gustar\u00eda informarle de algunos puntos importantes:<\/p>\n<p style=\"text-align: left;\">1. vive y deja vivir: Si vives seg\u00fan este principio, la mayor parte ya est\u00e1 dicho. Simplemente suponemos que tratar\u00e1 el piso y el inventario con el mismo cuidado que si fueran de su propiedad. Gracias por tu comprensi\u00f3n.<\/p>\n<p style=\"text-align: left;\">2. zonas libres de humo: El piso es una zona absolutamente no fumadora. Le rogamos que se abstenga de fumar en el piso. En caso de incumplimiento, se cobrar\u00e1 una tasa de limpieza m\u00e1s elevada. \u00c9sta oscila entre 200 y 1.000 euros, dependiendo de la magnitud de los da\u00f1os.<\/p>\n<p style=\"text-align: left;\">Mascotas: Por consideraci\u00f3n a otros hu\u00e9spedes y posibles alergias, no se admiten mascotas en nuestro piso de vacaciones. Esperamos su comprensi\u00f3n.<\/p>\n<p style=\"text-align: left;\">4. eliminaci\u00f3n de residuos: Desgraciadamente, Palermo no dispone actualmente de un sistema de recogida ni de separaci\u00f3n de residuos. Puede depositar su basura en los contenedores situados en Porta Sant Agatha. Puede encontrar la ubicaci\u00f3n exacta en el mapa digital de la ciudad.<\/p>\n<p style=\"text-align: left;\">5. N\u00famero m\u00e1ximo de personas que pueden pernoctar: El n\u00famero permitido de personas que pueden pernoctar se corresponde con el n\u00famero reservado, aunque con un m\u00e1ximo de cuatro personas. Por supuesto, se permiten visitas, pero el piso de vacaciones no es un lugar de fiesta. Le pedimos consideraci\u00f3n y un ambiente tranquilo, especialmente para mantener la paz nocturna en el barrio de Ballar\u00f2.<\/p>\n<p style=\"text-align: left;\">6. regulaci\u00f3n de da\u00f1os y responsabilidad: Queremos se\u00f1alar que en caso de da\u00f1os o p\u00e9rdida de objetos en el piso de vacaciones, la responsabilidad recae en el hu\u00e9sped. Haremos todo lo posible para remediar cualquier problema, pero nos gustar\u00eda se\u00f1alar que dentro del marco legal no hay responsabilidad por parte del propietario.<\/p>\n<p style=\"text-align: left;\">Confiamos en que comprenda y respete estos puntos. Si tiene alguna pregunta o necesita m\u00e1s informaci\u00f3n, no dude en ponerse en contacto con nosotros. Gracias por su comprensi\u00f3n y colaboraci\u00f3n para mantener una estancia agradable en nuestro piso.Mapa digital de la ciudad<\/p>\n<\/div><div class=\"fusion-image-element\" style=\"text-align:center;--awb-caption-title-font-family:var(--h2_typography-font-family);--awb-caption-title-font-weight:var(--h2_typography-font-weight);--awb-caption-title-font-style:var(--h2_typography-font-style);--awb-caption-title-size:var(--h2_typography-font-size);--awb-caption-title-transform:var(--h2_typography-text-transform);--awb-caption-title-line-height:var(--h2_typography-line-height);--awb-caption-title-letter-spacing:var(--h2_typography-letter-spacing);\"><span class=\"fusion-imageframe imageframe-none imageframe-39 hover-type-none\" style=\"border-radius:12px;\"><img decoding=\"async\" width=\"1024\" height=\"576\" src=\"data:image\/svg+xml,%3Csvg%20xmlns%3D%27http%3A%2F%2Fwww.w3.org%2F2000%2Fsvg%27%20width%3D%272560%27%20height%3D%271440%27%20viewBox%3D%270%200%202560%201440%27%3E%3Crect%20width%3D%272560%27%20height%3D%271440%27%20fill-opacity%3D%220%22%2F%3E%3C%2Fsvg%3E\" data-orig-src=\"https:\/\/palazzovetrano.it\/wp-content\/uploads\/2023\/10\/Palermo-Blu-Centro-Storico-Ballaro-Pallazzo-Vertrano-Casa-Vacanza00006-1024x576.jpg\" alt class=\"lazyload img-responsive wp-image-1469\"\/><\/span><\/div><div class=\"fusion-text fusion-text-56\"><h2 class=\"fusion-responsive-typography-calculated\" style=\"text-align: center; --fontsize: 33; line-height: 1.3;\" data-fontsize=\"33\" data-lineheight=\"42.9px\"><\/h2>\n<h2 class=\"fusion-responsive-typography-calculated\" style=\"text-align: center; --fontsize: 33; line-height: 1.3;\" data-fontsize=\"33\" data-lineheight=\"42.9px\">Centros comerciales<\/h2>\n<p style=\"text-align: left;\">En las inmediaciones del piso encontrar\u00e1 todo lo necesario para sus necesidades diarias: Cafeter\u00eda, pasteler\u00eda y helader\u00eda, farmacia, aparcamiento p\u00fablico gratuito, panader\u00eda, minimercado, cajero autom\u00e1tico y mucho m\u00e1s. Todo est\u00e1 a tiro de piedra, para que te sientas como un aut\u00e9ntico palermitano.<\/p>\n<p style=\"text-align: left;\">Nuestro mapa digital de la ciudad de Palermo te proporciona toda la informaci\u00f3n importante, los \u00faltimos consejos y detalles interesantes. Para que siempre tengas todo lo importante a mano en tu m\u00f3vil.<\/p>\n<\/div><div class=\"fusion-text fusion-text-57\"><h3 class=\"\" style=\"text-align: center;\" data-fontsize=\"28\" data-lineheight=\"36.4px\">Ballar\u00f2<\/h3>\n<p style=\"text-align: left;\">Y ahora, lo mejor de su estancia: El Mercado de Ballar\u00f2. A pocos pasos de la puerta de casa se encuentra este vibrante coraz\u00f3n del animado casco antiguo de Albergheria. El Ballar\u00f2 no es un mercado cualquiera, es un viaje en el tiempo. Desde hace m\u00e1s de 1.000 a\u00f1os, abastece a los palermitanos de pescado fresco, marisco, deliciosos quesos, sabrosos embutidos, suculentas carnes, pan arom\u00e1tico, verduras frescas, frutas dulces, hierbas arom\u00e1ticas y plantas. Sum\u00e9rjase en su animado ambiente.<\/p>\n<p style=\"text-align: left;\">Para m\u00e1s informaci\u00f3n sobre el animado Mercado Ballar\u00f2, el hist\u00f3rico Centro Storico y el fascinante arte callejero de Palermo, consulta nuestro mapa digital de la ciudad y las entradas de blog enlazadas. Obt\u00e9n todos los consejos y prep\u00e1rate para vivir experiencias inolvidables.<\/p>\n<p style=\"text-align: left;\">Palermo te llama. \u00bfEst\u00e1s preparado para descubrir sus secretos? \u00a1Que empiece la diversi\u00f3n!<\/p>\n<\/div><div class=\"fusion-image-element\" style=\"text-align:center;--awb-caption-title-font-family:var(--h2_typography-font-family);--awb-caption-title-font-weight:var(--h2_typography-font-weight);--awb-caption-title-font-style:var(--h2_typography-font-style);--awb-caption-title-size:var(--h2_typography-font-size);--awb-caption-title-transform:var(--h2_typography-text-transform);--awb-caption-title-line-height:var(--h2_typography-line-height);--awb-caption-title-letter-spacing:var(--h2_typography-letter-spacing);\"><span class=\"fusion-imageframe imageframe-none imageframe-40 hover-type-none\" style=\"border-radius:12px;\"><img decoding=\"async\" width=\"1024\" height=\"576\" src=\"https:\/\/palazzovetrano.it\/wp-content\/uploads\/2023\/10\/Ballaro-Palermo-60.jpg\" data-orig-src=\"https:\/\/palazzovetrano.it\/wp-content\/uploads\/2023\/10\/Ballaro-Palermo-60-1024x576.jpg\" alt class=\"lazyload img-responsive wp-image-1229\" srcset=\"data:image\/svg+xml,%3Csvg%20xmlns%3D%27http%3A%2F%2Fwww.w3.org%2F2000%2Fsvg%27%20width%3D%271920%27%20height%3D%271080%27%20viewBox%3D%270%200%201920%201080%27%3E%3Crect%20width%3D%271920%27%20height%3D%271080%27%20fill-opacity%3D%220%22%2F%3E%3C%2Fsvg%3E\" data-srcset=\"https:\/\/palazzovetrano.it\/wp-content\/uploads\/2023\/10\/Ballaro-Palermo-60-200x113.jpg 200w, https:\/\/palazzovetrano.it\/wp-content\/uploads\/2023\/10\/Ballaro-Palermo-60-400x225.jpg 400w, https:\/\/palazzovetrano.it\/wp-content\/uploads\/2023\/10\/Ballaro-Palermo-60-600x338.jpg 600w, https:\/\/palazzovetrano.it\/wp-content\/uploads\/2023\/10\/Ballaro-Palermo-60-800x450.jpg 800w, https:\/\/palazzovetrano.it\/wp-content\/uploads\/2023\/10\/Ballaro-Palermo-60-1200x675.jpg 1200w, https:\/\/palazzovetrano.it\/wp-content\/uploads\/2023\/10\/Ballaro-Palermo-60.jpg 1920w\" data-sizes=\"auto\" data-orig-sizes=\"(max-width: 800px) 100vw, 800px\" \/><\/span><\/div><div class=\"fusion-text fusion-text-58 fusion-text-no-margin\" style=\"--awb-content-alignment:left;\"><h3 class=\"fusion-responsive-typography-calculated\" style=\"--fontsize: 28; line-height: 1.3;\" data-fontsize=\"28\" data-lineheight=\"36.4px\"><\/h3>\n<h3 class=\"fusion-responsive-typography-calculated\" style=\"--fontsize: 28; line-height: 1.3;\" data-fontsize=\"28\" data-lineheight=\"36.4px\">Recuerdos<\/h3>\n<p style=\"text-align: left;\">\u00bfLo mejor viene al final? Para mantener vivos los recuerdos de tu estancia en Palermo, los souvenirs son perfectos. Hemos decorado este piso con gran atenci\u00f3n al detalle. Si ya se te han ocurrido ideas, h\u00e1znoslo saber. Seguro que tenemos algunos consejos sobre d\u00f3nde encontrar recuerdos adecuados. Aqu\u00ed van algunas sugerencias por adelantado:<\/p>\n<p style=\"text-align: left;\">Tiendas de souvenirs: Palermo ofrece una gran variedad de tiendas de souvenirs donde podr\u00e1 encontrar artesan\u00eda local, productos t\u00edpicos y recuerdos.<\/p>\n<p style=\"text-align: left;\">Mercados: Visite uno de los mercados de Palermo, como el mercado de Vucciria, el Mercato di Ballar\u00f2 o el Mercato delle Pulci (mercadillo).<\/p>\n<p style=\"text-align: left;\">Artesanos: Palermo es conocida por su artesan\u00eda tradicional. Pasee por la ciudad y descubra peque\u00f1os talleres donde artistas y artesanos crean obras de arte \u00fanicas, esculturas, pinturas o cer\u00e1micas. Puede comprarles directamente y apoyar el arte local.<\/p>\n<p style=\"text-align: left;\">Tiendas boutique: En los barrios de la ciudad tambi\u00e9n encontrar\u00e1 varias tiendas boutique que ofrecen productos exclusivos e individuales. Aqu\u00ed podr\u00e1 descubrir joyas hechas a mano, ropa de dise\u00f1o u obras de arte que reflejan el aut\u00e9ntico estilo de Palermo.<\/p>\n<p style=\"text-align: left;\">Especialidades gastron\u00f3micas: Palermo es famosa por su deliciosa cocina siciliana. Ll\u00e9vese un trocito de Palermo a casa comprando especialidades locales como pasteles sicilianos, aceite de oliva, vino, tomates secos o especias. Encontrar\u00e1 estos productos en las tiendas de delicatessen.<\/p>\n<p style=\"text-align: left;\">\u00bfTe has enamorado de las coloridas pieles de oveja, los cojines, las l\u00e1mparas y los accesorios deportivos antiguos de nuestro piso? Puede que no sean de Palermo, pero sin duda son un bonito recuerdo.<\/p>\n<p style=\"text-align: left;\">Llevar los nuestros a Alemania no s\u00f3lo ser\u00eda un robo, sino tambi\u00e9n llevar b\u00fahos a Atenas. Mejor preguntar a alguien que sepa del tema. <a href=\"https:\/\/www.wohnrevier.com\/\" target=\"_blank\" rel=\"noopener\">Judith<\/a> de Essen no s\u00f3lo tiene una hermosa tienda, asesoramiento competente, sino tambi\u00e9n un <a href=\"https:\/\/www.wohnrevier.com\/\" target=\"_blank\" rel=\"noopener\">Tienda en Internet<\/a>.<\/p>\n<p style=\"text-align: left;\">Por lo dem\u00e1s, a la hora de comprar recuerdos, le recomendamos que busque productos locales y artesanales para apoyar la econom\u00eda local y llevarse a casa un pedazo de la cultura \u00fanica de Palermo. Recuerde que no s\u00f3lo es un bonito recuerdo de su viaje, sino que tambi\u00e9n ayuda a preservar el patrimonio cultural y la artesan\u00eda de la ciudad.<\/p>\n<p style=\"text-align: left;\">Encontrar\u00e1 muchos consejos en nuestro mapa digital de la ciudad. Si encuentras un art\u00edculo especialmente bonito en una tienda que a\u00fan no aparece en la lista, h\u00e1znoslo saber. Esperamos que estos consejos le ayuden a encontrar el souvenir perfecto para recordar su estancia en Palermo. Disfrute de su visita y ll\u00e9vese a casa un pedazo de la cultura siciliana.<\/p>\n<p>&nbsp;<\/p>\n<h2 class=\"fusion-responsive-typography-calculated\" style=\"--fontsize: 33; line-height: 1.3; text-align: center;\" data-fontsize=\"33\" data-lineheight=\"42.9px\">Extensi\u00f3n<\/h2>\n<p style=\"text-align: left;\">\u00bfNo se cansa y espont\u00e1neamente quiere quedarse m\u00e1s tiempo?<\/p>\n<p style=\"text-align: left;\">Pregunta a solemar sicilia si el piso est\u00e1 disponible.<\/p>\n<p style=\"text-align: left;\"><b>Le deseamos una agradable estancia y estamos a su disposici\u00f3n para cualquier pregunta o duda. Disfrute de su estancia en Palermo y explore el fascinante casco antiguo con todos sus lugares de inter\u00e9s.<\/b><\/p>\n<\/div><div class=\"fusion-text fusion-text-59 fusion-no-medium-visibility fusion-no-large-visibility fusion-text-no-margin\" style=\"--awb-content-alignment:center;\"><p>Ciertamente, este apartamento \u00fanico es cualquier cosa menos ordinario. A un tiro de piedra del famoso Mercato di Ballar\u00f2, este atractivo alojamiento de vacaciones cautiva por su cuidado dise\u00f1o. \u00bfPor qu\u00e9 conformarse con menos?<\/p>\n<p>El palacio se\u00f1orial ha sido completamente vaciado y modernizado por dentro para crear pisos modernos y luminosos. Con una superficie de casi 100 metros cuadrados, el apartamento de vacaciones de alta calidad Palazzo Vertrano consta de dos amplios dormitorios, cada uno con una gran cama doble, una funcional cocina-comedor, un cuarto de ducha y una terraza privada de estilo atrio: un refugio tranquilo en el coraz\u00f3n del vibrante casco antiguo de Palermo.<\/p>\n<\/div><\/div><\/div><\/div><\/div><div class=\"fusion-fullwidth fullwidth-box fusion-builder-row-3 fusion-flex-container has-pattern-background has-mask-background nonhundred-percent-fullwidth non-hundred-percent-height-scrolling\" style=\"--awb-background-position:left center;--awb-border-radius-top-left:0px;--awb-border-radius-top-right:0px;--awb-border-radius-bottom-right:0px;--awb-border-radius-bottom-left:0px;--awb-padding-top:130px;--awb-padding-bottom:130px;--awb-padding-top-medium:90px;--awb-padding-bottom-medium:90px;--awb-background-color:var(--awb-color1);--awb-flex-wrap:wrap;\" ><div class=\"fusion-builder-row fusion-row fusion-flex-align-items-flex-start fusion-flex-justify-content-center fusion-flex-content-wrap\" style=\"max-width:calc( 1200px + 0px );margin-left: calc(-0px \/ 2 );margin-right: calc(-0px \/ 2 );\"><div class=\"fusion-layout-column fusion_builder_column fusion-builder-column-3 fusion_builder_column_1_1 1_1 fusion-flex-column\" style=\"--awb-bg-size:cover;--awb-width-large:100%;--awb-margin-top-large:60px;--awb-spacing-right-large:0;--awb-margin-bottom-large:60px;--awb-spacing-left-large:0;--awb-width-medium:100%;--awb-order-medium:0;--awb-spacing-right-medium:0;--awb-spacing-left-medium:0;--awb-width-small:100%;--awb-order-small:0;--awb-spacing-right-small:0;--awb-spacing-left-small:0;\"><div class=\"fusion-column-wrapper fusion-column-has-shadow fusion-flex-justify-content-flex-start fusion-content-layout-column\"><div class=\"fusion-title title fusion-title-4 fusion-sep-none fusion-title-center fusion-title-text fusion-title-size-two\" style=\"--awb-text-color:var(--awb-color8);--awb-margin-bottom:20px;\"><h2 class=\"fusion-title-heading title-heading-center\" style=\"margin:0;text-transform:none;\"><div class=\"page\" title=\"P\u00e1gina 3\">\n<div class=\"layoutArea\">\n<div class=\"column\">V\u00eddeos<\/div>\n<\/div>\n<\/div><\/h2><\/div><div class=\"fusion-text fusion-text-60 fusion-text-no-margin\" style=\"--awb-content-alignment:center;--awb-margin-right:20%;--awb-margin-bottom:30px;--awb-margin-left:20%;\"><p>Descubra la ciudad.<\/p>\n<\/div><\/div><\/div><div class=\"fusion-layout-column fusion_builder_column fusion-builder-column-4 fusion_builder_column_1_2 1_2 fusion-flex-column\" style=\"--awb-padding-top:10px;--awb-padding-right:10px;--awb-padding-bottom:50px;--awb-padding-left:10px;--awb-bg-size:cover;--awb-width-large:50%;--awb-margin-top-large:0px;--awb-spacing-right-large:0;--awb-margin-bottom-large:20px;--awb-spacing-left-large:0;--awb-width-medium:50%;--awb-order-medium:0;--awb-spacing-right-medium:0;--awb-spacing-left-medium:0;--awb-width-small:100%;--awb-order-small:0;--awb-spacing-right-small:0;--awb-spacing-left-small:0;\"><div class=\"fusion-column-wrapper fusion-column-has-shadow fusion-flex-justify-content-center fusion-content-layout-column\"><div class=\"fusion-video fusion-youtube\" style=\"--awb-max-width:600px;--awb-max-height:360px;--awb-align-self:center;--awb-width:100%;\"><div class=\"video-shortcode\"><lite-youtube videoid=\"m3an7Xkj5YE\" class=\"landscape\" params=\"wmode=transparent&autoplay=1&enablejsapi=1\" title=\"Reproductor de v\u00eddeo YouTube 2\" width=\"600\" height=\"360\"><\/lite-youtube><\/div><\/div><\/div><\/div><div class=\"fusion-layout-column fusion_builder_column fusion-builder-column-5 fusion_builder_column_1_2 1_2 fusion-flex-column\" style=\"--awb-padding-top:10px;--awb-padding-right:10px;--awb-padding-bottom:50px;--awb-padding-left:10px;--awb-bg-size:cover;--awb-width-large:50%;--awb-margin-top-large:0px;--awb-spacing-right-large:0;--awb-margin-bottom-large:20px;--awb-spacing-left-large:0;--awb-width-medium:50%;--awb-order-medium:0;--awb-spacing-right-medium:0;--awb-spacing-left-medium:0;--awb-width-small:100%;--awb-order-small:0;--awb-spacing-right-small:0;--awb-spacing-left-small:0;\"><div class=\"fusion-column-wrapper fusion-column-has-shadow fusion-flex-justify-content-flex-start fusion-content-layout-column\"><div class=\"fusion-video fusion-youtube\" style=\"--awb-max-width:600px;--awb-max-height:360px;--awb-align-self:center;--awb-width:100%;\"><div class=\"video-shortcode\"><lite-youtube videoid=\"OVRKLJYWnGA\" class=\"landscape\" params=\"wmode=transparent&autoplay=1&enablejsapi=1\" title=\"Reproductor de v\u00eddeo YouTube 3\" width=\"600\" height=\"360\"><\/lite-youtube><\/div><\/div><\/div><\/div><div class=\"fusion-layout-column fusion_builder_column fusion-builder-column-6 fusion_builder_column_1_1 1_1 fusion-flex-column\" style=\"--awb-bg-size:cover;--awb-width-large:100%;--awb-margin-top-large:60px;--awb-spacing-right-large:0;--awb-margin-bottom-large:60px;--awb-spacing-left-large:0;--awb-width-medium:100%;--awb-order-medium:0;--awb-spacing-right-medium:0;--awb-spacing-left-medium:0;--awb-width-small:100%;--awb-order-small:0;--awb-spacing-right-small:0;--awb-spacing-left-small:0;\"><div class=\"fusion-column-wrapper fusion-column-has-shadow fusion-flex-justify-content-flex-start fusion-content-layout-column\"><i class=\"fb-icon-element-1 fb-icon-element fontawesome-icon fa-map-marker-alt fas circle-yes\" style=\"--awb-circlecolor:var(--awb-custom_color_4);--awb-circlecolor-hover:var(--awb-custom_color_4);--awb-circlebordercolor-hover:var(--awb-color8);--awb-circlebordersize:0px;--awb-font-size:28.16px;--awb-width:56.32px;--awb-height:56.32px;--awb-line-height:56.32px;--awb-margin-top:0;--awb-margin-right:0;--awb-margin-bottom:0;--awb-margin-left:0;--awb-align-self:center;\"><\/i><div class=\"fusion-title title fusion-title-5 fusion-sep-none fusion-title-center fusion-title-text fusion-title-size-two\" style=\"--awb-text-color:var(--awb-color8);--awb-margin-bottom:20px;\"><h2 class=\"fusion-title-heading title-heading-center\" style=\"margin:0;text-transform:none;\"><div class=\"page\" title=\"P\u00e1gina 3\">\n<div class=\"layoutArea\">\n<div class=\"column\">\n<p>Direcci\u00f3n y localizaci\u00f3n<\/p>\n<\/div>\n<\/div>\n<\/div><\/h2><\/div><div class=\"fusion-text fusion-text-61 fusion-text-no-margin\" style=\"--awb-content-alignment:center;--awb-margin-right:20%;--awb-margin-bottom:30px;--awb-margin-left:20%;\"><p>Via delle Pergole 87<\/p>\n<p>90134 Palermo PA<\/p>\n<p>Italia ??<\/p>\n<\/div><div class=\"awb-openstreet-map awb-openstreet-map-1\" data-map-style=\"osm-carto\" data-map-type=\"marker\" data-zoom=\"14\" data-zoomsnap=\"1\" data-zoomcontrol=\"1\" data-scrollwheelzoom=\"1\" data-dragging=\"1\" data-touchzoom=\"1\" data-dbclickzoom=\"1\" data-fitbounds=\"1\" data-shape-color=\"rgba(188,63,49,1)\" data-shape-weight=\"3\"><div class=\"awb-openstreet-map-marker awb-openstreet-map-marker-1\" data-latitude=\"38.110286\" data-longitude=\"13.361977\" data-icon=\"fa-map-marker-alt fas\" data-action=\"popup\"><div class=\"awb-openstreet-map-marker-icon-wrapper awb-openstreet-map-marker-anim-pulsating\" style=\"--awb-background-color:var(--awb-custom_color_1);--awb-hover-background-color:var(--awb-custom_color_3);\"><i class=\"fa-map-marker-alt fas\"><\/i><\/div><div class=\"awb-openstreet-map-content-wrapper\"><h5 class=\"awb-openstreet-map-marker-title\">Apartamento Palazzo Vetrano<\/h5><div class=\"awb-openstreet-map-marker-content\">Via delle Pergole 87\n90134 Palermo PA<\/div><\/div><\/div><\/div><\/div><\/div><\/div><\/div><\/p>","protected":false},"excerpt":{"rendered":"","protected":false},"author":1,"featured_media":0,"parent":0,"menu_order":0,"comment_status":"closed","ping_status":"closed","template":"100-width.php","meta":{"inline_featured_image":false,"footnotes":""},"class_list":["post-1168","page","type-page","status-publish","hentry"],"_links":{"self":[{"href":"https:\/\/palazzovetrano.it\/es\/wp-json\/wp\/v2\/pages\/1168","targetHints":{"allow":["GET"]}}],"collection":[{"href":"https:\/\/palazzovetrano.it\/es\/wp-json\/wp\/v2\/pages"}],"about":[{"href":"https:\/\/palazzovetrano.it\/es\/wp-json\/wp\/v2\/types\/page"}],"author":[{"embeddable":true,"href":"https:\/\/palazzovetrano.it\/es\/wp-json\/wp\/v2\/users\/1"}],"replies":[{"embeddable":true,"href":"https:\/\/palazzovetrano.it\/es\/wp-json\/wp\/v2\/comments?post=1168"}],"version-history":[{"count":284,"href":"https:\/\/palazzovetrano.it\/es\/wp-json\/wp\/v2\/pages\/1168\/revisions"}],"predecessor-version":[{"id":2694,"href":"https:\/\/palazzovetrano.it\/es\/wp-json\/wp\/v2\/pages\/1168\/revisions\/2694"}],"wp:attachment":[{"href":"https:\/\/palazzovetrano.it\/es\/wp-json\/wp\/v2\/media?parent=1168"}],"curies":[{"name":"wp","href":"https:\/\/api.w.org\/{rel}","templated":true}]}}